{"id":970,"date":"2022-04-13T00:44:13","date_gmt":"2022-04-13T03:44:13","guid":{"rendered":"http:\/\/camarapocao.pe.gov.br\/?page_id=970"},"modified":"2023-01-11T21:11:04","modified_gmt":"2023-01-12T00:11:04","slug":"portarias-publicadas-em-2022","status":"publish","type":"page","link":"https:\/\/camarapocao.pe.gov.br\/v1\/portarias-publicadas-em-2022\/","title":{"rendered":"Portarias publicadas em 2022"},"content":{"rendered":"<table class=\"wp-block-table is-style-stripes\">\n<tbody>\n<tr>\n<td><strong>N\u00ba do documento<\/strong><\/td>\n<td><strong>Descri\u00e7\u00e3o<\/strong><\/td>\n<td><strong>Download<\/strong><\/td>\n<\/tr>\n<tr>\n<td>01-2022<\/td>\n<td>Concede a servidora Aline Galdino f\u00e9rias anual<\/td>\n<td><a href=\"http:\/\/www.camarapocao.pe.gov.br\/home\/images\/Consulta\/portarias\/2022\/01-2022.pdf\">PDF<\/a><\/td>\n<\/tr>\n<tr>\n<td>02-2022<\/td>\n<td>Designa, para o per\u00edodo de 04\/01 a 31\/12\/2022, os servidores que v\u00e3o compor a Comiss\u00e3o Permanente de Licita\u00e7\u00f5es<\/td>\n<td><a href=\"http:\/\/www.camarapocao.pe.gov.br\/home\/images\/Consulta\/portarias\/2022\/02-2022.pdf\">PDF<\/a><\/td>\n<\/tr>\n<tr>\n<td>03-2022<\/td>\n<td>Concede a servidora Josefa Sueli f\u00e9rias anual<\/td>\n<td><a href=\"http:\/\/www.camarapocao.pe.gov.br\/home\/images\/Consulta\/portarias\/2022\/03-2022.pdf\">PDF<\/a><\/td>\n<\/tr>\n<tr>\n<td>04-2022<\/td>\n<td>Concede ao servidor Danilo da Silga f\u00e9rias anual<\/td>\n<td><a href=\"http:\/\/www.camarapocao.pe.gov.br\/home\/images\/Consulta\/portarias\/2022\/04-2022.pdf\">PDF<\/a><\/td>\n<\/tr>\n<tr>\n<td>05-2022<\/td>\n<td>Concede ao servidor Givanildo Menino f\u00e9rias anual<\/td>\n<td><a href=\"http:\/\/www.camarapocao.pe.gov.br\/home\/images\/Consulta\/portarias\/2022\/05-2022.pdf\">PDF<\/a><\/td>\n<\/tr>\n<tr>\n<td>06-2022<\/td>\n<td>Determina gratifica\u00e7\u00e3o de 25% \u00e0 servidora Suzana Paes.<\/td>\n<td><a href=\"http:\/\/www.camarapocao.pe.gov.br\/home\/images\/Consulta\/portarias\/2022\/06-2022.pdf\">PDF<\/a><\/td>\n<\/tr>\n<tr>\n<td>07-2022<\/td>\n<td>Determina gratifica\u00e7\u00e3o de 25% \u00e0 servidora Josefa Sueli da Silva.<\/td>\n<td><a href=\"http:\/\/www.camarapocao.pe.gov.br\/home\/images\/Consulta\/portarias\/2022\/07-2022.pdf\">PDF<\/a><\/td>\n<\/tr>\n<tr>\n<td>08-2022<\/td>\n<td>Determina gratifica\u00e7\u00e3o de 25% \u00e0 servidora Aline Cristine de Lima.<\/td>\n<td><a href=\"http:\/\/www.camarapocao.pe.gov.br\/home\/images\/Consulta\/portarias\/2022\/08-2022.pdf\">PDF<\/a><\/td>\n<\/tr>\n<tr>\n<td>09-2022<\/td>\n<td>Determina gratifica\u00e7\u00e3o de 25% \u00e0 servidor Danilo Ribeiro da Silva.<\/td>\n<td><a href=\"http:\/\/www.camarapocao.pe.gov.br\/home\/images\/Consulta\/portarias\/2022\/09-2022.pdf\">PDF<\/a><\/td>\n<\/tr>\n<tr>\n<td>10-2022<\/td>\n<td>Determina gratifica\u00e7\u00e3o de 25% \u00e0 servidor Johnne Alves da Silva.<\/td>\n<td><a href=\"http:\/\/www.camarapocao.pe.gov.br\/home\/images\/Consulta\/portarias\/2022\/10-2022.pdf\">PDF<\/a><\/td>\n<\/tr>\n<tr>\n<td>11-2022<\/td>\n<td>Determina implanta\u00e7\u00e3o do 6\u00ba quinqu\u00eanio ao Servidor Givanildo Menino da Silva.<\/td>\n<td><a href=\"http:\/\/www.camarapocao.pe.gov.br\/home\/images\/Consulta\/portarias\/2022\/11-2022.pdf\">PDF<\/a><\/td>\n<\/tr>\n<tr>\n<td>12-2022<\/td>\n<td>Determina gratifica\u00e7\u00e3o de 25% \u00e0 servidor Jos\u00e9 Renato Santos da Cruz.<\/td>\n<td><a href=\"http:\/\/www.camarapocao.pe.gov.br\/home\/images\/Consulta\/portarias\/2022\/12-2022.pdf\">PDF<\/a><\/td>\n<\/tr>\n<tr>\n<td>13-2022<\/td>\n<td>Designa para o per\u00edodo de 04\/04\/2022 a 31\/12\/2022 servidores para comporem a Comiss\u00e3o Permanente de Licita\u00e7\u00f5es.<\/td>\n<td><a href=\"http:\/\/www.camarapocao.pe.gov.br\/home\/images\/Consulta\/portarias\/2022\/13-2022.pdf\">PDF<\/a><\/td>\n<\/tr>\n<tr>\n<td>14-2022<\/td>\n<td>Concede f\u00e9rias anual ao servidor Antonio Carlos Duarte Correia.<\/td>\n<td><a href=\"http:\/\/www.camarapocao.pe.gov.br\/home\/images\/Consulta\/portarias\/2022\/14-2022.pdf\">PDF<\/a><\/td>\n<\/tr>\n<tr>\n<td>15-2022<\/td>\n<td>Concede f\u00e9rias anual ao servidor Johnne George da Silva.<\/td>\n<td><a href=\"http:\/\/www.camarapocao.pe.gov.br\/home\/images\/Consulta\/portarias\/2022\/15-2022.pdf\">PDF<\/a><\/td>\n<\/tr>\n<tr>\n<td>16-2022<\/td>\n<td>Concede licen\u00e7a pr\u00eamio ao servidor Antonio Carlos Duarte Correia.<\/td>\n<td><a href=\"http:\/\/www.camarapocao.pe.gov.br\/home\/images\/Consulta\/portarias\/2022\/16-2022.pdf\">PDF<\/a><\/td>\n<\/tr>\n<tr>\n<td>17-2022<\/td>\n<td>Designa os vereadores Jos\u00e9 Silvestre Galindo, J\u00fanior Roberto Bernardo e Caique Alberto Ger\u00f4nimo para comporem a Comiss\u00e3o de Representa\u00e7\u00e3o que funcionar\u00e1 durante o per\u00edodo de recesso, compreendido de 01\/07\/2022 a 30\/07\/2022.<\/td>\n<td><a href=\"http:\/\/www.camarapocao.pe.gov.br\/home\/images\/Consulta\/portarias\/2022\/17-2022.pdf\">PDF<\/a><\/td>\n<\/tr>\n<tr>\n<td>18-2022<\/td>\n<td>Determina que o expediente da C\u00e2mara de Po\u00e7\u00e3o-PE durante o per\u00edodo de recesso ser\u00e1 de 8:00 \u00e0s 11:00, de segunda a sexta-feira. O recesso ser\u00e1 compreendido de 01\/07\/2022 a 30\/07\/2022.<\/td>\n<td><a href=\"http:\/\/www.camarapocao.pe.gov.br\/home\/images\/Consulta\/portarias\/2022\/18-2022.pdf\">PDF<\/a><\/td>\n<\/tr>\n<tr>\n<td>19-2022<\/td>\n<td>Concede f\u00e9rias anual ao servidor Jos\u00e9 Renato.<\/td>\n<td><a href=\"http:\/\/www.camarapocao.pe.gov.br\/home\/images\/Consulta\/portarias\/2022\/19-2022.pdf\">PDF<\/a><\/td>\n<\/tr>\n<tr>\n<td>20-2022<\/td>\n<td>Constitui a Comiss\u00e3o de avalia\u00e7\u00e3o dos bens m\u00f3veis e im\u00f3veis da C\u00e2mara de Po\u00e7\u00e3o\/PE.<\/td>\n<td><a href=\"http:\/\/www.camarapocao.pe.gov.br\/home\/images\/Consulta\/portarias\/2022\/20-2022.pdf\">PDF<\/a><\/td>\n<\/tr>\n<tr>\n<td>21-2022<\/td>\n<td>Nomeia a Sra. Poliana Lins para ocupar o cargo de Ouvidor Geral CC09, de acordo com a resolu\u00e7\u00e3o 108\/2022.<\/td>\n<td><a href=\"http:\/\/www.camarapocao.pe.gov.br\/home\/images\/Consulta\/portarias\/2022\/21-2022.pdf\">PDF<\/a><\/td>\n<\/tr>\n<tr>\n<td>22-2022<\/td>\n<td>Determina ao setor cont\u00e1bil da C\u00e2mara de Po\u00e7\u00e3o\/PE que proceda com a implanta\u00e7\u00e3o da gratifica\u00e7\u00e3o no percentual de 25% no contra cheque da servidora Poliana Lins.<\/td>\n<td><a href=\"http:\/\/www.camarapocao.pe.gov.br\/home\/images\/Consulta\/portarias\/2022\/22-2022.pdf\">PDF<\/a><\/td>\n<\/tr>\n<tr>\n<td>23-2022<\/td>\n<td>Determina ao setor cont\u00e1bil da C\u00e2mara de Po\u00e7\u00e3o\/PE que proceda com a desconto de 35% do sal\u00e1rio m\u00ednimo corrente no contra cheque da servidora Jos\u00e9 Renato Santos.<\/td>\n<td><a href=\"http:\/\/www.camarapocao.pe.gov.br\/home\/images\/Consulta\/portarias\/2022\/23-2022.pdf\">PDF<\/a><\/td>\n<\/tr>\n<tr>\n<td>24-2022<\/td>\n<td>Concede licen\u00e7a pr\u00eamio ao servidor Givanildo Menino da Silva.<\/td>\n<td><a href=\"http:\/\/www.camarapocao.pe.gov.br\/home\/images\/Consulta\/portarias\/2022\/24-2022.pdf\">PDF<\/a><\/td>\n<\/tr>\n<tr>\n<td>25-2022<\/td>\n<td>Concede a servidora Suzana Bezerra f\u00e9rias anual.<\/td>\n<td><a href=\"http:\/\/www.camarapocao.pe.gov.br\/home\/images\/Consulta\/portarias\/2022\/25-2022.pdf\">PDF<\/a><\/td>\n<\/tr>\n<tr>\n<td>26-2022<\/td>\n<td>Concede f\u00e9rias anual ao servidor Antonio Carlos Duarte Correia.<\/td>\n<td><a href=\"http:\/\/www.camarapocao.pe.gov.br\/home\/images\/Consulta\/portarias\/2022\/26-2022.pdf\">PDF<\/a><\/td>\n<\/tr>\n<tr>\n<td>27-2022<\/td>\n<td>Suspende f\u00e9rias do servidor Antonio Duarte.<\/td>\n<td><a href=\"http:\/\/www.camarapocao.pe.gov.br\/home\/images\/Consulta\/portarias\/2022\/27-2022.pdf\">PDF<\/a><\/td>\n<\/tr>\n<tr>\n<td>28-2022<\/td>\n<td>Determina o expediente da C\u00e2mara durante per\u00edodo de recesso (de 16\/dez a 14\/fev).<\/td>\n<td><a href=\"http:\/\/www.camarapocao.pe.gov.br\/home\/images\/Consulta\/portarias\/2022\/28-2022.pdf\">PDF<\/a><\/td>\n<\/tr>\n<tr>\n<td>29-2022<\/td>\n<td>Designa os vereadores Jos\u00e9 Silvestre, J\u00fanior Bernardo e Ca\u00edque Alberto para comporem a comiss\u00e3o de representa\u00e7\u00e3o.<\/td>\n<td><a href=\"http:\/\/www.camarapocao.pe.gov.br\/home\/images\/Consulta\/portarias\/2022\/29-2022.pdf\">PDF<\/a><\/td>\n<\/tr>\n<\/tbody>\n<\/table>\n","protected":false},"excerpt":{"rendered":"<p>N\u00ba do documento Descri\u00e7\u00e3o Download 01-2022 Concede a servidora Aline Galdino f\u00e9rias anual PDF 02-2022 Designa, para o per\u00edodo de 04\/01 a 31\/12\/2022, os servidores <a class=\"leiamais\" href=\"https:\/\/camarapocao.pe.gov.br\/v1\/portarias-publicadas-em-2022\/\"><i class=\"fa fa-angle-double-right\" aria-hidden=\"true\"><\/i><br \/>\n<\/a><\/p>\n","protected":false},"author":3,"featured_media":0,"parent":0,"menu_order":0,"comment_status":"closed","ping_status":"closed","template":"","meta":{"footnotes":""},"class_list":["post-970","page","type-page","status-publish","hentry","active"],"aioseo_notices":[],"_links":{"self":[{"href":"https:\/\/camarapocao.pe.gov.br\/v1\/wp-json\/wp\/v2\/pages\/970","targetHints":{"allow":["GET"]}}],"collection":[{"href":"https:\/\/camarapocao.pe.gov.br\/v1\/wp-json\/wp\/v2\/pages"}],"about":[{"href":"https:\/\/camarapocao.pe.gov.br\/v1\/wp-json\/wp\/v2\/types\/page"}],"author":[{"embeddable":true,"href":"https:\/\/camarapocao.pe.gov.br\/v1\/wp-json\/wp\/v2\/users\/3"}],"replies":[{"embeddable":true,"href":"https:\/\/camarapocao.pe.gov.br\/v1\/wp-json\/wp\/v2\/comments?post=970"}],"version-history":[{"count":11,"href":"https:\/\/camarapocao.pe.gov.br\/v1\/wp-json\/wp\/v2\/pages\/970\/revisions"}],"predecessor-version":[{"id":972,"href":"https:\/\/camarapocao.pe.gov.br\/v1\/wp-json\/wp\/v2\/pages\/970\/revisions\/972"}],"wp:attachment":[{"href":"https:\/\/camarapocao.pe.gov.br\/v1\/wp-json\/wp\/v2\/media?parent=970"}],"curies":[{"name":"wp","href":"https:\/\/api.w.org\/{rel}","templated":true}]}}