{"id":906,"date":"2021-07-28T19:41:09","date_gmt":"2021-07-28T22:41:09","guid":{"rendered":"https:\/\/camarapocao.pe.gov.br\/?page_id=906"},"modified":"2021-08-14T07:45:12","modified_gmt":"2021-08-14T10:45:12","slug":"principais-servicos-e-prazos","status":"publish","type":"page","link":"https:\/\/camarapocao.pe.gov.br\/v1\/principais-servicos-e-prazos\/","title":{"rendered":"Principais servi\u00e7os e prazos"},"content":{"rendered":"\n<table id=\"tablepress-1\" class=\"tablepress tablepress-id-1\">\n<thead>\n<tr class=\"row-1\">\n\t<th class=\"column-1\">Servi\u00e7o<\/th><th class=\"column-2\">Detalhamento do servi\u00e7o<\/th><th class=\"column-3\">Prazo ou frequ\u00eancia de ocorre\u00eancias<\/th>\n<\/tr>\n<\/thead>\n<tbody class=\"row-striping row-hover\">\n<tr class=\"row-2\">\n\t<td class=\"column-1\">Reuni\u00f5es ordin\u00e1rias<\/td><td class=\"column-2\">F\u00f3rum onde s\u00e3o discutidos, aprovados ou rejeitados projetos de lei, realizadas solicita\u00e7\u00f5es ao executivo, aprovadas comiss\u00f5es dentre outras provid\u00eancias<\/td><td class=\"column-3\">Todas as quintas \u00e0s 10:00<br \/>\n<br \/>\n*Exceto em recesso parlamentar que ocorrem de 15\/dez a 15\/fev e 01\/jul a 30\/jul<\/td>\n<\/tr>\n<tr class=\"row-3\">\n\t<td class=\"column-1\">Protocolar solicita\u00e7\u00f5es<\/td><td class=\"column-2\">Formalizar datas de entregas de documentos e solicita\u00e7\u00f5es ao legislativo<\/td><td class=\"column-3\">Diariamente de 8:00 \u00e0s 13:00<\/td>\n<\/tr>\n<tr class=\"row-4\">\n\t<td class=\"column-1\">Estudo de projetos de lei enviados pelo executivo<\/td><td class=\"column-2\">Projetos s\u00e3o enviados \u00e0s respectivas comiss\u00f5es que leem, avaliam os projetos e d\u00e3o parecer sobre o tema<\/td><td class=\"column-3\">5 dias a partir da data de protocolo de entrega<\/td>\n<\/tr>\n<tr class=\"row-5\">\n\t<td class=\"column-1\">Aprova\u00e7\u00e3o de projeto de lei enviado pelo executivo <br \/>\n<\/td><td class=\"column-2\">Ap\u00f3s fase de estudos, a aprova\u00e7\u00e3o \u00e9 realizada em duas vota\u00e7\u00f5es que ocorrem nas sess\u00f5es ordin\u00e1rias. Ap\u00f3s aprova\u00e7\u00e3o, o material \u00e9 enviado para san\u00e7\u00e3o do executivo.<\/td><td class=\"column-3\">10 dias a partir do in\u00edcio da fase <\/td>\n<\/tr>\n<tr class=\"row-6\">\n\t<td class=\"column-1\">Aprova\u00e7\u00e3o de projetos de lei espec\u00edficos<\/td><td class=\"column-2\">Ap\u00f3s a etapa de protocola\u00e7\u00e3o, se trata da aprova\u00e7\u00e3o de Lei de Diretriz Or\u00e7ament\u00e1ria, Lei Or\u00e7ament\u00e1ria Anual, Plano Plurianual e outros<\/td><td class=\"column-3\">20 dias<\/td>\n<\/tr>\n<tr class=\"row-7\">\n\t<td class=\"column-1\">Projetos de resolu\u00e7\u00e3o e decretos legislativos<\/td><td class=\"column-2\">Elabora\u00e7\u00e3o e leitura \u00e9 feita nas reuni\u00f5es ordin\u00e1rias, ap\u00f3s isso, o assunto \u00e9 encaminhado para as comiss\u00f5es competentes onde se \u00e9 avaliado e aprovado em vota\u00e7\u00e3o \u00fanica. <\/td><td class=\"column-3\">5 dias<\/td>\n<\/tr>\n<tr class=\"row-8\">\n\t<td class=\"column-1\">Requerimentos e solicita\u00e7\u00f5es<\/td><td class=\"column-2\">Elabora\u00e7\u00e3o, leitura e vota\u00e7\u00e3o de solicita\u00e7\u00f5es formais que s\u00e3o posteriormente enviadas em forma de of\u00edcio aos respectivos \u00f3rg\u00e3o.<\/td><td class=\"column-3\">1 vez por semana, nas reuni\u00f5es ordin\u00e1rias<\/td>\n<\/tr>\n<tr class=\"row-9\">\n\t<td class=\"column-1\">Resposta do e-SIC<\/td><td class=\"column-2\">Resposta dos usu\u00e1rios atrav\u00e9s de solicita\u00e7\u00f5es no e-SIC no Portal da C\u00e2mara<\/td><td class=\"column-3\">10 dias<\/td>\n<\/tr>\n<\/tbody>\n<\/table>\n<!-- #tablepress-1 from cache -->\n","protected":false},"excerpt":{"rendered":"","protected":false},"author":3,"featured_media":0,"parent":0,"menu_order":0,"comment_status":"closed","ping_status":"closed","template":"","meta":{"footnotes":""},"class_list":["post-906","page","type-page","status-publish","hentry","active"],"aioseo_notices":[],"aioseo_head":"\n\t\t<!-- All in One SEO 5.0.0.1 - aioseo.com -->\n\t<meta name=\"robots\" content=\"max-image-preview:large\" \/>\n\t<meta name=\"google-site-verification\" content=\"AtU5u8aQ8A8gP5Ytzz1_3OWaWfY8wdj52mLhKFPRvpg\" \/>\n\t<link rel=\"canonical\" href=\"https:\/\/camarapocao.pe.gov.br\/v1\/principais-servicos-e-prazos\/\" \/>\n\t<meta name=\"generator\" content=\"All in One SEO (AIOSEO) 5.0.0.1\" \/>\n\t\t<meta property=\"og:locale\" content=\"pt_BR\" \/>\n\t\t<meta property=\"og:site_name\" content=\"Poder Legislativo de Po\u00e7\u00e3o-PE  - Poder Legislativo de Po\u00e7\u00e3o-PE | Selo Diamante em Transpar\u00eancia\" \/>\n\t\t<meta property=\"og:type\" content=\"article\" \/>\n\t\t<meta property=\"og:title\" content=\"Principais servi\u00e7os e prazos - Poder Legislativo de Po\u00e7\u00e3o-PE\" \/>\n\t\t<meta property=\"og:url\" content=\"https:\/\/camarapocao.pe.gov.br\/v1\/principais-servicos-e-prazos\/\" \/>\n\t\t<meta property=\"og:image\" content=\"https:\/\/camarapocao.pe.gov.br\/v1\/wp-content\/uploads\/2022\/12\/f1c70120-950c-4e4c-8f60-bcaa79c526ef.jpg\" \/>\n\t\t<meta property=\"og:image:secure_url\" content=\"https:\/\/camarapocao.pe.gov.br\/v1\/wp-content\/uploads\/2022\/12\/f1c70120-950c-4e4c-8f60-bcaa79c526ef.jpg\" \/>\n\t\t<meta property=\"og:image:width\" content=\"1080\" \/>\n\t\t<meta property=\"og:image:height\" content=\"808\" \/>\n\t\t<meta property=\"article:published_time\" content=\"2021-07-28T22:41:09+00:00\" \/>\n\t\t<meta property=\"article:modified_time\" content=\"2021-08-14T10:45:12+00:00\" \/>\n\t\t<meta property=\"article:publisher\" content=\"https:\/\/www.facebook.com\/camaramunicipaldepocao\/\" \/>\n\t\t<meta name=\"twitter:card\" content=\"summary_large_image\" \/>\n\t\t<meta name=\"twitter:title\" content=\"Principais servi\u00e7os e prazos - Poder Legislativo de Po\u00e7\u00e3o-PE\" \/>\n\t\t<meta name=\"twitter:image\" content=\"https:\/\/camarapocao.pe.gov.br\/v1\/wp-content\/uploads\/2022\/12\/f1c70120-950c-4e4c-8f60-bcaa79c526ef.jpg\" \/>\n\t\t<script type=\"application\/ld+json\" class=\"aioseo-schema\">\n\t\t\t{\"@context\":\"https:\\\/\\\/schema.org\",\"@graph\":[{\"@type\":\"BreadcrumbList\",\"@id\":\"https:\\\/\\\/camarapocao.pe.gov.br\\\/v1\\\/principais-servicos-e-prazos\\\/#breadcrumblist\",\"itemListElement\":[{\"@type\":\"ListItem\",\"@id\":\"https:\\\/\\\/camarapocao.pe.gov.br\\\/v1#listItem\",\"position\":1,\"name\":\"In\\u00edcio\",\"item\":\"https:\\\/\\\/camarapocao.pe.gov.br\\\/v1\",\"nextItem\":{\"@type\":\"ListItem\",\"@id\":\"https:\\\/\\\/camarapocao.pe.gov.br\\\/v1\\\/principais-servicos-e-prazos\\\/#listItem\",\"name\":\"Principais servi\\u00e7os e prazos\"}},{\"@type\":\"ListItem\",\"@id\":\"https:\\\/\\\/camarapocao.pe.gov.br\\\/v1\\\/principais-servicos-e-prazos\\\/#listItem\",\"position\":2,\"name\":\"Principais servi\\u00e7os e prazos\",\"previousItem\":{\"@type\":\"ListItem\",\"@id\":\"https:\\\/\\\/camarapocao.pe.gov.br\\\/v1#listItem\",\"name\":\"In\\u00edcio\"}}]},{\"@type\":\"Organization\",\"@id\":\"https:\\\/\\\/camarapocao.pe.gov.br\\\/v1\\\/#organization\",\"name\":\"C\\u00e2mara de Vereadores de Po\\u00e7\\u00e3o - PE\",\"description\":\"Poder Legislativo de Po\\u00e7\\u00e3o-PE | Selo Diamante em Transpar\\u00eancia\",\"url\":\"https:\\\/\\\/camarapocao.pe.gov.br\\\/v1\\\/\",\"telephone\":\"+558738341134\",\"logo\":{\"@type\":\"ImageObject\",\"url\":\"https:\\\/\\\/camarapocao.pe.gov.br\\\/v1\\\/wp-content\\\/uploads\\\/2024\\\/05\\\/logo.png\",\"@id\":\"https:\\\/\\\/camarapocao.pe.gov.br\\\/v1\\\/principais-servicos-e-prazos\\\/#organizationLogo\",\"width\":264,\"height\":187},\"image\":{\"@id\":\"https:\\\/\\\/camarapocao.pe.gov.br\\\/v1\\\/principais-servicos-e-prazos\\\/#organizationLogo\"},\"sameAs\":[\"https:\\\/\\\/www.facebook.com\\\/camaramunicipaldepocao\\\/\",\"https:\\\/\\\/www.instagram.com\\\/camaradevereadorespocao\\\/\"]},{\"@type\":\"WebPage\",\"@id\":\"https:\\\/\\\/camarapocao.pe.gov.br\\\/v1\\\/principais-servicos-e-prazos\\\/#webpage\",\"url\":\"https:\\\/\\\/camarapocao.pe.gov.br\\\/v1\\\/principais-servicos-e-prazos\\\/\",\"name\":\"Principais servi\\u00e7os e prazos - Poder Legislativo de Po\\u00e7\\u00e3o-PE\",\"inLanguage\":\"pt-BR\",\"isPartOf\":{\"@id\":\"https:\\\/\\\/camarapocao.pe.gov.br\\\/v1\\\/#website\"},\"breadcrumb\":{\"@id\":\"https:\\\/\\\/camarapocao.pe.gov.br\\\/v1\\\/principais-servicos-e-prazos\\\/#breadcrumblist\"},\"datePublished\":\"2021-07-28T19:41:09-03:00\",\"dateModified\":\"2021-08-14T07:45:12-03:00\"},{\"@type\":\"WebSite\",\"@id\":\"https:\\\/\\\/camarapocao.pe.gov.br\\\/v1\\\/#website\",\"url\":\"https:\\\/\\\/camarapocao.pe.gov.br\\\/v1\\\/\",\"name\":\"C\\u00e2mara de Po\\u00e7\\u00e3o\",\"description\":\"Poder Legislativo de Po\\u00e7\\u00e3o-PE | Selo Diamante em Transpar\\u00eancia\",\"inLanguage\":\"pt-BR\",\"publisher\":{\"@id\":\"https:\\\/\\\/camarapocao.pe.gov.br\\\/v1\\\/#organization\"}}]}\n\t\t<\/script>\n\t\t<!-- All in One SEO -->\n\n","aioseo_head_json":{"title":"Principais servi\u00e7os e prazos - Poder Legislativo de Po\u00e7\u00e3o-PE","description":"","canonical_url":"https:\/\/camarapocao.pe.gov.br\/v1\/principais-servicos-e-prazos\/","robots":"max-image-preview:large","keywords":"","webmasterTools":{"google-site-verification":"AtU5u8aQ8A8gP5Ytzz1_3OWaWfY8wdj52mLhKFPRvpg","miscellaneous":""},"schema":{"@context":"https:\/\/schema.org","@graph":[{"@type":"BreadcrumbList","@id":"https:\/\/camarapocao.pe.gov.br\/v1\/principais-servicos-e-prazos\/#breadcrumblist","itemListElement":[{"@type":"ListItem","@id":"https:\/\/camarapocao.pe.gov.br\/v1#listItem","position":1,"name":"In\u00edcio","item":"https:\/\/camarapocao.pe.gov.br\/v1","nextItem":{"@type":"ListItem","@id":"https:\/\/camarapocao.pe.gov.br\/v1\/principais-servicos-e-prazos\/#listItem","name":"Principais servi\u00e7os e prazos"}},{"@type":"ListItem","@id":"https:\/\/camarapocao.pe.gov.br\/v1\/principais-servicos-e-prazos\/#listItem","position":2,"name":"Principais servi\u00e7os e prazos","previousItem":{"@type":"ListItem","@id":"https:\/\/camarapocao.pe.gov.br\/v1#listItem","name":"In\u00edcio"}}]},{"@type":"Organization","@id":"https:\/\/camarapocao.pe.gov.br\/v1\/#organization","name":"C\u00e2mara de Vereadores de Po\u00e7\u00e3o - PE","description":"Poder Legislativo de Po\u00e7\u00e3o-PE | Selo Diamante em Transpar\u00eancia","url":"https:\/\/camarapocao.pe.gov.br\/v1\/","telephone":"+558738341134","logo":{"@type":"ImageObject","url":"https:\/\/camarapocao.pe.gov.br\/v1\/wp-content\/uploads\/2024\/05\/logo.png","@id":"https:\/\/camarapocao.pe.gov.br\/v1\/principais-servicos-e-prazos\/#organizationLogo","width":264,"height":187},"image":{"@id":"https:\/\/camarapocao.pe.gov.br\/v1\/principais-servicos-e-prazos\/#organizationLogo"},"sameAs":["https:\/\/www.facebook.com\/camaramunicipaldepocao\/","https:\/\/www.instagram.com\/camaradevereadorespocao\/"]},{"@type":"WebPage","@id":"https:\/\/camarapocao.pe.gov.br\/v1\/principais-servicos-e-prazos\/#webpage","url":"https:\/\/camarapocao.pe.gov.br\/v1\/principais-servicos-e-prazos\/","name":"Principais servi\u00e7os e prazos - Poder Legislativo de Po\u00e7\u00e3o-PE","inLanguage":"pt-BR","isPartOf":{"@id":"https:\/\/camarapocao.pe.gov.br\/v1\/#website"},"breadcrumb":{"@id":"https:\/\/camarapocao.pe.gov.br\/v1\/principais-servicos-e-prazos\/#breadcrumblist"},"datePublished":"2021-07-28T19:41:09-03:00","dateModified":"2021-08-14T07:45:12-03:00"},{"@type":"WebSite","@id":"https:\/\/camarapocao.pe.gov.br\/v1\/#website","url":"https:\/\/camarapocao.pe.gov.br\/v1\/","name":"C\u00e2mara de Po\u00e7\u00e3o","description":"Poder Legislativo de Po\u00e7\u00e3o-PE | Selo Diamante em Transpar\u00eancia","inLanguage":"pt-BR","publisher":{"@id":"https:\/\/camarapocao.pe.gov.br\/v1\/#organization"}}]},"og:locale":"pt_BR","og:site_name":"Poder Legislativo de Po\u00e7\u00e3o-PE  - Poder Legislativo de Po\u00e7\u00e3o-PE | Selo Diamante em Transpar\u00eancia","og:type":"article","og:title":"Principais servi\u00e7os e prazos - Poder Legislativo de Po\u00e7\u00e3o-PE","og:url":"https:\/\/camarapocao.pe.gov.br\/v1\/principais-servicos-e-prazos\/","og:image":"https:\/\/camarapocao.pe.gov.br\/v1\/wp-content\/uploads\/2022\/12\/f1c70120-950c-4e4c-8f60-bcaa79c526ef.jpg","og:image:secure_url":"https:\/\/camarapocao.pe.gov.br\/v1\/wp-content\/uploads\/2022\/12\/f1c70120-950c-4e4c-8f60-bcaa79c526ef.jpg","og:image:width":1080,"og:image:height":808,"article:published_time":"2021-07-28T22:41:09+00:00","article:modified_time":"2021-08-14T10:45:12+00:00","article:publisher":"https:\/\/www.facebook.com\/camaramunicipaldepocao\/","twitter:card":"summary_large_image","twitter:title":"Principais servi\u00e7os e prazos - Poder Legislativo de Po\u00e7\u00e3o-PE","twitter:image":"https:\/\/camarapocao.pe.gov.br\/v1\/wp-content\/uploads\/2022\/12\/f1c70120-950c-4e4c-8f60-bcaa79c526ef.jpg"},"aioseo_meta_data":{"post_id":"906","title":null,"description":null,"keywords":null,"keyphrases":null,"primary_term":null,"canonical_url":null,"og_title":null,"og_description":null,"og_object_type":"default","og_image_type":"default","og_image_url":null,"og_image_width":null,"og_image_height":null,"og_image_custom_url":null,"og_image_custom_fields":null,"og_video":null,"og_custom_url":null,"og_article_section":null,"og_article_tags":null,"twitter_use_og":false,"twitter_card":"default","twitter_image_type":"default","twitter_image_url":null,"twitter_image_custom_url":null,"twitter_image_custom_fields":null,"twitter_title":null,"twitter_description":null,"schema":{"blockGraphs":[],"customGraphs":[],"default":{"data":{"Article":[],"Course":[],"Dataset":[],"FAQPage":[],"Movie":[],"Person":[],"Product":[],"ProductReview":[],"Car":[],"Recipe":[],"Service":[],"SoftwareApplication":[],"WebPage":[]},"graphName":"","isEnabled":true},"graphs":[]},"schema_type":"default","schema_type_options":null,"pillar_content":false,"robots_default":true,"robots_noindex":false,"robots_noarchive":false,"robots_nosnippet":false,"robots_nofollow":false,"robots_noimageindex":false,"robots_noodp":false,"robots_notranslate":false,"robots_max_snippet":null,"robots_max_videopreview":null,"robots_max_imagepreview":"large","priority":null,"frequency":null,"local_seo":null,"breadcrumb_settings":null,"limit_modified_date":false,"ai":null,"created":"2024-05-08 02:31:20","updated":"2025-07-28 16:35:27","seo_analyzer_scan_date":null,"focus_keyword":null,"additional_keywords":null,"truseo_locale":null},"aioseo_breadcrumb":"<div class=\"aioseo-breadcrumbs\"><span class=\"aioseo-breadcrumb\">\n\t\t\t<a href=\"https:\/\/camarapocao.pe.gov.br\/v1\" title=\"In\u00edcio\">In\u00edcio<\/a>\n\t\t<\/span><span class=\"aioseo-breadcrumb-separator\">&raquo;<\/span><span class=\"aioseo-breadcrumb\">\n\t\t\tPrincipais servi\u00e7os e prazos\n\t\t<\/span><\/div>","aioseo_breadcrumb_json":[{"label":"In\u00edcio","link":"https:\/\/camarapocao.pe.gov.br\/v1"},{"label":"Principais servi\u00e7os e prazos","link":"https:\/\/camarapocao.pe.gov.br\/v1\/principais-servicos-e-prazos\/"}],"_links":{"self":[{"href":"https:\/\/camarapocao.pe.gov.br\/v1\/wp-json\/wp\/v2\/pages\/906","targetHints":{"allow":["GET"]}}],"collection":[{"href":"https:\/\/camarapocao.pe.gov.br\/v1\/wp-json\/wp\/v2\/pages"}],"about":[{"href":"https:\/\/camarapocao.pe.gov.br\/v1\/wp-json\/wp\/v2\/types\/page"}],"author":[{"embeddable":true,"href":"https:\/\/camarapocao.pe.gov.br\/v1\/wp-json\/wp\/v2\/users\/3"}],"replies":[{"embeddable":true,"href":"https:\/\/camarapocao.pe.gov.br\/v1\/wp-json\/wp\/v2\/comments?post=906"}],"version-history":[{"count":3,"href":"https:\/\/camarapocao.pe.gov.br\/v1\/wp-json\/wp\/v2\/pages\/906\/revisions"}],"predecessor-version":[{"id":911,"href":"https:\/\/camarapocao.pe.gov.br\/v1\/wp-json\/wp\/v2\/pages\/906\/revisions\/911"}],"wp:attachment":[{"href":"https:\/\/camarapocao.pe.gov.br\/v1\/wp-json\/wp\/v2\/media?parent=906"}],"curies":[{"name":"wp","href":"https:\/\/api.w.org\/{rel}","templated":true}]}}