{"id":874,"date":"2021-07-23T09:35:59","date_gmt":"2021-07-23T12:35:59","guid":{"rendered":"https:\/\/camarapocao.pe.gov.br\/?page_id=874"},"modified":"2021-07-23T09:37:10","modified_gmt":"2021-07-23T12:37:10","slug":"mapa-do-site","status":"publish","type":"page","link":"https:\/\/camarapocao.pe.gov.br\/v1\/mapa-do-site\/","title":{"rendered":"Mapa do Site"},"content":{"rendered":"<div class=\"wsp-container\"><h2 class=\"wsp-posts-title\">Posts by category<\/h2>\n<ul class=\"wsp-posts-list\">\n\t<li><strong class=\"wsp-category-title\">Category: <a href=\"https:\/\/camarapocao.pe.gov.br\/v1\/category\/noticias\/\">NOTICIAS<\/a><\/strong>\n<ul class=\"wsp-posts-list\">\t\t<li class=\"wsp-post\"><a href=\"https:\/\/camarapocao.pe.gov.br\/v1\/camara-de-vereadores-de-pocao-pe-conquista-selo-diamante-em-transparencia-publica\/\">C\u00e2mara de Vereadores de Po\u00e7\u00e3o (PE) conquista Selo Diamante em Transpar\u00eancia P\u00fablica<\/a><\/li>\n\t\t<li class=\"wsp-post\"><a href=\"https:\/\/camarapocao.pe.gov.br\/v1\/tre-pe-realiza-mutirao-de-atendimento-biometrico-de-6-a-8-de-novembro\/\">TRE-PE realiza Mutir\u00e3o de Atendimento Biom\u00e9trico de 6 a 8 de novembro<\/a><\/li>\n\t\t<li class=\"wsp-post\"><a href=\"https:\/\/camarapocao.pe.gov.br\/v1\/registre-se-programa-facilita-emissao-de-documentos-em-pocao\/\">REGISTRE-SE: Programa Facilita Emiss\u00e3o de Documentos em Po\u00e7\u00e3o<\/a><\/li>\n\t\t<li class=\"wsp-post\"><a href=\"https:\/\/camarapocao.pe.gov.br\/v1\/camara-municipal-em-acao-vereadores-apresentam-demandas-cruciais-para-o-desenvolvimento-de-pocao\/\">C\u00c2MARA MUNICIPAL EM A\u00c7\u00c3O: VEREADORES APRESENTAM DEMANDAS  CRUCIAIS PARA O DESENVOLVIMENTO DE PO\u00c7\u00c3O<\/a><\/li>\n\t\t<li class=\"wsp-post\"><a href=\"https:\/\/camarapocao.pe.gov.br\/v1\/relativa-renovacao-na-camara-municipal-reativa-antigas-discussoes\/\">Relativa renova\u00e7\u00e3o na C\u00e2mara Municipal reativa antigas discuss\u00f5es.<\/a><\/li>\n\t\t<li class=\"wsp-post\"><a href=\"https:\/\/camarapocao.pe.gov.br\/v1\/vereadores-e-prefeito-eleito-da-cidade-de-pocao-pe-sao-empossados\/\">Vereadores e prefeito eleito da cidade de Po\u00e7\u00e3o\/PE s\u00e3o empossados<\/a><\/li>\n\t\t<li class=\"wsp-post\"><a href=\"https:\/\/camarapocao.pe.gov.br\/v1\/cigano-e-eleito-novo-presidente-da-camara-para-legislacao-2025-2026\/\">Cigano \u00e9 eleito novo presidente da C\u00e2mara para legisla\u00e7\u00e3o 2025-2026<\/a><\/li>\n\t\t<li class=\"wsp-post\"><a href=\"https:\/\/camarapocao.pe.gov.br\/v1\/mesa-diretora-para-2025-2026-e-definida-em-reuniao-ordinaria\/\">Mesa diretora para 2025-2026 \u00e9 definida em reuni\u00e3o ordin\u00e1ria<\/a><\/li>\n\t\t<li class=\"wsp-post\"><a href=\"https:\/\/camarapocao.pe.gov.br\/v1\/nova-mesa-diretora-e-eleita-e-caique-alberto-e-eleito-presidente-da-camara-2023-2024\/\">Nova mesa diretora \u00e9 eleita e Caique Alberto \u00e9 eleito presidente da C\u00e2mara 2023-2024<\/a><\/li>\n\t\t<li class=\"wsp-post\"><a href=\"https:\/\/camarapocao.pe.gov.br\/v1\/1093-2\/\">Mesa diretora para 2023-2024 \u00e9 definida em reuni\u00e3o ordin\u00e1ria<\/a><\/li>\n\t\t<li class=\"wsp-post\"><a href=\"https:\/\/camarapocao.pe.gov.br\/v1\/confira-os-requerimentos-aprovados-na-reuniao-ordinaria-desta-terca-feira-29-na-camara-de-vereadores-de-pocao\/\">Confira os requerimentos aprovados na reuni\u00e3o ordin\u00e1ria desta ter\u00e7a-feira (29), na C\u00e2mara de Vereadores de Po\u00e7\u00e3o<\/a><\/li>\n\t\t<li class=\"wsp-post\"><a href=\"https:\/\/camarapocao.pe.gov.br\/v1\/ato-de-posse-que-nomeara-vereador-que-vai-ocupar-o-cargo-vago-na-camara-de-pocao-sera-realizado-nesta-terca-feira-22\/\">Ato de posse que nomear\u00e1 vereador que vai ocupar o cargo vago na C\u00e2mara de Po\u00e7\u00e3o ser\u00e1 realizado nesta ter\u00e7a-feira (22)<\/a><\/li>\n\t\t<li class=\"wsp-post\"><a href=\"https:\/\/camarapocao.pe.gov.br\/v1\/atendendo-a-recomendacao-do-mppe-camara-de-vereadores-de-pocao-declara-perda-do-cargo-de-um-dos-vereadores\/\">Atendendo a recomenda\u00e7\u00e3o do MPPE, C\u00e2mara de Vereadores de Po\u00e7\u00e3o declara perda do cargo de um dos vereadores<\/a><\/li>\n\t\t<li class=\"wsp-post\"><a href=\"https:\/\/camarapocao.pe.gov.br\/v1\/confira-os-detalhes-sobre-a-29a-sessao-ordinaria-da-camara-de-pocao\/\">Confira os detalhes sobre a 29\u00aa sess\u00e3o ordin\u00e1ria da C\u00e2mara de Po\u00e7\u00e3o<\/a><\/li>\n\t\t<li class=\"wsp-post\"><a href=\"https:\/\/camarapocao.pe.gov.br\/v1\/confira-os-detalhes-sobre-a-28a-sessao-ordinaria-da-camara-de-pocao\/\">Confira os detalhes sobre a 28\u00aa sess\u00e3o ordin\u00e1ria da C\u00e2mara de Po\u00e7\u00e3o<\/a><\/li>\n\t\t<li class=\"wsp-post\"><a href=\"https:\/\/camarapocao.pe.gov.br\/v1\/confira-os-detalhes-sobre-a-26a-sessao-ordinaria-da-camara-de-pocao\/\">Confira os detalhes sobre a 26\u00aa sess\u00e3o ordin\u00e1ria da C\u00e2mara de Po\u00e7\u00e3o<\/a><\/li>\n\t\t<li class=\"wsp-post\"><a href=\"https:\/\/camarapocao.pe.gov.br\/v1\/confira-os-detalhes-sobre-a-25a-sessao-ordinaria-da-camara-de-pocao\/\">Confira os detalhes sobre a 25\u00aa sess\u00e3o ordin\u00e1ria da C\u00e2mara de Po\u00e7\u00e3o<\/a><\/li>\n\t\t<li class=\"wsp-post\"><a href=\"https:\/\/camarapocao.pe.gov.br\/v1\/confira-os-detalhes-sobre-a-24a-sessao-ordinaria-da-camara-de-pocao\/\">Confira os detalhes sobre a 24\u00aa sess\u00e3o ordin\u00e1ria da C\u00e2mara de Po\u00e7\u00e3o<\/a><\/li>\n\t\t<li class=\"wsp-post\"><a href=\"https:\/\/camarapocao.pe.gov.br\/v1\/vereadores-de-pocao-participam-da-solenidade-de-hasteamento-das-bandeiras-neste-feriado-de-7-de-setembro\/\">Vereadores de Po\u00e7\u00e3o participam da solenidade de hasteamento das bandeiras neste feriado de 7 de Setembro<\/a><\/li>\n\t\t<li class=\"wsp-post\"><a href=\"https:\/\/camarapocao.pe.gov.br\/v1\/confira-os-detalhes-sobre-a-22a-sessao-ordinaria-da-camara-de-pocao-2\/\">Confira os detalhes sobre a 23\u00aa sess\u00e3o ordin\u00e1ria da C\u00e2mara de Po\u00e7\u00e3o<\/a><\/li>\n\t\t<li class=\"wsp-post\"><a href=\"https:\/\/camarapocao.pe.gov.br\/v1\/vereadores-sao-destaques-na-revista-movimento\/\">Vereadores s\u00e3o destaques na revista Movimentto!<\/a><\/li>\n\t\t<li class=\"wsp-post\"><a href=\"https:\/\/camarapocao.pe.gov.br\/v1\/confira-os-detalhes-sobre-a-22a-sessao-ordinaria-da-camara-de-pocao\/\">Confira os detalhes sobre a 22\u00aa sess\u00e3o ordin\u00e1ria da C\u00e2mara de Po\u00e7\u00e3o<\/a><\/li>\n\t\t<li class=\"wsp-post\"><a href=\"https:\/\/camarapocao.pe.gov.br\/v1\/confira-os-detalhes-sobre-a-21a-sessao-ordinaria-da-camara-de-pocao\/\">Confira os detalhes sobre a 21\u00aa sess\u00e3o ordin\u00e1ria da C\u00e2mara de Po\u00e7\u00e3o<\/a><\/li>\n\t\t<li class=\"wsp-post\"><a href=\"https:\/\/camarapocao.pe.gov.br\/v1\/nota-de-pesar-ex-vereador-luiz-da-gata\/\">Nota de pesar &#8211; Ex-Vereador Luiz da Gata<\/a><\/li>\n\t\t<li class=\"wsp-post\"><a href=\"https:\/\/camarapocao.pe.gov.br\/v1\/camara-de-vereadores-de-pocao-retoma-sessoes-legislativas\/\">C\u00e2mara de Vereadores de Po\u00e7\u00e3o retoma sess\u00f5es legislativas!<\/a><\/li>\n\t\t<li class=\"wsp-post\"><a href=\"https:\/\/camarapocao.pe.gov.br\/v1\/tecnico-de-enfermagem-e-a-primeira-pessoa-vacinada-contra-o-coronavirus-em-pocao-pe\/\">T\u00e9cnico de enfermagem \u00e9 a primeira pessoa vacinada contra o coronav\u00edrus em Po\u00e7\u00e3o-PE<\/a><\/li>\n\t\t<li class=\"wsp-post\"><a href=\"https:\/\/camarapocao.pe.gov.br\/v1\/vereadores-renovam-kaka-como-presidente-da-camara-por-mais-2-anos\/\">Vereadores renovam Kak\u00e1 como Presidente da C\u00e2mara por mais 2 anos<\/a><\/li>\n\t\t<li class=\"wsp-post\"><a href=\"https:\/\/camarapocao.pe.gov.br\/v1\/legislatura-2021-2024-e-empossada\/\">Legislatura 2021-2024 \u00e9 empossada<\/a><\/li>\n\t\t<li class=\"wsp-post\"><a href=\"https:\/\/camarapocao.pe.gov.br\/v1\/nota-de-pesar-a-familia-e-entes-proximos-ao-ex-vereador-damiao-doceiro\/\">Nota de pesar \u00e0 fam\u00edlia e entes pr\u00f3ximos ao ex vereador Dami\u00e3o Doceiro<\/a><\/li>\n\t\t<li class=\"wsp-post\"><a href=\"https:\/\/camarapocao.pe.gov.br\/v1\/conheca-a-atual-legislatura-da-camara-municipal\/\">Conhe\u00e7a a atual legislatura da C\u00e2mara Municipal<\/a><\/li>\n\t\t<li class=\"wsp-post\"><a href=\"https:\/\/camarapocao.pe.gov.br\/v1\/camara-municipal-de-pocao-se-filia-a-uvp\/\">C\u00e2mara Municipal de Po\u00e7\u00e3o se filia \u00e0 UVP<\/a><\/li>\n\t\t<li class=\"wsp-post\"><a href=\"https:\/\/camarapocao.pe.gov.br\/v1\/prefeitos-relatam-dificuldades-pela-queda-de-receita-nos-municipios\/\">Prefeitos relatam dificuldades pela queda de receita nos munic\u00edpios<\/a><\/li>\n\t\t<li class=\"wsp-post\"><a href=\"https:\/\/camarapocao.pe.gov.br\/v1\/tribunal-de-contas-recebe-visita-do-governador-paulo-camara\/\">Tribunal de Contas recebe visita do governador Paulo C\u00e2mara<\/a><\/li>\n\t\t<li class=\"wsp-post\"><a href=\"https:\/\/camarapocao.pe.gov.br\/v1\/escola-de-contas-divulga-programacao-de-cursos-para-fevereiro\/\">Escola de Contas divulga programa\u00e7\u00e3o de cursos para fevereiro<\/a><\/li>\n<\/ul><\/li>\n\t<li><strong class=\"wsp-category-title\">Category: <a href=\"https:\/\/camarapocao.pe.gov.br\/v1\/category\/sem-categoria\/\">Sem categoria<\/a><\/strong>\n<\/li>\n<\/ul>\n<\/div>\n\n\n<div class=\"wsp-container\"><h2 class=\"wsp-pages-title\">Pages<\/h2>\n<ul class=\"wsp-pages-list\">\n<li class=\"page_item page-item-878\"><a href=\"https:\/\/camarapocao.pe.gov.br\/v1\/atalhos-acessibilidade\/\">Atalhos \u2013 Acessibilidade<\/a><\/li>\n<li class=\"page_item page-item-1359\"><a href=\"https:\/\/camarapocao.pe.gov.br\/v1\/atas-das-sessoes-plenarias-2023\/\">Atas das sess\u00f5es plen\u00e1rias &#8211; 2023<\/a><\/li>\n<li class=\"page_item page-item-1651\"><a href=\"https:\/\/camarapocao.pe.gov.br\/v1\/atas-das-sessoes-plenarias-2024\/\">Atas das sess\u00f5es plen\u00e1rias &#8211; 2024<\/a><\/li>\n<li class=\"page_item page-item-2130\"><a href=\"https:\/\/camarapocao.pe.gov.br\/v1\/atas-das-sessoes-plenarias-2026\/\">Atas das Sess\u00f5es Plen\u00e1rias &#8211; 2026<\/a><\/li>\n<li class=\"page_item page-item-1805\"><a href=\"https:\/\/camarapocao.pe.gov.br\/v1\/atas-das-sessoes-plenarias-2025\/\">Atas das sess\u00f5es plen\u00e1rias \u2013 2025<\/a><\/li>\n<li class=\"page_item page-item-1347\"><a href=\"https:\/\/camarapocao.pe.gov.br\/v1\/atividade-legislativa\/\">Atividade Legislativa<\/a><\/li>\n<li class=\"page_item page-item-1171\"><a href=\"https:\/\/camarapocao.pe.gov.br\/v1\/atribuicoes-da-mesa-diretora\/\">Atribui\u00e7\u00f5es da Mesa Diretora<\/a><\/li>\n<li class=\"page_item page-item-1468\"><a href=\"https:\/\/camarapocao.pe.gov.br\/v1\/avisos-de-licitacoes\/\">Avisos de Licita\u00e7\u00f5es<\/a><\/li>\n<li class=\"page_item page-item-1469\"><a href=\"https:\/\/camarapocao.pe.gov.br\/v1\/avisos-de-licitacoes-2023\/\">Avisos de Licita\u00e7\u00f5es &#8211; 2023<\/a><\/li>\n<li class=\"page_item page-item-1471\"><a href=\"https:\/\/camarapocao.pe.gov.br\/v1\/avisos-de-licitacoes-2024\/\">Avisos de Licita\u00e7\u00f5es &#8211; 2024<\/a><\/li>\n<li class=\"page_item page-item-1787\"><a href=\"https:\/\/camarapocao.pe.gov.br\/v1\/avisos-de-licitacoes-2025\/\">Avisos de licita\u00e7\u00f5es &#8211; 2025<\/a><\/li>\n<li class=\"page_item page-item-2112\"><a href=\"https:\/\/camarapocao.pe.gov.br\/v1\/avisos-de-licitacoes-2026\/\">Avisos de Licita\u00e7\u00f5es &#8211; 2026<\/a><\/li>\n<li class=\"page_item page-item-1381\"><a href=\"https:\/\/camarapocao.pe.gov.br\/v1\/comissoes\/\">Comiss\u00f5es<\/a><\/li>\n<li class=\"page_item page-item-2091\"><a href=\"https:\/\/camarapocao.pe.gov.br\/v1\/contratos-termos-2026\/\">Contratos e termos aditivos firmados em 2026<\/a><\/li>\n<li class=\"page_item page-item-393\"><a href=\"https:\/\/camarapocao.pe.gov.br\/v1\/contratos-fechados-2010\/\">Contratos Fechados 2010<\/a><\/li>\n<li class=\"page_item page-item-573\"><a href=\"https:\/\/camarapocao.pe.gov.br\/v1\/contratos-fechados-em-2011\/\">Contratos Fechados em 2011<\/a><\/li>\n<li class=\"page_item page-item-401\"><a href=\"https:\/\/camarapocao.pe.gov.br\/v1\/contratos-fechados-2011\/\">Contratos Fechados em 2011<\/a><\/li>\n<li class=\"page_item page-item-407\"><a href=\"https:\/\/camarapocao.pe.gov.br\/v1\/contratos-fechados-em-2012\/\">Contratos Fechados em 2012<\/a><\/li>\n<li class=\"page_item page-item-409\"><a href=\"https:\/\/camarapocao.pe.gov.br\/v1\/contratos-fechados-em-2013\/\">Contratos Fechados em 2013<\/a><\/li>\n<li class=\"page_item page-item-411\"><a href=\"https:\/\/camarapocao.pe.gov.br\/v1\/contratos-fechados-em-2014\/\">Contratos Fechados em 2014<\/a><\/li>\n<li class=\"page_item page-item-413\"><a href=\"https:\/\/camarapocao.pe.gov.br\/v1\/contratos-fechados-em-2015\/\">Contratos Fechados em 2015<\/a><\/li>\n<li class=\"page_item page-item-415\"><a href=\"https:\/\/camarapocao.pe.gov.br\/v1\/contratos-fechados-em-2016\/\">Contratos Fechados em 2016<\/a><\/li>\n<li class=\"page_item page-item-417\"><a href=\"https:\/\/camarapocao.pe.gov.br\/v1\/contratos-fechados-em-2017\/\">Contratos Fechados em 2017<\/a><\/li>\n<li class=\"page_item page-item-420\"><a href=\"https:\/\/camarapocao.pe.gov.br\/v1\/contratos-fechados-em-2018\/\">Contratos Fechados em 2018<\/a><\/li>\n<li class=\"page_item page-item-607\"><a href=\"https:\/\/camarapocao.pe.gov.br\/v1\/contratos-fechados-em-2019\/\">Contratos fechados em 2019<\/a><\/li>\n<li class=\"page_item page-item-719\"><a href=\"https:\/\/camarapocao.pe.gov.br\/v1\/contratos-fechados-em-2020\/\">Contratos fechados em 2020<\/a><\/li>\n<li class=\"page_item page-item-833\"><a href=\"https:\/\/camarapocao.pe.gov.br\/v1\/contratos-fechados-em-2021\/\">Contratos fechados em 2021<\/a><\/li>\n<li class=\"page_item page-item-967\"><a href=\"https:\/\/camarapocao.pe.gov.br\/v1\/contratos-fechados-em-2022\/\">Contratos fechados em 2022<\/a><\/li>\n<li class=\"page_item page-item-1115\"><a href=\"https:\/\/camarapocao.pe.gov.br\/v1\/contratos-fechados-em-2023\/\">Contratos fechados em 2023<\/a><\/li>\n<li class=\"page_item page-item-1491\"><a href=\"https:\/\/camarapocao.pe.gov.br\/v1\/contratos-fechados-em-2024\/\">Contratos Fechados em 2024<\/a><\/li>\n<li class=\"page_item page-item-1795\"><a href=\"https:\/\/camarapocao.pe.gov.br\/v1\/contratos-fechados-em-2025\/\">Contratos Fechados em 2025<\/a><\/li>\n<li class=\"page_item page-item-2106\"><a href=\"https:\/\/camarapocao.pe.gov.br\/v1\/contratos-fechados-em-2026\/\">Contratos Fechados em 2026<\/a><\/li>\n<li class=\"page_item page-item-512\"><a href=\"https:\/\/camarapocao.pe.gov.br\/v1\/decretos-aprovados-em-1998\/\">Decretos aprovados em 1998<\/a><\/li>\n<li class=\"page_item page-item-514\"><a href=\"https:\/\/camarapocao.pe.gov.br\/v1\/decretos-aprovados-em-1999\/\">Decretos aprovados em 1999<\/a><\/li>\n<li class=\"page_item page-item-516\"><a href=\"https:\/\/camarapocao.pe.gov.br\/v1\/decretos-aprovados-em-2000\/\">Decretos aprovados em 2000<\/a><\/li>\n<li class=\"page_item page-item-518\"><a href=\"https:\/\/camarapocao.pe.gov.br\/v1\/decretos-aprovados-em-2001\/\">Decretos aprovados em 2001<\/a><\/li>\n<li class=\"page_item page-item-490\"><a href=\"https:\/\/camarapocao.pe.gov.br\/v1\/decretos-aprovados-em-2006\/\">Decretos aprovados em 2006<\/a><\/li>\n<li class=\"page_item page-item-493\"><a href=\"https:\/\/camarapocao.pe.gov.br\/v1\/decretos-aprovados-em-2009\/\">Decretos aprovados em 2009<\/a><\/li>\n<li class=\"page_item page-item-496\"><a href=\"https:\/\/camarapocao.pe.gov.br\/v1\/decretos-aprovados-em-2010\/\">Decretos aprovados em 2010<\/a><\/li>\n<li class=\"page_item page-item-498\"><a href=\"https:\/\/camarapocao.pe.gov.br\/v1\/decretos-aprovados-em-2011\/\">Decretos aprovados em 2011<\/a><\/li>\n<li class=\"page_item page-item-500\"><a href=\"https:\/\/camarapocao.pe.gov.br\/v1\/decretos-aprovados-em-2012\/\">Decretos aprovados em 2012<\/a><\/li>\n<li class=\"page_item page-item-502\"><a href=\"https:\/\/camarapocao.pe.gov.br\/v1\/decretos-aprovados-em-2013\/\">Decretos aprovados em 2013<\/a><\/li>\n<li class=\"page_item page-item-504\"><a href=\"https:\/\/camarapocao.pe.gov.br\/v1\/decretos-aprovados-em-2014\/\">Decretos aprovados em 2014<\/a><\/li>\n<li class=\"page_item page-item-506\"><a href=\"https:\/\/camarapocao.pe.gov.br\/v1\/decretos-aprovados-em-2016\/\">Decretos aprovados em 2016<\/a><\/li>\n<li class=\"page_item page-item-508\"><a href=\"https:\/\/camarapocao.pe.gov.br\/v1\/decretos-aprovados-em-2017\/\">Decretos aprovados em 2017<\/a><\/li>\n<li class=\"page_item page-item-510\"><a href=\"https:\/\/camarapocao.pe.gov.br\/v1\/decretos-aprovados-em-2018\/\">Decretos aprovados em 2018<\/a><\/li>\n<li class=\"page_item page-item-686\"><a href=\"https:\/\/camarapocao.pe.gov.br\/v1\/decretos-aprovados-em-2019\/\">Decretos aprovados em 2019<\/a><\/li>\n<li class=\"page_item page-item-736\"><a href=\"https:\/\/camarapocao.pe.gov.br\/v1\/decretos-aprovados-em-2020\/\">Decretos aprovados em 2020<\/a><\/li>\n<li class=\"page_item page-item-837\"><a href=\"https:\/\/camarapocao.pe.gov.br\/v1\/decretos-aprovados-em-2021\/\">Decretos aprovados em 2021<\/a><\/li>\n<li class=\"page_item page-item-987\"><a href=\"https:\/\/camarapocao.pe.gov.br\/v1\/decretos-aprovados-em-2022\/\">Decretos aprovados em 2022<\/a><\/li>\n<li class=\"page_item page-item-1139\"><a href=\"https:\/\/camarapocao.pe.gov.br\/v1\/decretos-aprovados-em-2023\/\">Decretos aprovados em 2023<\/a><\/li>\n<li class=\"page_item page-item-1624\"><a href=\"https:\/\/camarapocao.pe.gov.br\/v1\/decretos-aprovados-em-2024\/\">DECRETOS APROVADOS EM 2024<\/a><\/li>\n<li class=\"page_item page-item-1841\"><a href=\"https:\/\/camarapocao.pe.gov.br\/v1\/decretos-aprovados-em-2025\/\">DECRETOS APROVADOS EM 2025<\/a><\/li>\n<li class=\"page_item page-item-2172\"><a href=\"https:\/\/camarapocao.pe.gov.br\/v1\/decretos-aprovados-em-2026\/\">DECRETOS APROVADOS EM 2026<\/a><\/li>\n<li class=\"page_item page-item-853\"><a href=\"https:\/\/camarapocao.pe.gov.br\/v1\/e-sic-sistema-eletronico-do-servico-de-informacao-ao-cidadao\/\">e-SIC &#8211; Sistema Eletr\u00f4nico do Servi\u00e7o de Informa\u00e7\u00e3o ao Cidad\u00e3o<\/a><\/li>\n<li class=\"page_item page-item-895\"><a href=\"https:\/\/camarapocao.pe.gov.br\/v1\/e-sic-acompanhamento-de-status-de-solicitacoes\/\">e-SIC | Ouvidoria &#8211; Acompanhamento de status de solicita\u00e7\u00f5es<\/a><\/li>\n<li class=\"page_item page-item-1178\"><a href=\"https:\/\/camarapocao.pe.gov.br\/v1\/estrutura-organizacional\/\">Estrutura organizacional<\/a><\/li>\n<li class=\"page_item page-item-253\"><a href=\"https:\/\/camarapocao.pe.gov.br\/v1\/fale-conosco\/\">Fale Conosco<\/a><\/li>\n<li class=\"page_item page-item-1664\"><a href=\"https:\/\/camarapocao.pe.gov.br\/v1\/glossario\/\">Gloss\u00e1rio<\/a><\/li>\n<li class=\"page_item page-item-1176\"><a href=\"https:\/\/camarapocao.pe.gov.br\/v1\/historia-da-camara\/\">Hist\u00f3ria da C\u00e2mara<\/a><\/li>\n<li class=\"page_item page-item-174\"><a href=\"https:\/\/camarapocao.pe.gov.br\/v1\/municipio\/\">Hist\u00f3ria de Po\u00e7\u00e3o<\/a><\/li>\n<li class=\"page_item page-item-1168\"><a href=\"https:\/\/camarapocao.pe.gov.br\/v1\/institucional\/\">INSTITUCIONAL<\/a><\/li>\n<li class=\"page_item page-item-1299\"><a href=\"https:\/\/camarapocao.pe.gov.br\/v1\/legislacao\/\">LEGISLA\u00c7\u00c3O<\/a><\/li>\n<li class=\"page_item page-item-259\"><a href=\"https:\/\/camarapocao.pe.gov.br\/v1\/legislativo\/\">Legislativo<\/a><\/li>\n<li class=\"page_item page-item-521\"><a href=\"https:\/\/camarapocao.pe.gov.br\/v1\/legislaturas\/\">Legislaturas<\/a><\/li>\n<li class=\"page_item page-item-423\"><a href=\"https:\/\/camarapocao.pe.gov.br\/v1\/leis-aprovadas-em-2008\/\">Leis aprovadas em 2008<\/a><\/li>\n<li class=\"page_item page-item-426\"><a href=\"https:\/\/camarapocao.pe.gov.br\/v1\/leis-aprovadas-em-2009\/\">Leis aprovadas em 2009<\/a><\/li>\n<li class=\"page_item page-item-430\"><a href=\"https:\/\/camarapocao.pe.gov.br\/v1\/leis-aprovadas-em-2010\/\">Leis aprovadas em 2010<\/a><\/li>\n<li class=\"page_item page-item-432\"><a href=\"https:\/\/camarapocao.pe.gov.br\/v1\/leis-aprovadas-em-2011\/\">Leis aprovadas em 2011<\/a><\/li>\n<li class=\"page_item page-item-434\"><a href=\"https:\/\/camarapocao.pe.gov.br\/v1\/leis-aprovadas-em-2012\/\">Leis aprovadas em 2012<\/a><\/li>\n<li class=\"page_item page-item-436\"><a href=\"https:\/\/camarapocao.pe.gov.br\/v1\/leis-aprovadas-em-2013\/\">Leis aprovadas em 2013<\/a><\/li>\n<li class=\"page_item page-item-438\"><a href=\"https:\/\/camarapocao.pe.gov.br\/v1\/leis-aprovadas-em-2014\/\">Leis aprovadas em 2014<\/a><\/li>\n<li class=\"page_item page-item-440\"><a href=\"https:\/\/camarapocao.pe.gov.br\/v1\/leis-aprovadas-em-2015\/\">Leis aprovadas em 2015<\/a><\/li>\n<li class=\"page_item page-item-442\"><a href=\"https:\/\/camarapocao.pe.gov.br\/v1\/leis-aprovadas-em-2016\/\">Leis aprovadas em 2016<\/a><\/li>\n<li class=\"page_item page-item-444\"><a href=\"https:\/\/camarapocao.pe.gov.br\/v1\/leis-aprovadas-em-2017\/\">Leis aprovadas em 2017<\/a><\/li>\n<li class=\"page_item page-item-660\"><a href=\"https:\/\/camarapocao.pe.gov.br\/v1\/leis-aprovadas-em-2019\/\">Leis aprovadas em 2019<\/a><\/li>\n<li class=\"page_item page-item-731\"><a href=\"https:\/\/camarapocao.pe.gov.br\/v1\/leis-aprovadas-em-2020\/\">Leis aprovadas em 2020<\/a><\/li>\n<li class=\"page_item page-item-824\"><a href=\"https:\/\/camarapocao.pe.gov.br\/v1\/leis-aprovadas-em-2021\/\">Leis aprovadas em 2021<\/a><\/li>\n<li class=\"page_item page-item-964\"><a href=\"https:\/\/camarapocao.pe.gov.br\/v1\/leis-aprovadas-em-2022\/\">Leis aprovadas em 2022<\/a><\/li>\n<li class=\"page_item page-item-1133\"><a href=\"https:\/\/camarapocao.pe.gov.br\/v1\/leis-aprovadas-em-2023\/\">Leis aprovadas em 2023<\/a><\/li>\n<li class=\"page_item page-item-1610\"><a href=\"https:\/\/camarapocao.pe.gov.br\/v1\/leis-aprovadas-em-2024\/\">LEIS APROVADAS EM 2024<\/a><\/li>\n<li class=\"page_item page-item-1857\"><a href=\"https:\/\/camarapocao.pe.gov.br\/v1\/leis-aprovadas-em-2025\/\">Leis aprovadas em 2025<\/a><\/li>\n<li class=\"page_item page-item-2148\"><a href=\"https:\/\/camarapocao.pe.gov.br\/v1\/leis-aprovadas-em-2026\/\">Leis aprovadas em 2026<\/a><\/li>\n<li class=\"page_item page-item-446\"><a href=\"https:\/\/camarapocao.pe.gov.br\/v1\/leis-aprovadas-em-2018\/\">Leis aprovadas em: 2018<\/a><\/li>\n<li class=\"page_item page-item-1246\"><a href=\"https:\/\/camarapocao.pe.gov.br\/v1\/lgpd\/\">LGPD<\/a><\/li>\n<li class=\"page_item page-item-448\"><a href=\"https:\/\/camarapocao.pe.gov.br\/v1\/licitacoes-aprovadas-em-2011\/\">Licita\u00e7\u00f5es aprovadas em 2011<\/a><\/li>\n<li class=\"page_item page-item-451\"><a href=\"https:\/\/camarapocao.pe.gov.br\/v1\/licitacoes-aprovadas-em-2012\/\">Licita\u00e7\u00f5es aprovadas em 2012<\/a><\/li>\n<li class=\"page_item page-item-453\"><a href=\"https:\/\/camarapocao.pe.gov.br\/v1\/licitacoes-aprovadas-em-2013\/\">Licita\u00e7\u00f5es aprovadas em 2013<\/a><\/li>\n<li class=\"page_item page-item-455\"><a href=\"https:\/\/camarapocao.pe.gov.br\/v1\/licitacoes-aprovadas-em-2014\/\">Licita\u00e7\u00f5es aprovadas em 2014<\/a><\/li>\n<li class=\"page_item page-item-457\"><a href=\"https:\/\/camarapocao.pe.gov.br\/v1\/licitacoes-aprovadas-em-2015\/\">Licita\u00e7\u00f5es aprovadas em 2015<\/a><\/li>\n<li class=\"page_item page-item-874\"><a href=\"https:\/\/camarapocao.pe.gov.br\/v1\/mapa-do-site\/\">Mapa do Site<\/a><\/li>\n<li class=\"page_item page-item-1174\"><a href=\"https:\/\/camarapocao.pe.gov.br\/v1\/mesa-diretora\/\">Mesa Diretora<\/a><\/li>\n<li class=\"page_item page-item-1234\"><a href=\"https:\/\/camarapocao.pe.gov.br\/v1\/ouvidoria\/\">Ouvidoria<\/a><\/li>\n<li class=\"page_item page-item-1357\"><a href=\"https:\/\/camarapocao.pe.gov.br\/v1\/pautas-das-sessoes-plenarias\/\">Pautas das Sess\u00f5es Plen\u00e1rias &#8211; 2023<\/a><\/li>\n<li class=\"page_item page-item-1500\"><a href=\"https:\/\/camarapocao.pe.gov.br\/v1\/pautas-das-sessoes-plenarias-das-comissoes-2024\/\">Pautas das Sess\u00f5es Plen\u00e1rias das Comiss\u00f5es &#8211; 2024<\/a><\/li>\n<li class=\"page_item page-item-1816\"><a href=\"https:\/\/camarapocao.pe.gov.br\/v1\/pautas-das-sessoes-plenarias-das-comissoes-2025\/\">Pautas das Sess\u00f5es Plen\u00e1rias das Comiss\u00f5es &#8211; 2025<\/a><\/li>\n<li class=\"page_item page-item-1924\"><a href=\"https:\/\/camarapocao.pe.gov.br\/v1\/pautas-das-sessoes-plenarias-das-comissoes-2023\/\">Pautas das Sess\u00f5es Plen\u00e1rias das Comiss\u00f5es \u2013 2023<\/a><\/li>\n<li class=\"page_item page-item-2144\"><a href=\"https:\/\/camarapocao.pe.gov.br\/v1\/pautas-das-sessoes-plenarias-das-comissoes-2026\/\">Pautas das Sess\u00f5es Plen\u00e1rias das Comiss\u00f5es \u2013 2026<\/a><\/li>\n<li class=\"page_item page-item-1498\"><a href=\"https:\/\/camarapocao.pe.gov.br\/v1\/pautas-das-sessoes-plenarias-ordinarias-2024\/\">Pautas das Sess\u00f5es Plen\u00e1rias Ordin\u00e1rias &#8211; 2024<\/a><\/li>\n<li class=\"page_item page-item-1814\"><a href=\"https:\/\/camarapocao.pe.gov.br\/v1\/pautas-das-sessoes-plenarias-ordinarias-2025\/\">Pautas das Sess\u00f5es Plen\u00e1rias Ordin\u00e1rias &#8211; 2025<\/a><\/li>\n<li class=\"page_item page-item-2138\"><a href=\"https:\/\/camarapocao.pe.gov.br\/v1\/pautas-das-sessoes-plenarias-ordinarias-2026\/\">Pautas das Sess\u00f5es Plen\u00e1rias Ordin\u00e1rias \u2013 2026<\/a><\/li>\n<li class=\"page_item page-item-1666\"><a href=\"https:\/\/camarapocao.pe.gov.br\/v1\/faq\/\">Perguntas Frequentes (FAQ)<\/a><\/li>\n<li class=\"page_item page-item-524\"><a href=\"https:\/\/camarapocao.pe.gov.br\/v1\/portarias-2010\/\">Portarias 2010<\/a><\/li>\n<li class=\"page_item page-item-526\"><a href=\"https:\/\/camarapocao.pe.gov.br\/v1\/portarias-2011\/\">Portarias 2011<\/a><\/li>\n<li class=\"page_item page-item-529\"><a href=\"https:\/\/camarapocao.pe.gov.br\/v1\/portarias-2012\/\">Portarias 2012<\/a><\/li>\n<li class=\"page_item page-item-531\"><a href=\"https:\/\/camarapocao.pe.gov.br\/v1\/portarias-2013\/\">Portarias 2013<\/a><\/li>\n<li class=\"page_item page-item-533\"><a href=\"https:\/\/camarapocao.pe.gov.br\/v1\/portarias-2014\/\">Portarias 2014<\/a><\/li>\n<li class=\"page_item page-item-536\"><a href=\"https:\/\/camarapocao.pe.gov.br\/v1\/portarias-2015\/\">Portarias 2015<\/a><\/li>\n<li class=\"page_item page-item-538\"><a href=\"https:\/\/camarapocao.pe.gov.br\/v1\/portarias-2016\/\">Portarias 2016<\/a><\/li>\n<li class=\"page_item page-item-540\"><a href=\"https:\/\/camarapocao.pe.gov.br\/v1\/portarias-2017\/\">Portarias 2017<\/a><\/li>\n<li class=\"page_item page-item-542\"><a href=\"https:\/\/camarapocao.pe.gov.br\/v1\/portarias-2018\/\">Portarias 2018<\/a><\/li>\n<li class=\"page_item page-item-611\"><a href=\"https:\/\/camarapocao.pe.gov.br\/v1\/portarias-publicadas-em-2019\/\">Portarias publicadas em 2019<\/a><\/li>\n<li class=\"page_item page-item-743\"><a href=\"https:\/\/camarapocao.pe.gov.br\/v1\/portarias-publicadas-em-2020\/\">Portarias publicadas em 2020<\/a><\/li>\n<li class=\"page_item page-item-826\"><a href=\"https:\/\/camarapocao.pe.gov.br\/v1\/portarias-publicadas-em-2021\/\">Portarias publicadas em 2021<\/a><\/li>\n<li class=\"page_item page-item-970\"><a href=\"https:\/\/camarapocao.pe.gov.br\/v1\/portarias-publicadas-em-2022\/\">Portarias publicadas em 2022<\/a><\/li>\n<li class=\"page_item page-item-1107\"><a href=\"https:\/\/camarapocao.pe.gov.br\/v1\/portarias-publicadas-em-2023\/\">Portarias publicadas em 2023<\/a><\/li>\n<li class=\"page_item page-item-1522\"><a href=\"https:\/\/camarapocao.pe.gov.br\/v1\/portarias-publicadas-em-2024\/\">Portarias publicadas em 2024<\/a><\/li>\n<li class=\"page_item page-item-1777\"><a href=\"https:\/\/camarapocao.pe.gov.br\/v1\/portarias-publicadas-em-2025\/\">Portarias publicadas em 2025<\/a><\/li>\n<li class=\"page_item page-item-2120\"><a href=\"https:\/\/camarapocao.pe.gov.br\/v1\/portarias-publicadas-em-2026\/\">Portarias Publicadas em 2026<\/a><\/li>\n<li class=\"page_item page-item-1308\"><a href=\"https:\/\/camarapocao.pe.gov.br\/v1\/presenca-no-plenario\/\">Presen\u00e7a no Plen\u00e1rio<\/a><\/li>\n<li class=\"page_item page-item-906\"><a href=\"https:\/\/camarapocao.pe.gov.br\/v1\/principais-servicos-e-prazos\/\">Principais servi\u00e7os e prazos<\/a><\/li>\n<li class=\"page_item page-item-1436\"><a href=\"https:\/\/camarapocao.pe.gov.br\/v1\/projetos-de-lei\/\">Projetos de Lei<\/a><\/li>\n<li class=\"page_item page-item-1977\"><a href=\"https:\/\/camarapocao.pe.gov.br\/v1\/projetos-de-lei-tramitados-2022\/\">Projetos de Lei Tramitados &#8211; 2022<\/a><\/li>\n<li class=\"page_item page-item-1433\"><a href=\"https:\/\/camarapocao.pe.gov.br\/v1\/projetos-de-lei-tramitados-2023\/\">Projetos de Lei Tramitados &#8211; 2023<\/a><\/li>\n<li class=\"page_item page-item-1615\"><a href=\"https:\/\/camarapocao.pe.gov.br\/v1\/projetos-de-lei-tramitados-2024\/\">PROJETOS DE LEI TRAMITADOS \u2013 2024<\/a><\/li>\n<li class=\"page_item page-item-1862\"><a href=\"https:\/\/camarapocao.pe.gov.br\/v1\/projetos-de-lei-tramitados-2025\/\">PROJETOS DE LEI TRAMITADOS \u2013 2025<\/a><\/li>\n<li class=\"page_item page-item-2155\"><a href=\"https:\/\/camarapocao.pe.gov.br\/v1\/projetos-de-lei-tramitados-2026\/\">PROJETOS DE LEI TRAMITADOS \u2013 2026<\/a><\/li>\n<li class=\"page_item page-item-459\"><a href=\"https:\/\/camarapocao.pe.gov.br\/v1\/relatorio-de-gestao-fiscal-2009\/\">Relat\u00f3rio de Gest\u00e3o Fiscal 2009<\/a><\/li>\n<li class=\"page_item page-item-464\"><a href=\"https:\/\/camarapocao.pe.gov.br\/v1\/relatorio-de-gestao-fiscal-2010\/\">Relat\u00f3rio de Gest\u00e3o Fiscal 2010<\/a><\/li>\n<li class=\"page_item page-item-468\"><a href=\"https:\/\/camarapocao.pe.gov.br\/v1\/relatorio-de-gestao-fiscal-2011\/\">Relat\u00f3rio de Gest\u00e3o Fiscal 2011<\/a><\/li>\n<li class=\"page_item page-item-470\"><a href=\"https:\/\/camarapocao.pe.gov.br\/v1\/relatorio-de-gestao-fiscal-2012\/\">Relat\u00f3rio de Gest\u00e3o Fiscal 2012<\/a><\/li>\n<li class=\"page_item page-item-571\"><a href=\"https:\/\/camarapocao.pe.gov.br\/v1\/relatorio-de-gestao-fiscal-2013\/\">Relat\u00f3rio de Gest\u00e3o Fiscal 2013<\/a><\/li>\n<li class=\"page_item page-item-476\"><a href=\"https:\/\/camarapocao.pe.gov.br\/v1\/relatorio-de-gestao-fiscal-2014\/\">Relat\u00f3rio de Gest\u00e3o Fiscal 2014<\/a><\/li>\n<li class=\"page_item page-item-480\"><a href=\"https:\/\/camarapocao.pe.gov.br\/v1\/relatorio-de-gestao-fiscal-2015\/\">Relat\u00f3rio de Gest\u00e3o Fiscal 2015<\/a><\/li>\n<li class=\"page_item page-item-483\"><a href=\"https:\/\/camarapocao.pe.gov.br\/v1\/relatorio-de-gestao-fiscal-2016\/\">Relat\u00f3rio de Gest\u00e3o Fiscal 2016<\/a><\/li>\n<li class=\"page_item page-item-486\"><a href=\"https:\/\/camarapocao.pe.gov.br\/v1\/relatorio-de-gestao-fiscal-2017\/\">Relat\u00f3rio de Gest\u00e3o Fiscal 2017<\/a><\/li>\n<li class=\"page_item page-item-1361\"><a href=\"https:\/\/camarapocao.pe.gov.br\/v1\/relatorios-das-sessoes-plenarias\/\">Relat\u00f3rios das Sess\u00f5es Plen\u00e1rias<\/a><\/li>\n<li class=\"page_item page-item-1536\"><a href=\"https:\/\/camarapocao.pe.gov.br\/v1\/requerimentos-2023-vereador-caique-alberto\/\">Requerimentos &#8211; Vereador Ca\u00edque Alberto<\/a><\/li>\n<li class=\"page_item page-item-1561\"><a href=\"https:\/\/camarapocao.pe.gov.br\/v1\/requerimentos-vereador-gleison-cigano\/\">REQUERIMENTOS \u2013 VEREADOR GLEISON (CIGANO)<\/a><\/li>\n<li class=\"page_item page-item-1558\"><a href=\"https:\/\/camarapocao.pe.gov.br\/v1\/requerimentos-vereador-jose-silvestre-kaka\/\">REQUERIMENTOS \u2013 VEREADOR JOS\u00c9 SILVESTRE (KAKA)<\/a><\/li>\n<li class=\"page_item page-item-1562\"><a href=\"https:\/\/camarapocao.pe.gov.br\/v1\/requerimentos-vereador-junior-motos\/\">REQUERIMENTOS \u2013 VEREADOR J\u00daNIOR MOTOS<\/a><\/li>\n<li class=\"page_item page-item-1564\"><a href=\"https:\/\/camarapocao.pe.gov.br\/v1\/requerimentos-vereador-napoleao-jr\/\">REQUERIMENTOS \u2013 VEREADOR NAPOLE\u00c3O JR<\/a><\/li>\n<li class=\"page_item page-item-1560\"><a href=\"https:\/\/camarapocao.pe.gov.br\/v1\/requerimentos-vereador-silas\/\">REQUERIMENTOS \u2013 VEREADOR SILAS<\/a><\/li>\n<li class=\"page_item page-item-1557\"><a href=\"https:\/\/camarapocao.pe.gov.br\/v1\/requerimentos-vereador-silvio-andrade\/\">REQUERIMENTOS \u2013 VEREADOR SILVIO ANDRADE<\/a><\/li>\n<li class=\"page_item page-item-1563\"><a href=\"https:\/\/camarapocao.pe.gov.br\/v1\/requerimentos-vereador-wrides-mendes\/\">REQUERIMENTOS \u2013 VEREADOR WRIDES MENDES<\/a><\/li>\n<li class=\"page_item page-item-1559\"><a href=\"https:\/\/camarapocao.pe.gov.br\/v1\/requerimentos-vereadora-ruth\/\">REQUERIMENTOS \u2013 VEREADORA RUTH<\/a><\/li>\n<li class=\"page_item page-item-1368\"><a href=\"https:\/\/camarapocao.pe.gov.br\/v1\/requerimentos-apresentados\/\">Requerimentos apresentados<\/a><\/li>\n<li class=\"page_item page-item-545\"><a href=\"https:\/\/camarapocao.pe.gov.br\/v1\/resolucoes-aprovadas-em-2008\/\">Resolu\u00e7\u00f5es aprovadas em 2008<\/a><\/li>\n<li class=\"page_item page-item-549\"><a href=\"https:\/\/camarapocao.pe.gov.br\/v1\/resolucoes-aprovadas-em-2009\/\">Resolu\u00e7\u00f5es aprovadas em 2009<\/a><\/li>\n<li class=\"page_item page-item-551\"><a href=\"https:\/\/camarapocao.pe.gov.br\/v1\/resolucoes-aprovadas-em-2010\/\">Resolu\u00e7\u00f5es aprovadas em 2010<\/a><\/li>\n<li class=\"page_item page-item-553\"><a href=\"https:\/\/camarapocao.pe.gov.br\/v1\/resolucoes-aprovadas-em-2011\/\">Resolu\u00e7\u00f5es aprovadas em 2011<\/a><\/li>\n<li class=\"page_item page-item-555\"><a href=\"https:\/\/camarapocao.pe.gov.br\/v1\/resolucoes-aprovadas-em-2013\/\">Resolu\u00e7\u00f5es aprovadas em 2013<\/a><\/li>\n<li class=\"page_item page-item-557\"><a href=\"https:\/\/camarapocao.pe.gov.br\/v1\/resolucoes-aprovadas-em-2014\/\">Resolu\u00e7\u00f5es aprovadas em 2014<\/a><\/li>\n<li class=\"page_item page-item-559\"><a href=\"https:\/\/camarapocao.pe.gov.br\/v1\/resolucoes-aprovadas-em-2015\/\">Resolu\u00e7\u00f5es aprovadas em 2015<\/a><\/li>\n<li class=\"page_item page-item-561\"><a href=\"https:\/\/camarapocao.pe.gov.br\/v1\/resolucoes-aprovadas-em-2017\/\">Resolu\u00e7\u00f5es aprovadas em 2017<\/a><\/li>\n<li class=\"page_item page-item-563\"><a href=\"https:\/\/camarapocao.pe.gov.br\/v1\/resolucoes-aprovadas-em-2018\/\">Resolu\u00e7\u00f5es aprovadas em 2018<\/a><\/li>\n<li class=\"page_item page-item-673\"><a href=\"https:\/\/camarapocao.pe.gov.br\/v1\/resolucoes-aprovadas-em-2019\/\">Resolu\u00e7\u00f5es aprovadas em 2019<\/a><\/li>\n<li class=\"page_item page-item-738\"><a href=\"https:\/\/camarapocao.pe.gov.br\/v1\/resolucoes-aprovadas-em-2020\/\">Resolu\u00e7\u00f5es aprovadas em 2020<\/a><\/li>\n<li class=\"page_item page-item-930\"><a href=\"https:\/\/camarapocao.pe.gov.br\/v1\/resolucoes-aprovadas-em-2021\/\">Resolu\u00e7\u00f5es aprovadas em 2021<\/a><\/li>\n<li class=\"page_item page-item-1022\"><a href=\"https:\/\/camarapocao.pe.gov.br\/v1\/resolucoes-aprovadas-em-2022\/\">Resolu\u00e7\u00f5es aprovadas em 2022<\/a><\/li>\n<li class=\"page_item page-item-1422\"><a href=\"https:\/\/camarapocao.pe.gov.br\/v1\/resolucoes-aprovadas-em-2023\/\">Resolu\u00e7\u00f5es aprovadas em 2023<\/a><\/li>\n<li class=\"page_item page-item-1631\"><a href=\"https:\/\/camarapocao.pe.gov.br\/v1\/resolucoes-aprovadas-em-2024\/\">RESOLU\u00c7\u00d5ES APROVADAS EM 2024<\/a><\/li>\n<li class=\"page_item page-item-2022\"><a href=\"https:\/\/camarapocao.pe.gov.br\/v1\/resolucoes-aprovadas-em-2025\/\">Resolu\u00e7\u00f5es aprovadas em 2025<\/a><\/li>\n<li class=\"page_item page-item-2181\"><a href=\"https:\/\/camarapocao.pe.gov.br\/v1\/resolucoes-aprovadas-em-2026\/\">Resolu\u00e7\u00f5es aprovadas em 2026<\/a><\/li>\n<li class=\"page_item page-item-1495\"><a href=\"https:\/\/camarapocao.pe.gov.br\/v1\/sessoes-legislativas\/\">Sess\u00f5es Legislativas<\/a><\/li>\n<li class=\"page_item page-item-1426\"><a href=\"https:\/\/camarapocao.pe.gov.br\/v1\/sessoes\/\">Sess\u00f5es Legislativas &#8211; Grava\u00e7\u00f5es<\/a><\/li>\n<li class=\"page_item page-item-2101\"><a href=\"https:\/\/camarapocao.pe.gov.br\/v1\/termos-aditivos-2026\/\">Termos Aditivos Firmados em 2026<\/a><\/li>\n<li class=\"page_item page-item-170\"><a href=\"https:\/\/camarapocao.pe.gov.br\/v1\/vereadores\/\">Vereadores<\/a><\/li>\n<li class=\"page_item page-item-1243\"><a href=\"https:\/\/camarapocao.pe.gov.br\/v1\/vereadores-2\/\">VEREADORES<\/a><\/li>\n<\/ul>\n<\/div>\n\n\n<div class=\"wsp-container\"><h2 class=\"wsp-vereadors-title\">Vereador<\/h2>\n<ul class=\"wsp-vereadors-list\">\n<li><a href=\"https:\/\/camarapocao.pe.gov.br\/v1\/vereador\/kel\/\">CLEDSON OLIVEIRA (Kel)<\/a><\/li>\n<li><a href=\"https:\/\/camarapocao.pe.gov.br\/v1\/vereador\/cigano\/\">GLEISON RODRIGUES (CIGANO)<\/a><\/li>\n<li><a href=\"https:\/\/camarapocao.pe.gov.br\/v1\/vereador\/garrafinha\/\">JOS\u00c9 EDSON BESERRA (Garrafinha)<\/a><\/li>\n<li><a href=\"https:\/\/camarapocao.pe.gov.br\/v1\/vereador\/silvio-andrade\/\">SILVIO ANDRADE<\/a><\/li>\n<li><a href=\"https:\/\/camarapocao.pe.gov.br\/v1\/vereador\/napoleaojr\/\">J\u00daNIOR DE BATALHA<\/a><\/li>\n<li><a href=\"https:\/\/camarapocao.pe.gov.br\/v1\/vereador\/jrmotos\/\">J\u00daNIOR MOTOS<\/a><\/li>\n<li><a href=\"https:\/\/camarapocao.pe.gov.br\/v1\/vereador\/iza\/\">IZA GABRIELA BEZERRA<\/a><\/li>\n<li><a href=\"https:\/\/camarapocao.pe.gov.br\/v1\/vereador\/caique\/\">CA\u00cdQUE ALBERTO<\/a><\/li>\n<li><a href=\"https:\/\/camarapocao.pe.gov.br\/v1\/vereador\/jaciene\/\">JACIENE MARIA C\u00c2NDIDO DE FREITAS<\/a><\/li>\n<\/ul>\n<\/div>\n","protected":false},"excerpt":{"rendered":"","protected":false},"author":2,"featured_media":0,"parent":0,"menu_order":0,"comment_status":"closed","ping_status":"closed","template":"","meta":{"footnotes":""},"class_list":["post-874","page","type-page","status-publish","hentry","active"],"aioseo_notices":[],"_links":{"self":[{"href":"https:\/\/camarapocao.pe.gov.br\/v1\/wp-json\/wp\/v2\/pages\/874","targetHints":{"allow":["GET"]}}],"collection":[{"href":"https:\/\/camarapocao.pe.gov.br\/v1\/wp-json\/wp\/v2\/pages"}],"about":[{"href":"https:\/\/camarapocao.pe.gov.br\/v1\/wp-json\/wp\/v2\/types\/page"}],"author":[{"embeddable":true,"href":"https:\/\/camarapocao.pe.gov.br\/v1\/wp-json\/wp\/v2\/users\/2"}],"replies":[{"embeddable":true,"href":"https:\/\/camarapocao.pe.gov.br\/v1\/wp-json\/wp\/v2\/comments?post=874"}],"version-history":[{"count":3,"href":"https:\/\/camarapocao.pe.gov.br\/v1\/wp-json\/wp\/v2\/pages\/874\/revisions"}],"predecessor-version":[{"id":877,"href":"https:\/\/camarapocao.pe.gov.br\/v1\/wp-json\/wp\/v2\/pages\/874\/revisions\/877"}],"wp:attachment":[{"href":"https:\/\/camarapocao.pe.gov.br\/v1\/wp-json\/wp\/v2\/media?parent=874"}],"curies":[{"name":"wp","href":"https:\/\/api.w.org\/{rel}","templated":true}]}}