{"id":743,"date":"2020-04-19T19:20:02","date_gmt":"2020-04-19T22:20:02","guid":{"rendered":"http:\/\/camarapocao.pe.gov.br\/?page_id=743"},"modified":"2021-01-06T16:27:16","modified_gmt":"2021-01-06T19:27:16","slug":"portarias-publicadas-em-2020","status":"publish","type":"page","link":"https:\/\/camarapocao.pe.gov.br\/v1\/portarias-publicadas-em-2020\/","title":{"rendered":"Portarias publicadas em 2020"},"content":{"rendered":"\n<table class=\"wp-block-table is-style-stripes\"><tbody><tr><td><strong>N\u00ba do documento<\/strong><\/td><td><strong>Descri\u00e7\u00e3o<\/strong><\/td><td><strong>Download<\/strong><\/td><\/tr><tr><td>1\/2020<\/td><td>Concede \u00e0 servidora Poliana Lins f\u00e9rias anual, a ser gozada no per\u00edodo de 15\/01 a 13\/02\/2020<\/td><td><strong><a href=\"http:\/\/www.camarapocao.pe.gov.br\/home\/images\/Consulta\/portarias\/2020\/01-2020.pdf\">PDF<\/a><\/strong><\/td><\/tr><tr><td>2\/2020 <\/td><td>Concede promo\u00e7\u00e3o por antiguidade ao servidor Claudio Bezerra<\/td><td><strong><a href=\"http:\/\/www.camarapocao.pe.gov.br\/home\/images\/Consulta\/portarias\/2020\/02-2020.pdf\">PDF<\/a><\/strong> <\/td><\/tr><tr><td>3\/2020 <\/td><td>Determina ao setor cont\u00e1bil da C\u00e2mara de Po\u00e7\u00e3o que proceda com a implanta\u00e7\u00e3o do sexto quinqu\u00eanio no contra-cheque do servidor Cl\u00e1udio Bezerra por tempo de servi\u00e7o<\/td><td><strong><a href=\"http:\/\/www.camarapocao.pe.gov.br\/home\/images\/Consulta\/portarias\/2020\/03-2020.pdf\">PDF<\/a><\/strong> <\/td><\/tr><tr><td>4\/2020<\/td><td>Determina ao setor cont\u00e1bil da C\u00e2mara que proceda com a implanta\u00e7\u00e3o do sexto quinqu\u00eanio no contra-cheque do servidor Givanildo Menino por tempo de servi\u00e7o <\/td><td><strong><a href=\"http:\/\/www.camarapocao.pe.gov.br\/home\/images\/Consulta\/portarias\/2020\/04-2020.pdf\">PDF<\/a><\/strong> <\/td><\/tr><tr><td>5\/2020<\/td><td>Designa os colaboradores da C\u00e2mara que ir\u00e3o compor a Comiss\u00e3o Permanente de Licita\u00e7\u00f5es<\/td><td><strong><a href=\"http:\/\/www.camarapocao.pe.gov.br\/home\/images\/Consulta\/portarias\/2020\/05-2020.pdf\">PDF<\/a><\/strong> <\/td><\/tr><tr><td>6\/2020<\/td><td> Concede ao servidor Cl\u00e1udio Bezerra f\u00e9rias anual, a ser gozada no per\u00edodo de 03\/03 a 01\/04\/2020 <\/td><td><strong><a href=\"http:\/\/www.camarapocao.pe.gov.br\/home\/images\/Consulta\/portarias\/2020\/06-2020.pdf\">PDF<\/a><\/strong> <\/td><\/tr><tr><td>7\/2020<\/td><td> Concede \u00e0 servidora Layane Mendes f\u00e9rias anual, a ser gozada no per\u00edodo de 03\/03 a 01\/04\/2020  <\/td><td><strong><a href=\"http:\/\/www.camarapocao.pe.gov.br\/home\/images\/Consulta\/portarias\/2020\/07-2020.pdf\">PDF<\/a><\/strong> <\/td><\/tr><tr><td>8\/2020<\/td><td> Concede \u00e0 servidora Josefa Sueli Soares f\u00e9rias anual, a ser gozada no per\u00edodo de 03\/03 a 01\/04\/2020  <\/td><td><strong><a href=\"http:\/\/www.camarapocao.pe.gov.br\/home\/images\/Consulta\/portarias\/2020\/08-2020.pdf\">PDF<\/a><\/strong> <\/td><\/tr><tr><td>9\/2020 <\/td><td>Determina a\u00e7\u00f5es internas e modifica\u00e7\u00f5es no regime de funcionamento da C\u00e2mara de Po\u00e7\u00e3o para preven\u00e7\u00e3o e combate a prolifera\u00e7\u00e3o do Novo Corona V\u00edrus COVID-19<\/td><td><strong><a href=\"http:\/\/www.camarapocao.pe.gov.br\/home\/images\/Consulta\/portarias\/2020\/09-2020.pdf\">PDF<\/a><\/strong> <\/td><\/tr><tr><td>10\/2020<\/td><td>Disp\u00f5e sobre a devolu\u00e7\u00e3o volunt\u00e1ria e excepcional de saldo financeiro resultante de economia e consequente n\u00e3o integral de duod\u00e9cimos para auxiliar o Poder Executivo no enfrentamento da pandemia do Novo Coronav\u00edrus<\/td><td><strong><a href=\"http:\/\/www.camarapocao.pe.gov.br\/home\/images\/Consulta\/portarias\/2020\/10-2020.pdf\">PDF<\/a><\/strong> <\/td><\/tr><tr><td>11\/2020<\/td><td>Cede o servidor Cl\u00e1udio Bezerra em favor do Munic\u00edpio de Po\u00e7\u00e3o-PE<\/td><td><strong><a href=\"http:\/\/www.camarapocao.pe.gov.br\/home\/images\/Consulta\/portarias\/2020\/11-2020.pdf\">PDF<\/a> <\/strong><\/td><\/tr><tr><td>12\/2020<\/td><td>Concede ao servidor Givanildo Menino f\u00e9rias anual a ser gozada no per\u00edodo de 15\/05\/2020 a 13\/06\/2020<\/td><td><strong><a href=\"http:\/\/www.camarapocao.pe.gov.br\/home\/images\/Consulta\/portarias\/2020\/12-2020.pdf\">PDF<\/a> <\/strong><\/td><\/tr><tr><td>13\/2020<\/td><td>Rovoga as portarias 03 e 04\/2020 que autorizavam a implanta\u00e7\u00e3o do 6\u00ba. quinqu\u00eanio nos contra cheques dos servidores Claudio Bezerra e Givanildo Menino<\/td><td><strong><a href=\"http:\/\/www.camarapocao.pe.gov.br\/home\/images\/Consulta\/portarias\/2020\/13-2020.pdf\">PDF<\/a><\/strong> <\/td><\/tr><tr><td>14\/2020<\/td><td> Cede o servidor Cl\u00e1udio Bezerra em favor do Munic\u00edpio de Po\u00e7\u00e3o-PE <\/td><td><strong><a href=\"http:\/\/www.camarapocao.pe.gov.br\/home\/images\/Consulta\/portarias\/2020\/14-2020.pdf\">PDF<\/a><\/strong> <\/td><\/tr><tr><td>15\/2020<\/td><td>Revoga a Portaria N\u00ba. 024\/2019<\/td><td><strong><a href=\"http:\/\/www.camarapocao.pe.gov.br\/home\/images\/Consulta\/portarias\/2020\/15-2020.pdf\">PDF<\/a> <\/strong><\/td><\/tr><tr><td>16\/2020<\/td><td>Concede ao servidor Ant\u00f4nio Correia f\u00e9rias anual, a ser gozada no per\u00edodo de 16\/09 a 15\/10\/2020<\/td><td><strong><a href=\"http:\/\/www.camarapocao.pe.gov.br\/home\/images\/Consulta\/portarias\/2020\/16-2020.pdf\">PDF<\/a><\/strong> <\/td><\/tr><tr><td>17\/2020<\/td><td>Suspende as f\u00e9rias do servidor Ant\u00f4nio Correia<\/td><td><strong><a href=\"http:\/\/www.camarapocao.pe.gov.br\/home\/images\/Consulta\/portarias\/2020\/17-2020.pdf\">PDF<\/a><\/strong> <\/td><\/tr><tr><td>18\/2020<\/td><td>Concede ao servidor Suzana Bezerra f\u00e9rias anual, a ser gozada no per\u00edodo de 03\/11 a 03\/12\/2020<\/td><td><strong><a href=\"http:\/\/www.camarapocao.pe.gov.br\/home\/images\/Consulta\/portarias\/2020\/18-2020.pdf\">PDF<\/a><\/strong> <\/td><\/tr><tr><td>19\/2020<\/td><td>Concede ao servidor Claudio Bezerra licen\u00e7a pr\u00eamio, a ser gozada no per\u00edodo de 03\/11 a 03\/01\/2021, ficando 4 meses a serem gozados posteriormente<\/td><td><strong><a href=\"http:\/\/www.camarapocao.pe.gov.br\/home\/images\/Consulta\/portarias\/2020\/19-2020.pdf\">PDF<\/a><\/strong> <\/td><\/tr><tr><td>20\/2020<\/td><td>Designa os vereadores da C\u00e2mara que ir\u00e3o compor a Comiss\u00e3o Permanente de Representa\u00e7\u00e3o<\/td><td><strong><a href=\"http:\/\/www.camarapocao.pe.gov.br\/home\/images\/Consulta\/portarias\/2020\/20-2020.pdf\">PDF<\/a><\/strong> <\/td><\/tr><tr><td>21\/2020<\/td><td>Determina que o expediente da C\u00e2mara Municipal durante o per\u00edodo de recesso (de 15\/12\/2020 a 14\/02\/2021) ser\u00e1 das 08:00 \u00e0s 11:00 de segunda \u00e0 sexta-feira.<\/td><td><strong><a href=\"http:\/\/www.camarapocao.pe.gov.br\/home\/images\/Consulta\/portarias\/2020\/21-2020.pdf\">PDF<\/a><\/strong> <\/td><\/tr><tr><td>Termo de cess\u00e3o 1 <\/td><td>Termo de cess\u00e3o sobre uso de vbe\u00edculo p\u00fablico (maio e junho)<\/td><td><strong><a href=\"http:\/\/www.camarapocao.pe.gov.br\/home\/images\/Consulta\/portarias\/2020\/termo_cessao_26-04-2020.pdf\">PDF<\/a><\/strong> <\/td><\/tr><tr><td>Termo de cess\u00e3o 2<\/td><td> Termo de cess\u00e3o sobre uso de vbe\u00edculo p\u00fablico (julho e agosto) <\/td><td><strong><a href=\"http:\/\/www.camarapocao.pe.gov.br\/home\/images\/Consulta\/portarias\/2020\/termo_cessao_29-06-2020.pdf\">PDF<\/a><\/strong> <\/td><\/tr><tr><td><\/td><td><\/td><td><\/td><\/tr><\/tbody><\/table>\n\n\n\n<p><\/p>\n","protected":false},"excerpt":{"rendered":"<p>N\u00ba do documento Descri\u00e7\u00e3o Download 1\/2020 Concede \u00e0 servidora Poliana Lins f\u00e9rias anual, a ser gozada no per\u00edodo de 15\/01 a 13\/02\/2020 PDF 2\/2020 Concede <a class=\"leiamais\" href=\"https:\/\/camarapocao.pe.gov.br\/v1\/portarias-publicadas-em-2020\/\"><i class=\"fa fa-angle-double-right\" aria-hidden=\"true\"><\/i><br \/>\n<\/a><\/p>\n","protected":false},"author":3,"featured_media":0,"parent":0,"menu_order":0,"comment_status":"closed","ping_status":"closed","template":"","meta":{"footnotes":""},"class_list":["post-743","page","type-page","status-publish","hentry","active"],"aioseo_notices":[],"_links":{"self":[{"href":"https:\/\/camarapocao.pe.gov.br\/v1\/wp-json\/wp\/v2\/pages\/743","targetHints":{"allow":["GET"]}}],"collection":[{"href":"https:\/\/camarapocao.pe.gov.br\/v1\/wp-json\/wp\/v2\/pages"}],"about":[{"href":"https:\/\/camarapocao.pe.gov.br\/v1\/wp-json\/wp\/v2\/types\/page"}],"author":[{"embeddable":true,"href":"https:\/\/camarapocao.pe.gov.br\/v1\/wp-json\/wp\/v2\/users\/3"}],"replies":[{"embeddable":true,"href":"https:\/\/camarapocao.pe.gov.br\/v1\/wp-json\/wp\/v2\/comments?post=743"}],"version-history":[{"count":12,"href":"https:\/\/camarapocao.pe.gov.br\/v1\/wp-json\/wp\/v2\/pages\/743\/revisions"}],"predecessor-version":[{"id":787,"href":"https:\/\/camarapocao.pe.gov.br\/v1\/wp-json\/wp\/v2\/pages\/743\/revisions\/787"}],"wp:attachment":[{"href":"https:\/\/camarapocao.pe.gov.br\/v1\/wp-json\/wp\/v2\/media?parent=743"}],"curies":[{"name":"wp","href":"https:\/\/api.w.org\/{rel}","templated":true}]}}