{"id":673,"date":"2019-06-05T13:28:18","date_gmt":"2019-06-05T16:28:18","guid":{"rendered":"http:\/\/camarapocao.pe.gov.br\/?page_id=673"},"modified":"2019-11-03T19:22:19","modified_gmt":"2019-11-03T22:22:19","slug":"resolucoes-aprovadas-em-2019","status":"publish","type":"page","link":"https:\/\/camarapocao.pe.gov.br\/v1\/resolucoes-aprovadas-em-2019\/","title":{"rendered":"Resolu\u00e7\u00f5es aprovadas em 2019"},"content":{"rendered":"\n<table class=\"wp-block-table is-style-stripes\"><tbody><tr><td>N\u00ba do documento <\/td><td>Descri\u00e7\u00e3o <\/td><td>Download<\/td><\/tr><tr><td>96\/2019<\/td><td>Disp\u00f5e sobre a remunera\u00e7\u00e3o dos servidores ocupantes de Cargos P\u00fablicos na C\u00e2mara Municipal de Po\u00e7\u00e3o a partir de janeiro de 2019 e d\u00e1 outras provid\u00eancias<\/td><td><a href=\"http:\/\/www.camarapocao.pe.gov.br\/home\/images\/Consulta\/resolucoes\/2019\/96-2019.pdf\">PDF<\/a><\/td><\/tr><tr><td>97\/2019<\/td><td>Fixa e regulamenta a concess\u00e3o de di\u00e1rias aos agentes pol\u00edticos, servidores p\u00fablicos e colaboradores eventuais da C\u00e2mara Municipal de Po\u00e7\u00e3o e d\u00e1 outras provid\u00eancias<\/td><td><a href=\"http:\/\/www.camarapocao.pe.gov.br\/home\/images\/Consulta\/resolucoes\/2019\/97-2019.pdf\">PDF<\/a><\/td><\/tr><tr><td>98\/2019<\/td><td>Disp\u00f5e sobre altera\u00e7\u00e3o do artigo 31 da Resolu\u00e7\u00e3o 11\/1991 que versa sobre o Regimento Interno da C\u00e2mara de Po\u00e7\u00e3o  d\u00e1 outras provid\u00eancias<\/td><td><a href=\"http:\/\/www.camarapocao.pe.gov.br\/home\/images\/Consulta\/resolucoes\/2019\/98-2019.pdf\">PDF<\/a> <\/td><\/tr><tr><td>99\/2019<\/td><td>Disp\u00f5e sobre o Or\u00e7amento Anual de Base &#8211; 2020<\/td><td><a href=\"http:\/\/www.camarapocao.pe.gov.br\/home\/images\/Consulta\/resolucoes\/2019\/99-2019.pdf\">PDF<\/a> <\/td><\/tr><\/tbody><\/table>\n\n\n\n<p><\/p>\n","protected":false},"excerpt":{"rendered":"<p>N\u00ba do documento Descri\u00e7\u00e3o Download 96\/2019 Disp\u00f5e sobre a remunera\u00e7\u00e3o dos servidores ocupantes de Cargos P\u00fablicos na C\u00e2mara Municipal de Po\u00e7\u00e3o a partir de janeiro <a class=\"leiamais\" href=\"https:\/\/camarapocao.pe.gov.br\/v1\/resolucoes-aprovadas-em-2019\/\"><i class=\"fa fa-angle-double-right\" aria-hidden=\"true\"><\/i><br \/>\n<\/a><\/p>\n","protected":false},"author":3,"featured_media":0,"parent":0,"menu_order":0,"comment_status":"closed","ping_status":"closed","template":"","meta":{"footnotes":""},"class_list":["post-673","page","type-page","status-publish","hentry","active"],"aioseo_notices":[],"_links":{"self":[{"href":"https:\/\/camarapocao.pe.gov.br\/v1\/wp-json\/wp\/v2\/pages\/673","targetHints":{"allow":["GET"]}}],"collection":[{"href":"https:\/\/camarapocao.pe.gov.br\/v1\/wp-json\/wp\/v2\/pages"}],"about":[{"href":"https:\/\/camarapocao.pe.gov.br\/v1\/wp-json\/wp\/v2\/types\/page"}],"author":[{"embeddable":true,"href":"https:\/\/camarapocao.pe.gov.br\/v1\/wp-json\/wp\/v2\/users\/3"}],"replies":[{"embeddable":true,"href":"https:\/\/camarapocao.pe.gov.br\/v1\/wp-json\/wp\/v2\/comments?post=673"}],"version-history":[{"count":4,"href":"https:\/\/camarapocao.pe.gov.br\/v1\/wp-json\/wp\/v2\/pages\/673\/revisions"}],"predecessor-version":[{"id":699,"href":"https:\/\/camarapocao.pe.gov.br\/v1\/wp-json\/wp\/v2\/pages\/673\/revisions\/699"}],"wp:attachment":[{"href":"https:\/\/camarapocao.pe.gov.br\/v1\/wp-json\/wp\/v2\/media?parent=673"}],"curies":[{"name":"wp","href":"https:\/\/api.w.org\/{rel}","templated":true}]}}