{"id":660,"date":"2019-05-25T23:02:00","date_gmt":"2019-05-26T02:02:00","guid":{"rendered":"http:\/\/camarapocao.pe.gov.br\/?page_id=660"},"modified":"2023-09-14T23:16:19","modified_gmt":"2023-09-15T02:16:19","slug":"leis-aprovadas-em-2019","status":"publish","type":"page","link":"https:\/\/camarapocao.pe.gov.br\/v1\/leis-aprovadas-em-2019\/","title":{"rendered":"Leis aprovadas em 2019"},"content":{"rendered":"\n<table class=\"wp-block-table is-style-stripes\"><tbody><tr><td> <strong>N\u00ba do documento<\/strong><br><\/td><td><strong>Descri\u00e7\u00e3o<\/strong><br><\/td><td> <strong>Download<\/strong> <\/td><\/tr><tr><td>767<\/td><td>Disp\u00f5es sobre piso salarial dos professores efetivos da rede municipal de ensino e d\u00e1 outras provid\u00eancias<\/td><td><a href=\"http:\/\/www.camarapocao.pe.gov.br\/home\/images\/Consulta\/leis\/2019\/767.pdf\" target=\"_blank\" rel=\"noreferrer noopener\" aria-label=\"PDF (abre numa nova aba)\">PDF<\/a><\/td><\/tr><tr><td>768<\/td><td>Institui no \u00e2mbito deste munic\u00edpio o Governo Municipal Mirim, constitu\u00eddo pelo Prefeito(a) Municipal, vice-prefeito(a), e vereadores mirins.<\/td><td><a rel=\"noreferrer noopener\" aria-label=\" (abre numa nova aba)\" href=\"http:\/\/www.camarapocao.pe.gov.br\/home\/images\/Consulta\/leis\/2019\/768.pdf\" target=\"_blank\">PDF<\/a> <\/td><\/tr><tr><td>769<\/td><td>Disp\u00f5e sobre a implementa\u00e7\u00e3o de programa social municipal para erradica\u00e7\u00e3o do trabalho infantil no munic\u00edpio de Po\u00e7\u00e3o.<\/td><td><a rel=\"noreferrer noopener\" aria-label=\" (abre numa nova aba)\" href=\"http:\/\/www.camarapocao.pe.gov.br\/home\/images\/Consulta\/leis\/2019\/769.pdf\" target=\"_blank\">PDF<\/a> <br><\/td><\/tr><tr><td>770<\/td><td>Fixa o valor do sal\u00e1rio m\u00ednimo dos servidores municipais e d\u00e1 outras provid\u00eancias<\/td><td><a href=\"http:\/\/www.camarapocao.pe.gov.br\/home\/images\/Consulta\/leis\/2019\/770.pdf\">PDF<\/a> <\/td><\/tr><tr><td>771<\/td><td>Disp\u00f5e sobre denomina\u00e7\u00e3o de logradouros p\u00fablicos e determina outras provid\u00eancias<\/td><td><a href=\"http:\/\/www.camarapocao.pe.gov.br\/home\/images\/Consulta\/leis\/2019\/771.pdf\">PDF<\/a>  <\/td><\/tr><tr><td>772<\/td><td>Institui o programa de recupera\u00e7\u00e3o fiscal &#8211; Refis, no Munic\u00edpio de Po\u00e7\u00e3o-PE, e d\u00e1 outras provid\u00eancias<\/td><td><a href=\"http:\/\/www.camarapocao.pe.gov.br\/home\/images\/Consulta\/leis\/2019\/772.pdf\">PDF<\/a>  <\/td><\/tr><tr><td>773<\/td><td> <br>Disp\u00f5e sobre denomina\u00e7\u00e3o de logradouros p\u00fablicos e determina outras provid\u00eancias <\/td><td><a href=\"http:\/\/www.camarapocao.pe.gov.br\/home\/images\/Consulta\/leis\/2019\/773.pdf\">PDF<\/a>  <\/td><\/tr><tr><td>774<\/td><td>Altera os anexos da Lei Municipal N\u00ba 735\/2017, reajustando em 14,87% a remunera\u00e7\u00e3o dos servidores da C\u00e2mara Municipal de Po\u00e7\u00e3o e d\u00e1 outras provid\u00eancias<\/td><td><a href=\"http:\/\/www.camarapocao.pe.gov.br\/home\/images\/Consulta\/leis\/2019\/774.pdf\">PDF<\/a>  <\/td><\/tr><tr><td>07\/2019<\/td><td>Emenda: Altera o caput do artigo 2\u00ba da Lei Org\u00e2nica Municipal, acrescenta o paragrafo \u00fanico e d\u00e1 outras provid\u00eancias<\/td><td><a href=\"http:\/\/www.camarapocao.pe.gov.br\/home\/images\/Consulta\/leis\/lom_07-2019.pdf\">PDF<\/a> <\/td><\/tr><tr><td>775<\/td><td>Reestrutura o Conselho Municipal de Sa\u00fade de Po\u00e7\u00e3o-PE, e d\u00e1 outras provid\u00eancias<\/td><td><a href=\"http:\/\/www.camarapocao.pe.gov.br\/home\/images\/Consulta\/leis\/2019\/775.pdf\">PDF<\/a>  <\/td><\/tr><tr><td>776<\/td><td>Lei de Diretrizes Or\u00e7ament\u00e1rias &#8211; 2020<\/td><td><a href=\"http:\/\/www.camarapocao.pe.gov.br\/home\/images\/Consulta\/leis\/2019\/776.pdf\">PDF<\/a> <\/td><\/tr><tr><td>777<\/td><td>Modifica e d\u00e1 nova reda\u00e7\u00e3o ao artigo 21 da Lei 568\/2009 do munic\u00edpio de Po\u00e7\u00e3o-PE, que trata sobre a reformula\u00e7\u00e3o do Plano de Cargos, Carreira e Vencimento dos Profissionais da Educa\u00e7\u00e3o B\u00e1sica do Munic\u00edpio de Po\u00e7\u00e3o<\/td><td><a href=\"http:\/\/www.camarapocao.pe.gov.br\/home\/images\/Consulta\/leis\/2019\/777.pdf\">PDF<\/a> <\/td><\/tr><tr><td>778<\/td><td>Disp\u00f5e sobre denomina\u00e7\u00e3o de logradouros p\u00fablicos e determina outras provid\u00eancias<\/td><td><a href=\"http:\/\/www.camarapocao.pe.gov.br\/home\/images\/Consulta\/leis\/2019\/778.pdf\">PDF<\/a> <\/td><\/tr><tr><td>779<\/td><td>Estabelece diretrizes para revitaliza\u00e7\u00e3o da via conhecida por &#8220;\u00e1rea do beco&#8221; com implanta\u00e7\u00e3o do projeto denominado &#8220;A\u00e7\u00e3o na Comunidade&#8221;.<\/td><td><a href=\"http:\/\/www.camarapocao.pe.gov.br\/home\/images\/Consulta\/leis\/2019\/779.pdf\">PDF<\/a> <\/td><\/tr><tr><td>780<\/td><td>Autoriza a abrir cr\u00e9dito especial ao Or\u00e7amento Vigente e d\u00e1 outras provid\u00eancias <\/td><td><a href=\"http:\/\/www.camarapocao.pe.gov.br\/home\/images\/Consulta\/leis\/2019\/780.pdf\">PDF<\/a> <\/td><\/tr><tr><td>781<\/td><td>Revisa o Plano Plurianual 2018\/2021 para execu\u00e7\u00e3o da parcela anual de 2020 e d\u00e1 outras provid\u00eancias. (Anexos em arquivo .RAR)<\/td><td><a href=\"http:\/\/www.camarapocao.pe.gov.br\/home\/images\/Consulta\/leis\/2019\/781.pdf\">PDF<\/a> <a href=\"http:\/\/www.camarapocao.pe.gov.br\/home\/images\/Consulta\/leis\/2019\/781.rar\">RAR<\/a><\/td><\/tr><tr><td>782<\/td><td>Estima a receira e fixa a despesa do Munic\u00edpio de Po\u00e7\u00e3o para o exerc\u00edcio financeiro de 2020. (Anexos em arquivo RAR)<\/td><td><a href=\"http:\/\/www.camarapocao.pe.gov.br\/home\/images\/Consulta\/leis\/2019\/782.pdf\">PDF<\/a> <a href=\"http:\/\/www.camarapocao.pe.gov.br\/home\/images\/Consulta\/leis\/2019\/782.rar\">RAR<\/a> <\/td><\/tr><tr><td>783<\/td><td>Eleva o povoado de Gravat\u00e1 dos Gomes \u00e0 categoria de Distrito do Munic\u00edpio de Po\u00e7\u00e3o\/PE<\/td><td><a href=\"http:\/\/www.camarapocao.pe.gov.br\/home\/images\/Consulta\/leis\/2019\/782.pdf\">PDF<\/a> <\/td><\/tr><\/tbody><\/table>\n\n\n\n<p><\/p>\n","protected":false},"excerpt":{"rendered":"<p>N\u00ba do documento Descri\u00e7\u00e3o Download 767 Disp\u00f5es sobre piso salarial dos professores efetivos da rede municipal de ensino e d\u00e1 outras provid\u00eancias PDF 768 Institui <a class=\"leiamais\" href=\"https:\/\/camarapocao.pe.gov.br\/v1\/leis-aprovadas-em-2019\/\"><i class=\"fa fa-angle-double-right\" aria-hidden=\"true\"><\/i><br \/>\n<\/a><\/p>\n","protected":false},"author":3,"featured_media":0,"parent":0,"menu_order":0,"comment_status":"closed","ping_status":"closed","template":"","meta":{"footnotes":""},"class_list":["post-660","page","type-page","status-publish","hentry","active"],"aioseo_notices":[],"_links":{"self":[{"href":"https:\/\/camarapocao.pe.gov.br\/v1\/wp-json\/wp\/v2\/pages\/660","targetHints":{"allow":["GET"]}}],"collection":[{"href":"https:\/\/camarapocao.pe.gov.br\/v1\/wp-json\/wp\/v2\/pages"}],"about":[{"href":"https:\/\/camarapocao.pe.gov.br\/v1\/wp-json\/wp\/v2\/types\/page"}],"author":[{"embeddable":true,"href":"https:\/\/camarapocao.pe.gov.br\/v1\/wp-json\/wp\/v2\/users\/3"}],"replies":[{"embeddable":true,"href":"https:\/\/camarapocao.pe.gov.br\/v1\/wp-json\/wp\/v2\/comments?post=660"}],"version-history":[{"count":14,"href":"https:\/\/camarapocao.pe.gov.br\/v1\/wp-json\/wp\/v2\/pages\/660\/revisions"}],"predecessor-version":[{"id":1339,"href":"https:\/\/camarapocao.pe.gov.br\/v1\/wp-json\/wp\/v2\/pages\/660\/revisions\/1339"}],"wp:attachment":[{"href":"https:\/\/camarapocao.pe.gov.br\/v1\/wp-json\/wp\/v2\/media?parent=660"}],"curies":[{"name":"wp","href":"https:\/\/api.w.org\/{rel}","templated":true}]}}