{"id":542,"date":"2019-02-25T15:00:33","date_gmt":"2019-02-25T18:00:33","guid":{"rendered":"http:\/\/camarapocao.pe.gov.br\/v1\/?page_id=542"},"modified":"2019-05-25T23:22:33","modified_gmt":"2019-05-26T02:22:33","slug":"portarias-2018","status":"publish","type":"page","link":"https:\/\/camarapocao.pe.gov.br\/v1\/portarias-2018\/","title":{"rendered":"Portarias 2018"},"content":{"rendered":"\n<table class=\"wp-block-table is-style-stripes\"><tbody><tr><td><strong>N\u00ba do documento<\/strong><\/td><td><strong>Descri\u00e7\u00e3o<\/strong><\/td><td><strong>Download<\/strong><\/td><\/tr><tr><td>01\/2018<\/td><td>Concede ao servidor Antonio Correia Licen\u00e7a Pr\u00eamio referente ao terceiro dec\u00eanio completado em 08\/06\/2018<\/td><td><a href=\"http:\/\/www.camarapocao.pe.gov.br\/home\/images\/Consulta\/portarias\/2018\/01-2018.pdf\" target=\"_blank\" rel=\"noreferrer noopener\">PDF<\/a><\/td><\/tr><tr><td>02\/2018<\/td><td>Nomeia os \nservidores Antonio Correia, Suzana da Silva e Poliana Lins, sob a \npresid\u00eancia do primeiro para comporem a Comiss\u00e3o de Licita\u00e7\u00e3o desta Casa\n Legislativa<\/td><td><a href=\"http:\/\/www.camarapocao.pe.gov.br\/home\/images\/Consulta\/portarias\/2018\/02-2018.pdf\" target=\"_blank\" rel=\"noreferrer noopener\">PDF<\/a><\/td><\/tr><tr><td>03\/2018<\/td><td>Concede ao servidor Claudio da Silva f\u00e9rias anual referentes ao per\u00edodo aquisitivo de 02\/01\/2017 a 02\/01\/2018<\/td><td><a href=\"http:\/\/www.camarapocao.pe.gov.br\/home\/images\/Consulta\/portarias\/2018\/03-2018.pdf\" target=\"_blank\" rel=\"noreferrer noopener\">PDF<\/a><\/td><\/tr><tr><td>04\/2018<\/td><td>Dispensa o \nSr. Jos\u00e9 Renato de Mendon\u00e7a da fun\u00e7\u00e3o de &#8220;Gerenciador de Sistemas&#8221; da \nunidade jurisdicionada C\u00e2mara Municipal de Po\u00e7\u00e3o<\/td><td><a href=\"http:\/\/www.camarapocao.pe.gov.br\/home\/images\/Consulta\/portarias\/2018\/04-2018.pdf\" target=\"_blank\" rel=\"noreferrer noopener\">PDF<\/a><\/td><\/tr><tr><td>05\/2018<\/td><td>Concede a servidora Eliete de Morais f\u00e9rias anual referentes ao per\u00edodo de 03\/01\/2017 a 03\/01\/2018<\/td><td><a href=\"http:\/\/www.camarapocao.pe.gov.br\/home\/images\/Consulta\/portarias\/2018\/05-2018.pdf\" target=\"_blank\" rel=\"noreferrer noopener\">PDF<\/a><\/td><\/tr><tr><td>06\/2018<\/td><td>Concede a servidora Aline da Silva f\u00e9rias anual referentes ao per\u00edodo de 03\/01\/2017 a 03\/01\/2018<\/td><td><a href=\"http:\/\/www.camarapocao.pe.gov.br\/home\/images\/Consulta\/portarias\/2018\/06-2018.pdf\" target=\"_blank\" rel=\"noreferrer noopener\">PDF<\/a><\/td><\/tr><tr><td>07\/2018<\/td><td>Suspende as f\u00e9rias da servidora Aline da Silva<\/td><td><a href=\"http:\/\/www.camarapocao.pe.gov.br\/home\/images\/Consulta\/portarias\/2018\/07-2018.pdf\" target=\"_blank\" rel=\"noreferrer noopener\">PDF<\/a><\/td><\/tr><tr><td>08\/2018<\/td><td>Designa a \nservidora Suzana da Silva de acordo com a Lei Municipal 735\/2017 para \nficar respons\u00e1vel pela Presta\u00e7\u00e3o das Informa\u00e7\u00f5es Requisitadas pelo \nMinist\u00e9rio P\u00fablico Federal<\/td><td><a href=\"http:\/\/www.camarapocao.pe.gov.br\/home\/images\/Consulta\/portarias\/2018\/08-2018.pdf\" target=\"_blank\" rel=\"noreferrer noopener\">PDF<\/a><\/td><\/tr><tr><td>09\/2018<\/td><td>Designa os \nvereadores Wrides Mendes, Jos\u00e9 Silvestre e Silvio Andrade para comporem a\n Comiss\u00e3o de Representa\u00e7\u00e3o que funcioinar\u00e1 durante o recesso \ncompreendido entre 02\/07 a 31\/07\/2018<\/td><td><a href=\"http:\/\/www.camarapocao.pe.gov.br\/home\/images\/Consulta\/portarias\/2018\/09-2018.pdf\" target=\"_blank\" rel=\"noreferrer noopener\">PDF<\/a><\/td><\/tr><tr><td>10\/2018<\/td><td>Determina o expediente da C\u00e2mara Municipal durante o per\u00edodo de recesso compreendido de 02\/07\/2018 a 31\/07\/2018<\/td><td><a href=\"http:\/\/www.camarapocao.pe.gov.br\/home\/images\/Consulta\/portarias\/2018\/10-2018.pdf\" target=\"_blank\" rel=\"noreferrer noopener\">PDF<\/a><\/td><\/tr><tr><td>11\/2018<\/td><td>Concede a \nservidora Cristiane dos Santos f\u00e9rias anual referente ao per\u00edodo de \n03\/01\/2017 a 03\/01\/2018 a ser gozada no per\u00edodo de 16\/07 a 14\/08\/2018<\/td><td><a href=\"http:\/\/www.camarapocao.pe.gov.br\/home\/images\/Consulta\/portarias\/2018\/11-2018.pdf\" target=\"_blank\" rel=\"noreferrer noopener\">PDF<\/a><\/td><\/tr><tr><td>12\/2018<\/td><td>Designa a servidora Aline da Silva como respons\u00e1vel pela manuten\u00e7\u00e3o do Servi\u00e7o de Informa\u00e7\u00e3o ao Cidad\u00e3o &#8211; SIC<\/td><td><a href=\"http:\/\/www.camarapocao.pe.gov.br\/home\/images\/Consulta\/portarias\/2018\/12-2018.pdf\" target=\"_blank\" rel=\"noreferrer noopener\">PDF<\/a><\/td><\/tr><tr><td>13\/2018<\/td><td>Concede \npromo\u00e7\u00e3o por antiguidade ao servidor Givanildo Menino atualmente \nocupando o Cargo Efetivo de Auxiliar de Servi\u00e7os Gerais N\u00edvel 06, \npassando a ocupar a classe salarial n\u00edvel 07.<\/td><td><a href=\"http:\/\/www.camarapocao.pe.gov.br\/home\/images\/Consulta\/portarias\/2018\/13-2018.pdf\" target=\"_blank\" rel=\"noreferrer noopener\">PDF<\/a><\/td><\/tr><tr><td>14\/2018<\/td><td>Concede ao \nservidor Danilo da Silva ferias anual referente ao per\u00edodo de 03\/01\/2017\n a 03\/01\/2018, a ser gozada no per\u00edodo de 15\/08 a 13\/09\/2018<\/td><td><a href=\"http:\/\/www.camarapocao.pe.gov.br\/home\/images\/Consulta\/portarias\/2018\/14-2018.pdf\" target=\"_blank\" rel=\"noreferrer noopener\">PDF<\/a><\/td><\/tr><tr><td>15\/2018<\/td><td>Concede f\u00e9rias anuais a servidora Poliana Lins<\/td><td><a href=\"http:\/\/www.camarapocao.pe.gov.br\/home\/images\/Consulta\/portarias\/2018\/15-2018.pdf\" target=\"_blank\" rel=\"noreferrer noopener\">PDF<\/a><\/td><\/tr><tr><td>16\/2018<\/td><td>Concede f\u00e9rias anuais ao servidor Givanildo da Silva <\/td><td><a href=\"http:\/\/www.camarapocao.pe.gov.br\/home\/images\/Consulta\/portarias\/2018\/16-2018.pdf\" target=\"_blank\" rel=\"noreferrer noopener\">PDF<\/a><\/td><\/tr><tr><td>17\/2018<\/td><td>Concede licen\u00e7a pr\u00eamio ao servidor Antonio Correia<\/td><td><a href=\"http:\/\/www.camarapocao.pe.gov.br\/home\/images\/Consulta\/portarias\/2018\/17-2018.pdf\" target=\"_blank\" rel=\"noreferrer noopener\">PDF<\/a><\/td><\/tr><tr><td>18\/2018<\/td><td>Designa o servidor Rubeval de Lima para compor a Comiss\u00e3o de Reda\u00e7\u00e3o e Justi\u00e7a <\/td><td><a href=\"http:\/\/www.camarapocao.pe.gov.br\/home\/images\/Consulta\/portarias\/2018\/18-2018.pdf\" target=\"_blank\" rel=\"noreferrer noopener\">PDF<\/a><\/td><\/tr><tr><td>19\/2018<\/td><td>Concede f\u00e9rias anuais a servidora Suzana Bezerra<\/td><td><a href=\"http:\/\/www.camarapocao.pe.gov.br\/home\/images\/Consulta\/portarias\/2018\/19-2018.pdf\" target=\"_blank\" rel=\"noreferrer noopener\">PDF<\/a><\/td><\/tr><tr><td>20\/2018<\/td><td>Concede f\u00e9rias anuais a servidora Antonio Correia<\/td><td> <br><a href=\"http:\/\/www.camarapocao.pe.gov.br\/home\/images\/Consulta\/portarias\/2018\/20-2018.pdf\" target=\"_blank\" rel=\"noreferrer noopener\" aria-label=\" (abre numa nova aba)\">PDF<\/a> <\/td><\/tr><tr><td>21\/2018<\/td><td>Determina que o expediente da C\u00e2mara Municipal de Po\u00e7\u00e3o fica sendo das 08:00 \u00e0s 11:00 durante o per\u00edodo de recesso (de 15\/12\/2018 a 31\/12\/2018)<\/td><td> <a href=\"http:\/\/www.camarapocao.pe.gov.br\/home\/images\/Consulta\/portarias\/2018\/21-2018.pdf\" target=\"_blank\" rel=\"noreferrer noopener\" aria-label=\" (abre numa nova aba)\">PDF<\/a>  <\/td><\/tr><tr><td>22\/2018<\/td><td>Designa os vereadores Wrides Mendes, Jos\u00e9 Silvestre e Silvio Andrade para comporem a Comiss\u00e3o de Representa\u00e7\u00e3o durante o per\u00edodo de 15\/12 a 31\/12\/2018<\/td><td> <a href=\"http:\/\/www.camarapocao.pe.gov.br\/home\/images\/Consulta\/portarias\/2018\/22-2018.pdf\" target=\"_blank\" rel=\"noreferrer noopener\" aria-label=\" (abre numa nova aba)\">PDF<\/a>  <\/td><\/tr><tr><td>23\/2018<\/td><td>Nomeia os servidores Antonio Correia, Givanildo Galindo, Claudio Bezerra para comporem a Comiss\u00e3o de Termo de Confer\u00eancia de Caixa.<\/td><td> <a href=\"http:\/\/www.camarapocao.pe.gov.br\/home\/images\/Consulta\/portarias\/2018\/23-2018.pdf\">PDF<\/a>  <\/td><\/tr><\/tbody><\/table>\n","protected":false},"excerpt":{"rendered":"<p>N\u00ba do documento Descri\u00e7\u00e3o Download 01\/2018 Concede ao servidor Antonio Correia Licen\u00e7a Pr\u00eamio referente ao terceiro dec\u00eanio completado em 08\/06\/2018 PDF 02\/2018 Nomeia os servidores <a class=\"leiamais\" href=\"https:\/\/camarapocao.pe.gov.br\/v1\/portarias-2018\/\"><i class=\"fa fa-angle-double-right\" aria-hidden=\"true\"><\/i><br \/>\n<\/a><\/p>\n","protected":false},"author":2,"featured_media":0,"parent":0,"menu_order":0,"comment_status":"closed","ping_status":"closed","template":"","meta":{"footnotes":""},"class_list":["post-542","page","type-page","status-publish","hentry","active"],"aioseo_notices":[],"_links":{"self":[{"href":"https:\/\/camarapocao.pe.gov.br\/v1\/wp-json\/wp\/v2\/pages\/542","targetHints":{"allow":["GET"]}}],"collection":[{"href":"https:\/\/camarapocao.pe.gov.br\/v1\/wp-json\/wp\/v2\/pages"}],"about":[{"href":"https:\/\/camarapocao.pe.gov.br\/v1\/wp-json\/wp\/v2\/types\/page"}],"author":[{"embeddable":true,"href":"https:\/\/camarapocao.pe.gov.br\/v1\/wp-json\/wp\/v2\/users\/2"}],"replies":[{"embeddable":true,"href":"https:\/\/camarapocao.pe.gov.br\/v1\/wp-json\/wp\/v2\/comments?post=542"}],"version-history":[{"count":4,"href":"https:\/\/camarapocao.pe.gov.br\/v1\/wp-json\/wp\/v2\/pages\/542\/revisions"}],"predecessor-version":[{"id":663,"href":"https:\/\/camarapocao.pe.gov.br\/v1\/wp-json\/wp\/v2\/pages\/542\/revisions\/663"}],"wp:attachment":[{"href":"https:\/\/camarapocao.pe.gov.br\/v1\/wp-json\/wp\/v2\/media?parent=542"}],"curies":[{"name":"wp","href":"https:\/\/api.w.org\/{rel}","templated":true}]}}