{"id":540,"date":"2019-02-25T14:54:45","date_gmt":"2019-02-25T17:54:45","guid":{"rendered":"http:\/\/camarapocao.pe.gov.br\/v1\/?page_id=540"},"modified":"2019-02-25T14:54:45","modified_gmt":"2019-02-25T17:54:45","slug":"portarias-2017","status":"publish","type":"page","link":"https:\/\/camarapocao.pe.gov.br\/v1\/portarias-2017\/","title":{"rendered":"Portarias 2017"},"content":{"rendered":"\n<table class=\"wp-block-table is-style-stripes\"><tbody><tr><td><strong>N\u00ba do documento<\/strong><\/td><td><strong>Descri\u00e7\u00e3o<\/strong><\/td><td><strong>Download<\/strong><\/td><\/tr><tr><td>01\/2017<\/td><td>Designa os vereadores, Wrides Paz, Jos\u00e9 Galindo e Silvio Andrade para comporem a comiss\u00e3o de representa\u00e7\u00e3o<\/td><td><a href=\"http:\/\/www.camarapocao.pe.gov.br\/home\/images\/Consulta\/portarias\/2017\/01-2017.pdf\" target=\"_blank\" rel=\"noreferrer noopener\">PDF<\/a><\/td><\/tr><tr><td>02\/2017<\/td><td>Revoga a portaria n\u00ba 51\/2016<\/td><td><a href=\"http:\/\/www.camarapocao.pe.gov.br\/home\/images\/Consulta\/portarias\/2017\/02-2017.pdf\" target=\"_blank\" rel=\"noreferrer noopener\">PDF<\/a><\/td><\/tr><tr><td>03\/2017<\/td><td>Exonera, do cargo comissionado de Assistente Parlamentar, a sra. Katarina Leite<\/td><td><a href=\"http:\/\/www.camarapocao.pe.gov.br\/home\/images\/Consulta\/portarias\/2017\/03-2017.pdf\" target=\"_blank\" rel=\"noreferrer noopener\">PDF<\/a><\/td><\/tr><tr><td>04\/2017<\/td><td>Exonera do cargo comissionado de Assistente Parlamentar, a sra. Suzana Bezerra.<\/td><td><a href=\"http:\/\/www.camarapocao.pe.gov.br\/home\/images\/Consulta\/portarias\/2017\/04-2017.pdf\" target=\"_blank\" rel=\"noreferrer noopener\">PDF<\/a><\/td><\/tr><tr><td>05\/2017<\/td><td>Exonera do cargo comissionado de tesoureiro, o sr. Jos\u00e9 Renato Mendes<\/td><td><a href=\"http:\/\/www.camarapocao.pe.gov.br\/home\/images\/Consulta\/portarias\/2017\/05-2017.pdf\" target=\"_blank\" rel=\"noreferrer noopener\">PDF<\/a><\/td><\/tr><tr><td>06\/2017<\/td><td>Nomeia o Sr. Danilo Ribeiro da Silva, para ocupar o cargo comissionado de Tesoureiro<\/td><td><a href=\"http:\/\/www.camarapocao.pe.gov.br\/home\/images\/Consulta\/portarias\/2017\/06-2017.pdf\" target=\"_blank\" rel=\"noreferrer noopener\">PDF<\/a><\/td><\/tr><tr><td>07\/2017<\/td><td>Atribui ao \nsr. Danilo Ribeiro da Silva, tesoureiro da C\u00e2mara de Po\u00e7\u00e3o, poderes para\n movimentar, em conjunto com o presidente da Casa, todas as contas da \nC\u00e2mara Municipal de Po\u00e7\u00e3o<\/td><td><a href=\"http:\/\/www.camarapocao.pe.gov.br\/home\/images\/Consulta\/portarias\/2017\/07-2017.pdf\" target=\"_blank\" rel=\"noreferrer noopener\">PDF<\/a><\/td><\/tr><tr><td>08\/2017<\/td><td>Dispensa pessoas da atribui\u00e7\u00e3o de &#8220;Gerenciador de Sistema&#8221; da unidade jurisdicionada da C\u00e2mara de Po\u00e7\u00e3o<\/td><td><a href=\"http:\/\/www.camarapocao.pe.gov.br\/home\/images\/Consulta\/portarias\/2017\/08-2017.pdf\" target=\"_blank\" rel=\"noreferrer noopener\">PDF<\/a><\/td><\/tr><tr><td>09\/2017<\/td><td>Dispensa pessoas da atribui\u00e7\u00e3o de &#8220;Gerenciador de Sistema&#8221; da unidade jurisdicionada da C\u00e2mara de Po\u00e7\u00e3o<\/td><td><a href=\"http:\/\/www.camarapocao.pe.gov.br\/home\/images\/Consulta\/portarias\/2017\/09-2017.pdf\" target=\"_blank\" rel=\"noreferrer noopener\">PDF<\/a><\/td><\/tr><tr><td>10\/2017<\/td><td>Designa o Servidor Cl\u00e1udio da Silva, para responder cumulativamente pelo cargo de tesoureiro do Poder Legislativo Municipal<\/td><td><a href=\"http:\/\/www.camarapocao.pe.gov.br\/home\/images\/Consulta\/portarias\/2017\/10-2017.pdf\" target=\"_blank\" rel=\"noreferrer noopener\">PDF<\/a><\/td><\/tr><tr><td>11\/2017<\/td><td>Dispensa pessoas da atribui\u00e7\u00e3o de &#8220;Gerenciador de Sistema&#8221; da unidade jurisdicionada da C\u00e2mara de Po\u00e7\u00e3o<\/td><td><a href=\"http:\/\/www.camarapocao.pe.gov.br\/home\/images\/Consulta\/portarias\/2017\/11-2017.pdf\" target=\"_blank\" rel=\"noreferrer noopener\">PDF<\/a><\/td><\/tr><tr><td>12\/2017<\/td><td>Nomeia a Sra. Aline K\u00e1ssia Rodrigues da Silva para ocupar o cargo comissionado de Coordenadora do Sistema de Controle Interno<\/td><td><a href=\"http:\/\/www.camarapocao.pe.gov.br\/home\/images\/Consulta\/portarias\/2017\/12-2017.pdf\" target=\"_blank\" rel=\"noreferrer noopener\">PDF<\/a><\/td><\/tr><tr><td>13\/2017<\/td><td>Nomeia a sra. Cristiane Raquel dos Santos para ocupar o cargo comissionado de Assistente Parlamentar<\/td><td><a href=\"http:\/\/www.camarapocao.pe.gov.br\/home\/images\/Consulta\/portarias\/2017\/13-2017.pdf\" target=\"_blank\" rel=\"noreferrer noopener\">PDF<\/a><\/td><\/tr><tr><td>14\/2017<\/td><td>Nomeia a sra. Eliete de Morais para ocupar o cargo comissionado de Secret\u00e1rio Administrativo<\/td><td><a href=\"http:\/\/www.camarapocao.pe.gov.br\/home\/images\/Consulta\/portarias\/2017\/14-2017.pdf\" target=\"_blank\" rel=\"noreferrer noopener\">PDF<\/a><\/td><\/tr><tr><td>15\/2017<\/td><td>Nomeia a \nsra. Poliana Ferreira Lins para ocupar o cargo comissionado de \nAssistente Parlamentar e Designa vereadores para comporem as Comiss\u00f5es \nPermanentes de Justi\u00e7a, Finan\u00e7as, Educa\u00e7\u00e3o, Sa\u00fade, Assist\u00eancia Social, \nObras, Urbanismo e Servi\u00e7os P\u00fablicos.<\/td><td><a href=\"http:\/\/www.camarapocao.pe.gov.br\/home\/images\/Consulta\/portarias\/2017\/15-2017.pdf\" target=\"_blank\" rel=\"noreferrer noopener\">PDF<\/a><\/td><\/tr><tr><td>16\/2017<\/td><td>Designa a \nsra. Raquel Cordeiro para representar a unidade gestora da C\u00e2mara de \nPo\u00e7\u00e3o como Gerenciadora de Sistema na opera\u00e7\u00e3o do Sistema de Cadastro de\n Unidade Gestora<\/td><td><a href=\"http:\/\/www.camarapocao.pe.gov.br\/home\/images\/Consulta\/portarias\/2017\/16-2017.pdf\" target=\"_blank\" rel=\"noreferrer noopener\">PDF<\/a><\/td><\/tr><tr><td>17\/2017<\/td><td>Designa a \nsra. Raquel Cordeiro para representar a unidade gestora da C\u00e2mara de \nPo\u00e7\u00e3o como Gerenciadora de Sistema na opera\u00e7\u00e3o do Sistema de \nAcompanhamento da Gest\u00e3o dos Recursos da Sociedade<\/td><td><a href=\"http:\/\/www.camarapocao.pe.gov.br\/home\/images\/Consulta\/portarias\/2017\/17-2017.pdf\" target=\"_blank\" rel=\"noreferrer noopener\">PDF<\/a><\/td><\/tr><tr><td>18\/2017<\/td><td>Designa a \nsra. Raquel Cordeiro para representar a unidade gestora da C\u00e2mara de \nPo\u00e7\u00e3o como Gerenciadora de Sistema na opera\u00e7\u00e3o do Sistema de \nAcompanhamento da Gest\u00e3o dos Recursos da Sociedade<\/td><td><a href=\"http:\/\/www.camarapocao.pe.gov.br\/home\/images\/Consulta\/portarias\/2017\/18-2017.pdf\" target=\"_blank\" rel=\"noreferrer noopener\">PDF<\/a><\/td><\/tr><tr><td>19\/2017<\/td><td>Dispensa \npessoas da atribui\u00e7\u00e3o de &#8220;Gerenciador de Sistema&#8221; da unidade \njurisdicionada da C\u00e2mara Municipal de Po\u00e7\u00e3o, na opera\u00e7\u00e3o do controlador \ninterno dos \u00f3rg\u00e3os jurisdicionados<\/td><td>&nbsp;<a href=\"http:\/\/www.camarapocao.pe.gov.br\/home\/images\/Consulta\/portarias\/2017\/19-2017.pdf\" target=\"_blank\" rel=\"noreferrer noopener\">PDF<\/a><\/td><\/tr><tr><td>20\/2017<\/td><td>Nomeia os membros para comporem o Conselho Municipal de Desenvolvimento Rural.<\/td><td>&nbsp;<a href=\"http:\/\/www.camarapocao.pe.gov.br\/home\/images\/Consulta\/portarias\/2017\/20-2017.pdf\" target=\"_blank\" rel=\"noreferrer noopener\">PDF<\/a><\/td><\/tr><tr><td>21\/2017<\/td><td>Nomeia os membros para comporem o Conselho Municipal de Sa\u00fade<\/td><td>&nbsp;<a href=\"http:\/\/www.camarapocao.pe.gov.br\/home\/images\/Consulta\/portarias\/2017\/21-2017.pdf\" target=\"_blank\" rel=\"noreferrer noopener\">PDF<\/a><\/td><\/tr><tr><td>22\/2017<\/td><td>Nomeia os \nservidores Antonio Carlos Correia e Givanildo Menino da Silva, para \ncomporem a comiss\u00e3o de licita\u00e7\u00e3o da C\u00e2mara Municipal de Po\u00e7\u00e3o<\/td><td>&nbsp;<a href=\"http:\/\/www.camarapocao.pe.gov.br\/home\/images\/Consulta\/portarias\/2017\/22-2017.pdf\" target=\"_blank\" rel=\"noreferrer noopener\">PDF<\/a><\/td><\/tr><tr><td>23\/2017<\/td><td>Concede ao \nservidor Claudio Beserra, f\u00e9rias anual referente ao per\u00edodo de \n02\/01\/2016 a 02\/01\/2017 a ser gozada no per\u00edodo de 03\/07 a 01\/08\/2017<\/td><td>&nbsp;<a href=\"http:\/\/www.camarapocao.pe.gov.br\/home\/images\/Consulta\/portarias\/2017\/23-2017.pdf\" target=\"_blank\" rel=\"noreferrer noopener\">PDF<\/a><\/td><\/tr><tr><td>24\/2017<\/td><td>Nomeia \nvereadores para comporem o Conselho Municipal de Acompanhamento e \nControle Social do FUNDEB como representantes do Poder Legislativo \nMunicipal<\/td><td>&nbsp;<a href=\"http:\/\/www.camarapocao.pe.gov.br\/home\/images\/Consulta\/portarias\/2017\/24-2017.pdf\" target=\"_blank\" rel=\"noreferrer noopener\">PDF<\/a><\/td><\/tr><tr><td>25\/2017<\/td><td>Designa \nvereadores para comporem a Comiss\u00e3o de Representa\u00e7\u00e3o que funcionar\u00e1 \ndurante o per\u00edodo de recesso, compreendido entre 01\/07 a 31\/07\/2017.<\/td><td>&nbsp;<a href=\"http:\/\/www.camarapocao.pe.gov.br\/home\/images\/Consulta\/portarias\/2017\/25-2017.pdf\" target=\"_blank\" rel=\"noreferrer noopener\">PDF<\/a><\/td><\/tr><tr><td>26\/2017<\/td><td>Determina o expediente da C\u00e2mara Municipal de Po\u00e7\u00e3o durante o per\u00edodo de recesso que ser\u00e1 de 01\/07 a 31\/07\/2017<\/td><td>&nbsp;<a href=\"http:\/\/www.camarapocao.pe.gov.br\/home\/images\/Consulta\/portarias\/2017\/26-2017.pdf\" target=\"_blank\" rel=\"noreferrer noopener\">PDF<\/a><\/td><\/tr><tr><td>27\/2017<\/td><td>Designa \npessoas qualificadas como Gerenciador de Sistema da Unidade \nJurisdicionada na opera\u00e7\u00e3o do sistema de Processo Eletr\u00f4nico do TCE-PE e\n e-TCEPE<\/td><td>&nbsp;<a href=\"http:\/\/www.camarapocao.pe.gov.br\/home\/images\/Consulta\/portarias\/2017\/27-2017.pdf\" target=\"_blank\" rel=\"noreferrer noopener\">PDF<\/a><\/td><\/tr><tr><td>28\/2017<\/td><td>Concede ao \nservidor Ant\u00f4nio Correia f\u00e9rias anual, referente ao per\u00edodo aquisitivo \nde 13\/06\/2016 a 13\/06\/2017 a ser gozada no per\u00edodo de 01\/08\/2017 a \n30\/08\/2017<\/td><td>&nbsp;<a href=\"http:\/\/www.camarapocao.pe.gov.br\/home\/images\/Consulta\/portarias\/2017\/28-2017.pdf\" target=\"_blank\" rel=\"noreferrer noopener\">PDF<\/a><\/td><\/tr><tr><td>29\/2017<\/td><td>Concede ao \nservidor Givanildo Menino f\u00e9rias anual, referente ao per\u00edodo aquisitivo \nde 02\/01\/2016 a 02\/01\/2017 a ser gozada no per\u00edodo de 01\/08\/2017 a \n30\/08\/2017<\/td><td>&nbsp;<a href=\"http:\/\/www.camarapocao.pe.gov.br\/home\/images\/Consulta\/portarias\/2017\/29-2017.pdf\" target=\"_blank\" rel=\"noreferrer noopener\">PDF<\/a><\/td><\/tr><tr><td>30\/2017<\/td><td>Nomeia membros para representarem o Poder Legislativo Municipal no F\u00f3rum Municipal de Educa\u00e7\u00e3o<\/td><td>&nbsp;<a href=\"http:\/\/www.camarapocao.pe.gov.br\/home\/images\/Consulta\/portarias\/2017\/30-2017.pdf\" target=\"_blank\" rel=\"noreferrer noopener\">PDF<\/a><\/td><\/tr><tr><td>31\/2017<\/td><td>Nomeia a Sra Suzana Paes para ocupar o cargo comissionado de Assistente Parlamentar <\/td><td>&nbsp;<a href=\"http:\/\/www.camarapocao.pe.gov.br\/home\/images\/Consulta\/portarias\/2017\/31-2017.pdf\" target=\"_blank\" rel=\"noreferrer noopener\">PDF<\/a><\/td><\/tr><tr><td>32\/2017<\/td><td>Designa \nvereadores para comporem a Comiss\u00e3o de Representa\u00e7\u00e3o que funcionar\u00e1 \ndurante o per\u00edodo de recesso compreendido entre 16\/12\/2017 a 14\/02\/2018<\/td><td>&nbsp;<a href=\"http:\/\/www.camarapocao.pe.gov.br\/home\/images\/Consulta\/portarias\/2017\/32-2017.pdf\" target=\"_blank\" rel=\"noreferrer noopener\">PDF<\/a><\/td><\/tr><tr><td>33\/2017<\/td><td>Determina o expediente da C\u00e2mara Municipal durante o per\u00edodo de recesso que ser\u00e1 compreendido entre 16\/12\/2017 a 14\/02\/2018<\/td><td>&nbsp;<a href=\"http:\/\/www.camarapocao.pe.gov.br\/home\/images\/Consulta\/portarias\/2017\/33-2017.pdf\" target=\"_blank\" rel=\"noreferrer noopener\">PDF<\/a><\/td><\/tr><tr><td>34\/2017<\/td><td>Nomeia \nservidores para comporem a Comiss\u00e3o de Termo de Confer\u00eancia de Caixa dos\n valores existentes no caixa da tesouraria em 31\/12\/2017<\/td><td>&nbsp;<a href=\"http:\/\/www.camarapocao.pe.gov.br\/home\/images\/Consulta\/portarias\/2017\/34-2017.pdf\" target=\"_blank\" rel=\"noreferrer noopener\">PDF<\/a><\/td><\/tr><\/tbody><\/table>\n","protected":false},"excerpt":{"rendered":"<p>N\u00ba do documento Descri\u00e7\u00e3o Download 01\/2017 Designa os vereadores, Wrides Paz, Jos\u00e9 Galindo e Silvio Andrade para comporem a comiss\u00e3o de representa\u00e7\u00e3o PDF 02\/2017 Revoga <a class=\"leiamais\" href=\"https:\/\/camarapocao.pe.gov.br\/v1\/portarias-2017\/\"><i class=\"fa fa-angle-double-right\" aria-hidden=\"true\"><\/i><br \/>\n<\/a><\/p>\n","protected":false},"author":2,"featured_media":0,"parent":0,"menu_order":0,"comment_status":"closed","ping_status":"closed","template":"","meta":{"footnotes":""},"class_list":["post-540","page","type-page","status-publish","hentry","active"],"aioseo_notices":[],"_links":{"self":[{"href":"https:\/\/camarapocao.pe.gov.br\/v1\/wp-json\/wp\/v2\/pages\/540","targetHints":{"allow":["GET"]}}],"collection":[{"href":"https:\/\/camarapocao.pe.gov.br\/v1\/wp-json\/wp\/v2\/pages"}],"about":[{"href":"https:\/\/camarapocao.pe.gov.br\/v1\/wp-json\/wp\/v2\/types\/page"}],"author":[{"embeddable":true,"href":"https:\/\/camarapocao.pe.gov.br\/v1\/wp-json\/wp\/v2\/users\/2"}],"replies":[{"embeddable":true,"href":"https:\/\/camarapocao.pe.gov.br\/v1\/wp-json\/wp\/v2\/comments?post=540"}],"version-history":[{"count":1,"href":"https:\/\/camarapocao.pe.gov.br\/v1\/wp-json\/wp\/v2\/pages\/540\/revisions"}],"predecessor-version":[{"id":541,"href":"https:\/\/camarapocao.pe.gov.br\/v1\/wp-json\/wp\/v2\/pages\/540\/revisions\/541"}],"wp:attachment":[{"href":"https:\/\/camarapocao.pe.gov.br\/v1\/wp-json\/wp\/v2\/media?parent=540"}],"curies":[{"name":"wp","href":"https:\/\/api.w.org\/{rel}","templated":true}]}}