{"id":538,"date":"2019-02-25T14:54:18","date_gmt":"2019-02-25T17:54:18","guid":{"rendered":"http:\/\/camarapocao.pe.gov.br\/v1\/?page_id=538"},"modified":"2019-02-25T14:54:18","modified_gmt":"2019-02-25T17:54:18","slug":"portarias-2016","status":"publish","type":"page","link":"https:\/\/camarapocao.pe.gov.br\/v1\/portarias-2016\/","title":{"rendered":"Portarias 2016"},"content":{"rendered":"\n<table class=\"wp-block-table is-style-stripes\"><tbody><tr><td><strong>N\u00ba do documento<\/strong><\/td><td><strong>Descri\u00e7\u00e3o<\/strong><\/td><td><strong>Download<\/strong><\/td><\/tr><tr><td>01\/2016<\/td><td>Nomeia o Sr. Pedro Renato S. M. de Freitas para ocupar o cargo comissionado de Secret\u00e1rio Administrativo<\/td><td><a href=\"http:\/\/www.camarapocao.pe.gov.br\/home\/images\/Consulta\/portarias\/2016\/01-2016.pdf\" target=\"_blank\" rel=\"noreferrer noopener\">PDF<\/a><\/td><\/tr><tr><td>02\/2016<\/td><td>Designa o servidor Pedro Renato S. M. de Freitas para responder cumulativamente pela fun\u00e7\u00e3o de motorista.<\/td><td><a href=\"http:\/\/www.camarapocao.pe.gov.br\/home\/images\/Consulta\/portarias\/2016\/02-2016.pdf\" target=\"_blank\" rel=\"noreferrer noopener\">PDF<\/a><\/td><\/tr><tr><td>03\/2016<\/td><td>Designar a \nSra. Dayanne Alves de Lima para representar a unidade gestora da C\u00e2mara \nde Po\u00e7\u00e3o como gerenciadora de Sistema na Opera\u00e7\u00e3o do Sistema de Cadastro\n da Unidade Gestora &#8211; UG<\/td><td><a href=\"http:\/\/www.camarapocao.pe.gov.br\/home\/images\/Consulta\/portarias\/2016\/03-2016.pdf\" target=\"_blank\" rel=\"noreferrer noopener\">PDF<\/a><\/td><\/tr><tr><td>04\/2016<\/td><td>Designa a \nservidora Dayanne Alves de Lima para representar a Unidade Gestora da \nC\u00e2mara de Vereadores de Po\u00e7\u00e3o como Gerenciador de Recursos da Sociedade &#8211;\n SAGRES M\u00f3dulo Pessoal<\/td><td><a href=\"http:\/\/www.camarapocao.pe.gov.br\/home\/images\/Consulta\/portarias\/2016\/04-2016.pdf\" target=\"_blank\" rel=\"noreferrer noopener\">PDF<\/a><\/td><\/tr><tr><td>05\/2016<\/td><td>Designa a \nservidora Dayanne Alves de Lima para representar a Unidade Gestora da \nC\u00e2mara de Vereadores de Po\u00e7\u00e3o como Gerenciador de Recursos da Sociedade &#8211;\n SAGRES M\u00f3dulo EOF<\/td><td><a href=\"http:\/\/www.camarapocao.pe.gov.br\/home\/images\/Consulta\/portarias\/2016\/05-2016.pdf\" target=\"_blank\" rel=\"noreferrer noopener\">PDF<\/a><\/td><\/tr><tr><td>06\/2016<\/td><td>Exonera a Servidora Regina Cristiane de Ara\u00fajo Silva do cargo comissionado Assistente Parlamentar<\/td><td><a href=\"http:\/\/www.camarapocao.pe.gov.br\/home\/images\/Consulta\/portarias\/2016\/06-2016.pdf\" target=\"_blank\" rel=\"noreferrer noopener\">PDF<\/a><\/td><\/tr><tr><td>07\/2016<\/td><td>Nomeia a servidora Regina Cristina de Ara\u00fajo Silva para exercer o cargo de Coordenador do Sistema de Controle Interno<\/td><td><a href=\"http:\/\/www.camarapocao.pe.gov.br\/home\/images\/Consulta\/portarias\/2016\/07-2016.pdf\" target=\"_blank\" rel=\"noreferrer noopener\">PDF<\/a><\/td><\/tr><tr><td>08\/2016<\/td><td>Exonera a \nServidora Suzana Bezerra da Silva Paes do cargo de Coordenador do \nSistema de Controle Interno, nomeada atrav\u00e9s da Portaria N\u00ba 27\/2009<\/td><td><a href=\"http:\/\/www.camarapocao.pe.gov.br\/home\/images\/Consulta\/portarias\/2016\/08-2016.pdf\" target=\"_blank\" rel=\"noreferrer noopener\">PDF<\/a><\/td><\/tr><tr><td>09\/2016<\/td><td>Nomeia a \nservidora Suzana Bezerra da Silva Paes para exercer o cargo de \nAssistente Parlamentar 3 e Exonera a Sra. Katarina Cristiane Leite do \ncargo de Assistente Parlamentar<\/td><td><a href=\"http:\/\/www.camarapocao.pe.gov.br\/home\/images\/Consulta\/portarias\/2016\/09-2016.pdf\" target=\"_blank\" rel=\"noreferrer noopener\">PDF<\/a><\/td><\/tr><tr><td>10\/2016<\/td><td>Exonera o Sr. Waldemir Mergulh\u00e3o Batista do cargo de Assistente Parlamentar<\/td><td><a href=\"http:\/\/www.camarapocao.pe.gov.br\/home\/images\/Consulta\/portarias\/2016\/10-2016.pdf\" target=\"_blank\" rel=\"noreferrer noopener\">PDF<\/a><\/td><\/tr><tr><td>11\/2016<\/td><td>Exonera a Sra. Dayanne Alves de Lima do Cargo de Tesoureiro<\/td><td><a href=\"http:\/\/www.camarapocao.pe.gov.br\/home\/images\/Consulta\/portarias\/2016\/11-2016.pdf\" target=\"_blank\" rel=\"noreferrer noopener\">PDF<\/a><\/td><\/tr><tr><td>12\/2016<\/td><td>Exonera o Sr Pedro Renato Silva Mergulh\u00e3o do cargo de Secret\u00e1rio Administrativo<\/td><td><a href=\"http:\/\/www.camarapocao.pe.gov.br\/home\/images\/Consulta\/portarias\/2016\/12-2016.pdf\" target=\"_blank\" rel=\"noreferrer noopener\">PDF<\/a><\/td><\/tr><tr><td>13\/2016<\/td><td>Exonera a Sra. Regina Cristiane de Ara\u00fajo Silva do cargo de Coordenadora de Sistema de Controle Interno<\/td><td><a href=\"http:\/\/www.camarapocao.pe.gov.br\/home\/images\/Consulta\/portarias\/2016\/13-2016.pdf\" target=\"_blank\" rel=\"noreferrer noopener\">PDF<\/a><\/td><\/tr><tr><td>14\/2016<\/td><td>Designa os \nvereadores Risoneth Rejane, Emerson Cordeiro, Wrides Paz, Jos\u00e9 Adri\u00e3o \nMendes e Jos\u00e9 Edson Duarte para efetuar os trabalhos de verifica\u00e7\u00e3o e \ninvestiga\u00e7\u00e3o descrito no Requerimento n\u00ba01\/2016 datado dia 25 de \nfevereiro do corrente ano.<\/td><td><a href=\"http:\/\/www.camarapocao.pe.gov.br\/home\/images\/Consulta\/portarias\/2016\/14-2016.pdf\" target=\"_blank\" rel=\"noreferrer noopener\">PDF<\/a><\/td><\/tr><tr><td>15\/2016<\/td><td>Designa os \nvereadores Jos\u00e9 Adri\u00e3o Mendes, Wrides Paz, Jos\u00e9 Edson Duarte, Ruth Alves\n e Maur\u00edcio Farias para efetuar os trabalhos de verifica\u00e7\u00e3o e \ninvestiga\u00e7\u00e3o descrito no Requerimento n\u00ba02\/2016 datado dia 25 de \nfevereiro do corrente ano.<\/td><td><a href=\"http:\/\/www.camarapocao.pe.gov.br\/home\/images\/Consulta\/portarias\/2016\/15-2016.pdf\" target=\"_blank\" rel=\"noreferrer noopener\">PDF<\/a><\/td><\/tr><tr><td>16\/2016<\/td><td>Designa os \nvereadores Risoneth Rejane, Jos\u00e9 Adri\u00e3o Mendes, Wrides Paz, Jos\u00e9 Edson \nDuarte e Emerson Vasconcelos para efetuar os trabalhos de verifica\u00e7\u00e3o e \ninvestiga\u00e7\u00e3o descrito no Requerimento n\u00ba03\/2016 datado dia 25 de \nfevereiro do corrente ano.<\/td><td><a href=\"http:\/\/www.camarapocao.pe.gov.br\/home\/images\/Consulta\/portarias\/2016\/16-2016.pdf\" target=\"_blank\" rel=\"noreferrer noopener\">PDF<\/a><\/td><\/tr><tr><td>17\/2016<\/td><td>Designa os \nvereadores Jos\u00e9 Edson Duarte, Risoneth Rejane, Maur\u00edcio Farias, Ruth \nAlves e Emerson Vasconcelos para efetuar os trabalhos de verifica\u00e7\u00e3o e \ninvestiga\u00e7\u00e3o descrito no Requerimento n\u00ba04\/2016 datado dia 25 de \nfevereiro do corrente ano.<\/td><td><a href=\"http:\/\/www.camarapocao.pe.gov.br\/home\/images\/Consulta\/portarias\/2016\/17-2016.pdf\" target=\"_blank\" rel=\"noreferrer noopener\">PDF<\/a><\/td><\/tr><tr><td>18\/2016<\/td><td>Designa o \nvereador Jos\u00e9 Edson D. Bezerra para compor a Comiss\u00e3o Permanente de \nOr\u00e7amento e Finan\u00e7as e o vereador Maur\u00edcio M. de Farias para compor a \ncomiss\u00e3o Permanente de Educa\u00e7\u00e3o, Sa\u00fade e Assist\u00eancia Social.<\/td><td><a href=\"http:\/\/www.camarapocao.pe.gov.br\/home\/images\/Consulta\/portarias\/2016\/18-2016.pdf\" target=\"_blank\" rel=\"noreferrer noopener\">PDF<\/a><\/td><\/tr><tr><td>19\/2016<\/td><td>Nomeia o Sr. Jos\u00e9 Renato Alves de Mendon\u00e7a para ocupar o cargo comissionado de tesoureiro da C\u00e2mara Municipal de Po\u00e7\u00e3o\/PE<\/td><td><a href=\"http:\/\/www.camarapocao.pe.gov.br\/home\/images\/Consulta\/portarias\/2016\/19-2016.pdf\" target=\"_blank\" rel=\"noreferrer noopener\">PDF<\/a>&nbsp;<\/td><\/tr><tr><td>20\/2016<\/td><td>Atribui ao \nsenhor Jos\u00e9 Renato Alves de Mendon\u00e7a, Tesoureiro da C\u00e2mara Municipal de \nPo\u00e7\u00e3o\/PE, poderes para movimentar as contas banc\u00e1rias em nome da C\u00e2mara \nMunicipal de Vereadores de Po\u00e7\u00e3o.<\/td><td>&nbsp;<a href=\"http:\/\/www.camarapocao.pe.gov.br\/home\/images\/Consulta\/portarias\/2016\/20-2016.pdf\" target=\"_blank\" rel=\"noreferrer noopener\">PDF<\/a><\/td><\/tr><tr><td>21\/2016<\/td><td>Concede ao \nservidor Givanildo Menino da Silva f\u00e9rias anual a que tem direito a ser \ngozado no per\u00edodo de 01 de abril a 01 de maio do corrente ano.<\/td><td>&nbsp;<a href=\"http:\/\/www.camarapocao.pe.gov.br\/home\/images\/Consulta\/portarias\/2016\/21-2016.pdf\" target=\"_blank\" rel=\"noreferrer noopener\">PDF<\/a><\/td><\/tr><tr><td>22\/2016<\/td><td>Concede a servidora Evane Leite, tr\u00eas meses de licen\u00e7a pr\u00eamio<\/td><td>&nbsp;<a href=\"http:\/\/www.camarapocao.pe.gov.br\/home\/images\/Consulta\/portarias\/2016\/22-2016.pdf\" target=\"_blank\" rel=\"noreferrer noopener\">PDF<\/a><\/td><\/tr><tr><td>23\/2016<\/td><td>Designa a \nservidora Hozaneide Maria de Paiva para representar a unidade gestora da\n C\u00e2mara Municipal de Po\u00e7\u00e3o como Gerenciadora de SAGRES m\u00f3dulo execu\u00e7\u00e3o \nor\u00e7ament\u00e1ria e financeira.<\/td><td>&nbsp;<a href=\"http:\/\/www.camarapocao.pe.gov.br\/home\/images\/Consulta\/portarias\/2016\/23-2016.pdf\" target=\"_blank\" rel=\"noreferrer noopener\">PDF<\/a><\/td><\/tr><tr><td>24\/2016<\/td><td>Designa a \nservidora Hozaneide Maria de Paiva para representar a unidade gestora da\n C\u00e2mara Municipal de Po\u00e7\u00e3o como Gerenciadora de SAGRES m\u00f3dulo pessoal<\/td><td>&nbsp;<a href=\"http:\/\/www.camarapocao.pe.gov.br\/home\/images\/Consulta\/portarias\/2016\/24-2016.pdf\" target=\"_blank\" rel=\"noreferrer noopener\">PDF<\/a><\/td><\/tr><tr><td>25\/2016<\/td><td>Designa a \nServidora Suzana Paes para representar a unidade gestora da C\u00e2mara de \nVereadores de Po\u00e7\u00e3o como Gerenciadora de Sistema na opera\u00e7\u00e3o do Sistema \nde Cadastro de Unidade Gestora<\/td><td>&nbsp;<a href=\"http:\/\/www.camarapocao.pe.gov.br\/home\/images\/Consulta\/portarias\/2016\/25-2016.pdf\" target=\"_blank\" rel=\"noreferrer noopener\">PDF<\/a><\/td><\/tr><tr><td>26\/2016<\/td><td>Designa o \nservidor Jos\u00e9 Renato Mendon\u00e7a para representar a Unidade Gestora da \nC\u00e2mara de Vereadores de Po\u00e7\u00e3o como Gerenciador de Sistema na opera\u00e7\u00e3o do\n SAGRES, m\u00f3dulo Licita\u00e7\u00f5es e Contratos<\/td><td>&nbsp;<a href=\"http:\/\/www.camarapocao.pe.gov.br\/home\/images\/Consulta\/portarias\/2016\/26-2016.pdf\" target=\"_blank\" rel=\"noreferrer noopener\">PDF<\/a><\/td><\/tr><tr><td>27\/2016<\/td><td>Nomeia a \nSta. Fernanda Saylla Celestino da Silva, para ocupar o cargo de \nCoordenadora de Controle Interno da C\u00e2mara Municipal de Po\u00e7\u00e3o.<\/td><td>&nbsp;<a href=\"http:\/\/www.camarapocao.pe.gov.br\/home\/images\/Consulta\/portarias\/2016\/27-2016.pdf\" target=\"_blank\" rel=\"noreferrer noopener\">PDF<\/a><\/td><\/tr><tr><td>28\/2016<\/td><td>Nomeia a Sra. Katarina Cristiane Leite para ocupar o cargo de Assistente Parlamentar<\/td><td>&nbsp;<a href=\"http:\/\/www.camarapocao.pe.gov.br\/home\/images\/Consulta\/portarias\/2016\/28-2016.pdf\" target=\"_blank\" rel=\"noreferrer noopener\">PDF<\/a><\/td><\/tr><tr><td>29\/2016<\/td><td>Atribui ao \nSr. Jos\u00e9 Renato Mendon\u00e7a, poderes para movimentar, em conjunto com o \npresidente, Maur\u00edcio Monteiro de Farias, todas as contas banc\u00e1rias da \nC\u00e2mara de Vereadores de Po\u00e7\u00e3o<\/td><td><a href=\"http:\/\/www.camarapocao.pe.gov.br\/home\/images\/Consulta\/portarias\/2016\/29-2016.pdf\" target=\"_blank\" rel=\"noreferrer noopener\">PDF<\/a>&nbsp;<\/td><\/tr><tr><td>30\/2016<\/td><td>Nomeia a Sra. Aline de Melo para ocupar o cargo comissionado de Assistente Parlamentar<\/td><td><a href=\"http:\/\/www.camarapocao.pe.gov.br\/home\/images\/Consulta\/portarias\/2016\/30-2016.pdf\" target=\"_blank\" rel=\"noreferrer noopener\">PDF<\/a>&nbsp;<\/td><\/tr><tr><td>31\/2016<\/td><td>Nomeia os \nservidores Ant\u00f4nio Carlos Correia, Suzana Paes e Hozaneide Maria de \nPaiva para comporem a comiss\u00e3o de licita\u00e7\u00e3o da C\u00e2mara de Vereadores de \nPo\u00e7\u00e3o<\/td><td><a href=\"http:\/\/www.camarapocao.pe.gov.br\/home\/images\/Consulta\/portarias\/2016\/31-2016.pdf\" target=\"_blank\" rel=\"noreferrer noopener\">PDF<\/a>&nbsp;<\/td><\/tr><tr><td>32\/2016<\/td><td>Dispensa a \nsenhorita Dayanne de Lima da atribui\u00e7\u00e3o de Gerenciadora de Sistema de \nUnidade Jurisdicionada da C\u00e2mara Municipal de Po\u00e7\u00e3o\/PE, na opera\u00e7\u00e3o de \nSistema de Acompanhamento da Gest\u00e3o dos Recursos da Sociedade (SAGRES)<\/td><td><a href=\"http:\/\/www.camarapocao.pe.gov.br\/home\/images\/Consulta\/portarias\/2016\/32-2016.pdf\" target=\"_blank\" rel=\"noreferrer noopener\">PDF<\/a>&nbsp;<\/td><\/tr><tr><td>33\/2016<\/td><td>Atribui ao \nSr. Jos\u00e9 Renato Mendon\u00e7a poderes para movimentar, em conjunto com o \nPresidente da C\u00e2mara, todas as contas banc\u00e1rias em nome da C\u00e2mara \nMunicipal de Po\u00e7\u00e3o.<\/td><td><a href=\"http:\/\/www.camarapocao.pe.gov.br\/home\/images\/Consulta\/portarias\/2016\/33-2016.pdf\" target=\"_blank\" rel=\"noreferrer noopener\">PDF<\/a>&nbsp;<\/td><\/tr><tr><td>34\/2016<\/td><td>Dispensa a \nsenhorita Dayanne de Lima da atribui\u00e7\u00e3o de Gerenciadora de Sistema de \nUnidade Jurisdicionada da C\u00e2mara Municipal de Po\u00e7\u00e3o\/PE, na opera\u00e7\u00e3o de \nSistema de Acompanhamento da Gest\u00e3o dos Recursos da Sociedade (SAGRES)<\/td><td><a href=\"http:\/\/www.camarapocao.pe.gov.br\/home\/images\/Consulta\/portarias\/2016\/34-2016.pdf\" target=\"_blank\" rel=\"noreferrer noopener\">PDF<\/a>&nbsp;<\/td><\/tr><tr><td>35\/2016<\/td><td>Dispensa a \nsenhorita Dayanne de Lima da atribui\u00e7\u00e3o de Gerenciadora de Sistema de \nUnidade Jurisdicionada da C\u00e2mara Municipal de Po\u00e7\u00e3o\/PE, na opera\u00e7\u00e3o de \nSistema de Acompanhamento da Gest\u00e3o dos Recursos da Sociedade (SAGRES)<\/td><td><a href=\"http:\/\/www.camarapocao.pe.gov.br\/home\/images\/Consulta\/portarias\/2016\/35-2016.pdf\" target=\"_blank\" rel=\"noreferrer noopener\">PDF<\/a>&nbsp;<\/td><\/tr><tr><td>36\/2016<\/td><td>Dispensa a \nSrta. Dayanne de Lima da atribui\u00e7\u00e3o de Gerenciadora de Sistema da \nUnidade Jurisdicionada da C\u00e2mara Municipal de Po\u00e7\u00e3o\/PE, na opera\u00e7\u00e3o de \nSistema de Acompanhamento da Gest\u00e3o dos Recursos da Sociedade (SAGRES)<\/td><td><a href=\"http:\/\/www.camarapocao.pe.gov.br\/home\/images\/Consulta\/portarias\/2016\/36-2016.pdf\" target=\"_blank\" rel=\"noreferrer noopener\">PDF<\/a>&nbsp;<\/td><\/tr><tr><td>37\/2016<\/td><td>Designa grupos de vereadores para comporem as Comiss\u00f5es Permanentes da C\u00e2mara Municipal de Po\u00e7\u00e3o para o bi\u00eanio 2015\/16<\/td><td><a href=\"http:\/\/www.camarapocao.pe.gov.br\/home\/images\/Consulta\/portarias\/2016\/37-2016.pdf\" target=\"_blank\" rel=\"noreferrer noopener\">PDF<\/a>&nbsp;<\/td><\/tr><tr><td>38\/2016<\/td><td>Concede ao servidor Ant\u00f4nio Correia, licen\u00e7a pr\u00eamio de 45 dias gozadas a 01 de julho a 14 de agosto do corrente ano.<\/td><td><a href=\"http:\/\/www.camarapocao.pe.gov.br\/home\/images\/Consulta\/portarias\/2016\/38-2016.pdf\" target=\"_blank\" rel=\"noreferrer noopener\">PDF<\/a>&nbsp;<\/td><\/tr><tr><td>39\/2016<\/td><td>Concede a \nservidora Suzana Paes f\u00e9rias anual a que tem direito a ser gozada no \nper\u00edodo de 04 de julho a 03 de agosto do corrente ano.<\/td><td><a href=\"http:\/\/www.camarapocao.pe.gov.br\/home\/images\/Consulta\/portarias\/2016\/39-2016.pdf\" target=\"_blank\" rel=\"noreferrer noopener\">PDF<\/a>&nbsp;<\/td><\/tr><tr><td>40\/2016<\/td><td>Determina \nque o expediente da C\u00e2mara Municipal de Po\u00e7\u00e3o durante o per\u00edodo de \nrecesso ser\u00e1 de 09:00 as 12:00 de segunda a sexta-feira.<\/td><td><a href=\"http:\/\/www.camarapocao.pe.gov.br\/home\/images\/Consulta\/portarias\/2016\/40-2016.pdf\" target=\"_blank\" rel=\"noreferrer noopener\">PDF<\/a>&nbsp;<\/td><\/tr><tr><td>41\/2016<\/td><td>Designa os \nvereadores Maur\u00edcio Monteiro, Evandro Aguiar e Risoneth da Silva para \ncomporem a Comiss\u00e3o de Representa\u00e7\u00e3o que funcionar\u00e1 durante o per\u00edodo de\n recesso<\/td><td><a href=\"http:\/\/www.camarapocao.pe.gov.br\/home\/images\/Consulta\/portarias\/2016\/41-2016.pdf\" target=\"_blank\" rel=\"noreferrer noopener\">PDF<\/a> <\/td><\/tr><tr><td>42\/2016<\/td><td>Concede a servidora Evane Leite f\u00e9rias anual a que tem direito a ser gozada no per\u00edodo de 01 a 30 de agosto do ano em exerc\u00edcio.<\/td><td>&nbsp;<a href=\"http:\/\/www.camarapocao.pe.gov.br\/home\/images\/Consulta\/portarias\/2016\/42-2016.pdf\" target=\"_blank\" rel=\"noreferrer noopener\">PDF<\/a><\/td><\/tr><tr><td>43\/2016<\/td><td>Concede promo\u00e7\u00e3o por antiguidade ao servidor Ant\u00f4nio Correia<\/td><td>&nbsp;<a href=\"http:\/\/www.camarapocao.pe.gov.br\/home\/images\/Consulta\/portarias\/2016\/43-2016.pdf\" target=\"_blank\" rel=\"noreferrer noopener\">PDF<\/a><\/td><\/tr><tr><td>44\/2016<\/td><td>Determina ao setor cont\u00e1bil que proceda com a implanta\u00e7\u00e3o do sexto quinqu\u00eanio no contra cheque do servidor Ant\u00f4nio Correia.<\/td><td>&nbsp;<a href=\"http:\/\/www.camarapocao.pe.gov.br\/home\/images\/Consulta\/portarias\/2016\/44-2016.pdf\" target=\"_blank\" rel=\"noreferrer noopener\">PDF<\/a><\/td><\/tr><tr><td>45\/2016<\/td><td>Concede ao servidor Claudio Bezerra, F\u00e9rias anuais, a serem gozadas entre outubro e novembro de 2016<\/td><td>&nbsp;<a href=\"http:\/\/www.camarapocao.pe.gov.br\/home\/images\/Consulta\/portarias\/2016\/45-2016.pdf\" target=\"_blank\" rel=\"noreferrer noopener\">PDF<\/a><\/td><\/tr><tr><td>46\/2016<\/td><td>indispon\u00edvel!<\/td><td>&nbsp;<a href=\"http:\/\/www.camarapocao.pe.gov.br\/home\/images\/Consulta\/portarias\/2016\/46-2016.html\" target=\"_blank\" rel=\"noreferrer noopener\">HTML<\/a><\/td><\/tr><tr><td>47\/2016<\/td><td>indispon\u00edvel!<\/td><td>&nbsp;<a href=\"http:\/\/www.camarapocao.pe.gov.br\/home\/images\/Consulta\/portarias\/2016\/47-2016.html\" target=\"_blank\" rel=\"noreferrer noopener\">HTML<\/a><\/td><\/tr><tr><td>48\/2016<\/td><td>Concede a servidora Suzana Bezerra, f\u00e9rias anuais, a serem gozadas em dezembro de 2016<\/td><td>&nbsp;<a href=\"http:\/\/www.camarapocao.pe.gov.br\/home\/images\/Consulta\/portarias\/2016\/48-2016.pdf\" target=\"_blank\" rel=\"noreferrer noopener\">PDF<\/a><\/td><\/tr><tr><td>49\/2016<\/td><td>Concede ao servidor Antonio Carlos Correia, f\u00e9rias anuais, a serem gozadas em janeiro de 2017<\/td><td>&nbsp;<a href=\"http:\/\/www.camarapocao.pe.gov.br\/home\/images\/Consulta\/portarias\/2016\/49-2016.pdf\" target=\"_blank\" rel=\"noreferrer noopener\">PDF<\/a><\/td><\/tr><tr><td>50\/2016<\/td><td>Designa os vereadores, Maur\u00edcio Monteiro, Evandro Aguiar e Risoneth da Silva para comporem a comiss\u00e3o de representa\u00e7\u00e3o<\/td><td>&nbsp;<a href=\"http:\/\/www.camarapocao.pe.gov.br\/home\/images\/Consulta\/portarias\/2016\/50-2016.pdf\" target=\"_blank\" rel=\"noreferrer noopener\">PDF<\/a><\/td><\/tr><tr><td>51\/2016<\/td><td>Determina \nque o expediente da C\u00e2mara Municipal de Po\u00e7\u00e3o durante o per\u00edodo de \nrecesso ser\u00e1 de 09:00 as 12:00 de segunda a sexta-feira.<\/td><td>&nbsp;<a href=\"http:\/\/www.camarapocao.pe.gov.br\/home\/images\/Consulta\/portarias\/2016\/51-2016.pdf\" target=\"_blank\" rel=\"noreferrer noopener\">PDF<\/a><\/td><\/tr><\/tbody><\/table>\n","protected":false},"excerpt":{"rendered":"<p>N\u00ba do documento Descri\u00e7\u00e3o Download 01\/2016 Nomeia o Sr. Pedro Renato S. M. de Freitas para ocupar o cargo comissionado de Secret\u00e1rio Administrativo PDF 02\/2016 <a class=\"leiamais\" href=\"https:\/\/camarapocao.pe.gov.br\/v1\/portarias-2016\/\"><i class=\"fa fa-angle-double-right\" aria-hidden=\"true\"><\/i><br \/>\n<\/a><\/p>\n","protected":false},"author":2,"featured_media":0,"parent":0,"menu_order":0,"comment_status":"closed","ping_status":"closed","template":"","meta":{"footnotes":""},"class_list":["post-538","page","type-page","status-publish","hentry","active"],"aioseo_notices":[],"_links":{"self":[{"href":"https:\/\/camarapocao.pe.gov.br\/v1\/wp-json\/wp\/v2\/pages\/538","targetHints":{"allow":["GET"]}}],"collection":[{"href":"https:\/\/camarapocao.pe.gov.br\/v1\/wp-json\/wp\/v2\/pages"}],"about":[{"href":"https:\/\/camarapocao.pe.gov.br\/v1\/wp-json\/wp\/v2\/types\/page"}],"author":[{"embeddable":true,"href":"https:\/\/camarapocao.pe.gov.br\/v1\/wp-json\/wp\/v2\/users\/2"}],"replies":[{"embeddable":true,"href":"https:\/\/camarapocao.pe.gov.br\/v1\/wp-json\/wp\/v2\/comments?post=538"}],"version-history":[{"count":1,"href":"https:\/\/camarapocao.pe.gov.br\/v1\/wp-json\/wp\/v2\/pages\/538\/revisions"}],"predecessor-version":[{"id":539,"href":"https:\/\/camarapocao.pe.gov.br\/v1\/wp-json\/wp\/v2\/pages\/538\/revisions\/539"}],"wp:attachment":[{"href":"https:\/\/camarapocao.pe.gov.br\/v1\/wp-json\/wp\/v2\/media?parent=538"}],"curies":[{"name":"wp","href":"https:\/\/api.w.org\/{rel}","templated":true}]}}