{"id":533,"date":"2019-02-25T14:51:36","date_gmt":"2019-02-25T17:51:36","guid":{"rendered":"http:\/\/camarapocao.pe.gov.br\/v1\/?page_id=533"},"modified":"2019-02-25T14:51:36","modified_gmt":"2019-02-25T17:51:36","slug":"portarias-2014","status":"publish","type":"page","link":"https:\/\/camarapocao.pe.gov.br\/v1\/portarias-2014\/","title":{"rendered":"Portarias 2014"},"content":{"rendered":"\n<table class=\"wp-block-table is-style-stripes\"><tbody><tr><td><strong>N\u00ba do documento<\/strong><\/td><td><strong>Descri\u00e7\u00e3o<\/strong><\/td><td><strong>Download<\/strong><\/td><\/tr><tr><td>01\/2014<\/td><td>Concede ao \nservidor Ant\u00f4nio Carlos Duarte Correia f\u00e9rias anual correspondente ao \nper\u00edodo de 13 de junho de 2011 a 13 de junho de 2012 a ser gozada no \nper\u00edodo de 13 de janeiro a 11 de fevereiro do corrente ano.<\/td><td><a href=\"http:\/\/www.camarapocao.pe.gov.br\/home\/images\/Consulta\/portarias\/2014\/01-2014.pdf\" target=\"_blank\" rel=\"noreferrer noopener\">PDF<\/a><\/td><\/tr><tr><td>02\/2014<\/td><td>Concede f\u00e9rias anual ao servidor Givanildo Menino da Silva a ser gozada no per\u00edodo de 01 de abril a 01 de maio do corrente ano.<\/td><td><a href=\"http:\/\/www.camarapocao.pe.gov.br\/home\/images\/Consulta\/portarias\/2014\/02-2014.pdf\" target=\"_blank\" rel=\"noreferrer noopener\">PDF<\/a><\/td><\/tr><tr><td>03\/2014<\/td><td>Concede \npromo\u00e7\u00e3o por antiguidade ao servidor Cl\u00e1udio Bezerra da Silva da faixa \nsalarial para o n\u00edvel 6 de acordo com a resolu\u00e7\u00e3o n\u00ba17\/199 e Lei \n667\/2014.<\/td><td><a href=\"http:\/\/www.camarapocao.pe.gov.br\/home\/images\/Consulta\/portarias\/2014\/03-2014.pdf\" target=\"_blank\" rel=\"noreferrer noopener\">PDF<\/a><\/td><\/tr><tr><td>04\/2014<\/td><td>Concede f\u00e9rias anual a servidora Evane Leite da Silva a ser gozada no per\u00edodo de 02 a 31 de maio do corrente ano.<\/td><td><a href=\"http:\/\/www.camarapocao.pe.gov.br\/home\/images\/Consulta\/portarias\/2014\/04-2014.pdf\" target=\"_blank\" rel=\"noreferrer noopener\">PDF<\/a><\/td><\/tr><tr><td>05\/2014<\/td><td>Concede \nf\u00e9rias anual a servidora Suzana Bezerra da Silva Paes a ser gozada no \nper\u00edodo de 05 de maio a 03 de junho do corrente ano.<\/td><td><a href=\"http:\/\/www.camarapocao.pe.gov.br\/home\/images\/Consulta\/portarias\/2014\/05-2014.pdf\" target=\"_blank\" rel=\"noreferrer noopener\">PDF<\/a><\/td><\/tr><tr><td>06\/2014<\/td><td>Suspende f\u00e9rias da servidora Evane Leite da Silva a ser gozada em outra oportunidade.<\/td><td><a href=\"http:\/\/www.camarapocao.pe.gov.br\/home\/images\/Consulta\/portarias\/2014\/06-2014.pdf\" target=\"_blank\" rel=\"noreferrer noopener\">PDF<\/a><\/td><\/tr><tr><td>07\/2014<\/td><td>Concede f\u00e9rias anual ao servidor Cl\u00e1udio Beserra da Silva a ser gozado no per\u00edodo de 02 de junho a 01 de julho do corrente ano.<\/td><td><a href=\"http:\/\/www.camarapocao.pe.gov.br\/home\/images\/Consulta\/portarias\/2014\/07-2014.pdf\" target=\"_blank\" rel=\"noreferrer noopener\">PDF<\/a><\/td><\/tr><tr><td>08\/2014<\/td><td>Nomeia novo relator para Comiss\u00e3o Permanente de Justi\u00e7a e Reda\u00e7\u00e3o para redigir novo parecer ao PL n\u00b006\/2014<\/td><td><a href=\"http:\/\/www.camarapocao.pe.gov.br\/home\/images\/Consulta\/portarias\/2014\/08-2014.pdf\" target=\"_blank\" rel=\"noreferrer noopener\">PDF<\/a><\/td><\/tr><tr><td>09\/2014<\/td><td>Designa os \nvereadores Emerson Cordeiro Vasconcelos, Iracema Luiza da Silva e Ruth \nBarbosa Silva Alves, para comporem a COMISS\u00c3O DE REPRESENTA\u00c7\u00c3O que \nfuncionar\u00e1 durante o per\u00edodo de 01 a 31 de julho do corrente ano.<\/td><td><a href=\"http:\/\/www.camarapocao.pe.gov.br\/home\/images\/Consulta\/portarias\/2014\/09-2014.pdf\" target=\"_blank\" rel=\"noreferrer noopener\">PDF<\/a><\/td><\/tr><tr><td>10\/2014<\/td><td>Determina que o expediente da C\u00e2mara de 01 a 31 de julho do corrente ano ser\u00e1 de 09:00 \u00e0s 12:00<\/td><td><a href=\"http:\/\/www.camarapocao.pe.gov.br\/home\/images\/Consulta\/portarias\/2014\/10-2014.pdf\" target=\"_blank\" rel=\"noreferrer noopener\">PDF<\/a><\/td><\/tr><tr><td>11\/2014<\/td><td>Nomeia \nservidores Hozaneide Maria de Paiva, Cristiane Clemente Caetano e \nGivanildo Menino da Silva para comporem comiss\u00e3o de licita\u00e7\u00e3o<\/td><td><a href=\"http:\/\/www.camarapocao.pe.gov.br\/home\/images\/Consulta\/portarias\/2014\/11-2014.pdf\" target=\"_blank\" rel=\"noreferrer noopener\">PDF<\/a><\/td><\/tr><tr><td>12\/2014<\/td><td>Concede f\u00e9rias a servidora Evane Leite a ser gozada no per\u00edodo de 21 de julho a 19 de agosto do corrente ano<\/td><td><a href=\"http:\/\/www.camarapocao.pe.gov.br\/home\/images\/Consulta\/portarias\/2014\/12-2014.pdf\" target=\"_blank\" rel=\"noreferrer noopener\">PDF<\/a><\/td><\/tr><tr><td>13\/2014<\/td><td>Concede licen\u00e7a pr\u00eamio ao servidor Givanildo Menino da Silva a ser gozado no per\u00edodo de 01 a 30 de agosto do corrente ano.<\/td><td><a href=\"http:\/\/www.camarapocao.pe.gov.br\/home\/images\/Consulta\/portarias\/2014\/13-2014.pdf\" target=\"_blank\" rel=\"noreferrer noopener\">PDF<\/a><\/td><\/tr><tr><td>14\/2014<\/td><td>Designa a \ncomiss\u00e3o de vistoria e avalia\u00e7\u00e3o da Prefeitura de Po\u00e7\u00e3o, nomeada pela \nportaria n\u00ba057\/2014 a concretiza\u00e7\u00e3o do Leil\u00e3o P\u00fablico Municipal.<\/td><td><a href=\"http:\/\/www.camarapocao.pe.gov.br\/home\/images\/Consulta\/portarias\/2014\/14-2014.pdf\" target=\"_blank\" rel=\"noreferrer noopener\">PDF<\/a><\/td><\/tr><tr><td>15\/2014<\/td><td>Designa, o servidor Ant\u00f4nio Carlos Duarte Correia, para atuar como interlocutor junto ao TC-PE<\/td><td><a href=\"http:\/\/www.camarapocao.pe.gov.br\/home\/images\/Consulta\/portarias\/2014\/15-2014.pdf\" target=\"_blank\" rel=\"noreferrer noopener\">PDF<\/a><\/td><\/tr><tr><td>16\/2014<\/td><td>Concede ao \nservidor Ant\u00f4nio Carlos Duarte Correia, f\u00e9rias anual, a ser gozada entre\n 15 de setembro a 14 de outubro do corrente ano.<\/td><td><a href=\"http:\/\/www.camarapocao.pe.gov.br\/home\/images\/Consulta\/portarias\/2014\/16-2014.pdf\" target=\"_blank\" rel=\"noreferrer noopener\">PDF<\/a><\/td><\/tr><tr><td>17\/2014<\/td><td>Suspende as f\u00e9rias do servidor Ant\u00f4nio Carlos Duarte Correia, ficando a ser gozada em outra oportunidade.<\/td><td><a href=\"http:\/\/www.camarapocao.pe.gov.br\/home\/images\/Consulta\/portarias\/2014\/17-2014.pdf\" target=\"_blank\" rel=\"noreferrer noopener\">PDF<\/a><\/td><\/tr><tr><td>18\/2014<\/td><td>Designa o \nSr. Jos\u00e9 Renato Alves de Mendon\u00e7a para representar a unidade gestora \nC\u00e2mara Municipal de Po\u00e7\u00e3o\/PE na opera\u00e7\u00e3o do Sistema de Processo \nEletr\u00f4nico do TCE-PE.<\/td><td><a href=\"http:\/\/www.camarapocao.pe.gov.br\/home\/images\/Consulta\/portarias\/2014\/18-2014.pdf\" target=\"_blank\" rel=\"noreferrer noopener\">PDF<\/a><\/td><\/tr><tr><td>19\/2014<\/td><td>Determina que o expediente da C\u00e2mara ser\u00e1 de 9:00 horas \u00e0s 12:00, durante 15 de dezembro a 15 de fevereiro do corrente ano.<\/td><td>&nbsp;<a href=\"http:\/\/www.camarapocao.pe.gov.br\/home\/images\/Consulta\/portarias\/2014\/19-2014.pdf\" target=\"_blank\" rel=\"noreferrer noopener\">PDF<\/a><\/td><\/tr><tr><td>20\/2014<\/td><td>Designa os \nvereadores Emerson Vasconcelos, Iracema Luiza e Ruth Barbosa, para sob a\n presid\u00eancia do primeiro, comporem a Comiss\u00e3o de Representa\u00e7\u00e3o que \nfuncionar\u00e1 durante o per\u00edodo de recesso.<\/td><td>&nbsp;<a href=\"http:\/\/www.camarapocao.pe.gov.br\/home\/images\/Consulta\/portarias\/2014\/20-2014.pdf\" target=\"_blank\" rel=\"noreferrer noopener\">PDF<\/a><\/td><\/tr><tr><td>21\/2014<\/td><td>Designa o \nservidor Cl\u00e1udio Bezerra da Silva, para em cumprimento do item \n17.00\/17.01, proceder com o recebimento do objeto licitado referente ao \ncertame licitat\u00f3rio mencionado.<\/td><td><a href=\"http:\/\/www.camarapocao.pe.gov.br\/home\/images\/Consulta\/portarias\/2014\/21-2014.pdf\" target=\"_blank\" rel=\"noreferrer noopener\">PDF<\/a>&nbsp;<\/td><\/tr><tr><td>22\/2014<\/td><td>Concede ao servidor Ant\u00f4nio Carlos Duarte Correia, f\u00e9rias anual, a ser gozada de 15 de janeiro a 13 de fevereiro de 2015<\/td><td>&nbsp;<a href=\"http:\/\/www.camarapocao.pe.gov.br\/home\/images\/Consulta\/portarias\/2014\/22-2014.pdf\" target=\"_blank\" rel=\"noreferrer noopener\">PDF<\/a><\/td><\/tr><tr><td>23\/2014<\/td><td>Nomeia os \nservidores: Ant\u00f4nio Correia, Hozaneide Paiva, Suzana Bezerra, sob a \npresid\u00eancia do primeiro nomeado, ficando constitu\u00eddo secret\u00e1rio e membro\n respectivamente para comporem a comiss\u00e3o de termo de confer\u00eancia de \ncaixa dos valores existentes no caixa da tesouraria.<\/td><td>&nbsp;<a href=\"http:\/\/www.camarapocao.pe.gov.br\/home\/images\/Consulta\/portarias\/2014\/23-2014.pdf\" target=\"_blank\" rel=\"noreferrer noopener\">PDF<\/a><\/td><\/tr><\/tbody><\/table>\n","protected":false},"excerpt":{"rendered":"<p>N\u00ba do documento Descri\u00e7\u00e3o Download 01\/2014 Concede ao servidor Ant\u00f4nio Carlos Duarte Correia f\u00e9rias anual correspondente ao per\u00edodo de 13 de junho de 2011 a <a class=\"leiamais\" href=\"https:\/\/camarapocao.pe.gov.br\/v1\/portarias-2014\/\"><i class=\"fa fa-angle-double-right\" aria-hidden=\"true\"><\/i><br \/>\n<\/a><\/p>\n","protected":false},"author":2,"featured_media":0,"parent":0,"menu_order":0,"comment_status":"closed","ping_status":"closed","template":"","meta":{"footnotes":""},"class_list":["post-533","page","type-page","status-publish","hentry","active"],"aioseo_notices":[],"_links":{"self":[{"href":"https:\/\/camarapocao.pe.gov.br\/v1\/wp-json\/wp\/v2\/pages\/533","targetHints":{"allow":["GET"]}}],"collection":[{"href":"https:\/\/camarapocao.pe.gov.br\/v1\/wp-json\/wp\/v2\/pages"}],"about":[{"href":"https:\/\/camarapocao.pe.gov.br\/v1\/wp-json\/wp\/v2\/types\/page"}],"author":[{"embeddable":true,"href":"https:\/\/camarapocao.pe.gov.br\/v1\/wp-json\/wp\/v2\/users\/2"}],"replies":[{"embeddable":true,"href":"https:\/\/camarapocao.pe.gov.br\/v1\/wp-json\/wp\/v2\/comments?post=533"}],"version-history":[{"count":1,"href":"https:\/\/camarapocao.pe.gov.br\/v1\/wp-json\/wp\/v2\/pages\/533\/revisions"}],"predecessor-version":[{"id":534,"href":"https:\/\/camarapocao.pe.gov.br\/v1\/wp-json\/wp\/v2\/pages\/533\/revisions\/534"}],"wp:attachment":[{"href":"https:\/\/camarapocao.pe.gov.br\/v1\/wp-json\/wp\/v2\/media?parent=533"}],"curies":[{"name":"wp","href":"https:\/\/api.w.org\/{rel}","templated":true}]}}