{"id":531,"date":"2019-02-25T14:49:54","date_gmt":"2019-02-25T17:49:54","guid":{"rendered":"http:\/\/camarapocao.pe.gov.br\/v1\/?page_id=531"},"modified":"2019-02-25T14:49:54","modified_gmt":"2019-02-25T17:49:54","slug":"portarias-2013","status":"publish","type":"page","link":"https:\/\/camarapocao.pe.gov.br\/v1\/portarias-2013\/","title":{"rendered":"Portarias 2013"},"content":{"rendered":"\n<table class=\"wp-block-table is-style-stripes\"><tbody><tr><td><strong>N\u00ba do documento<\/strong><\/td><td><strong>Descri\u00e7\u00e3o<\/strong><\/td><td><strong>Download<\/strong><\/td><\/tr><tr><td>01\/2013<\/td><td>Designa os \nvereadores &nbsp;Emerson Cordeiro Vasconcelos, Iracema Luiza da Silva e Ruth \nBarboza Silva Alves, para comporem a comiss\u00e3o de representa\u00e7\u00e3o durante o\n per\u00edodo de 01 de janeiro a 15 de fevereiro do corrente ano.<\/td><td><a href=\"http:\/\/www.camarapocao.pe.gov.br\/home\/images\/Consulta\/portarias\/2013\/01-2013.pdf\" target=\"_blank\" rel=\"noreferrer noopener\">PDF<\/a><\/td><\/tr><tr><td>02\/2013<\/td><td>Determina que o funcionamento da C\u00e2mara Municipal durante o per\u00edodo de recesso, ser\u00e1 de 09:00 \u00e1s 12:00 de segunda a sexta-feira.<\/td><td><a href=\"http:\/\/www.camarapocao.pe.gov.br\/home\/images\/Consulta\/portarias\/2013\/02-2013.pdf\" target=\"_blank\" rel=\"noreferrer noopener\">PDF<\/a><\/td><\/tr><tr><td>03\/2013<\/td><td>Exonera a \npedido, Elisana Israel dos Santos Beserra do Cargo Comissionado de \nSecret\u00e1ria Administrativa &#8211; CCSA &#8211; 1 e revoga para todos os efeitos a \nPortaria n\u00b004\/2010<\/td><td><a href=\"http:\/\/www.camarapocao.pe.gov.br\/home\/images\/Consulta\/portarias\/2013\/03-2013.pdf\" target=\"_blank\" rel=\"noreferrer noopener\">PDF<\/a><\/td><\/tr><tr><td>04\/2013<\/td><td>Exonera a \npedido, Erick Cavalcanti da Silva Azevedo do cargo comissionado de \nAssistente Parlamentar, s\u00edmbolo CCAP-1; revoga a Portaria n\u00ba01\/2012.<\/td><td><a href=\"http:\/\/www.camarapocao.pe.gov.br\/home\/images\/Consulta\/portarias\/2013\/04-2013.pdf\" target=\"_blank\" rel=\"noreferrer noopener\">PDF<\/a><\/td><\/tr><tr><td>05\/2013<\/td><td>Nomeia, Jos\u00e9 Renato Alves Mendon\u00e7a para ocupar o cargo Comissionado de Tesoureiro, s\u00edmbolo CC-1.<\/td><td><a href=\"http:\/\/www.camarapocao.pe.gov.br\/home\/images\/Consulta\/portarias\/2013\/05-2013.pdf\" target=\"_blank\" rel=\"noreferrer noopener\">PDF<\/a><\/td><\/tr><tr><td>06\/2013<\/td><td>PORTARIA EM FALTA NO MOMENTO! AGUARDE, LOGO LOGO ELA ESTAR\u00c1 DISPON\u00cdVEL.<\/td><td><a href=\"http:\/\/www.camarapocao.pe.gov.br\/home\/images\/Consulta\/portarias\/2013\/06-2013.pdf\" target=\"_blank\" rel=\"noreferrer noopener\">PDF<\/a><\/td><\/tr><tr><td>07\/2013<\/td><td>Designa a \nservido Hozaneide Maria de Paiva para gerenciamento do SAGRES junto ao \nTribunal de Contas do Estado de Pernambuco &#8211; TCE\/PE.<\/td><td><a href=\"http:\/\/www.camarapocao.pe.gov.br\/home\/images\/Consulta\/portarias\/2013\/07-2013.pdf\" target=\"_blank\" rel=\"noreferrer noopener\">PDF<\/a><\/td><\/tr><tr><td>08\/2013<\/td><td>Designa \nservidora Cristiane Clemente Caetano para na qualidade de usu\u00e1ria \npromover o Gerenciamento do SAGRES &#8211; M\u00f3dulo Pessoal, junto ao TCE-PE.<\/td><td><a href=\"http:\/\/www.camarapocao.pe.gov.br\/home\/images\/Consulta\/portarias\/2013\/08-2013.pdf\" target=\"_blank\" rel=\"noreferrer noopener\">PDF<\/a><\/td><\/tr><tr><td>09\/2013<\/td><td>Designa servidora Suzana Bezerra da Silva para o gerenciamento do Sistema de Auditoria e Informa\u00e7\u00f5es &#8211; AUDIN junto ao TCE-PE<\/td><td><a href=\"http:\/\/www.camarapocao.pe.gov.br\/home\/images\/Consulta\/portarias\/2013\/09-2013.pdf\" target=\"_blank\" rel=\"noreferrer noopener\">PDF<\/a><\/td><\/tr><tr><td>10\/2013<\/td><td>Exonera \nSuzana Bezerra da Silva, antigo representante desta unidade gestora, na \nopera\u00e7\u00e3o do Sistema de Acompanhamento na opera\u00e7\u00e3o Gest\u00e3o de Recursos da \nSociedade &#8211; SAGRES\/Cadastro de Usu\u00e1rios.<\/td><td><a href=\"http:\/\/www.camarapocao.pe.gov.br\/home\/images\/Consulta\/portarias\/2013\/10-2013.pdf\" target=\"_blank\" rel=\"noreferrer noopener\">PDF<\/a><\/td><\/tr><tr><td>11\/2013<\/td><td>Designa \nCristiane Clemente Caetano, para representar esta unidade gestora na \nopera\u00e7\u00e3o do Sistema de Cadastro de Unidade Gestora\/M\u00f3dulo Gerenciador da\n Unidade Gestora.<\/td><td><a href=\"http:\/\/www.camarapocao.pe.gov.br\/home\/images\/Consulta\/portarias\/2013\/11-2013.pdf\" target=\"_blank\" rel=\"noreferrer noopener\">PDF<\/a><\/td><\/tr><tr><td>12\/2013<\/td><td>Promove por antiguidade, a servidora Evane Leite da Silva, para o n\u00edvel 6 do cargo de auxiliar legislativo<\/td><td><a href=\"http:\/\/www.camarapocao.pe.gov.br\/home\/images\/Consulta\/portarias\/2013\/12-2013.pdf\" target=\"_blank\" rel=\"noreferrer noopener\">PDF<\/a><\/td><\/tr><tr><td>13\/2013<\/td><td>Exonera \nSuzana Bezerra da Silva, antigo representante desta unidade gestora, na \nopera\u00e7\u00e3o do sistema de acompanhamento na opera\u00e7\u00e3o Gest\u00e3o de Recursos da \nSociedade &#8211; SAGRES\/Gerenciadora do M\u00f3dulo de Licita\u00e7\u00f5es e contratos.<\/td><td><a href=\"http:\/\/www.camarapocao.pe.gov.br\/home\/images\/Consulta\/portarias\/2013\/13-2013.pdf\" target=\"_blank\" rel=\"noreferrer noopener\">PDF<\/a><\/td><\/tr><tr><td>14\/2013<\/td><td>Nomeia uma \nComiss\u00e3o para a instaura\u00e7\u00e3o de Processos Administrativos Disciplinares \npara apurar acumula\u00e7\u00e3o indevida de cargos, durante o per\u00edodo de 2009 a \n2011.<\/td><td><a href=\"http:\/\/www.camarapocao.pe.gov.br\/home\/images\/Consulta\/portarias\/2013\/14-2013.pdf\" target=\"_blank\" rel=\"noreferrer noopener\">PDF<\/a><\/td><\/tr><tr><td>15\/2013<\/td><td>Instaura \nprocesso Administrativo Disciplinar para apurar acumula\u00e7\u00e3o indevida de \ncargos p\u00fablicos em face do Vereador Jos\u00e9 Edson Duarte Beserra.<\/td><td><a href=\"http:\/\/www.camarapocao.pe.gov.br\/home\/images\/Consulta\/portarias\/2013\/15-2013.pdf\" target=\"_blank\" rel=\"noreferrer noopener\">PDF<\/a><\/td><\/tr><tr><td>16\/2013<\/td><td>Instaura \nprocesso Administrativo Disciplinar para apurar acumula\u00e7\u00e3o indevida de \ncargos p\u00fablicos em face do sr. Luiz Gonzaga Monteiro.<\/td><td><a href=\"http:\/\/www.camarapocao.pe.gov.br\/home\/images\/Consulta\/portarias\/2013\/16-2013.pdf\" target=\"_blank\" rel=\"noreferrer noopener\">PDF<\/a><\/td><\/tr><tr><td>17\/2013<\/td><td>Instaura \nprocesso Administrativo Disciplinar para apurar acumula\u00e7\u00e3o indevida de \ncargos p\u00fablicos em face do sr. Jos\u00e9 Dami\u00e3o da Silva Monteiro.<\/td><td><a href=\"http:\/\/www.camarapocao.pe.gov.br\/home\/images\/Consulta\/portarias\/2013\/17-2013.pdf\" target=\"_blank\" rel=\"noreferrer noopener\">PDF<\/a><\/td><\/tr><tr><td>18\/2013<\/td><td>Nomeia os \nservidores Cristiane Clemente Caetano, Hozaneide Maria de Paiva e \nGivanildo Menino da Silva, sob a presid\u00eancia do primeiro nomeado, para \ncomporem a COMISS\u00c3O DE LICITA\u00c7\u00c3O desta casa Legislativa.<\/td><td><a href=\"http:\/\/www.camarapocao.pe.gov.br\/home\/images\/Consulta\/portarias\/2013\/18-2013.pdf\" target=\"_blank\" rel=\"noreferrer noopener\">PDF<\/a><\/td><\/tr><tr><td>19\/2013<\/td><td>Concede a \nservidora Evane Leite da Silva, F\u00e9rias Anual a que tem direito, a ser \ngozada no per\u00edodo de 01 at\u00e9 30 de abril do corrente ano<\/td><td>&nbsp;<a href=\"http:\/\/www.camarapocao.pe.gov.br\/home\/images\/Consulta\/portarias\/2013\/19-2013.pdf\" target=\"_blank\" rel=\"noreferrer noopener\">PDF<\/a><\/td><\/tr><tr><td>20\/2013<\/td><td>Concede ao servidor Cl\u00e1udio Beserra, f\u00e9rias anual a que tem direito a ser gozado no per\u00edodo de 02 a 31 de maio do corrente ano<\/td><td><a href=\"http:\/\/www.camarapocao.pe.gov.br\/home\/images\/Consulta\/portarias\/2013\/20-2013.pdf\" target=\"_blank\" rel=\"noreferrer noopener\">PDF<\/a>&nbsp;<\/td><\/tr><tr><td>21\/2013<\/td><td>Arquivo indispon\u00edvel.<\/td><td><a href=\"http:\/\/www.camarapocao.pe.gov.br\/home\/images\/Consulta\/portarias\/2013\/21-2013.pdf\" target=\"_blank\" rel=\"noreferrer noopener\">PDF<\/a>&nbsp;<\/td><\/tr><tr><td>22\/2013<\/td><td>Concede ao \nservidor Givanildo Menino da Silva, Ferias anual, a que tem direito a \nser gozado no per\u00edodo de 03 de junho a 02 de julho do corrente ano<\/td><td>&nbsp;<a href=\"http:\/\/www.camarapocao.pe.gov.br\/home\/images\/Consulta\/portarias\/2013\/22-2013.pdf\" target=\"_blank\" rel=\"noreferrer noopener\">PDF<\/a><\/td><\/tr><tr><td>23\/2013<\/td><td>Concede \npromo\u00e7\u00e3o por antiguidade ao servidor Claudio Bezerra da Silva, passando \npara o n\u00edvel 5 de acordo com a lei 614\/2011 anexo I.<\/td><td>&nbsp;<a href=\"http:\/\/www.camarapocao.pe.gov.br\/home\/images\/Consulta\/portarias\/2013\/23-2013.pdf\" target=\"_blank\" rel=\"noreferrer noopener\">PDF<\/a><\/td><\/tr><tr><td>24\/2013<\/td><td>Determina \nao setor cont\u00e1bil da C\u00e2mara Municipal que proceda com a implanta\u00e7\u00e3o do \nquinto quinqu\u00eanio no contra cheque do servidor Givanildo Menino da Silva\n a t\u00edtulo de gratifica\u00e7\u00e3o por tempo de servi\u00e7os.<\/td><td><a href=\"http:\/\/www.camarapocao.pe.gov.br\/home\/images\/Consulta\/portarias\/2013\/24-2013.pdf\" target=\"_blank\" rel=\"noreferrer noopener\">PDF<\/a>&nbsp;<\/td><\/tr><tr><td>25\/2013<\/td><td>Designa os \nvereadores Jos\u00e9 Emerson Vasconcelos, Iracema Luiza da Silva e Ruth \nBarbosa Silva Alves para sob presid\u00eancia do primeiro comporem a comiss\u00e3o\n de representa\u00e7\u00e3o que funcionar\u00e1 durante o per\u00edodo de 01 a 31 de julho \ndo corrente ano.<\/td><td><a href=\"http:\/\/www.camarapocao.pe.gov.br\/home\/images\/Consulta\/portarias\/2013\/25-2013.pdf\" target=\"_blank\" rel=\"noreferrer noopener\">PDF<\/a>&nbsp;<\/td><\/tr><tr><td>26\/2013<\/td><td>Determina \nque o expediente da C\u00e2mara Municipal ser\u00e1 de 9:00 (nove) horas as 12:00 \n(doze) horas, de segunda a sexta feira, durante referido per\u00edodo.<\/td><td><a href=\"http:\/\/www.camarapocao.pe.gov.br\/home\/images\/Consulta\/portarias\/2013\/26-2013.pdf\" target=\"_blank\" rel=\"noreferrer noopener\">PDF<\/a>&nbsp;<\/td><\/tr><tr><td>27\/2013<\/td><td>Concede \npromo\u00e7\u00e3o por antiguidade ao servidor Givanildo Menino da Silva de acordo\n com a resolu\u00e7\u00e3o n\u00b0 17\/199 e lei 614\/2011, anexo I.<\/td><td>&nbsp;<a href=\"http:\/\/www.camarapocao.pe.gov.br\/home\/images\/Consulta\/portarias\/2013\/27-2013.pdf\" target=\"_blank\" rel=\"noreferrer noopener\">PDF<\/a><\/td><\/tr><tr><td>28\/2013<\/td><td>Concede ao \nservidor Antonio Carlos Correia, oito dias de licen\u00e7a pelo falecimento \nde sua genitora, de acordo com o art. 170 inciso II do estatuto do \nfuncion\u00e1rio p\u00fablico do estado de Pernambuco.<\/td><td>&nbsp;<a href=\"http:\/\/www.camarapocao.pe.gov.br\/home\/images\/Consulta\/portarias\/2013\/28-2013.pdf\" target=\"_blank\" rel=\"noreferrer noopener\">PDF<\/a><\/td><\/tr><tr><td>29\/2013<\/td><td>Concede ao \nservidor Ant\u00f4nio Carlos Duarte Correia, f\u00e9rias anual, a ser gozada no \nper\u00edodo de 02 de setembro a 01 de outubro do corrente ano.<\/td><td>&nbsp;<a href=\"http:\/\/www.camarapocao.pe.gov.br\/home\/images\/Consulta\/portarias\/2013\/29-2013.pdf\" target=\"_blank\" rel=\"noreferrer noopener\">PDF<\/a><\/td><\/tr><tr><td>30\/2013<\/td><td>Concede ao \nservidor Givanildo da Silva Menino, licen\u00e7a pr\u00eamio, referente ao per\u00edodo\n de 02 de janeiro de 1999 \u00e0 02 de janeiro de 2009<\/td><td>&nbsp;<a href=\"http:\/\/www.camarapocao.pe.gov.br\/home\/images\/Consulta\/portarias\/2013\/30-2013.pdf\" target=\"_blank\" rel=\"noreferrer noopener\">PDF<\/a><\/td><\/tr><tr><td>31\/2013<\/td><td>Arquivo temporariamente indispon\u00edvel!<\/td><td>&nbsp;<a href=\"http:\/\/www.camarapocao.pe.gov.br\/home\/images\/Consulta\/portarias\/2013\/31-2013.html\" target=\"_blank\" rel=\"noreferrer noopener\">HTML<\/a><\/td><\/tr><tr><td>32\/2013<\/td><td>Nomeia os \nservidores Ant\u00f4nio Carlos Duarte Correia, Suzana Bezerra da Silva e \nHozaneide Maria de Paiva sob presid\u00eancia do primeiro nomeado, para \ncomporem a Comiss\u00e3o de termo de confer\u00eancia de caixa dos valores \nexistentes na tesouraria<\/td><td><a href=\"http:\/\/www.camarapocao.pe.gov.br\/home\/images\/Consulta\/portarias\/2013\/32-2013.pdf\" target=\"_blank\" rel=\"noreferrer noopener\">PDF<\/a><\/td><\/tr><\/tbody><\/table>\n","protected":false},"excerpt":{"rendered":"<p>N\u00ba do documento Descri\u00e7\u00e3o Download 01\/2013 Designa os vereadores &nbsp;Emerson Cordeiro Vasconcelos, Iracema Luiza da Silva e Ruth Barboza Silva Alves, para comporem a comiss\u00e3o <a class=\"leiamais\" href=\"https:\/\/camarapocao.pe.gov.br\/v1\/portarias-2013\/\"><i class=\"fa fa-angle-double-right\" aria-hidden=\"true\"><\/i><br \/>\n<\/a><\/p>\n","protected":false},"author":2,"featured_media":0,"parent":0,"menu_order":0,"comment_status":"closed","ping_status":"closed","template":"","meta":{"footnotes":""},"class_list":["post-531","page","type-page","status-publish","hentry","active"],"aioseo_notices":[],"_links":{"self":[{"href":"https:\/\/camarapocao.pe.gov.br\/v1\/wp-json\/wp\/v2\/pages\/531","targetHints":{"allow":["GET"]}}],"collection":[{"href":"https:\/\/camarapocao.pe.gov.br\/v1\/wp-json\/wp\/v2\/pages"}],"about":[{"href":"https:\/\/camarapocao.pe.gov.br\/v1\/wp-json\/wp\/v2\/types\/page"}],"author":[{"embeddable":true,"href":"https:\/\/camarapocao.pe.gov.br\/v1\/wp-json\/wp\/v2\/users\/2"}],"replies":[{"embeddable":true,"href":"https:\/\/camarapocao.pe.gov.br\/v1\/wp-json\/wp\/v2\/comments?post=531"}],"version-history":[{"count":1,"href":"https:\/\/camarapocao.pe.gov.br\/v1\/wp-json\/wp\/v2\/pages\/531\/revisions"}],"predecessor-version":[{"id":532,"href":"https:\/\/camarapocao.pe.gov.br\/v1\/wp-json\/wp\/v2\/pages\/531\/revisions\/532"}],"wp:attachment":[{"href":"https:\/\/camarapocao.pe.gov.br\/v1\/wp-json\/wp\/v2\/media?parent=531"}],"curies":[{"name":"wp","href":"https:\/\/api.w.org\/{rel}","templated":true}]}}