{"id":529,"date":"2019-02-25T14:48:32","date_gmt":"2019-02-25T17:48:32","guid":{"rendered":"http:\/\/camarapocao.pe.gov.br\/v1\/?page_id=529"},"modified":"2019-02-25T14:48:32","modified_gmt":"2019-02-25T17:48:32","slug":"portarias-2012","status":"publish","type":"page","link":"https:\/\/camarapocao.pe.gov.br\/v1\/portarias-2012\/","title":{"rendered":"Portarias 2012"},"content":{"rendered":"\n<table class=\"wp-block-table is-style-stripes\"><tbody><tr><td><strong>N\u00ba do documento<\/strong><\/td><td><strong>Descri\u00e7\u00e3o<\/strong><\/td><td><strong>Download<\/strong><\/td><\/tr><tr><td>01\/2012<\/td><td>Nomeia o\n senhor Erick Cavalcanti da Silva Azevedo, para ocupar o Cargo \nComissionado de Assistente Parlamente\u2013Simbologia CCAP-1 de acordo com a \nLei Municipal n\u00ba614\/2011<\/td><td><a href=\"http:\/\/www.camarapocao.pe.gov.br\/home\/images\/Consulta\/portarias\/2012\/01-2012.pdf\" target=\"_blank\" rel=\"noreferrer noopener\">PDF<\/a><\/td><\/tr><tr><td>02\/2012<\/td><td>Concede\n ao servidor Givanildo da Silva, f\u00e9rias anual a que tem direito, \nreferente ao per\u00edodo de 02 de jan. de 2011 a 02 de jan. de 2012, a ser \ngozada no per\u00edodo de 01 de fevereiro a 01 de mar\u00e7o do corrente ano.<\/td><td><a href=\"http:\/\/www.camarapocao.pe.gov.br\/home\/images\/Consulta\/portarias\/2012\/02-2012.pdf\" target=\"_blank\" rel=\"noreferrer noopener\">PDF<\/a><\/td><\/tr><tr><td>03\/2012<\/td><td>Concede\n ao servidor Cl\u00e1udio Bezerra Licen\u00e7a Pr\u00eamio referente ao segundo dec\u00eanio\n completado no \u00faltimo dia 02 de janeiro de 2009, a ser gozado \n(parcialmente) no per\u00edodo de 01 de fevereiro a 01 de mar\u00e7o do corrente \nano, ficando restando 01 m\u00eas para ser gozado posteriormente.<\/td><td><a href=\"http:\/\/www.camarapocao.pe.gov.br\/home\/images\/Consulta\/portarias\/2012\/03-2012.pdf\" target=\"_blank\" rel=\"noreferrer noopener\">PDF<\/a><\/td><\/tr><tr><td>04\/2012<\/td><td>Concede\n ao servidor Ant\u00f4nio Carlos Duarte Correia, atualmente ocupante do cargo\n de Assistente Legislativo n\u00edvel 3,Licen\u00e7a Pr\u00eamio referente ao segundo \ndec\u00eanio completado no \u00faltimo dia 13 de junho de 2006, a ser gozado do \ndia 02 ao dia 16 de fevereiro do corrente ano.<\/td><td><a href=\"http:\/\/www.camarapocao.pe.gov.br\/home\/images\/Consulta\/portarias\/2012\/04-2012.pdf\" target=\"_blank\" rel=\"noreferrer noopener\">PDF<\/a><\/td><\/tr><tr><td>05\/2012<\/td><td>Concede\n a servidora Evane Leite da Silva, Auxiliar Legislativa, F\u00e9rias Anual a \nser gozada no per\u00edodo de 02 de abril a 01 de maio do corrente ano.<\/td><td><a href=\"http:\/\/www.camarapocao.pe.gov.br\/home\/images\/Consulta\/portarias\/2012\/05-2012.pdf\" target=\"_blank\" rel=\"noreferrer noopener\">PDF<\/a><\/td><\/tr><tr><td>06\/2012<\/td><td>Concede\n a servidora Suzana Bezerra, coordenadora do Controle Interno, F\u00e9rias \nAnual a que tem direito a ser gozada no per\u00edodo de 09 de abril a 08 de \nmaio do corrente ano.<\/td><td><a href=\"http:\/\/www.camarapocao.pe.gov.br\/home\/images\/Consulta\/portarias\/2012\/06-2012.pdf\" target=\"_blank\" rel=\"noreferrer noopener\">PDF<\/a><\/td><\/tr><tr><td>07\/2012<\/td><td>Designa\n o servidor Erick Cavalcanti Azevedo, para proceder com emiss\u00e3o e \nliquida\u00e7\u00e3o dos empenhos emitidos pela C\u00e2mara Municipal, durante 2012.<\/td><td><a href=\"http:\/\/www.camarapocao.pe.gov.br\/home\/images\/Consulta\/portarias\/2012\/07-2012.pdf\" target=\"_blank\" rel=\"noreferrer noopener\">PDF<\/a><\/td><\/tr><tr><td>08\/2012<\/td><td>Conceder\n a servidora Evane Leite da Silva, f\u00e9rias anual a que tem direito a ser \ngozada no per\u00edodo de 04 de junho a 04 de julho do corrente ano.<\/td><td><a href=\"http:\/\/www.camarapocao.pe.gov.br\/home\/images\/Consulta\/portarias\/2012\/08-2012.pdf\" target=\"_blank\" rel=\"noreferrer noopener\">PDF<\/a><\/td><\/tr><tr><td>\n09\/2012\n<\/td><td>Designa\n os vereadores Jos\u00e9 Edson Beserra, Emerson Cordeiro e Jos\u00e9 Dami\u00e3o \nMonteiro, para comporem a comiss\u00e3o de representa\u00e7\u00e3o que funcionar\u00e1 no \nper\u00edodo entre 01 a 31 de julho do corrente ano.<\/td><td><a href=\"http:\/\/www.camarapocao.pe.gov.br\/home\/images\/Consulta\/portarias\/2012\/09-2012.pdf\" target=\"_blank\" rel=\"noreferrer noopener\">PDF<\/a><\/td><\/tr><tr><td>10\/2012<\/td><td>Concede a servidora Elisana Beserra, f\u00e9rias anual a que tem direito a ser gozada no per\u00edodo de 01 a 30 de julho do corrente ano.<\/td><td><a href=\"http:\/\/www.camarapocao.pe.gov.br\/home\/images\/Consulta\/portarias\/2012\/10-2012.pdf\" target=\"_blank\" rel=\"noreferrer noopener\">PDF<\/a><\/td><\/tr><tr><td>11\/2012<\/td><td>Concede\n ao servidor Cl\u00e1udio Bezerra, Licen\u00e7a Pr\u00eamio a que tem direito a ser \ngozada no per\u00edodo de 01 a 30 de julho do corrente ano.<\/td><td><a href=\"http:\/\/www.camarapocao.pe.gov.br\/home\/images\/Consulta\/portarias\/2012\/11-2012.pdf\" target=\"_blank\" rel=\"noreferrer noopener\">PDF<\/a><\/td><\/tr><tr><td>12\/2012<\/td><td>Determina\n que os hor\u00e1rios de funcionamento da C\u00e2mara Municipal, durante o per\u00edodo\n de recesso (01 de junho a 31 de julho de 2012) ser\u00e1 de 9:00 as 12:00 de\n segunda a sexta-feira.<\/td><td><a href=\"http:\/\/www.camarapocao.pe.gov.br\/home\/images\/Consulta\/portarias\/2012\/12-2012.pdf\" target=\"_blank\" rel=\"noreferrer noopener\">PDF<\/a><\/td><\/tr><tr><td>13\/2012<\/td><td>Designa\n a servidora Hozaneide Paiva para responder cumulativamente pelo cargo \nde tesoureira do Poder Legislativo Municipal enquanto perdurar as f\u00e9rias\n da tesoureira titular.<\/td><td><a href=\"http:\/\/www.camarapocao.pe.gov.br\/home\/images\/Consulta\/portarias\/2012\/13-2012.pdf\" target=\"_blank\" rel=\"noreferrer noopener\">PDF<\/a><\/td><\/tr><tr><td>14\/2012<\/td><td>Concede promo\u00e7\u00e3o por antiguidade ao servidor Givanildo Menino da Silva<\/td><td><a href=\"http:\/\/www.camarapocao.pe.gov.br\/home\/images\/Consulta\/portarias\/2012\/14-2012.pdf\" target=\"_blank\" rel=\"noreferrer noopener\">PDF<\/a><\/td><\/tr><tr><td>15\/2012<\/td><td>Concede promo\u00e7\u00e3o por antiguidade ao servidor Ant\u00f4nio Correia.<\/td><td><a href=\"http:\/\/www.camarapocao.pe.gov.br\/home\/images\/Consulta\/portarias\/2012\/15-2012.pdf\" target=\"_blank\" rel=\"noreferrer noopener\">PDF<\/a><\/td><\/tr><tr><td>16\/2012<\/td><td>Concede ao servidor Givanildo Menino da Silva, atualmente ocupante do cargo de Auxiliar de Servi\u00e7os Gerais, Licen\u00e7a Pr\u00eamio.<\/td><td><a href=\"http:\/\/www.camarapocao.pe.gov.br\/home\/images\/Consulta\/portarias\/2012\/16-2012.pdf\" target=\"_blank\" rel=\"noreferrer noopener\">PDF<\/a><\/td><\/tr><tr><td>17\/2012<\/td><td>Nomeia \nos servidores Erick Cavalcanti da Silva, Ant\u00f4nio Carlos Duarte Correia, \nSuzana Bezerra da Silva Paz, sob a Presid\u00eancia do primeiro nomeado, \nficando constitu\u00eddo secret\u00e1rio e membro respectivamente para comporem a \ncomiss\u00e3o de licita\u00e7\u00e3o<\/td><td><a href=\"http:\/\/www.camarapocao.pe.gov.br\/home\/images\/Consulta\/portarias\/2012\/17-2012.pdf\" target=\"_blank\" rel=\"noreferrer noopener\">PDF<\/a><\/td><\/tr><tr><td>18\/2012<\/td><td>Concede\n f\u00e9rias anual ao servidor Ant\u00f4nio C. D. Correia, referente ao per\u00edodo \naquisitivo de 13 de junho de 2011 a 13 de junho de 2013. A ser gozada no\n per\u00edodo de 1 a 30 de novembro do corrente ano.<\/td><td><a href=\"http:\/\/www.camarapocao.pe.gov.br\/home\/images\/Consulta\/portarias\/2012\/18-2012.pdf\" target=\"_blank\" rel=\"noreferrer noopener\">PDF<\/a><\/td><\/tr><tr><td>19\/2012<\/td><td>Suspende\n as f\u00e9rias do servidor Ant\u00f4nio Correia, referente ao per\u00edodo aquisitivo \nde 13 de junho 2011 a 13 de junho de 2012, a partir desta da a anterior \ndecis\u00e3o<\/td><td><a href=\"http:\/\/www.camarapocao.pe.gov.br\/home\/images\/Consulta\/portarias\/2012\/19-2012.pdf\" target=\"_blank\" rel=\"noreferrer noopener\">PDF<\/a>&nbsp;<\/td><\/tr><tr><td>20\/2012<\/td><td>Concede\n f\u00e9rias anual ao servidor Cl\u00e1udio da Silva, referente ao per\u00edodo \naquisitivo de 2 de janeiro de 2011 a 2 de janeiro de 2012. A ser gozada \nno per\u00edodo de 3 de dezembro de 2012 a 1\u00b0 de janeiro de 2013<\/td><td><a href=\"http:\/\/www.camarapocao.pe.gov.br\/home\/images\/Consulta\/portarias\/2012\/20-2012.pdf\" target=\"_blank\" rel=\"noreferrer noopener\">PDF<\/a>&nbsp;<\/td><\/tr><tr><td>21\/2012<\/td><td>Determina que o expediente da C\u00e2mara de Vereadores de Po\u00e7\u00e3o durante o recesso, ser\u00e1 de 9:00 as 12:000, de segunda a sexta-feira.<\/td><td>&nbsp;<a href=\"http:\/\/www.camarapocao.pe.gov.br\/home\/images\/Consulta\/portarias\/2012\/21-2012.pdf\" target=\"_blank\" rel=\"noreferrer noopener\">PDF<\/a><\/td><\/tr><tr><td>22\/2012<\/td><td>Nomeia \nos servidores, Ant\u00f4nio Correia, Suzana da Silva e Givanildo da Silva, \nsob a Presid\u00eancia do primeiro nomeado, ficando constitu\u00eddo secret\u00e1rio e \nmembro respectivamente para comporem Comiss\u00e3o de Termo de Confer\u00eancia de\n Caixa.<\/td><td>&nbsp;<a href=\"http:\/\/www.camarapocao.pe.gov.br\/home\/images\/Consulta\/portarias\/2012\/21-2012.pdf\" target=\"_blank\" rel=\"noreferrer noopener\">PDF<\/a><\/td><\/tr><\/tbody><\/table>\n","protected":false},"excerpt":{"rendered":"<p>N\u00ba do documento Descri\u00e7\u00e3o Download 01\/2012 Nomeia o senhor Erick Cavalcanti da Silva Azevedo, para ocupar o Cargo Comissionado de Assistente Parlamente\u2013Simbologia CCAP-1 de acordo <a class=\"leiamais\" href=\"https:\/\/camarapocao.pe.gov.br\/v1\/portarias-2012\/\"><i class=\"fa fa-angle-double-right\" aria-hidden=\"true\"><\/i><br \/>\n<\/a><\/p>\n","protected":false},"author":2,"featured_media":0,"parent":0,"menu_order":0,"comment_status":"closed","ping_status":"closed","template":"","meta":{"footnotes":""},"class_list":["post-529","page","type-page","status-publish","hentry","active"],"aioseo_notices":[],"_links":{"self":[{"href":"https:\/\/camarapocao.pe.gov.br\/v1\/wp-json\/wp\/v2\/pages\/529","targetHints":{"allow":["GET"]}}],"collection":[{"href":"https:\/\/camarapocao.pe.gov.br\/v1\/wp-json\/wp\/v2\/pages"}],"about":[{"href":"https:\/\/camarapocao.pe.gov.br\/v1\/wp-json\/wp\/v2\/types\/page"}],"author":[{"embeddable":true,"href":"https:\/\/camarapocao.pe.gov.br\/v1\/wp-json\/wp\/v2\/users\/2"}],"replies":[{"embeddable":true,"href":"https:\/\/camarapocao.pe.gov.br\/v1\/wp-json\/wp\/v2\/comments?post=529"}],"version-history":[{"count":1,"href":"https:\/\/camarapocao.pe.gov.br\/v1\/wp-json\/wp\/v2\/pages\/529\/revisions"}],"predecessor-version":[{"id":530,"href":"https:\/\/camarapocao.pe.gov.br\/v1\/wp-json\/wp\/v2\/pages\/529\/revisions\/530"}],"wp:attachment":[{"href":"https:\/\/camarapocao.pe.gov.br\/v1\/wp-json\/wp\/v2\/media?parent=529"}],"curies":[{"name":"wp","href":"https:\/\/api.w.org\/{rel}","templated":true}]}}