{"id":526,"date":"2019-02-25T14:47:43","date_gmt":"2019-02-25T17:47:43","guid":{"rendered":"http:\/\/camarapocao.pe.gov.br\/v1\/?page_id=526"},"modified":"2019-02-25T14:47:43","modified_gmt":"2019-02-25T17:47:43","slug":"portarias-2011","status":"publish","type":"page","link":"https:\/\/camarapocao.pe.gov.br\/v1\/portarias-2011\/","title":{"rendered":"Portarias 2011"},"content":{"rendered":"\n<table class=\"wp-block-table is-style-stripes\"><tbody><tr><td><strong>N\u00ba do documento<\/strong><\/td><td><strong>Descri\u00e7\u00e3o<\/strong><\/td><td><strong>Download<\/strong><\/td><\/tr><tr><td>01\/2011<\/td><td>Designar a \nservidora Suzana Bezerra da Silva para o gerenciamento do Sistema de \nAuditoria e Informa\u00e7\u00f5es \u2013 AUDIN junto ao Tribunal de Contas do Estado de\n Pernambuco\u2013 TCE\/PE.<\/td><td><a href=\"http:\/\/www.camarapocao.pe.gov.br\/home\/images\/Consulta\/portarias\/2011\/01-2011.pdf\" target=\"_blank\" rel=\"noreferrer noopener\">PDF<\/a><\/td><\/tr><tr><td>02\/2011<\/td><td>Considerando\n a RESOLU\u00c7\u00c3O n\u00ba 001\/2009, do Tribunal de Contas do Estado de Pernambuco,\n que disp\u00f5e sobre a cria\u00e7\u00e3o, a manuten\u00e7\u00e3o e a coordena\u00e7\u00e3o de Sistema de \nControle Interno nos Poderes Municipais e e d\u00e1 outras provid\u00eancias.<\/td><td><a href=\"http:\/\/www.camarapocao.pe.gov.br\/home\/images\/Consulta\/portarias\/2011\/02-2011.pdf\" target=\"_blank\" rel=\"noreferrer noopener\">PDF<\/a><\/td><\/tr><tr><td>03\/2011<\/td><td>Nomeia os \nservidores Hozaneide Maria de Paiva, Evane Leite da Silve e Ant\u00f4nio \nCarlos Duarte Correia, sob a Presid\u00eancia do primeiro nomeado, ficando \nconstitu\u00eddo secret\u00e1rio e membro respectivamente para comporem a Comiss\u00e3o\n de Licita\u00e7\u00e3o.<\/td><td><a href=\"http:\/\/www.camarapocao.pe.gov.br\/home\/images\/Consulta\/portarias\/2011\/03-2011.pdf\" target=\"_blank\" rel=\"noreferrer noopener\">PDF<\/a><\/td><\/tr><tr><td>04\/2011<\/td><td>Designa a \nservidora Hozaneide Maria de Paiva, para proceder com a emiss\u00e3o e \nliquida\u00e7\u00e3o dos empenhos emitidos pela C\u00e2mara Municipal de Po\u00e7\u00e3o, durante\n o bi\u00eanio 2011\/2012.<\/td><td><a href=\"http:\/\/www.camarapocao.pe.gov.br\/home\/images\/Consulta\/portarias\/2011\/04-2011.pdf\" target=\"_blank\" rel=\"noreferrer noopener\">PDF<\/a><\/td><\/tr><tr><td>05\/2011<\/td><td>Designa \npara comporem as comiss\u00f5es permanentes da C\u00e2mara Municipal de Vereadores\n de Po\u00e7\u00e3o, para o bi\u00eanio de 2011\/12, os seguintes vereadores: Luiz \nGonzaga (Presidente), Jos\u00e9 Herculano Vasconcelos Varias (Secret\u00e1rio)<\/td><td><a href=\"http:\/\/www.camarapocao.pe.gov.br\/home\/images\/Consulta\/portarias\/2011\/05-2011.pdf\" target=\"_blank\" rel=\"noreferrer noopener\">PDF<\/a><\/td><\/tr><tr><td>06\/2011<\/td><td>Designa a \nServidora Hozaneide Maria de Paiva para na qualidade de usu\u00e1ria promover\n gerenciamento do SAGRES &#8211; Junto ao Tribunal de Contas de Pernambuco &#8211; \nTCE-PE.<\/td><td><a href=\"http:\/\/www.camarapocao.pe.gov.br\/home\/images\/Consulta\/portarias\/2011\/06-2011.pdf\" target=\"_blank\" rel=\"noreferrer noopener\">PDF<\/a><\/td><\/tr><tr><td>07\/2011<\/td><td>Concede ao \nservidor Cl\u00e1udio Bezerra da Silva, f\u00e9rias anual, referente ao per\u00edodo de\n 02 de jan. de 2009 a jan. de 2010, a ser gozada no per\u00edodo de 01 a 31 \nde mar\u00e7o do corrente ano.<\/td><td><a href=\"http:\/\/www.camarapocao.pe.gov.br\/home\/images\/Consulta\/portarias\/2011\/07-2011.pdf\" target=\"_blank\" rel=\"noreferrer noopener\">PDF<\/a><\/td><\/tr><tr><td>08\/2011<\/td><td>Concede ao \nservidor Givanildo M. da Silva, f\u00e9rias anual a que tem direito, \nreferente ao per\u00edodo aquisitivo de 02 de jan. de 2010 a 02 de jan. de \n2011, a ser gozada no 01 a 30 de junho do corrente ano.<\/td><td><a href=\"http:\/\/www.camarapocao.pe.gov.br\/home\/images\/Consulta\/portarias\/2011\/08-2011.pdf\" target=\"_blank\" rel=\"noreferrer noopener\">PDF<\/a><\/td><\/tr><tr><td>09\/2011<\/td><td>Concede \u00e0 \nservidora Cl\u00e9cia Mar\u00edlia Medeiros de Oliveira, licen\u00e7a sem vencimento \npara trato de interesse particular, pelo per\u00edodo de tr\u00eas anos, tendo \nin\u00edcio em 1\u00b0 de junho de 2011 e termino em 01 de junho de 2014.<\/td><td><a href=\"http:\/\/www.camarapocao.pe.gov.br\/home\/images\/Consulta\/portarias\/2011\/09-2011.pdf\" target=\"_blank\" rel=\"noreferrer noopener\">PDF<\/a><\/td><\/tr><tr><td>10\/2011<\/td><td>Designa a \nservidora Cristiane Clemente Caetano, para desempenhar al\u00e9m de suas \natividades normais, todos os procedimentos necess\u00e1rios para a confec\u00e7\u00e3o \nda folha de pagamentos de pessoal da c\u00e2mara Municipal<\/td><td><a href=\"http:\/\/www.camarapocao.pe.gov.br\/home\/images\/Consulta\/portarias\/2011\/10-2011.pdf\" target=\"_blank\" rel=\"noreferrer noopener\">PDF<\/a><\/td><\/tr><tr><td>11\/2011<\/td><td>Concede a \nServidora Evane Leite da Silva, um m\u00eas de licen\u00e7a pr\u00eamio, referente ao \nsegundo dec\u00eanio, completados no dia 02 de janeiro de 2005, a ser gozada \nno per\u00edodo de 04 de julho\/2011 a 02 de agosto do corrente ano, ficando \nrestante um m\u00eas a ser gozado em outra oportunidade<\/td><td><a href=\"http:\/\/www.camarapocao.pe.gov.br\/home\/images\/Consulta\/portarias\/2011\/11-2011.pdf\" target=\"_blank\" rel=\"noreferrer noopener\">PDF<\/a><\/td><\/tr><tr><td>12\/2011<\/td><td>Designa os \nvereadores Jos\u00e9 Edson Duarte Beserra, Emerson Cordeiro Vasconcelos e \nJos\u00e9 Dami\u00e3o da Silva Monteiro, para sob a presid\u00eancia do primeiro, \ncomporem a COMISS\u00c3O DE REPRESENTA\u00c7\u00c3O que funcionar\u00e1 no per\u00edodo de 01 a \n31 de julho do corrente ano.<\/td><td><a href=\"http:\/\/www.camarapocao.pe.gov.br\/home\/images\/Consulta\/portarias\/2011\/12-2011.pdf\" target=\"_blank\" rel=\"noreferrer noopener\">PDF<\/a><\/td><\/tr><tr><td>13\/2011<\/td><td>Determina \nque o expediente da C\u00e2mara Municipal de Po\u00e7\u00e3o durante o per\u00edodo de \nrecesso, ser\u00e1 de 09:00 horas \u00e0s 12:00 horas, de segunda a sexta-feira.<\/td><td><a href=\"http:\/\/www.camarapocao.pe.gov.br\/home\/images\/Consulta\/portarias\/2011\/13-2011.pdf\" target=\"_blank\" rel=\"noreferrer noopener\">PDF<\/a><\/td><\/tr><tr><td>14\/2011<\/td><td>Concede a \nservidora Suzana Bezerra, f\u00e9rias anual, referente ao per\u00edodo aquisitivo \nde 08 de abril de 2010 a 08 de abril de 2011, a ser gozada no per\u00edodo de\n 01 a 30 de agosto do corrente ano.<\/td><td><a href=\"http:\/\/www.camarapocao.pe.gov.br\/home\/images\/Consulta\/portarias\/2011\/14-2011.pdf\" target=\"_blank\" rel=\"noreferrer noopener\">PDF<\/a><\/td><\/tr><tr><td>15\/2011<\/td><td>Determina \nao setor cont\u00e1bil da C\u00e2mara Municipal que proceda com a implanta\u00e7\u00e3o do \n5\u00b0 quinqu\u00eanio no contra cheque do servidor Ant\u00f4nio Carlos Duarte Correia\n a t\u00edtulo de gratifica\u00e7\u00e3o por tempo de servi\u00e7os.<\/td><td><a href=\"http:\/\/www.camarapocao.pe.gov.br\/home\/images\/Consulta\/portarias\/2011\/15-2011.pdf\" target=\"_blank\" rel=\"noreferrer noopener\">PDF<\/a><\/td><\/tr><tr><td>16\/2011<\/td><td>Designa a \nCristiane Clemente Caetano qualificada para representar esta unidade \ngestora quanto \u00e0 operacionaliza\u00e7\u00e3o do Sistema de Acompanhamento da \nGest\u00e3o de Recursos da Sociedade com Folha de Pagamento (SAGRES)<\/td><td><a href=\"http:\/\/www.camarapocao.pe.gov.br\/home\/images\/Consulta\/portarias\/2011\/16-2011.pdf\" target=\"_blank\" rel=\"noreferrer noopener\">PDF<\/a><\/td><\/tr><tr><td>17\/2011<\/td><td>Determina que durante as Sess\u00f5es Plen\u00e1rias da C\u00e2mara Municipal, os telefones celulares dos Vereadores dever\u00e3o ficar desligados.<\/td><td><a href=\"http:\/\/www.camarapocao.pe.gov.br\/home\/images\/Consulta\/portarias\/2011\/17-2011.pdf\" target=\"_blank\" rel=\"noreferrer noopener\">PDF<\/a><\/td><\/tr><tr><td>18\/2011<\/td><td>Concede ao \nservidor Cl\u00e1udio Bezerra da Silva, F\u00e9rias Anual, referente ao per\u00edodo de\n 2 de janeiro de 2010 a 2 de janeiro de 2011, a ser gozada no per\u00edodo de\n 3 de outubro a 2 de novembro de do corrente ano.<\/td><td><a href=\"http:\/\/www.camarapocao.pe.gov.br\/home\/images\/Consulta\/portarias\/2011\/18-2011.pdf\" target=\"_blank\" rel=\"noreferrer noopener\">PDF<\/a><\/td><\/tr><tr><td>19\/2011<\/td><td>Concede a \nservidora Elisana Israel dos Santos Beserra, F\u00e9rias Anual, referente ao \nper\u00edodo de 5 de janeiro de 2010 a 5 de janeiro de 2011, a ser gozada no \nper\u00edodo de 3 de outubro a 2 de novembro do corrente ano.<\/td><td>&nbsp;<a href=\"http:\/\/www.camarapocao.pe.gov.br\/home\/images\/Consulta\/portarias\/2011\/19-2011.pdf\" target=\"_blank\" rel=\"noreferrer noopener\">PDF<\/a><\/td><\/tr><tr><td>20\/2011<\/td><td>Designa a \nservidora Hozaneide Maria de Paiva, para responder cumulativamente pelo \ncargo de tesoureira do Poder Legislativo Municipal enquanto perdurar as \nf\u00e9rias da tesoureira titular.<\/td><td><a href=\"http:\/\/www.camarapocao.pe.gov.br\/home\/images\/Consulta\/portarias\/2011\/20-2011.pdf\" target=\"_blank\" rel=\"noreferrer noopener\">PDF<\/a>&nbsp;<\/td><\/tr><tr><td>21\/2011<\/td><td>Concede ao \nservidor Ant\u00e2nio Carlos Duarte Correia, F\u00e9rias Anual, referente ao \nper\u00edodo de 13 de junho de 2010 a 13 de junho de 2011, a ser gozada no \nper\u00edodo de 07 a 06 de dezembro de 2011<\/td><td><a href=\"http:\/\/www.camarapocao.pe.gov.br\/home\/images\/Consulta\/portarias\/2011\/21-2011.pdf\" target=\"_blank\" rel=\"noreferrer noopener\">PDF<\/a><\/td><\/tr><tr><td>22\/2011<\/td><td>Designa os \nservidores Ant\u00f4nio Carlos Duarte Correia, Suzana Bezerra da Silva e \nGivanildo Menino da Silva para comporem a comiss\u00e3o que promover\u00e1 o \nlevantamento f\u00edsico dos equipamentos e materiais permanentes.<\/td><td><a href=\"http:\/\/www.camarapocao.pe.gov.br\/home\/images\/Consulta\/portarias\/2011\/22-2011.pdf\" target=\"_blank\" rel=\"noreferrer noopener\">PDF<\/a>&nbsp;<\/td><\/tr><tr><td>23\/2011<\/td><td>Determina que o expediente da C\u00e2mara Municipal durante o per\u00edodo de recesso, ser\u00e1 de 9:00 \u00e0s 12:00, de segunda a sexta-feira.<\/td><td><a href=\"http:\/\/www.camarapocao.pe.gov.br\/home\/images\/Consulta\/portarias\/2011\/23-2011.pdf\" target=\"_blank\" rel=\"noreferrer noopener\">PDF<\/a>&nbsp;<\/td><\/tr><tr><td>24\/2011<\/td><td>Designa os \nvereadores Jos\u00e9 Edson Duarte Beserra, Emerson Cordeiro Vasconcelos e \nJos\u00e9 Dami\u00e3o da Silva Monteiro para sob a Presid\u00eancia do primeiro, \ncomporem a comiss\u00e3o de representa\u00e7\u00e3o que funcionar\u00e1 de 15 de dezembro de\n 2011 a 15 de fevereiro de 2012.<\/td><td><a href=\"http:\/\/www.camarapocao.pe.gov.br\/home\/images\/Consulta\/portarias\/2011\/24-2011.pdf\" target=\"_blank\" rel=\"noreferrer noopener\">PDF<\/a>&nbsp;<\/td><\/tr><tr><td>25\/2011<\/td><td>Nomeia os \nservidores, Antonio Carlos Duarte Correia, Hozaneide Maria de Paiva &nbsp;e \nSuzana Bezerra da Silva , &nbsp;sob a Presid\u00eancia do primeiro nomeado, \nficando constitu\u00eddo secret\u00e1rio e membro respectivamente para comporem a \nComiss\u00e3o de termo de confer\u00eancia de caixa em 31 de dezembro de 2011<\/td><td>&nbsp;<a href=\"http:\/\/www.camarapocao.pe.gov.br\/home\/images\/Consulta\/portarias\/2011\/25-2011.pdf\" target=\"_blank\" rel=\"noreferrer noopener\">PDF<\/a><\/td><\/tr><\/tbody><\/table>\n","protected":false},"excerpt":{"rendered":"<p>N\u00ba do documento Descri\u00e7\u00e3o Download 01\/2011 Designar a servidora Suzana Bezerra da Silva para o gerenciamento do Sistema de Auditoria e Informa\u00e7\u00f5es \u2013 AUDIN junto <a class=\"leiamais\" href=\"https:\/\/camarapocao.pe.gov.br\/v1\/portarias-2011\/\"><i class=\"fa fa-angle-double-right\" aria-hidden=\"true\"><\/i><br \/>\n<\/a><\/p>\n","protected":false},"author":2,"featured_media":0,"parent":0,"menu_order":0,"comment_status":"closed","ping_status":"closed","template":"","meta":{"footnotes":""},"class_list":["post-526","page","type-page","status-publish","hentry","active"],"aioseo_notices":[],"_links":{"self":[{"href":"https:\/\/camarapocao.pe.gov.br\/v1\/wp-json\/wp\/v2\/pages\/526","targetHints":{"allow":["GET"]}}],"collection":[{"href":"https:\/\/camarapocao.pe.gov.br\/v1\/wp-json\/wp\/v2\/pages"}],"about":[{"href":"https:\/\/camarapocao.pe.gov.br\/v1\/wp-json\/wp\/v2\/types\/page"}],"author":[{"embeddable":true,"href":"https:\/\/camarapocao.pe.gov.br\/v1\/wp-json\/wp\/v2\/users\/2"}],"replies":[{"embeddable":true,"href":"https:\/\/camarapocao.pe.gov.br\/v1\/wp-json\/wp\/v2\/comments?post=526"}],"version-history":[{"count":1,"href":"https:\/\/camarapocao.pe.gov.br\/v1\/wp-json\/wp\/v2\/pages\/526\/revisions"}],"predecessor-version":[{"id":528,"href":"https:\/\/camarapocao.pe.gov.br\/v1\/wp-json\/wp\/v2\/pages\/526\/revisions\/528"}],"wp:attachment":[{"href":"https:\/\/camarapocao.pe.gov.br\/v1\/wp-json\/wp\/v2\/media?parent=526"}],"curies":[{"name":"wp","href":"https:\/\/api.w.org\/{rel}","templated":true}]}}