{"id":524,"date":"2019-02-25T14:46:42","date_gmt":"2019-02-25T17:46:42","guid":{"rendered":"http:\/\/camarapocao.pe.gov.br\/v1\/?page_id=524"},"modified":"2019-02-25T14:46:42","modified_gmt":"2019-02-25T17:46:42","slug":"portarias-2010","status":"publish","type":"page","link":"https:\/\/camarapocao.pe.gov.br\/v1\/portarias-2010\/","title":{"rendered":"Portarias 2010"},"content":{"rendered":"\n<table class=\"wp-block-table is-style-stripes\"><tbody><tr><td><strong>N\u00ba do documento<\/strong><\/td><td><strong>Descri\u00e7\u00e3o<\/strong><\/td><td><strong>Download<\/strong><\/td><\/tr><tr><td>01\/2010<\/td><td>Nomear os \nservidores Suzana Bezerra da Silva, Evane Leite da Silva, Hozaneide \nMaria de Paiva, sob a Presid\u00eancia do primeiro nomeado, ficando \nconstitu\u00eddo secret\u00e1rio e membro respectivamente para comporem a Comiss\u00e3o\n de Licita\u00e7\u00e3o<\/td><td><a href=\"http:\/\/www.camarapocao.pe.gov.br\/home\/images\/Consulta\/portarias\/2010\/01-2010.pdf\" target=\"_blank\" rel=\"noreferrer noopener\">PDF<\/a><\/td><\/tr><tr><td>02\/2010<\/td><td>Considerando\n o Relat\u00f3rio da Comiss\u00e3o de Inqu\u00e9rito Administrativo 02\/2009 e tudo \nconstante nos autos do Inqu\u00e9rito resolve exonerar o Servidor da C\u00e2mara \nMunicipal de Po\u00e7\u00e3o, JOS\u00c9 ANT\u00d4NIO DA SILVA<\/td><td><a href=\"http:\/\/www.camarapocao.pe.gov.br\/home\/images\/Consulta\/portarias\/2010\/02-2010.pdf\" target=\"_blank\" rel=\"noreferrer noopener\">PDF<\/a><\/td><\/tr><tr><td>03\/2010<\/td><td>Considerando\n os preceitos do Regimento Interno da Casa, demais legisla\u00e7\u00f5es vigentes e\n solicita\u00e7\u00e3o verbal do Vereador Sr. Luiz Gonzaga resolve destituir o \nvereador Luiz Gonzaga Monteiro da Comiss\u00e3o Permanente de Or\u00e7amento e \nFinan\u00e7as e designa o vereador Jos\u00e9 Edson Duarte Beserra para recompor a \nreferida comiss\u00e3o<\/td><td><a href=\"http:\/\/www.camarapocao.pe.gov.br\/home\/images\/Consulta\/portarias\/2010\/03-2010.pdf\" target=\"_blank\" rel=\"noreferrer noopener\">PDF<\/a><\/td><\/tr><tr><td>04\/2010<\/td><td>Revoga a \nPortaria n\u00b0 03\/2009 e nomeia a servidora Elisana Israel dos Santos \nBeserra para ocupar cargo comissionado da Secretaria Administrativa &#8211; \nCCSA &#8211; 1 acordo com a lei municipal n\u00ba581\/2009 e designa a mesma para \nresponder cumulativamente pelo cargo de tesoureiro &#8211; CC &#8211; 1<\/td><td><a href=\"http:\/\/www.camarapocao.pe.gov.br\/home\/images\/Consulta\/portarias\/2010\/04-2010.pdf\" target=\"_blank\" rel=\"noreferrer noopener\">PDF<\/a><\/td><\/tr><tr><td>05\/2010<\/td><td>Concede ao \nservidor Givanildo M. da Silva, f\u00e9rias anual a que tem direito, \nreferente ao per\u00edodo aquisitivo de 02 de jan. de 2009 a jan. de 2010, a \nser gozada no per\u00edodo de 1 de junho a 30 de junho do corrente ano<\/td><td><a href=\"http:\/\/www.camarapocao.pe.gov.br\/home\/images\/Consulta\/portarias\/2010\/05-2010.pdf\" target=\"_blank\" rel=\"noreferrer noopener\">PDF<\/a><\/td><\/tr><tr><td>06\/2010<\/td><td>Revoga os \natos estabelecidos pela Portaria n\u00b001\/2010, a qual designava membros \npara comporem a Comiss\u00e3o de Licita\u00e7\u00e3o da C\u00e2mara Municipal de Po\u00e7\u00e3o, \nPernambuco<\/td><td><a href=\"http:\/\/www.camarapocao.pe.gov.br\/home\/images\/Consulta\/portarias\/2010\/06-2010.pdf\" target=\"_blank\" rel=\"noreferrer noopener\">PDF<\/a><\/td><\/tr><tr><td>07\/2010<\/td><td>Concede a \nservidora Elisana Israel dos Santos Beserra f\u00e9rias anual a que tem \ndireito, referente ao per\u00edodo de 5 de jan de 2009 a 5 de jan de 2010, a \nser gozada no per\u00edodo de 01 de julho a 30 de julho do corrente ano<\/td><td><a href=\"http:\/\/www.camarapocao.pe.gov.br\/home\/images\/Consulta\/portarias\/2010\/07-2010.pdf\" target=\"_blank\" rel=\"noreferrer noopener\">PDF<\/a><\/td><\/tr><tr><td>08\/2010<\/td><td>Designa os \nservidores Cl\u00e9cia Mar\u00edlia Medeiros de Oliveira, Ant\u00f4nio Carlos Duarte \nCorreia e Evane Leite da Silva, para procederem junto a tr\u00eas empresas, \numa cota\u00e7\u00e3o de pre\u00e7os para aquisi\u00e7\u00e3o dos seguintes produtos:<\/td><td><a href=\"http:\/\/www.camarapocao.pe.gov.br\/home\/images\/Consulta\/portarias\/2010\/08-2010.pdf\" target=\"_blank\" rel=\"noreferrer noopener\">PDF<\/a><\/td><\/tr><tr><td>09\/2010<\/td><td>Concede a \nServidora Cl\u00e9cia Mar\u00edlia Medeiros de Oliveira, o restante da licen\u00e7a \npr\u00eamio referente ao primeiro dec\u00eanio completado no dia 10 de agosto de \n1997, a ser gozado no per\u00edodo de 01 de julho a 15 de outubro do corrente\n ano<\/td><td><a href=\"http:\/\/www.camarapocao.pe.gov.br\/home\/images\/Consulta\/portarias\/2010\/09-2010.pdf\" target=\"_blank\" rel=\"noreferrer noopener\">PDF<\/a><\/td><\/tr><tr><td>10\/2010<\/td><td>Designa o Servidor Cl\u00e1udio da Silva, para responder cumulativamente pelo cargo de tesoureiro do Poder Legislativo Municipal<\/td><td><a href=\"http:\/\/www.camarapocao.pe.gov.br\/home\/images\/Consulta\/portarias\/2010\/10-2010.pdf\" target=\"_blank\" rel=\"noreferrer noopener\">PDF<\/a><\/td><\/tr><tr><td>11\/2010<\/td><td>Designa os \nvereadores Jos\u00e9 Adri\u00e3o Barbosa Mendes, Aud\u00e1lio P\u00f3voas da Silva e Jos\u00e9 \nEdson Duarte Beserra, para sob a presid\u00eancia do primeiro comporem a \ncomiss\u00e3o de representa\u00e7\u00e3o que funcionar\u00e1 durante o per\u00edodo de 01 de \njulho a 31 de julho do corrente ano.<\/td><td><a href=\"http:\/\/www.camarapocao.pe.gov.br\/home\/images\/Consulta\/portarias\/2010\/11-2010.pdf\" target=\"_blank\" rel=\"noreferrer noopener\">PDF<\/a><\/td><\/tr><tr><td>12\/2010<\/td><td>Concede a \nservidora Suzana Bezerra da Silva Paz, F\u00e9rias Anual, referente ao \nper\u00edodo aquisitivo de 8 de abril 2009 a 8 de abril de 2010, a ser gozada\n no per\u00edodo de 02 de agosto a 31 de agosto do corrente ano.<\/td><td><a href=\"http:\/\/www.camarapocao.pe.gov.br\/home\/images\/Consulta\/portarias\/2010\/12-2010.pdf\" target=\"_blank\" rel=\"noreferrer noopener\">PDF<\/a><\/td><\/tr><tr><td>13\/2010<\/td><td>Concede a \nServidora Evane Leite da Silva, um m\u00eas de licen\u00e7a pr\u00eamio referente ao \nsegundo dec\u00eanio completado no dia 02 de janeiro de 2005, a ser gozado no\n per\u00edodo de 01 a 30 de agosto do corrente ano ficando o restante de dois\n meses a ser gozada em outra oportunidade.<\/td><td><a href=\"http:\/\/www.camarapocao.pe.gov.br\/home\/images\/Consulta\/portarias\/2010\/13-2010.pdf\" target=\"_blank\" rel=\"noreferrer noopener\">PDF<\/a><\/td><\/tr><tr><td>14\/2010<\/td><td>Designa o \nservidor Givanildo Menino da Silva, para responder cumulativamente pelos\n servi\u00e7os de controle de entrada\/sa\u00edda e estoque dos materiais de \nexpediente; responder pelos servi\u00e7os de controle de entrada\/sa\u00edda e \nestoque de materiais de copa e cozinha; proceder com a an\u00e1lise e \nrecebimento de qualquer equipamento e demais materiais adquiridos pela \nC\u00e2mara Municipal.<\/td><td><a href=\"http:\/\/www.camarapocao.pe.gov.br\/home\/images\/Consulta\/portarias\/2010\/14-2010.pdf\" target=\"_blank\" rel=\"noreferrer noopener\">PDF<\/a><\/td><\/tr><tr><td>15\/2010<\/td><td>Concede ao \nservidor Antonio Carlos Duarte Correia, Licen\u00e7a Pr\u00eamio, referente ao \nsegundo dec\u00eanio, completados no dia 13 de junho de 2006, a ser gozada no\n per\u00edodo de 02 de setembro a 01 de outubro do corrente ano, ficando dois\n meses restantes a ser gozado a posterior negocia\u00e7\u00e3o<\/td><td><a href=\"http:\/\/www.camarapocao.pe.gov.br\/home\/images\/Consulta\/portarias\/2010\/15-2010.pdf\" target=\"_blank\" rel=\"noreferrer noopener\">PDF<\/a><\/td><\/tr><tr><td>16\/2010<\/td><td>Concede a \nservidora CL\u00c9CIA MAR\u00cdLIA MEDEIROS DE OLIVEIRA, LICEN\u00c7A PR\u00caMIO, referente\n ao segundo dec\u00eanio, completados no dia 10 de agosto de 2007, a ser \ngozada no per\u00edodo de 18 de outubro a 18 de abril do corrente ano.<\/td><td><a href=\"http:\/\/www.camarapocao.pe.gov.br\/home\/images\/Consulta\/portarias\/2010\/16-2010.pdf\" target=\"_blank\" rel=\"noreferrer noopener\">PDF<\/a><\/td><\/tr><tr><td>17\/2010<\/td><td>Concede ao \nservidor Cl\u00e1udio Bezerra da Silva, licen\u00e7a pr\u00eamio referente ao segundo \ndec\u00eanio completado no \u00faltimo dia 02 de janeiro de 2009, a ser gozado \n(parcialmente) no per\u00edodo de 01 de outubro de 2009 a 30 de outubro de \n2010, ficando o restante de dois meses a ser gozado posteriormente<\/td><td><a href=\"http:\/\/www.camarapocao.pe.gov.br\/home\/images\/Consulta\/portarias\/2010\/17-2010.pdf\" target=\"_blank\" rel=\"noreferrer noopener\">PDF<\/a><\/td><\/tr><tr><td>18\/2010<\/td><td>Concede ao \nservidor Antonio Correia, F\u00c9RIAS ANUAL, referente ao per\u00edodo aquisitivo \nde 13 de junho de 2009 a 13 de junho de 2010, a ser gozada no per\u00edodo de\n 01 de novembro a 30 de novembro do corrente ano.<\/td><td><a href=\"http:\/\/www.camarapocao.pe.gov.br\/home\/images\/Consulta\/portarias\/2010\/18-2010.pdf\" target=\"_blank\" rel=\"noreferrer noopener\">PDF<\/a><\/td><\/tr><\/tbody><\/table>\n","protected":false},"excerpt":{"rendered":"<p>N\u00ba do documento Descri\u00e7\u00e3o Download 01\/2010 Nomear os servidores Suzana Bezerra da Silva, Evane Leite da Silva, Hozaneide Maria de Paiva, sob a Presid\u00eancia do <a class=\"leiamais\" href=\"https:\/\/camarapocao.pe.gov.br\/v1\/portarias-2010\/\"><i class=\"fa fa-angle-double-right\" aria-hidden=\"true\"><\/i><br \/>\n<\/a><\/p>\n","protected":false},"author":2,"featured_media":0,"parent":0,"menu_order":0,"comment_status":"closed","ping_status":"closed","template":"","meta":{"footnotes":""},"class_list":["post-524","page","type-page","status-publish","hentry","active"],"aioseo_notices":[],"_links":{"self":[{"href":"https:\/\/camarapocao.pe.gov.br\/v1\/wp-json\/wp\/v2\/pages\/524","targetHints":{"allow":["GET"]}}],"collection":[{"href":"https:\/\/camarapocao.pe.gov.br\/v1\/wp-json\/wp\/v2\/pages"}],"about":[{"href":"https:\/\/camarapocao.pe.gov.br\/v1\/wp-json\/wp\/v2\/types\/page"}],"author":[{"embeddable":true,"href":"https:\/\/camarapocao.pe.gov.br\/v1\/wp-json\/wp\/v2\/users\/2"}],"replies":[{"embeddable":true,"href":"https:\/\/camarapocao.pe.gov.br\/v1\/wp-json\/wp\/v2\/comments?post=524"}],"version-history":[{"count":1,"href":"https:\/\/camarapocao.pe.gov.br\/v1\/wp-json\/wp\/v2\/pages\/524\/revisions"}],"predecessor-version":[{"id":525,"href":"https:\/\/camarapocao.pe.gov.br\/v1\/wp-json\/wp\/v2\/pages\/524\/revisions\/525"}],"wp:attachment":[{"href":"https:\/\/camarapocao.pe.gov.br\/v1\/wp-json\/wp\/v2\/media?parent=524"}],"curies":[{"name":"wp","href":"https:\/\/api.w.org\/{rel}","templated":true}]}}