{"id":413,"date":"2019-02-24T10:10:07","date_gmt":"2019-02-24T13:10:07","guid":{"rendered":"http:\/\/camarapocao.pe.gov.br\/v1\/?page_id=413"},"modified":"2019-02-24T10:10:07","modified_gmt":"2019-02-24T13:10:07","slug":"contratos-fechados-em-2015","status":"publish","type":"page","link":"https:\/\/camarapocao.pe.gov.br\/v1\/contratos-fechados-em-2015\/","title":{"rendered":"Contratos Fechados em 2015"},"content":{"rendered":"\n<table class=\"wp-block-table\"><tbody><tr><td><strong>N\u00ba do documento<\/strong><\/td><td><strong>Descri\u00e7\u00e3o<\/strong><\/td><td><strong>Download<\/strong><\/td><\/tr><tr><td>1\/2015<\/td><td>O presente contrato tem \npor objetivo a presta\u00e7\u00e3o de servi\u00e7os de ornamenta\u00e7\u00e3o e cerimonial da \nse\u00e7\u00e3o solene de posse da mesa diretora para a legislatura 2015-2016.<\/td><td><a href=\"http:\/\/www.camarapocao.pe.gov.br\/home\/images\/Consulta\/contratos\/2015\/01-2015.pdf\" target=\"_blank\" rel=\"noreferrer noopener\">PDF<\/a><\/td><\/tr><tr><td>2\/2015<\/td><td>Contrato de presta\u00e7\u00e3o de \nservi\u00e7o de acesso \u00e0 internet que celebra a empresa &#8220;TESSI &#8211; TECNOLOGIA \nEM SEGURAN\u00c7A E SISTEMAS DE INFORMA\u00c7\u00c3O LTDA-ME.<\/td><td><a href=\"http:\/\/www.camarapocao.pe.gov.br\/home\/images\/Consulta\/contratos\/2015\/02-2015.pdf\" target=\"_blank\" rel=\"noreferrer noopener\">PDF<\/a><\/td><\/tr><tr><td>3\/2015<\/td><td>O presente contrato tem \ncomo objetivo a cess\u00e3o de uso de um sistema de gerenciamento de \npublica\u00e7\u00e3o de documentos exigidos pela LF 9.755\/98, LC101\/00 e Portal da\n Transpar\u00eanciaLC131\/09<\/td><td><a href=\"http:\/\/www.camarapocao.pe.gov.br\/home\/images\/Consulta\/contratos\/2015\/03-2015.pdf\" target=\"_blank\" rel=\"noreferrer noopener\">PDF<\/a><\/td><\/tr><tr><td>4\/2015<\/td><td>O&nbsp;presente contrato tem \ncomo objeto a presta\u00e7\u00e3o de servi\u00e7os especializados de consultoria e \nassessoria na \u00e1rea de RH, com disponibiliza\u00e7\u00e3o de software gerenciador \nde pessoal.<\/td><td><a href=\"http:\/\/www.camarapocao.pe.gov.br\/home\/images\/Consulta\/contratos\/2015\/04-2015.pdf\" target=\"_blank\" rel=\"noreferrer noopener\">PDF<\/a><\/td><\/tr><tr><td>5\/2015<\/td><td>O&nbsp;presente contrato tem \ncomo objeto a presta\u00e7\u00e3o de servi\u00e7os de hospedagem, manuten\u00e7\u00e3o e \natualiza\u00e7\u00e3o do s\u00edtio da C\u00e2mara Municipal de Po\u00e7\u00e3o\/PE na internet.<\/td><td><a href=\"http:\/\/www.camarapocao.pe.gov.br\/home\/images\/Consulta\/contratos\/2015\/05-2015.pdf\" target=\"_blank\" rel=\"noreferrer noopener\">PDF<\/a><\/td><\/tr><tr><td>Termo aditivo<\/td><td>Termo aditivo ao contrato de presta\u00e7\u00e3o de servi\u00e7os especializados de consultoria e assessoria cont\u00e1bil e financeira.<\/td><td><a href=\"http:\/\/www.camarapocao.pe.gov.br\/home\/images\/Consulta\/contratos\/2015\/termo-aditivo-01-2015.pdf\" target=\"_blank\" rel=\"noreferrer noopener\">PDF<\/a><\/td><\/tr><tr><td>6\/2015<\/td><td>Contrato de presta\u00e7\u00e3o de servi\u00e7os profissionais assessoria e consultoria Legislativa \u00e0 C\u00e2mara Municipal de Po\u00e7\u00e3o.<\/td><td><a href=\"http:\/\/www.camarapocao.pe.gov.br\/home\/images\/Consulta\/contratos\/2015\/06-2015.pdf\" target=\"_blank\" rel=\"noreferrer noopener\">PDF<\/a><\/td><\/tr><tr><td>Termo de rescis\u00e3o<\/td><td>TERMO DE RESCIS\u00c3O AO CONTRATO 06\/2015<\/td><td><a href=\"http:\/\/www.camarapocao.pe.gov.br\/home\/images\/Consulta\/contratos\/2015\/06_1-2015.pdf\" target=\"_blank\" rel=\"noreferrer noopener\">PDF<\/a><\/td><\/tr><tr><td>7\/2015<\/td><td>Contrato de loca\u00e7\u00e3o de im\u00f3vel.<\/td><td><a href=\"http:\/\/www.camarapocao.pe.gov.br\/home\/images\/Consulta\/contratos\/2015\/07-2015.pdf\">PDF<\/a><\/td><\/tr><tr><td>8\/2015<\/td><td>Contrato de presta\u00e7\u00e3o de servi\u00e7os de elabora\u00e7\u00e3o de projeto de reforma e reinven\u00e7\u00e3o da C\u00e2mara Municipal de Po\u00e7\u00e3o.<\/td><td><a href=\"http:\/\/www.camarapocao.pe.gov.br\/home\/images\/Consulta\/contratos\/2015\/08-2015.pdf\" target=\"_blank\" rel=\"noreferrer noopener\">PDF<\/a><\/td><\/tr><tr><td>9\/2015<\/td><td>Contrato de presta\u00e7\u00e3o de servi\u00e7os de seguran\u00e7a para C\u00e2mara Municipal de Po\u00e7\u00e3o.<\/td><td><a href=\"http:\/\/www.camarapocao.pe.gov.br\/home\/images\/Consulta\/contratos\/2015\/09-2015.pdf\" target=\"_blank\" rel=\"noreferrer noopener\">PDF<\/a><\/td><\/tr><tr><td>10\/2015<\/td><td>Contrato de presta\u00e7\u00e3o de servi\u00e7os de assessoria e consultoria legislativa.<\/td><td><a href=\"http:\/\/www.camarapocao.pe.gov.br\/home\/images\/Consulta\/contratos\/2015\/10-2015.pdf\">PDF<\/a><\/td><\/tr><tr><td>11\/2015<\/td><td>Contrato de presta\u00e7\u00e3o de servi\u00e7os t\u00e9cnicos especializados de assessoria e consultoria legislativa.<\/td><td><a href=\"http:\/\/www.camarapocao.pe.gov.br\/home\/images\/Consulta\/contratos\/2015\/11-2015.pdf\">PDF<\/a><\/td><\/tr><tr><td>12\/2015<\/td><td>Contrata\u00e7\u00e3o de presta\u00e7\u00e3o de \nservi\u00e7os de pessoa f\u00edsica especializada em obras para realizar reforma \nnas instala\u00e7\u00f5es do pr\u00e9dio da C\u00e2mara Municipal.<\/td><td><a href=\"http:\/\/www.camarapocao.pe.gov.br\/home\/images\/Consulta\/contratos\/2015\/12-2015.pdf\">PDF<\/a><\/td><\/tr><tr><td>13\/2015<\/td><td>Contrato referente a loca\u00e7\u00e3o de im\u00f3vel.<\/td><td><a href=\"http:\/\/www.camarapocao.pe.gov.br\/home\/images\/Consulta\/contratos\/2015\/13-2015.pdf\">PDF<\/a><\/td><\/tr><tr><td>14\/2015<\/td><td>Contrato de presta\u00e7\u00e3o de servi\u00e7os de filmagem das reuni\u00f5es da C\u00e2mara de Vereadores de Po\u00e7\u00e3o\/PE<\/td><td><a href=\"http:\/\/www.camarapocao.pe.gov.br\/home\/images\/Consulta\/contratos\/2015\/14-2015.pdf\">PDF<\/a><\/td><\/tr><tr><td>15\/2015<\/td><td>Tem por objetivo a presta\u00e7\u00e3o de servi\u00e7os especializados de Assessoria Legislativa<\/td><td><a href=\"http:\/\/www.camarapocao.pe.gov.br\/home\/images\/Consulta\/contratos\/2015\/15-2015.pdf\">PDF<\/a><\/td><\/tr><tr><td>16\/2015<\/td><td>Tem por objetivo a contrata\u00e7\u00e3o de presta\u00e7\u00e3o de servi\u00e7os de reparos e manuten\u00e7\u00e3o da rede hidr\u00e1ulica do predio da C\u00e2mara Municipal<\/td><td><a href=\"http:\/\/www.camarapocao.pe.gov.br\/home\/images\/Consulta\/contratos\/2015\/16-2015.pdf\">PDF<\/a><\/td><\/tr><tr><td>17\/2015<\/td><td>Tem por objetivo a contrata\u00e7\u00e3o de presta\u00e7\u00e3o de servi\u00e7os de instala\u00e7\u00e3o e equaliza\u00e7\u00e3o do som da C\u00e2mara Municipal<\/td><td><a href=\"http:\/\/www.camarapocao.pe.gov.br\/home\/images\/Consulta\/contratos\/2015\/17-2015.pdf\">PDF<\/a><\/td><\/tr><\/tbody><\/table>\n","protected":false},"excerpt":{"rendered":"<p>N\u00ba do documento Descri\u00e7\u00e3o Download 1\/2015 O presente contrato tem por objetivo a presta\u00e7\u00e3o de servi\u00e7os de ornamenta\u00e7\u00e3o e cerimonial da se\u00e7\u00e3o solene de posse <a class=\"leiamais\" href=\"https:\/\/camarapocao.pe.gov.br\/v1\/contratos-fechados-em-2015\/\"><i class=\"fa fa-angle-double-right\" aria-hidden=\"true\"><\/i><br \/>\n<\/a><\/p>\n","protected":false},"author":2,"featured_media":0,"parent":0,"menu_order":0,"comment_status":"closed","ping_status":"closed","template":"","meta":{"footnotes":""},"class_list":["post-413","page","type-page","status-publish","hentry","active"],"aioseo_notices":[],"_links":{"self":[{"href":"https:\/\/camarapocao.pe.gov.br\/v1\/wp-json\/wp\/v2\/pages\/413","targetHints":{"allow":["GET"]}}],"collection":[{"href":"https:\/\/camarapocao.pe.gov.br\/v1\/wp-json\/wp\/v2\/pages"}],"about":[{"href":"https:\/\/camarapocao.pe.gov.br\/v1\/wp-json\/wp\/v2\/types\/page"}],"author":[{"embeddable":true,"href":"https:\/\/camarapocao.pe.gov.br\/v1\/wp-json\/wp\/v2\/users\/2"}],"replies":[{"embeddable":true,"href":"https:\/\/camarapocao.pe.gov.br\/v1\/wp-json\/wp\/v2\/comments?post=413"}],"version-history":[{"count":1,"href":"https:\/\/camarapocao.pe.gov.br\/v1\/wp-json\/wp\/v2\/pages\/413\/revisions"}],"predecessor-version":[{"id":414,"href":"https:\/\/camarapocao.pe.gov.br\/v1\/wp-json\/wp\/v2\/pages\/413\/revisions\/414"}],"wp:attachment":[{"href":"https:\/\/camarapocao.pe.gov.br\/v1\/wp-json\/wp\/v2\/media?parent=413"}],"curies":[{"name":"wp","href":"https:\/\/api.w.org\/{rel}","templated":true}]}}