{"id":1977,"date":"2025-07-31T09:39:00","date_gmt":"2025-07-31T12:39:00","guid":{"rendered":"https:\/\/camarapocao.pe.gov.br\/v1\/?page_id=1977"},"modified":"2025-07-31T09:39:00","modified_gmt":"2025-07-31T12:39:00","slug":"projetos-de-lei-tramitados-2022","status":"publish","type":"page","link":"https:\/\/camarapocao.pe.gov.br\/v1\/projetos-de-lei-tramitados-2022\/","title":{"rendered":"Projetos de Lei Tramitados &#8211; 2022"},"content":{"rendered":"\n<table id=\"tablepress-55\" class=\"tablepress tablepress-id-55\">\n<thead>\n<tr class=\"row-1\">\n\t<th class=\"column-1\">PROJETO DE LEI<\/th><th class=\"column-2\">EMENTA<\/th><th class=\"column-3\">AUTORIA<\/th><th class=\"column-4\">Tramita\u00e7\u00e3o<\/th><th class=\"column-5\">RELATORES<\/th><th class=\"column-6\">Situa\u00e7\u00e3o Atual<\/th><th class=\"column-7\">Lista nominal de vota\u00e7\u00e3o<\/th><th class=\"column-8\">Download<\/th>\n<\/tr>\n<\/thead>\n<tbody class=\"row-striping row-hover\">\n<tr class=\"row-2\">\n\t<td class=\"column-1\">N\u00ba 01\/2023<\/td><td class=\"column-2\">-<\/td><td class=\"column-3\">-<\/td><td class=\"column-4\">-<\/td><td class=\"column-5\">-<\/td><td class=\"column-6\">-<\/td><td class=\"column-7\">-<\/td><td class=\"column-8\"><a href=\"https:\/\/www.camarapocao.pe.gov.br\/home\/images\/Consulta\/pl\/2022\/pl (1).pdf\" rel=\"noopener\" target=\"_blank\">PDF<\/a><\/td>\n<\/tr>\n<tr class=\"row-3\">\n\t<td class=\"column-1\">N\u00ba 02\/2023<\/td><td class=\"column-2\">Estabelece determinado per\u00edmetro como \u00e1rea urbana do Munic\u00edpio de Po\u00e7\u00e3o\/PE.<\/td><td class=\"column-3\">Poder Executivo<\/td><td class=\"column-4\">Comiss\u00e3o de Reda\u00e7\u00e3o e Justi\u00e7a e Or\u00e7amento e Finan\u00e7as.<\/td><td class=\"column-5\">Ca\u00edque Alberto e J\u00fanior Roberto<\/td><td class=\"column-6\">Aprovado por 8 votos<\/td><td class=\"column-7\">Ca\u00edque Alberto, Ivo Wandark, Jos\u00e9 Gleison, Junior Roberto, Ruth Barbosa, Silas Marconi, Silvio de Souza e Wrides Mendes.<\/td><td class=\"column-8\"><a href=\"https:\/\/www.camarapocao.pe.gov.br\/home\/images\/Consulta\/pl\/2022\/pl (2).pdf\" rel=\"noopener\" target=\"_blank\">PDF<\/a><\/td>\n<\/tr>\n<tr class=\"row-4\">\n\t<td class=\"column-1\">N\u00ba 03\/2023<\/td><td class=\"column-2\">Disp\u00f5e sobre denomina\u00e7\u00e3o de Ruas, Avenidas, Logradouros p\u00fablicos e d\u00e1 outras provid\u00eancias.<\/td><td class=\"column-3\">Ivo Wandark<\/td><td class=\"column-4\">Comiss\u00e3o de Reda\u00e7\u00e3o e Justi\u00e7a.<\/td><td class=\"column-5\">Jos\u00e9 Gleison<\/td><td class=\"column-6\">Aprovado por 7 votos<\/td><td class=\"column-7\">Ca\u00edque Alberto, Ivo Wandark, Jos\u00e9 Gleison, Junior Roberto, Ruth Barbosa, Silvio de Souza e Wrides Mendes.<\/td><td class=\"column-8\"><a href=\"https:\/\/www.camarapocao.pe.gov.br\/home\/images\/Consulta\/pl\/2022\/pl (3).pdf\" rel=\"noopener\" target=\"_blank\">PDF<\/a><\/td>\n<\/tr>\n<tr class=\"row-5\">\n\t<td class=\"column-1\">N\u00ba 04\/2023<\/td><td class=\"column-2\">Disp\u00f5e sobre denomina\u00e7\u00e3o de Ruas, Avenidas, Logradouros p\u00fablicos e determina outras provid\u00eancias.<\/td><td class=\"column-3\">Ivo Wandark<\/td><td class=\"column-4\">Comiss\u00e3o de Reda\u00e7\u00e3o e Justi\u00e7a e Obras, Urbanismo e Servi\u00e7os P\u00fablicos.<\/td><td class=\"column-5\">Ca\u00edque Alberto e Silas Marconi<\/td><td class=\"column-6\">Aprovado por 7 votos<\/td><td class=\"column-7\">Ca\u00edque Alberto, Ivo Wandark, Jos\u00e9 Gleison, Junior Roberto, Ruth Barbosa,  Silas Marconi, Silvio de Souza e Wrides Mendes.<\/td><td class=\"column-8\"><a href=\"https:\/\/www.camarapocao.pe.gov.br\/home\/images\/Consulta\/pl\/2022\/pl (4).pdf\" rel=\"noopener\" target=\"_blank\">PDF<\/a><\/td>\n<\/tr>\n<tr class=\"row-6\">\n\t<td class=\"column-1\">N\u00ba 05\/2023<\/td><td class=\"column-2\">Atualiza a Lei Municipal n\u00ba 569\/2009 \u2013 PCCV \u2013 Plano de cargos, carreira e vencimentos dos profissionais da Educa\u00e7\u00e3o B\u00e1sica do Munic\u00edpio de Po\u00e7\u00e3o\/PE, para fins de cumprimento da Lei Federal n\u00ba 11.738\/2008 \u2013 Lei do Piso salarial dos profissionais do magist\u00e9rio.<\/td><td class=\"column-3\">Poder Executivo<\/td><td class=\"column-4\">Comiss\u00e3o de Reda\u00e7\u00e3o e Justi\u00e7a e Or\u00e7amento e Finan\u00e7as<\/td><td class=\"column-5\">Ca\u00edque Alberto e Ivo Wandark<\/td><td class=\"column-6\">Aprovado por 7 votos<\/td><td class=\"column-7\">Ca\u00edque Alberto, Ivo Wandark, Jos\u00e9 Gleison, Junior Roberto, Ruth Barbosa,  Silas Marconi, Silvio de Souza e Wrides Mendes.<\/td><td class=\"column-8\"><a href=\"https:\/\/www.camarapocao.pe.gov.br\/home\/images\/Consulta\/pl\/2022\/pl (5).pdf\" rel=\"noopener\" target=\"_blank\">PDF<\/a><\/td>\n<\/tr>\n<tr class=\"row-7\">\n\t<td class=\"column-1\">N\u00ba 06\/2023<\/td><td class=\"column-2\">Regulamenta o servi\u00e7o de transporte escolar da rede p\u00fablica de ensino no Munic\u00edpio de Po\u00e7\u00e3o\/PE.<\/td><td class=\"column-3\">Poder Executivo<\/td><td class=\"column-4\">Comiss\u00e3o de Reda\u00e7\u00e3o e Justi\u00e7a e Educa\u00e7\u00e3o, Sa\u00fade e Assist\u00eancia Social.<\/td><td class=\"column-5\">Jos\u00e9 Gleison e Silvio de Souza<\/td><td class=\"column-6\">Aprovado por 8 votos<\/td><td class=\"column-7\">Ca\u00edque Alberto, Ivo Wandark, Jos\u00e9 Gleison, Junior Roberto, Silas Marconi,  Ruth Barbosa,  Silvio de Souza e Wrides Mendes.<\/td><td class=\"column-8\"><a href=\"https:\/\/www.camarapocao.pe.gov.br\/home\/images\/Consulta\/pl\/2022\/pl (6).pdf\" rel=\"noopener\" target=\"_blank\">PDF<\/a><\/td>\n<\/tr>\n<tr class=\"row-8\">\n\t<td class=\"column-1\">N\u00ba 07\/2023<\/td><td class=\"column-2\">-<\/td><td class=\"column-3\">-<\/td><td class=\"column-4\">-<\/td><td class=\"column-5\">-<\/td><td class=\"column-6\">-<\/td><td class=\"column-7\">-<\/td><td class=\"column-8\"><a href=\"https:\/\/www.camarapocao.pe.gov.br\/home\/images\/Consulta\/pl\/2022\/pl (7).pdf\" rel=\"noopener\" target=\"_blank\">PDF<\/a><\/td>\n<\/tr>\n<tr class=\"row-9\">\n\t<td class=\"column-1\">N\u00ba 08\/2023<\/td><td class=\"column-2\">Autoriza o Poder Executivo Municipal repassar incentivo financeiro aos agentes comunit\u00e1rios de sa\u00fade \u2013 ACS, e aos agentes de combate \u00e0s endemias, e d\u00e1 outras provid\u00eancias.<\/td><td class=\"column-3\">Poder Executivo<\/td><td class=\"column-4\">Comiss\u00e3o de Reda\u00e7\u00e3o e Justi\u00e7a e Or\u00e7amento e Finan\u00e7as<\/td><td class=\"column-5\">Silvio de Souza e Ivo Wandark<\/td><td class=\"column-6\">Aprovado por 6 votos<\/td><td class=\"column-7\">Ca\u00edque Alberto, Ivo Wandark, Jos\u00e9 Gleison, Junior Roberto, Silas Marconi,    Silvio de Souza e Wrides Mendes.<\/td><td class=\"column-8\"><a href=\"https:\/\/www.camarapocao.pe.gov.br\/home\/images\/Consulta\/pl\/2022\/pl (8).pdf\" rel=\"noopener\" target=\"_blank\">PDF<\/a><\/td>\n<\/tr>\n<tr class=\"row-10\">\n\t<td class=\"column-1\">N\u00ba 09\/2023<\/td><td class=\"column-2\">Estabelece novas disposi\u00e7\u00f5es acerca do Conselho Municipal de Educa\u00e7\u00e3o do Munic\u00edpio de Po\u00e7\u00e3o e Revoga a Lei n\u00ba 394\/1997.<\/td><td class=\"column-3\">Poder Executivo<\/td><td class=\"column-4\">Comiss\u00e3o de Reda\u00e7\u00e3o e Justi\u00e7a e Educa\u00e7\u00e3o, Sa\u00fade e Assist\u00eancia Social.<\/td><td class=\"column-5\">Jos\u00e9 Gleison e Silvio de Souza<\/td><td class=\"column-6\">Aprovado por 6 votos<\/td><td class=\"column-7\">Ca\u00edque Alberto, Ivo Wandark, Jos\u00e9 Gleison, Junior Roberto, Silas Marconi e Wrides Mendes.<\/td><td class=\"column-8\"><a href=\"https:\/\/www.camarapocao.pe.gov.br\/home\/images\/Consulta\/pl\/2022\/pl (9).pdf\" rel=\"noopener\" target=\"_blank\">PDF<\/a><\/td>\n<\/tr>\n<tr class=\"row-11\">\n\t<td class=\"column-1\">N\u00ba 10\/2023<\/td><td class=\"column-2\">Autoriza o Poder Executivo municipal a conceder ajuda de custo aos m\u00e9dicos participantes do programa mais m\u00e9dicos e m\u00e9dicos pelo Brasil em Po\u00e7\u00e3o\/PE.<\/td><td class=\"column-3\">Poder Executivo<\/td><td class=\"column-4\">Comiss\u00e3o de Reda\u00e7\u00e3o e Justi\u00e7a e Educa\u00e7\u00e3o, Sa\u00fade e Assist\u00eancia Social.<\/td><td class=\"column-5\">Ca\u00edque Alberto e Ruth Barbosa<\/td><td class=\"column-6\">Aprovado por 4 votos<\/td><td class=\"column-7\">Ca\u00edque Alberto, Jos\u00e9 Gleison, Junior Roberto, Silvio de Souza e Wrides Mendes.<\/td><td class=\"column-8\"><a href=\"https:\/\/www.camarapocao.pe.gov.br\/home\/images\/Consulta\/pl\/2022\/pl (10).pdf\" rel=\"noopener\" target=\"_blank\">PDF<\/a><\/td>\n<\/tr>\n<tr class=\"row-12\">\n\t<td class=\"column-1\">N\u00ba 11\/2023<\/td><td class=\"column-2\">Disp\u00f5e sobre denomina\u00e7\u00e3o de Ruas, Avenidas, Logradouros p\u00fablicos e d\u00e1 outras provid\u00eancias.<\/td><td class=\"column-3\">Vereador Wrides Mendes<\/td><td class=\"column-4\">Comiss\u00e3o de Reda\u00e7\u00e3o e Justi\u00e7a e Comiss\u00e3o de Obras, Urbanismo e Servi\u00e7os p\u00fablicos<\/td><td class=\"column-5\">Silvio de Souza e Ca\u00edque Alberto<\/td><td class=\"column-6\">Aprovado por 4 votos<\/td><td class=\"column-7\">Ca\u00edque Alberto, Jos\u00e9 Gleison, Junior Roberto, Silvio de Souza e Wrides Mendes.<\/td><td class=\"column-8\"><a href=\"https:\/\/www.camarapocao.pe.gov.br\/home\/images\/Consulta\/pl\/2022\/pl (11).pdf\" rel=\"noopener\" target=\"_blank\">PDF<\/a><\/td>\n<\/tr>\n<tr class=\"row-13\">\n\t<td class=\"column-1\">N\u00ba 12\/2023<\/td><td class=\"column-2\">Disp\u00f5e sobre denomina\u00e7\u00e3o de Ruas, Avenidas, Logradouros p\u00fablicos e d\u00e1 outras provid\u00eancias.<\/td><td class=\"column-3\">Vereador Wrides Mendes<\/td><td class=\"column-4\">Comiss\u00e3o de Reda\u00e7\u00e3o e Justi\u00e7a e Comiss\u00e3o de Obras, Urbanismo e Servi\u00e7os p\u00fablicos<\/td><td class=\"column-5\">Jos\u00e9 Gleison e Ca\u00edque Albverto<\/td><td class=\"column-6\">Aprovado por 4 votos<\/td><td class=\"column-7\">Ca\u00edque Alberto, Jos\u00e9 Gleison, Junior Roberto, Silvio de Souza e Wrides Mendes.<\/td><td class=\"column-8\"><a href=\"https:\/\/www.camarapocao.pe.gov.br\/home\/images\/Consulta\/pl\/2022\/pl (12).pdf\" rel=\"noopener\" target=\"_blank\">PDF<\/a><\/td>\n<\/tr>\n<tr class=\"row-14\">\n\t<td class=\"column-1\">N\u00ba 13\/2023<\/td><td class=\"column-2\">-<\/td><td class=\"column-3\">-<\/td><td class=\"column-4\">-<\/td><td class=\"column-5\">-<\/td><td class=\"column-6\">-<\/td><td class=\"column-7\">-<\/td><td class=\"column-8\"><a href=\"https:\/\/www.camarapocao.pe.gov.br\/home\/images\/Consulta\/pl\/2022\/pl (13).pdf\" rel=\"noopener\" target=\"_blank\">PDF<\/a><\/td>\n<\/tr>\n<tr class=\"row-15\">\n\t<td class=\"column-1\">N\u00ba 14\/2023<\/td><td class=\"column-2\">-<\/td><td class=\"column-3\">-<\/td><td class=\"column-4\">-<\/td><td class=\"column-5\">-<\/td><td class=\"column-6\">-<\/td><td class=\"column-7\">-<\/td><td class=\"column-8\"><a href=\"https:\/\/www.camarapocao.pe.gov.br\/home\/images\/Consulta\/pl\/2022\/pl (14).pdf\" rel=\"noopener\" target=\"_blank\">PDF<\/a><\/td>\n<\/tr>\n<tr class=\"row-16\">\n\t<td class=\"column-1\">N\u00ba 15\/2023<\/td><td class=\"column-2\">Disp\u00f5e sobre denomina\u00e7\u00e3o de Ruas, Avenidas, Logradouros p\u00fablicos e d\u00e1 outras provid\u00eancias<\/td><td class=\"column-3\">Vereador Wrides Mendes<\/td><td class=\"column-4\">Comiss\u00e3o de Reda\u00e7\u00e3o e Justi\u00e7a e Comiss\u00e3o de Obras, Urbanismo e Servi\u00e7os p\u00fablicos<\/td><td class=\"column-5\">Ca\u00edque Alberto e Silas Marconi<\/td><td class=\"column-6\">Aprovado por 8 votos<\/td><td class=\"column-7\">Ca\u00edque Alberto, Jos\u00e9 Gleison, Junior Roberto, Napole\u00e3o Cordeiro, Ruth Barbosa, Silas Marconi, Silvio de Souza e Wrides Mendes.<\/td><td class=\"column-8\"><a href=\"https:\/\/www.camarapocao.pe.gov.br\/home\/images\/Consulta\/pl\/2022\/pl (15).pdf\" rel=\"noopener\" target=\"_blank\">PDF<\/a><\/td>\n<\/tr>\n<tr class=\"row-17\">\n\t<td class=\"column-1\">N\u00ba 16\/2023<\/td><td class=\"column-2\">Altera o art. 8\u00ba da Lei Municipal n\u00ba 822\/2021, que estima a Receita e fixa a Despesa do Munic\u00edpio para o exerc\u00edcio financeiro de 2022.<\/td><td class=\"column-3\">Poder Executivo<\/td><td class=\"column-4\">Comiss\u00e3o de Reda\u00e7\u00e3o e Justi\u00e7a e Comiss\u00e3o de Or\u00e7amento e Finan\u00e7as<\/td><td class=\"column-5\">Ca\u00edque Alberto e Wrides Mendes<\/td><td class=\"column-6\">Aprovado por 8 votos<\/td><td class=\"column-7\">Ca\u00edque Alberto, Jos\u00e9 Gleison, Junior Roberto, Napole\u00e3o Cordeiro, Ruth Barbosa, Silas Marconi, Silvio de Souza e Wrides Mendes.<\/td><td class=\"column-8\"><a href=\"https:\/\/www.camarapocao.pe.gov.br\/home\/images\/Consulta\/pl\/2022\/pl (16).pdf\" rel=\"noopener\" target=\"_blank\">PDF<\/a><\/td>\n<\/tr>\n<\/tbody>\n<\/table>\n<!-- #tablepress-55 from cache -->\n","protected":false},"excerpt":{"rendered":"","protected":false},"author":3,"featured_media":0,"parent":0,"menu_order":0,"comment_status":"closed","ping_status":"closed","template":"","meta":{"footnotes":""},"class_list":["post-1977","page","type-page","status-publish","hentry","active"],"aioseo_notices":[],"_links":{"self":[{"href":"https:\/\/camarapocao.pe.gov.br\/v1\/wp-json\/wp\/v2\/pages\/1977","targetHints":{"allow":["GET"]}}],"collection":[{"href":"https:\/\/camarapocao.pe.gov.br\/v1\/wp-json\/wp\/v2\/pages"}],"about":[{"href":"https:\/\/camarapocao.pe.gov.br\/v1\/wp-json\/wp\/v2\/types\/page"}],"author":[{"embeddable":true,"href":"https:\/\/camarapocao.pe.gov.br\/v1\/wp-json\/wp\/v2\/users\/3"}],"replies":[{"embeddable":true,"href":"https:\/\/camarapocao.pe.gov.br\/v1\/wp-json\/wp\/v2\/comments?post=1977"}],"version-history":[{"count":1,"href":"https:\/\/camarapocao.pe.gov.br\/v1\/wp-json\/wp\/v2\/pages\/1977\/revisions"}],"predecessor-version":[{"id":1978,"href":"https:\/\/camarapocao.pe.gov.br\/v1\/wp-json\/wp\/v2\/pages\/1977\/revisions\/1978"}],"wp:attachment":[{"href":"https:\/\/camarapocao.pe.gov.br\/v1\/wp-json\/wp\/v2\/media?parent=1977"}],"curies":[{"name":"wp","href":"https:\/\/api.w.org\/{rel}","templated":true}]}}