{"id":1924,"date":"2025-06-01T10:51:03","date_gmt":"2025-06-01T13:51:03","guid":{"rendered":"https:\/\/camarapocao.pe.gov.br\/v1\/?page_id=1924"},"modified":"2025-06-01T10:51:20","modified_gmt":"2025-06-01T13:51:20","slug":"pautas-das-sessoes-plenarias-das-comissoes-2023","status":"publish","type":"page","link":"https:\/\/camarapocao.pe.gov.br\/v1\/pautas-das-sessoes-plenarias-das-comissoes-2023\/","title":{"rendered":"Pautas das Sess\u00f5es Plen\u00e1rias das Comiss\u00f5es \u2013 2023"},"content":{"rendered":"\n<table id=\"tablepress-54\" class=\"tablepress tablepress-id-54\">\n<thead>\n<tr class=\"row-1\">\n\t<th class=\"column-1\">Data<\/th><th class=\"column-2\">Tipo da sess\u00e3o<\/th><th class=\"column-3\">Sess\u00e3o Plen\u00e1ria (Clique para baixar)<\/th>\n<\/tr>\n<\/thead>\n<tbody class=\"row-striping row-hover\">\n<tr class=\"row-2\">\n\t<td class=\"column-1\">10\/10\/23<\/td><td class=\"column-2\">Comiss\u00e3o de Reda\u00e7\u00e3o e Justi\u00e7a<\/td><td class=\"column-3\"><a href=\"http:\/\/www.camarapocao.pe.gov.br\/home\/images\/Consulta\/sessoes\/pautas\/2023\/30c-2023.pdf\" rel=\"noopener\" target=\"_blank\">30\u00aa Sess\u00e3o Comiss\u00e3o<\/a><\/td>\n<\/tr>\n<tr class=\"row-3\">\n\t<td class=\"column-1\">07\/11\/23<\/td><td class=\"column-2\">Comiss\u00e3o de Reda\u00e7\u00e3o e Justi\u00e7a<\/td><td class=\"column-3\"><a href=\"http:\/\/www.camarapocao.pe.gov.br\/home\/images\/Consulta\/sessoes\/pautas\/2023\/34c-2023.pdf\" rel=\"noopener\" target=\"_blank\">34\u00aa Sess\u00e3o Comiss\u00e3o<\/a><\/td>\n<\/tr>\n<tr class=\"row-4\">\n\t<td class=\"column-1\">16\/11\/23<\/td><td class=\"column-2\">Comiss\u00e3o de Reda\u00e7\u00e3o e Justi\u00e7a<\/td><td class=\"column-3\"><a href=\"http:\/\/www.camarapocao.pe.gov.br\/home\/images\/Consulta\/sessoes\/pautas\/2023\/35c-2023.pdf\" rel=\"noopener\" target=\"_blank\">35\u00aa Sess\u00e3o Comiss\u00e3o<\/a><\/td>\n<\/tr>\n<tr class=\"row-5\">\n\t<td class=\"column-1\">29\/11\/23<\/td><td class=\"column-2\">Comiss\u00e3o de Reda\u00e7\u00e3o e Justi\u00e7a<\/td><td class=\"column-3\"><a href=\"http:\/\/www.camarapocao.pe.gov.br\/home\/images\/Consulta\/sessoes\/pautas\/2023\/37c-2023.pdf\" rel=\"noopener\" target=\"_blank\">37\u00aa Sess\u00e3o Comiss\u00e3o<\/a><\/td>\n<\/tr>\n<\/tbody>\n<\/table>\n<!-- #tablepress-54 from cache -->\n","protected":false},"excerpt":{"rendered":"","protected":false},"author":3,"featured_media":0,"parent":0,"menu_order":0,"comment_status":"closed","ping_status":"closed","template":"","meta":{"footnotes":""},"class_list":["post-1924","page","type-page","status-publish","hentry","active"],"aioseo_notices":[],"_links":{"self":[{"href":"https:\/\/camarapocao.pe.gov.br\/v1\/wp-json\/wp\/v2\/pages\/1924","targetHints":{"allow":["GET"]}}],"collection":[{"href":"https:\/\/camarapocao.pe.gov.br\/v1\/wp-json\/wp\/v2\/pages"}],"about":[{"href":"https:\/\/camarapocao.pe.gov.br\/v1\/wp-json\/wp\/v2\/types\/page"}],"author":[{"embeddable":true,"href":"https:\/\/camarapocao.pe.gov.br\/v1\/wp-json\/wp\/v2\/users\/3"}],"replies":[{"embeddable":true,"href":"https:\/\/camarapocao.pe.gov.br\/v1\/wp-json\/wp\/v2\/comments?post=1924"}],"version-history":[{"count":2,"href":"https:\/\/camarapocao.pe.gov.br\/v1\/wp-json\/wp\/v2\/pages\/1924\/revisions"}],"predecessor-version":[{"id":1926,"href":"https:\/\/camarapocao.pe.gov.br\/v1\/wp-json\/wp\/v2\/pages\/1924\/revisions\/1926"}],"wp:attachment":[{"href":"https:\/\/camarapocao.pe.gov.br\/v1\/wp-json\/wp\/v2\/media?parent=1924"}],"curies":[{"name":"wp","href":"https:\/\/api.w.org\/{rel}","templated":true}]}}