{"id":1862,"date":"2025-04-24T12:39:32","date_gmt":"2025-04-24T15:39:32","guid":{"rendered":"https:\/\/camarapocao.pe.gov.br\/v1\/?page_id=1862"},"modified":"2025-04-24T12:39:32","modified_gmt":"2025-04-24T15:39:32","slug":"projetos-de-lei-tramitados-2025","status":"publish","type":"page","link":"https:\/\/camarapocao.pe.gov.br\/v1\/projetos-de-lei-tramitados-2025\/","title":{"rendered":"PROJETOS DE LEI TRAMITADOS \u2013 2025"},"content":{"rendered":"\n<table id=\"tablepress-49\" class=\"tablepress tablepress-id-49\">\n<thead>\n<tr class=\"row-1\">\n\t<th class=\"column-1\">PROJETO DE LEI<\/th><th class=\"column-2\">EMENTA<\/th><th class=\"column-3\">AUTORIA<\/th><th class=\"column-4\">Tramita\u00e7\u00e3o<\/th><th class=\"column-5\">RELATORES<\/th><th class=\"column-6\">Situa\u00e7\u00e3o Atual<\/th><th class=\"column-7\">Lista Nominal de Vota\u00e7\u00e3o<\/th><th class=\"column-8\">Download<\/th>\n<\/tr>\n<\/thead>\n<tbody class=\"row-striping row-hover\">\n<tr class=\"row-2\">\n\t<td class=\"column-1\">1<\/td><td class=\"column-2\">Disp\u00f5e sobre o uso obrigat\u00f3rio de equipamentos de conten\u00e7\u00e3o para circula\u00e7\u00e3o de c\u00e3es em espa\u00e7os pl\u00fabicos no munic\u00edpio de Po\u00e7\u00e3o e d\u00e1 outras provid\u00eancias.<\/td><td class=\"column-3\">Vereador Silvio Andrade.<\/td><td class=\"column-4\">Reda\u00e7\u00e3o e Justi\u00e7a e Or\u00e7amento e Finan\u00e7as.<\/td><td class=\"column-5\">Jos\u00e9 Edson e Silvio de Souza.<\/td><td class=\"column-6\">Aprovado por 6 votos.<\/td><td class=\"column-7\">Iza Gabriela, Jos\u00e9 Edson, Napole\u00e3o Cordeiro, Ca\u00edque Alberto, Silvio De Souza e Jaciene Maria<\/td><td class=\"column-8\"><a href=\"https:\/\/www.camarapocao.pe.gov.br\/home\/images\/Consulta\/pl\/2025\/pl (1).pdf\" rel=\"noopener\" target=\"_blank\">PDF<\/a><\/td>\n<\/tr>\n<tr class=\"row-3\">\n\t<td class=\"column-1\">2<\/td><td class=\"column-2\">Institui o \u201cdia municipal do evang\u00e9lico\" e o evento cultural \u201cdia do<br \/>\nevang\u00e9lico\u201d no munic\u00edpio de Po\u00e7\u00e3o e d\u00e1 outras provid\u00eancias.<\/td><td class=\"column-3\">Vereadora Jaciene Maria.<\/td><td class=\"column-4\">Reda\u00e7\u00e3o e Justi\u00e7a e Or\u00e7amento e Finan\u00e7as.<\/td><td class=\"column-5\">Iza Gabriela e Cledson Jos\u00e9.<\/td><td class=\"column-6\">Aprovado por 6 votos.<\/td><td class=\"column-7\">Iza Gabriela, Jos\u00e9 Edson, Napole\u00e3o Cordeiro, Ca\u00edque Alberto, Silvio De Souza e Jaciene Maria<\/td><td class=\"column-8\"><a href=\"https:\/\/www.camarapocao.pe.gov.br\/home\/images\/Consulta\/pl\/2025\/pl (2).pdf\" rel=\"noopener\" target=\"_blank\">PDF<\/a><\/td>\n<\/tr>\n<tr class=\"row-4\">\n\t<td class=\"column-1\">3<\/td><td class=\"column-2\">Fixa gratifica\u00e7\u00f5es para o Agente de Contrata\u00e7\u00e3o, Pregoeiro e membros da equipe de apoio no \u00e2mbito da C\u00e2mara Municipalde Po\u00e7\u00e3o; Revoga-se a Lei 733\/2017 e d\u00e1 outras provid\u00eancias.<\/td><td class=\"column-3\">Mesa Diretora<\/td><td class=\"column-4\">Reda\u00e7\u00e3o e Justi\u00e7a e Or\u00e7amento e Finan\u00e7as.<\/td><td class=\"column-5\">Napole\u00e3o Cordeiro e Jos\u00e9 Edson.<\/td><td class=\"column-6\">Aprovado por 6 votos.<\/td><td class=\"column-7\">Iza Gabriela, Jos\u00e9 Edson, Napole\u00e3o Cordeiro, Ca\u00edque Alberto, Silvio De Souza e Jaciene Maria<\/td><td class=\"column-8\"><a href=\"https:\/\/www.camarapocao.pe.gov.br\/home\/images\/Consulta\/pl\/2025\/pl (3).pdf\" rel=\"noopener\" target=\"_blank\">PDF<\/a><\/td>\n<\/tr>\n<tr class=\"row-5\">\n\t<td class=\"column-1\">4<\/td><td class=\"column-2\">Conceder reajuste geral aos vencimentos dos servidores p\u00fablico efetivos e comissionados da c\u00e2mara municipal de vereadores de Po\u00e7\u00e3o.<\/td><td class=\"column-3\">Mesa Diretora<\/td><td class=\"column-4\">Reda\u00e7\u00e3o e Justi\u00e7a e Or\u00e7amento e Finan\u00e7as.<\/td><td class=\"column-5\">Jos\u00e9 Edson e Silvio de Souza.<\/td><td class=\"column-6\">Aprovado por 6 votos.<\/td><td class=\"column-7\">Iza Gabriela, Jos\u00e9 Edson, Napole\u00e3o Cordeiro, Ca\u00edque Alberto, Silvio De Souza e Jaciene Maria<\/td><td class=\"column-8\"><a href=\"https:\/\/www.camarapocao.pe.gov.br\/home\/images\/Consulta\/pl\/2025\/pl (4).pdf\" rel=\"noopener\" target=\"_blank\">PDF<\/a><\/td>\n<\/tr>\n<tr class=\"row-6\">\n\t<td class=\"column-1\">5<\/td><td class=\"column-2\">Institui a \"Semana Municipal de preven\u00e7\u00e3o e combate aos mosquitos transmissores do v\u00edrus da dengue, zika e chikungunya\" no \u00e2mbito do munic\u00edpio de Po\u00e7\u00e3o e d\u00e1 outras provid\u00eancias<\/td><td class=\"column-3\">Vereador Caique Alberto<\/td><td class=\"column-4\">Reda\u00e7\u00e3o e Justi\u00e7a e Or\u00e7amento e Finan\u00e7as e Educ.S. e Assist.<br \/>\nSocial.<\/td><td class=\"column-5\">Iza Gabriela e Cledson Jos\u00e9<\/td><td class=\"column-6\">Aprovado por 7 votos.<\/td><td class=\"column-7\">Iza Gabriela, Jos\u00e9 Edson, Ca\u00edque Alberto, Silvio De Souza, J\u00fanior Roberto, Cledson Jos\u00e9 e Jaciene<br \/>\nMaria<\/td><td class=\"column-8\"><a href=\"https:\/\/www.camarapocao.pe.gov.br\/home\/images\/Consulta\/pl\/2025\/pl (5).pdf\" rel=\"noopener\" target=\"_blank\">PDF<\/a><\/td>\n<\/tr>\n<tr class=\"row-7\">\n\t<td class=\"column-1\">6<\/td><td class=\"column-2\">Fixa o valor do s\u00e1lario m\u00ednimo dos servidores municipais e d\u00e1 outras provid\u00eancias<\/td><td class=\"column-3\">Poder Executivo<\/td><td class=\"column-4\">Reda\u00e7\u00e3o e Justi\u00e7a e Or\u00e7amento e Finan\u00e7as.<\/td><td class=\"column-5\">Napole\u00e3o Cordeiro e Jos\u00e9 Edson.<\/td><td class=\"column-6\">Aprovado por 7 votos.<\/td><td class=\"column-7\">Iza Gabriela, Jos\u00e9 Edson, Ca\u00edque Alberto, Silvio De Souza, J\u00fanior Roberto, Cledson Jos\u00e9 e Jaciene<br \/>\nMaria<\/td><td class=\"column-8\"><a href=\"https:\/\/www.camarapocao.pe.gov.br\/home\/images\/Consulta\/pl\/2025\/pl (6).pdf\" rel=\"noopener\" target=\"_blank\">PDF<\/a><\/td>\n<\/tr>\n<tr class=\"row-8\">\n\t<td class=\"column-1\">7<\/td><td class=\"column-2\">Cria a pol\u00edtica municipal de seguran\u00e7a alimentar e nutricional do munic\u00edpio de Po\u00e7\u00e3o, Estado de Pernambuco, formada pelos componentes do sistema nacional de seguran\u00e7a alimentar, bem como define os par\u00e2metros para elabora\u00e7\u00e3o do plano municipal   de seguran\u00e7a alimentar e nutricional e d\u00e1 outras provid\u00eancias.<\/td><td class=\"column-3\">Poder Executivo<\/td><td class=\"column-4\">Reda\u00e7\u00e3o e Justi\u00e7a e Or\u00e7amento e Finan\u00e7as.<\/td><td class=\"column-5\">Jos\u00e9 Edson e Silvio de Souza.<\/td><td class=\"column-6\">Aprovado por 7 votos.<\/td><td class=\"column-7\">Iza Gabriela, Jos\u00e9 Edson, Ca\u00edque Alberto, Silvio De Souza, J\u00fanior Roberto, Cledson Jos\u00e9 e Jaciene<br \/>\nMaria<\/td><td class=\"column-8\"><a href=\"https:\/\/www.camarapocao.pe.gov.br\/home\/images\/Consulta\/pl\/2025\/pl (7).pdf\" rel=\"noopener\" target=\"_blank\">PDF<\/a><\/td>\n<\/tr>\n<tr class=\"row-9\">\n\t<td class=\"column-1\">8<\/td><td class=\"column-2\">Disp\u00f5e sobre o reajuste salarial dos professores efetivos da rede municipal de ensino e d\u00e1 outras provid\u00eancias.<\/td><td class=\"column-3\">Poder Executivo<\/td><td class=\"column-4\">Reda\u00e7\u00e3o e justi\u00e7a, Or\u00e7amento e Finan\u00e7as e Educ.<br \/>\nS. e Assist. Social.<\/td><td class=\"column-5\">Jos\u00e9 Edson, Silvio de Souza e Jaciene.<\/td><td class=\"column-6\">Aprovado por 8 votos.<\/td><td class=\"column-7\">Iza Gabriela, Jos\u00e9 Edson, Napole\u00e3o Cordeiro, Ca\u00edque Alberto, J\u00fanior Roberto, Cledson Oliveira, Silvio De Souza e Jaciene Maria<\/td><td class=\"column-8\"><a href=\"https:\/\/www.camarapocao.pe.gov.br\/home\/images\/Consulta\/pl\/2025\/pl (8).pdf\" rel=\"noopener\" target=\"_blank\">PDF<\/a><\/td>\n<\/tr>\n<tr class=\"row-10\">\n\t<td class=\"column-1\">9<\/td><td class=\"column-2\">Disp\u00f5e sobre a institui\u00e7\u00e3o do \"Dia Municipal da Paz\" no munic\u00edpiop de Po\u00e7\u00e3o- PE e d\u00e1 outras provid\u00eancias<\/td><td class=\"column-3\">Mesa Diretora<\/td><td class=\"column-4\">Reda\u00e7\u00e3o e Justi\u00e7a.<\/td><td class=\"column-5\">Jos\u00e9 Edson<\/td><td class=\"column-6\">Aprovado por 7 votos.<\/td><td class=\"column-7\">Iza Gabriela, Jos\u00e9 Edson, Napole\u00e3o Cordeiro, Ca\u00edque Alberto, Cledson Oliveira, Silvio De Souza e Jaciene Maria<\/td><td class=\"column-8\"><a href=\"https:\/\/www.camarapocao.pe.gov.br\/home\/images\/Consulta\/pl\/2025\/pl (9).pdf\" rel=\"noopener\" target=\"_blank\">PDF<\/a><\/td>\n<\/tr>\n<tr class=\"row-11\">\n\t<td class=\"column-1\">10<\/td><td class=\"column-2\">Disp\u00f5e sobre a redu\u00e7\u00e3o da carga hor\u00e1ria de servidores p\u00fablicas municipais de Po\u00e7\u00e3o que possuem filhos com Transtorno do Espectro Autista (TEA) ou outras defici\u00eancias e d\u00e1 outras provid\u00eancias.<\/td><td class=\"column-3\">Napole\u00e3o Cordeiro<\/td><td class=\"column-4\">Reda\u00e7\u00e3o e Justi\u00e7a.<\/td><td class=\"column-5\">Jos\u00e9 Edson<\/td><td class=\"column-6\">Aprovado por 7 votos.<\/td><td class=\"column-7\">Iza Gabriela, Jos\u00e9 Edson, Napole\u00e3o Cordeiro, Ca\u00edque Alberto, Cledson Oliveira, Silvio De Souza e Jaciene Maria<\/td><td class=\"column-8\"><a href=\"https:\/\/www.camarapocao.pe.gov.br\/home\/images\/Consulta\/pl\/2025\/pl (10).pdf\" rel=\"noopener\" target=\"_blank\">PDF<\/a><\/td>\n<\/tr>\n<tr class=\"row-12\">\n\t<td class=\"column-1\">11<\/td><td class=\"column-2\">Disp\u00f5e sobre a obrigatoriedade de condi\u00e7\u00f5es de acessibilidade e inclus\u00e3o para pessoas com defici\u00eancia ou mobilidade reduzida em eventos p\u00fablicos e privados no munic\u00edpio de Po\u00e7\u00e3o e d\u00e1 outras provid\u00eancias.<\/td><td class=\"column-3\">Vereador Napole\u00e3o Cordeiro<\/td><td class=\"column-4\">Reda\u00e7\u00e3o e justi\u00e7a.<\/td><td class=\"column-5\">Jos\u00e9 Edson<\/td><td class=\"column-6\">Aprovado por 7 votos.<\/td><td class=\"column-7\">Iza Gabriela, Jos\u00e9 Edson, Napole\u00e3o Cordeiro, Ca\u00edque Alberto, Cledson Oliveira, Silvio De Souza e Jaciene Maria<\/td><td class=\"column-8\"><a href=\"https:\/\/www.camarapocao.pe.gov.br\/home\/images\/Consulta\/pl\/2025\/pl (11).pdf\" rel=\"noopener\" target=\"_blank\">PDF<\/a><\/td>\n<\/tr>\n<tr class=\"row-13\">\n\t<td class=\"column-1\">12<\/td><td class=\"column-2\">Regulamenta a utiliza\u00e7\u00e3o, a queima e a soltura de fogos de artif\u00edcio e assemelhados, e de quaisquer artefatos pirot\u00e9cnicos de efeito sonoro ruidoso com estampidos, assim como a queima e soltura nos eventos e ambientes que especifica no \u00e2mbito do Municipio de Po\u00e7\u00e3o e d\u00e1 outras provid\u00eancias.<\/td><td class=\"column-3\">Vereadores Jaciene Maria, Iza Gabriela e Napole\u00e3o Cordeiro<\/td><td class=\"column-4\">Reda\u00e7\u00e3o e Justi\u00e7a e Or\u00e7amento e Finan\u00e7as.<\/td><td class=\"column-5\">Jos\u00e9 Edson e Silvio de Souza.<\/td><td class=\"column-6\">Aprovado por 7 votos.<\/td><td class=\"column-7\">Iza Gabriela, Jos\u00e9 Edson, Napole\u00e3o Cordeiro, Ca\u00edque Alberto, Cledson Oliveira, Silvio De Souza e Jaciene Maria<\/td><td class=\"column-8\"><a href=\"https:\/\/www.camarapocao.pe.gov.br\/home\/images\/Consulta\/pl\/2025\/pl (12).pdf\" rel=\"noopener\" target=\"_blank\">PDF<\/a><\/td>\n<\/tr>\n<tr class=\"row-14\">\n\t<td class=\"column-1\">13<\/td><td class=\"column-2\">Reconhecer as Quadrilhas Juninas sediadas no municipio de Po\u00e7\u00e3o como patrim\u00f4nio cultural imaterial do municipio de Po\u00e7\u00e3o e d\u00e1 outras provid\u00eancias.<\/td><td class=\"column-3\">Vereadora Iza Gabriela<\/td><td class=\"column-4\">Reda\u00e7\u00e3o e justi\u00e7a<\/td><td class=\"column-5\">Napole\u00e3o Cordeiro<\/td><td class=\"column-6\">Aprovado por 7 votos.<\/td><td class=\"column-7\">Iza Gabriela, Jos\u00e9 Edson, Napole\u00e3o Cordeiro, Caique Alberto, Cledson Jos\u00e9, Silvio de Souza e Jaciene Maria<\/td><td class=\"column-8\"><a href=\"https:\/\/www.camarapocao.pe.gov.br\/home\/images\/Consulta\/pl\/2025\/pl (13).pdf\" rel=\"noopener\" target=\"_blank\">PDF<\/a><\/td>\n<\/tr>\n<tr class=\"row-15\">\n\t<td class=\"column-1\">14<\/td><td class=\"column-2\">Disp\u00f5e sobre a veda\u00e7\u00e3o \u00e0 nomea\u00e7\u00e3o ou contrata\u00e7\u00e3o de v\u00ednculo com o Munic\u00edpio de Po\u00e7\u00e3o de pessoas condenadas por crimes de viol\u00eancia dom\u00e9stica e familiar contra a mulher.<\/td><td class=\"column-3\">Vereadora Jaciene Maria<\/td><td class=\"column-4\">Reda\u00e7\u00e3o e Justi\u00e7a<\/td><td class=\"column-5\">Napole\u00e3o Cordeiro Jr. <\/td><td class=\"column-6\">Aprovado por 7 votos.<\/td><td class=\"column-7\">Iza Gabriela, Jos\u00e9 Edson,<br \/>\nNapole\u00e3o Cordeiro,<br \/>\nCaique Alberto, J\u00fanior<br \/>\nRoberto, Cledson Jos\u00e9,<br \/>\nSilvio de Souza.<\/td><td class=\"column-8\"><a href=\"https:\/\/www.camarapocao.pe.gov.br\/home\/images\/Consulta\/pl\/2025\/pl (14).pdf\" rel=\"noopener\" target=\"_blank\">PDF<\/a><\/td>\n<\/tr>\n<tr class=\"row-16\">\n\t<td class=\"column-1\">15<\/td><td class=\"column-2\">Reconhece as Palho\u00e7as Juninas no Munic\u00edpio de Po\u00e7\u00e3o como Patrim\u00f4nio Cultural do Munic\u00edpio de Po\u00e7\u00e3o e d\u00e1 outras provid\u00eancias.<\/td><td class=\"column-3\">Vereador Cledson Jos\u00e9<\/td><td class=\"column-4\">Comiss\u00e3o de Reda\u00e7\u00e3o e Justi\u00e7a.<\/td><td class=\"column-5\">Jos\u00e9 Edson<\/td><td class=\"column-6\">Aprovado por 7 votos.<\/td><td class=\"column-7\">Iza Gabriela, Jos\u00e9 Edson, Napole\u00e3o Cordeiro, Ca\u00edque Alberto, Cledson Jos\u00e9, Silvio de Souza e Jaciene Maria.<\/td><td class=\"column-8\"><a href=\"https:\/\/www.camarapocao.pe.gov.br\/home\/images\/Consulta\/pl\/2025\/pl (15).pdf\" rel=\"noopener\" target=\"_blank\">PDF<\/a><\/td>\n<\/tr>\n<tr class=\"row-17\">\n\t<td class=\"column-1\">16<\/td><td class=\"column-2\">Estabelece as diretrizes or\u00e7ament\u00e1rias para o exerc\u00edcio de 2026 e d\u00e1 outras provid\u00eancias.<\/td><td class=\"column-3\">Poder Executivo<\/td><td class=\"column-4\">Comiss\u00e3o de Reda\u00e7\u00e3o e Justi\u00e7a e Or\u00e7amento e Finan\u00e7as.<\/td><td class=\"column-5\">Napole\u00e3o Cordeiro e Cledson Jos\u00e9.<\/td><td class=\"column-6\">Aprovado por 8 votos.<\/td><td class=\"column-7\">Iza Gabriela, Jos\u00e9 Edson, Napole\u00e3o Cordeiro, Ca\u00edque Alberto, Junior Roberto, Cledson Jos\u00e9, Silvio de Souza e Jaciene Maria.<\/td><td class=\"column-8\"><a href=\"https:\/\/www.camarapocao.pe.gov.br\/home\/images\/Consulta\/pl\/2025\/pl (16).pdf\" rel=\"noopener\" target=\"_blank\">PDF<\/a><\/td>\n<\/tr>\n<tr class=\"row-18\">\n\t<td class=\"column-1\">17<\/td><td class=\"column-2\">Disp\u00f5e sobre a cria\u00e7\u00e3o do n\u00facleo de atendimento educacional especializado multidisciplinar \u00a8Professora Efetiva\u00a8, vinculado \u00e0 secretaria municipal de educa\u00e7\u00e3o, e d\u00e1 outras provid\u00eancias.<\/td><td class=\"column-3\">Poder Executivo<\/td><td class=\"column-4\">Comiss\u00e3o de Reda\u00e7\u00e3o e Justi\u00e7a e Or\u00e7amento e Finan\u00e7as<\/td><td class=\"column-5\">Jos\u00e9 Edson pelas duas comiss\u00f5es.<\/td><td class=\"column-6\">Aprovado por 8 votos<\/td><td class=\"column-7\">Iza Gabriela, Jos\u00e9 Edson, Napole\u00e3o Cordeiro, Ca\u00edque Alberto, Junior Roberto, Cledson Jos\u00e9, Silvio de Souza e Jaciene Maria.<\/td><td class=\"column-8\"><a href=\"https:\/\/www.camarapocao.pe.gov.br\/home\/images\/Consulta\/pl\/2025\/pl (17).pdf\" rel=\"noopener\" target=\"_blank\">PDF<\/a><\/td>\n<\/tr>\n<tr class=\"row-19\">\n\t<td class=\"column-1\">18<\/td><td class=\"column-2\">Atualiza as normas da Lei Municipal n\u00ba 875\/2024 que autoriza o pagamento da gratifica\u00e7\u00e3o por desempenho na Aten\u00e7\u00e3o Prim\u00e1ria \u00e0 Sa\u00fade, e d\u00e1 outras provid\u00eancias.<\/td><td class=\"column-3\">Poder Executivo<\/td><td class=\"column-4\">Comiss\u00e3o de Reda\u00e7\u00e3o e Justi\u00e7a e Or\u00e7amento e Finan\u00e7as<\/td><td class=\"column-5\">Iza Gabriela e Jos\u00e9 Edson.<\/td><td class=\"column-6\">Aprovado por 8 votos.<\/td><td class=\"column-7\">Iza Gabriela, Jos\u00e9 Edson, Napole\u00e3o Cordeiro, Ca\u00edque Alberto, Junior Roberto, Cledson Jos\u00e9, Silvio de Souza e Jaciene Maria.<\/td><td class=\"column-8\"><a href=\"https:\/\/www.camarapocao.pe.gov.br\/home\/images\/Consulta\/pl\/2025\/pl (18).pdf\" rel=\"noopener\" target=\"_blank\">PDF<\/a><\/td>\n<\/tr>\n<tr class=\"row-20\">\n\t<td class=\"column-1\">19<\/td><td class=\"column-2\">Disp\u00f5e sobre a regulamenta\u00e7\u00e3o da destina\u00e7\u00e3o dos res\u00edduos s\u00f3lidos produzidos no Munic\u00edpio de Po\u00e7\u00e3o\/PE atrav\u00e9s da normatiza\u00e7\u00e3o do Plano Municipal de Gest\u00e3o Integrada de Res\u00edduos S\u00f3lidos \u2013 PMGIRS, em conformidade com a Lei Federal n\u00ba 12.305\/2010, e d\u00e1 outras provid\u00eancias.<\/td><td class=\"column-3\">Poder Executivo<\/td><td class=\"column-4\">Comiss\u00e3o de Reda\u00e7\u00e3o e Justi\u00e7a e Or\u00e7amento e Finan\u00e7as<\/td><td class=\"column-5\">Napole\u00e3o Cordeiro e Silvio de Souza.<\/td><td class=\"column-6\">Aprovado por 8 votos.<\/td><td class=\"column-7\">Iza Gabriela, Jos\u00e9 Edson, Napole\u00e3o Cordeiro, Ca\u00edque Alberto, Junior Roberto, Cledson Jos\u00e9, Silvio de Souza e Jaciene Maria.<\/td><td class=\"column-8\"><a href=\"https:\/\/www.camarapocao.pe.gov.br\/home\/images\/Consulta\/pl\/2025\/pl (19).pdf\" rel=\"noopener\" target=\"_blank\">PDF<\/a><\/td>\n<\/tr>\n<tr class=\"row-21\">\n\t<td class=\"column-1\">20<\/td><td class=\"column-2\">Institui normas de respeito \u00e0 diversidade, veda a nomea\u00e7\u00e3o para cargos em comiss\u00e3o de pessoas condenadas por discrimina\u00e7\u00e3o em raz\u00e3o de identidade de g\u00eanero ou orienta\u00e7\u00e3o sexual, reconhece o direito ao nome social e identidade de g\u00eanero e institui a Semana Municipal de Conscientiza\u00e7\u00e3o e Combate \u00e0 viol\u00eancia contra a popula\u00e7\u00e3o LGBTQIA+ no \u00e2mbito do Munic\u00edpio de Po\u00e7\u00e3o\/PE.<\/td><td class=\"column-3\">Poder Executivo<\/td><td class=\"column-4\">Comiss\u00e3o de Reda\u00e7\u00e3o e Justi\u00e7a e Or\u00e7amento e Finan\u00e7as<\/td><td class=\"column-5\">Jos\u00e9 Edson e Cledson Jos\u00e9.<\/td><td class=\"column-6\">Aprovado por 8 votos.<\/td><td class=\"column-7\">Iza Gabriela, Jos\u00e9 Edson, Napole\u00e3o Cordeiro, Ca\u00edque Alberto, Junior Roberto, Cledson Jos\u00e9, Silvio de Souza e Jaciene Maria.<\/td><td class=\"column-8\"><a href=\"https:\/\/www.camarapocao.pe.gov.br\/home\/images\/Consulta\/pl\/2025\/pl (20).pdf\" rel=\"noopener\" target=\"_blank\">PDF<\/a><\/td>\n<\/tr>\n<tr class=\"row-22\">\n\t<td class=\"column-1\">21<\/td><td class=\"column-2\">Institui, no \u00e2mbito do munic\u00edpio de Po\u00e7\u00e3o, a semana da castra\u00e7\u00e3o animal, a ser realizada anualmente na primeira semana do m\u00eas de outubro, e d\u00e1 outras provid\u00eancias.<\/td><td class=\"column-3\">Vereador Napole\u00e3o Cordeiro<\/td><td class=\"column-4\">Comiss\u00e3o de Reda\u00e7\u00e3o e Justi\u00e7a e Or\u00e7amento e Finan\u00e7as<\/td><td class=\"column-5\">Iza Gabriela e Jos\u00e9 Edson.<\/td><td class=\"column-6\">Aprovado por 8 votos.<\/td><td class=\"column-7\">Iza Gabriela, Jos\u00e9 Edson, Napole\u00e3o Cordeiro, Ca\u00edque Alberto, Junior Roberto, Cledson Jos\u00e9, Silvio de Souza e Jaciene Maria.<\/td><td class=\"column-8\"><a href=\"https:\/\/www.camarapocao.pe.gov.br\/home\/images\/Consulta\/pl\/2025\/pl (21).pdf\" rel=\"noopener\" target=\"_blank\">PDF<\/a><\/td>\n<\/tr>\n<tr class=\"row-23\">\n\t<td class=\"column-1\">22<\/td><td class=\"column-2\">Disp\u00f5e sobre denomina\u00e7\u00e3o de Ruas, Avenidas, Pr\u00e9dios, Logradouros p\u00fablicos e d\u00e1 outras provid\u00eancias.<\/td><td class=\"column-3\">Vereador Jos\u00e9 Edson<\/td><td class=\"column-4\">Comiss\u00e3o de reda\u00e7\u00e3o e Justi\u00e7a<\/td><td class=\"column-5\">Napole\u00e3o Cordeiro.<\/td><td class=\"column-6\">Aprovado por 7 votos.<\/td><td class=\"column-7\">Iza Gabriela, Jos\u00e9 Edson, Napole\u00e3o Cordeiro, Ca\u00edque Alberto, Junior Roberto, Silvio de Souza e Jaciene Maria.<\/td><td class=\"column-8\"><a href=\"https:\/\/www.camarapocao.pe.gov.br\/home\/images\/Consulta\/pl\/2025\/pl (22).pdf\" rel=\"noopener\" target=\"_blank\">PDF<\/a><\/td>\n<\/tr>\n<tr class=\"row-24\">\n\t<td class=\"column-1\">23<\/td><td class=\"column-2\">Disp\u00f5e sobre a majora\u00e7\u00e3o da remunera\u00e7\u00e3o dos professores da rede p\u00fablica municipal de ensino, altera o anexo II da Lei Municipal n\u00ba 830\/2022 e d\u00e1 outras provid\u00eancias.<\/td><td class=\"column-3\">Poder Executivo<\/td><td class=\"column-4\">Comiss\u00e3o de Reda\u00e7\u00e3o e Justi\u00e7a e Or\u00e7amento e Finan\u00e7as.<\/td><td class=\"column-5\">Jos\u00e9 Edson e Silvio de Souza.<\/td><td class=\"column-6\">Aprovado por 7 votos.<\/td><td class=\"column-7\">Iza Gabriela, Jos\u00e9 Edson,  Ca\u00edque Alberto, Junior Roberto, Cledson Jos\u00e9, Silvio de Souza e Jaciene Maria.<\/td><td class=\"column-8\"><a href=\"https:\/\/www.camarapocao.pe.gov.br\/home\/images\/Consulta\/pl\/2025\/pl (23).pdf\" rel=\"noopener\" target=\"_blank\">PDF<\/a><\/td>\n<\/tr>\n<tr class=\"row-25\">\n\t<td class=\"column-1\">24<\/td><td class=\"column-2\">Disp\u00f5e sobre a denomina\u00e7\u00e3o da via p\u00fablica conhecida como \u00a8Rua do Prado\u00a8, localizada nas imedia\u00e7\u00f5es da Unidade B\u00e1sica de Sa\u00fade Gilson Mergulh\u00e3o, que passa a ser denominada Rua Luiz Gonzaga Monteiro, e d\u00e1 outras provid\u00eancias.<\/td><td class=\"column-3\">Vereador Junior Roberto<\/td><td class=\"column-4\">Comiss\u00e3o de Reda\u00e7\u00e3o e Justi\u00e7a<\/td><td class=\"column-5\">Iza Gabriela<\/td><td class=\"column-6\">Aprovado por 6 votos.<\/td><td class=\"column-7\">Iza Gabriela, Jos\u00e9 Edson, Napole\u00e3o Cordeiro, Ca\u00edque Alberto, Silvio de Souza e Jaciene Maria.<\/td><td class=\"column-8\"><a href=\"https:\/\/www.camarapocao.pe.gov.br\/home\/images\/Consulta\/pl\/2025\/pl (24).pdf\" rel=\"noopener\" target=\"_blank\">PDF<\/a><\/td>\n<\/tr>\n<tr class=\"row-26\">\n\t<td class=\"column-1\">25<\/td><td class=\"column-2\">Institui, no \u00e2mbito do Munic\u00edpio de Po\u00e7\u00e3o, a Campanha Setembro Amarelo, dedicada \u00e0 conscientiza\u00e7\u00e3o, preven\u00e7\u00e3o e enfrentamento ao suic\u00eddio e \u00e0 promo\u00e7\u00e3o da sa\u00fade mental, e d\u00e1 outras provid\u00eancias.<\/td><td class=\"column-3\">Vereadora Iza Gabriela<\/td><td class=\"column-4\">Comiss\u00e3o de Reda\u00e7\u00e3o e Justi\u00e7a e Or\u00e7amento e Finan\u00e7as<\/td><td class=\"column-5\">Napole\u00e3o cordeiro e Cledson Jos\u00e9<\/td><td class=\"column-6\">Aprovado por 5 votos.<\/td><td class=\"column-7\">Iza Gabriela, Jos\u00e9 Edson, Napole\u00e3o Cordeiro, Junior Roberto e Cledson Jos\u00e9.<\/td><td class=\"column-8\"><a href=\"https:\/\/www.camarapocao.pe.gov.br\/home\/images\/Consulta\/pl\/2025\/pl (25).pdf\" rel=\"noopener\" target=\"_blank\">PDF<\/a><\/td>\n<\/tr>\n<tr class=\"row-27\">\n\t<td class=\"column-1\">26<\/td><td class=\"column-2\">Disp\u00f5e sobre a institui\u00e7\u00e3o de a\u00e7\u00f5es voltadas \u00e0 Promo\u00e7\u00e3o da Dignidade Menstrual no \u00e2mbito do Munic\u00edpio de Po\u00e7\u00e3o\/PE e d\u00e1 outras provid\u00eancias.<\/td><td class=\"column-3\">Iza Gabriela<\/td><td class=\"column-4\">Comiss\u00e3o de Reda\u00e7\u00e3o e Justi\u00e7a e Comiss\u00e3o de Or\u00e7amento e Finan\u00e7as.<\/td><td class=\"column-5\">Jos\u00e9 Edson pelas duas comiss\u00f5es.<\/td><td class=\"column-6\">Aprovado por 8 votos.<\/td><td class=\"column-7\">Iza Gabriela, Jos\u00e9 Edson, Napole\u00e3o Cordeiro, Ca\u00edque Alberto, Junior Roberto, Cledson Jos\u00e9, Silvio de Souza e Jaciene Maria.<\/td><td class=\"column-8\"><a href=\"https:\/\/www.camarapocao.pe.gov.br\/home\/images\/Consulta\/pl\/2025\/pl (26).pdf\" rel=\"noopener\" target=\"_blank\">PDF<\/a><\/td>\n<\/tr>\n<tr class=\"row-28\">\n\t<td class=\"column-1\">27<\/td><td class=\"column-2\">Disp\u00f5e sobre a denomina\u00e7\u00e3o da via p\u00fablica conhecida como \u00a8Segunda Rua do Prado\u00a8, localizada nas imedia\u00e7\u00f5es da Caixa d\u2019agua logo ap\u00f3s o esquin\u00e3o da economia se estendendo at\u00e9 a resid\u00eancia da senhora Aparecida, que passa a ser denominada: Rua Caio Henrique da Silva Monteiro, e d\u00e1 outras provid\u00eancias.<\/td><td class=\"column-3\">Jos\u00e9 Gleison e Jos\u00e9 Edson<\/td><td class=\"column-4\">Comiss\u00e3o de Reda\u00e7\u00e3o e Justi\u00e7a.<\/td><td class=\"column-5\">Iza Gabriela<\/td><td class=\"column-6\">Aprovado por 8 votos.<\/td><td class=\"column-7\">Iza Gabriela, Jos\u00e9 Edson, Napole\u00e3o Cordeiro, Ca\u00edque Alberto, Junior Roberto, Cledson Jos\u00e9, Silvio de Souza e Jaciene Maria<\/td><td class=\"column-8\"><a href=\"https:\/\/www.camarapocao.pe.gov.br\/home\/images\/Consulta\/pl\/2025\/pl (27).pdf\" rel=\"noopener\" target=\"_blank\">PDF<\/a><\/td>\n<\/tr>\n<tr class=\"row-29\">\n\t<td class=\"column-1\">28<\/td><td class=\"column-2\">Disp\u00f5e sobre a denomina\u00e7\u00e3o do Posto de Sa\u00fade do s\u00edtio Santa Clara de Arlindo Leopoldino de Oliveira.<\/td><td class=\"column-3\">Ca\u00edque Alberto<\/td><td class=\"column-4\">Comiss\u00e3o de Reda\u00e7\u00e3o e Justi\u00e7a<\/td><td class=\"column-5\">Napole\u00e3o Cordeiro<\/td><td class=\"column-6\">Aprovado por 7 votos.<\/td><td class=\"column-7\">Iza Gabriela, Silvio de Souza, Napole\u00e3o Cordeiro, Ca\u00edque Alberto, Junior Roberto, Cledson Jos\u00e9 e Jaciene Maria.<\/td><td class=\"column-8\"><a href=\"https:\/\/www.camarapocao.pe.gov.br\/home\/images\/Consulta\/pl\/2025\/pl (28).pdf\" rel=\"noopener\" target=\"_blank\">PDF<\/a><\/td>\n<\/tr>\n<tr class=\"row-30\">\n\t<td class=\"column-1\">29<\/td><td class=\"column-2\">Institui o Plano Plurianual do Munic\u00edpio de Po\u00e7\u00e3o-PE para o per\u00edodo de 2026 a 2029 e d\u00e1 outras provid\u00eancias.<\/td><td class=\"column-3\">Poder Executivo<\/td><td class=\"column-4\">Comiss\u00e3o de Reda\u00e7\u00e3o e Justi\u00e7a e Or\u00e7amento e Finan\u00e7as.<\/td><td class=\"column-5\">Iza Gabriela e Silvio de Souza.<\/td><td class=\"column-6\">Aprovado por  7 votos.<\/td><td class=\"column-7\">Iza Gabriela, Jos\u00e9 Edson, Napole\u00e3o Cordeiro, Caique Alberto, Junior Roberto, Silvio de Souza e Jaciene Maria.<\/td><td class=\"column-8\"><a href=\"https:\/\/www.camarapocao.pe.gov.br\/home\/images\/Consulta\/pl\/2025\/pl (29).pdf\" rel=\"noopener\" target=\"_blank\">PDF<\/a><\/td>\n<\/tr>\n<tr class=\"row-31\">\n\t<td class=\"column-1\">30<\/td><td class=\"column-2\">Estima a RECEITA e fixa a DESPESA do Munic\u00edpio para o exerc\u00edcio financeiro de 2026.<\/td><td class=\"column-3\">Poder Executivo<\/td><td class=\"column-4\">Comiss\u00e3o de Reda\u00e7\u00e3o e Justi\u00e7a e Or\u00e7amento e Finan\u00e7as<\/td><td class=\"column-5\">Napole\u00e3o Cordeiro e Cledson Jos\u00e9.<\/td><td class=\"column-6\">Aprovado por  7 votos<\/td><td class=\"column-7\">Iza Gabriela, Jos\u00e9 Edson, Napole\u00e3o Cordeiro, Caique Alberto, Junior Roberto, Silvio de Souza e Jaciene Maria.<\/td><td class=\"column-8\"><a href=\"https:\/\/www.camarapocao.pe.gov.br\/home\/images\/Consulta\/pl\/2025\/pl (30).pdf\" rel=\"noopener\" target=\"_blank\">PDF<\/a><\/td>\n<\/tr>\n<tr class=\"row-32\">\n\t<td class=\"column-1\">31<\/td><td class=\"column-2\">Disp\u00f5e sobre a institui\u00e7\u00e3o da Pol\u00edtica Municipal de Prote\u00e7\u00e3o e Manejo Populacional \u00c9tico de C\u00e3es e Gatos no munic\u00edpio de Po\u00e7\u00e3o-PE, define compet\u00eancias e d\u00e1  outras provid\u00eancias.<\/td><td class=\"column-3\">Cledson Jos\u00e9<\/td><td class=\"column-4\">Comiss\u00e3o de Reda\u00e7\u00e3o e Justi\u00e7a<\/td><td class=\"column-5\">Jos\u00e9 Edson pelas duas comiss\u00f5es. Aprovado por  7 votos<\/td><td class=\"column-6\">Aprovado por 5 votos.<\/td><td class=\"column-7\">Caique Alberto, Jaciene Maria, Jos\u00e9 Edson, Junior Roberto e Napole\u00e3o Cordeiro.<\/td><td class=\"column-8\"><a href=\"https:\/\/www.camarapocao.pe.gov.br\/home\/images\/Consulta\/pl\/2025\/pl (31).pdf\" rel=\"noopener\" target=\"_blank\">PDF<\/a><\/td>\n<\/tr>\n<tr class=\"row-33\">\n\t<td class=\"column-1\">32<\/td><td class=\"column-2\">Institui o Programa Municipal de Acesso Gratu\u00edto \u00e0 Intenet \u00a8Po\u00e7\u00e3o Conectada\u00a8no \u00e2mbito das reparti\u00e7\u00f5es p\u00fablicas municipais e espa\u00e7os p\u00fablicos de uso coletivo, e d\u00e1 outras provid\u00eancias.<\/td><td class=\"column-3\">Napole\u00e3o Cordeiro<\/td><td class=\"column-4\">Comiss\u00e3o de Reda\u00e7\u00e3o e Justi\u00e7a e Or\u00e7amento e Finan\u00e7as<\/td><td class=\"column-5\">Iza Gabriela e Silvio de Souza<\/td><td class=\"column-6\">Aprovado por 5 votos.<\/td><td class=\"column-7\">Caique Alberto, Jaciene Maria, Jos\u00e9 Edson, Junior Roberto e Napole\u00e3o Cordeiro<\/td><td class=\"column-8\"><a href=\"https:\/\/www.camarapocao.pe.gov.br\/home\/images\/Consulta\/pl\/2025\/pl (32).pdf\" rel=\"noopener\" target=\"_blank\">PDF<\/a><\/td>\n<\/tr>\n<tr class=\"row-34\">\n\t<td class=\"column-1\">33<\/td><td class=\"column-2\">Estabelece normas para o reconhecimento e a declara\u00e7\u00e3o de utilidade p\u00fablica de entidades privadas sem fins lucrativos no \u00e2mbito do Munic\u00edpio de Po\u00e7\u00e3o\/PE, e d\u00e1 outras provid\u00eancias.<\/td><td class=\"column-3\">Apresentado por todos os vereadores<\/td><td class=\"column-4\">Comiss\u00e3o de Reda\u00e7\u00e3o e Justi\u00e7a e Comiss\u00e3o de Or\u00e7amento e Finan\u00e7as<\/td><td class=\"column-5\">Napole\u00e3o Cordeiro e Cledson Jos\u00e9<\/td><td class=\"column-6\">Aprovado por 5 votos.<\/td><td class=\"column-7\">Caique Alberto, Jaciene Maria, Jos\u00e9 Edson, Junior Roberto e Napole\u00e3o Cordeiro<\/td><td class=\"column-8\"><a href=\"https:\/\/www.camarapocao.pe.gov.br\/home\/images\/Consulta\/pl\/2025\/pl (33).pdf\" rel=\"noopener\" target=\"_blank\">PDF<\/a><\/td>\n<\/tr>\n<tr class=\"row-35\">\n\t<td class=\"column-1\">34<\/td><td class=\"column-2\">Disp\u00f5e sobre a obrigatoriedade de instala\u00e7\u00e3o de c\u00e2meras de seguran\u00e7a nos ve\u00edculos utilizados no transporte escolar do Munic\u00edpio de Po\u00e7\u00e3o, e d\u00e1 outras provid\u00eancias.<\/td><td class=\"column-3\">Vereador Napole\u00e3o Cordeiro<\/td><td class=\"column-4\">Comiss\u00e3o de Reda\u00e7\u00e3o e Justi\u00e7a e Comiss\u00e3o de Or\u00e7amento e Finan\u00e7as<\/td><td class=\"column-5\">Jos\u00e9 Edson pelas duas Comiss\u00f5es<\/td><td class=\"column-6\">Aprovado por 8 votos.<\/td><td class=\"column-7\">Ca\u00edque Alberto, Cledson Jos\u00e9, Iza Gabriela, Jaciene Maria, Jos\u00e9 Edson, Junior Roberto, Napole\u00e3o Cordeiro e Silvio de Souza.<\/td><td class=\"column-8\"><a href=\"https:\/\/www.camarapocao.pe.gov.br\/home\/images\/Consulta\/pl\/2025\/pl (34).pdf\" rel=\"noopener\" target=\"_blank\">PDF<\/a><\/td>\n<\/tr>\n<tr class=\"row-36\">\n\t<td class=\"column-1\">35<\/td><td class=\"column-2\">Disp\u00f5e sobre denomina\u00e7\u00e3o de Cozinha Comunit\u00e1ria na Aldeia de P\u00e3o de A\u00e7\u00facar e d\u00e1 outras provid\u00eancias.<\/td><td class=\"column-3\">Vereadora Jaciene Maria<\/td><td class=\"column-4\">Comiss\u00e3o de Reda\u00e7\u00e3o e Justi\u00e7a.<\/td><td class=\"column-5\">Jos\u00e9 Edson<\/td><td class=\"column-6\">Aprovado por 6 votos.<\/td><td class=\"column-7\">Ca\u00edque Alberto, Cledson Jos\u00e9, Jaciene Maria, Junior Roberto, Napole\u00e3o Cordeiro e Silvio de Souza.<\/td><td class=\"column-8\"><a href=\"https:\/\/www.camarapocao.pe.gov.br\/home\/images\/Consulta\/pl\/2025\/pl (35).pdf\" rel=\"noopener\" target=\"_blank\">PDF<\/a><\/td>\n<\/tr>\n<tr class=\"row-37\">\n\t<td class=\"column-1\">36<\/td><td class=\"column-2\">Disp\u00f5e sobre a cria\u00e7\u00e3o da Ouvidoria da Prefeitura de Po\u00e7\u00e3o e d\u00e1 outras provid\u00eancias.<\/td><td class=\"column-3\">Poder Executivo<\/td><td class=\"column-4\">Comiss\u00e3o de Reda\u00e7\u00e3o e Justi\u00e7a e Comiss\u00e3o de Or\u00e7amento e Finan\u00e7as.<\/td><td class=\"column-5\">Jos\u00e9 Edson e Silvio de Souza.<\/td><td class=\"column-6\">Aprovado por 6 votos.<\/td><td class=\"column-7\">Jos\u00e9 Edson, Ca\u00edque Alberto, Cledson Jos\u00e9, Junior Roberto, Napole\u00e3o Cordeiro,  Silvio de Souza.<\/td><td class=\"column-8\"><a href=\"https:\/\/www.camarapocao.pe.gov.br\/home\/images\/Consulta\/pl\/2025\/pl (36).pdf\" rel=\"noopener\" target=\"_blank\">PDF<\/a><\/td>\n<\/tr>\n<tr class=\"row-38\">\n\t<td class=\"column-1\">37<\/td><td class=\"column-2\">Disp\u00f5e sobre a majora\u00e7\u00e3o da remunera\u00e7\u00e3o dos professores da rede p\u00fablica municipal de ensino e d\u00e1 outras provid\u00eancias.<\/td><td class=\"column-3\">Poder Executivo<\/td><td class=\"column-4\">Comiss\u00e3o de Reda\u00e7\u00e3o e Justi\u00e7a e Comiss\u00e3o de Or\u00e7amento e Finan\u00e7as.<\/td><td class=\"column-5\">Cledson Jos\u00e9 e Jos\u00e9 Edson.<\/td><td class=\"column-6\">Aprovado por 5 votos.<\/td><td class=\"column-7\">Iza Gabriela, Jos\u00e9 Edson, Napole\u00e3o Cordeiro. Ca\u00edque Alberto e Silvio de Souza.<\/td><td class=\"column-8\"><a href=\"https:\/\/www.camarapocao.pe.gov.br\/home\/images\/Consulta\/pl\/2025\/pl (37).pdf\" rel=\"noopener\" target=\"_blank\">PDF<\/a><\/td>\n<\/tr>\n<\/tbody>\n<\/table>\n<!-- #tablepress-49 from cache -->\n","protected":false},"excerpt":{"rendered":"","protected":false},"author":3,"featured_media":0,"parent":0,"menu_order":0,"comment_status":"closed","ping_status":"closed","template":"","meta":{"footnotes":""},"class_list":["post-1862","page","type-page","status-publish","hentry","active"],"aioseo_notices":[],"_links":{"self":[{"href":"https:\/\/camarapocao.pe.gov.br\/v1\/wp-json\/wp\/v2\/pages\/1862","targetHints":{"allow":["GET"]}}],"collection":[{"href":"https:\/\/camarapocao.pe.gov.br\/v1\/wp-json\/wp\/v2\/pages"}],"about":[{"href":"https:\/\/camarapocao.pe.gov.br\/v1\/wp-json\/wp\/v2\/types\/page"}],"author":[{"embeddable":true,"href":"https:\/\/camarapocao.pe.gov.br\/v1\/wp-json\/wp\/v2\/users\/3"}],"replies":[{"embeddable":true,"href":"https:\/\/camarapocao.pe.gov.br\/v1\/wp-json\/wp\/v2\/comments?post=1862"}],"version-history":[{"count":1,"href":"https:\/\/camarapocao.pe.gov.br\/v1\/wp-json\/wp\/v2\/pages\/1862\/revisions"}],"predecessor-version":[{"id":1863,"href":"https:\/\/camarapocao.pe.gov.br\/v1\/wp-json\/wp\/v2\/pages\/1862\/revisions\/1863"}],"wp:attachment":[{"href":"https:\/\/camarapocao.pe.gov.br\/v1\/wp-json\/wp\/v2\/media?parent=1862"}],"curies":[{"name":"wp","href":"https:\/\/api.w.org\/{rel}","templated":true}]}}