{"id":1857,"date":"2025-04-24T12:08:39","date_gmt":"2025-04-24T15:08:39","guid":{"rendered":"https:\/\/camarapocao.pe.gov.br\/v1\/?page_id=1857"},"modified":"2025-04-24T12:08:39","modified_gmt":"2025-04-24T15:08:39","slug":"leis-aprovadas-em-2025","status":"publish","type":"page","link":"https:\/\/camarapocao.pe.gov.br\/v1\/leis-aprovadas-em-2025\/","title":{"rendered":"Leis aprovadas em 2025"},"content":{"rendered":"\n<table id=\"tablepress-48\" class=\"tablepress tablepress-id-48\">\n<thead>\n<tr class=\"row-1\">\n\t<th class=\"column-1\">N\u00ba do Documento<\/th><th class=\"column-2\">Ementa<\/th><th class=\"column-3\">Vereador Autor<\/th><th class=\"column-4\">Detalhe da aprova\u00e7\u00e3o<\/th><th class=\"column-5\">Vereadores a favor<\/th><th class=\"column-6\">Vereadores contr\u00e1rios<\/th><th class=\"column-7\">Download<\/th>\n<\/tr>\n<\/thead>\n<tbody class=\"row-striping row-hover\">\n<tr class=\"row-2\">\n\t<td class=\"column-1\">885<\/td><td class=\"column-2\">Disp\u00f5e sobre uso obrigat\u00f3rio de equipamentos de conten\u00e7\u00e3o para circula\u00e7\u00e3o de c\u00e3es em espa\u00e7os p\u00fablicos no munic\u00edpio de Po\u00e7\u00e3o\/PE.<\/td><td class=\"column-3\">Vereador Silvio Andrade.<\/td><td class=\"column-4\">Aprovado por 6 votos.<\/td><td class=\"column-5\">Iza Gabriela, Jos\u00e9 Edson, Napole\u00e3o Cordeiro, Ca\u00edque Alberto, Silvio De Souza e Jaciene Maria<\/td><td class=\"column-6\">-<\/td><td class=\"column-7\"><a href=\"http:\/\/www.camarapocao.pe.gov.br\/home\/images\/Consulta\/leis\/2025\/885.pdf\" rel=\"noopener\" target=\"_blank\">PDF<\/a><\/td>\n<\/tr>\n<tr class=\"row-3\">\n\t<td class=\"column-1\">886<\/td><td class=\"column-2\">Institui o dia municipal do evnag\u00e9lico e d\u00e1 outras provid\u00eancias.<\/td><td class=\"column-3\">Vereadora Jaciene Maria.<\/td><td class=\"column-4\">Aprovado por 6 votos.<\/td><td class=\"column-5\">Iza Gabriela, Jos\u00e9 Edson, Napole\u00e3o Cordeiro, Ca\u00edque Alberto, Silvio De Souza e Jaciene Maria<\/td><td class=\"column-6\">-<\/td><td class=\"column-7\"><a href=\"http:\/\/www.camarapocao.pe.gov.br\/home\/images\/Consulta\/leis\/2025\/886.pdf\" rel=\"noopener\" target=\"_blank\">PDF<\/a><\/td>\n<\/tr>\n<tr class=\"row-4\">\n\t<td class=\"column-1\">887<\/td><td class=\"column-2\">Fixa gratifica\u00e7\u00f5es para o agente de contrata\u00e7\u00e3o pregoeiro e membros da equipe de apoio no \u00e2mbito da C\u00e2mara de Po\u00e7\u00e3o. Revoga-se a Lei 733\/2017 e d\u00e1 outras provid\u00eancias.<\/td><td class=\"column-3\">Mesa Diretora<\/td><td class=\"column-4\">Aprovado por 6 votos.<\/td><td class=\"column-5\">Iza Gabriela, Jos\u00e9 Edson, Napole\u00e3o Cordeiro, Ca\u00edque Alberto, Silvio De Souza e Jaciene Maria<\/td><td class=\"column-6\">-<\/td><td class=\"column-7\"><a href=\"http:\/\/www.camarapocao.pe.gov.br\/home\/images\/Consulta\/leis\/2025\/887.pdf\" rel=\"noopener\" target=\"_blank\">PDF<\/a><\/td>\n<\/tr>\n<tr class=\"row-5\">\n\t<td class=\"column-1\">888<\/td><td class=\"column-2\">Concede reajuste geral aos vencimentos dos servidores p\u00fablicos efetivos e comissionados da C\u00e2mara de Po\u00e7\u00e3o.<\/td><td class=\"column-3\">Mesa Diretora<\/td><td class=\"column-4\">Aprovado por 6 votos.<\/td><td class=\"column-5\">Iza Gabriela, Jos\u00e9 Edson, Napole\u00e3o Cordeiro, Ca\u00edque Alberto, Silvio De Souza e Jaciene Maria<\/td><td class=\"column-6\">-<\/td><td class=\"column-7\"><a href=\"http:\/\/www.camarapocao.pe.gov.br\/home\/images\/Consulta\/leis\/2025\/888.pdf\" rel=\"noopener\" target=\"_blank\">PDF<\/a><\/td>\n<\/tr>\n<tr class=\"row-6\">\n\t<td class=\"column-1\">889<\/td><td class=\"column-2\">Institui a Semana Municipal de Preven\u00e7\u00e3o e Combate aos mosquitos transmissores do v\u00edrus da dengue, zica e chikungunya.<\/td><td class=\"column-3\">Vereador Caique Alberto<\/td><td class=\"column-4\">Aprovado por 7 votos.<\/td><td class=\"column-5\">Iza Gabriela, Jos\u00e9 Edson, Ca\u00edque Alberto, Silvio De Souza, J\u00fanior Roberto, Cledson Jos\u00e9 e Jaciene<br \/>\nMaria<\/td><td class=\"column-6\">-<\/td><td class=\"column-7\"><a href=\"http:\/\/www.camarapocao.pe.gov.br\/home\/images\/Consulta\/leis\/2025\/889.pdf\" rel=\"noopener\" target=\"_blank\">PDF<\/a><\/td>\n<\/tr>\n<tr class=\"row-7\">\n\t<td class=\"column-1\">890<\/td><td class=\"column-2\">Fixa o valor para o sal\u00e1rio m\u00ednimo dos servidores municipais e d\u00e1 outras provid\u00eancias.<\/td><td class=\"column-3\">Poder Executivo<\/td><td class=\"column-4\">Aprovado por 7 votos.<\/td><td class=\"column-5\">Iza Gabriela, Jos\u00e9 Edson, Ca\u00edque Alberto, Silvio De Souza, J\u00fanior Roberto, Cledson Jos\u00e9 e Jaciene<br \/>\nMaria<\/td><td class=\"column-6\">-<\/td><td class=\"column-7\"><a href=\"http:\/\/www.camarapocao.pe.gov.br\/home\/images\/Consulta\/leis\/2025\/890.pdf\" rel=\"noopener\" target=\"_blank\">PDF<\/a><\/td>\n<\/tr>\n<tr class=\"row-8\">\n\t<td class=\"column-1\">891<\/td><td class=\"column-2\">Cria a pol\u00edtica municipal de seguran\u00e7a alimentar e nutricional do munic\u00edpio de Po\u00e7\u00e3o\/PE.<\/td><td class=\"column-3\">Poder Executivo<\/td><td class=\"column-4\">Aprovado por 7 votos.<\/td><td class=\"column-5\">Iza Gabriela, Jos\u00e9 Edson, Ca\u00edque Alberto, Silvio De Souza, J\u00fanior Roberto, Cledson Jos\u00e9 e Jaciene<br \/>\nMaria<\/td><td class=\"column-6\">-<\/td><td class=\"column-7\"><a href=\"http:\/\/www.camarapocao.pe.gov.br\/home\/images\/Consulta\/leis\/2025\/891.pdf\" rel=\"noopener\" target=\"_blank\">PDF<\/a><\/td>\n<\/tr>\n<tr class=\"row-9\">\n\t<td class=\"column-1\">892<\/td><td class=\"column-2\">Disp\u00f5es sobre reajuste salarial dos professores efetivos da rede municipal de ensino e d\u00e1 outras provid\u00eancias.<\/td><td class=\"column-3\">Poder Executivo<\/td><td class=\"column-4\">Aprovado por 8 votos.<\/td><td class=\"column-5\">Iza Gabriela, Jos\u00e9 Edson, Napole\u00e3o Cordeiro, Ca\u00edque Alberto, J\u00fanior Roberto, Cledson Oliveira, Silvio De Souza e Jaciene Maria<\/td><td class=\"column-6\">-<\/td><td class=\"column-7\"><a href=\"http:\/\/www.camarapocao.pe.gov.br\/home\/images\/Consulta\/leis\/2025\/892.pdf\" rel=\"noopener\" target=\"_blank\">PDF<\/a><\/td>\n<\/tr>\n<tr class=\"row-10\">\n\t<td class=\"column-1\">893<\/td><td class=\"column-2\">Disp\u00f5es sobre a institui\u00e7\u00e3o do \"Dia Municipal da Paz\" no munic\u00edpio de Po\u00e7\u00e3o\/PE.<\/td><td class=\"column-3\">Mesa Diretora.<\/td><td class=\"column-4\">Aprovado por 7 votos.<\/td><td class=\"column-5\">Iza Gabriela, Jos\u00e9 Edson, Napole\u00e3o Cordeiro, Ca\u00edque Alberto, Cledson Oliveira, Silvio De Souza e Jaciene Maria<\/td><td class=\"column-6\">-<\/td><td class=\"column-7\"><a href=\"http:\/\/www.camarapocao.pe.gov.br\/home\/images\/Consulta\/leis\/2025\/893.pdf\" rel=\"noopener\" target=\"_blank\">PDF<\/a><\/td>\n<\/tr>\n<tr class=\"row-11\">\n\t<td class=\"column-1\">894<\/td><td class=\"column-2\">Disp\u00f5e sobre a redu\u00e7\u00e3o de carga hor\u00e1ria de servidores p\u00fablicos municipais de Po\u00e7\u00e3o\/PE que possuem filhos com transtorno do espectro autista (TEA) ou outras defici\u00eancias.<\/td><td class=\"column-3\">Vereador Napole\u00e3o Cordeiro<\/td><td class=\"column-4\">Aprovado por 7 votos.<\/td><td class=\"column-5\">Iza Gabriela, Jos\u00e9 Edson, Napole\u00e3o Cordeiro, Ca\u00edque Alberto, Cledson Oliveira, Silvio De Souza e Jaciene Maria<\/td><td class=\"column-6\">-<\/td><td class=\"column-7\"><a href=\"http:\/\/www.camarapocao.pe.gov.br\/home\/images\/Consulta\/leis\/2025\/894.pdf\" rel=\"noopener\" target=\"_blank\">PDF<\/a><\/td>\n<\/tr>\n<tr class=\"row-12\">\n\t<td class=\"column-1\">895<\/td><td class=\"column-2\">Disp\u00f5e sobre a obrigatoriedade de condi\u00e7\u00f5es de acessibilidade e inclus\u00e3o para pessoas com defici\u00eancia ou mobilidade reduzida em eventos p\u00fablicos e privados do munic\u00edpio de Po\u00e7\u00e3o\/PE.<\/td><td class=\"column-3\">Vereador Napole\u00e3o Cordeiro<\/td><td class=\"column-4\">Aprovado por 7 votos.<\/td><td class=\"column-5\">Iza Gabriela, Jos\u00e9 Edson, Napole\u00e3o Cordeiro, Ca\u00edque Alberto, Cledson Oliveira, Silvio De Souza e Jaciene Maria<\/td><td class=\"column-6\">-<\/td><td class=\"column-7\"><a href=\"http:\/\/www.camarapocao.pe.gov.br\/home\/images\/Consulta\/leis\/2025\/895.pdf\" rel=\"noopener\" target=\"_blank\">PDF<\/a><\/td>\n<\/tr>\n<tr class=\"row-13\">\n\t<td class=\"column-1\">896<\/td><td class=\"column-2\">Regulamenta a utiliza\u00e7\u00e3o, a queima e a soltura de fogos de artif\u00edcio e assemelhados, e de quaisquer artefatos pirot\u00e9cnicos de efeito sonoro ruidoso com estampidos, assim como queima e soltura nos eventos e ambientes que especif\u00edca no \u00e2mbito municipal.<\/td><td class=\"column-3\">Vereadores Jaciene Maria, Iza Gabriela e Napole\u00e3o Cordeiro<\/td><td class=\"column-4\">Aprovado por 7 votos.<\/td><td class=\"column-5\">Iza Gabriela, Jos\u00e9 Edson, Napole\u00e3o Cordeiro, Ca\u00edque Alberto, Cledson Oliveira, Silvio De Souza e Jaciene Maria<\/td><td class=\"column-6\">-<\/td><td class=\"column-7\"><a href=\"http:\/\/www.camarapocao.pe.gov.br\/home\/images\/Consulta\/leis\/2025\/896.pdf\" rel=\"noopener\" target=\"_blank\">PDF<\/a><\/td>\n<\/tr>\n<tr class=\"row-14\">\n\t<td class=\"column-1\">897<\/td><td class=\"column-2\">Reconhece as quadrilhas juninas sediadas no munic\u00edpio de Po\u00e7\u00e3o\/PE como patrim\u00f4nio cultural imaterial do Munic\u00edpio de Po\u00e7\u00e3o\/PE.<\/td><td class=\"column-3\">Vereadora Iza Gabriela<\/td><td class=\"column-4\">Aprovado por 7 votos.<\/td><td class=\"column-5\">Iza Gabriela, Jos\u00e9 Edson, Napole\u00e3o Cordeiro, Caique Alberto, Cledson Jos\u00e9, Silvio de Souza e Jaciene Maria<\/td><td class=\"column-6\">-<\/td><td class=\"column-7\"><a href=\"http:\/\/www.camarapocao.pe.gov.br\/home\/images\/Consulta\/leis\/2025\/897.pdf\" rel=\"noopener\" target=\"_blank\">PDF<\/a><\/td>\n<\/tr>\n<tr class=\"row-15\">\n\t<td class=\"column-1\">898<\/td><td class=\"column-2\">Disp\u00f5es sobre a veda\u00e7\u00e3o \u00e0 nomea\u00e7\u00e3o ou contrata\u00e7\u00e3o de v\u00ednculo com o Munic\u00edpio de Po\u00e7\u00e3o de pessoas condenadas por crimes de viol\u00eancia dom\u00e9stica e familiar contra a mulher.<\/td><td class=\"column-3\">Vereadora Jaciene Maria <\/td><td class=\"column-4\">Aprovado por 7 votos.<\/td><td class=\"column-5\">Iza Gabriela, Jos\u00e9 Edson, <br \/>\nNapole\u00e3o Cordeiro, <br \/>\nCaique Alberto, J\u00fanior <br \/>\nRoberto, Cledson Jos\u00e9, <br \/>\nSilvio de Souza.<\/td><td class=\"column-6\">-<\/td><td class=\"column-7\"><a href=\"http:\/\/www.camarapocao.pe.gov.br\/home\/images\/Consulta\/leis\/2025\/898.pdf\" rel=\"noopener\" target=\"_blank\">PDF<\/a><\/td>\n<\/tr>\n<tr class=\"row-16\">\n\t<td class=\"column-1\">899<\/td><td class=\"column-2\">Reconhece as palho\u00e7as juninas no munic\u00edpio de Po\u00e7\u00e3o como Patrim\u00f4nio Cultural do Munic\u00edpio.<\/td><td class=\"column-3\">Vereador Cledson Jos\u00e9<\/td><td class=\"column-4\">Aprovado por 7 votos.<\/td><td class=\"column-5\">Iza Gabriela, Jos\u00e9 Edson, Napole\u00e3o Cordeiro, Ca\u00edque Alberto,  Cledson Jos\u00e9, Silvio de Souza e Jaciene Maria.<\/td><td class=\"column-6\">-<\/td><td class=\"column-7\"><a href=\"http:\/\/www.camarapocao.pe.gov.br\/home\/images\/Consulta\/leis\/2025\/899.pdf\" rel=\"noopener\" target=\"_blank\">PDF<\/a><\/td>\n<\/tr>\n<tr class=\"row-17\">\n\t<td class=\"column-1\">900<\/td><td class=\"column-2\">Lei de Diretrizes Or\u00e7ament\u00e1rias - 2026<\/td><td class=\"column-3\">Poder Executivo<\/td><td class=\"column-4\">Aprovado por 8 votos.<\/td><td class=\"column-5\">Iza Gabriela, Jos\u00e9 Edson, Napole\u00e3o Cordeiro, Ca\u00edque Alberto, Junior Roberto, Cledson Jos\u00e9, Silvio de Souza e Jaciene Maria.<\/td><td class=\"column-6\">-<\/td><td class=\"column-7\"><a href=\"http:\/\/www.camarapocao.pe.gov.br\/home\/images\/Consulta\/leis\/2025\/900.pdf\" rel=\"noopener\" target=\"_blank\">PDF<\/a><\/td>\n<\/tr>\n<tr class=\"row-18\">\n\t<td class=\"column-1\">901<\/td><td class=\"column-2\">Disp\u00f5e sobre a cria\u00e7\u00e3o do N\u00facleo de Atendimento Educacional Especializado  Multidisciplinar \"Professora Efetiva\".<\/td><td class=\"column-3\">Poder Executivo<\/td><td class=\"column-4\">Aprovado por 8 votos.<\/td><td class=\"column-5\">Iza Gabriela, Jos\u00e9 Edson, Napole\u00e3o Cordeiro, Ca\u00edque Alberto, Junior Roberto, Cledson Jos\u00e9, Silvio de Souza e Jaciene Maria.<\/td><td class=\"column-6\">-<\/td><td class=\"column-7\"><a href=\"http:\/\/www.camarapocao.pe.gov.br\/home\/images\/Consulta\/leis\/2025\/901.pdf\" rel=\"noopener\" target=\"_blank\">PDF<\/a><\/td>\n<\/tr>\n<tr class=\"row-19\">\n\t<td class=\"column-1\">902<\/td><td class=\"column-2\">Atualiza as normas da Lei Municipal 875\/2024, que autoriza pagamento da gratifica\u00e7\u00e3o por desempenho na aten\u00e7\u00e3o prim\u00e1ria \u00e0 sa\u00fade, e d\u00e1 outras provid\u00eancias.<\/td><td class=\"column-3\">Poder Executivo<\/td><td class=\"column-4\">Aprovado por 8 votos.<\/td><td class=\"column-5\">Iza Gabriela, Jos\u00e9 Edson, Napole\u00e3o Cordeiro, Ca\u00edque Alberto, Junior Roberto, Cledson Jos\u00e9, Silvio de Souza e Jaciene Maria.<\/td><td class=\"column-6\">-<\/td><td class=\"column-7\"><a href=\"http:\/\/www.camarapocao.pe.gov.br\/home\/images\/Consulta\/leis\/2025\/902.pdf\" rel=\"noopener\" target=\"_blank\">PDF<\/a><\/td>\n<\/tr>\n<tr class=\"row-20\">\n\t<td class=\"column-1\">903<\/td><td class=\"column-2\">Disp\u00f5e sobre a regulamenta\u00e7\u00e3o da destina\u00e7\u00e3o dos res\u00edduos s\u00f3lidos produzidos no Munic\u00edpio de Po\u00e7\u00e3o\/PE e d\u00e1 outras provid\u00eancias.<\/td><td class=\"column-3\">Poder Executivo<\/td><td class=\"column-4\">Aprovado por 8 votos.<\/td><td class=\"column-5\">Iza Gabriela, Jos\u00e9 Edson, Napole\u00e3o Cordeiro, Ca\u00edque Alberto, Junior Roberto, Cledson Jos\u00e9, Silvio de Souza e Jaciene Maria.<\/td><td class=\"column-6\">-<\/td><td class=\"column-7\"><a href=\"http:\/\/www.camarapocao.pe.gov.br\/home\/images\/Consulta\/leis\/2025\/903.pdf\" rel=\"noopener\" target=\"_blank\">PDF<\/a><\/td>\n<\/tr>\n<tr class=\"row-21\">\n\t<td class=\"column-1\">904<\/td><td class=\"column-2\">Institui normas de respeito \u00e0 diversidade, veda a nomea\u00e7\u00e3o para cargos comissionado de pessoas condenadas por discrimina\u00e7\u00e3o em raz\u00e3o de identidade de g\u00eaero ou orienta\u00e7\u00e3o sexual, reconhece direito ao nome social e identidade de g\u00eanero e institui a Semana Municipal de Conscientiza\u00e7\u00e3o e Combate \u00e0 viol\u00eancia contra a popula\u00e7\u00e3o LGBTQIA+.<\/td><td class=\"column-3\">Vereador Cledson Jos\u00e9<\/td><td class=\"column-4\">Aprovado por 8 votos.<\/td><td class=\"column-5\">Iza Gabriela, Jos\u00e9 Edson, Napole\u00e3o Cordeiro, Ca\u00edque Alberto, Junior Roberto, Cledson Jos\u00e9, Silvio de Souza e Jaciene Maria.<\/td><td class=\"column-6\">-<\/td><td class=\"column-7\"><a href=\"http:\/\/www.camarapocao.pe.gov.br\/home\/images\/Consulta\/leis\/2025\/904.pdf\" rel=\"noopener\" target=\"_blank\">PDF<\/a><\/td>\n<\/tr>\n<tr class=\"row-22\">\n\t<td class=\"column-1\">905<\/td><td class=\"column-2\">Institui a Semana da Castra\u00e7\u00e3o Animal a ser realizada anualmente e d\u00e1 outras provid\u00eancias.<\/td><td class=\"column-3\">Vereador Napole\u00e3o Cordeiro<\/td><td class=\"column-4\">Aprovado por 8 votos.<\/td><td class=\"column-5\">Iza Gabriela, Jos\u00e9 Edson, Napole\u00e3o Cordeiro, Ca\u00edque Alberto, Junior Roberto, Cledson Jos\u00e9, Silvio de Souza e Jaciene Maria.<\/td><td class=\"column-6\">-<\/td><td class=\"column-7\"><a href=\"http:\/\/www.camarapocao.pe.gov.br\/home\/images\/Consulta\/leis\/2025\/905.pdf\" rel=\"noopener\" target=\"_blank\">PDF<\/a><\/td>\n<\/tr>\n<tr class=\"row-23\">\n\t<td class=\"column-1\">906<\/td><td class=\"column-2\">Disp\u00f5es sobre denomina\u00e7\u00e3o de ruas, avenidas, pr\u00e9dios, logradouros p\u00fablicos e d\u00e1 outras provid\u00eancias.<\/td><td class=\"column-3\">Vereador Jos\u00e9 Edson<\/td><td class=\"column-4\">Aprovado por 7 votos.<\/td><td class=\"column-5\">Iza Gabriela, Jos\u00e9 Edson, Napole\u00e3o Cordeiro, Ca\u00edque Alberto, Junior Roberto,  Silvio de Souza e Jaciene Maria.<\/td><td class=\"column-6\">-<\/td><td class=\"column-7\"><a href=\"http:\/\/www.camarapocao.pe.gov.br\/home\/images\/Consulta\/leis\/2025\/906.pdf\" rel=\"noopener\" target=\"_blank\">PDF<\/a><\/td>\n<\/tr>\n<tr class=\"row-24\">\n\t<td class=\"column-1\">907<\/td><td class=\"column-2\">Disp\u00f5e sobre a majora\u00e7\u00e3o da remunera\u00e7\u00e3o dos professores da rede p\u00fablica municipal de ensino.<\/td><td class=\"column-3\">Poder Executivo<\/td><td class=\"column-4\">Aprovado por 7 votos.<\/td><td class=\"column-5\">Iza Gabriela, Jos\u00e9 Edson, Ca\u00edque Alberto, Junior Roberto,  Cledson Jos\u00e9, Silvio de Souza e Jaciene Maria.<\/td><td class=\"column-6\">-<\/td><td class=\"column-7\"><a href=\"http:\/\/www.camarapocao.pe.gov.br\/home\/images\/Consulta\/leis\/2025\/907.pdf\" rel=\"noopener\" target=\"_blank\">PDF<\/a><\/td>\n<\/tr>\n<tr class=\"row-25\">\n\t<td class=\"column-1\">908<\/td><td class=\"column-2\">Disp\u00f5e sobre a denomina\u00e7\u00e3o de via p\u00fablica conhecida como \"Rua do Prado\" que fica denominada por Rua Luiz Gonzaga Monteiro.<\/td><td class=\"column-3\">Vereador Junior Roberto<\/td><td class=\"column-4\">Aprovado por 6 votos.<\/td><td class=\"column-5\">Iza Gabriela, Jos\u00e9 Edson, Napole\u00e3o Cordeiro, Ca\u00edque Alberto, Silvio de Souza e Jaciene Maria.<\/td><td class=\"column-6\">-<\/td><td class=\"column-7\"><a href=\"http:\/\/www.camarapocao.pe.gov.br\/home\/images\/Consulta\/leis\/2025\/908.pdf\" rel=\"noopener\" target=\"_blank\">PDF<\/a><\/td>\n<\/tr>\n<tr class=\"row-26\">\n\t<td class=\"column-1\">909<\/td><td class=\"column-2\">Institui, no \u00e2mbito do Munic\u00edpio de Po\u00e7\u00e3o\/PE, a Campanha Setembro Amarelo, dedicada \u00e0 preven\u00e7\u00e3o e enfrentamento ao suic\u00eddio e a promo\u00e7\u00e3o \u00e0 sa\u00fade mental.<\/td><td class=\"column-3\">Vereadora Iza Gabriela<\/td><td class=\"column-4\">Aprovado por 5 votos.<\/td><td class=\"column-5\">Iza Gabriela, Jos\u00e9 Edson, Napole\u00e3o Cordeiro, Junior Roberto e Cledson Jos\u00e9.<\/td><td class=\"column-6\">-<\/td><td class=\"column-7\"><a href=\"http:\/\/www.camarapocao.pe.gov.br\/home\/images\/Consulta\/leis\/2025\/909.pdf\" rel=\"noopener\" target=\"_blank\">PDF<\/a><\/td>\n<\/tr>\n<tr class=\"row-27\">\n\t<td class=\"column-1\">910<\/td><td class=\"column-2\">Disp\u00f5e sobre a institui\u00e7\u00e3o de a\u00e7\u00f5es voltadas \u00e0 promo\u00e7\u00e3o da dignidade menstrual no \u00e2mbito do munic\u00edpio de Po\u00e7\u00e3o\/PE e d\u00e1 outras provid\u00eancias.<\/td><td class=\"column-3\">Vereadora Iza Gabriela.<\/td><td class=\"column-4\">Aprovado por 8 votos.<\/td><td class=\"column-5\">Iza Gabriela, Jos\u00e9 Edson, Napole\u00e3o Cordeiro, Ca\u00edque Alberto, Junior Roberto, Cledson Jos\u00e9, Silvio de Souza e Jaciene Maria.<\/td><td class=\"column-6\">-<\/td><td class=\"column-7\"><a href=\"http:\/\/www.camarapocao.pe.gov.br\/home\/images\/Consulta\/leis\/2025\/910.pdf\" rel=\"noopener\" target=\"_blank\">PDF<\/a><\/td>\n<\/tr>\n<tr class=\"row-28\">\n\t<td class=\"column-1\">911<\/td><td class=\"column-2\">Disp\u00f5e sobre a denomina\u00e7\u00e3o da via p\u00fablica conhecida como \u201cSegunda Rua do Prado\u201d, localizada nas imedia\u00e7\u00f5es da Caixa d\u2019\u00e1gua logo ap\u00f3s o esquin\u00e3o da economia se estendendo at\u00e9 a resid\u00eancia da senhora Aparecida, que passa a ser denominada: Rua CAIO HENRIQUE DA SILVA MONTEIRO, e d\u00e1 outras provid\u00eancias.<\/td><td class=\"column-3\">Vereadores Jos\u00e9 Gleison Rodrigues e Jos\u00e9 Edson Duarte.<\/td><td class=\"column-4\">Aprovado por 8 votos.<\/td><td class=\"column-5\">Iza Gabriela, Jos\u00e9 Edson, Napole\u00e3o Cordeiro, Ca\u00edque Alberto, Junior Roberto, Cledson Jos\u00e9, Silvio de Souza e Jaciene Maria.<\/td><td class=\"column-6\">-<\/td><td class=\"column-7\"><a href=\"http:\/\/www.camarapocao.pe.gov.br\/home\/images\/Consulta\/leis\/2025\/911.pdf\" rel=\"noopener\" target=\"_blank\">PDF<\/a><\/td>\n<\/tr>\n<tr class=\"row-29\">\n\t<td class=\"column-1\">912<\/td><td class=\"column-2\">Disp\u00f5e sobre a denomina\u00e7\u00e3o do Posto de Sa\u00fade do s\u00edtio Santa Clara de Arlindo Leopoldino de Oliveira.<\/td><td class=\"column-3\">Vereador Ca\u00edque Alberto<\/td><td class=\"column-4\">Aprovado por 7 votos.<\/td><td class=\"column-5\">Iza Gabriela, Silvio de Souza, Napole\u00e3o Cordeiro, Ca\u00edque Alberto, Junior Roberto, Cledson Jos\u00e9 e Jaciene Maria.<\/td><td class=\"column-6\">-<\/td><td class=\"column-7\"><a href=\"http:\/\/www.camarapocao.pe.gov.br\/home\/images\/Consulta\/leis\/2025\/912.pdf\" rel=\"noopener\" target=\"_blank\">PDF<\/a><\/td>\n<\/tr>\n<tr class=\"row-30\">\n\t<td class=\"column-1\">913<\/td><td class=\"column-2\">Disp\u00f5e sobre a institui\u00e7\u00e3o da Pol\u00edtica Municipal de Prote\u00e7\u00e3o e Manejo Populacional \u00c9tico de C\u00e3es e Gatos no munic\u00edpio de Po\u00e7\u00e3o-PE, define compet\u00eancias e d\u00e1 outras provid\u00eancias.<\/td><td class=\"column-3\">Vereador Cledson Jos\u00e9<\/td><td class=\"column-4\">Aprovado por 5 votos.<\/td><td class=\"column-5\">Jos\u00e9 Edson, Napole\u00e3o Cordeiro, Ca\u00edque Alberto, Junior Roberto e Jaciene Maria.<\/td><td class=\"column-6\">-<\/td><td class=\"column-7\"><a href=\"http:\/\/www.camarapocao.pe.gov.br\/home\/images\/Consulta\/leis\/2025\/913.pdf\" rel=\"noopener\" target=\"_blank\">PDF<\/a><\/td>\n<\/tr>\n<tr class=\"row-31\">\n\t<td class=\"column-1\">914<\/td><td class=\"column-2\">Institui o Programa Municipal de Acesso Gratuito \u00e0 Internet \u201cPo\u00e7\u00e3o Conectada\u201d no \u00e2mbito das reparti\u00e7\u00f5es p\u00fablicas municipais e espa\u00e7os p\u00fablicos de uso coletivo, e d\u00e1 outras provid\u00eancias.<\/td><td class=\"column-3\">Vereador Napole\u00e3o Cordeiro<\/td><td class=\"column-4\">Aprovado por 5 votos.<\/td><td class=\"column-5\">Jos\u00e9 Edson, Napole\u00e3o Cordeiro, Ca\u00edque Alberto, Junior Roberto e Jaciene Maria.<\/td><td class=\"column-6\">-<\/td><td class=\"column-7\"><a href=\"http:\/\/www.camarapocao.pe.gov.br\/home\/images\/Consulta\/leis\/2025\/914.pdf\" rel=\"noopener\" target=\"_blank\">PDF<\/a><\/td>\n<\/tr>\n<tr class=\"row-32\">\n\t<td class=\"column-1\">915<\/td><td class=\"column-2\">Estabelece normas para o reconhecimento e a declara\u00e7\u00e3o de utilidade p\u00fablica de entidades privadas sem fins lucrativos no \u00e2mbito do Munic\u00edpio de Po\u00e7\u00e3o\/PE, e d\u00e1 outras provid\u00eancias.<\/td><td class=\"column-3\">Todos os Vereadores<\/td><td class=\"column-4\">Aprovado por 5 votos.<\/td><td class=\"column-5\">Jos\u00e9 Edson, Napole\u00e3o Cordeiro, Ca\u00edque Alberto, Junior Roberto e Jaciene Maria.<\/td><td class=\"column-6\">-<\/td><td class=\"column-7\"><a href=\"http:\/\/www.camarapocao.pe.gov.br\/home\/images\/Consulta\/leis\/2025\/915.pdf\" rel=\"noopener\" target=\"_blank\">PDF<\/a><\/td>\n<\/tr>\n<tr class=\"row-33\">\n\t<td class=\"column-1\">916<\/td><td class=\"column-2\">Disp\u00f5e sobre a obrigatoriedade de instala\u00e7\u00e3o de c\u00e2meras de seguran\u00e7a nos ve\u00edculos utilizados no transporte escolar do Munic\u00edpio de Po\u00e7\u00e3o, e d\u00e1 outras provid\u00eancias.<\/td><td class=\"column-3\">Vereador Napole\u00e3o Cordeiro<\/td><td class=\"column-4\">Aprovado por 8 votos.<\/td><td class=\"column-5\">Iza Gabriela, Jos\u00e9 Edson, Napole\u00e3o Cordeiro, Ca\u00edque Alberto, Junior Roberto, Cledson Jos\u00e9, Silvio de Souza e Jaciene Maria.<\/td><td class=\"column-6\">-<\/td><td class=\"column-7\"><a href=\"http:\/\/www.camarapocao.pe.gov.br\/home\/images\/Consulta\/leis\/2025\/916.pdf\" rel=\"noopener\" target=\"_blank\">PDF<\/a><\/td>\n<\/tr>\n<tr class=\"row-34\">\n\t<td class=\"column-1\">917<\/td><td class=\"column-2\">Institui o Plano Plurianual do Munic\u00edpio de Po\u00e7\u00e3o-PE para o per\u00edodo de 2026 a 2029 e d\u00e1 outras provid\u00eancias.<\/td><td class=\"column-3\">Poder Executivo<\/td><td class=\"column-4\">Aprovado por 7 votos.<\/td><td class=\"column-5\">Iza Gabriela, Jos\u00e9 Edson, Napole\u00e3o Cordeiro, Ca\u00edque Alberto, Junior Roberto, Silvio de Souza e Jaciene Maria.<\/td><td class=\"column-6\">-<\/td><td class=\"column-7\"><a href=\"http:\/\/www.camarapocao.pe.gov.br\/home\/images\/Consulta\/leis\/2025\/917.pdf\" rel=\"noopener\" target=\"_blank\">PDF<\/a><\/td>\n<\/tr>\n<tr class=\"row-35\">\n\t<td class=\"column-1\">918<\/td><td class=\"column-2\">Estima a RECEITA e fixa a DESPESA do Munic\u00edpio para o exerc\u00edcio financeiro de 2026 <\/td><td class=\"column-3\">Poder Executivo<\/td><td class=\"column-4\">Aprovado por 7 votos.<\/td><td class=\"column-5\">Iza Gabriela, Jos\u00e9 Edson, Napole\u00e3o Cordeiro, Ca\u00edque Alberto, Junior Roberto, Silvio de Souza e Jaciene Maria.<\/td><td class=\"column-6\">-<\/td><td class=\"column-7\"><a href=\"http:\/\/www.camarapocao.pe.gov.br\/home\/images\/Consulta\/leis\/2025\/918.pdf\" rel=\"noopener\" target=\"_blank\">PDF<\/a><\/td>\n<\/tr>\n<tr class=\"row-36\">\n\t<td class=\"column-1\">919<\/td><td class=\"column-2\">Disp\u00f5e sobre denomina\u00e7\u00e3o de Cozinha Comunit\u00e1ria na Aldeia de P\u00e3o de A\u00e7\u00facar e d\u00e1 outras provid\u00eancias.<\/td><td class=\"column-3\">Vereadora Jaciene Maria<\/td><td class=\"column-4\">Aprovado por 6 votos.<\/td><td class=\"column-5\">Ca\u00edque Alberto, Cledson Jos\u00e9, Jaciene Maria, Junior Roberto, Napole\u00e3o Cordeiro e Silvio de Souza.<\/td><td class=\"column-6\">-<\/td><td class=\"column-7\"><a href=\"http:\/\/www.camarapocao.pe.gov.br\/home\/images\/Consulta\/leis\/2025\/919.pdf\" rel=\"noopener\" target=\"_blank\">PDF<\/a><\/td>\n<\/tr>\n<tr class=\"row-37\">\n\t<td class=\"column-1\">920<\/td><td class=\"column-2\">Disp\u00f5e sobre a cria\u00e7\u00e3o da Ouvidoria da Prefeitura de Po\u00e7\u00e3o e d\u00e1 outras provid\u00eancias.<\/td><td class=\"column-3\">Poder Executivo<\/td><td class=\"column-4\">Aprovado por 6 votos.<\/td><td class=\"column-5\">Jos\u00e9 Edson, Napole\u00e3o Cordeiro, Ca\u00edque Alberto, Junior Roberto, Cledson Jos\u00e9 e Silvio de Souza.<\/td><td class=\"column-6\">-<\/td><td class=\"column-7\"><a href=\"http:\/\/www.camarapocao.pe.gov.br\/home\/images\/Consulta\/leis\/2025\/920.pdf\" rel=\"noopener\" target=\"_blank\">PDF<\/a><\/td>\n<\/tr>\n<tr class=\"row-38\">\n\t<td class=\"column-1\">921<\/td><td class=\"column-2\">Disp\u00f5e sobre a majora\u00e7\u00e3o da remunera\u00e7\u00e3o dos professores da rede p\u00fablica municipal de ensino e d\u00e1 outras provid\u00eancias.<\/td><td class=\"column-3\">Poder Executivo<\/td><td class=\"column-4\">Aprovado por 5 votos.<\/td><td class=\"column-5\">Iza Gabriela, Jos\u00e9 Edson, Napole\u00e3o Cordeiro, Ca\u00edque Alberto  e Silvio de Souza.<\/td><td class=\"column-6\">-<\/td><td class=\"column-7\"><a href=\"http:\/\/www.camarapocao.pe.gov.br\/home\/images\/Consulta\/leis\/2025\/921.pdf\" rel=\"noopener\" target=\"_blank\">PDF<\/a><\/td>\n<\/tr>\n<\/tbody>\n<\/table>\n<!-- #tablepress-48 from cache -->\n","protected":false},"excerpt":{"rendered":"","protected":false},"author":3,"featured_media":0,"parent":0,"menu_order":0,"comment_status":"closed","ping_status":"closed","template":"","meta":{"footnotes":""},"class_list":["post-1857","page","type-page","status-publish","hentry","active"],"aioseo_notices":[],"_links":{"self":[{"href":"https:\/\/camarapocao.pe.gov.br\/v1\/wp-json\/wp\/v2\/pages\/1857","targetHints":{"allow":["GET"]}}],"collection":[{"href":"https:\/\/camarapocao.pe.gov.br\/v1\/wp-json\/wp\/v2\/pages"}],"about":[{"href":"https:\/\/camarapocao.pe.gov.br\/v1\/wp-json\/wp\/v2\/types\/page"}],"author":[{"embeddable":true,"href":"https:\/\/camarapocao.pe.gov.br\/v1\/wp-json\/wp\/v2\/users\/3"}],"replies":[{"embeddable":true,"href":"https:\/\/camarapocao.pe.gov.br\/v1\/wp-json\/wp\/v2\/comments?post=1857"}],"version-history":[{"count":1,"href":"https:\/\/camarapocao.pe.gov.br\/v1\/wp-json\/wp\/v2\/pages\/1857\/revisions"}],"predecessor-version":[{"id":1858,"href":"https:\/\/camarapocao.pe.gov.br\/v1\/wp-json\/wp\/v2\/pages\/1857\/revisions\/1858"}],"wp:attachment":[{"href":"https:\/\/camarapocao.pe.gov.br\/v1\/wp-json\/wp\/v2\/media?parent=1857"}],"curies":[{"name":"wp","href":"https:\/\/api.w.org\/{rel}","templated":true}]}}