{"id":1816,"date":"2025-03-03T12:56:43","date_gmt":"2025-03-03T15:56:43","guid":{"rendered":"https:\/\/camarapocao.pe.gov.br\/v1\/?page_id=1816"},"modified":"2025-03-03T12:56:43","modified_gmt":"2025-03-03T15:56:43","slug":"pautas-das-sessoes-plenarias-das-comissoes-2025","status":"publish","type":"page","link":"https:\/\/camarapocao.pe.gov.br\/v1\/pautas-das-sessoes-plenarias-das-comissoes-2025\/","title":{"rendered":"Pautas das Sess\u00f5es Plen\u00e1rias das Comiss\u00f5es &#8211; 2025"},"content":{"rendered":"\n<table id=\"tablepress-46\" class=\"tablepress tablepress-id-46\">\n<thead>\n<tr class=\"row-1\">\n\t<th class=\"column-1\">N\u00ba da sess\u00e3o<\/th><th class=\"column-2\">Sess\u00e3o Plen\u00e1ria (Clique para baixar)<\/th>\n<\/tr>\n<\/thead>\n<tbody class=\"row-striping row-hover\">\n<tr class=\"row-2\">\n\t<td class=\"column-1\">Comiss\u00e3o de Reda\u00e7\u00e3o e Justi\u00e7a - Sess\u00e3o N\u00ba 02<\/td><td class=\"column-2\"><a href=\"http:\/\/www.camarapocao.pe.gov.br\/home\/images\/Consulta\/sessoes\/pautas\/2025\/comissoes\/pauta2025 (2).pdf\" rel=\"noopener\" target=\"_blank\">PDF<\/a><\/td>\n<\/tr>\n<tr class=\"row-3\">\n\t<td class=\"column-1\">Comiss\u00e3o de Reda\u00e7\u00e3o e Justi\u00e7a - Sess\u00e3o N\u00ba 03<\/td><td class=\"column-2\"><a href=\"http:\/\/www.camarapocao.pe.gov.br\/home\/images\/Consulta\/sessoes\/pautas\/2025\/comissoes\/pauta2025 (3).pdf\" rel=\"noopener\" target=\"_blank\">PDF<\/a><\/td>\n<\/tr>\n<tr class=\"row-4\">\n\t<td class=\"column-1\">Comiss\u00e3o de Reda\u00e7\u00e3o e Justi\u00e7a - Sess\u00e3o N\u00ba 05<\/td><td class=\"column-2\"><a href=\"http:\/\/www.camarapocao.pe.gov.br\/home\/images\/Consulta\/sessoes\/pautas\/2025\/comissoes\/pauta2025 (5).pdf\" rel=\"noopener\" target=\"_blank\">PDF<\/a><\/td>\n<\/tr>\n<tr class=\"row-5\">\n\t<td class=\"column-1\">Comiss\u00e3o de Reda\u00e7\u00e3o e Justi\u00e7a - Sess\u00e3o N\u00ba 07<\/td><td class=\"column-2\"><a href=\"http:\/\/www.camarapocao.pe.gov.br\/home\/images\/Consulta\/sessoes\/pautas\/2025\/comissoes\/pauta2025 (7).pdf\" rel=\"noopener\" target=\"_blank\">PDF<\/a><\/td>\n<\/tr>\n<tr class=\"row-6\">\n\t<td class=\"column-1\">Comiss\u00e3o de Reda\u00e7\u00e3o e Justi\u00e7a - Sess\u00e3o N\u00ba 10<\/td><td class=\"column-2\"><a href=\"http:\/\/www.camarapocao.pe.gov.br\/home\/images\/Consulta\/sessoes\/pautas\/2025\/comissoes\/pauta2025 (10).pdf\" rel=\"noopener\" target=\"_blank\">PDF<\/a><\/td>\n<\/tr>\n<tr class=\"row-7\">\n\t<td class=\"column-1\">Comiss\u00e3o de Reda\u00e7\u00e3o e Justi\u00e7a - Sess\u00e3o N\u00ba 13<\/td><td class=\"column-2\"><a href=\"http:\/\/www.camarapocao.pe.gov.br\/home\/images\/Consulta\/sessoes\/pautas\/2025\/comissoes\/pauta2025 (13).pdf\" rel=\"noopener\" target=\"_blank\">PDF<\/a><\/td>\n<\/tr>\n<tr class=\"row-8\">\n\t<td class=\"column-1\">Comiss\u00e3o de Reda\u00e7\u00e3o e Justi\u00e7a - Sess\u00e3o N\u00ba 14<\/td><td class=\"column-2\"><a href=\"http:\/\/www.camarapocao.pe.gov.br\/home\/images\/Consulta\/sessoes\/pautas\/2025\/comissoes\/pauta2025 (14).pdf\" rel=\"noopener\" target=\"_blank\">PDF<\/a><\/td>\n<\/tr>\n<tr class=\"row-9\">\n\t<td class=\"column-1\">Comiss\u00e3o de Reda\u00e7\u00e3o e Justi\u00e7a - Sess\u00e3o N\u00ba 15<\/td><td class=\"column-2\"><a href=\"http:\/\/www.camarapocao.pe.gov.br\/home\/images\/Consulta\/sessoes\/pautas\/2025\/comissoes\/pauta2025 (15).pdf\" rel=\"noopener\" target=\"_blank\">PDF<\/a><\/td>\n<\/tr>\n<tr class=\"row-10\">\n\t<td class=\"column-1\">Comiss\u00e3o de Reda\u00e7\u00e3o e Justi\u00e7a - Sess\u00e3o N\u00ba 16<\/td><td class=\"column-2\"><a href=\"http:\/\/www.camarapocao.pe.gov.br\/home\/images\/Consulta\/sessoes\/pautas\/2025\/comissoes\/pauta2025 (16).pdf\" rel=\"noopener\" target=\"_blank\">PDF<\/a><\/td>\n<\/tr>\n<tr class=\"row-11\">\n\t<td class=\"column-1\">Comiss\u00e3o de Reda\u00e7\u00e3o e Justi\u00e7a - Sess\u00e3o N\u00ba 18<\/td><td class=\"column-2\"><a href=\"http:\/\/www.camarapocao.pe.gov.br\/home\/images\/Consulta\/sessoes\/pautas\/2025\/comissoes\/pauta2025 (18).pdf\" rel=\"noopener\" target=\"_blank\">PDF<\/a><\/td>\n<\/tr>\n<tr class=\"row-12\">\n\t<td class=\"column-1\">Comiss\u00e3o de Reda\u00e7\u00e3o e Justi\u00e7a - Sess\u00e3o N\u00ba 19<\/td><td class=\"column-2\"><a href=\"http:\/\/www.camarapocao.pe.gov.br\/home\/images\/Consulta\/sessoes\/pautas\/2025\/comissoes\/pauta2025 (19).pdf\" rel=\"noopener\" target=\"_blank\">PDF<\/a><\/td>\n<\/tr>\n<tr class=\"row-13\">\n\t<td class=\"column-1\">Comiss\u00e3o de Reda\u00e7\u00e3o e Justi\u00e7a - Sess\u00e3o N\u00ba 20<\/td><td class=\"column-2\"><a href=\"http:\/\/www.camarapocao.pe.gov.br\/home\/images\/Consulta\/sessoes\/pautas\/2025\/comissoes\/pauta2025 (20).pdf\" rel=\"noopener\" target=\"_blank\">PDF<\/a><\/td>\n<\/tr>\n<tr class=\"row-14\">\n\t<td class=\"column-1\">Comiss\u00e3o de Reda\u00e7\u00e3o e Justi\u00e7a - Sess\u00e3o N\u00ba 21<\/td><td class=\"column-2\"><a href=\"http:\/\/www.camarapocao.pe.gov.br\/home\/images\/Consulta\/sessoes\/pautas\/2025\/comissoes\/pauta2025 (21).pdf\" rel=\"noopener\" target=\"_blank\">PDF<\/a><\/td>\n<\/tr>\n<tr class=\"row-15\">\n\t<td class=\"column-1\">Comiss\u00e3o de Reda\u00e7\u00e3o e Justi\u00e7a - Sess\u00e3o N\u00ba 22<\/td><td class=\"column-2\"><a href=\"http:\/\/www.camarapocao.pe.gov.br\/home\/images\/Consulta\/sessoes\/pautas\/2025\/comissoes\/pauta2025 (22).pdf\" rel=\"noopener\" target=\"_blank\">PDF<\/a><\/td>\n<\/tr>\n<tr class=\"row-16\">\n\t<td class=\"column-1\">Comiss\u00e3o de Reda\u00e7\u00e3o e Justi\u00e7a - Sess\u00e3o N\u00ba 24<\/td><td class=\"column-2\"><a href=\"http:\/\/www.camarapocao.pe.gov.br\/home\/images\/Consulta\/sessoes\/pautas\/2025\/comissoes\/pauta2025 (24).pdf\" rel=\"noopener\" target=\"_blank\">PDF<\/a><\/td>\n<\/tr>\n<tr class=\"row-17\">\n\t<td class=\"column-1\">Comiss\u00e3o de Reda\u00e7\u00e3o e Justi\u00e7a - Sess\u00e3o N\u00ba 25<\/td><td class=\"column-2\"><a href=\"http:\/\/www.camarapocao.pe.gov.br\/home\/images\/Consulta\/sessoes\/pautas\/2025\/comissoes\/pauta2025 (25).pdf\" rel=\"noopener\" target=\"_blank\">PDF<\/a><\/td>\n<\/tr>\n<tr class=\"row-18\">\n\t<td class=\"column-1\">Comiss\u00e3o de Reda\u00e7\u00e3o e Justi\u00e7a - Sess\u00e3o N\u00ba 26<\/td><td class=\"column-2\"><a href=\"http:\/\/www.camarapocao.pe.gov.br\/home\/images\/Consulta\/sessoes\/pautas\/2025\/comissoes\/pauta2025 (26).pdf\" rel=\"noopener\" target=\"_blank\">PDF<\/a><\/td>\n<\/tr>\n<tr class=\"row-19\">\n\t<td class=\"column-1\">Comiss\u00e3o de Reda\u00e7\u00e3o e Justi\u00e7a - Sess\u00e3o N\u00ba 28<\/td><td class=\"column-2\"><a href=\"http:\/\/www.camarapocao.pe.gov.br\/home\/images\/Consulta\/sessoes\/pautas\/2025\/comissoes\/pauta2025 (28).pdf\" rel=\"noopener\" target=\"_blank\">PDF<\/a><\/td>\n<\/tr>\n<tr class=\"row-20\">\n\t<td class=\"column-1\">Comiss\u00e3o de Reda\u00e7\u00e3o e Justi\u00e7a - Sess\u00e3o N\u00ba 29<\/td><td class=\"column-2\"><a href=\"http:\/\/www.camarapocao.pe.gov.br\/home\/images\/Consulta\/sessoes\/pautas\/2025\/comissoes\/pauta2025 (29).pdf\" rel=\"noopener\" target=\"_blank\">PDF<\/a><\/td>\n<\/tr>\n<tr class=\"row-21\">\n\t<td class=\"column-1\">Comiss\u00e3o de Reda\u00e7\u00e3o e Justi\u00e7a - Sess\u00e3o N\u00ba 30<\/td><td class=\"column-2\"><a href=\"http:\/\/www.camarapocao.pe.gov.br\/home\/images\/Consulta\/sessoes\/pautas\/2025\/comissoes\/pauta2025 (30).pdf\" rel=\"noopener\" target=\"_blank\">PDF<\/a><\/td>\n<\/tr>\n<tr class=\"row-22\">\n\t<td class=\"column-1\">Comiss\u00e3o de Reda\u00e7\u00e3o e Justi\u00e7a - Sess\u00e3o N\u00ba 31<\/td><td class=\"column-2\"><a href=\"http:\/\/www.camarapocao.pe.gov.br\/home\/images\/Consulta\/sessoes\/pautas\/2025\/comissoes\/pauta2025 (31).pdf\" rel=\"noopener\" target=\"_blank\">PDF<\/a><\/td>\n<\/tr>\n<tr class=\"row-23\">\n\t<td class=\"column-1\">Comiss\u00e3o de Reda\u00e7\u00e3o e Justi\u00e7a - Sess\u00e3o N\u00ba 32<\/td><td class=\"column-2\"><a href=\"http:\/\/www.camarapocao.pe.gov.br\/home\/images\/Consulta\/sessoes\/pautas\/2025\/comissoes\/pauta2025 (32).pdf\" rel=\"noopener\" target=\"_blank\">PDF<\/a><\/td>\n<\/tr>\n<tr class=\"row-24\">\n\t<td class=\"column-1\">Comiss\u00e3o de Reda\u00e7\u00e3o e Justi\u00e7a - Sess\u00e3o N\u00ba 33<\/td><td class=\"column-2\"><a href=\"http:\/\/www.camarapocao.pe.gov.br\/home\/images\/Consulta\/sessoes\/pautas\/2025\/comissoes\/pauta2025 (33).pdf\" rel=\"noopener\" target=\"_blank\">PDF<\/a><\/td>\n<\/tr>\n<tr class=\"row-25\">\n\t<td class=\"column-1\">Comiss\u00e3o de Reda\u00e7\u00e3o e Justi\u00e7a - Sess\u00e3o N\u00ba 34<\/td><td class=\"column-2\"><a href=\"http:\/\/www.camarapocao.pe.gov.br\/home\/images\/Consulta\/sessoes\/pautas\/2025\/comissoes\/pauta2025 (34).pdf\" rel=\"noopener\" target=\"_blank\">PDF<\/a><\/td>\n<\/tr>\n<tr class=\"row-26\">\n\t<td class=\"column-1\">Comiss\u00e3o de Reda\u00e7\u00e3o e Justi\u00e7a - Sess\u00e3o N\u00ba 35<\/td><td class=\"column-2\"><a href=\"http:\/\/www.camarapocao.pe.gov.br\/home\/images\/Consulta\/sessoes\/pautas\/2025\/comissoes\/pauta2025 (35).pdf\" rel=\"noopener\" target=\"_blank\">PDF<\/a><\/td>\n<\/tr>\n<tr class=\"row-27\">\n\t<td class=\"column-1\">Comiss\u00e3o de Reda\u00e7\u00e3o e Justi\u00e7a - Sess\u00e3o N\u00ba 36<\/td><td class=\"column-2\"><a href=\"http:\/\/www.camarapocao.pe.gov.br\/home\/images\/Consulta\/sessoes\/pautas\/2025\/comissoes\/pauta2025 (36).pdf\" rel=\"noopener\" target=\"_blank\">PDF<\/a><\/td>\n<\/tr>\n<tr class=\"row-28\">\n\t<td class=\"column-1\">Comiss\u00e3o de Reda\u00e7\u00e3o e Justi\u00e7a - Sess\u00e3o N\u00ba 37<\/td><td class=\"column-2\"><a href=\"http:\/\/www.camarapocao.pe.gov.br\/home\/images\/Consulta\/sessoes\/pautas\/2025\/comissoes\/pauta2025 (37).pdf\" rel=\"noopener\" target=\"_blank\">PDF<\/a><\/td>\n<\/tr>\n<\/tbody>\n<\/table>\n<!-- #tablepress-46 from cache -->\n","protected":false},"excerpt":{"rendered":"","protected":false},"author":3,"featured_media":0,"parent":0,"menu_order":0,"comment_status":"closed","ping_status":"closed","template":"","meta":{"footnotes":""},"class_list":["post-1816","page","type-page","status-publish","hentry","active"],"aioseo_notices":[],"_links":{"self":[{"href":"https:\/\/camarapocao.pe.gov.br\/v1\/wp-json\/wp\/v2\/pages\/1816","targetHints":{"allow":["GET"]}}],"collection":[{"href":"https:\/\/camarapocao.pe.gov.br\/v1\/wp-json\/wp\/v2\/pages"}],"about":[{"href":"https:\/\/camarapocao.pe.gov.br\/v1\/wp-json\/wp\/v2\/types\/page"}],"author":[{"embeddable":true,"href":"https:\/\/camarapocao.pe.gov.br\/v1\/wp-json\/wp\/v2\/users\/3"}],"replies":[{"embeddable":true,"href":"https:\/\/camarapocao.pe.gov.br\/v1\/wp-json\/wp\/v2\/comments?post=1816"}],"version-history":[{"count":1,"href":"https:\/\/camarapocao.pe.gov.br\/v1\/wp-json\/wp\/v2\/pages\/1816\/revisions"}],"predecessor-version":[{"id":1820,"href":"https:\/\/camarapocao.pe.gov.br\/v1\/wp-json\/wp\/v2\/pages\/1816\/revisions\/1820"}],"wp:attachment":[{"href":"https:\/\/camarapocao.pe.gov.br\/v1\/wp-json\/wp\/v2\/media?parent=1816"}],"curies":[{"name":"wp","href":"https:\/\/api.w.org\/{rel}","templated":true}]}}