{"id":1777,"date":"2025-02-16T21:12:02","date_gmt":"2025-02-17T00:12:02","guid":{"rendered":"https:\/\/camarapocao.pe.gov.br\/v1\/?page_id=1777"},"modified":"2025-02-16T21:12:02","modified_gmt":"2025-02-17T00:12:02","slug":"portarias-publicadas-em-2025","status":"publish","type":"page","link":"https:\/\/camarapocao.pe.gov.br\/v1\/portarias-publicadas-em-2025\/","title":{"rendered":"Portarias publicadas em 2025"},"content":{"rendered":"\n<table id=\"tablepress-41\" class=\"tablepress tablepress-id-41\">\n<thead>\n<tr class=\"row-1\">\n\t<th class=\"column-1\">N\u00ba do documento<\/th><th class=\"column-2\">Ementa<\/th><th class=\"column-3\">Download <\/th>\n<\/tr>\n<\/thead>\n<tbody class=\"row-striping row-hover\">\n<tr class=\"row-2\">\n\t<td class=\"column-1\">01<\/td><td class=\"column-2\">Nomea a Sra. Aline Cristine para ocupar o cargo de Tesoureira.<\/td><td class=\"column-3\"><a href=\"https:\/\/www.camarapocao.pe.gov.br\/home\/images\/Consulta\/portarias\/2025\/portaria2025 (1).pdf\" rel=\"noopener\" target=\"_blank\">PDF<\/a><\/td>\n<\/tr>\n<tr class=\"row-3\">\n\t<td class=\"column-1\">02<\/td><td class=\"column-2\">Nomea a servidora Suzana Bezerra para ocupar o cargo de Coordenadora do Sistema de Controle Interno.<\/td><td class=\"column-3\"><a href=\"https:\/\/www.camarapocao.pe.gov.br\/home\/images\/Consulta\/portarias\/2025\/portaria2025 (2).pdf\" rel=\"noopener\" target=\"_blank\">PDF<\/a><\/td>\n<\/tr>\n<tr class=\"row-4\">\n\t<td class=\"column-1\">03<\/td><td class=\"column-2\">Nomea o sr. Paulo Ricardo Silva para ocupar o cargo de Assessor da Mesa Diretora.<\/td><td class=\"column-3\"><a href=\"https:\/\/www.camarapocao.pe.gov.br\/home\/images\/Consulta\/portarias\/2025\/portaria2025 (3).pdf\" rel=\"noopener\" target=\"_blank\">PDF<\/a><\/td>\n<\/tr>\n<tr class=\"row-5\">\n\t<td class=\"column-1\">04<\/td><td class=\"column-2\">Nomea a Sra. Poliana Ferreira para ocupar o cargo comissionado de Ouvidor Geral.<\/td><td class=\"column-3\"><a href=\"https:\/\/www.camarapocao.pe.gov.br\/home\/images\/Consulta\/portarias\/2025\/portaria2025 (4).pdf\" rel=\"noopener\" target=\"_blank\">PDF<\/a><\/td>\n<\/tr>\n<tr class=\"row-6\">\n\t<td class=\"column-1\">05<\/td><td class=\"column-2\">Nomea o Sr. Jos\u00e9 Renato da Cruz para ocupar o cargo de Secret\u00e1rio Administrativo.<\/td><td class=\"column-3\"><a href=\"https:\/\/www.camarapocao.pe.gov.br\/home\/images\/Consulta\/portarias\/2025\/portaria2025 (5).pdf\" rel=\"noopener\" target=\"_blank\">PDF<\/a><\/td>\n<\/tr>\n<tr class=\"row-7\">\n\t<td class=\"column-1\">06<\/td><td class=\"column-2\">Nomea o Sr. Josenildo da Costa para ocupar o cargo comissionado de Assistente Parlamentar.<\/td><td class=\"column-3\"><a href=\"https:\/\/www.camarapocao.pe.gov.br\/home\/images\/Consulta\/portarias\/2025\/portaria2025 (6).pdf\" rel=\"noopener\" target=\"_blank\">PDF<\/a><\/td>\n<\/tr>\n<tr class=\"row-8\">\n\t<td class=\"column-1\">07<\/td><td class=\"column-2\">Exonera a servidora Josefa Sueli da Silva.<\/td><td class=\"column-3\"><a href=\"https:\/\/www.camarapocao.pe.gov.br\/home\/images\/Consulta\/portarias\/2025\/portaria2025 (7).pdf\" rel=\"noopener\" target=\"_blank\">PDF<\/a><\/td>\n<\/tr>\n<tr class=\"row-9\">\n\t<td class=\"column-1\">08<\/td><td class=\"column-2\">Exonera a servidor Patr\u00edcio de Carvalho.<\/td><td class=\"column-3\"><a href=\"https:\/\/www.camarapocao.pe.gov.br\/home\/images\/Consulta\/portarias\/2025\/portaria2025 (8).pdf\" rel=\"noopener\" target=\"_blank\">PDF<\/a><\/td>\n<\/tr>\n<tr class=\"row-10\">\n\t<td class=\"column-1\">09<\/td><td class=\"column-2\">Exonera a senhora Elisnan de Aguiar.<\/td><td class=\"column-3\"><a href=\"https:\/\/www.camarapocao.pe.gov.br\/home\/images\/Consulta\/portarias\/2025\/portaria2025 (9).pdf\" rel=\"noopener\" target=\"_blank\">PDF<\/a><\/td>\n<\/tr>\n<tr class=\"row-11\">\n\t<td class=\"column-1\">10<\/td><td class=\"column-2\">Exonera o servidor Carlos Mikhael Mergulh\u00e3o.<\/td><td class=\"column-3\"><a href=\"https:\/\/www.camarapocao.pe.gov.br\/home\/images\/Consulta\/portarias\/2025\/portaria2025 (10).pdf\" rel=\"noopener\" target=\"_blank\">PDF<\/a><\/td>\n<\/tr>\n<tr class=\"row-12\">\n\t<td class=\"column-1\">11<\/td><td class=\"column-2\">Exonera o servidor Johnne George da Silva.<\/td><td class=\"column-3\"><a href=\"https:\/\/www.camarapocao.pe.gov.br\/home\/images\/Consulta\/portarias\/2025\/portaria2025 (11).pdf\" rel=\"noopener\" target=\"_blank\">PDF<\/a><\/td>\n<\/tr>\n<tr class=\"row-13\">\n\t<td class=\"column-1\">12<\/td><td class=\"column-2\">Exonera o servidor Danilo Ribeiro da Silva.<\/td><td class=\"column-3\"><a href=\"https:\/\/www.camarapocao.pe.gov.br\/home\/images\/Consulta\/portarias\/2025\/portaria2025 (12).pdf\" rel=\"noopener\" target=\"_blank\">PDF<\/a><\/td>\n<\/tr>\n<tr class=\"row-14\">\n\t<td class=\"column-1\">13<\/td><td class=\"column-2\">Exonera a servidora Eul\u00e1lia Maria Rocha.<\/td><td class=\"column-3\"><a href=\"https:\/\/www.camarapocao.pe.gov.br\/home\/images\/Consulta\/portarias\/2025\/portaria2025 (13).pdf\" rel=\"noopener\" target=\"_blank\">PDF<\/a><\/td>\n<\/tr>\n<tr class=\"row-15\">\n\t<td class=\"column-1\">14<\/td><td class=\"column-2\">Determina ao setor cont\u00e1bil da C\u00e2mara Municipal de Po\u00e7\u00e3o que proceda com a implanta\u00e7\u00e3o da gratifica\u00e7\u00e3o no percentual de 25% mensais para servidora Aline Cristine.<\/td><td class=\"column-3\"><a href=\"https:\/\/www.camarapocao.pe.gov.br\/home\/images\/Consulta\/portarias\/2025\/portaria2025 (14).pdf\" rel=\"noopener\" target=\"_blank\">PDF<\/a><\/td>\n<\/tr>\n<tr class=\"row-16\">\n\t<td class=\"column-1\">15<\/td><td class=\"column-2\">Determina ao setor cont\u00e1bil da C\u00e2mara Municipal de Po\u00e7\u00e3o que proceda com a implanta\u00e7\u00e3o da gratifica\u00e7\u00e3o no percentual de 25% mensais para servidora Jos\u00e9 Renato da Cruz.<\/td><td class=\"column-3\"><a href=\"https:\/\/www.camarapocao.pe.gov.br\/home\/images\/Consulta\/portarias\/2025\/portaria2025 (15).pdf\" rel=\"noopener\" target=\"_blank\">PDF<\/a><\/td>\n<\/tr>\n<tr class=\"row-17\">\n\t<td class=\"column-1\">16<\/td><td class=\"column-2\">Determina ao setor cont\u00e1bil da C\u00e2mara Municipal de Po\u00e7\u00e3o que proceda com a implanta\u00e7\u00e3o da gratifica\u00e7\u00e3o no percentual de 25% mensais para servidora Poliana Ferreira Lins.<\/td><td class=\"column-3\"><a href=\"https:\/\/www.camarapocao.pe.gov.br\/home\/images\/Consulta\/portarias\/2025\/portaria2025 (16).pdf\" rel=\"noopener\" target=\"_blank\">PDF<\/a><\/td>\n<\/tr>\n<tr class=\"row-18\">\n\t<td class=\"column-1\">17<\/td><td class=\"column-2\">Determina ao setor cont\u00e1bil da C\u00e2mara Municipal de Po\u00e7\u00e3o que proceda com a implanta\u00e7\u00e3o da gratifica\u00e7\u00e3o no percentual de 25% mensais para servidora Suzana Bezerra Paes.<\/td><td class=\"column-3\"><a href=\"https:\/\/www.camarapocao.pe.gov.br\/home\/images\/Consulta\/portarias\/2025\/portaria2025 (17).pdf\" rel=\"noopener\" target=\"_blank\">PDF<\/a><\/td>\n<\/tr>\n<tr class=\"row-19\">\n\t<td class=\"column-1\">18<\/td><td class=\"column-2\">Determina ao setor cont\u00e1bil da C\u00e2mara Municipal de Po\u00e7\u00e3o que proceda com a implanta\u00e7\u00e3o da gratifica\u00e7\u00e3o no percentual de 25% mensais para servidora Josenildo Teixera da Costa.<\/td><td class=\"column-3\"><a href=\"https:\/\/www.camarapocao.pe.gov.br\/home\/images\/Consulta\/portarias\/2025\/portaria2025 (18).pdf\" rel=\"noopener\" target=\"_blank\">PDF<\/a><\/td>\n<\/tr>\n<tr class=\"row-20\">\n\t<td class=\"column-1\">19<\/td><td class=\"column-2\">Atribui \u00e0 Sra. Aline Galdino Nunes poderes para movimentar, em conjunto com o Presidente da C\u00e2mara de Po\u00e7\u00e3o, todas as contas banc\u00e1rias em nome da C\u00e2mara de Po\u00e7\u00e3o.<\/td><td class=\"column-3\"><a href=\"https:\/\/www.camarapocao.pe.gov.br\/home\/images\/Consulta\/portarias\/2025\/portaria2025 (19).pdf\" rel=\"noopener\" target=\"_blank\">PDF<\/a><\/td>\n<\/tr>\n<tr class=\"row-21\">\n\t<td class=\"column-1\">20<\/td><td class=\"column-2\">Disp\u00f5e sobre a designa\u00e7\u00e3o de Agentes P\u00fablicos para condu\u00e7\u00e3o de processos licitat\u00f3rios e contrata\u00e7\u00e3o direta do \u00e2mbito da C\u00e2mara de Po\u00e7\u00e3o\/PE.<\/td><td class=\"column-3\"><a href=\"https:\/\/www.camarapocao.pe.gov.br\/home\/images\/Consulta\/portarias\/2025\/portaria2025 (20).pdf\" rel=\"noopener\" target=\"_blank\">PDF<\/a><\/td>\n<\/tr>\n<tr class=\"row-22\">\n\t<td class=\"column-1\">21<\/td><td class=\"column-2\">Nomea o Sr. Diogo Ricardo Alves para ocupar o cargo de Assessor Legislativo.<\/td><td class=\"column-3\"><a href=\"https:\/\/www.camarapocao.pe.gov.br\/home\/images\/Consulta\/portarias\/2025\/portaria2025 (21).pdf\" rel=\"noopener\" target=\"_blank\">PDF<\/a><\/td>\n<\/tr>\n<tr class=\"row-23\">\n\t<td class=\"column-1\">22<\/td><td class=\"column-2\">Nomea o Sr. Luiz Emanuel Ferreira para ocupar o cargo comissionado de Assessor Legislativo.<\/td><td class=\"column-3\"><a href=\"https:\/\/www.camarapocao.pe.gov.br\/home\/images\/Consulta\/portarias\/2025\/portaria2025 (22).pdf\" rel=\"noopener\" target=\"_blank\">PDF<\/a><\/td>\n<\/tr>\n<tr class=\"row-24\">\n\t<td class=\"column-1\">23<\/td><td class=\"column-2\">Nomea a Sra. Fernanda Bruna Pinheiro para ocupar o cargo de Assistente Parlamentar.<\/td><td class=\"column-3\"><a href=\"https:\/\/www.camarapocao.pe.gov.br\/home\/images\/Consulta\/portarias\/2025\/portaria2025 (23).pdf\" rel=\"noopener\" target=\"_blank\">PDF<\/a><\/td>\n<\/tr>\n<tr class=\"row-25\">\n\t<td class=\"column-1\">24<\/td><td class=\"column-2\">Designa os vereadores Jos\u00e9 Gleidson (Cigano), Iza Gabriela Bezerra e Jos\u00e9 Edson Duarte para, sob a presid\u00eancia do primeiro, comporem a Comiss\u00e3o de Representa\u00e7\u00e3o.<\/td><td class=\"column-3\"><a href=\"https:\/\/www.camarapocao.pe.gov.br\/home\/images\/Consulta\/portarias\/2025\/portaria2025 (24).pdf\" rel=\"noopener\" target=\"_blank\">PDF<\/a><\/td>\n<\/tr>\n<tr class=\"row-26\">\n\t<td class=\"column-1\">25<\/td><td class=\"column-2\">Determina que o expediente da C\u00e2mara de Po\u00e7\u00e3o\/PE durante o per\u00edodo de recesso ser\u00e1 de 08:00 \u00e0s 11:00 de segunda \u00e0 sexta-feira.<\/td><td class=\"column-3\"><a href=\"https:\/\/www.camarapocao.pe.gov.br\/home\/images\/Consulta\/portarias\/2025\/portaria2025 (25).pdf\" rel=\"noopener\" target=\"_blank\">PDF<\/a><\/td>\n<\/tr>\n<tr class=\"row-27\">\n\t<td class=\"column-1\">26<\/td><td class=\"column-2\">Nomea o Sr. J\u00falio dos Santos para ocupar o cargo de Assessor Legislativo.<\/td><td class=\"column-3\"><a href=\"https:\/\/www.camarapocao.pe.gov.br\/home\/images\/Consulta\/portarias\/2025\/portaria2025 (26).pdf\" rel=\"noopener\" target=\"_blank\">PDF<\/a><\/td>\n<\/tr>\n<tr class=\"row-28\">\n\t<td class=\"column-1\">27<\/td><td class=\"column-2\">Dispensa a Sra. Aline Galdino Nunes da fun\u00e7\u00e3o de Gerenciador do Sistema da Unidade Jurisdicionada e designa a Sra. Fernanda Bruna Pinheiro para fazer tal fun\u00e7\u00e3o.<\/td><td class=\"column-3\"><a href=\"https:\/\/www.camarapocao.pe.gov.br\/home\/images\/Consulta\/portarias\/2025\/portaria2025 (27).pdf\" rel=\"noopener\" target=\"_blank\">PDF<\/a><\/td>\n<\/tr>\n<tr class=\"row-29\">\n\t<td class=\"column-1\">28<\/td><td class=\"column-2\">Dispensa a Sra. Josega Sueli da Silva da fun\u00e7\u00e3o de Gerenciador de Sistema Jurisdicionada da C\u00e2mara de Po\u00e7\u00e3o\/PE na opera\u00e7\u00e3o do Sistema de Cadastro da Unidade Jurisdicionada e designa o Sr. Diogo Ricardo Alves para assumir tal fun\u00e7\u00e3o.<\/td><td class=\"column-3\"><a href=\"https:\/\/www.camarapocao.pe.gov.br\/home\/images\/Consulta\/portarias\/2025\/portaria2025 (28).pdf\" rel=\"noopener\" target=\"_blank\">PDF<\/a><\/td>\n<\/tr>\n<tr class=\"row-30\">\n\t<td class=\"column-1\">29<\/td><td class=\"column-2\">Concede f\u00e9rias ao servidor Givanildo Menino da Silva.<\/td><td class=\"column-3\"><a href=\"https:\/\/www.camarapocao.pe.gov.br\/home\/images\/Consulta\/portarias\/2025\/portaria2025 (29).pdf\" rel=\"noopener\" target=\"_blank\">PDF<\/a><\/td>\n<\/tr>\n<tr class=\"row-31\">\n\t<td class=\"column-1\">30<\/td><td class=\"column-2\">Designa o servidor Diogoo de Brito Alves para ocupar a fun\u00e7\u00e3o de fiscal dos contratos realizados pela C\u00e2mara de Po\u00e7\u00e3o.<\/td><td class=\"column-3\"><a href=\"https:\/\/www.camarapocao.pe.gov.br\/home\/images\/Consulta\/portarias\/2025\/portaria2025 (30).pdf\" rel=\"noopener\" target=\"_blank\">PDF<\/a><\/td>\n<\/tr>\n<tr class=\"row-32\">\n\t<td class=\"column-1\">31<\/td><td class=\"column-2\">Descorre sobre o fluxo para protocolar solicita\u00e7\u00f5es de pedidos de inclus\u00e3o de mat\u00e9rias \u00e0s pautas das sess\u00f5es legislativas.<\/td><td class=\"column-3\"><a href=\"https:\/\/www.camarapocao.pe.gov.br\/home\/images\/Consulta\/portarias\/2025\/portaria2025 (31).pdf\" rel=\"noopener\" target=\"_blank\">PDF<\/a><\/td>\n<\/tr>\n<tr class=\"row-33\">\n\t<td class=\"column-1\">32<\/td><td class=\"column-2\">Designa vereadores para comporem as comiss\u00f5es permanentes da C\u00e2mara Municipal de Po\u00e7\u00e3o.<\/td><td class=\"column-3\"><a href=\"https:\/\/www.camarapocao.pe.gov.br\/home\/images\/Consulta\/portarias\/2025\/portaria2025 (32).pdf\" rel=\"noopener\" target=\"_blank\">PDF<\/a><\/td>\n<\/tr>\n<tr class=\"row-34\">\n\t<td class=\"column-1\">33<\/td><td class=\"column-2\">Concede f\u00e9rias ao Sr. Josenildo da Costa.<\/td><td class=\"column-3\"><a href=\"https:\/\/www.camarapocao.pe.gov.br\/home\/images\/Consulta\/portarias\/2025\/portaria2025 (33).pdf\" rel=\"noopener\" target=\"_blank\">PDF<\/a><\/td>\n<\/tr>\n<tr class=\"row-35\">\n\t<td class=\"column-1\">34<\/td><td class=\"column-2\">Concede f\u00e9rias ao Sr. Paulo de Melo Silva<\/td><td class=\"column-3\"><a href=\"https:\/\/www.camarapocao.pe.gov.br\/home\/images\/Consulta\/portarias\/2025\/portaria2025 (34).pdf\" rel=\"noopener\" target=\"_blank\">PDF<\/a><\/td>\n<\/tr>\n<tr class=\"row-36\">\n\t<td class=\"column-1\">35<\/td><td class=\"column-2\">Concede f\u00e9rias ao Sr. Antonio Carlos D. Correia.<\/td><td class=\"column-3\"><a href=\"https:\/\/www.camarapocao.pe.gov.br\/home\/images\/Consulta\/portarias\/2025\/portaria2025 (35).pdf\" rel=\"noopener\" target=\"_blank\">PDF<\/a><\/td>\n<\/tr>\n<tr class=\"row-37\">\n\t<td class=\"column-1\">36<\/td><td class=\"column-2\">Designa os vereadores Jos\u00e9 Gleison Santana, Iza Gabriela Bezerra e Jos\u00e9 Edson Beserra para, sob a presid\u00eancia do primeiro, comporem a Comiss\u00e3o de Representa\u00e7\u00e3o.<\/td><td class=\"column-3\"><a href=\"https:\/\/www.camarapocao.pe.gov.br\/home\/images\/Consulta\/portarias\/2025\/portaria2025 (36).pdf\" rel=\"noopener\" target=\"_blank\">PDF<\/a><\/td>\n<\/tr>\n<tr class=\"row-38\">\n\t<td class=\"column-1\">37<\/td><td class=\"column-2\">Determina que o expediente da C\u00e2mara Municipal durante o per\u00edodo de recesso ser\u00e1 de 08:00 \u00e0s 11:00, de segunda \u00e0 sexta-feira.<\/td><td class=\"column-3\"><a href=\"https:\/\/www.camarapocao.pe.gov.br\/home\/images\/Consulta\/portarias\/2025\/portaria2025 (37).pdf\" rel=\"noopener\" target=\"_blank\">PDF<\/a><\/td>\n<\/tr>\n<tr class=\"row-39\">\n\t<td class=\"column-1\">38<\/td><td class=\"column-2\">Concede Licen\u00e7a Paternidade ao servidor Luiz Emanuel Ferreira.<\/td><td class=\"column-3\"><a href=\"https:\/\/www.camarapocao.pe.gov.br\/home\/images\/Consulta\/portarias\/2025\/portaria2025 (38).pdf\" rel=\"noopener\" target=\"_blank\">PDF<\/a><\/td>\n<\/tr>\n<tr class=\"row-40\">\n\t<td class=\"column-1\">39<\/td><td class=\"column-2\">Concede f\u00e9rias ao Sr. Jos\u00e9 Renato Santos.<\/td><td class=\"column-3\"><a href=\"https:\/\/www.camarapocao.pe.gov.br\/home\/images\/Consulta\/portarias\/2025\/portaria2025 (39).pdf\" rel=\"noopener\" target=\"_blank\">PDF<\/a><\/td>\n<\/tr>\n<tr class=\"row-41\">\n\t<td class=\"column-1\">40<\/td><td class=\"column-2\">Concede f\u00e9rias a Sra. Aline Cristine Galdino.<\/td><td class=\"column-3\"><a href=\"https:\/\/www.camarapocao.pe.gov.br\/home\/images\/Consulta\/portarias\/2025\/portaria2025 (40).pdf\" rel=\"noopener\" target=\"_blank\">PDF<\/a><\/td>\n<\/tr>\n<tr class=\"row-42\">\n\t<td class=\"column-1\">41<\/td><td class=\"column-2\">Concede f\u00e9rias a Sra. Suzana Bezerra da Silva.<\/td><td class=\"column-3\"><a href=\"https:\/\/www.camarapocao.pe.gov.br\/home\/images\/Consulta\/portarias\/2025\/portaria2025 (41).pdf\" rel=\"noopener\" target=\"_blank\">PDF<\/a><\/td>\n<\/tr>\n<tr class=\"row-43\">\n\t<td class=\"column-1\">42<\/td><td class=\"column-2\">Designa a servidora Fernanda Bruna Pinheiro para ocupar cumulativamente a fun\u00e7\u00e3o de Gestor dos Contratos realizados pela C\u00e2mara de Po\u00e7\u00e3o\/PE.<\/td><td class=\"column-3\"><a href=\"https:\/\/www.camarapocao.pe.gov.br\/home\/images\/Consulta\/portarias\/2025\/portaria2025 (42).pdf\" rel=\"noopener\" target=\"_blank\">PDF<\/a><\/td>\n<\/tr>\n<tr class=\"row-44\">\n\t<td class=\"column-1\">43<\/td><td class=\"column-2\">Concede f\u00e9rias anuais a Ant\u00f4nio Carlos Duarte Correia, de 17\/11\/2025 a 16\/12\/2025, referentes ao per\u00edodo aquisitivo 2024\u20132025.<\/td><td class=\"column-3\"><a href=\"https:\/\/www.camarapocao.pe.gov.br\/home\/images\/Consulta\/portarias\/2025\/portaria2025 (43).pdf\" rel=\"noopener\" target=\"_blank\">PDF<\/a><\/td>\n<\/tr>\n<tr class=\"row-45\">\n\t<td class=\"column-1\">44<\/td><td class=\"column-2\">Designa comiss\u00e3o de representa\u00e7\u00e3o composta por tr\u00eas vereadores: Jos\u00e9 Gleison; Jos\u00e9 Edson e Iza Gabriela para atuar no recesso legislativo de 15\/12\/2025 a 15\/02\/2026.<\/td><td class=\"column-3\"><a href=\"https:\/\/www.camarapocao.pe.gov.br\/home\/images\/Consulta\/portarias\/2025\/portaria2025 (44).pdf\" rel=\"noopener\" target=\"_blank\">PDF<\/a><\/td>\n<\/tr>\n<tr class=\"row-46\">\n\t<td class=\"column-1\">45<\/td><td class=\"column-2\">Define o hor\u00e1rio de funcionamento da C\u00e2mara Municipal durante o recesso, das 8h \u00e0s 11h, de segunda a sexta-feira.<\/td><td class=\"column-3\"><a href=\"https:\/\/www.camarapocao.pe.gov.br\/home\/images\/Consulta\/portarias\/2025\/portaria2025 (45).pdf\" rel=\"noopener\" target=\"_blank\">PDF<\/a><\/td>\n<\/tr>\n<\/tbody>\n<\/table>\n<!-- #tablepress-41 from cache -->\n","protected":false},"excerpt":{"rendered":"","protected":false},"author":3,"featured_media":0,"parent":0,"menu_order":0,"comment_status":"closed","ping_status":"closed","template":"","meta":{"footnotes":""},"class_list":["post-1777","page","type-page","status-publish","hentry","active"],"aioseo_notices":[],"_links":{"self":[{"href":"https:\/\/camarapocao.pe.gov.br\/v1\/wp-json\/wp\/v2\/pages\/1777","targetHints":{"allow":["GET"]}}],"collection":[{"href":"https:\/\/camarapocao.pe.gov.br\/v1\/wp-json\/wp\/v2\/pages"}],"about":[{"href":"https:\/\/camarapocao.pe.gov.br\/v1\/wp-json\/wp\/v2\/types\/page"}],"author":[{"embeddable":true,"href":"https:\/\/camarapocao.pe.gov.br\/v1\/wp-json\/wp\/v2\/users\/3"}],"replies":[{"embeddable":true,"href":"https:\/\/camarapocao.pe.gov.br\/v1\/wp-json\/wp\/v2\/comments?post=1777"}],"version-history":[{"count":1,"href":"https:\/\/camarapocao.pe.gov.br\/v1\/wp-json\/wp\/v2\/pages\/1777\/revisions"}],"predecessor-version":[{"id":1781,"href":"https:\/\/camarapocao.pe.gov.br\/v1\/wp-json\/wp\/v2\/pages\/1777\/revisions\/1781"}],"wp:attachment":[{"href":"https:\/\/camarapocao.pe.gov.br\/v1\/wp-json\/wp\/v2\/media?parent=1777"}],"curies":[{"name":"wp","href":"https:\/\/api.w.org\/{rel}","templated":true}]}}