{"id":1610,"date":"2024-04-14T22:02:37","date_gmt":"2024-04-15T01:02:37","guid":{"rendered":"https:\/\/camarapocao.pe.gov.br\/?page_id=1610"},"modified":"2024-04-14T22:02:37","modified_gmt":"2024-04-15T01:02:37","slug":"leis-aprovadas-em-2024","status":"publish","type":"page","link":"https:\/\/camarapocao.pe.gov.br\/v1\/leis-aprovadas-em-2024\/","title":{"rendered":"LEIS APROVADAS EM 2024"},"content":{"rendered":"\n<table id=\"tablepress-36\" class=\"tablepress tablepress-id-36\">\n<thead>\n<tr class=\"row-1\">\n\t<th class=\"column-1\">N\u00ba do Documento<\/th><th class=\"column-2\">Ementa<\/th><th class=\"column-3\">Vereador Autor<\/th><th class=\"column-4\">Detalhe da aprova\u00e7\u00e3o<\/th><th class=\"column-5\">Vereadores a favor<\/th><th class=\"column-6\">Vereadores contr\u00e1rios<\/th><th class=\"column-7\">Download<\/th>\n<\/tr>\n<\/thead>\n<tbody class=\"row-striping row-hover\">\n<tr class=\"row-2\">\n\t<td class=\"column-1\">864<\/td><td class=\"column-2\">Disp\u00f5e sobre a cria\u00e7\u00e3o de cargos comissionados na estrutura administrativa da C\u00e2mara Municipal de Po\u00e7\u00e3o.<\/td><td class=\"column-3\">Mesa Diretora<\/td><td class=\"column-4\">5 Votos<\/td><td class=\"column-5\">Napole\u00e3o Cordeiro, Ruth Barbosa, Silas Marconi, Silvio de Souza e Wrides Mendes.<\/td><td class=\"column-6\">-<\/td><td class=\"column-7\"><a href=\"http:\/\/www.camarapocao.pe.gov.br\/home\/images\/Consulta\/leis\/2024\/864.pdf\" rel=\"noopener\" target=\"_blank\">PDF<\/a><\/td>\n<\/tr>\n<tr class=\"row-3\">\n\t<td class=\"column-1\">865<\/td><td class=\"column-2\">Fixa o valor do sal\u00e1rio m\u00ednimo dos servidores municipais e d\u00e1 outras provid\u00eancias.<\/td><td class=\"column-3\">Poder Executivo<\/td><td class=\"column-4\">5 Votos<\/td><td class=\"column-5\">Napole\u00e3o Cordeiro, Ruth Barbosa, Silas Marconi, Silvio de Souza e Wrides Mendes.<\/td><td class=\"column-6\">-<\/td><td class=\"column-7\"><a href=\"http:\/\/www.camarapocao.pe.gov.br\/home\/images\/Consulta\/leis\/2024\/865.pdf\" rel=\"noopener\" target=\"_blank\">PDF<\/a><\/td>\n<\/tr>\n<tr class=\"row-4\">\n\t<td class=\"column-1\">866<\/td><td class=\"column-2\">Fixa o valor do vencimento dos conselheiros tutelares municiapais e d\u00e1 outras provid\u00eancias.<\/td><td class=\"column-3\">Poder Executivo<\/td><td class=\"column-4\">5 Votos<\/td><td class=\"column-5\">Napole\u00e3o Cordeiro, Ruth Barbosa, Silas Marconi, Silvio de Souza e Wrides Mendes<\/td><td class=\"column-6\">-<\/td><td class=\"column-7\"><a href=\"http:\/\/www.camarapocao.pe.gov.br\/home\/images\/Consulta\/leis\/2024\/866.pdf\" rel=\"noopener\" target=\"_blank\">PDF<\/a><\/td>\n<\/tr>\n<tr class=\"row-5\">\n\t<td class=\"column-1\">867<\/td><td class=\"column-2\">Disp\u00f5e sobre reajuste salarial dos professores efetivos da rede municipal de ensino e d\u00e1 outras provid\u00eancias.<\/td><td class=\"column-3\">Poder Executivo<\/td><td class=\"column-4\">5 Votos<\/td><td class=\"column-5\">Napole\u00e3o Cordeiro, Ruth Barbosa, Silas Marconi, Silvio de Souza e Wrides Mendes<\/td><td class=\"column-6\">-<\/td><td class=\"column-7\"><a href=\"http:\/\/www.camarapocao.pe.gov.br\/home\/images\/Consulta\/leis\/2024\/867.pdf\" rel=\"noopener\" target=\"_blank\">PDF<\/a><\/td>\n<\/tr>\n<tr class=\"row-6\">\n\t<td class=\"column-1\">868<\/td><td class=\"column-2\">Disp\u00f5es acerca da majora\u00e7\u00e3o do vencimento base de cargos p\u00fablicos efetivos.<\/td><td class=\"column-3\">Vereador Jos\u00e9 Gleison Rodrigues de Santana<\/td><td class=\"column-4\">7 votos<\/td><td class=\"column-5\">Napole\u00e3o Cordeiro, Ruth Barbosa, Silas Marconi,  Wrides Mendes, Junior Roberto, Jose Gleison  e Jos\u00e9 Silvestre.<\/td><td class=\"column-6\">-<\/td><td class=\"column-7\"><a href=\"http:\/\/www.camarapocao.pe.gov.br\/home\/images\/Consulta\/leis\/2024\/868.pdf\" rel=\"noopener\" target=\"_blank\">PDF<\/a><\/td>\n<\/tr>\n<tr class=\"row-7\">\n\t<td class=\"column-1\">869<\/td><td class=\"column-2\">Concede reajuste geral aos vencimentos dos servidores p\u00fablicos efetivos e comssionados da C\u00e2mara de Po\u00e7\u00e3o.<\/td><td class=\"column-3\">Mesa Diretora<\/td><td class=\"column-4\">7 votos<\/td><td class=\"column-5\">Napole\u00e3o Cordeiro, Ruth Barbosa, Silas Marconi,  Wrides Mendes, Junior Roberto, Jose Gleison  e Jos\u00e9 Silvestre.<\/td><td class=\"column-6\">-<\/td><td class=\"column-7\"><a href=\"http:\/\/www.camarapocao.pe.gov.br\/home\/images\/Consulta\/leis\/2024\/869.pdf\" rel=\"noopener\" target=\"_blank\">PDF<\/a><\/td>\n<\/tr>\n<tr class=\"row-8\">\n\t<td class=\"column-1\">870<\/td><td class=\"column-2\">Disp\u00f5es acerca da majora\u00e7\u00e3o do vencimento base de cargos p\u00fablicos efetivos.<\/td><td class=\"column-3\">Poder Executivo<\/td><td class=\"column-4\">8 votos<\/td><td class=\"column-5\">Ruth Barbosa, Silas Marconi, Jos\u00e9 Gleison, Jos\u00e9 Silvestre, Junior Roberto, Silvio de Souza, Wrides Mendes e Napole\u00e3o Cordeiro.<\/td><td class=\"column-6\">-<\/td><td class=\"column-7\"><a href=\"http:\/\/www.camarapocao.pe.gov.br\/home\/images\/Consulta\/leis\/2024\/870.pdf\" rel=\"noopener\" target=\"_blank\">PDF<\/a><\/td>\n<\/tr>\n<tr class=\"row-9\">\n\t<td class=\"column-1\">871<\/td><td class=\"column-2\">Institui a Semana de Conscientiza\u00e7\u00e3o sobre o Autismo e d\u00e1 outras provid\u00eancias.<\/td><td class=\"column-3\">Mesa Diretora<\/td><td class=\"column-4\">5 votos<\/td><td class=\"column-5\">Napole\u00e3o Cordeiro, Ruth Barbosa,   Wrides Mendes,  Jos\u00e9 Gleison  e Jos\u00e9 Silvestre.<\/td><td class=\"column-6\">-<\/td><td class=\"column-7\"><a href=\"http:\/\/www.camarapocao.pe.gov.br\/home\/images\/Consulta\/leis\/2024\/871.pdf\" rel=\"noopener\" target=\"_blank\">PDF<\/a><\/td>\n<\/tr>\n<tr class=\"row-10\">\n\t<td class=\"column-1\">872<\/td><td class=\"column-2\">Fixa os subs\u00eddios do Prefeito, Vice-Prefeito e Secret\u00e1rios Municipais para o per\u00edodo de 2025 a 2028.<\/td><td class=\"column-3\">Mesa Diretora<\/td><td class=\"column-4\">6 votos<\/td><td class=\"column-5\">Napole\u00e3o Cordeiro, Ruth Barbosa, Silas Marconi,  Wrides Mendes, , Jose Gleison  e Jos\u00e9 Silvestre.<\/td><td class=\"column-6\">-<\/td><td class=\"column-7\"><a href=\"http:\/\/www.camarapocao.pe.gov.br\/home\/images\/Consulta\/leis\/2024\/872.pdf\" rel=\"noopener\" target=\"_blank\">PDF<\/a><\/td>\n<\/tr>\n<tr class=\"row-11\">\n\t<td class=\"column-1\">873<\/td><td class=\"column-2\">Promove adequa\u00e7\u00e3o or\u00e7ament\u00e1ria e autoriza abertura de cr\u00e9dito especial ao or\u00e7amento anual de 2024 no valor de 18.811,42.<\/td><td class=\"column-3\">Poder Executivo<\/td><td class=\"column-4\">6 votos<\/td><td class=\"column-5\">Ruth Barbosa, Silas Marconi, Jos\u00e9 Gleison, Jos\u00e9 Silvestre, , Wrides Mendes e Napole\u00e3o Cordeiro.<\/td><td class=\"column-6\">-<\/td><td class=\"column-7\"><a href=\"http:\/\/www.camarapocao.pe.gov.br\/home\/images\/Consulta\/leis\/2024\/873.pdf\" rel=\"noopener\" target=\"_blank\">PDF<\/a><\/td>\n<\/tr>\n<tr class=\"row-12\">\n\t<td class=\"column-1\">874<\/td><td class=\"column-2\">Disp\u00f5es sobre a denomina\u00e7\u00e3o de ruas, avenidas, logradouros p\u00fablicos e determina outras provid\u00eancias.<\/td><td class=\"column-3\">Ca\u00edque Alberto de Oliveira Ger\u00f4nimo<\/td><td class=\"column-4\">6 votos<\/td><td class=\"column-5\">Ruth Barbosa, Silas Marconi, Jos\u00e9 Gleison, Jos\u00e9 Silvestre, , Wrides Mendes e Napole\u00e3o Cordeiro<\/td><td class=\"column-6\">-<\/td><td class=\"column-7\"><a href=\"http:\/\/www.camarapocao.pe.gov.br\/home\/images\/Consulta\/leis\/2024\/874.pdf\" rel=\"noopener\" target=\"_blank\">PDF<\/a><\/td>\n<\/tr>\n<tr class=\"row-13\">\n\t<td class=\"column-1\">875<\/td><td class=\"column-2\">Regulamenta nova metodologia de cofinanciamento fiscal do Piso de Aten\u00e7\u00e3o Prim\u00e1ria \u00e0 Sa\u00fade (APS)<\/td><td class=\"column-3\">Poder Executivo<\/td><td class=\"column-4\">7 votos<\/td><td class=\"column-5\">Ruth Barbosa, Silas Marconi, Napole\u00e3o Cordeiro, Wrides Mendes, Junior Roberto, Jos\u00e9 Silvestre, Jos\u00e9 Gleison<\/td><td class=\"column-6\">-<\/td><td class=\"column-7\"><a href=\"http:\/\/www.camarapocao.pe.gov.br\/home\/images\/Consulta\/leis\/2024\/875.pdf\" rel=\"noopener\" target=\"_blank\">PDF<\/a><\/td>\n<\/tr>\n<tr class=\"row-14\">\n\t<td class=\"column-1\">876<\/td><td class=\"column-2\">Disp\u00f5e sobre isen\u00e7\u00e3o de imposto de bens im\u00f3veis (ITBI) para im\u00f3veis que integrem o programa minha casa minha vida.<\/td><td class=\"column-3\">Poder Executivo<\/td><td class=\"column-4\">6 votos<\/td><td class=\"column-5\">Silas Marconi, Napole\u00e3o Cordeiro, Wrides Mendes, Silvio de Souza, Junior Roberto e Jos\u00e9 Silvestre<\/td><td class=\"column-6\">-<\/td><td class=\"column-7\"><a href=\"http:\/\/www.camarapocao.pe.gov.br\/home\/images\/Consulta\/leis\/2024\/876.pdf\" rel=\"noopener\" target=\"_blank\">PDF<\/a><\/td>\n<\/tr>\n<tr class=\"row-15\">\n\t<td class=\"column-1\">877<\/td><td class=\"column-2\">Disp\u00f5es sobre denomina\u00e7\u00e3o de ruas, avenidas, logradouro e determina outras provid\u00eancias.<\/td><td class=\"column-3\">Ruth Barbosa e Ca\u00edque Alberto<\/td><td class=\"column-4\">6 votos<\/td><td class=\"column-5\">Silas Marconi, Napole\u00e3o Cordeiro, Wrides Mendes, Silvio de Souza, Junior Roberto e Jos\u00e9 Silvestre<\/td><td class=\"column-6\">Observa\u00e7\u00e3o: Lei sem efeito vigente \u2013 motivo - n\u00e3o sancionada pelo prefeito.<\/td><td class=\"column-7\"><a href=\"http:\/\/www.camarapocao.pe.gov.br\/home\/images\/Consulta\/leis\/2024\/877.pdf\" rel=\"noopener\" target=\"_blank\">PDF<\/a><\/td>\n<\/tr>\n<tr class=\"row-16\">\n\t<td class=\"column-1\">878<\/td><td class=\"column-2\">Disp\u00f5es sobre denomina\u00e7\u00e3o de ruas, avenidas, logradouro e determina outras provid\u00eancias.<\/td><td class=\"column-3\">Ca\u00edque Alberto de Oliveira e Ruth Barbosa.<\/td><td class=\"column-4\">6 votos<\/td><td class=\"column-5\">Silas Marconi, Napole\u00e3o Cordeiro, Wrides Mendes, Silvio de Souza, Junior Roberto e Jos\u00e9 Silvestre<\/td><td class=\"column-6\">-<\/td><td class=\"column-7\"><a href=\"http:\/\/www.camarapocao.pe.gov.br\/home\/images\/Consulta\/leis\/2024\/878.pdf\" rel=\"noopener\" target=\"_blank\">PDF<\/a><\/td>\n<\/tr>\n<tr class=\"row-17\">\n\t<td class=\"column-1\">879<\/td><td class=\"column-2\">Estabelece as diretrizes or\u00e7ament\u00e1rias para o<\/td><td class=\"column-3\">Poder Executivo<\/td><td class=\"column-4\">5 votos<\/td><td class=\"column-5\">Napole\u00e3o Cordeiro, Wrides Mendes, Silvio de Souza, Junior Roberto, Jos\u00e9 Silvestre.<\/td><td class=\"column-6\">-<\/td><td class=\"column-7\"><a href=\"http:\/\/www.camarapocao.pe.gov.br\/home\/images\/Consulta\/leis\/2024\/879.pdf\" rel=\"noopener\" target=\"_blank\">PDF<\/a><\/td>\n<\/tr>\n<tr class=\"row-18\">\n\t<td class=\"column-1\">880<\/td><td class=\"column-2\">Promove adequa\u00e7\u00e3o or\u00e7ament\u00e1ria no \u00e2mbito do munic\u00edpio de Po\u00e7\u00e3o e autoriza abertura de cr\u00e9dito especial ao or\u00e7amento anual de 2024.<\/td><td class=\"column-3\">Poder Executivo<\/td><td class=\"column-4\">5 votos<\/td><td class=\"column-5\">Napole\u00e3o Cordeiro, Wrides Mendes, Silvio de Souza, Junior Roberto e Jos\u00e9 Silvestre.<\/td><td class=\"column-6\">-<\/td><td class=\"column-7\"><a href=\"http:\/\/www.camarapocao.pe.gov.br\/home\/images\/Consulta\/leis\/2024\/880.pdf\" rel=\"noopener\" target=\"_blank\">PDF<\/a><\/td>\n<\/tr>\n<tr class=\"row-19\">\n\t<td class=\"column-1\">881<\/td><td class=\"column-2\">Estabelece determinado per\u00edmetro como \u00e1rea urbana do munic\u00edpio de Po\u00e7\u00e3o\/PE.<\/td><td class=\"column-3\">Poder Executivo<\/td><td class=\"column-4\">6 votos<\/td><td class=\"column-5\">Napole\u00e3o Cordeiro, Wrides Mendes, Silvio de Souza, Junior Roberto, Jos\u00e9 Silvestre e Jos\u00e9 Gleison.<\/td><td class=\"column-6\">-<\/td><td class=\"column-7\"><a href=\"http:\/\/www.camarapocao.pe.gov.br\/home\/images\/Consulta\/leis\/2024\/881.pdf\" rel=\"noopener\" target=\"_blank\">PDF<\/a><\/td>\n<\/tr>\n<tr class=\"row-20\">\n\t<td class=\"column-1\">882<\/td><td class=\"column-2\">Atualiza o plano plurianual do munic\u00edpio para execu\u00e7\u00e3o da parcela anual de 2025 e d\u00e1 outras provid\u00eancias.<\/td><td class=\"column-3\">Poder Executivo<\/td><td class=\"column-4\">7  votos<\/td><td class=\"column-5\">Ruth Barbosa, Napole\u00e3o Cordeiro, Wrides Mendes, Silvio de Souza, Junior Roberto, Jos\u00e9 Silvestre e Jos\u00e9 Gleison.<\/td><td class=\"column-6\">-<\/td><td class=\"column-7\"><a href=\"http:\/\/www.camarapocao.pe.gov.br\/home\/images\/Consulta\/leis\/2024\/882.pdf\" rel=\"noopener\" target=\"_blank\">PDF<\/a><\/td>\n<\/tr>\n<tr class=\"row-21\">\n\t<td class=\"column-1\">883<\/td><td class=\"column-2\">Lei or\u00e7ament\u00e1ria anual - LOA 2024\/2025<\/td><td class=\"column-3\">Poder Executivo<\/td><td class=\"column-4\">7 votos<\/td><td class=\"column-5\">Ruth Barbosa, Napole\u00e3o Cordeiro, Wrides Mendes, Silvio de Souza, Junior Roberto, Jos\u00e9 Silvestre e Jos\u00e9 Gleison.<\/td><td class=\"column-6\">-<\/td><td class=\"column-7\"><a href=\"http:\/\/www.camarapocao.pe.gov.br\/home\/images\/Consulta\/leis\/2024\/883.pdf\" rel=\"noopener\" target=\"_blank\">PDF<\/a><\/td>\n<\/tr>\n<tr class=\"row-22\">\n\t<td class=\"column-1\">884<\/td><td class=\"column-2\">Institui a pol\u00edtica de conscientiza\u00e7\u00e3o e incentivo a doa\u00e7\u00e3o de sangue, \u00f3rg\u00e3os, tecidos e leite materno - Promo\u00e7\u00e3o 3D, no munic\u00edpio de Po\u00e7\u00e3o\/PE.<\/td><td class=\"column-3\">Ruth Barbosa Silva Alves<\/td><td class=\"column-4\">6 votos<\/td><td class=\"column-5\">Napole\u00e3o Cordeiro, Wrides Mendes, Silvio de Souza, Junior Roberto, Jos\u00e9 Silvestre e Jos\u00e9 Gleison.<\/td><td class=\"column-6\">-<\/td><td class=\"column-7\"><a href=\"http:\/\/www.camarapocao.pe.gov.br\/home\/images\/Consulta\/leis\/2024\/884.pdf\" rel=\"noopener\" target=\"_blank\">PDF<\/a><\/td>\n<\/tr>\n<\/tbody>\n<\/table>\n<!-- #tablepress-36 from cache -->\n","protected":false},"excerpt":{"rendered":"","protected":false},"author":3,"featured_media":0,"parent":0,"menu_order":0,"comment_status":"closed","ping_status":"closed","template":"","meta":{"footnotes":""},"class_list":["post-1610","page","type-page","status-publish","hentry","active"],"aioseo_notices":[],"_links":{"self":[{"href":"https:\/\/camarapocao.pe.gov.br\/v1\/wp-json\/wp\/v2\/pages\/1610","targetHints":{"allow":["GET"]}}],"collection":[{"href":"https:\/\/camarapocao.pe.gov.br\/v1\/wp-json\/wp\/v2\/pages"}],"about":[{"href":"https:\/\/camarapocao.pe.gov.br\/v1\/wp-json\/wp\/v2\/types\/page"}],"author":[{"embeddable":true,"href":"https:\/\/camarapocao.pe.gov.br\/v1\/wp-json\/wp\/v2\/users\/3"}],"replies":[{"embeddable":true,"href":"https:\/\/camarapocao.pe.gov.br\/v1\/wp-json\/wp\/v2\/comments?post=1610"}],"version-history":[{"count":1,"href":"https:\/\/camarapocao.pe.gov.br\/v1\/wp-json\/wp\/v2\/pages\/1610\/revisions"}],"predecessor-version":[{"id":1614,"href":"https:\/\/camarapocao.pe.gov.br\/v1\/wp-json\/wp\/v2\/pages\/1610\/revisions\/1614"}],"wp:attachment":[{"href":"https:\/\/camarapocao.pe.gov.br\/v1\/wp-json\/wp\/v2\/media?parent=1610"}],"curies":[{"name":"wp","href":"https:\/\/api.w.org\/{rel}","templated":true}]}}