{"id":1564,"date":"2024-04-12T22:42:45","date_gmt":"2024-04-13T01:42:45","guid":{"rendered":"https:\/\/camarapocao.pe.gov.br\/?page_id=1564"},"modified":"2024-04-12T22:42:45","modified_gmt":"2024-04-13T01:42:45","slug":"requerimentos-vereador-napoleao-jr","status":"publish","type":"page","link":"https:\/\/camarapocao.pe.gov.br\/v1\/requerimentos-vereador-napoleao-jr\/","title":{"rendered":"REQUERIMENTOS \u2013 VEREADOR NAPOLE\u00c3O JR"},"content":{"rendered":"\n<table id=\"tablepress-34\" class=\"tablepress tablepress-id-34\">\n<thead>\n<tr class=\"row-1\">\n\t<th class=\"column-1\">N\u00daMERO<\/th><th class=\"column-2\">EMENTA<\/th><th class=\"column-3\">AUTOR\/ASSOCIADO<\/th><th class=\"column-4\">ANO<\/th>\n<\/tr>\n<\/thead>\n<tbody class=\"row-striping row-hover\">\n<tr class=\"row-2\">\n\t<td class=\"column-1\">30<\/td><td class=\"column-2\">encaminhe um PL - com plano de carreira e remunera\u00e7\u00e3o para os servidores efetivos do municipio.<\/td><td class=\"column-3\">Napole\u00e3o Cordeiro<\/td><td class=\"column-4\">fev\/2026<\/td>\n<\/tr>\n<tr class=\"row-3\">\n\t<td class=\"column-1\">29<\/td><td class=\"column-2\">solicita a iclus\u00e3o do sitio velho e demais associa\u00e7\u00e3o no programa de aquisi\u00e7\u00e3o de alimentos (PPA) possibilitando que forne\u00e7am verduras e outros produtos a merenda escolar da rede municipal de ensino<\/td><td class=\"column-3\">Napole\u00e3o Cordeiro<\/td><td class=\"column-4\">fev\/2026<\/td>\n<\/tr>\n<tr class=\"row-4\">\n\t<td class=\"column-1\">28<\/td><td class=\"column-2\">solicita a manuten\u00e7\u00e3o da passagem molhada da francisco bezerra aos milagres<\/td><td class=\"column-3\">Napole\u00e3o Cordeiro<\/td><td class=\"column-4\">fev\/2026<\/td>\n<\/tr>\n<tr class=\"row-5\">\n\t<td class=\"column-1\">27<\/td><td class=\"column-2\">requer voto de aplauso para os medicos, enfermeiros, tecnicos e auxiliares do hospital s\u00e3o sebasti\u00e3o, pelo brilhante trabalho que vem realizando no municipio<\/td><td class=\"column-3\">Napole\u00e3o Cordeiro<\/td><td class=\"column-4\">fev\/2026<\/td>\n<\/tr>\n<tr class=\"row-6\">\n\t<td class=\"column-1\">4<\/td><td class=\"column-2\">solicita juntamente com Andr\u00e9 de Souza Fonseca presidente do (DER) que quando for realizada a manuten\u00e7\u00e3o da PE-197,  seja incluido o trecho atpe a divisa com o estado da paraiba, contemplando tamb\u00e9m o recapeamento da estrada que liga a comunidade do sitio gangorra ate a referida divisa.<\/td><td class=\"column-3\">Napole\u00e3o Cordeiro<\/td><td class=\"column-4\">fev\/2026<\/td>\n<\/tr>\n<tr class=\"row-7\">\n\t<td class=\"column-1\">3<\/td><td class=\"column-2\">encaminhe PL - concedendo reajuste salarial aos profissionais efetivo do municipio descrito a seguir: motoristas, pedreiros, eletricidade, auxiliares administrativos, marceneiros, tratoristas, contator auxiliar, contador senior, tecnicos, (tecnicos nivel superior) dentistas, bibliotecarios, merendeiras, e auxiliar de enfermagem.<\/td><td class=\"column-3\">Napole\u00e3o Cordeiro<\/td><td class=\"column-4\">fev\/2026<\/td>\n<\/tr>\n<tr class=\"row-8\">\n\t<td class=\"column-1\">22<\/td><td class=\"column-2\">solicita a manuten\u00e7\u00e3o em todas as UBS, do municipio com a instala\u00e7\u00f5es de cameras de seguran\u00e7a.<\/td><td class=\"column-3\">Napole\u00e3o Cordeiro<\/td><td class=\"column-4\">fev\/2026<\/td>\n<\/tr>\n<tr class=\"row-9\">\n\t<td class=\"column-1\">8<\/td><td class=\"column-2\">solicita desapropria\u00e7\u00e3o ou destina\u00e7\u00e3o de terreno p\u00fablico adequado no distrito de gravata dos gomes, com a finalidade de promover a doa\u00e7\u00e3o da area da implanta\u00e7\u00e3o de unidades habitacionais atrav\u00e9s do Programa Minha casa minha vida - modalidade rural.<\/td><td class=\"column-3\">Napole\u00e3o Cordeiro<\/td><td class=\"column-4\">fev\/2026<\/td>\n<\/tr>\n<tr class=\"row-10\">\n\t<td class=\"column-1\">5<\/td><td class=\"column-2\">Solicita que seja realizada a servi\u00e7o de limpeza, manuten\u00e7\u00e3o do a\u00e7ude localizado no sitio areia grande.<\/td><td class=\"column-3\">Napole\u00e3o Cordeiro<\/td><td class=\"column-4\">fev\/2026<\/td>\n<\/tr>\n<tr class=\"row-11\">\n\t<td class=\"column-1\">382<\/td><td class=\"column-2\">Solicita convenio entre a prefeitura e farmacias da rede privada com objetivo de garantir o fornecimento de medicamentos aos pacientes do municipio<\/td><td class=\"column-3\">Napole\u00e3o Cordeiro<\/td><td class=\"column-4\">dez\/25<\/td>\n<\/tr>\n<tr class=\"row-12\">\n\t<td class=\"column-1\">381<\/td><td class=\"column-2\">Solicita a contru\u00e7\u00e3o do cal\u00e7amento nas aproximidades das baias de cuca e da fabrica de gelo do senhor ferrugem, mais precisamente nas passagens que d\u00e3o acesso as ruas atr\u00e1s do bairro do prado.<\/td><td class=\"column-3\">Napole\u00e3o Cordeiro<\/td><td class=\"column-4\">dez\/25<\/td>\n<\/tr>\n<tr class=\"row-13\">\n\t<td class=\"column-1\">379<\/td><td class=\"column-2\">solicita o retorno do transporte do Tratamento Fora do Domicilio - TFD para a cidade de Garanhuns - Pernambuco<\/td><td class=\"column-3\">Napole\u00e3o Cordeiro<\/td><td class=\"column-4\">dez\/25<\/td>\n<\/tr>\n<tr class=\"row-14\">\n\t<td class=\"column-1\">PROJETO DE LEI  N\u00b0 34\/2025<\/td><td class=\"column-2\">Disp\u00f5e sobre a obrigatoriedade de instala\u00e7\u00f5es de camaras de seguran\u00e7a nos veiculos utilizados no transporte escolar do municipio de Po\u00e7\u00e3o, e d\u00e1 outras providencias.<\/td><td class=\"column-3\">Napole\u00e3o Cordeiro<\/td><td class=\"column-4\">nov\/25<\/td>\n<\/tr>\n<tr class=\"row-15\">\n\t<td class=\"column-1\">PROJETO DE DECRETO LEGISLATIVO N\u00b0 19\/2025<\/td><td class=\"column-2\">Disp\u00f5e sobre a concess\u00e3o de T\u00edtulo de Cidad\u00e3o Po\u00e7\u00e3oense ao Senhor Professor Josu\u00e9 Barbosa dos Santos e determina outras provid\u00eancias.<\/td><td class=\"column-3\">Napole\u00e3o Cordeiro<\/td><td class=\"column-4\">nov\/25<\/td>\n<\/tr>\n<tr class=\"row-16\">\n\t<td class=\"column-1\">372<\/td><td class=\"column-2\">solicita ao Excelent\u00edssimo Senhor Jo\u00e3o Guilherme Vasconcelos de Sousa \u2013 Prefeito desse Munic\u00edpio e ao Senhor Jos\u00e9 Genailson Batista Bezerra - Secret\u00e1rio de Obras e Urbanismo, a constru\u00e7\u00e3o do cal\u00e7amento do final do Bairro do Prado at\u00e9 o P\u00e1tio da feira de Gado do munic\u00edpio.<\/td><td class=\"column-3\">Napole\u00e3o Cordeiro<\/td><td class=\"column-4\">nov\/25<\/td>\n<\/tr>\n<tr class=\"row-17\">\n\t<td class=\"column-1\">371<\/td><td class=\"column-2\">solicita ao Excelent\u00edssimo Senhor Jo\u00e3o Guilherme Vasconcelos de Sousa \u2013 Prefeito desse Munic\u00edpio e ao Senhor Jos\u00e9 Silvestre Galindo Neto - Secret\u00e1rio de Agricultura que, viabilize junto ao ex\u00e9rcito a amplia\u00e7\u00e3o e implanta\u00e7\u00e3o de pontos de abastecimento de \u00e1gua nos S\u00edtios Candeeiro, Candeeiro de cima, Candeeiro de baixo e S\u00edtio Grutas.<\/td><td class=\"column-3\">Napole\u00e3o Cordeiro<\/td><td class=\"column-4\">nov\/25<\/td>\n<\/tr>\n<tr class=\"row-18\">\n\t<td class=\"column-1\">357<\/td><td class=\"column-2\">Solicita a manuten\u00e7\u00e3o nas grades aradoras no municipio de Po\u00e7\u00e3o-PE<\/td><td class=\"column-3\">Napole\u00e3o Cordeiro<\/td><td class=\"column-4\">nov\/25<\/td>\n<\/tr>\n<tr class=\"row-19\">\n\t<td class=\"column-1\">355<\/td><td class=\"column-2\">seja providenciado o credenciamento de um medico veterinario habilitado, para que, em parceria com o municipio, possa realizar os exames de tuberculose e brucelose exigidos pela ADAGRO junto aos criadores locais.<\/td><td class=\"column-3\">Napole\u00e3o Cordeiro<\/td><td class=\"column-4\">nov\/25<\/td>\n<\/tr>\n<tr class=\"row-20\">\n\t<td class=\"column-1\">PROJETO DE LEI N\u00ba 33\/2025<\/td><td class=\"column-2\">Estabelece normas para o recionhecimento e a declara\u00e7\u00e3o de utilidades p\u00fablicas de entidades privadas sem fins lucrativas no ambito do municipio de Po\u00e7\u00e3o\/PE, e d\u00e1 outras providencias.<\/td><td class=\"column-3\">Napole\u00e3o Cordeiro<\/td><td class=\"column-4\">out\/25<\/td>\n<\/tr>\n<tr class=\"row-21\">\n\t<td class=\"column-1\">PROJETO DE LEI N\u00ba 32\/2025<\/td><td class=\"column-2\">Institui o programa municipal de acesso gratuito \u00e1 internet ``Po\u00e7\u00e3o Conectada`` no ambito das reparti\u00e7\u00f5es p\u00fablicas municipais e espa\u00e7os p\u00fablicos de uso coletivo, e d\u00e1 outras providencias.<\/td><td class=\"column-3\">Napole\u00e3o Cordeiro<\/td><td class=\"column-4\">out\/25<\/td>\n<\/tr>\n<tr class=\"row-22\">\n\t<td class=\"column-1\">353<\/td><td class=\"column-2\">requer a restaura\u00e7\u00e3o e manuten\u00e7\u00e3o das estradas vicinais do sitio mani\u00e7oba.<\/td><td class=\"column-3\">Napole\u00e3o Cordeiro<\/td><td class=\"column-4\">out\/25<\/td>\n<\/tr>\n<tr class=\"row-23\">\n\t<td class=\"column-1\">352<\/td><td class=\"column-2\">Requer voto de pesar pelo falecimento do senhor Antonio Donizete da Silva (BRANCO)<\/td><td class=\"column-3\">Napole\u00e3o Cordeiro<\/td><td class=\"column-4\">out\/25<\/td>\n<\/tr>\n<tr class=\"row-24\">\n\t<td class=\"column-1\">349<\/td><td class=\"column-2\">Requer voto de pesar pelo falecimento do senhor Jos\u00e9 Geraldo Cordeiro.<\/td><td class=\"column-3\">Napole\u00e3o Cordeiro<\/td><td class=\"column-4\">out\/25<\/td>\n<\/tr>\n<tr class=\"row-25\">\n\t<td class=\"column-1\">347<\/td><td class=\"column-2\">solicita emendas parlamentares para aquisi\u00e7\u00e3o de viaturas para futura Guarda Civil Municipal de Po\u00e7\u00e3o -  Pernambuco.<\/td><td class=\"column-3\">Napole\u00e3o Cordeiro<\/td><td class=\"column-4\">out\/25<\/td>\n<\/tr>\n<tr class=\"row-26\">\n\t<td class=\"column-1\">324<\/td><td class=\"column-2\">Desenvolva esfor\u00e7os junto a FUNASA (Funda\u00e7\u00e3o Nacional de Sa\u00fade) com o objetivo de viabilizar a aquisi\u00e7\u00e3o e instala\u00e7\u00f5es de Cisternas de plasticos ou de Placas para atender familia da zona rural do municipio.<\/td><td class=\"column-3\">Napole\u00e3o Cordeiro<\/td><td class=\"column-4\">out\/25<\/td>\n<\/tr>\n<tr class=\"row-27\">\n\t<td class=\"column-1\">319<\/td><td class=\"column-2\">Requer voto de aplausos para a Dra. Elisangela Lima, pelo brilhante trabalho prestado que vem realizando no municioio de Po\u00e7\u00e3o.<\/td><td class=\"column-3\">Napole\u00e3o Cordeiro<\/td><td class=\"column-4\">out\/25<\/td>\n<\/tr>\n<tr class=\"row-28\">\n\t<td class=\"column-1\">316<\/td><td class=\"column-2\">solicita que encaminhe projeto de lei que institui no ambito do Municipio de Po\u00e7\u00e3o, o programa CNH Social Municipal.<\/td><td class=\"column-3\">Napole\u00e3o Cordeiro<\/td><td class=\"column-4\">out\/25<\/td>\n<\/tr>\n<tr class=\"row-29\">\n\t<td class=\"column-1\">287<\/td><td class=\"column-2\">solicita ao Excelent\u00edssimo Senhor Renildo Calheiros \u2013 Deputado Federal, a destina\u00e7\u00e3o de emenda parlamentar em benef\u00edcio de nossa cidade, visando a aquisi\u00e7\u00e3o de 5 (cinco) ve\u00edculos para as Unidades B\u00e1sicas de Sa\u00fade \u2013 UBS (Renascen\u00e7a, Maria de Lourdes, Judite da Silva Andrade, Gilson Mergulh\u00e3o e Nossa Senhora de F\u00e1tima).<\/td><td class=\"column-3\">Napole\u00e3o Cordeiro<\/td><td class=\"column-4\">set\/25<\/td>\n<\/tr>\n<tr class=\"row-30\">\n\t<td class=\"column-1\">292<\/td><td class=\"column-2\">solicita ao Excelent\u00edssimo Senhor Excelent\u00edssimo Senhor Jo\u00e3o Guilherme Vasconcelos de Sousa \u2013 Prefeito desse Munic\u00edpio que, adote as providencias necess\u00e1rias para viabilizar conv\u00eanios e parcerias com \u00f3rg\u00e3os federais, a exemplo, o Minist\u00e9rio das Cidades e da Funda\u00e7\u00e3o Nacional de Sa\u00fade (FUNASA), com a finalidade de garantir recursos para a constru\u00e7\u00e3o de banheiros em resid\u00eancias de fam\u00edlia que ainda n\u00e3o disp\u00f5em de sanit\u00e1rio em suas casas.<\/td><td class=\"column-3\">Napole\u00e3o Cordeiro<\/td><td class=\"column-4\">set\/25<\/td>\n<\/tr>\n<tr class=\"row-31\">\n\t<td class=\"column-1\">PROJETO DE DECRETO LEGISLATIVO N\u00b0 12\/2025<\/td><td class=\"column-2\">Disp\u00f5e sobre a concess\u00e3o de T\u00cdTULO DE CIDAD\u00c3O DO MUNICIPIO DE PO\u00c7\u00c3O, ESTADO DE PERNAMBUCO ao Excelent\u00edssimo Senhor Ionas Santana da Silva e determina outras provid\u00eancias.<\/td><td class=\"column-3\">Napole\u00e3o Cordeiro<\/td><td class=\"column-4\">ago\/25<\/td>\n<\/tr>\n<tr class=\"row-32\">\n\t<td class=\"column-1\">PROJETO DE LEI N\u00b0 21\/2025<\/td><td class=\"column-2\">Insitui no ambito do municipio de po\u00e7\u00e3o a semana da castra\u00e7\u00e3o animal, a ser realiazada anualmente na primeira semana do m\u00eas de outubro, e d\u00e1 outras providencias.<\/td><td class=\"column-3\">Napole\u00e3o Cordeiro<\/td><td class=\"column-4\">ago\/25<\/td>\n<\/tr>\n<tr class=\"row-33\">\n\t<td class=\"column-1\">276<\/td><td class=\"column-2\">Solicita que o poder executivo juntamente com Celso Sabino Deputado Federal e Giselly Aparecida Conrado de Oliveira Secret\u00e1ria de Cultura e Tursimo que sejam adotadas a\u00e7\u00f5es voltadas para p fortalecimento do tursimo religioso no municipio de Po\u00e7\u00e3o -PE.<\/td><td class=\"column-3\">Napole\u00e3o Cordeiro<\/td><td class=\"column-4\">ago\/25<\/td>\n<\/tr>\n<tr class=\"row-34\">\n\t<td class=\"column-1\">274<\/td><td class=\"column-2\">Requer voto de pesar pelo falecimento do Senhor Jos\u00e9 Braz.<\/td><td class=\"column-3\">Napole\u00e3o Cordeiro<\/td><td class=\"column-4\">ago\/25<\/td>\n<\/tr>\n<tr class=\"row-35\">\n\t<td class=\"column-1\">266<\/td><td class=\"column-2\">Solicita a\u00e7\u00f5es voltadas \u00e1 sa\u00fade do homem durante o m\u00eas de Outubro Rosa, bem como a\u00e7\u00f5es direcionadas \u00e1 sa\u00fade do homem durante o novembro Azul.<\/td><td class=\"column-3\">Napole\u00e3o Cordeiro<\/td><td class=\"column-4\">ago\/25<\/td>\n<\/tr>\n<tr class=\"row-36\">\n\t<td class=\"column-1\">262<\/td><td class=\"column-2\">Solicita que passe a efetuar o pagamento do adicional de insalubridade aos servidores p\u00fablicos que exercem a fun\u00e7\u00e3o de merendeiras(os) e cozinheiras(os) do municipio de Po\u00e7\u00e3o\/PE.<\/td><td class=\"column-3\">Napole\u00e3o Cordeiro<\/td><td class=\"column-4\">ago\/25<\/td>\n<\/tr>\n<tr class=\"row-37\">\n\t<td class=\"column-1\">261<\/td><td class=\"column-2\">Solicita que o poder executivo viabilize parcerias com institui\u00e7\u00f5es p\u00fablicas ou privadas, ONGs ou org\u00e3os estaduais, para a realiza\u00e7\u00e3o de uma a\u00e7\u00e3o de castra\u00e7\u00e3o de c\u00e3es e gatos atrav\u00e9s de unidade m\u00f3vel de castra\u00e7\u00e3o (Castra m\u00f3vel) no municipio.<\/td><td class=\"column-3\">Napole\u00e3o Cordeiro<\/td><td class=\"column-4\">ago\/25<\/td>\n<\/tr>\n<tr class=\"row-38\">\n\t<td class=\"column-1\">256<\/td><td class=\"column-2\">requerem voto de pesar pelo falecimento da Senhora Quit\u00e9ria Maria de Melo.<\/td><td class=\"column-3\">Napole\u00e3o Cordeiro<\/td><td class=\"column-4\">ago\/25<\/td>\n<\/tr>\n<tr class=\"row-39\">\n\t<td class=\"column-1\">Projeto de Decreto Legislativo n\u00b0 09\/2025<\/td><td class=\"column-2\">Disp\u00f5e sobre a concess\u00e3o de MEDALHA MALAQUIAS VIEIRA DE MELO determina outras provid\u00eancias.<\/td><td class=\"column-3\">Napole\u00e3o Cordeiro<\/td><td class=\"column-4\">jun\/25<\/td>\n<\/tr>\n<tr class=\"row-40\">\n\t<td class=\"column-1\">237<\/td><td class=\"column-2\">solicita ao Excelent\u00edssimo Prefeito Jo\u00e3o Guilherme Vasconcelos de Sousa, ao  Excelent\u00edssimo Senhor Jos\u00e9 Genailson Batista Bezerra \u2013 Secret\u00e1rio de Obras e Urbanismo e ao Excelent\u00edssimo Senhor Jos\u00e9 Maciel da Silva \u2013 Secret\u00e1rio de Esportes e Lazer que, revitalize os banheiros da Quadra Municipal Abel Severiano Leite, bem como, a manuten\u00e7\u00e3o da rede de energia el\u00e9trica no referido local.<\/td><td class=\"column-3\">Napole\u00e3o Cordeiro<\/td><td class=\"column-4\">jun\/25<\/td>\n<\/tr>\n<tr class=\"row-41\">\n\t<td class=\"column-1\">235<\/td><td class=\"column-2\">voto de pesar pelo falecimento da Senhora Maria Lima Duarte \u2013 Maria de Celso.<\/td><td class=\"column-3\">Napole\u00e3o Cordeiro<\/td><td class=\"column-4\">jun\/25<\/td>\n<\/tr>\n<tr class=\"row-42\">\n\t<td class=\"column-1\">230<\/td><td class=\"column-2\">solicita ao Excelent\u00edssimo Prefeito Jo\u00e3o Guilherme Vasconcelos de Sousa que, encaminhe Projeto de Lei dispondo sobre a inclus\u00e3o de cursos de Renda Renascen\u00e7a na rede municipal de ensino.<\/td><td class=\"column-3\">Napole\u00e3o Cordeiro<\/td><td class=\"column-4\">jun\/25<\/td>\n<\/tr>\n<tr class=\"row-43\">\n\t<td class=\"column-1\">229<\/td><td class=\"column-2\">solicita ao Excelent\u00edssimo Prefeito Jo\u00e3o Guilherme Vasconcelos de Sousa e a Excelent\u00edssima Senhora Aline Cordeiro de Vasconcelos Silva \u2013 Secret\u00e1ria de Sa\u00fade, ambos realizem gest\u00e3o junto \u00e0 Secretaria Estadual de Sa\u00fade de Pernambuco, com o objetivo de trazer ao munic\u00edpio a Carreta da Sa\u00fade da Mulher, recentemente inaugurada pelo Governo do Estado, como parte das a\u00e7\u00f5es do programa Cuida-PE.<\/td><td class=\"column-3\">Napole\u00e3o Cordeiro<\/td><td class=\"column-4\">jun\/25<\/td>\n<\/tr>\n<tr class=\"row-44\">\n\t<td class=\"column-1\">Projeto de Decreto 07\/25<\/td><td class=\"column-2\">Disp\u00f5e sobre a concess\u00e3o de T\u00cdTULO DE CIDAD\u00c3O DO MUNIC\u00cdPIO DE PO\u00c7\u00c3O, ESTADO DE PERNAMBUCO, a Excelent\u00edssima Senhora Vereadora da cidade de Ibimirim, Sandra Silva de Carvalho, pelos relevantes servi\u00e7os destinados ao munic\u00edpio.<\/td><td class=\"column-3\">Napole\u00e3o Cordeiro<\/td><td class=\"column-4\">Mai\/25<\/td>\n<\/tr>\n<tr class=\"row-45\">\n\t<td class=\"column-1\">Projeto de Decreto 06\/25<\/td><td class=\"column-2\">Disp\u00f5e sobre a concess\u00e3o de T\u00cdTULO DE CIDAD\u00c3O DO MUNIC\u00cdPIO DE PO\u00c7\u00c3O, ESTADO DE PERNAMBUCO, ao Excelent\u00edssimo Deputado Estadual, Senhor Waldemar Alberto Borges Rodrigues Neto, pelos relevantes servi\u00e7os destinados ao munic\u00edpio.<\/td><td class=\"column-3\">Napole\u00e3o Cordeiro<\/td><td class=\"column-4\">Mai\/25<\/td>\n<\/tr>\n<tr class=\"row-46\">\n\t<td class=\"column-1\">Projeto de Decreto 05\/25<\/td><td class=\"column-2\">Disp\u00f5e sobre a concess\u00e3o de T\u00cdTULO DE CIDAD\u00c3O DO MUNIC\u00cdPIO DE PO\u00c7\u00c3O, ESTADO DE PERNAMBUCO, ao Excelent\u00edssimo Deputado Federal, Senhor Renildo Vasconcelos Calheiros, pelos relevantes servi\u00e7os destinados ao munic\u00edpio.<\/td><td class=\"column-3\">Napole\u00e3o Cordeiro<\/td><td class=\"column-4\">Mai\/25<\/td>\n<\/tr>\n<tr class=\"row-47\">\n\t<td class=\"column-1\">PL 12\/25<\/td><td class=\"column-2\">Regulamenta a utiliza\u00e7\u00e3o, a queima e a soltura de fogos de artificio e assemelhados, e de quaisquer artefatos pirotecnicos de efeito sonoro ruidoso com estampidos, assim como a queima e soltura nos eventos e ambientes que especifique no ambito no Municipio de Po\u00e7\u00e3o e d\u00e1 outras providencias.<\/td><td class=\"column-3\">Napole\u00e3o Cordeiro<\/td><td class=\"column-4\">Mai\/25<\/td>\n<\/tr>\n<tr class=\"row-48\">\n\t<td class=\"column-1\">PL 11\/25<\/td><td class=\"column-2\">Dispoe sobre a obrigatoriedade de condi\u00e7\u00e3o de acessibilidade e inclus\u00e3o para pessoas com deficiencia ou mobilidadde reduzida em eventos p\u00fablicos e privados no municipio de Po\u00e7\u00e3o e d\u00e1 outras providencias.<\/td><td class=\"column-3\">Napole\u00e3o Cordeiro<\/td><td class=\"column-4\">Mai\/25<\/td>\n<\/tr>\n<tr class=\"row-49\">\n\t<td class=\"column-1\">PL 10\/25<\/td><td class=\"column-2\">Dispoe sobre a redu\u00e7\u00e3o de carga horaria de servidores p\u00fablicos municipais de Po\u00e7\u00e3o que possuem filhos com Transtorno do Espectro Autista (TEA) ou outras deficienciuas e d\u00e1 outras providencias.<\/td><td class=\"column-3\">Napole\u00e3o Cordeiro<\/td><td class=\"column-4\">Mai\/25<\/td>\n<\/tr>\n<tr class=\"row-50\">\n\t<td class=\"column-1\">169<\/td><td class=\"column-2\">solicita ao Excelent\u00edssimo Prefeito Jo\u00e3o Guilherme Vasconcelos de Sousa juntamente com o Cons\u00f3rcio P\u00fablico Intermunicipal de Saneamento B\u00e1sico (CISAR), solicitando a implanta\u00e7\u00e3o dos servi\u00e7os do referido cons\u00f3rcio na zona rural do munic\u00edpio de Po\u00e7\u00e3o, com o objetivo de promover melhorias no sistema de abastecimento de \u00e1gua.<\/td><td class=\"column-3\">Napole\u00e3o Cordeiro<\/td><td class=\"column-4\">Mai\/25<\/td>\n<\/tr>\n<tr class=\"row-51\">\n\t<td class=\"column-1\">167<\/td><td class=\"column-2\">Voto de Pesar pelo falecimento do Senhor  Ezio Galindo Cordeiro. Vereador de Alagoinha\/PE.<\/td><td class=\"column-3\">Napole\u00e3o Cordeiro<\/td><td class=\"column-4\">Mai\/25<\/td>\n<\/tr>\n<tr class=\"row-52\">\n\t<td class=\"column-1\">166<\/td><td class=\"column-2\">Solicita que instale bueiras nas estradas que d\u00e3o acesso as comunidades de Duas Serras e Pedra Armada. Solicita tamb\u00e9m um levantamento tecnico completo das estradas do municipio que apresentam problemas de alagamento.<\/td><td class=\"column-3\">Napole\u00e3o Cordeiro<\/td><td class=\"column-4\">Mai\/25<\/td>\n<\/tr>\n<tr class=\"row-53\">\n\t<td class=\"column-1\">165<\/td><td class=\"column-2\">Solicita que elabore um projeto urbanistico para a contru\u00e7\u00e3o de uma pista de cooper nas margens do Riacho da Gangorra, incluindo sistema de ilumina\u00e7\u00e3o a\u00e9rea e subterranea.<\/td><td class=\"column-3\">Napole\u00e3o Cordeiro<\/td><td class=\"column-4\">Mai\/25<\/td>\n<\/tr>\n<tr class=\"row-54\">\n\t<td class=\"column-1\">164<\/td><td class=\"column-2\">Solicita a realiza\u00e7\u00e3o de um estudo tecnico detalhado sobre os efeitos da seca no municipio.<\/td><td class=\"column-3\">Napole\u00e3o Cordeiro<\/td><td class=\"column-4\">Mai\/25<\/td>\n<\/tr>\n<tr class=\"row-55\">\n\t<td class=\"column-1\">163<\/td><td class=\"column-2\">Solicita a realiza\u00e7\u00e3o da reforma e manuten\u00e7\u00e3o do ro\u00e7o da estrada que d\u00e1 acesso as localidades de Sitio do Meio e Balame.<\/td><td class=\"column-3\">Napole\u00e3o Cordeiro<\/td><td class=\"column-4\">Mai\/25<\/td>\n<\/tr>\n<tr class=\"row-56\">\n\t<td class=\"column-1\">150<\/td><td class=\"column-2\">Prefeito Jo\u00e3o Guilherme Vasconcelos Sousa, juntamente com o Secret\u00e1rio de Agricultura desempenhe esfor\u00e7os no sentido de firmar parceria com o Governo do Estado de Pernambuco e com o Instituto Agronomo de Pernambuco (IPA), visando \u00e1 perfura\u00e7\u00e3o de po\u00e7os artesanais na zona rural do municipio.<\/td><td class=\"column-3\">Napole\u00e3o Cordeiro<\/td><td class=\"column-4\">Mai\/25<\/td>\n<\/tr>\n<tr class=\"row-57\">\n\t<td class=\"column-1\">79<\/td><td class=\"column-2\">Viabilizar a destina\u00e7\u00e3o de recursos para a recupera\u00e7\u00e3o e manuten\u00e7\u00e3o das estradas vicinais da zona rural do municipio de Po\u00e7\u00e3o PE<\/td><td class=\"column-3\">Napole\u00e3o Cordeiro.<\/td><td class=\"column-4\">MAR - 2025<\/td>\n<\/tr>\n<tr class=\"row-58\">\n\t<td class=\"column-1\">76<\/td><td class=\"column-2\">Requer voto de pesar pelo falecimento da senjota Maria das Montanhas Cordeiro - Dona Lequinha.<\/td><td class=\"column-3\">Todos os Edis.<\/td><td class=\"column-4\">MAR - 2025<\/td>\n<\/tr>\n<tr class=\"row-59\">\n\t<td class=\"column-1\">67<\/td><td class=\"column-2\">Contrata\u00e7\u00e3o de mais 01 m\u00e9dico plantonista para o Hospital S\u00e3o Sebasti\u00e3o<\/td><td class=\"column-3\">Napole\u00e3o Cordeiro.<\/td><td class=\"column-4\">MAR - 2025<\/td>\n<\/tr>\n<tr class=\"row-60\">\n\t<td class=\"column-1\">49<\/td><td class=\"column-2\">Desempenhe esfor\u00e7os objetivando a institui\u00e7\u00e3o da Guarda Municipal no Municipio, atraves de concurso p\u00fablico, conforme a Lei Municipal 683\/2015<\/td><td class=\"column-3\">Napole\u00e3o Cordeiro.<\/td><td class=\"column-4\">MAR - 2025<\/td>\n<\/tr>\n<tr class=\"row-61\">\n\t<td class=\"column-1\">48<\/td><td class=\"column-2\">Constru\u00e7\u00e3o de um campo de futvolei do municipio de Po\u00e7\u00e3o<\/td><td class=\"column-3\">Napole\u00e3o Cordeiro.<\/td><td class=\"column-4\">MAR - 2025<\/td>\n<\/tr>\n<tr class=\"row-62\">\n\t<td class=\"column-1\">41<\/td><td class=\"column-2\">Bra\u00e7os de ilumina\u00e7\u00e3o em todos os postes da zona rural que ainda n\u00e3o tem.<\/td><td class=\"column-3\">Napole\u00e3o Cordeiro.<\/td><td class=\"column-4\">FEV - 2025<\/td>\n<\/tr>\n<tr class=\"row-63\">\n\t<td class=\"column-1\">39<\/td><td class=\"column-2\">Desempenhe esfor\u00e7os para encaminhar um Projeto de Lei, para reduzir a carga horaria de servidores publicos municiapais de Po\u00e7\u00e3o que possem filhos com Transtorno do Espectro Autista (TEA). Ou outras defiencias.<\/td><td class=\"column-3\">Napole\u00e3o Cordeiro.<\/td><td class=\"column-4\">FEV - 2025<\/td>\n<\/tr>\n<tr class=\"row-64\">\n\t<td class=\"column-1\">38<\/td><td class=\"column-2\">Amplia\u00e7\u00e3o e melhoria da ilumina\u00e7\u00e3o do cemiterio de Gravata dos Gomes.<\/td><td class=\"column-3\">Napole\u00e3o Cordeiro.<\/td><td class=\"column-4\">FEV - 2025<\/td>\n<\/tr>\n<tr class=\"row-65\">\n\t<td class=\"column-1\">34<\/td><td class=\"column-2\">VOTO de pesar pelo falecimento da senhora Edite Patriota Duarte.<\/td><td class=\"column-3\">Napole\u00e3o Cordeiro.<\/td><td class=\"column-4\">FEV - 2025<\/td>\n<\/tr>\n<tr class=\"row-66\">\n\t<td class=\"column-1\">33<\/td><td class=\"column-2\">O Projeto de Lei de reajuste salarial dos Conselheiros Tutelates.<\/td><td class=\"column-3\">Napole\u00e3o Cordeiro.<\/td><td class=\"column-4\">FEV - 2025<\/td>\n<\/tr>\n<tr class=\"row-67\">\n\t<td class=\"column-1\">32<\/td><td class=\"column-2\">A limpeza, restaura\u00e7\u00e3o e cobertura do Cais s\u00e3o Sebasti\u00e3o.<\/td><td class=\"column-3\">Napole\u00e3o Cordeiro.<\/td><td class=\"column-4\">FEV - 2025<\/td>\n<\/tr>\n<tr class=\"row-68\">\n\t<td class=\"column-1\">31<\/td><td class=\"column-2\">O reajuste do piso Nacional dos Professores da Rede Municipal de Ensino Medio com repercuss\u00e3o na carreira, fazendo cumprir o novo percentual fixado pelo Governo  Federal, para o ano 2025. Considerando ainda que \u00e9 justo e necessario que este reajuste tenha afeito retroativo a partir do dia 01\/01\/2025<\/td><td class=\"column-3\">Napole\u00e3o Cordeiro.<\/td><td class=\"column-4\">FEV - 2025<\/td>\n<\/tr>\n<tr class=\"row-69\">\n\t<td class=\"column-1\">29<\/td><td class=\"column-2\">O aumento do alambrado da quadra da Rua da pinha, como tamb\u00e9m a liga\u00e7\u00e3o de energia eletrica.<\/td><td class=\"column-3\">Napole\u00e3o Cordeiro.<\/td><td class=\"column-4\">FEV - 2025<\/td>\n<\/tr>\n<tr class=\"row-70\">\n\t<td class=\"column-1\">19<\/td><td class=\"column-2\">Amplia\u00e7\u00e3o dos currais da feira de gado da nossa cidade<\/td><td class=\"column-3\">Napole\u00e3o Cordeiro.<\/td><td class=\"column-4\">FEV - 2025<\/td>\n<\/tr>\n<tr class=\"row-71\">\n\t<td class=\"column-1\">3<\/td><td class=\"column-2\">Realizar a limpeza da boeira\/  canaletas por tr\u00e1s da biblioteca do sesi.<\/td><td class=\"column-3\">Napole\u00e3o Cordeiro.<\/td><td class=\"column-4\">FEV - 2025<\/td>\n<\/tr>\n<tr class=\"row-72\">\n\t<td class=\"column-1\">008\/2024<\/td><td class=\"column-2\">Requer Emendas Parlamentares para constru\u00e7\u00e3o da Sede do Conselho Tutelar.<\/td><td class=\"column-3\">Napole\u00e3o Cordeiro.<\/td><td class=\"column-4\">2024<\/td>\n<\/tr>\n<tr class=\"row-73\">\n\t<td class=\"column-1\">016\/2024<\/td><td class=\"column-2\">Requer Projeto de Lei concedendo reajuste salarial para os Profissionais Efetivos do Munic\u00edpio.<\/td><td class=\"column-3\">Todos os Edis.<\/td><td class=\"column-4\">2024<\/td>\n<\/tr>\n<tr class=\"row-74\">\n\t<td class=\"column-1\">024\/2024<\/td><td class=\"column-2\">Requer instala\u00e7\u00e3o de internet no Posto de Sa\u00fade do s\u00edtio Aca\u00ed.<\/td><td class=\"column-3\">Napole\u00e3o Cordeiro.<\/td><td class=\"column-4\">2024<\/td>\n<\/tr>\n<tr class=\"row-75\">\n\t<td class=\"column-1\">025\/2024<\/td><td class=\"column-2\">Requer que seja enviado a esta Casa o Projeto de Lei instituindo o Dia do Agricultor no Munic\u00edpio.<\/td><td class=\"column-3\">Napole\u00e3o Cordeiro<\/td><td class=\"column-4\">2024<\/td>\n<\/tr>\n<tr class=\"row-76\">\n\t<td class=\"column-1\">026\/2024<\/td><td class=\"column-2\">Requer a manuten\u00e7\u00e3o da Pra\u00e7a do Distrito Gravat\u00e1 dos Gomes.<\/td><td class=\"column-3\">Napole\u00e3o Cordeiro.<\/td><td class=\"column-4\">2024<\/td>\n<\/tr>\n<tr class=\"row-77\">\n\t<td class=\"column-1\">028\/2024<\/td><td class=\"column-2\">Requer aquisi\u00e7\u00e3o de Terreno para constru\u00e7\u00e3o de Creche no Munic\u00edpio.<\/td><td class=\"column-3\">Todos os Edis.<\/td><td class=\"column-4\">2024<\/td>\n<\/tr>\n<tr class=\"row-78\">\n\t<td class=\"column-1\">030\/2024<\/td><td class=\"column-2\">Requer entrega dos Kits de Irriga\u00e7\u00e3o aos Agricultores do Munic\u00edpio, tendo em vista que est\u00e3o a mais de 01 ano guardados.<\/td><td class=\"column-3\">Napole\u00e3o Cordeiro.<\/td><td class=\"column-4\">2024<\/td>\n<\/tr>\n<tr class=\"row-79\">\n\t<td class=\"column-1\">031\/2024<\/td><td class=\"column-2\">Requer ara\u00e7\u00e3o de terras em v\u00e1rios S\u00edtios do Munic\u00edpio.<\/td><td class=\"column-3\">Napole\u00e3o Cordeiro.<\/td><td class=\"column-4\">2024<\/td>\n<\/tr>\n<tr class=\"row-80\">\n\t<td class=\"column-1\">033\/2024<\/td><td class=\"column-2\">Requer substitui\u00e7\u00e3o de Boeiras no s\u00edtio Paquevira mais precisamente na estrada que d\u00e1 acesso ao s\u00edtio Velho.<\/td><td class=\"column-3\">Napole\u00e3o Cordeiro.<\/td><td class=\"column-4\">2024<\/td>\n<\/tr>\n<tr class=\"row-81\">\n\t<td class=\"column-1\">034\/2024<\/td><td class=\"column-2\">Requer regulariza\u00e7\u00e3o dos sal\u00e1rios dos Garis e dos Coletores e distribui\u00e7\u00e3o de EPIs necess\u00e1rios para os mesmos.<\/td><td class=\"column-3\">Napole\u00e3o Cordeiro.<\/td><td class=\"column-4\">2024<\/td>\n<\/tr>\n<tr class=\"row-82\">\n\t<td class=\"column-1\">044\/2024<\/td><td class=\"column-2\">Requer implanta\u00e7\u00e3o do Programa Chap\u00e9u de Palha da Pesca Artesanal no Munic\u00edpio.<\/td><td class=\"column-3\">Napole\u00e3o Cordeiro.<\/td><td class=\"column-4\">2024<\/td>\n<\/tr>\n<tr class=\"row-83\">\n\t<td class=\"column-1\">046\/2024<\/td><td class=\"column-2\">Requer realiza\u00e7\u00e3o da Tradicional Festa do m\u00eas de maio do Distrito Gravat\u00e1 dos Gomes nos dois dias, S\u00e1bado e Domingo.<\/td><td class=\"column-3\">Napole\u00e3o Cordeiro.<\/td><td class=\"column-4\">2024<\/td>\n<\/tr>\n<tr class=\"row-84\">\n\t<td class=\"column-1\">069\/2024<\/td><td class=\"column-2\">Requer Voto de Congratula\u00e7\u00f5es e Aplausos para o Ilmo. Sr. Diogo Patriota Duarte de Freitas \u2013 Sec. Municipal de Finan\u00e7as extensivo a toda Equipe.<\/td><td class=\"column-3\">Napole\u00e3o Cordeiro.<\/td><td class=\"column-4\">2024<\/td>\n<\/tr>\n<tr class=\"row-85\">\n\t<td class=\"column-1\">070\/2024<\/td><td class=\"column-2\">Requer a constru\u00e7\u00e3o do cal\u00e7amento da ladeira pr\u00f3ximo a Barragem do S\u00edtio Duas Serras at\u00e9 o final ao lado da Escola Municipal Get\u00falio Vargas.<\/td><td class=\"column-3\">Napole\u00e3o Cordeiro.<\/td><td class=\"column-4\">2024<\/td>\n<\/tr>\n<tr class=\"row-86\">\n\t<td class=\"column-1\">071\/2024<\/td><td class=\"column-2\">Requer instala\u00e7\u00e3o de Ventiladores nas Salas de Aulas da Escola Municipal Get\u00falio Vargas, localizada no S\u00edtio Duas Serras.<\/td><td class=\"column-3\">Napole\u00e3o Cordeiro.<\/td><td class=\"column-4\">2024<\/td>\n<\/tr>\n<tr class=\"row-87\">\n\t<td class=\"column-1\">072\/2024<\/td><td class=\"column-2\">Requer Voto de Congratula\u00e7\u00f5es e Aplausos para o Senhor Jo\u00e3o Batista Rodrigues de Lima.<\/td><td class=\"column-3\">Napole\u00e3o Cordeiro.<\/td><td class=\"column-4\">2024<\/td>\n<\/tr>\n<tr class=\"row-88\">\n\t<td class=\"column-1\">081\/2024<\/td><td class=\"column-2\">Requer Voto de Congratula\u00e7\u00f5es e Aplausos para a Sra. F\u00e1tima Bel\u00e9m.<\/td><td class=\"column-3\">Napole\u00e3o Cordeiro.<\/td><td class=\"column-4\">2024<\/td>\n<\/tr>\n<tr class=\"row-89\">\n\t<td class=\"column-1\">090\/2024<\/td><td class=\"column-2\">Requer Voto de Congratula\u00e7\u00f5es e Aplausos para o Sr. Ednauro Nunes dos Santos \u2013 Sec. Municipal de Obras e Urbanismo.<\/td><td class=\"column-3\">Napole\u00e3o Cordeiro e Silas Marconi.<\/td><td class=\"column-4\">2024<\/td>\n<\/tr>\n<tr class=\"row-90\">\n\t<td class=\"column-1\">091\/2024<\/td><td class=\"column-2\">Requer uma Equipe de Profissionais da Sa\u00fade e um Transporte para ofertar atendimento domiciliar a todas as pessoas que est\u00e3o acamadas e precisam fazer curativos.<\/td><td class=\"column-3\">Napole\u00e3o Cordeiro.<\/td><td class=\"column-4\">2024<\/td>\n<\/tr>\n<tr class=\"row-91\">\n\t<td class=\"column-1\">092\/2024<\/td><td class=\"column-2\">Requer reativa\u00e7\u00e3o do Po\u00e7o Artesiano existente no s\u00edtio Monte Alegre.<\/td><td class=\"column-3\">Napole\u00e3o Cordeiro.<\/td><td class=\"column-4\">2024<\/td>\n<\/tr>\n<tr class=\"row-92\">\n\t<td class=\"column-1\">093\/2024<\/td><td class=\"column-2\">Requer constru\u00e7\u00e3o de uma Pra\u00e7a na rua da Pinha no distrito Gravat\u00e1 dos Gomes.<\/td><td class=\"column-3\">Napole\u00e3o Cordeiro.<\/td><td class=\"column-4\">2024<\/td>\n<\/tr>\n<tr class=\"row-93\">\n\t<td class=\"column-1\">100\/2024<\/td><td class=\"column-2\">Requer complementa\u00e7\u00e3o do cal\u00e7amento onde mora a Fam\u00edlia Ferreira.<\/td><td class=\"column-3\">Napole\u00e3o Cordeiro.<\/td><td class=\"column-4\">2024<\/td>\n<\/tr>\n<tr class=\"row-94\">\n\t<td class=\"column-1\">101\/2024<\/td><td class=\"column-2\">Requer constru\u00e7\u00e3o de Passagens molhada nos s\u00edtios Mandacaru e Canhoto.<\/td><td class=\"column-3\">Napole\u00e3o Cordeiro.<\/td><td class=\"column-4\">2024<\/td>\n<\/tr>\n<tr class=\"row-95\">\n\t<td class=\"column-1\">102\/2024<\/td><td class=\"column-2\">Requer constru\u00e7\u00e3o de Passagem molhada no s\u00edtio Acai.<\/td><td class=\"column-3\">Napole\u00e3o Cordeiro e Caique Alberto.<\/td><td class=\"column-4\">2024<\/td>\n<\/tr>\n<tr class=\"row-96\">\n\t<td class=\"column-1\">109\/2024<\/td><td class=\"column-2\">Requer realiza\u00e7\u00e3o do Campeonato Po\u00e7\u00e3oense de Futebol.<\/td><td class=\"column-3\">Napole\u00e3o Cordeiro.<\/td><td class=\"column-4\">2024<\/td>\n<\/tr>\n<tr class=\"row-97\">\n\t<td class=\"column-1\">110\/2024<\/td><td class=\"column-2\">Requer cal\u00e7amento de uma ladeira no s\u00edtio Lagoa Seca.<\/td><td class=\"column-3\">Napole\u00e3o Cordeiro.<\/td><td class=\"column-4\">2024<\/td>\n<\/tr>\n<tr class=\"row-98\">\n\t<td class=\"column-1\">117\/2024<\/td><td class=\"column-2\">Requer Voto de Congratula\u00e7\u00f5es e Aplausos para Will Anderson Cordeiro.<\/td><td class=\"column-3\">Napole\u00e3o Cordeiro e Silas Marconi.<\/td><td class=\"column-4\">2024<\/td>\n<\/tr>\n<tr class=\"row-99\">\n\t<td class=\"column-1\">119\/2024<\/td><td class=\"column-2\">Requer retirada do mato, limpeza e manuten\u00e7\u00e3o adequada nas depend\u00eancias do Cemit\u00e9rio Campo Santo, localizado no Bairro do Prado.<\/td><td class=\"column-3\">Napole\u00e3o Cordeiro.<\/td><td class=\"column-4\">2024<\/td>\n<\/tr>\n<tr class=\"row-100\">\n\t<td class=\"column-1\">127\/2024<\/td><td class=\"column-2\">Requer constru\u00e7\u00e3o de uma Passagem molhada na represa do A\u00e7ude do s\u00edtio Areia Grande, na estrada que d\u00e1 acesso ao s\u00edtio Monte Alegre.<\/td><td class=\"column-3\">Napole\u00e3o Cordeiro.<\/td><td class=\"column-4\">2024<\/td>\n<\/tr>\n<tr class=\"row-101\">\n\t<td class=\"column-1\">136\/2024<\/td><td class=\"column-2\">Requer aquisi\u00e7\u00e3o de Terreno nas imedia\u00e7\u00f5es da Rua da Pinha, no Distrito Gravat\u00e1 dos Gomes, destinado a constru\u00e7\u00e3o de um Galp\u00e3o para a Associa\u00e7\u00e3o dos Produtores Agropecu\u00e1rios do S\u00edtio Zombaria.<\/td><td class=\"column-3\">Napole\u00e3o Cordeiro.<\/td><td class=\"column-4\">2024<\/td>\n<\/tr>\n<tr class=\"row-102\">\n\t<td class=\"column-1\">137\/2024.<\/td><td class=\"column-2\">Requer realiza\u00e7\u00e3o do saneamento onde mora a Fam\u00edlia Ferreira para que se encontre com o mesmo do Bairro dos Currais.<\/td><td class=\"column-3\">Napole\u00e3o Cordeiro.<\/td><td class=\"column-4\">2024<\/td>\n<\/tr>\n<tr class=\"row-103\">\n\t<td class=\"column-1\">142\/2024<\/td><td class=\"column-2\">Requer instala\u00e7\u00e3o de C\u00e2meras de monitoramento em toda Rede Municipal de Ensino.<\/td><td class=\"column-3\">J\u00fanior Roberto e Napole\u00e3o Cordeiro.<\/td><td class=\"column-4\">2024<\/td>\n<\/tr>\n<tr class=\"row-104\">\n\t<td class=\"column-1\">143\/2024<\/td><td class=\"column-2\">Requer Servi\u00e7o de Ro\u00e7agem no acostamento da PE \u2013 197.<\/td><td class=\"column-3\">Napole\u00e3o Cordeiro.<\/td><td class=\"column-4\">2024<\/td>\n<\/tr>\n<tr class=\"row-105\">\n\t<td class=\"column-1\">144\/2024<\/td><td class=\"column-2\">Requer solu\u00e7\u00f5es para o acumulo de \u00e1gua das chuvas na rua Ant\u00f4nio de P\u00e1dua.<\/td><td class=\"column-3\">Napole\u00e3o Cordeiro.<\/td><td class=\"column-4\">2024<\/td>\n<\/tr>\n<tr class=\"row-106\">\n\t<td class=\"column-1\">151\/2024.<\/td><td class=\"column-2\">Requer saneamento da rua Pedro Mendes, no Bairro do Prado.<\/td><td class=\"column-3\">Napole\u00e3o Cordeiro.<\/td><td class=\"column-4\">2024<\/td>\n<\/tr>\n<tr class=\"row-107\">\n\t<td class=\"column-1\">200\/2024<\/td><td class=\"column-2\">Requer Voto de Congratula\u00e7\u00f5es e Aplausos para o Ilmo. Sr. Jos\u00e9 Maciel da Silva \u2013 Sec. Municipal de Cultura e Turismo e Equipe.<\/td><td class=\"column-3\">Napole\u00e3o Cordeiro<\/td><td class=\"column-4\">2024<\/td>\n<\/tr>\n<tr class=\"row-108\">\n\t<td class=\"column-1\">202\/2024<\/td><td class=\"column-2\">Requer Voto de Congratula\u00e7\u00f5es e Aplausos para o Ilmo. Jovem Wilberto Ant\u00f4nio de Ara\u00fajo Neto.<\/td><td class=\"column-3\">Napole\u00e3o Cordeiro.<\/td><td class=\"column-4\">2024<\/td>\n<\/tr>\n<tr class=\"row-109\">\n\t<td class=\"column-1\">205\/2024<\/td><td class=\"column-2\">Requer Transporte para realizar as viagens dos Pacientes que fazem Hemodi\u00e1lise.<\/td><td class=\"column-3\">Napole\u00e3o Cordeiro.<\/td><td class=\"column-4\">2024<\/td>\n<\/tr>\n<tr class=\"row-110\">\n\t<td class=\"column-1\">208\/2024<\/td><td class=\"column-2\">Requer revitaliza\u00e7\u00e3o da UBS Gilson Mergulh\u00e3o.<\/td><td class=\"column-3\">Napole\u00e3o Cordeiro.<\/td><td class=\"column-4\">2024<\/td>\n<\/tr>\n<tr class=\"row-111\">\n\t<td class=\"column-1\">209\/2024<\/td><td class=\"column-2\">Requer revitaliza\u00e7\u00e3o da Pracinha localizada no Bairro do Prado.<\/td><td class=\"column-3\">Napole\u00e3o Cordeiro.<\/td><td class=\"column-4\">2024<\/td>\n<\/tr>\n<tr class=\"row-112\">\n\t<td class=\"column-1\">210\/2024<\/td><td class=\"column-2\">Requer aquisi\u00e7\u00e3o de dois Tratores atrav\u00e9s da CODEFASF.<\/td><td class=\"column-3\">Napole\u00e3o Cordeiro.<\/td><td class=\"column-4\">2024<\/td>\n<\/tr>\n<tr class=\"row-113\">\n\t<td class=\"column-1\">211\/2024<\/td><td class=\"column-2\">Requer Voto de Congratula\u00e7\u00f5es e Aplausos para a Sra. Maria L\u00facia Cordeiro de Andrade, Presidente da Associa\u00e7\u00e3o do s\u00edtio Zombaria e Equipe.<\/td><td class=\"column-3\">Napole\u00e3o Cordeiro.<\/td><td class=\"column-4\">2024<\/td>\n<\/tr>\n<tr class=\"row-114\">\n\t<td class=\"column-1\">212\/2024<\/td><td class=\"column-2\">Requer Voto de Congratula\u00e7\u00f5es e Aplausos para os Srs. Edilson Conrado e Wendel Cordeiro.<\/td><td class=\"column-3\">Napole\u00e3o Cordeiro.<\/td><td class=\"column-4\">2024<\/td>\n<\/tr>\n<tr class=\"row-115\">\n\t<td class=\"column-1\">216\/2024<\/td><td class=\"column-2\">Requer opera\u00e7\u00e3o tapa - buracos na PE - 197.<\/td><td class=\"column-3\">Napole\u00e3o Cordeiro.<\/td><td class=\"column-4\">2024<\/td>\n<\/tr>\n<tr class=\"row-116\">\n\t<td class=\"column-1\">217\/2024<\/td><td class=\"column-2\">Requer Voto de Pesar pelo falecimento do Sr. Assis Domingos.<\/td><td class=\"column-3\">Napole\u00e3o Cordeiro.<\/td><td class=\"column-4\">2024<\/td>\n<\/tr>\n<tr class=\"row-117\">\n\t<td class=\"column-1\">220\/2024<\/td><td class=\"column-2\">Requer Voto de Congratula\u00e7\u00f5es e Aplausos para o Sr. Alberto Queiroz e Fam\u00edlia.<\/td><td class=\"column-3\">Napole\u00e3o Cordeiro.<\/td><td class=\"column-4\">2024<\/td>\n<\/tr>\n<tr class=\"row-118\">\n\t<td class=\"column-1\">221\/2024<\/td><td class=\"column-2\">Requer envio de Projeto de Lei para regulamenta\u00e7\u00e3o dos T\u00e1xis no Munic\u00edpio.<\/td><td class=\"column-3\">Napole\u00e3o Cordeiro.<\/td><td class=\"column-4\">2024<\/td>\n<\/tr>\n<tr class=\"row-119\">\n\t<td class=\"column-1\">225\/2024<\/td><td class=\"column-2\">Requer o saneamento e drenagem na Quadra Municipal Abel Severiano Leite.<\/td><td class=\"column-3\">Napole\u00e3o Cordeiro.<\/td><td class=\"column-4\">08\/08\/2024.<\/td>\n<\/tr>\n<tr class=\"row-120\">\n\t<td class=\"column-1\">228\/2024<\/td><td class=\"column-2\">Requer soltura de Alevinos nas Barragens do s\u00edtio Duas Serras e Sitio Velho<\/td><td class=\"column-3\">Napole\u00e3o Cordeiro<\/td><td class=\"column-4\">12\/08\/2024.<\/td>\n<\/tr>\n<tr class=\"row-121\">\n\t<td class=\"column-1\">229\/2024<\/td><td class=\"column-2\">Requer aquisi\u00e7\u00e3o de um Ve\u00edculo para a Secretaria de Esportes.<\/td><td class=\"column-3\">Napole\u00e3o Cordeiro.<\/td><td class=\"column-4\">13\/08\/2024.<\/td>\n<\/tr>\n<tr class=\"row-122\">\n\t<td class=\"column-1\">231\/2024<\/td><td class=\"column-2\">Requer implanta\u00e7\u00e3o do Programa ALEPE CUIDA, no Munic\u00edpio de Po\u00e7\u00e3o \/PE.<\/td><td class=\"column-3\">Napole\u00e3o Cordeiro.<\/td><td class=\"column-4\">13\/08\/2024.<\/td>\n<\/tr>\n<tr class=\"row-123\">\n\t<td class=\"column-1\">234\/2024<\/td><td class=\"column-2\">Requer constru\u00e7\u00e3o de uma Quadra Poliesportiva no Bairro dos Currais.<\/td><td class=\"column-3\">Napole\u00e3o Cordeiro.<\/td><td class=\"column-4\">27\/08\/2024.<\/td>\n<\/tr>\n<tr class=\"row-124\">\n\t<td class=\"column-1\">237\/2024<\/td><td class=\"column-2\">Requer substitui\u00e7\u00e3o das L\u00e2mpadas por LEDS, na Cidade, distrito Gravat\u00e1 dos Gomes e Aldeia P\u00e3o de A\u00e7\u00facar.<\/td><td class=\"column-3\">Napole\u00e3o Cordeiro.<\/td><td class=\"column-4\">2024<\/td>\n<\/tr>\n<tr class=\"row-125\">\n\t<td class=\"column-1\">249\/2024<\/td><td class=\"column-2\">Requer cobertura de Quadra Poliesportiva do  Distrito Gravat\u00e1 dos Gomes e constru\u00e7\u00e3o de dois Banheiros.<\/td><td class=\"column-3\">Napole\u00e3o Cordeiro.<\/td><td class=\"column-4\">2024<\/td>\n<\/tr>\n<tr class=\"row-126\">\n\t<td class=\"column-1\">251\/2024<\/td><td class=\"column-2\">Requer elabora\u00e7\u00e3o de um cronograma de recolhimento de metralhas na Cidade de Po\u00e7\u00e3o, Distrito Ggravat\u00e1 dos Gomes e Aldeia P\u00e3o de A\u00e7\u00facar.<\/td><td class=\"column-3\">Napole\u00e3o Cordeiro.<\/td><td class=\"column-4\">2024<\/td>\n<\/tr>\n<tr class=\"row-127\">\n\t<td class=\"column-1\">001\/2023<\/td><td class=\"column-2\">Requer substitui\u00e7\u00e3o da Viatura da Pol\u00edcia Militar do Munic\u00edpio de Po\u00e7\u00e3o\/PE.<\/td><td class=\"column-3\">Napole\u00e3o Cordeiro.<\/td><td class=\"column-4\">2023<\/td>\n<\/tr>\n<tr class=\"row-128\">\n\t<td class=\"column-1\">003\/2023<\/td><td class=\"column-2\">Requer substitui\u00e7\u00e3o imediata do Ve\u00edculo que faz o transporte da popula\u00e7\u00e3o para os Centros M\u00e9dicos quando estiver quebrado.<\/td><td class=\"column-3\">Napole\u00e3o Cordeiro.<\/td><td class=\"column-4\">2023<\/td>\n<\/tr>\n<tr class=\"row-129\">\n\t<td class=\"column-1\">004\/2023<\/td><td class=\"column-2\">Requer que seja feito tratamento de Endodontia no Munic\u00edpio.<\/td><td class=\"column-3\">Napole\u00e3o Cordeiro.<\/td><td class=\"column-4\">2023<\/td>\n<\/tr>\n<tr class=\"row-130\">\n\t<td class=\"column-1\">005\/2023<\/td><td class=\"column-2\">Requer organiza\u00e7\u00e3o da feira livre do Munic\u00edpio.<\/td><td class=\"column-3\">Napole\u00e3o Cordeiro.<\/td><td class=\"column-4\">2023<\/td>\n<\/tr>\n<tr class=\"row-131\">\n\t<td class=\"column-1\">006\/2023<\/td><td class=\"column-2\">Requer contrata\u00e7\u00e3o de Monitores nos \u00d4nibus escolares.<\/td><td class=\"column-3\">Napole\u00e3o Cordeiro.<\/td><td class=\"column-4\">2023<\/td>\n<\/tr>\n<tr class=\"row-132\">\n\t<td class=\"column-1\">010\/2023 A<\/td><td class=\"column-2\">Requer Carros extras para o distrito Gravat\u00e1 dos Gomes, Aldeia P\u00e3o de A\u00e7\u00facar e Hospital S\u00e3o Sebasti\u00e3o.<\/td><td class=\"column-3\">Napole\u00e3o Cordeiro.<\/td><td class=\"column-4\">2023<\/td>\n<\/tr>\n<tr class=\"row-133\">\n\t<td class=\"column-1\">012\/2023<\/td><td class=\"column-2\">Requer reajuste salarial do Piso Nacional dos Professores da Rede Municipal de Ensino.<\/td><td class=\"column-3\">Napole\u00e3o Cordeiro, com associa\u00e7\u00e3o concedida aos demais Edis.<\/td><td class=\"column-4\">2023<\/td>\n<\/tr>\n<tr class=\"row-134\">\n\t<td class=\"column-1\">013\/2023<\/td><td class=\"column-2\">Requer aumento na distribui\u00e7\u00e3o de \u00e1gua no distrito Gravat\u00e1 dos Gomes.<\/td><td class=\"column-3\">Napole\u00e3o Cordeiro<\/td><td class=\"column-4\">2023<\/td>\n<\/tr>\n<tr class=\"row-135\">\n\t<td class=\"column-1\">015\/2023<\/td><td class=\"column-2\">Requer manuten\u00e7\u00e3o nos brinquedos da Pra\u00e7a do distrito Gravat\u00e1 dos Gomes<\/td><td class=\"column-3\">Napole\u00e3o Cordeiro.<\/td><td class=\"column-4\">2023<\/td>\n<\/tr>\n<tr class=\"row-136\">\n\t<td class=\"column-1\">018\/2023<\/td><td class=\"column-2\">Requer aquisi\u00e7\u00e3o de um Trator equipado com grades de ara\u00e7\u00e3o, Ensilhadeiras e Carro\u00e7a<\/td><td class=\"column-3\">Napole\u00e3o Cordeiro.<\/td><td class=\"column-4\">2023<\/td>\n<\/tr>\n<tr class=\"row-137\">\n\t<td class=\"column-1\">019\/2023<\/td><td class=\"column-2\">Requer substitui\u00e7\u00e3o de Boeiras existente na represa do A\u00e7ude da Compesa.<\/td><td class=\"column-3\">Napole\u00e3o Cordeiro.<\/td><td class=\"column-4\">2023<\/td>\n<\/tr>\n<tr class=\"row-138\">\n\t<td class=\"column-1\">020\/2023<\/td><td class=\"column-2\">Requer envio de Emendas Parlamentares destinadas a perfura\u00e7\u00e3o de Po\u00e7os Artesianos.<\/td><td class=\"column-3\">Napole\u00e3o Cordeiro.<\/td><td class=\"column-4\">2023<\/td>\n<\/tr>\n<tr class=\"row-139\">\n\t<td class=\"column-1\">021\/2023<\/td><td class=\"column-2\">Requer limpeza da cidade e do Cais S\u00e3o Sebasti\u00e3o.<\/td><td class=\"column-3\">Napole\u00e3o Cordeiro.<\/td><td class=\"column-4\">2023<\/td>\n<\/tr>\n<tr class=\"row-140\">\n\t<td class=\"column-1\">024\/2023<\/td><td class=\"column-2\">Requer instala\u00e7\u00e3o de energia el\u00e9trica no Campo de Futebol do distrito Gravat\u00e1 dos Gomes.<\/td><td class=\"column-3\">Napole\u00e3o Cordeiro.<\/td><td class=\"column-4\">2023<\/td>\n<\/tr>\n<tr class=\"row-141\">\n\t<td class=\"column-1\">025\/2023<\/td><td class=\"column-2\">Requer reposi\u00e7\u00e3o  de L\u00e2mpadas no distrito Gravat\u00e1 dos Gomes.<\/td><td class=\"column-3\">Napole\u00e3o Cordeiro.<\/td><td class=\"column-4\">2023<\/td>\n<\/tr>\n<tr class=\"row-142\">\n\t<td class=\"column-1\">028\/2023<\/td><td class=\"column-2\">Requer adapta\u00e7\u00e3o das Ensilhadeiras.<\/td><td class=\"column-3\">Napole\u00e3o Cordeiro.<\/td><td class=\"column-4\">2023<\/td>\n<\/tr>\n<tr class=\"row-143\">\n\t<td class=\"column-1\">029\/2023<\/td><td class=\"column-2\">Requer realiza\u00e7\u00e3o de algumas a\u00e7\u00f5es para garantir a organiza\u00e7\u00e3o da Festa da Padroeira do distrito Gravat\u00e1 dos Gomes.<\/td><td class=\"column-3\">Napole\u00e3o Cordeiro.<\/td><td class=\"column-4\">2023<\/td>\n<\/tr>\n<tr class=\"row-144\">\n\t<td class=\"column-1\">031\/2023<\/td><td class=\"column-2\">Requer instala\u00e7\u00e3o de Antena de Telefonia m\u00f3vel na Zona Rural do Mun\u00edcipio de Po\u00e7\u00e3o\/PE.<\/td><td class=\"column-3\">Napole\u00e3o Cordeiro.<\/td><td class=\"column-4\">2023<\/td>\n<\/tr>\n<tr class=\"row-145\">\n\t<td class=\"column-1\">032\/2023<\/td><td class=\"column-2\">Requer aquisi\u00e7\u00e3o de M\u00f3veis e Eletrodom\u00e9sticos para a Casa de Apoio do distrito Gravat\u00e1 dos Gomes.<\/td><td class=\"column-3\">Napole\u00e3o Cordeiro.<\/td><td class=\"column-4\">2023<\/td>\n<\/tr>\n<tr class=\"row-146\">\n\t<td class=\"column-1\">033\/2023<\/td><td class=\"column-2\">Requer realiza\u00e7\u00e3o de Tapa Buracos.<\/td><td class=\"column-3\">Napole\u00e3o Cordeiro.<\/td><td class=\"column-4\">2023<\/td>\n<\/tr>\n<tr class=\"row-147\">\n\t<td class=\"column-1\">033\/2023<\/td><td class=\"column-2\">Requer Votos de Congratula\u00e7\u00f5es e Aplausos para o Chefe do Executivo Municipal, Exmo. Emerson Cordeiro Vasconcelos juntamente ao Sr. Jos\u00e9 Maciel da Silva.<\/td><td class=\"column-3\">Napole\u00e3o Cordeiro.<\/td><td class=\"column-4\">2023<\/td>\n<\/tr>\n<tr class=\"row-148\">\n\t<td class=\"column-1\">034\/2023<\/td><td class=\"column-2\">Requer que seja visto outros meios de abastecimento de \u00e1gua na Zona Rural.<\/td><td class=\"column-3\">Napole\u00e3o Cordeiro.<\/td><td class=\"column-4\">2023<\/td>\n<\/tr>\n<tr class=\"row-149\">\n\t<td class=\"column-1\">036\/2023<\/td><td class=\"column-2\">Requer limpeza com a M\u00e1quina no acostamento as margens da PE - 197.<\/td><td class=\"column-3\">Napole\u00e3o Cordeiro.<\/td><td class=\"column-4\">2023<\/td>\n<\/tr>\n<tr class=\"row-150\">\n\t<td class=\"column-1\">039\/2023<\/td><td class=\"column-2\">Requer substitui\u00e7\u00e3o da Tampa da Cisterna localizada na Escola Municipal Santa Clara.<\/td><td class=\"column-3\">Napole\u00e3o Cordeiro.<\/td><td class=\"column-4\">2023<\/td>\n<\/tr>\n<tr class=\"row-151\">\n\t<td class=\"column-1\">039\/2023<\/td><td class=\"column-2\">Requer servi\u00e7o de Patrolamento nas Comunidades Rurais.<\/td><td class=\"column-3\">Napole\u00e3o Cordeiro.<\/td><td class=\"column-4\">2023<\/td>\n<\/tr>\n<tr class=\"row-152\">\n\t<td class=\"column-1\">040\/2023<\/td><td class=\"column-2\">Requer que seja  feita substitui\u00e7\u00e3o imediata quando os Carros da sa\u00fade estiverem quebrados.<\/td><td class=\"column-3\">Napole\u00e3o Cordeiro.<\/td><td class=\"column-4\">2023<\/td>\n<\/tr>\n<tr class=\"row-153\">\n\t<td class=\"column-1\">041\/2023<\/td><td class=\"column-2\">Requer Voto de Pesar pelo falecimento do Sr. Jos\u00e9 Cordeiro de Oliveira.<\/td><td class=\"column-3\">Napole\u00e3o Cordeiro.<\/td><td class=\"column-4\">2023<\/td>\n<\/tr>\n<tr class=\"row-154\">\n\t<td class=\"column-1\">043\/2023<\/td><td class=\"column-2\">Requer limpeza e manuten\u00e7\u00e3o em todas as Ruas pr\u00f3ximas ao Cemit\u00e9rio Velho.<\/td><td class=\"column-3\">Napole\u00e3o Cordeiro.<\/td><td class=\"column-4\">2023<\/td>\n<\/tr>\n<tr class=\"row-155\">\n\t<td class=\"column-1\">044\/2023<\/td><td class=\"column-2\">Requer manuten\u00e7\u00e3o em determinadas estradas do Munic\u00edpio.<\/td><td class=\"column-3\">Napole\u00e3o Cordeiro.<\/td><td class=\"column-4\">2023<\/td>\n<\/tr>\n<tr class=\"row-156\">\n\t<td class=\"column-1\">046\/2023<\/td><td class=\"column-2\">Requer provid\u00eancias cab\u00edveis objetivando zerar as filas de espera de Ultrassons.<\/td><td class=\"column-3\">Napole\u00e3o Cordeiro.<\/td><td class=\"column-4\">2023<\/td>\n<\/tr>\n<tr class=\"row-157\">\n\t<td class=\"column-1\">047\/2023<\/td><td class=\"column-2\">Requer em car\u00e1ter de urg\u00eancia concerto das Ensilhadeiras do Munic\u00edpio.<\/td><td class=\"column-3\">Napole\u00e3o Cordeiro.<\/td><td class=\"column-4\">2023<\/td>\n<\/tr>\n<tr class=\"row-158\">\n\t<td class=\"column-1\">048\/2023<\/td><td class=\"column-2\">Requer manuten\u00e7\u00e3o na Ilumina\u00e7\u00e3o P\u00fablica do Munic\u00edpio.<\/td><td class=\"column-3\">Napole\u00e3o Cordeiro.<\/td><td class=\"column-4\">2023<\/td>\n<\/tr>\n<tr class=\"row-159\">\n\t<td class=\"column-1\">048\/2023<\/td><td class=\"column-2\">Requer servi\u00e7o de Patrolamento nas Comunidades Rurais.<\/td><td class=\"column-3\">Napole\u00e3o Cordeiro.<\/td><td class=\"column-4\">2023<\/td>\n<\/tr>\n<tr class=\"row-160\">\n\t<td class=\"column-1\">050\/2023<\/td><td class=\"column-2\">Requer reparos em algumas estradas do Munic\u00edpio.<\/td><td class=\"column-3\">Napole\u00e3o Cordeiro.<\/td><td class=\"column-4\">2023<\/td>\n<\/tr>\n<tr class=\"row-161\">\n\t<td class=\"column-1\">053\/2023<\/td><td class=\"column-2\">Requer implanta\u00e7\u00e3o de Poste de oito metros e trocas de L\u00e2mpadas no distrito Gravat\u00e1 dos Gomes.<\/td><td class=\"column-3\">Napole\u00e3o Cordeiro.<\/td><td class=\"column-4\">2023<\/td>\n<\/tr>\n<tr class=\"row-162\">\n\t<td class=\"column-1\">054\/2023<\/td><td class=\"column-2\">Requer coloca\u00e7\u00e3o de Bra\u00e7o com Lumin\u00e1ria e concerto de Caixa de dejetos.<\/td><td class=\"column-3\">Napole\u00e3o Cordeiro.<\/td><td class=\"column-4\">2023<\/td>\n<\/tr>\n<tr class=\"row-163\">\n\t<td class=\"column-1\">056\/2023<\/td><td class=\"column-2\">Requer reparos na estrada do s\u00edtio Duas Serras.<\/td><td class=\"column-3\">Napole\u00e3o Cordeiro.<\/td><td class=\"column-4\">2023<\/td>\n<\/tr>\n<tr class=\"row-164\">\n\t<td class=\"column-1\">059\/2023<\/td><td class=\"column-2\">Requer contrata\u00e7\u00e3o de Profissional para regar as plantas da Pra\u00e7a do distrito Gravat\u00e1 dos Gomes.<\/td><td class=\"column-3\">Napole\u00e3o Cordeiro<\/td><td class=\"column-4\">2023<\/td>\n<\/tr>\n<tr class=\"row-165\">\n\t<td class=\"column-1\">060\/2023<\/td><td class=\"column-2\">Requer manuten\u00e7\u00e3o e limpeza da Barragem do distrito Gravat\u00e1 dos Gomes e  constru\u00e7\u00e3o de Caixa de dejetos.<\/td><td class=\"column-3\">Napole\u00e3o Cordeiro.<\/td><td class=\"column-4\">2023<\/td>\n<\/tr>\n<tr class=\"row-166\">\n\t<td class=\"column-1\">061\/2023<\/td><td class=\"column-2\">Requer limpeza e manuten\u00e7\u00e3o em todos os Cemit\u00e9rios do Munic\u00edpio como tamb\u00e9m realizar a troca de L\u00e2mpadas na cidade e Zona Rural.<\/td><td class=\"column-3\">Napole\u00e3o Cordeiro.<\/td><td class=\"column-4\">2023<\/td>\n<\/tr>\n<tr class=\"row-167\">\n\t<td class=\"column-1\">062\/2023<\/td><td class=\"column-2\">Requer manuten\u00e7\u00e3o em algumas Ruas do distrito Gravat\u00e1 dos Gomes.<\/td><td class=\"column-3\">Napole\u00e3o Cordeiro.<\/td><td class=\"column-4\">2023<\/td>\n<\/tr>\n<tr class=\"row-168\">\n\t<td class=\"column-1\">073\/2023<\/td><td class=\"column-2\">Requer amplia\u00e7\u00e3o do Cemit\u00e9rio do distrito Gravat\u00e1 dos Gomes.<\/td><td class=\"column-3\">Napole\u00e3o Cordeiro.<\/td><td class=\"column-4\">2023<\/td>\n<\/tr>\n<tr class=\"row-169\">\n\t<td class=\"column-1\">075\/2023<\/td><td class=\"column-2\">Requer manuten\u00e7\u00e3o em algumas estradas do Munic\u00edpio.<\/td><td class=\"column-3\">Napole\u00e3o Cordeiro.<\/td><td class=\"column-4\">2023<\/td>\n<\/tr>\n<tr class=\"row-170\">\n\t<td class=\"column-1\">077\/2023<\/td><td class=\"column-2\">Requer reativa\u00e7\u00e3o do Conselho do Meio Ambiente.<\/td><td class=\"column-3\">Napole\u00e3o Cordeiro.<\/td><td class=\"column-4\">2023<\/td>\n<\/tr>\n<tr class=\"row-171\">\n\t<td class=\"column-1\">097\/2023<\/td><td class=\"column-2\">Requer Projeto de Lei concedendo reajuste no valor do Bolsa Volunt\u00e1rio.<\/td><td class=\"column-3\">Todos os Edis.<\/td><td class=\"column-4\">2023<\/td>\n<\/tr>\n<tr class=\"row-172\">\n\t<td class=\"column-1\">104\/2023<\/td><td class=\"column-2\">Requer aquisi\u00e7\u00e3o de Ve\u00edculo para o CAPS.<\/td><td class=\"column-3\">Napole\u00e3o Cordeiro.<\/td><td class=\"column-4\">2023<\/td>\n<\/tr>\n<tr class=\"row-173\">\n\t<td class=\"column-1\">113\/2023<\/td><td class=\"column-2\">Requer aumento na oferta das Ultrassonografias no Munic\u00edpio.<\/td><td class=\"column-3\">Napole\u00e3o Cordeiro.<\/td><td class=\"column-4\">2023<\/td>\n<\/tr>\n<tr class=\"row-174\">\n\t<td class=\"column-1\">115\/2023<\/td><td class=\"column-2\">Requer que seja disponibilizado atendimento noturno nas UBSs do Munic\u00edpio.<\/td><td class=\"column-3\">Napole\u00e3o Cordeiro.<\/td><td class=\"column-4\">2023<\/td>\n<\/tr>\n<tr class=\"row-175\">\n\t<td class=\"column-1\">119\/2023<\/td><td class=\"column-2\">Requer Votos de Congratula\u00e7\u00f5es e Aplausos para a Exma. Sra. Vereadora Ruth Alves.<\/td><td class=\"column-3\">Todos os Edis.<\/td><td class=\"column-4\">2023<\/td>\n<\/tr>\n<tr class=\"row-176\">\n\t<td class=\"column-1\">129\/2023<\/td><td class=\"column-2\">Requer Votos de Congratula\u00e7\u00f5es e Aplausos para o Ilmo. Reverendo Carlos Eduardo Santos, P\u00e1roco do Munic\u00edpio.<\/td><td class=\"column-3\">Napole\u00e3o Cordeiro.<\/td><td class=\"column-4\">2023<\/td>\n<\/tr>\n<tr class=\"row-177\">\n\t<td class=\"column-1\">130\/2023<\/td><td class=\"column-2\">Requer Votos de Congratula\u00e7\u00f5es e Aplausos para as Sras. Helena Cristina de Oliveira e Cicleide Souza do Nascimento.<\/td><td class=\"column-3\">Napole\u00e3o Cordeiro.<\/td><td class=\"column-4\">2023<\/td>\n<\/tr>\n<tr class=\"row-178\">\n\t<td class=\"column-1\">136\/2023<\/td><td class=\"column-2\">Requer contrata\u00e7\u00e3o de Servi\u00e7os Especializados em Seguran\u00e7a para as Escolas Municipais.<\/td><td class=\"column-3\">Napole\u00e3o Cordeiro.<\/td><td class=\"column-4\">2023<\/td>\n<\/tr>\n<tr class=\"row-179\">\n\t<td class=\"column-1\">139\/2023<\/td><td class=\"column-2\">Requer Votos de Congratula\u00e7\u00f5es e Aplausos para o Exmo. Sr. Emerson Cordeiro Vasconcelos, Prefeito do Munic\u00edpio.<\/td><td class=\"column-3\">Napole\u00e3o Cordeiro.<\/td><td class=\"column-4\">2023<\/td>\n<\/tr>\n<tr class=\"row-180\">\n\t<td class=\"column-1\">140\/2023<\/td><td class=\"column-2\">Requer Votos de Congratula\u00e7\u00f5es e Aplausos para o Exmo. Sr. Cesar Augusto de Freitas, Prefeito da cidade de Sanhar\u00f3\/PE.<\/td><td class=\"column-3\">Napole\u00e3o Cordeiro.<\/td><td class=\"column-4\">2023<\/td>\n<\/tr>\n<tr class=\"row-181\">\n\t<td class=\"column-1\">143\/2023<\/td><td class=\"column-2\">Requer contrata\u00e7\u00e3o de Profissionais de Seguran\u00e7a para as UBSs do Munic\u00edpio.<\/td><td class=\"column-3\">Napole\u00e3o Cordeiro.<\/td><td class=\"column-4\">2023<\/td>\n<\/tr>\n<tr class=\"row-182\">\n\t<td class=\"column-1\">156\/2023<\/td><td class=\"column-2\">Requer Votos de Congratula\u00e7\u00f5es e Aplausos para o Sr. Dr. Paulo Andr\u00e9 Saraiva.<\/td><td class=\"column-3\">Napole\u00e3o Cordeiro.<\/td><td class=\"column-4\">2023<\/td>\n<\/tr>\n<tr class=\"row-183\">\n\t<td class=\"column-1\">157\/2023<\/td><td class=\"column-2\">Votos de Congratula\u00e7\u00f5es e Aplausos para o Sr. Dr. Elton Guedes de Brito.<\/td><td class=\"column-3\">Napole\u00e3o Cordeiro.<\/td><td class=\"column-4\">2023<\/td>\n<\/tr>\n<tr class=\"row-184\">\n\t<td class=\"column-1\">158\/2023<\/td><td class=\"column-2\">Requer Votos de Congratula\u00e7\u00f5es e Aplausos para a Dra. Jaciane Talita do Nascimento.<\/td><td class=\"column-3\">Napole\u00e3o Cordeiro.<\/td><td class=\"column-4\">2023<\/td>\n<\/tr>\n<tr class=\"row-185\">\n\t<td class=\"column-1\">159\/2023<\/td><td class=\"column-2\">Requer Votos de Congratula\u00e7\u00f5es e Aplausos para a Dra. Jessyana Daisy C\u00e2ndido Freitas.<\/td><td class=\"column-3\">Napole\u00e3o Cordeiro.<\/td><td class=\"column-4\">2023<\/td>\n<\/tr>\n<tr class=\"row-186\">\n\t<td class=\"column-1\">160\/2023<\/td><td class=\"column-2\">Requer Votos de Congratula\u00e7\u00f5es e Aplausos para a Dra. Iara Vanessa de Souza Mendes.<\/td><td class=\"column-3\">Napole\u00e3o Cordeiro.<\/td><td class=\"column-4\">2023<\/td>\n<\/tr>\n<tr class=\"row-187\">\n\t<td class=\"column-1\">161\/2023<\/td><td class=\"column-2\">Requer Votos de Congratula\u00e7\u00f5es e Aplausos para a a Dra. Geisy Anne Melo de Oliveira.<\/td><td class=\"column-3\">Napole\u00e3o Cordeiro.<\/td><td class=\"column-4\">2023<\/td>\n<\/tr>\n<tr class=\"row-188\">\n\t<td class=\"column-1\">162\/2023<\/td><td class=\"column-2\">Requer Votos de Congratula\u00e7\u00f5es e Aplausos para o Sr. Valter Sales da Silva.<\/td><td class=\"column-3\">Napole\u00e3o Cordeiro.<\/td><td class=\"column-4\">2023<\/td>\n<\/tr>\n<tr class=\"row-189\">\n\t<td class=\"column-1\">166\/2023<\/td><td class=\"column-2\">Requer Voto de Pesar pelo falecimento da Sra. Maria Aparecida dos Santos.<\/td><td class=\"column-3\">Napole\u00e3o Cordeiro e Caique Alberto.<\/td><td class=\"column-4\">2023<\/td>\n<\/tr>\n<tr class=\"row-190\">\n\t<td class=\"column-1\">174\/2023<\/td><td class=\"column-2\">Requer manuten\u00e7\u00e3o nas estradas dos s\u00edtios Macambira e Deserto.<\/td><td class=\"column-3\">Napole\u00e3o Cordeiro<\/td><td class=\"column-4\">2023<\/td>\n<\/tr>\n<tr class=\"row-191\">\n\t<td class=\"column-1\">175\/2023<\/td><td class=\"column-2\">Requer inclus\u00e3o do distrito Gravat\u00e1 dos Gomes na Programa\u00e7\u00e3o do S\u00e3o Jo\u00e3o dos Bairros.<\/td><td class=\"column-3\">Napole\u00e3o Cordeiro.<\/td><td class=\"column-4\">2023<\/td>\n<\/tr>\n<tr class=\"row-192\">\n\t<td class=\"column-1\">185\/2023<\/td><td class=\"column-2\">Requer constru\u00e7\u00e3o de Banheiros nas proximidades da Feira de Frutas.<\/td><td class=\"column-3\">Napole\u00e3o Cordeiro e Caique Alberto.<\/td><td class=\"column-4\">2023<\/td>\n<\/tr>\n<tr class=\"row-193\">\n\t<td class=\"column-1\">195\/2023<\/td><td class=\"column-2\">Requer implanta\u00e7\u00e3o de Posto dos Correios no distrito Gravat\u00e1 dos Gomes.<\/td><td class=\"column-3\">Napole\u00e3o Cordeiro e Jos\u00e9 Silvestre.<\/td><td class=\"column-4\">2023<\/td>\n<\/tr>\n<tr class=\"row-194\">\n\t<td class=\"column-1\">220\/2023<\/td><td class=\"column-2\">Requer limpeza de Barragem localizada no distrito Gravat\u00e1 dos Gomes.<\/td><td class=\"column-3\">Napole\u00e3o Cordeiro.<\/td><td class=\"column-4\">2023<\/td>\n<\/tr>\n<tr class=\"row-195\">\n\t<td class=\"column-1\">230\/2023<\/td><td class=\"column-2\">Requer Votos de Congratula\u00e7\u00f5es e Aplausos para os Profissionais do CAPS.<\/td><td class=\"column-3\">Napole\u00e3o Cordeiro.<\/td><td class=\"column-4\">2023<\/td>\n<\/tr>\n<tr class=\"row-196\">\n\t<td class=\"column-1\">231\/2023<\/td><td class=\"column-2\">Requer implanta\u00e7\u00e3o do Servi\u00e7o de Assist\u00eancia Domiciliar.<\/td><td class=\"column-3\">Napole\u00e3o Cordeiro.<\/td><td class=\"column-4\">2023<\/td>\n<\/tr>\n<tr class=\"row-197\">\n\t<td class=\"column-1\">236\/2023<\/td><td class=\"column-2\">Requer aquisi\u00e7\u00e3o de terreno para constru\u00e7\u00e3o de Casas populares.<\/td><td class=\"column-3\">Napole\u00e3o Cordeiro.<\/td><td class=\"column-4\">2023<\/td>\n<\/tr>\n<tr class=\"row-198\">\n\t<td class=\"column-1\">239\/2023<\/td><td class=\"column-2\">Requer Votos de Congratula\u00e7\u00f5es e Aplausos para o Sr. Jos\u00e9 Maciel da Silva.<\/td><td class=\"column-3\">Napole\u00e3o Cordeiro.<\/td><td class=\"column-4\">2023<\/td>\n<\/tr>\n<tr class=\"row-199\">\n\t<td class=\"column-1\">240\/2023<\/td><td class=\"column-2\">Requer Votos de Congratula\u00e7\u00f5es e Aplausos para o Sr. Tenente Coronel Comandante da 8\u00aa CIPM, extensivo a todos Profissionais do Comando Militar.<\/td><td class=\"column-3\">Napole\u00e3o Cordeiro.<\/td><td class=\"column-4\">2023<\/td>\n<\/tr>\n<tr class=\"row-200\">\n\t<td class=\"column-1\">257\/2023<\/td><td class=\"column-2\">Requer manuten\u00e7\u00e3o na estrada do s\u00edtio Duas Serras.<\/td><td class=\"column-3\">Napole\u00e3o Cordeiro.<\/td><td class=\"column-4\">2023<\/td>\n<\/tr>\n<tr class=\"row-201\">\n\t<td class=\"column-1\">266\/2023<\/td><td class=\"column-2\">Requer Projeto de Lei para instituir o dia da Agricultura Familiar no Munic\u00edpio.<\/td><td class=\"column-3\">Napole\u00e3o Cordeiro.<\/td><td class=\"column-4\">2023<\/td>\n<\/tr>\n<tr class=\"row-202\">\n\t<td class=\"column-1\">267\/2023<\/td><td class=\"column-2\">Requer cria\u00e7\u00e3o de Banco de Dados para identificar os pequenos Produtores do Munic\u00edpio.<\/td><td class=\"column-3\">Napole\u00e3o Cordeiro.<\/td><td class=\"column-4\">2023<\/td>\n<\/tr>\n<tr class=\"row-203\">\n\t<td class=\"column-1\">291\/2023<\/td><td class=\"column-2\">Requer aquisi\u00e7\u00e3o de novos Ve\u00edculos para a Secretaria de Sa\u00fade.<\/td><td class=\"column-3\">Todos os Edis.<\/td><td class=\"column-4\">2023<\/td>\n<\/tr>\n<tr class=\"row-204\">\n\t<td class=\"column-1\">299\/2023<\/td><td class=\"column-2\">Requer distribui\u00e7\u00e3o de Kits de Irriga\u00e7\u00e3o para os Agricultores.<\/td><td class=\"column-3\">Napole\u00e3o Cordeiro.<\/td><td class=\"column-4\">2023<\/td>\n<\/tr>\n<tr class=\"row-205\">\n\t<td class=\"column-1\">305\/2023<\/td><td class=\"column-2\">Requer a isen\u00e7\u00e3o das contas de \u00e1gua dos Benefici\u00e1rios que n\u00e3o s\u00e3o contemplados com o abastecimento.<\/td><td class=\"column-3\">Napole\u00e3o Cordeiro.<\/td><td class=\"column-4\">2023<\/td>\n<\/tr>\n<tr class=\"row-206\">\n\t<td class=\"column-1\">307\/2023<\/td><td class=\"column-2\">Requer estudo para perfura\u00e7\u00f5es de Po\u00e7os Artesianos e implanta\u00e7\u00e3o de Chafarizes.<\/td><td class=\"column-3\">Napole\u00e3o Cordeiro.<\/td><td class=\"column-4\">2023<\/td>\n<\/tr>\n<tr class=\"row-207\">\n\t<td class=\"column-1\">309\/2023<\/td><td class=\"column-2\">Requer realiza\u00e7\u00e3o do Campeonato Po\u00e7\u00e3oense de Futebol.<\/td><td class=\"column-3\">Napole\u00e3o Cordeiro.<\/td><td class=\"column-4\">2023<\/td>\n<\/tr>\n<tr class=\"row-208\">\n\t<td class=\"column-1\">311\/2023<\/td><td class=\"column-2\">Requer contrata\u00e7\u00e3o de Recepcionista para o CAPS.<\/td><td class=\"column-3\">Napole\u00e3o Cordeiro.<\/td><td class=\"column-4\">2023<\/td>\n<\/tr>\n<tr class=\"row-209\">\n\t<td class=\"column-1\">323\/2023<\/td><td class=\"column-2\">Requer realiza\u00e7\u00e3o de Ultrassons Mam\u00e1rias e de Tireoide no Munic\u00edpio.<\/td><td class=\"column-3\">Napole\u00e3o Cordeiro.<\/td><td class=\"column-4\">2023<\/td>\n<\/tr>\n<tr class=\"row-210\">\n\t<td class=\"column-1\">325\/2023<\/td><td class=\"column-2\">Requer realiza\u00e7\u00e3o de Terra Planagem em todas as estradas do Munic\u00edpio.<\/td><td class=\"column-3\">Napole\u00e3o Cordeiro.<\/td><td class=\"column-4\">2023<\/td>\n<\/tr>\n<tr class=\"row-211\">\n\t<td class=\"column-1\">329\/2023<\/td><td class=\"column-2\">Requer um Ve\u00edculo para ficar \u00e0 disposi\u00e7\u00e3o da Unidade B\u00e1sica de Sa\u00fade Nossa Senhora de F\u00e1tima.<\/td><td class=\"column-3\">Napole\u00e3o Cordeiro.<\/td><td class=\"column-4\">2023<\/td>\n<\/tr>\n<tr class=\"row-212\">\n\t<td class=\"column-1\">330\/2023<\/td><td class=\"column-2\">Requer Voto de Pesar pelo falecimento do Sr. Jos\u00e9 Galv\u00e3o da Silva.<\/td><td class=\"column-3\">Napole\u00e3o Cordeiro, Caique Alberto e Silas Marconi.<\/td><td class=\"column-4\">2023<\/td>\n<\/tr>\n<tr class=\"row-213\">\n\t<td class=\"column-1\">332\/2023<\/td><td class=\"column-2\">Requer Votos de Congratula\u00e7\u00f5es e Aplausos pelo falecimento do Sr. Manoel Jos\u00e9 Neto, ex-vereador do Munic\u00edpio.<\/td><td class=\"column-3\">Todos os Edis.<\/td><td class=\"column-4\">2023<\/td>\n<\/tr>\n<tr class=\"row-214\">\n\t<td class=\"column-1\">337\/2023<\/td><td class=\"column-2\">Requer Votos de Congratula\u00e7\u00f5es e Aplausos para o Sr. Ednaldo Val\u00e9rio da Silva.<\/td><td class=\"column-3\">Napole\u00e3o Cordeiro.<\/td><td class=\"column-4\">2023<\/td>\n<\/tr>\n<tr class=\"row-215\">\n\t<td class=\"column-1\">343\/2023<\/td><td class=\"column-2\">Requer Votos de Congratula\u00e7\u00f5es e Aplausos para os Conselheiros Tutelares do Munic\u00edpio.<\/td><td class=\"column-3\">Napole\u00e3o Cordeiro.<\/td><td class=\"column-4\">2023<\/td>\n<\/tr>\n<tr class=\"row-216\">\n\t<td class=\"column-1\">345\/2023<\/td><td class=\"column-2\">Requer aquisi\u00e7\u00e3o de sete (07) Ve\u00edculos para a Secretaria de Sa\u00fade.<\/td><td class=\"column-3\">Napole\u00e3o Cordeiro.<\/td><td class=\"column-4\">2023<\/td>\n<\/tr>\n<tr class=\"row-217\">\n\t<td class=\"column-1\">352\/2023<\/td><td class=\"column-2\">Requer Votos de Congratula\u00e7\u00f5es e Aplausos para os Organizadores da Cavalgada Amigos da Ch\u00e1cara Mucambo.<\/td><td class=\"column-3\">Napole\u00e3o Cordeiro, Ruth Alves e Silas Marconi.<\/td><td class=\"column-4\">2023<\/td>\n<\/tr>\n<tr class=\"row-218\">\n\t<td class=\"column-1\">357\/2023<\/td><td class=\"column-2\">Requer Votos de Congratula\u00e7\u00f5es e Aplausos para os Professores da Escola Municipal Monsenhor Estanislau. F. de Carvalho.<\/td><td class=\"column-3\">Napole\u00e3o Cordeiro.<\/td><td class=\"column-4\">2023<\/td>\n<\/tr>\n<tr class=\"row-219\">\n\t<td class=\"column-1\">358\/2023<\/td><td class=\"column-2\">Requer Votos de Congratula\u00e7\u00f5es e Aplausos para os Professores da Escola Municipal Jo\u00e3o Martins.<\/td><td class=\"column-3\">Napole\u00e3o Cordeiro.<\/td><td class=\"column-4\">2023<\/td>\n<\/tr>\n<tr class=\"row-220\">\n\t<td class=\"column-1\">359\/2023<\/td><td class=\"column-2\">Requer Votos de Congratula\u00e7\u00f5es e Aplausos para os Professores da Escola Municipal Oscarina Cavalcanti.<\/td><td class=\"column-3\">Napole\u00e3o Cordeiro.<\/td><td class=\"column-4\">2023<\/td>\n<\/tr>\n<tr class=\"row-221\">\n\t<td class=\"column-1\">360\/2023<\/td><td class=\"column-2\">Requer Votos de Congratula\u00e7\u00f5es e Aplausos para os Professores da Escola Municipal Maria Epifanea.<\/td><td class=\"column-3\">Napole\u00e3o Cordeiro.<\/td><td class=\"column-4\">2023<\/td>\n<\/tr>\n<tr class=\"row-222\">\n\t<td class=\"column-1\">361\/2023<\/td><td class=\"column-2\">Requer Votos de Congratula\u00e7\u00f5es e Aplausos para os Professores da Escola Municipal Pedro Ibiapino.<\/td><td class=\"column-3\">Napole\u00e3o Cordeiro.<\/td><td class=\"column-4\">2023<\/td>\n<\/tr>\n<tr class=\"row-223\">\n\t<td class=\"column-1\">362\/2023<\/td><td class=\"column-2\">Requer Votos de Congratula\u00e7\u00f5es e Aplausos para os Professores da Escola Municipal Santa Clara.<\/td><td class=\"column-3\">Napole\u00e3o Cordeiro.<\/td><td class=\"column-4\">2023<\/td>\n<\/tr>\n<tr class=\"row-224\">\n\t<td class=\"column-1\">363\/2023<\/td><td class=\"column-2\">Requer Votos de Congratula\u00e7\u00f5es e Aplausos para os Professores da Escola Municipal Adelaide de Oliveira.<\/td><td class=\"column-3\">Napole\u00e3o Cordeiro.<\/td><td class=\"column-4\">2023<\/td>\n<\/tr>\n<tr class=\"row-225\">\n\t<td class=\"column-1\">364\/2023<\/td><td class=\"column-2\">Requer Votos de Congratula\u00e7\u00f5es e Aplausos para a Escola Municipal Alzira Pereira de Lima.<\/td><td class=\"column-3\">Napole\u00e3o Cordeiro.<\/td><td class=\"column-4\">2023<\/td>\n<\/tr>\n<tr class=\"row-226\">\n\t<td class=\"column-1\">365\/2023<\/td><td class=\"column-2\">Requer Votos de Congratula\u00e7\u00f5es e Aplausos para da Creche Municipal Ded\u00e9 Lola.<\/td><td class=\"column-3\">Napole\u00e3o Cordeiro.<\/td><td class=\"column-4\">2023<\/td>\n<\/tr>\n<tr class=\"row-227\">\n\t<td class=\"column-1\">367\/2023<\/td><td class=\"column-2\">Requer Votos de Congratula\u00e7\u00f5es e Aplausos para os Professores da Escola Municipal Get\u00falio Vargas.<\/td><td class=\"column-3\">Napole\u00e3o Cordeiro.<\/td><td class=\"column-4\">2023<\/td>\n<\/tr>\n<tr class=\"row-228\">\n\t<td class=\"column-1\">368\/2023<\/td><td class=\"column-2\">Requer Votos de Congratula\u00e7\u00f5es e Aplausos para os Professores da Escola Jos\u00e9 Medeiros Correia.<\/td><td class=\"column-3\">Napole\u00e3o Cordeiro.<\/td><td class=\"column-4\">2023<\/td>\n<\/tr>\n<tr class=\"row-229\">\n\t<td class=\"column-1\">370\/2023<\/td><td class=\"column-2\">Requer limpeza e constru\u00e7\u00e3o de pequenos Barreiros.<\/td><td class=\"column-3\">Napole\u00e3o Cordeiro.<\/td><td class=\"column-4\">2023<\/td>\n<\/tr>\n<tr class=\"row-230\">\n\t<td class=\"column-1\">371\/2023<\/td><td class=\"column-2\">Requer Votos de Congratula\u00e7\u00f5es e Aplausos para os Organizadores do Show do Mission\u00e1rio Rivaldo Dias.<\/td><td class=\"column-3\">Napole\u00e3o Cordeiro e Wrides Mendes.<\/td><td class=\"column-4\">2023<\/td>\n<\/tr>\n<tr class=\"row-231\">\n\t<td class=\"column-1\">379\/2023<\/td><td class=\"column-2\">Requer Votos de Congratula\u00e7\u00f5es e Aplausos para o Sr. Will Anderson Cordeiro Miranda.<\/td><td class=\"column-3\">Napole\u00e3o Cordeiro.<\/td><td class=\"column-4\">2023<\/td>\n<\/tr>\n<tr class=\"row-232\">\n\t<td class=\"column-1\">392\/2023<\/td><td class=\"column-2\">Requer  as transmiss\u00f5es das Sess\u00f5es da C\u00e2mara Municipal  atrav\u00e9s da R\u00e1dio Vale do Acai.<\/td><td class=\"column-3\">Napole\u00e3o Cordeiro.<\/td><td class=\"column-4\">2023<\/td>\n<\/tr>\n<tr class=\"row-233\">\n\t<td class=\"column-1\">396\/2023<\/td><td class=\"column-2\">Requer adesiva\u00e7\u00e3o dos Carros Oficiais do Munic\u00edpio.<\/td><td class=\"column-3\">Napole\u00e3o Cordeiro.<\/td><td class=\"column-4\">2023<\/td>\n<\/tr>\n<tr class=\"row-234\">\n\t<td class=\"column-1\">397\/2023<\/td><td class=\"column-2\">Requer Cisternas de Placas ou de Pl\u00e1stico atrav\u00e9s da CODEVASF.<\/td><td class=\"column-3\">Napole\u00e3o Cordeiro.<\/td><td class=\"column-4\">2023<\/td>\n<\/tr>\n<tr class=\"row-235\">\n\t<td class=\"column-1\">398\/2023<\/td><td class=\"column-2\">Requer Voto de Congratula\u00e7\u00f5es e Aplausos para a Sra. Maria Izabel Delmiro da Silva.<\/td><td class=\"column-3\">Napole\u00e3o Cordeiro.<\/td><td class=\"column-4\">2023<\/td>\n<\/tr>\n<tr class=\"row-236\">\n\t<td class=\"column-1\">399\/2023<\/td><td class=\"column-2\">Requer Voto de Congratula\u00e7\u00f5es e Aplausos para a Sra. M\u00e1rcia Cristina Nascimento N. Duarte.<\/td><td class=\"column-3\">Napole\u00e3o Cordeiro.<\/td><td class=\"column-4\">2023<\/td>\n<\/tr>\n<tr class=\"row-237\">\n\t<td class=\"column-1\">400\/2023<\/td><td class=\"column-2\">Requer Voto de Congratula\u00e7\u00f5es e Aplausos para a Jovem Kelly Silva.<\/td><td class=\"column-3\">Napole\u00e3o Cordeiro.<\/td><td class=\"column-4\">2023<\/td>\n<\/tr>\n<tr class=\"row-238\">\n\t<td class=\"column-1\">409\/2023<\/td><td class=\"column-2\">Requer contrata\u00e7\u00e3o dos seguintes Profissionais, Psiquiatra, Psic\u00f3logo, Enfermeiro e Assistente Social.<\/td><td class=\"column-3\">Napole\u00e3o Cordeiro.<\/td><td class=\"column-4\">2023<\/td>\n<\/tr>\n<tr class=\"row-239\">\n\t<td class=\"column-1\">411\/2023<\/td><td class=\"column-2\">Requer Voto de Congratula\u00e7\u00f5es e Aplausos para a Sra. Dra. L\u00facia Mergulh\u00e3o.<\/td><td class=\"column-3\">Napole\u00e3o Cordeiro.<\/td><td class=\"column-4\">2023<\/td>\n<\/tr>\n<tr class=\"row-240\">\n\t<td class=\"column-1\">412\/2023<\/td><td class=\"column-2\">Requer Voto de Congratula\u00e7\u00f5es e Aplausos para o Pastor Sr. Rafael Neri Malafaia.<\/td><td class=\"column-3\">Napole\u00e3o Cordeiro.<\/td><td class=\"column-4\">2023<\/td>\n<\/tr>\n<tr class=\"row-241\">\n\t<td class=\"column-1\">417\/2023<\/td><td class=\"column-2\">Requer Voto de Congratula\u00e7\u00f5es e Aplausos para o Sr. Jos\u00e9 Martins.<\/td><td class=\"column-3\">Napole\u00e3o Cordeiro.<\/td><td class=\"column-4\">2023<\/td>\n<\/tr>\n<tr class=\"row-242\">\n\t<td class=\"column-1\">418\/2023<\/td><td class=\"column-2\">Requer Voto de Congratula\u00e7\u00f5es e Aplausos para o Pastor Sr. Erivonaldo Bezerra.<\/td><td class=\"column-3\">Napole\u00e3o Cordeiro.<\/td><td class=\"column-4\">2023<\/td>\n<\/tr>\n<tr class=\"row-243\">\n\t<td class=\"column-1\">422\/2023<\/td><td class=\"column-2\">Requer Projeto de Lei para inserir o Domindo de Ramos do Munic\u00edpio\/Po\u00e7\u00e3o\/PE na grade de eventos do Estado.<\/td><td class=\"column-3\">Napole\u00e3o Cordeiro.<\/td><td class=\"column-4\">2023<\/td>\n<\/tr>\n<tr class=\"row-244\">\n\t<td class=\"column-1\">423\/2023<\/td><td class=\"column-2\">Requer Votos de Congratula\u00e7\u00f5es e Aplausos para todos Organizadores do evento Melhores do Ano de Po\u00e7\u00e3o\/2023.<\/td><td class=\"column-3\">Napole\u00e3o Cordeiro.<\/td><td class=\"column-4\">2023<\/td>\n<\/tr>\n<tr class=\"row-245\">\n\t<td class=\"column-1\">424\/2023<\/td><td class=\"column-2\">Requer constru\u00e7\u00e3o de Banheiros na Zona Rural do Munic\u00edpio.<\/td><td class=\"column-3\">Napole\u00e3o Cordeiro.<\/td><td class=\"column-4\">2023<\/td>\n<\/tr>\n<tr class=\"row-246\">\n\t<td class=\"column-1\">425\/2023<\/td><td class=\"column-2\">Requer constru\u00e7\u00e3o de Barragens subterr\u00e2neas em nosso Munic\u00edpio.<\/td><td class=\"column-3\">Napole\u00e3o Cordeiro.<\/td><td class=\"column-4\">2023<\/td>\n<\/tr>\n<\/tbody>\n<\/table>\n<!-- #tablepress-34 from cache -->\n","protected":false},"excerpt":{"rendered":"","protected":false},"author":3,"featured_media":0,"parent":0,"menu_order":0,"comment_status":"closed","ping_status":"closed","template":"","meta":{"footnotes":""},"class_list":["post-1564","page","type-page","status-publish","hentry","active"],"aioseo_notices":[],"_links":{"self":[{"href":"https:\/\/camarapocao.pe.gov.br\/v1\/wp-json\/wp\/v2\/pages\/1564","targetHints":{"allow":["GET"]}}],"collection":[{"href":"https:\/\/camarapocao.pe.gov.br\/v1\/wp-json\/wp\/v2\/pages"}],"about":[{"href":"https:\/\/camarapocao.pe.gov.br\/v1\/wp-json\/wp\/v2\/types\/page"}],"author":[{"embeddable":true,"href":"https:\/\/camarapocao.pe.gov.br\/v1\/wp-json\/wp\/v2\/users\/3"}],"replies":[{"embeddable":true,"href":"https:\/\/camarapocao.pe.gov.br\/v1\/wp-json\/wp\/v2\/comments?post=1564"}],"version-history":[{"count":1,"href":"https:\/\/camarapocao.pe.gov.br\/v1\/wp-json\/wp\/v2\/pages\/1564\/revisions"}],"predecessor-version":[{"id":1565,"href":"https:\/\/camarapocao.pe.gov.br\/v1\/wp-json\/wp\/v2\/pages\/1564\/revisions\/1565"}],"wp:attachment":[{"href":"https:\/\/camarapocao.pe.gov.br\/v1\/wp-json\/wp\/v2\/media?parent=1564"}],"curies":[{"name":"wp","href":"https:\/\/api.w.org\/{rel}","templated":true}]}}