{"id":1561,"date":"2024-04-12T22:44:06","date_gmt":"2024-04-13T01:44:06","guid":{"rendered":"https:\/\/camarapocao.pe.gov.br\/?page_id=1561"},"modified":"2024-04-12T22:44:06","modified_gmt":"2024-04-13T01:44:06","slug":"requerimentos-vereador-gleison-cigano","status":"publish","type":"page","link":"https:\/\/camarapocao.pe.gov.br\/v1\/requerimentos-vereador-gleison-cigano\/","title":{"rendered":"REQUERIMENTOS \u2013 VEREADOR GLEISON (CIGANO)"},"content":{"rendered":"\n<table id=\"tablepress-31\" class=\"tablepress tablepress-id-31\">\n<thead>\n<tr class=\"row-1\">\n\t<th class=\"column-1\">N\u00daMERO<\/th><th class=\"column-2\">EMENTA<\/th><th class=\"column-3\">AUTOR<\/th><th class=\"column-4\">ANO<\/th>\n<\/tr>\n<\/thead>\n<tbody class=\"row-striping row-hover\">\n<tr class=\"row-2\">\n\t<td class=\"column-1\">14<\/td><td class=\"column-2\">solicita a contru\u00e7\u00e3o de uma quadra poliesportiva na aldeia p\u00e3o de a\u00e7ucar.<\/td><td class=\"column-3\">Jos\u00e9 Gleison<\/td><td class=\"column-4\">fev\/2026<\/td>\n<\/tr>\n<tr class=\"row-3\">\n\t<td class=\"column-1\">13<\/td><td class=\"column-2\">solicita a aquisi\u00e7\u00e3o e implanta\u00e7\u00e3o de dessalinizador nos po\u00e7os artesianos dos sitios Goiabeira e lagoa seca.<\/td><td class=\"column-3\">Jos\u00e9 Gleison<\/td><td class=\"column-4\">fev\/2026<\/td>\n<\/tr>\n<tr class=\"row-4\">\n\t<td class=\"column-1\">12<\/td><td class=\"column-2\">solicita a coberta da Quadra Poliesportiva localizada no distrito de Gravat\u00e1 dos Gomes.<\/td><td class=\"column-3\">Jos\u00e9 Gleison<\/td><td class=\"column-4\">fev\/2026<\/td>\n<\/tr>\n<tr class=\"row-5\">\n\t<td class=\"column-1\">11<\/td><td class=\"column-2\">realize a limpeza regular nas redondezas e no  cemiterio na aldeia p\u00e3o de a\u00e7ucar, como tamb\u00e9m, sua amplia\u00e7\u00e3o, revitaliza\u00e7\u00e3o e instala\u00e7\u00e3o de ilumina\u00e7\u00e3o local.<\/td><td class=\"column-3\">Jos\u00e9 Gleison<\/td><td class=\"column-4\">fev\/2026<\/td>\n<\/tr>\n<tr class=\"row-6\">\n\t<td class=\"column-1\">10<\/td><td class=\"column-2\">solicita a aquisi\u00e7\u00e3o de 01 ambulancia e quatro carros baixos para \u00e1 sa\u00fade.<\/td><td class=\"column-3\">Jos\u00e9 Gleison<\/td><td class=\"column-4\">fev\/2026<\/td>\n<\/tr>\n<tr class=\"row-7\">\n\t<td class=\"column-1\">9<\/td><td class=\"column-2\">realize a limpeza da Lagoa localizada no distrito de gravata dos gomes<\/td><td class=\"column-3\">Jos\u00e9 Gleison<\/td><td class=\"column-4\">fev\/2026<\/td>\n<\/tr>\n<tr class=\"row-8\">\n\t<td class=\"column-1\">6<\/td><td class=\"column-2\">requer voto de aplauso para a fisioterapeuta Jaciane Talita do Nascimento Feitosa, pelo servi\u00e7o prestado a comunidade na aldeia p\u00e3o de a\u00e7ucar<\/td><td class=\"column-3\">Jos\u00e9 Gleison<\/td><td class=\"column-4\">fev\/2026<\/td>\n<\/tr>\n<tr class=\"row-9\">\n\t<td class=\"column-1\">1<\/td><td class=\"column-2\">Constru\u00e7\u00e3o de uma sede para o conselho tutelar do municipio, e realize melhorias na estrutura fisica da sede atual como: manuten\u00e7\u00e3p predial, eletricidade, infiltra\u00e7\u00f5es na laje, acessibilidade e adequa\u00e7\u00e3o das salas de etendimento.<\/td><td class=\"column-3\">Jos\u00e9 Gleison<\/td><td class=\"column-4\">fev\/2026<\/td>\n<\/tr>\n<tr class=\"row-10\">\n\t<td class=\"column-1\">390<\/td><td class=\"column-2\">solicita a implementa\u00e7\u00e3o de a\u00e7\u00f5es relativas a semana nacional de preven\u00e7\u00e3o da Gravidez na adolecencia instituido pelo art. 8 do estatudo da crian\u00e7a e do adolecente, ser realizado anualmente na semana que inclui o dia 1 de fevereiro.<\/td><td class=\"column-3\">Jos\u00e9 Gleison<\/td><td class=\"column-4\">dez\/25<\/td>\n<\/tr>\n<tr class=\"row-11\">\n\t<td class=\"column-1\">388<\/td><td class=\"column-2\">solicita a limpeza e reativa\u00e7\u00e3o do po\u00e7o artesiano do sitio deserto<\/td><td class=\"column-3\">Jos\u00e9 Gleison<\/td><td class=\"column-4\">dez\/25<\/td>\n<\/tr>\n<tr class=\"row-12\">\n\t<td class=\"column-1\">370<\/td><td class=\"column-2\">solicita ao Excelent\u00edssimo Senhor Jo\u00e3o Guilherme Vasconcelos de Sousa \u2013 Prefeito desse Munic\u00edpio e ao Senhor Jos\u00e9 Genailson Batista Bezerra \u2013 Secret\u00e1rio de Obras e Urbanismo, a implanta\u00e7\u00e3o de Caixa D\u2019\u00e1gua no Distrito de Gravat\u00e1 dos Gomes.<\/td><td class=\"column-3\">Jos\u00e9 Gleison<\/td><td class=\"column-4\">nov\/25<\/td>\n<\/tr>\n<tr class=\"row-13\">\n\t<td class=\"column-1\">368<\/td><td class=\"column-2\">solicita ao Excelent\u00edssimo Senhor Jo\u00e3o Guilherme Vasconcelos de Sousa \u2013 Prefeito desse Munic\u00edpio e ao Senhor Jos\u00e9 Genailson Batista Bezerra \u2013 Secret\u00e1rio de Obras e Urbanismo, a constru\u00e7\u00e3o do cal\u00e7amento na ladeira do Senhor Z\u00e9 Braz at\u00e9 a resid\u00eancia do Senhor Luizinho.<\/td><td class=\"column-3\">Jos\u00e9 Gleison<\/td><td class=\"column-4\">nov\/25<\/td>\n<\/tr>\n<tr class=\"row-14\">\n\t<td class=\"column-1\">363<\/td><td class=\"column-2\">Solicita a ilumina\u00e7\u00e3o de natal nas pra\u00e7as do distrito de Gravat\u00e1 dos Gomes e Aldeia P\u00e3o de A\u00e7ucar.<\/td><td class=\"column-3\">Jos\u00e9 Gleison<\/td><td class=\"column-4\">nov\/25<\/td>\n<\/tr>\n<tr class=\"row-15\">\n\t<td class=\"column-1\">358<\/td><td class=\"column-2\">Solicita a retomada do abastecimento de \u00e1gua dos carros pipas nos sitios, 7 barracas, camb\u00e3o, macambira e sitio campos.<\/td><td class=\"column-3\">Jos\u00e9 Gleison<\/td><td class=\"column-4\">nov\/25<\/td>\n<\/tr>\n<tr class=\"row-16\">\n\t<td class=\"column-1\">PROJETO DE LEI N\u00ba 33\/2025<\/td><td class=\"column-2\">Estabelece normas para o recionhecimento e a declara\u00e7\u00e3o de utilidades p\u00fablicas de entidades privadas sem fins lucrativas no ambito do municipio de Po\u00e7\u00e3o\/PE, e d\u00e1 outras providencias.<\/td><td class=\"column-3\">Jos\u00e9 Gleison<\/td><td class=\"column-4\">out\/25<\/td>\n<\/tr>\n<tr class=\"row-17\">\n\t<td class=\"column-1\">352<\/td><td class=\"column-2\">Requer voto de pesar pelo falecimento do senhor Antonio Donizete da Silva (BRANCO)<\/td><td class=\"column-3\">Jos\u00e9 Gleison<\/td><td class=\"column-4\">out\/25<\/td>\n<\/tr>\n<tr class=\"row-18\">\n\t<td class=\"column-1\">344<\/td><td class=\"column-2\">Requer voto de congratula\u00e7\u00f5es de aplauso para a organiza\u00e7\u00e3o da cavalgada amigos da chacara mucambo - realizada no ano de 2025<\/td><td class=\"column-3\">Jos\u00e9 Gleison<\/td><td class=\"column-4\">out\/25<\/td>\n<\/tr>\n<tr class=\"row-19\">\n\t<td class=\"column-1\">339<\/td><td class=\"column-2\">Solicita ao DER - a intala\u00e7\u00e3o de muretas de prote\u00e7\u00e3o na PE-197, nos pontos conhecidos como curva do ``S`` e curva da raposa.<\/td><td class=\"column-3\">Jos\u00e9 Gleison<\/td><td class=\"column-4\">out\/25<\/td>\n<\/tr>\n<tr class=\"row-20\">\n\t<td class=\"column-1\">323<\/td><td class=\"column-2\">Requer um voto de pesar pelo falecimento do senhor Jos\u00e9 Joaquim Avelino. (Zelau)<\/td><td class=\"column-3\">Jos\u00e9 Gleison<\/td><td class=\"column-4\">out\/25<\/td>\n<\/tr>\n<tr class=\"row-21\">\n\t<td class=\"column-1\">321<\/td><td class=\"column-2\">solicita a contru\u00e7\u00e3o do cal\u00e7amento do Posto de Sa\u00fade Maria Cordeiro Vasconcelos, no sitio Az\u00e9vem, at\u00e9 a residencia do senhor Div\u00e1 Sitio Chorador.<\/td><td class=\"column-3\">Jos\u00e9 Gleison<\/td><td class=\"column-4\">out\/25<\/td>\n<\/tr>\n<tr class=\"row-22\">\n\t<td class=\"column-1\">314<\/td><td class=\"column-2\">Solicita que seja adotadas as providencias necessarias junto ao Governo do Estado de Pernambuco, atrav\u00e9s da secretaria de ciencias, tecnologia e Inova\u00e7\u00e3o, para incluir Po\u00e7\u00e3o no cronograma da visitas do projeto Ciencia Movel, desenvolvido pelo espa\u00e7o Ciencia.<\/td><td class=\"column-3\">Jos\u00e9 Gleison<\/td><td class=\"column-4\">out\/25<\/td>\n<\/tr>\n<tr class=\"row-23\">\n\t<td class=\"column-1\">312<\/td><td class=\"column-2\">Requer reparos urgentes na estrada que liga os sitios de lagoa seca e saco, com saida para Balame.<\/td><td class=\"column-3\">Jos\u00e9 Gleison<\/td><td class=\"column-4\">out\/25<\/td>\n<\/tr>\n<tr class=\"row-24\">\n\t<td class=\"column-1\">311<\/td><td class=\"column-2\">Requer voto de pesar pelo falacimento do Senhor Jucelio Nogueira de Souza (C\u00e9lio)<\/td><td class=\"column-3\">Jos\u00e9 Gleison<\/td><td class=\"column-4\">out\/25<\/td>\n<\/tr>\n<tr class=\"row-25\">\n\t<td class=\"column-1\">REQUERIMENTO N\u00ba 285\/2025<\/td><td class=\"column-2\">solicita ao Excelent\u00edssimo Senhor Jo\u00e3o Guilherme Vasconcelos de Sousa \u2013 Prefeito desse Munic\u00edpio e ao Senhor Jos\u00e9 Genailson Batista Bezerra \u2013 Secret\u00e1rio de Obras e Urbanismo, a retirada dos equipamentos diversos que est\u00e3o sendo armazenados nos banheiros p\u00fablicos, na Aldeia P\u00e3o de A\u00e7\u00facar, como tamb\u00e9m, instala\u00e7\u00e3o de uma caixa d\u2019\u00e1gua, imprescind\u00edvel para pleno funcionamento dos sanit\u00e1rios.<\/td><td class=\"column-3\">Jos\u00e9 Gleison<\/td><td class=\"column-4\">set\/25<\/td>\n<\/tr>\n<tr class=\"row-26\">\n\t<td class=\"column-1\">296<\/td><td class=\"column-2\">solicita ao Excelent\u00edssimo Senhor Jo\u00e3o Guilherme Vasconcelos de Sousa \u2013 Prefeito desse Munic\u00edpio, a senhora Aline Cordeiro de Vasconcelos Silva -  Secret\u00e1ria de Sa\u00fade e a Senhora Raquel Lyra \u2013 Governadora, a inclus\u00e3o do Munic\u00edpio de no Programa Estadual de Imuniza\u00e7\u00e3o, bem como o apoio t\u00e9cnico, log\u00edstico e operacional necess\u00e1rio para a efetiva execu\u00e7\u00e3o das campanhas de vacina\u00e7\u00e3o previstas pelo referido programa, como por exemplo, a equipe de vacina\u00e7\u00e3o destinando-se as escolas do munic\u00edpio.<\/td><td class=\"column-3\">Jos\u00e9 Gleison<\/td><td class=\"column-4\">set\/25<\/td>\n<\/tr>\n<tr class=\"row-27\">\n\t<td class=\"column-1\">275<\/td><td class=\"column-2\">Solicita ao prefeito Jo\u00e3o Guilherme Vasconcelos de Sousa, juntamente com Miguel Arcanjo Ferraz Duque - Diretor presidente instituto agronomo de Pernambuco -IPA a destina\u00e7\u00e3o de um trator equipado com grade aradora, por meio do Programa Terra Plantar, coordenador por essa respeit\u00e1vel institui\u00e7\u00e3o.<\/td><td class=\"column-3\">Jos\u00e9 Gleison<\/td><td class=\"column-4\">ago\/25<\/td>\n<\/tr>\n<tr class=\"row-28\">\n\t<td class=\"column-1\">271<\/td><td class=\"column-2\">Solicita ao prefeito Jo\u00e3o Guilherme Vasconcelos de Sousa, juntamente com Miguel Arcanjo Ferraz Duque - Diretor presidente instituto agronomo de Pernambuco -IPA  para a contru\u00e7\u00e3o de barreiras nas comunidades rurais de nosso municipio.<\/td><td class=\"column-3\">Jos\u00e9 Gleison<\/td><td class=\"column-4\">ago\/25<\/td>\n<\/tr>\n<tr class=\"row-29\">\n\t<td class=\"column-1\">270<\/td><td class=\"column-2\">Requer voto de pesar pelo falacimento da Senhora Elizangela Monteiro de Melo<\/td><td class=\"column-3\">Autoria do Vereador Gelison com associa\u00e7\u00e3o do Vereador Napole\u00e3o Cordeiro Almeida.<\/td><td class=\"column-4\">ago\/25<\/td>\n<\/tr>\n<tr class=\"row-30\">\n\t<td class=\"column-1\">265<\/td><td class=\"column-2\">Solicita que realize as providencias cabiveis no sentido de cumprir todas as exigencias necessarias \u00e1 inclus\u00e3o do municipio de Po\u00e7\u00e3o do Mapa Turismo Brasileiro (SISMAPA) Instrumento oficial do Governo Federal que reconhece e incentiva o potencial turistico dos municipios brasileiros.<\/td><td class=\"column-3\">Jos\u00e9 Gleison<\/td><td class=\"column-4\">ago\/25<\/td>\n<\/tr>\n<tr class=\"row-31\">\n\t<td class=\"column-1\">264<\/td><td class=\"column-2\">Solicita que seja retirado um poste localizado no sitio capoeiras, nas aproximidades da residencia da senhora Liene.<\/td><td class=\"column-3\">Jos\u00e9 Gleison<\/td><td class=\"column-4\">ago\/25<\/td>\n<\/tr>\n<tr class=\"row-32\">\n\t<td class=\"column-1\">256<\/td><td class=\"column-2\">requerem voto de pesar pelo falecimento da Senhora Quit\u00e9ria Maria de Melo.<\/td><td class=\"column-3\">Jos\u00e9 Gleison<\/td><td class=\"column-4\">ago\/25<\/td>\n<\/tr>\n<tr class=\"row-33\">\n\t<td class=\"column-1\">253<\/td><td class=\"column-2\">requer voto de congratula\u00e7\u00f5es e aplausos para os organizadores da Cavalgada S\u00e3o Jo\u00e3o Batista \u2013 XVI edi\u00e7\u00e3o.<\/td><td class=\"column-3\">Jos\u00e9 Gleison<\/td><td class=\"column-4\">ago\/25<\/td>\n<\/tr>\n<tr class=\"row-34\">\n\t<td class=\"column-1\">252<\/td><td class=\"column-2\">solicita ao Excelent\u00edssimo Prefeito Jo\u00e3o Guilherme Vasconcelos de Sousa e ao Excelent\u00edssimo Senhor Jos\u00e9 Silvestre Galindo Neto \u2013 Secret\u00e1rio de Agricultura, a aquisi\u00e7\u00e3o de tr\u00eas (03) tratores para o munic\u00edpio.<\/td><td class=\"column-3\">Jos\u00e9 Gleison<\/td><td class=\"column-4\">ago\/25<\/td>\n<\/tr>\n<tr class=\"row-35\">\n\t<td class=\"column-1\">250<\/td><td class=\"column-2\">solicita ao Excelent\u00edssimo Prefeito Jo\u00e3o Guilherme Vasconcelos de Sousa e ao Excelent\u00edssimo Senhor Jos\u00e9 Genailson Batista Bezerra - Secret\u00e1rio de Obras e Urbanismo, a constru\u00e7\u00e3o do cal\u00e7amento no S\u00edtio Lagoa Seca, da resid\u00eancia do Senhor Chiquito e at\u00e9 o Senhor Adalberto.<\/td><td class=\"column-3\">Jos\u00e9 Gleison<\/td><td class=\"column-4\">jun\/25<\/td>\n<\/tr>\n<tr class=\"row-36\">\n\t<td class=\"column-1\">249<\/td><td class=\"column-2\">solicita ao Excelent\u00edssimo Prefeito Jo\u00e3o Guilherme Vasconcelos de Sousa e a Excelent\u00edssima Senhora Aline Cordeiro de Vasconcelos \u2013 Secret\u00e1ria de Sa\u00fade, Aline Cordeiro de Vasconcelos Silva, a aquisi\u00e7\u00e3o de uma (01) ambul\u00e2ncia e quatro (04) carros baixos para o nosso munic\u00edpio.<\/td><td class=\"column-3\">Jos\u00e9 Gleison<\/td><td class=\"column-4\">jun\/25<\/td>\n<\/tr>\n<tr class=\"row-37\">\n\t<td class=\"column-1\">243<\/td><td class=\"column-2\">requer voto de congratula\u00e7\u00f5es e aplausos para a Ilustr\u00edssima Senhora Luciana de F\u00e1tima Souza de Medeiros \u2013 pela conclus\u00e3o do Mestrado em Ci\u00eancias da Educa\u00e7\u00e3o pela Universidad Columbbia Del Paraguay.<\/td><td class=\"column-3\">Jos\u00e9 Gleison<\/td><td class=\"column-4\">jun\/25<\/td>\n<\/tr>\n<tr class=\"row-38\">\n\t<td class=\"column-1\">242<\/td><td class=\"column-2\">requer voto de congratula\u00e7\u00f5es e aplausos para a Ilustr\u00edssima Senhora Emilly Vasconcelos de Farias \u2013 pela conclus\u00e3o do Mestrado em Ci\u00eancias da Educa\u00e7\u00e3o pela Universidad Columbbia Del Paraguay.<\/td><td class=\"column-3\">Jos\u00e9 Gleison<\/td><td class=\"column-4\">jun\/25<\/td>\n<\/tr>\n<tr class=\"row-39\">\n\t<td class=\"column-1\">241<\/td><td class=\"column-2\">requer voto de congratula\u00e7\u00f5es e aplausos para a Ilustr\u00edssima Senhora Paula Frassineti Fernandes Feitoza \u2013 pela conclus\u00e3o do Mestrado em Ci\u00eancias da Educa\u00e7\u00e3o pela Universidad Columbbia Del Paraguay.<\/td><td class=\"column-3\">Jos\u00e9 Gleison<\/td><td class=\"column-4\">jun\/25<\/td>\n<\/tr>\n<tr class=\"row-40\">\n\t<td class=\"column-1\">235<\/td><td class=\"column-2\">voto de pesar pelo falecimento da Senhora Maria Lima Duarte \u2013 Maria de Celso.<\/td><td class=\"column-3\">Jos\u00e9 Gleison<\/td><td class=\"column-4\">jun\/25<\/td>\n<\/tr>\n<tr class=\"row-41\">\n\t<td class=\"column-1\">231<\/td><td class=\"column-2\">solicita ao Excelent\u00edssimo Prefeito Jo\u00e3o Guilherme Vasconcelos de Sousa e ao Excelent\u00edssimo Senhor Jos\u00e9 Genailson Batista \u2013 Secret\u00e1rio de Obras e Urbanismo que, seja implantada a sinaliza\u00e7\u00e3o com placas de identifica\u00e7\u00e3o na Rua Pedro Gomes da Silva e Loteamento Dimas Gomes, Distrito de Gravat\u00e1 dos Gomes.<\/td><td class=\"column-3\">Jos\u00e9 Gleison<\/td><td class=\"column-4\">jun\/25<\/td>\n<\/tr>\n<tr class=\"row-42\">\n\t<td class=\"column-1\">226<\/td><td class=\"column-2\">requer voto de pesar pelo falecimento da crian\u00e7a Marcos Rossine Blesmany F\u00e9lix Cordeiro.<\/td><td class=\"column-3\">Jos\u00e9 Gleison<\/td><td class=\"column-4\">jun\/25<\/td>\n<\/tr>\n<tr class=\"row-43\">\n\t<td class=\"column-1\">219<\/td><td class=\"column-2\">requer voto de congratula\u00e7\u00f5es e aplausos para o Ilustr\u00edssimo Senhor Adegilson Flor\u00eancio Correia \u2013 Chico Pisadinha, como forma de reconhecimento pelo esfor\u00e7o, dedica\u00e7\u00e3o e talento com que vem se destacando como cantor, contribuindo significativamente para o enriquecimento cultural e art\u00edstico de nossa cidade.<\/td><td class=\"column-3\">Jos\u00e9 Gleison<\/td><td class=\"column-4\">jun\/25<\/td>\n<\/tr>\n<tr class=\"row-44\">\n\t<td class=\"column-1\">217<\/td><td class=\"column-2\">requer voto de congratula\u00e7\u00f5es e aplausos para o Ilustr\u00edssima Senhora Nat\u00e1lia Silva Freitas, T\u00e9cnica em Enfermagem, em reconhecimento ao excelente trabalho desempenhado no atendimento \u00e0 popula\u00e7\u00e3o, com compet\u00eancia, humanidade e dedica\u00e7\u00e3o.<\/td><td class=\"column-3\">Jos\u00e9 Gleison<\/td><td class=\"column-4\">jun\/25<\/td>\n<\/tr>\n<tr class=\"row-45\">\n\t<td class=\"column-1\">214<\/td><td class=\"column-2\">requer voto de congratula\u00e7\u00f5es e aplausos para o Ilustr\u00edssimo Senhor C\u00e9lio Roberto dos Santos, servidor da \u00e1rea da sa\u00fade, em reconhecimento ao excelente trabalho desempenhado no atendimento \u00e0 popula\u00e7\u00e3o, com compet\u00eancia, humanidade e dedica\u00e7\u00e3o.<\/td><td class=\"column-3\">Jos\u00e9 Gleison<\/td><td class=\"column-4\">jun\/25<\/td>\n<\/tr>\n<tr class=\"row-46\">\n\t<td class=\"column-1\">212<\/td><td class=\"column-2\">requer voto de congratula\u00e7\u00f5es e aplausos para o Ilustr\u00edssimo Senhor Jos\u00e9 Pedro Bezerra F\u00e9lix, motorista do Servi\u00e7o de Atendimento M\u00f3vel de Urg\u00eancia (SAMU), em reconhecimento ao excelente trabalho no atendimento \u00e0 popula\u00e7\u00e3o, com compet\u00eancia, humanidade e dedica\u00e7\u00e3o.<\/td><td class=\"column-3\">Jos\u00e9 Gleison<\/td><td class=\"column-4\">jun\/25<\/td>\n<\/tr>\n<tr class=\"row-47\">\n\t<td class=\"column-1\">211<\/td><td class=\"column-2\">requer voto de congratula\u00e7\u00f5es e aplausos para o Ilustr\u00edssimo Senhor Ant\u00f4nio Anselmo Laurentino, do Servi\u00e7o de Atendimento M\u00f3vel de Urg\u00eancia (SAMU), em reconhecimento ao excelente trabalho no atendimento \u00e0 popula\u00e7\u00e3o, com compet\u00eancia, humanidade e dedica\u00e7\u00e3o.<\/td><td class=\"column-3\">Jos\u00e9 Gleison<\/td><td class=\"column-4\">jun\/25<\/td>\n<\/tr>\n<tr class=\"row-48\">\n\t<td class=\"column-1\">206<\/td><td class=\"column-2\">solicita ao Excelent\u00edssimo Prefeito Jo\u00e3o Guilherme Vasconcelos de Sousa, ao Excelent\u00edssimo Senhor Jos\u00e9 Genailson Batista Bezerra \u2013 Secret\u00e1rio de Obras e Urbanismo e ao Excelent\u00edssimo Senhor Jos\u00e9 Maciel da Silva \u2013 Secret\u00e1rio de Esportes e Lazer, a implanta\u00e7\u00e3o de uma pista de atletismo ao redor do Campo Malaquias Vieira de Melo.<\/td><td class=\"column-3\">Jos\u00e9 Gleison<\/td><td class=\"column-4\">jun\/25<\/td>\n<\/tr>\n<tr class=\"row-49\">\n\t<td class=\"column-1\">197<\/td><td class=\"column-2\">solicita ao Excelent\u00edssimo Prefeito Jo\u00e3o Guilherme Vasconcelos de Sousa e a Excelent\u00edssima Senhora Aline Cordeiro de Vasconcelos Silva \u2013 Secret\u00e1ria de Sa\u00fade que, contrate mais um cirurgi\u00e3o-dentista com especializa\u00e7\u00e3o em ortodontia para atuar na rede p\u00fablica de sa\u00fade do munic\u00edpio.<\/td><td class=\"column-3\">Jos\u00e9 Gleison<\/td><td class=\"column-4\">jun\/25<\/td>\n<\/tr>\n<tr class=\"row-50\">\n\t<td class=\"column-1\">195<\/td><td class=\"column-2\">solicita ao Excelent\u00edssimo Prefeito Jo\u00e3o Guilherme Vasconcelos de Sousa e ao Excelent\u00edssimo Senhor Jos\u00e9 Genailson Batista Bezerra \u2013 Secret\u00e1rio de Obras e Urbanismo que, realize servi\u00e7os de limpeza no Destacamento da Pol\u00edcia Militar, tanto na parte frontal quanto nos fundos do im\u00f3vel, bem como, a reconstru\u00e7\u00e3o do muro que foi derrubado em decorr\u00eancia de um acidente.<\/td><td class=\"column-3\">Jos\u00e9 Gleison<\/td><td class=\"column-4\">jun\/25<\/td>\n<\/tr>\n<tr class=\"row-51\">\n\t<td class=\"column-1\">193<\/td><td class=\"column-2\">requer voto de congratula\u00e7\u00f5es e aplausos para a Ilustr\u00edssima Senhora Maria Marilene Xavier Germino Cintra, em virtude dos servi\u00e7os prestados pela popula\u00e7\u00e3o Po\u00e7\u00e3oense.<\/td><td class=\"column-3\">Jos\u00e9 Gleison<\/td><td class=\"column-4\">mai\/2025<\/td>\n<\/tr>\n<tr class=\"row-52\">\n\t<td class=\"column-1\">192<\/td><td class=\"column-2\">requer voto de congratula\u00e7\u00f5es e aplausos para a Ilustr\u00edssima Senhora Mirna Monique de Farias e Silva \u2013 Coordenadora de enfermagem do Munic\u00edpio de Po\u00e7\u00e3o \u2013 Pernambuco, em virtude do brilhante trabalho prestado em prol da popula\u00e7\u00e3o Po\u00e7\u00e3oense.<\/td><td class=\"column-3\">Jos\u00e9 Gleison<\/td><td class=\"column-4\">mai\/2025<\/td>\n<\/tr>\n<tr class=\"row-53\">\n\t<td class=\"column-1\">191<\/td><td class=\"column-2\">requer voto de congratula\u00e7\u00f5es e aplausos para a Ilustr\u00edssima Senhora Jeane de F\u00e1tima da Silva Fran\u00e7a - Diretora do Hospital Municipal S\u00e3o Sebasti\u00e3o do Munic\u00edpio de Po\u00e7\u00e3o \u2013 Pernambuco, em virtude do brilhante trabalho prestado em prol da popula\u00e7\u00e3o Po\u00e7\u00e3oense.<\/td><td class=\"column-3\">Jos\u00e9 Gleison<\/td><td class=\"column-4\">mai\/2025<\/td>\n<\/tr>\n<tr class=\"row-54\">\n\t<td class=\"column-1\">172<\/td><td class=\"column-2\">solicita ao Excelent\u00edssimo Prefeito Jo\u00e3o Guilherme Vasconcelos de Sousa e a Excelent\u00edssima Senhora Aline Cordeiro de Vasconcelos Silva \u2013 Secret\u00e1ria de Sa\u00fade que, contrate mais 01 (um) m\u00e9dico psiqui\u00e1trico para o munic\u00edpio.<\/td><td class=\"column-3\">Jos\u00e9 Gleison<\/td><td class=\"column-4\">mai\/2025<\/td>\n<\/tr>\n<tr class=\"row-55\">\n\t<td class=\"column-1\">171<\/td><td class=\"column-2\">solicita ao Excelent\u00edssimo Prefeito Jo\u00e3o Guilherme Vasconcelos de Sousa e ao Excelent\u00edssimo Senhor Jos\u00e9 Genailson Batista Bezerra \u2013 Secret\u00e1rio de Obras que, realize a abertura da curva localizada no S\u00edtio Massaranduba, zona rural deste munic\u00edpio.<\/td><td class=\"column-3\">Jos\u00e9 Gleison<\/td><td class=\"column-4\">mai\/2025<\/td>\n<\/tr>\n<tr class=\"row-56\">\n\t<td class=\"column-1\">167<\/td><td class=\"column-2\">Voto de Pesar pelo falecimento do Senhor  Ezio Galindo Cordeiro. Vereador de Alagoinha\/PE.<\/td><td class=\"column-3\">Jos\u00e9 Gleison<\/td><td class=\"column-4\">mai\/2025<\/td>\n<\/tr>\n<tr class=\"row-57\">\n\t<td class=\"column-1\">139<\/td><td class=\"column-2\">Solicita a pintura e sinaliza\u00e7\u00e3p do meio fio em frente \u00e1 casa das Ra\u00e7\u00f5es at\u00e9 a secretaria de Obras, para estacionamento dos onibus escolares.<\/td><td class=\"column-3\">Jos\u00e9 Gleison<\/td><td class=\"column-4\">abr\/25<\/td>\n<\/tr>\n<tr class=\"row-58\">\n\t<td class=\"column-1\">138<\/td><td class=\"column-2\">Solicita a distribui\u00e7\u00e3o de Kits de irriga\u00e7\u00e3o para os Agricultores do Municipio.<\/td><td class=\"column-3\">Jos\u00e9 Gleison<\/td><td class=\"column-4\">abr\/25<\/td>\n<\/tr>\n<tr class=\"row-59\">\n\t<td class=\"column-1\">131<\/td><td class=\"column-2\">solicita que Contrate um maquinista, exclusivamente, para manusear a  maquina patrol, usada para fazer os reparos nas estradas do municpio.<\/td><td class=\"column-3\">Jos\u00e9 Gleison<\/td><td class=\"column-4\">abr\/25<\/td>\n<\/tr>\n<tr class=\"row-60\">\n\t<td class=\"column-1\">126<\/td><td class=\"column-2\">Solicita que realize a manuten\u00e7ao da frota de carros da rede municipal.<\/td><td class=\"column-3\">Jos\u00e9 Gleison<\/td><td class=\"column-4\">abr\/25<\/td>\n<\/tr>\n<tr class=\"row-61\">\n\t<td class=\"column-1\">116<\/td><td class=\"column-2\">solicita ao Excelent\u00edssimo Prefeito Jo\u00e3o Guilherme Vasconcelos de Sousa e ao Excelent\u00edssimo Secret\u00e1rio de Obras \u2013 Jos\u00e9 Genailson Batista Bezerra que, providencie a implanta\u00e7\u00e3o do fornecimento de \u00e1gua nas torneiras da Aldeia P\u00e3o de A\u00e7\u00facar<\/td><td class=\"column-3\">Jos\u00e9 Gleison<\/td><td class=\"column-4\">abr\/25<\/td>\n<\/tr>\n<tr class=\"row-62\">\n\t<td class=\"column-1\">114<\/td><td class=\"column-2\">solicita ao Excelent\u00edssimo Prefeito Jo\u00e3o Guilherme Vasconcelos de Sousa e ao Excelent\u00edssimo Secret\u00e1rio de Obras \u2013 Jos\u00e9 Genailson Batista Bezerra que, seja feita a constru\u00e7\u00e3o do cal\u00e7amento nas proximidades da resid\u00eancia do Senhor Didi at\u00e9 a resid\u00eancia do Senhor Niva, localizadas na ladeira do az\u00e9vem, zona rural desse munic\u00edpio.<\/td><td class=\"column-3\">Jos\u00e9 Gleison<\/td><td class=\"column-4\">abr\/25<\/td>\n<\/tr>\n<tr class=\"row-63\">\n\t<td class=\"column-1\">85<\/td><td class=\"column-2\">solicita ao Excelent\u00edssimo Prefeito Jo\u00e3o Guilherme Vasconcelos de Sousa, a retirada e limpeza dos entulhos acumulados no cemit\u00e9rio e em suas redondezas na Aldeia P\u00e3o de A\u00e7\u00facar, bem como, a amplia\u00e7\u00e3o, revitaliza\u00e7\u00e3o e instala\u00e7\u00e3o de ilumina\u00e7\u00e3o local.<\/td><td class=\"column-3\">Jos\u00e9 Gleison<\/td><td class=\"column-4\">abr\/25<\/td>\n<\/tr>\n<tr class=\"row-64\">\n\t<td class=\"column-1\">84<\/td><td class=\"column-2\">solicita ao Excelent\u00edssimo Prefeito Jo\u00e3o Guilherme Vasconcelos de Sousa, a repara\u00e7\u00e3o do acesso ao local conhecido como \u201cprainha\u201d na barragem da Aldeia P\u00e3o de A\u00e7\u00facar, como tamb\u00e9m a sua pavimenta\u00e7\u00e3o, pois o local \u00e9 usado, frequentemente, para banho.<\/td><td class=\"column-3\">Jos\u00e9 Gleison<\/td><td class=\"column-4\">abr\/25<\/td>\n<\/tr>\n<tr class=\"row-65\">\n\t<td class=\"column-1\">83<\/td><td class=\"column-2\">solicita ao Excelent\u00edssimo Prefeito Jo\u00e3o Guilherme Vasconcelos de Sousa e ao Excelent\u00edssimo Senhor Jos\u00e9 Maciel da Silva \u2013 Secret\u00e1rio de Esporte que, realize a instala\u00e7\u00e3o de uma prote\u00e7\u00e3o de tela na quadra poliesportiva, localizada na Aldeia P\u00e3o de a\u00e7\u00facar.<\/td><td class=\"column-3\">Jos\u00e9 Gleison<\/td><td class=\"column-4\">abr\/25<\/td>\n<\/tr>\n<tr class=\"row-66\">\n\t<td class=\"column-1\">76<\/td><td class=\"column-2\">Requer voto de pesar pelo falecimento da senjota Maria das Montanhas Cordeiro - Dona Lequinha.<\/td><td class=\"column-3\">Jos\u00e9 Gleison.<\/td><td class=\"column-4\">MAR - 2025<\/td>\n<\/tr>\n<tr class=\"row-67\">\n\t<td class=\"column-1\">72<\/td><td class=\"column-2\">Realiza a doa\u00e7\u00e3o de peixes para as pessoas carentes, escritas no Cad\u00danico, durante o periodo da semana santa<\/td><td class=\"column-3\">Jos\u00e9 Gleison.<\/td><td class=\"column-4\">MAR - 2025<\/td>\n<\/tr>\n<tr class=\"row-68\">\n\t<td class=\"column-1\">63<\/td><td class=\"column-2\">Passagem molhada nos sitios lagoa seca e saco<\/td><td class=\"column-3\">Jos\u00e9 Gleison.<\/td><td class=\"column-4\">MAR - 2025<\/td>\n<\/tr>\n<tr class=\"row-69\">\n\t<td class=\"column-1\">59<\/td><td class=\"column-2\">A conclus\u00e3o de todo saneamento da cidade de Po\u00e7\u00e3o - PE.<\/td><td class=\"column-3\">Jos\u00e9 Gleison.<\/td><td class=\"column-4\">MAR - 2025<\/td>\n<\/tr>\n<tr class=\"row-70\">\n\t<td class=\"column-1\">55<\/td><td class=\"column-2\">Constru\u00e7\u00e3o asfaltica na entrada da Aldeia P\u00e3o de A\u00e7ucar, que vai da residencia do senhor Expedito at\u00e9 a residencia do Senhor nen\u00e9m da R\u00e1dio.<\/td><td class=\"column-3\">Jos\u00e9 Gleison.<\/td><td class=\"column-4\">MAR - 2025<\/td>\n<\/tr>\n<tr class=\"row-71\">\n\t<td class=\"column-1\">42<\/td><td class=\"column-2\">Um  Projeto de Lei de reajuste de salarios dos visitadores do programa Crian\u00e7a Feliz da Secretaria de Assistencia Social.<\/td><td class=\"column-3\">Jos\u00e9 Gleison.<\/td><td class=\"column-4\">MAR - 2025<\/td>\n<\/tr>\n<tr class=\"row-72\">\n\t<td class=\"column-1\">38<\/td><td class=\"column-2\">Amplia\u00e7\u00e3o e melhoria da ilumina\u00e7\u00e3o do cemiterio de Gravata dos Gomes.<\/td><td class=\"column-3\">Jos\u00e9 Gleison.<\/td><td class=\"column-4\">MAR - 2025<\/td>\n<\/tr>\n<tr class=\"row-73\">\n\t<td class=\"column-1\">37<\/td><td class=\"column-2\">Maquina retroescavadeira, atraves de Emenda Parlamentar.<\/td><td class=\"column-3\">Jos\u00e9 Gleison.<\/td><td class=\"column-4\">FEV - 2025<\/td>\n<\/tr>\n<tr class=\"row-74\">\n\t<td class=\"column-1\">36<\/td><td class=\"column-2\">Cal\u00e7amento em frente ao posto de sa\u00fade do Sitio Aca\u00ed.<\/td><td class=\"column-3\">Jos\u00e9 Gleison.<\/td><td class=\"column-4\">FEV - 2025<\/td>\n<\/tr>\n<tr class=\"row-75\">\n\t<td class=\"column-1\">34<\/td><td class=\"column-2\">VOTO de pesar pelo falecimento da senhora Edite Patriota Duarte.<\/td><td class=\"column-3\">Jos\u00e9 Gleison.<\/td><td class=\"column-4\">FEV - 2025<\/td>\n<\/tr>\n<tr class=\"row-76\">\n\t<td class=\"column-1\">31<\/td><td class=\"column-2\">O reajuste do piso Nacional dos Professores da Rede Municipal de Ensino Medio com repercuss\u00e3o na carreira, fazendo cumprir o novo percentual fixado pelo Governo  Federal, para o ano 2025. Considerando ainda que \u00e9 justo e necessario que este reajuste tenha afeito retroativo a partir do dia 01\/01\/2025<\/td><td class=\"column-3\">Jos\u00e9 Gleison.<\/td><td class=\"column-4\">FEV - 2025<\/td>\n<\/tr>\n<tr class=\"row-77\">\n\t<td class=\"column-1\">2<\/td><td class=\"column-2\">Construir portal nas entradas dos locais a seguir: Cidade Po\u00e7\u00e3o, Aldeia P\u00e3o de a\u00e7ucar, distrito de gravat\u00e1 dos gomes<\/td><td class=\"column-3\">Jos\u00e9 Gleison.<\/td><td class=\"column-4\">FEV - 2025<\/td>\n<\/tr>\n<tr class=\"row-78\">\n\t<td class=\"column-1\">1<\/td><td class=\"column-2\">Construir uma SEDE PARA O CONSELHO TUTELAR DO MUNICIPIO<\/td><td class=\"column-3\">Jos\u00e9 Gleison.<\/td><td class=\"column-4\">FEV - 2025<\/td>\n<\/tr>\n<tr class=\"row-79\">\n\t<td class=\"column-1\">016\/2024<\/td><td class=\"column-2\">Requer envio de Projeto de Lei concedendo reajuste salarial para alguns Profissionais Efetivos do Munic\u00edpio.<\/td><td class=\"column-3\">Todos os Edis.<\/td><td class=\"column-4\">2024<\/td>\n<\/tr>\n<tr class=\"row-80\">\n\t<td class=\"column-1\">017\/2024<\/td><td class=\"column-2\">Requer regulariza\u00e7\u00e3o no abastecimento de \u00e1gua da Aldeia P\u00e3o de A\u00e7\u00facar.<\/td><td class=\"column-3\">Caique Alberto e Jos\u00e9 Gleison<\/td><td class=\"column-4\">2024<\/td>\n<\/tr>\n<tr class=\"row-81\">\n\t<td class=\"column-1\">021\/2024<\/td><td class=\"column-2\">Requer constru\u00e7\u00e3o de Casa de Apoio no Distrito Gravat\u00e1 dos Gomes.<\/td><td class=\"column-3\">Jos\u00e9 Gleison.<\/td><td class=\"column-4\">2024<\/td>\n<\/tr>\n<tr class=\"row-82\">\n\t<td class=\"column-1\">022\/2024<\/td><td class=\"column-2\">Requer constru\u00e7\u00e3o de uma Passagem molhada no s\u00edtio Batalha, para facilitar o acesso ao s\u00edtio Lagoa Seca.<\/td><td class=\"column-3\">Jos\u00e9 Gleison.<\/td><td class=\"column-4\">2024<\/td>\n<\/tr>\n<tr class=\"row-83\">\n\t<td class=\"column-1\">023\/2024<\/td><td class=\"column-2\">Requer constru\u00e7\u00e3o de Passagem molhada no Riacho de Z\u00e9 Bacho, nas imedia\u00e7\u00f5es do s\u00edtio Lagoa do F\u00e9lix.<\/td><td class=\"column-3\">Jos\u00e9 Gleison.<\/td><td class=\"column-4\">2024<\/td>\n<\/tr>\n<tr class=\"row-84\">\n\t<td class=\"column-1\">028\/2024<\/td><td class=\"column-2\">Requer aquisi\u00e7\u00e3o de Terreno destinado a constru\u00e7\u00e3o de uma Creche.<\/td><td class=\"column-3\">Todos os Edis.<\/td><td class=\"column-4\">2024<\/td>\n<\/tr>\n<tr class=\"row-85\">\n\t<td class=\"column-1\">032\/2024<\/td><td class=\"column-2\">Requer instala\u00e7\u00e3o de uma Sala de Fisioterapia na Aldeia P\u00e3o de A\u00e7\u00facar.<\/td><td class=\"column-3\">Jos\u00e9 Gleison.<\/td><td class=\"column-4\">2024<\/td>\n<\/tr>\n<tr class=\"row-86\">\n\t<td class=\"column-1\">048\/2024<\/td><td class=\"column-2\">Requer constru\u00e7\u00e3o de mais Salas de Aulas nas Escolas do Munic\u00edpio.<\/td><td class=\"column-3\">Jos\u00e9 Gleison.<\/td><td class=\"column-4\">2024<\/td>\n<\/tr>\n<tr class=\"row-87\">\n\t<td class=\"column-1\">049\/2024<\/td><td class=\"column-2\">Requer amplia\u00e7\u00e3o da UBS Nossa Senhora de F\u00e1tima, localizada no Distrito Gravat\u00e1 dos Gomes.<\/td><td class=\"column-3\">Jos\u00e9 Gleison.<\/td><td class=\"column-4\">2024<\/td>\n<\/tr>\n<tr class=\"row-88\">\n\t<td class=\"column-1\">073\/2024<\/td><td class=\"column-2\">Requer conclus\u00e3o de todo saneamento do Munic\u00edpio.<\/td><td class=\"column-3\">Jos\u00e9 Gleison e S\u00edlvio Andrade.<\/td><td class=\"column-4\">2024<\/td>\n<\/tr>\n<tr class=\"row-89\">\n\t<td class=\"column-1\">075\/2024<\/td><td class=\"column-2\">Requer constru\u00e7\u00e3o de cal\u00e7amento na rua P\u00e3o de A\u00e7\u00facar n\u00ba 02.<\/td><td class=\"column-3\">Jos\u00e9 Gleison.<\/td><td class=\"column-4\">2024<\/td>\n<\/tr>\n<tr class=\"row-90\">\n\t<td class=\"column-1\">104\/2024<\/td><td class=\"column-2\">Requer constru\u00e7\u00e3o de Banheiros nas seguintes imedia\u00e7\u00f5es: Pra\u00e7a Monsenhor Estanislau, Distrito Gravat\u00e1 dos Gomes e Aldeia P\u00e3o de A\u00e7\u00facar.<\/td><td class=\"column-3\">Jos\u00e9 Gleison.<\/td><td class=\"column-4\">2024<\/td>\n<\/tr>\n<tr class=\"row-91\">\n\t<td class=\"column-1\">105\/2024<\/td><td class=\"column-2\">Requer aquisi\u00e7\u00e3o de uma M\u00e1quina Retroescavadeira para o Munic\u00edpio.<\/td><td class=\"column-3\">Jos\u00e9 Gleison.<\/td><td class=\"column-4\">2024<\/td>\n<\/tr>\n<tr class=\"row-92\">\n\t<td class=\"column-1\">111\/2024<\/td><td class=\"column-2\">Requer constru\u00e7\u00e3o de Quebras \u2013 molas no Distrito Gravat\u00e1 dos Gomes.<\/td><td class=\"column-3\">Jos\u00e9 Gleison e S\u00edlvioAndrade.<\/td><td class=\"column-4\">2024<\/td>\n<\/tr>\n<tr class=\"row-93\">\n\t<td class=\"column-1\">114\/2024<\/td><td class=\"column-2\">Requer cal\u00e7amento e urbaniza\u00e7\u00e3o do P\u00e1tio do Cemit\u00e9rio da Aldeia P\u00e3o de A\u00e7\u00facar<\/td><td class=\"column-3\">Jos\u00e9 Gleison e Caique Alberto.<\/td><td class=\"column-4\">2024<\/td>\n<\/tr>\n<tr class=\"row-94\">\n\t<td class=\"column-1\">116\/2024<\/td><td class=\"column-2\">Requer constru\u00e7\u00e3o de cal\u00e7amentos na Aldeia P\u00e3o de A\u00e7\u00facar.<\/td><td class=\"column-3\">Jos\u00e9 Gleison e Wrides Mendes.<\/td><td class=\"column-4\">2024<\/td>\n<\/tr>\n<tr class=\"row-95\">\n\t<td class=\"column-1\">122\/2024<\/td><td class=\"column-2\">Requer abastecimento de \u00e1gua atrav\u00e9s da Barragem da Aldeia P\u00e3o de A\u00e7\u00facar para o Distrito Gravat\u00e1 dos Gomes.<\/td><td class=\"column-3\">Jos\u00e9 Gleison.<\/td><td class=\"column-4\">2024<\/td>\n<\/tr>\n<tr class=\"row-96\">\n\t<td class=\"column-1\">123\/2024<\/td><td class=\"column-2\">Requer constru\u00e7\u00e3o de cal\u00e7amento defronte a Escola Municipal Alzira Pereira de Lima, no s\u00edtio Lagoa Seca.<\/td><td class=\"column-3\">Jos\u00e9 Gleison.<\/td><td class=\"column-4\">2024<\/td>\n<\/tr>\n<tr class=\"row-97\">\n\t<td class=\"column-1\">140\/2024<\/td><td class=\"column-2\">Requer aquisi\u00e7\u00e3o de Caminh\u00e3o coletor de lixo, atrav\u00e9s de Emendas Parlamentares.<\/td><td class=\"column-3\">Jos\u00e9 Gleison, Jos\u00e9 Silvestre e Silas Marconi.<\/td><td class=\"column-4\">2024<\/td>\n<\/tr>\n<tr class=\"row-98\">\n\t<td class=\"column-1\">141\/2024<\/td><td class=\"column-2\">Requer instala\u00e7\u00e3o de Antena da Operadora Claro na Aldeia P\u00e3o de A\u00e7\u00facar.<\/td><td class=\"column-3\">Jos\u00e9 Gleison.<\/td><td class=\"column-4\">2024<\/td>\n<\/tr>\n<tr class=\"row-99\">\n\t<td class=\"column-1\">164\/2024<\/td><td class=\"column-2\">Requer constru\u00e7\u00e3o de Portal na entrada da Aldeia P\u00e3o de A\u00e7\u00facar<\/td><td class=\"column-3\">Jos\u00e9 Gleison e Jos\u00e9 Silvestre.<\/td><td class=\"column-4\">2024<\/td>\n<\/tr>\n<tr class=\"row-100\">\n\t<td class=\"column-1\">198\/2024<\/td><td class=\"column-2\">Requer constru\u00e7\u00e3o de Capelas para realiza\u00e7\u00e3o de vel\u00f3rios.<\/td><td class=\"column-3\">Jos\u00e9 Gleison.<\/td><td class=\"column-4\">2024<\/td>\n<\/tr>\n<tr class=\"row-101\">\n\t<td class=\"column-1\">199\/2024<\/td><td class=\"column-2\">Requer reparos e manuten\u00e7\u00e3o na Pra\u00e7a da Aldeia P\u00e3o de A\u00e7\u00facar.<\/td><td class=\"column-3\">Jos\u00e9 Gleison.<\/td><td class=\"column-4\">2024<\/td>\n<\/tr>\n<tr class=\"row-102\">\n\t<td class=\"column-1\">204\/2024<\/td><td class=\"column-2\">Requer aquisi\u00e7\u00e3o de duas Ca\u00e7ambas e duas Grades para os Tratores do Munic\u00edpio.<\/td><td class=\"column-3\">Jos\u00e9 Gleison.<\/td><td class=\"column-4\">2024<\/td>\n<\/tr>\n<tr class=\"row-103\">\n\t<td class=\"column-1\">222\/2024<\/td><td class=\"column-2\">Requer Voto de Congratula\u00e7\u00f5es e Aplausos para a Equipe Organizadora da corrida de Barcos e Gincanas da Aldeia P\u00e3o de A\u00e7\u00facar.<\/td><td class=\"column-3\">Jos\u00e9 Gleison.<\/td><td class=\"column-4\">2024<\/td>\n<\/tr>\n<tr class=\"row-104\">\n\t<td class=\"column-1\">223\/2024<\/td><td class=\"column-2\">Requer Voto de Congratula\u00e7\u00f5es e Aplausos para Equipe Organizadora do Tradicional Leil\u00e3o da Aldeia P\u00e3o de A\u00e7\u00facar.<\/td><td class=\"column-3\">Jos\u00e9 Gleison.<\/td><td class=\"column-4\">2024<\/td>\n<\/tr>\n<tr class=\"row-105\">\n\t<td class=\"column-1\">224\/2024<\/td><td class=\"column-2\">Requer constru\u00e7\u00e3o de cal\u00e7amento no s\u00edtio Azevem<\/td><td class=\"column-3\">Jos\u00e9 Gleison<\/td><td class=\"column-4\">06\/08\/2024.<\/td>\n<\/tr>\n<tr class=\"row-106\">\n\t<td class=\"column-1\">236\/2024<\/td><td class=\"column-2\">Requer implanta\u00e7\u00e3o de uma Caixa d\"\u00e1gua no distrito Gravat\u00e1 dos Gomes.<\/td><td class=\"column-3\">Jos\u00e9 Gleison<\/td><td class=\"column-4\">2024<\/td>\n<\/tr>\n<tr class=\"row-107\">\n\t<td class=\"column-1\">240\/2024<\/td><td class=\"column-2\">Requer perfura\u00e7\u00e3o de Po\u00e7o Artesiano no Bairro do Prado.<\/td><td class=\"column-3\">Jos\u00e9 Gleison<\/td><td class=\"column-4\">2024<\/td>\n<\/tr>\n<tr class=\"row-108\">\n\t<td class=\"column-1\">244\/2024<\/td><td class=\"column-2\">Requer voto de Congratula\u00e7\u00f5es e Aplausos para todos os Conselheiros Tutelares do Munic\u00edpio.<\/td><td class=\"column-3\">Jos\u00e9 Gleison<\/td><td class=\"column-4\">2024<\/td>\n<\/tr>\n<tr class=\"row-109\">\n\t<td class=\"column-1\">017\/2023<\/td><td class=\"column-2\">Requer regulariza\u00e7\u00e3o das di\u00e1rias dos Motoristas da Secretaria de Sa\u00fade.<\/td><td class=\"column-3\">Jos\u00e9 Gleison.<\/td><td class=\"column-4\">2023<\/td>\n<\/tr>\n<tr class=\"row-110\">\n\t<td class=\"column-1\">030\/2023<\/td><td class=\"column-2\">Requer contrata\u00e7\u00e3o de Operadores de M\u00e1quinas para o Munic\u00edpio e disponibiliza\u00e7\u00e3o de Trator em cada setor para agilizar ara\u00e7\u00e3o das terras.<\/td><td class=\"column-3\">Jos\u00e9 Gleison.<\/td><td class=\"column-4\">2023<\/td>\n<\/tr>\n<tr class=\"row-111\">\n\t<td class=\"column-1\">037\/2023<\/td><td class=\"column-2\">Requer servi\u00e7o de ro\u00e7agem nas estradas do Munic\u00edpio.<\/td><td class=\"column-3\">Jos\u00e9 Gleison.<\/td><td class=\"column-4\">2023<\/td>\n<\/tr>\n<tr class=\"row-112\">\n\t<td class=\"column-1\">038\/2023<\/td><td class=\"column-2\">Requer constru\u00e7\u00e3o de Quebra-molas na rua dos Namorados, localizada no distrito Gravat\u00e1 dos Gomes.<\/td><td class=\"column-3\">Jos\u00e9 Gleison.<\/td><td class=\"column-4\">2023<\/td>\n<\/tr>\n<tr class=\"row-113\">\n\t<td class=\"column-1\">041\/2023<\/td><td class=\"column-2\">Requer troca de Colch\u00f5es das Ambul\u00e2ncias, manuten\u00e7\u00e3o dos Oxig\u00eanios, Kits de primeiros socorros e higieniza\u00e7\u00e3o de todos os Carros da Secretaria de Sa\u00fade.<\/td><td class=\"column-3\">Jos\u00e9 Gleison.<\/td><td class=\"column-4\">2023<\/td>\n<\/tr>\n<tr class=\"row-114\">\n\t<td class=\"column-1\">063\/2023<\/td><td class=\"column-2\">Requer abastecimento de \u00e1gua nas Comunidades Rurais.<\/td><td class=\"column-3\">Jos\u00e9 Gleison.<\/td><td class=\"column-4\">2023<\/td>\n<\/tr>\n<tr class=\"row-115\">\n\t<td class=\"column-1\">064\/2023<\/td><td class=\"column-2\">Requer manuten\u00e7\u00e3o nos Tratores do Munic\u00edpio.<\/td><td class=\"column-3\">Jos\u00e9 Gleison.<\/td><td class=\"column-4\">2023<\/td>\n<\/tr>\n<tr class=\"row-116\">\n\t<td class=\"column-1\">065\/2023<\/td><td class=\"column-2\">Requer manuten\u00e7\u00e3o na Caixa de dejetos localizada na Aldeia P\u00e3o de A\u00e7\u00facar.<\/td><td class=\"column-3\">Jos\u00e9 Gleison.<\/td><td class=\"column-4\">2023<\/td>\n<\/tr>\n<tr class=\"row-117\">\n\t<td class=\"column-1\">070\/2023<\/td><td class=\"column-2\">Requer manuten\u00e7\u00e3o na estrada do s\u00edtio Massaranduba<\/td><td class=\"column-3\">Jos\u00e9 Gleison.<\/td><td class=\"column-4\">2023<\/td>\n<\/tr>\n<tr class=\"row-118\">\n\t<td class=\"column-1\">012\/2023<\/td><td class=\"column-2\">Requer reajuste do Piso Nacional dos Professores.<\/td><td class=\"column-3\">Napole\u00e3o Cordeiro, concedida associa\u00e7\u00e3o a todos os Edis.<\/td><td class=\"column-4\">2023<\/td>\n<\/tr>\n<tr class=\"row-119\">\n\t<td class=\"column-1\">013\/2023<\/td><td class=\"column-2\">Requer constru\u00e7\u00e3o de cal\u00e7amento em duas Ruas localizadas na Aldeia P\u00e3o de A\u00e7\u00facar.<\/td><td class=\"column-3\">Jos\u00e9 Gleison.<\/td><td class=\"column-4\">2023<\/td>\n<\/tr>\n<tr class=\"row-120\">\n\t<td class=\"column-1\">014\/2023<\/td><td class=\"column-2\">Requer constru\u00e7\u00e3o de Passagem molhada no s\u00edtio Batalha.<\/td><td class=\"column-3\">Jos\u00e9 Gleison.<\/td><td class=\"column-4\">2023<\/td>\n<\/tr>\n<tr class=\"row-121\">\n\t<td class=\"column-1\">025\/2023<\/td><td class=\"column-2\">Requer constru\u00e7\u00e3o de Quadra Poliesportiva no Distrito Gravat\u00e1 dos Gomes.<\/td><td class=\"column-3\">Jos\u00e9 Gleison e Jos\u00e9 Silvestre.<\/td><td class=\"column-4\">2023<\/td>\n<\/tr>\n<tr class=\"row-122\">\n\t<td class=\"column-1\">028\/2023<\/td><td class=\"column-2\">Requer urbaniza\u00e7\u00e3o do P\u00e1tio do Cemit\u00e9rio da Aldeia P\u00e3o de A\u00e7\u00facar.<\/td><td class=\"column-3\">Jos\u00e9 Gleison e Caique Alberto.<\/td><td class=\"column-4\">2023<\/td>\n<\/tr>\n<tr class=\"row-123\">\n\t<td class=\"column-1\">036\/2023<\/td><td class=\"column-2\">Requer regulariza\u00e7\u00e3o no abastecimento de \u00e1gua na Aldeia P\u00e3o de A\u00e7\u00facar.<\/td><td class=\"column-3\">Jos\u00e9 Gleison e Caique Alberto.<\/td><td class=\"column-4\">2023<\/td>\n<\/tr>\n<tr class=\"row-124\">\n\t<td class=\"column-1\">040\/2023<\/td><td class=\"column-2\">Requer conclus\u00e3o de todo Saneamento do Munic\u00edpio.<\/td><td class=\"column-3\">Jos\u00e9 Gleison.<\/td><td class=\"column-4\">2023<\/td>\n<\/tr>\n<tr class=\"row-125\">\n\t<td class=\"column-1\">051\/2023<\/td><td class=\"column-2\">Requer constru\u00e7\u00e3o de Sede para o Conselho Tutelar.<\/td><td class=\"column-3\">Jos\u00e9 Gleison.<\/td><td class=\"column-4\">2023<\/td>\n<\/tr>\n<tr class=\"row-126\">\n\t<td class=\"column-1\">061\/2023<\/td><td class=\"column-2\">Requer doa\u00e7\u00e3o de doses da vacina Brucelose para os Criadores do Munic\u00edpio.<\/td><td class=\"column-3\">Jos\u00e9 Gleison<\/td><td class=\"column-4\">2023<\/td>\n<\/tr>\n<tr class=\"row-127\">\n\t<td class=\"column-1\">097\/2023<\/td><td class=\"column-2\">Requer Projeto de Lei concedendo reajuste no valor do Bolsa Volunt\u00e1rio.<\/td><td class=\"column-3\">Todos os Edis.<\/td><td class=\"column-4\">2023<\/td>\n<\/tr>\n<tr class=\"row-128\">\n\t<td class=\"column-1\">098\/2023<\/td><td class=\"column-2\">Requer limpeza da barragem do distrito Gravat\u00e1 dos Gomes<\/td><td class=\"column-3\">Jos\u00e9 Gleison.<\/td><td class=\"column-4\">2023<\/td>\n<\/tr>\n<tr class=\"row-129\">\n\t<td class=\"column-1\">103\/2023<\/td><td class=\"column-2\">Requer constru\u00e7\u00e3o de uma Casa de Apoio no distrito Gravat\u00e1 dos Gomes.<\/td><td class=\"column-3\">Jos\u00e9 Gleison.<\/td><td class=\"column-4\">2023<\/td>\n<\/tr>\n<tr class=\"row-130\">\n\t<td class=\"column-1\">106\/2023<\/td><td class=\"column-2\">Requer aquisi\u00e7\u00e3o de Ambul\u00e2ncias para o distrito Gravat\u00e1 dos Gomes e Aldeia P\u00e3o de A\u00e7\u00facar.<\/td><td class=\"column-3\">Jos\u00e9 Gleison.<\/td><td class=\"column-4\">2023<\/td>\n<\/tr>\n<tr class=\"row-131\">\n\t<td class=\"column-1\">119\/2023<\/td><td class=\"column-2\">Requer Voto de Congratula\u00e7\u00f5es e Aplausos para a Exma. Sra. Vereadora Ruth Alves.<\/td><td class=\"column-3\">Todos os Edis.<\/td><td class=\"column-4\">2023<\/td>\n<\/tr>\n<tr class=\"row-132\">\n\t<td class=\"column-1\">121\/2023<\/td><td class=\"column-2\">Requer perfura\u00e7\u00e3o de Po\u00e7os Artesianos em algumas localidade Rurais.<\/td><td class=\"column-3\">Jos\u00e9 Gleison.<\/td><td class=\"column-4\">2023<\/td>\n<\/tr>\n<tr class=\"row-133\">\n\t<td class=\"column-1\">126\/2023<\/td><td class=\"column-2\">Voto de Pesar pelo falecimento do Sr. Gercino de Almeida Aquino.<\/td><td class=\"column-3\">Jos\u00e9 Gleison.<\/td><td class=\"column-4\">2023<\/td>\n<\/tr>\n<tr class=\"row-134\">\n\t<td class=\"column-1\">116\/2023<\/td><td class=\"column-2\">Requer constru\u00e7\u00e3o de Banheiros em determinadas Pra\u00e7as Municipais.<\/td><td class=\"column-3\">Jos\u00e9 Gleison.<\/td><td class=\"column-4\">2023<\/td>\n<\/tr>\n<tr class=\"row-135\">\n\t<td class=\"column-1\">133\/2023<\/td><td class=\"column-2\">Requer constru\u00e7\u00e3o de cal\u00e7amento no distrito Gravat\u00e1 dos Gomes.<\/td><td class=\"column-3\">Jos\u00e9 Gleison.<\/td><td class=\"column-4\">2023<\/td>\n<\/tr>\n<tr class=\"row-136\">\n\t<td class=\"column-1\">134\/2023<\/td><td class=\"column-2\">Requer revitaliza\u00e7\u00e3o do Cruzeiro Cat\u00f3lico da Aldeia P\u00e3o de A\u00e7\u00facar.<\/td><td class=\"column-3\">Jos\u00e9 Gleison.<\/td><td class=\"column-4\">2023<\/td>\n<\/tr>\n<tr class=\"row-137\">\n\t<td class=\"column-1\">147\/2023<\/td><td class=\"column-2\">Requer reforma e amplia\u00e7\u00e3o dos Cemit\u00e9rios Municipais localizados no distrito Gravat\u00e1 dos Gomes e Aldeia P\u00e3o de A\u00e7\u00facar.<\/td><td class=\"column-3\">Jos\u00e9 Gleison e Jos\u00e9 Silvestre.<\/td><td class=\"column-4\">2023<\/td>\n<\/tr>\n<tr class=\"row-138\">\n\t<td class=\"column-1\">150\/2023<\/td><td class=\"column-2\">Requer constru\u00e7\u00e3o de cal\u00e7amento e implanta\u00e7\u00e3o de Postes no s\u00edtio Lagoa Seca<\/td><td class=\"column-3\">Jos\u00e9 Gleison.<\/td><td class=\"column-4\">2023<\/td>\n<\/tr>\n<tr class=\"row-139\">\n\t<td class=\"column-1\">167\/2023<\/td><td class=\"column-2\">Requer implanta\u00e7\u00e3o  de um novo ponto de Moto T\u00e1xi na Pra\u00e7a Monsenhor Estanislau.<\/td><td class=\"column-3\">Jos\u00e9 Gleison<\/td><td class=\"column-4\">2023<\/td>\n<\/tr>\n<tr class=\"row-140\">\n\t<td class=\"column-1\">170\/2023<\/td><td class=\"column-2\">Requer voto de Congratula\u00e7\u00f5es e Aplausos para o Sr. Jos\u00e9 Genailson Batista Bezerra.<\/td><td class=\"column-3\">Jos\u00e9 Gleison.<\/td><td class=\"column-4\">2023<\/td>\n<\/tr>\n<tr class=\"row-141\">\n\t<td class=\"column-1\">176\/2023<\/td><td class=\"column-2\">Requer amplia\u00e7\u00e3o da UBS Nossa Senhora de F\u00e1tima.<\/td><td class=\"column-3\">Jos\u00e9 Gleison.<\/td><td class=\"column-4\">2023<\/td>\n<\/tr>\n<tr class=\"row-142\">\n\t<td class=\"column-1\">191\/2023<\/td><td class=\"column-2\">Requer constru\u00e7\u00e3o de Creche no distrito Gravat\u00e1 dos Gomes.<\/td><td class=\"column-3\">Jos\u00e9 Gleison.<\/td><td class=\"column-4\">2023<\/td>\n<\/tr>\n<tr class=\"row-143\">\n\t<td class=\"column-1\">192\/2023<\/td><td class=\"column-2\">Requer implanta\u00e7\u00e3o de Antena de Telefonia m\u00f3vel da Operadora Claro, no distrito Gravat\u00e1 dos Gomes.<\/td><td class=\"column-3\">Jos\u00e9 Gleison.<\/td><td class=\"column-4\">2023<\/td>\n<\/tr>\n<tr class=\"row-144\">\n\t<td class=\"column-1\">193\/2023<\/td><td class=\"column-2\">Requer coloca\u00e7\u00e3o de Placas nas Ruas denominadas no distrito Gravat\u00e1 dos Gomes.<\/td><td class=\"column-3\">Jos\u00e9 Gleison.<\/td><td class=\"column-4\">2023<\/td>\n<\/tr>\n<tr class=\"row-145\">\n\t<td class=\"column-1\">194\/2023<\/td><td class=\"column-2\">Requer aquisi\u00e7\u00e3o de M\u00e1quina de Esteira para o Munic\u00edpio.<\/td><td class=\"column-3\">Jos\u00e9 Gleison e Jos\u00e9 Silvestre.<\/td><td class=\"column-4\">2023<\/td>\n<\/tr>\n<tr class=\"row-146\">\n\t<td class=\"column-1\">223\/2023<\/td><td class=\"column-2\">Requer constru\u00e7\u00e3o de Passagem Molhada no s\u00edtio Lagoa Seca.<\/td><td class=\"column-3\">Jos\u00e9 Gleison.<\/td><td class=\"column-4\">2023<\/td>\n<\/tr>\n<tr class=\"row-147\">\n\t<td class=\"column-1\">228\/2023<\/td><td class=\"column-2\">Requer implanta\u00e7\u00e3o de Antena de Telefonia m\u00f3vel da Operadora Claro, na Aldeia P\u00e3o de A\u00e7\u00facar.<\/td><td class=\"column-3\">Jos\u00e9 Gleison.<\/td><td class=\"column-4\">2023<\/td>\n<\/tr>\n<tr class=\"row-148\">\n\t<td class=\"column-1\">238\/2023<\/td><td class=\"column-2\">Requer implanta\u00e7\u00e3o de uma Ag\u00eancia do Bradesco em nosso Munic\u00edpio.<\/td><td class=\"column-3\">Jos\u00e9 Gleison.<\/td><td class=\"column-4\">2023<\/td>\n<\/tr>\n<tr class=\"row-149\">\n\t<td class=\"column-1\">258\/2023<\/td><td class=\"column-2\">Requer constru\u00e7\u00e3o de Portal na entrada da Aldeia P\u00e3o de A\u00e7\u00facar.<\/td><td class=\"column-3\">Jos\u00e9 Gleison e Jos\u00e9 Silvestre.<\/td><td class=\"column-4\">2023<\/td>\n<\/tr>\n<tr class=\"row-150\">\n\t<td class=\"column-1\">259\/2023<\/td><td class=\"column-2\">Requer realiza\u00e7\u00e3o de pinturas com artes na Escola Santa Clara, localizada no distrito Gravat\u00e1 dos Gomes.<\/td><td class=\"column-3\">Jos\u00e9 Gleison.<\/td><td class=\"column-4\">2023<\/td>\n<\/tr>\n<tr class=\"row-151\">\n\t<td class=\"column-1\">269\/2023<\/td><td class=\"column-2\">Requer Voto de Pesar pelo falecimento da Sra. Paula Frassinett da Silva.<\/td><td class=\"column-3\">Jos\u00e9 Gleison.<\/td><td class=\"column-4\">2023<\/td>\n<\/tr>\n<tr class=\"row-152\">\n\t<td class=\"column-1\">278\/2023<\/td><td class=\"column-2\">Requer Votos de Congratula\u00e7\u00f5es e Aplausos para a Equipe Organizadora da Cavalgada S\u00e3o Jo\u00e3o Batista.<\/td><td class=\"column-3\">Jos\u00e9 Gleison.<\/td><td class=\"column-4\">2023<\/td>\n<\/tr>\n<tr class=\"row-153\">\n\t<td class=\"column-1\">286\/2023<\/td><td class=\"column-2\">Requer constru\u00e7\u00e3o de Pista de Motocross.<\/td><td class=\"column-3\">Jos\u00e9 Gleison.<\/td><td class=\"column-4\">2023<\/td>\n<\/tr>\n<tr class=\"row-154\">\n\t<td class=\"column-1\">291\/2023<\/td><td class=\"column-2\">Requer aquisi\u00e7\u00e3o de novos Ve\u00edculos para a Secretaria de Sa\u00fade.<\/td><td class=\"column-3\">Todos os Edis.<\/td><td class=\"column-4\">2023<\/td>\n<\/tr>\n<tr class=\"row-155\">\n\t<td class=\"column-1\">297\/2023<\/td><td class=\"column-2\">Requer continua\u00e7\u00e3o do asfalto no distrito Gravat\u00e1 dos Gomes.<\/td><td class=\"column-3\">Jos\u00e9 Gleison.<\/td><td class=\"column-4\">2023<\/td>\n<\/tr>\n<tr class=\"row-156\">\n\t<td class=\"column-1\">303\/2023<\/td><td class=\"column-2\">Requer Voto de Pesar pelo falecimento da Sra. Maria Bernardo de Oliveira.<\/td><td class=\"column-3\">Jos\u00e9 Gleison.<\/td><td class=\"column-4\">2023<\/td>\n<\/tr>\n<tr class=\"row-157\">\n\t<td class=\"column-1\">308\/2023<\/td><td class=\"column-2\">Requer aquisi\u00e7\u00e3o de duas M\u00e1quinas Ensilhadeiras de grande porte para o Munic\u00edpio.<\/td><td class=\"column-3\">Jos\u00e9 Gleison<\/td><td class=\"column-4\">2023<\/td>\n<\/tr>\n<tr class=\"row-158\">\n\t<td class=\"column-1\">332\/2023<\/td><td class=\"column-2\">Requer Voto de Pesar pelo falecimento do Sr. Manoel Jos\u00e9 Neto, ex- Vereador do Munic\u00edpio.<\/td><td class=\"column-3\">Todos os Edis.<\/td><td class=\"column-4\">2023<\/td>\n<\/tr>\n<tr class=\"row-159\">\n\t<td class=\"column-1\">055\/2023<\/td><td class=\"column-2\">Requer Voto de Congratula\u00e7\u00f5es e Aplausos para o Sr. Daniel Gomes da Costa J\u00fanior.<\/td><td class=\"column-3\">Jos\u00e9 Gleison.<\/td><td class=\"column-4\">2023<\/td>\n<\/tr>\n<tr class=\"row-160\">\n\t<td class=\"column-1\">056\/2023<\/td><td class=\"column-2\">Requer Voto de Congratula\u00e7\u00f5es e Aplausos para o Sr. Jos\u00e9 Eritam Bezerra Monteiro.<\/td><td class=\"column-3\">Jos\u00e9 Gleison.<\/td><td class=\"column-4\">2023<\/td>\n<\/tr>\n<tr class=\"row-161\">\n\t<td class=\"column-1\">057\/2023<\/td><td class=\"column-2\">Requer Voto de Congratula\u00e7\u00f5es e Aplausos para o Sr. Felipe Feitosa de Souza.<\/td><td class=\"column-3\">Jos\u00e9 Gleison.<\/td><td class=\"column-4\">2023<\/td>\n<\/tr>\n<tr class=\"row-162\">\n\t<td class=\"column-1\">058\/2023<\/td><td class=\"column-2\">Requer Voto de Congratula\u00e7\u00f5es e Aplausos para o Sr. Tiago Ferreira de Brito.<\/td><td class=\"column-3\">Jos\u00e9 Gleison<\/td><td class=\"column-4\">2023<\/td>\n<\/tr>\n<tr class=\"row-163\">\n\t<td class=\"column-1\">059\/20233<\/td><td class=\"column-2\">Requer Voto de Congratula\u00e7\u00f5es e Aplausos para o Sr. Adegilson Flor\u00eancio.<\/td><td class=\"column-3\">Jos\u00e9 Gleison.<\/td><td class=\"column-4\">2023<\/td>\n<\/tr>\n<tr class=\"row-164\">\n\t<td class=\"column-1\">066\/2023<\/td><td class=\"column-2\">Requer Voto de Pesar pelo falecimento do Sr. Paulo Fernandes Feitoza.<\/td><td class=\"column-3\">Jos\u00e9 Gleison e Wrides Mendes<\/td><td class=\"column-4\">2023<\/td>\n<\/tr>\n<tr class=\"row-165\">\n\t<td class=\"column-1\">212\/2023<\/td><td class=\"column-2\">Requer realiza\u00e7\u00e3o de limpeza na Lagoa localizada no distrito Gravat\u00e1 dos Gomes.<\/td><td class=\"column-3\">Jos\u00e9 Gleison.<\/td><td class=\"column-4\">2023<\/td>\n<\/tr>\n<tr class=\"row-166\">\n\t<td class=\"column-1\">287\/2023<\/td><td class=\"column-2\">Requer constru\u00e7\u00e3o de uma Sede para o Centro de Refer\u00eancia de Assist\u00eancia Social.<\/td><td class=\"column-3\">Jos\u00e9 Gleison.<\/td><td class=\"column-4\">2023<\/td>\n<\/tr>\n<tr class=\"row-167\">\n\t<td class=\"column-1\">335\/2023<\/td><td class=\"column-2\">Requer Voto de Pesar pelo falecimento do Sr. Lourival Cordeiro Vasconcelos.<\/td><td class=\"column-3\">Jos\u00e9 Gleison, Silas Marconi e Wrides Mendes.<\/td><td class=\"column-4\">2023<\/td>\n<\/tr>\n<tr class=\"row-168\">\n\t<td class=\"column-1\">341\/2023<\/td><td class=\"column-2\">Requer Voto de Congratula\u00e7\u00f5es e Aplausos para o Sr. Jos\u00e9 Roberto de Ara\u00fajo Cavalcanti.<\/td><td class=\"column-3\">Jos\u00e9 Gleison.<\/td><td class=\"column-4\">2023<\/td>\n<\/tr>\n<tr class=\"row-169\">\n\t<td class=\"column-1\">351\/2023<\/td><td class=\"column-2\">Requer Voto de Pesar pelo falecimento do Sr. Jos\u00e9 Eudes Guenes de Oliveira<\/td><td class=\"column-3\">Jos\u00e9 Gleison e Silas Marconi.<\/td><td class=\"column-4\">2023<\/td>\n<\/tr>\n<tr class=\"row-170\">\n\t<td class=\"column-1\">353\/2023<\/td><td class=\"column-2\">Requer Voto de Congratula\u00e7\u00f5es e Aplausos par o Sr. Evando Francisco de Freitas.<\/td><td class=\"column-3\">Jos\u00e9 Gleison.<\/td><td class=\"column-4\">2023<\/td>\n<\/tr>\n<tr class=\"row-171\">\n\t<td class=\"column-1\">395\/2023<\/td><td class=\"column-2\">Requer pavimenta\u00e7\u00e3o pr\u00f3ximo a Barragem da Aldeia P\u00e3o de A\u00e7\u00facar.<\/td><td class=\"column-3\">Jos\u00e9 Gleison.<\/td><td class=\"column-4\">2023<\/td>\n<\/tr>\n<tr class=\"row-172\">\n\t<td class=\"column-1\">403\/2023<\/td><td class=\"column-2\">Requer aquisi\u00e7\u00e3o de M\u00e1quina Retroescavadeira para o Munic\u00edpio.<\/td><td class=\"column-3\">Jos\u00e9 Gleison<\/td><td class=\"column-4\">2023<\/td>\n<\/tr>\n<tr class=\"row-173\">\n\t<td class=\"column-1\">404\/2023<\/td><td class=\"column-2\">Requer perfura\u00e7\u00e3o de Po\u00e7os artesianos com profundidade aproximada a 900 metros.<\/td><td class=\"column-3\">Jos\u00e9 Gleison.<\/td><td class=\"column-4\">2023<\/td>\n<\/tr>\n<tr class=\"row-174\">\n\t<td class=\"column-1\">415\/2023<\/td><td class=\"column-2\">Requer constru\u00e7\u00e3o de monumento em homenagem ao Sr. Geraldo da Silva Andrade, na Pra\u00e7a localizada no Bairro dos Currais.<\/td><td class=\"column-3\">Jos\u00e9 Gleison.<\/td><td class=\"column-4\">2023<\/td>\n<\/tr>\n<tr class=\"row-175\">\n\t<td class=\"column-1\">420\/2023<\/td><td class=\"column-2\">Requer Voto de Congratula\u00e7\u00f5es e Aplausos para o Exmo. Sr. Emerson Cordeiro Vasconcelos.<\/td><td class=\"column-3\">Jos\u00e9 Gleison.<\/td><td class=\"column-4\">2023<\/td>\n<\/tr>\n<tr class=\"row-176\">\n\t<td class=\"column-1\">421\/2023<\/td><td class=\"column-2\">Requer constru\u00e7\u00e3o de cal\u00e7amento nas imedia\u00e7\u00f5es do Campo de futebol localizado no distrito Gravat\u00e1 dos Gomes.<\/td><td class=\"column-3\">Jos\u00e9 Gleison.<\/td><td class=\"column-4\">2023<\/td>\n<\/tr>\n<\/tbody>\n<\/table>\n<!-- #tablepress-31 from cache -->\n","protected":false},"excerpt":{"rendered":"","protected":false},"author":3,"featured_media":0,"parent":0,"menu_order":0,"comment_status":"closed","ping_status":"closed","template":"","meta":{"footnotes":""},"class_list":["post-1561","page","type-page","status-publish","hentry","active"],"aioseo_notices":[],"_links":{"self":[{"href":"https:\/\/camarapocao.pe.gov.br\/v1\/wp-json\/wp\/v2\/pages\/1561","targetHints":{"allow":["GET"]}}],"collection":[{"href":"https:\/\/camarapocao.pe.gov.br\/v1\/wp-json\/wp\/v2\/pages"}],"about":[{"href":"https:\/\/camarapocao.pe.gov.br\/v1\/wp-json\/wp\/v2\/types\/page"}],"author":[{"embeddable":true,"href":"https:\/\/camarapocao.pe.gov.br\/v1\/wp-json\/wp\/v2\/users\/3"}],"replies":[{"embeddable":true,"href":"https:\/\/camarapocao.pe.gov.br\/v1\/wp-json\/wp\/v2\/comments?post=1561"}],"version-history":[{"count":1,"href":"https:\/\/camarapocao.pe.gov.br\/v1\/wp-json\/wp\/v2\/pages\/1561\/revisions"}],"predecessor-version":[{"id":1568,"href":"https:\/\/camarapocao.pe.gov.br\/v1\/wp-json\/wp\/v2\/pages\/1561\/revisions\/1568"}],"wp:attachment":[{"href":"https:\/\/camarapocao.pe.gov.br\/v1\/wp-json\/wp\/v2\/media?parent=1561"}],"curies":[{"name":"wp","href":"https:\/\/api.w.org\/{rel}","templated":true}]}}