{"id":1560,"date":"2024-04-12T22:44:33","date_gmt":"2024-04-13T01:44:33","guid":{"rendered":"https:\/\/camarapocao.pe.gov.br\/?page_id=1560"},"modified":"2024-04-12T22:44:33","modified_gmt":"2024-04-13T01:44:33","slug":"requerimentos-vereador-silas","status":"publish","type":"page","link":"https:\/\/camarapocao.pe.gov.br\/v1\/requerimentos-vereador-silas\/","title":{"rendered":"REQUERIMENTOS \u2013 VEREADOR SILAS"},"content":{"rendered":"\n<table id=\"tablepress-27\" class=\"tablepress tablepress-id-27\">\n<thead>\n<tr class=\"row-1\">\n\t<th class=\"column-1\">N\u00daMERO<\/th><th class=\"column-2\">EMENTA<\/th><th class=\"column-3\">AUTOR<\/th><th class=\"column-4\">ANO<\/th>\n<\/tr>\n<\/thead>\n<tbody class=\"row-striping row-hover\">\n<tr class=\"row-2\">\n\t<td class=\"column-1\">010\/2024<\/td><td class=\"column-2\">Requer Votos de Congratula\u00e7\u00f5es e Aplausos para a Ilustr\u00edssima Ingra Natali Patriota Duarte Ara\u00fajo, extensivo a todos Organizadores e Participantes do Bloco Carnavalesco Devendo e Luxando.<\/td><td class=\"column-3\">Silas Marconi.<\/td><td class=\"column-4\">2024<\/td>\n<\/tr>\n<tr class=\"row-3\">\n\t<td class=\"column-1\">013\/2024<\/td><td class=\"column-2\">Requer levantamento dos Po\u00e7os Artesianos do Munic\u00edpio e revitaliza\u00e7\u00e3o nos mesmos.<\/td><td class=\"column-3\">S\u00edlvio Andrade e Silas Marconi.<\/td><td class=\"column-4\">2024<\/td>\n<\/tr>\n<tr class=\"row-4\">\n\t<td class=\"column-1\">014\/2024<\/td><td class=\"column-2\">Requer Voto de Congratula\u00e7\u00f5es e Aplausos para o Sr. Dr. Paulo da Silva Campos Filho.<\/td><td class=\"column-3\">S\u00edlvio Andrade e Silas Marconi.<\/td><td class=\"column-4\">2024<\/td>\n<\/tr>\n<tr class=\"row-5\">\n\t<td class=\"column-1\">015\/2024<\/td><td class=\"column-2\">Requer Voto de Congratula\u00e7\u00f5es e Aplausos para o Sr. Dr. Gustavo da Silva Lima.<\/td><td class=\"column-3\">S\u00edlvio Andrade e Silas Marconi.<\/td><td class=\"column-4\">2024<\/td>\n<\/tr>\n<tr class=\"row-6\">\n\t<td class=\"column-1\">016\/2024<\/td><td class=\"column-2\">Requer envio de Projeto de Lei concedendo reajuste salarial para os Profissionais Efetivos do Munic\u00edpio.<\/td><td class=\"column-3\">Todos os Edis.<\/td><td class=\"column-4\">2024<\/td>\n<\/tr>\n<tr class=\"row-7\">\n\t<td class=\"column-1\">018\/2024<\/td><td class=\"column-2\">Requer Votos de Congratula\u00e7\u00f5es e Aplausos para o Ilustr\u00edssimo Senhor Adegilson Flor\u00eancio, extensivo a todos Organizadores e Participantes do Bloco Carnavalesco Inimigos do Fim.<\/td><td class=\"column-3\">Silas Marconi.<\/td><td class=\"column-4\">2024<\/td>\n<\/tr>\n<tr class=\"row-8\">\n\t<td class=\"column-1\">019\/2024<\/td><td class=\"column-2\">Requer constru\u00e7\u00e3o da Sede do Centro de Aten\u00e7\u00e3o Psicossocial.<\/td><td class=\"column-3\">Silas Marconi e Caique Alberto.<\/td><td class=\"column-4\">2024<\/td>\n<\/tr>\n<tr class=\"row-9\">\n\t<td class=\"column-1\">028\/2024<\/td><td class=\"column-2\">Requer aquisi\u00e7\u00e3o de Terreno destinado a constru\u00e7\u00e3o de uma Creche no Munic\u00edpio.<\/td><td class=\"column-3\">Todos os Edis.<\/td><td class=\"column-4\">2024<\/td>\n<\/tr>\n<tr class=\"row-10\">\n\t<td class=\"column-1\">038\/2024<\/td><td class=\"column-2\">Requer Votos de Congratula\u00e7\u00f5es e Aplausos para todos os Agentes Comunit\u00e1rios de Sa\u00fade e Endemias do Munic\u00edpio.<\/td><td class=\"column-3\">Silas Marconi.<\/td><td class=\"column-4\">2024<\/td>\n<\/tr>\n<tr class=\"row-11\">\n\t<td class=\"column-1\">050\/2024.<\/td><td class=\"column-2\">Requer Voto de Congratula\u00e7\u00f5es e Aplausos para a Sra. Aline Cordeiro de Vasconcelos Silva.<\/td><td class=\"column-3\">Silas Marconi.<\/td><td class=\"column-4\">2024<\/td>\n<\/tr>\n<tr class=\"row-12\">\n\t<td class=\"column-1\">051\/2024.<\/td><td class=\"column-2\">Requer Voto de Congratula\u00e7\u00f5es e Aplausos para Maria Daniela Silva Lopes.<\/td><td class=\"column-3\">Silas Marconi.<\/td><td class=\"column-4\">2024<\/td>\n<\/tr>\n<tr class=\"row-13\">\n\t<td class=\"column-1\">052\/2024.<\/td><td class=\"column-2\">Requer Voto de Congratula\u00e7\u00f5es e Aplausos para F\u00e9liz Jayson Laurentino.<\/td><td class=\"column-3\">Silas Marconi.<\/td><td class=\"column-4\">2024<\/td>\n<\/tr>\n<tr class=\"row-14\">\n\t<td class=\"column-1\">053\/2024.<\/td><td class=\"column-2\">Requer Voto de Congratula\u00e7\u00f5es e Aplausos para Arlindo Bezerra de Carvalho.<\/td><td class=\"column-3\">Silas Marconi.<\/td><td class=\"column-4\">2024<\/td>\n<\/tr>\n<tr class=\"row-15\">\n\t<td class=\"column-1\">054\/2024.<\/td><td class=\"column-2\">Requer Voto de Congratula\u00e7\u00f5es e Aplausos para a Sra. Maria Efig\u00eania Moraes de Souza.<\/td><td class=\"column-3\">Silas Marconi.<\/td><td class=\"column-4\">2024<\/td>\n<\/tr>\n<tr class=\"row-16\">\n\t<td class=\"column-1\">055\/2024.<\/td><td class=\"column-2\">Requer Voto de Congratula\u00e7\u00f5es e Aplausos para Maria Aparecida Carvalho.<\/td><td class=\"column-3\">Silas Marconi.<\/td><td class=\"column-4\">2024<\/td>\n<\/tr>\n<tr class=\"row-17\">\n\t<td class=\"column-1\">056\/2024.<\/td><td class=\"column-2\">Requer Voto de Congratula\u00e7\u00f5es e Aplausos para a Sra. Marilene Rodrigues.<\/td><td class=\"column-3\">Silas Marconi.<\/td><td class=\"column-4\">2024<\/td>\n<\/tr>\n<tr class=\"row-18\">\n\t<td class=\"column-1\">057\/2024.<\/td><td class=\"column-2\">Requer Voto de Congratula\u00e7\u00f5es e Aplausos para Daiane Alves de Lima.<\/td><td class=\"column-3\">Silas Marconi.<\/td><td class=\"column-4\">2024<\/td>\n<\/tr>\n<tr class=\"row-19\">\n\t<td class=\"column-1\">059\/2024.<\/td><td class=\"column-2\">Requer Aulas de Zumba na Pra\u00e7a Monsenhor, COHAB, Bairro dos Currais, Prado, Aldeia P\u00e3o de A\u00e7\u00facar e distrito Gravat\u00e1 dos Gomes.<\/td><td class=\"column-3\">Silas Marconi.<\/td><td class=\"column-4\">2024<\/td>\n<\/tr>\n<tr class=\"row-20\">\n\t<td class=\"column-1\">061\/2024<\/td><td class=\"column-2\">Requer Voto de Congratula\u00e7\u00f5es e Aplausos para toda Equipe do SAMU de Po\u00e7\u00e3o\/PE.<\/td><td class=\"column-3\">Ruth Alves e Silas Marconi.<\/td><td class=\"column-4\">2024<\/td>\n<\/tr>\n<tr class=\"row-21\">\n\t<td class=\"column-1\">065\/2024.<\/td><td class=\"column-2\">Requer organiza\u00e7\u00e3o do tr\u00e2nsito da rua Maria Andrade.<\/td><td class=\"column-3\">Silas Marconi.<\/td><td class=\"column-4\">2024<\/td>\n<\/tr>\n<tr class=\"row-22\">\n\t<td class=\"column-1\">077\/2024.<\/td><td class=\"column-2\">Requer Voto de Congratula\u00e7\u00f5es e Aplausos para Josefa Poliana Ventura de Melo.<\/td><td class=\"column-3\">Silas Marconi.<\/td><td class=\"column-4\">2024<\/td>\n<\/tr>\n<tr class=\"row-23\">\n\t<td class=\"column-1\">078\/2024.<\/td><td class=\"column-2\">Requer Voto de Congratula\u00e7\u00f5es e Aplausos para Maria Fernanda Alves de Lima.<\/td><td class=\"column-3\">Silas Marconi.<\/td><td class=\"column-4\">2024<\/td>\n<\/tr>\n<tr class=\"row-24\">\n\t<td class=\"column-1\">079\/2024.<\/td><td class=\"column-2\">Requer Voto de Congratula\u00e7\u00f5es e Aplausos para Maria Jos\u00e9 Alves da Silva.<\/td><td class=\"column-3\">Silas Marconi.<\/td><td class=\"column-4\">2024<\/td>\n<\/tr>\n<tr class=\"row-25\">\n\t<td class=\"column-1\">080\/2024.<\/td><td class=\"column-2\">Requer Voto de Congratula\u00e7\u00f5es e Aplausos para Adeildo Marinho Jatob\u00e1.<\/td><td class=\"column-3\">Silas Marconi.<\/td><td class=\"column-4\">2024<\/td>\n<\/tr>\n<tr class=\"row-26\">\n\t<td class=\"column-1\">090\/2024<\/td><td class=\"column-2\">Requer Voto de Congratula\u00e7\u00f5es e Aplausos para o Sr. Ednauro Nunes dos Santos, Se. Municipal de Obras.<\/td><td class=\"column-3\">Napole\u00e3o Cordeiro e Silas Marconi.<\/td><td class=\"column-4\">2024<\/td>\n<\/tr>\n<tr class=\"row-27\">\n\t<td class=\"column-1\">117\/2024.<\/td><td class=\"column-2\">Requer Voto de Congratula\u00e7\u00f5es e Aplausos para Will Anderson Miranda.<\/td><td class=\"column-3\">Silas Marconi e Napole\u00e3o Cordeiro.<\/td><td class=\"column-4\">2024<\/td>\n<\/tr>\n<tr class=\"row-28\">\n\t<td class=\"column-1\">124\/2024.<\/td><td class=\"column-2\">Requer Voto de Congratula\u00e7\u00f5es e Aplausos para a Sra. Zenaide Salvador dos Santos.<\/td><td class=\"column-3\">Silas Marconi.<\/td><td class=\"column-4\">2024<\/td>\n<\/tr>\n<tr class=\"row-29\">\n\t<td class=\"column-1\">140\/2024.<\/td><td class=\"column-2\">Requer aquisi\u00e7\u00e3o de Caminh\u00e3o coletor de lixo para o Munic\u00edpio.<\/td><td class=\"column-3\">Silas Marconi, Jos\u00e9 Gleison e Jos\u00e9 Silvestre.<\/td><td class=\"column-4\">2024<\/td>\n<\/tr>\n<tr class=\"row-30\">\n\t<td class=\"column-1\">172\/2024.<\/td><td class=\"column-2\">Requer Voto de Congratula\u00e7\u00f5es e Aplausos para Luana Vit\u00f3ria Mineiro.<\/td><td class=\"column-3\">Silas Marconi.<\/td><td class=\"column-4\">2024<\/td>\n<\/tr>\n<tr class=\"row-31\">\n\t<td class=\"column-1\">173\/2024.<\/td><td class=\"column-2\">Requer Voto de Congratula\u00e7\u00f5es e Aplausos para Maria Rosimere Lino de Souza.<\/td><td class=\"column-3\">Silas Marconi.<\/td><td class=\"column-4\">2024<\/td>\n<\/tr>\n<tr class=\"row-32\">\n\t<td class=\"column-1\">174\/2024.<\/td><td class=\"column-2\">Requer Voto de Congratula\u00e7\u00f5es e Aplausos para Gisele da Silva Feitosa.<\/td><td class=\"column-3\">Silas Marconi.<\/td><td class=\"column-4\">2024<\/td>\n<\/tr>\n<tr class=\"row-33\">\n\t<td class=\"column-1\">175\/2024.<\/td><td class=\"column-2\">Requer Voto de Congratula\u00e7\u00f5es e Aplausos para Adriana Lopes.<\/td><td class=\"column-3\">Silas Marconi.<\/td><td class=\"column-4\">2024<\/td>\n<\/tr>\n<tr class=\"row-34\">\n\t<td class=\"column-1\">176\/2024.<\/td><td class=\"column-2\">Requer Voto de Congratula\u00e7\u00f5es e Aplausos para Lara Nascimento.<\/td><td class=\"column-3\">Silas Marconi.<\/td><td class=\"column-4\">2024<\/td>\n<\/tr>\n<tr class=\"row-35\">\n\t<td class=\"column-1\">177\/2024.<\/td><td class=\"column-2\">Requer Voto de Congratula\u00e7\u00f5es e Aplausos para Hediv\u00e2nia Jatob\u00e1.<\/td><td class=\"column-3\">Silas Marconi.<\/td><td class=\"column-4\">2024<\/td>\n<\/tr>\n<tr class=\"row-36\">\n\t<td class=\"column-1\">178\/2024.<\/td><td class=\"column-2\">Requer Voto de Congratula\u00e7\u00f5es e Aplausos para Adrieli Aparecida Lopes.<\/td><td class=\"column-3\">Silas Marconi.<\/td><td class=\"column-4\">2024<\/td>\n<\/tr>\n<tr class=\"row-37\">\n\t<td class=\"column-1\">179\/2024.<\/td><td class=\"column-2\">Requer Voto de Congratula\u00e7\u00f5es e Aplausos para Elza Mayara de Oliveira Rocha.<\/td><td class=\"column-3\">Silas Marconi.<\/td><td class=\"column-4\">2024<\/td>\n<\/tr>\n<tr class=\"row-38\">\n\t<td class=\"column-1\">180\/2024.<\/td><td class=\"column-2\">Requer Voto de Congratula\u00e7\u00f5es e Aplausos para Ruth de Freitas.<\/td><td class=\"column-3\">Silas Marconi.<\/td><td class=\"column-4\">2024<\/td>\n<\/tr>\n<tr class=\"row-39\">\n\t<td class=\"column-1\">181\/2024.<\/td><td class=\"column-2\">Requer Voto de Congratula\u00e7\u00f5es e Aplausos para Tatiana Silva de Alcides.<\/td><td class=\"column-3\">Silas Marconi.<\/td><td class=\"column-4\">2024<\/td>\n<\/tr>\n<tr class=\"row-40\">\n\t<td class=\"column-1\">183\/2024.<\/td><td class=\"column-2\">Requer Voto de Congratula\u00e7\u00f5es e Aplausos para Mayara Mineiro Alves.<\/td><td class=\"column-3\">Silas Marconi.<\/td><td class=\"column-4\">2024<\/td>\n<\/tr>\n<tr class=\"row-41\">\n\t<td class=\"column-1\">184\/2024.<\/td><td class=\"column-2\">Requer Voto de Congratula\u00e7\u00f5es e Aplausos para Lizandra Menezes.<\/td><td class=\"column-3\">Silas Marconi.<\/td><td class=\"column-4\">2024<\/td>\n<\/tr>\n<tr class=\"row-42\">\n\t<td class=\"column-1\">185\/2024.<\/td><td class=\"column-2\">Requer Voto de Congratula\u00e7\u00f5es e Aplausos para Elo\u00edsa Figueira.<\/td><td class=\"column-3\">Silas Marconi.<\/td><td class=\"column-4\">2024<\/td>\n<\/tr>\n<tr class=\"row-43\">\n\t<td class=\"column-1\">186\/2024.<\/td><td class=\"column-2\">Requer Voto de Congratula\u00e7\u00f5es e Aplausos para Ang\u00e9lica Lima.<\/td><td class=\"column-3\">Silas Marconi.<\/td><td class=\"column-4\">2024<\/td>\n<\/tr>\n<tr class=\"row-44\">\n\t<td class=\"column-1\">187\/2024.<\/td><td class=\"column-2\">Requer Voto de Congratula\u00e7\u00f5es e Aplausos para Layane Lima.<\/td><td class=\"column-3\">Silas Marconi.<\/td><td class=\"column-4\">2024<\/td>\n<\/tr>\n<tr class=\"row-45\">\n\t<td class=\"column-1\">188\/2024.<\/td><td class=\"column-2\">Requer Voto de Congratula\u00e7\u00f5es e Aplausos para Simone Alves Batista.<\/td><td class=\"column-3\">Silas Marconi.<\/td><td class=\"column-4\">2024<\/td>\n<\/tr>\n<tr class=\"row-46\">\n\t<td class=\"column-1\">189\/2024.<\/td><td class=\"column-2\">Requer Voto de Congratula\u00e7\u00f5es e Aplausos para Elo\u00edza Alves da Silva.<\/td><td class=\"column-3\">Silas Marconi.<\/td><td class=\"column-4\">2024<\/td>\n<\/tr>\n<tr class=\"row-47\">\n\t<td class=\"column-1\">190\/2024.<\/td><td class=\"column-2\">Requer Voto de Congratula\u00e7\u00f5es e Aplausos para Josefa Edilma de Paiva Silva.<\/td><td class=\"column-3\">Silas Marconi.<\/td><td class=\"column-4\">2024<\/td>\n<\/tr>\n<tr class=\"row-48\">\n\t<td class=\"column-1\">191\/2024.<\/td><td class=\"column-2\">Requer Voto de Congratula\u00e7\u00f5es e Aplausos para Amanda Pereira dos Santos.<\/td><td class=\"column-3\">Silas Marconi.<\/td><td class=\"column-4\">2024<\/td>\n<\/tr>\n<tr class=\"row-49\">\n\t<td class=\"column-1\">193\/2024.<\/td><td class=\"column-2\">Requer Voto de Congratula\u00e7\u00f5es e Aplausos para Josiane Maria Bezerra.<\/td><td class=\"column-3\">Silas Marconi.<\/td><td class=\"column-4\">2024<\/td>\n<\/tr>\n<tr class=\"row-50\">\n\t<td class=\"column-1\">194\/2024<\/td><td class=\"column-2\">Requer Voto de Congratula\u00e7\u00f5es e Aplausos para Gercilene Alves da Silva.<\/td><td class=\"column-3\">Silas Marconi.<\/td><td class=\"column-4\">2024<\/td>\n<\/tr>\n<tr class=\"row-51\">\n\t<td class=\"column-1\">213\/2024<\/td><td class=\"column-2\">Requer Voto de Congratula\u00e7\u00f5es e Aplausos para o Sr. Fernando Ot\u00e1vio Leite de Holanda.<\/td><td class=\"column-3\">Silas Marconi.<\/td><td class=\"column-4\">2024<\/td>\n<\/tr>\n<tr class=\"row-52\">\n\t<td class=\"column-1\">218\/2024<\/td><td class=\"column-2\">Requer Voto de Congratula\u00e7\u00f5es e Aplausos para Equipe do GATI.<\/td><td class=\"column-3\">S\u00edlvio Andrade.<\/td><td class=\"column-4\">2024<\/td>\n<\/tr>\n<tr class=\"row-53\">\n\t<td class=\"column-1\">011\/2023<\/td><td class=\"column-2\">Requer viabilizar cria\u00e7\u00e3o de uma casa de apoio para idosos.<\/td><td class=\"column-3\">Silas Marconi.<\/td><td class=\"column-4\">2023<\/td>\n<\/tr>\n<tr class=\"row-54\">\n\t<td class=\"column-1\">012\/2023<\/td><td class=\"column-2\">Requer concess\u00e3o o reajuste salarial do Piso Nacional dos Professores da Rede Municipal de Ensino.<\/td><td class=\"column-3\">Todos Edis<\/td><td class=\"column-4\">2023<\/td>\n<\/tr>\n<tr class=\"row-55\">\n\t<td class=\"column-1\">018\/2023<\/td><td class=\"column-2\">Voto de pesar Sr. Ant\u00f4nio Avelino Ribeiro.<\/td><td class=\"column-3\">Silas Marconi, Caique Alberto e Ruth Alves.<\/td><td class=\"column-4\">2023<\/td>\n<\/tr>\n<tr class=\"row-56\">\n\t<td class=\"column-1\">020\/2023<\/td><td class=\"column-2\">Voto de pesar sr. Jos\u00e9 Carlindo C. da Paz.<\/td><td class=\"column-3\">Silas Marconi.<\/td><td class=\"column-4\">2023<\/td>\n<\/tr>\n<tr class=\"row-57\">\n\t<td class=\"column-1\">035\/2023<\/td><td class=\"column-2\">Requer solu\u00e7\u00e3o para abastecimento de \u00e1gua nas Caixas de \u00e1gua implantadas nas Ruas do Munic\u00edpio.<\/td><td class=\"column-3\">Silas Marconi e S\u00edlvio Andrade.<\/td><td class=\"column-4\">2023<\/td>\n<\/tr>\n<tr class=\"row-58\">\n\t<td class=\"column-1\">037\/2023<\/td><td class=\"column-2\">Requer contrata\u00e7\u00e3o de psic\u00f3logos e assistentes sociais na<\/td><td class=\"column-3\">Silas Marconi<\/td><td class=\"column-4\">2023<\/td>\n<\/tr>\n<tr class=\"row-59\">\n\t<td class=\"column-1\">038\/2023<\/td><td class=\"column-2\">Requer encaminhar Projeto de Lei a esta Casa Legislativa que disp\u00f5e sobre o pagamento do adicional de insalubridade para os Motoristas de transporte escolar.<\/td><td class=\"column-3\">Silas Marconi.<\/td><td class=\"column-4\">2023<\/td>\n<\/tr>\n<tr class=\"row-60\">\n\t<td class=\"column-1\">047\/2023<\/td><td class=\"column-2\">Requer Projeto de Lei que disp\u00f5e sobre pagamento adicional de insalubridade para os tratoristas.<\/td><td class=\"column-3\">Silas Marconi.<\/td><td class=\"column-4\">2023<\/td>\n<\/tr>\n<tr class=\"row-61\">\n\t<td class=\"column-1\">066\/2023<\/td><td class=\"column-2\">Requer levantamento do Po\u00e7os Artesianos desativados no Munic\u00edpio.<\/td><td class=\"column-3\">Silas Marconi e S\u00edlvio Andrade.<\/td><td class=\"column-4\">2023<\/td>\n<\/tr>\n<tr class=\"row-62\">\n\t<td class=\"column-1\">079\/2023<\/td><td class=\"column-2\">Requer distribui\u00e7\u00e3o de Coletes para os Moto-Taxistas do Munic\u00edpio.<\/td><td class=\"column-3\">Silas Marconi.<\/td><td class=\"column-4\">2023<\/td>\n<\/tr>\n<tr class=\"row-63\">\n\t<td class=\"column-1\">095\/2023<\/td><td class=\"column-2\">Voto de pesar Sra. Maria de F\u00e1tima da Silva.<\/td><td class=\"column-3\">Silas Marconi.<\/td><td class=\"column-4\">2023<\/td>\n<\/tr>\n<tr class=\"row-64\">\n\t<td class=\"column-1\">097\/2023<\/td><td class=\"column-2\">Requer encaminhar a Casa Legislativa um Projeto de Lei concedendo reajuste nos valores do Bolsa Volunt\u00e1rio.<\/td><td class=\"column-3\">Todos Edis<\/td><td class=\"column-4\">2023<\/td>\n<\/tr>\n<tr class=\"row-65\">\n\t<td class=\"column-1\">111\/2023<\/td><td class=\"column-2\">Requer servi\u00e7os de conviv\u00eancias do Munic\u00edpio atividades recreativas para jovens e idosos.<\/td><td class=\"column-3\">Silas Marconi.<\/td><td class=\"column-4\">2023<\/td>\n<\/tr>\n<tr class=\"row-66\">\n\t<td class=\"column-1\">119\/2023<\/td><td class=\"column-2\">Voto de congratula\u00e7\u00f5es e aplausos para a Exma. Vereadora Ruth Barbosa S. Alves.<\/td><td class=\"column-3\">Todos Edis, exceto Ruth.<\/td><td class=\"column-4\">2023<\/td>\n<\/tr>\n<tr class=\"row-67\">\n\t<td class=\"column-1\">120\/2023<\/td><td class=\"column-2\">Requer revogar o Decreto Executivo N. 31\/10\/2023; restabelecer a implanta\u00e7\u00e3o e concess\u00f5es de quinqu\u00eanios do Servidor ou Empregado P\u00fablico.<\/td><td class=\"column-3\">Silas Marconi.<\/td><td class=\"column-4\">2023<\/td>\n<\/tr>\n<tr class=\"row-68\">\n\t<td class=\"column-1\">151\/2023<\/td><td class=\"column-2\">Requer implantar um aparelho de telefone fixo para o Caps.<\/td><td class=\"column-3\">Silas Marcon.<\/td><td class=\"column-4\">2023<\/td>\n<\/tr>\n<tr class=\"row-69\">\n\t<td class=\"column-1\">152\/2023<\/td><td class=\"column-2\">Voto de pesar Sr. Orlando Vieira de Melo.<\/td><td class=\"column-3\">Silas Marconi.<\/td><td class=\"column-4\">2023<\/td>\n<\/tr>\n<tr class=\"row-70\">\n\t<td class=\"column-1\">168\/2023<\/td><td class=\"column-2\">Voto de congratula\u00e7\u00f5es e aplausos ilustr\u00edssima Anna Luiza Brito.<\/td><td class=\"column-3\">Silas Marconi.<\/td><td class=\"column-4\">2023<\/td>\n<\/tr>\n<tr class=\"row-71\">\n\t<td class=\"column-1\">169\/2023<\/td><td class=\"column-2\">Voto de congratula\u00e7\u00f5es e aplausos ilustr\u00edssima Raquel Paiva.<\/td><td class=\"column-3\">Silas Marconi.<\/td><td class=\"column-4\">2023<\/td>\n<\/tr>\n<tr class=\"row-72\">\n\t<td class=\"column-1\">188\/2023<\/td><td class=\"column-2\">Requer constru\u00e7\u00e3o de passarelas nas laterais ao lado direito da ponte da PE 197.<\/td><td class=\"column-3\">Caique Alberto e Silas Marconi.<\/td><td class=\"column-4\">2023<\/td>\n<\/tr>\n<tr class=\"row-73\">\n\t<td class=\"column-1\">189\/2023<\/td><td class=\"column-2\">Requer constru\u00e7\u00e3o pra\u00e7a no Bairro do Cruzeiro.<\/td><td class=\"column-3\">Silas Marconi.<\/td><td class=\"column-4\">2023<\/td>\n<\/tr>\n<tr class=\"row-74\">\n\t<td class=\"column-1\">196\/2023<\/td><td class=\"column-2\">Voto de congratula\u00e7\u00f5es e aplausos para Sra. Ilma. Aline Cristine G. de Lima Nunes.<\/td><td class=\"column-3\">Silas Marconi.<\/td><td class=\"column-4\">2023<\/td>\n<\/tr>\n<tr class=\"row-75\">\n\t<td class=\"column-1\">197\/2023<\/td><td class=\"column-2\">Voto de congratula\u00e7\u00f5es e aplausos para o Ilmo. Ant\u00f4nio Carlos Duarte Correia.<\/td><td class=\"column-3\">Silas Marconi.<\/td><td class=\"column-4\">2023<\/td>\n<\/tr>\n<tr class=\"row-76\">\n\t<td class=\"column-1\">198\/2023<\/td><td class=\"column-2\">Voto de congratula\u00e7\u00f5es e aplausos para o Ilmo. Danilo Ribeiro da Silva.<\/td><td class=\"column-3\">Silas Marconi.<\/td><td class=\"column-4\">2023<\/td>\n<\/tr>\n<tr class=\"row-77\">\n\t<td class=\"column-1\">199\/2023<\/td><td class=\"column-2\">Voto de congratula\u00e7\u00f5es e aplausos para o Ilmo. Givanildo Menino da Silva.<\/td><td class=\"column-3\">Silas Marconi.<\/td><td class=\"column-4\">2023<\/td>\n<\/tr>\n<tr class=\"row-78\">\n\t<td class=\"column-1\">200\/2023<\/td><td class=\"column-2\">Voto de congratula\u00e7\u00f5es e aplausos para o Ilmo. Jos\u00e9 Renato Santos da Cruz.<\/td><td class=\"column-3\">Silas Marconi.<\/td><td class=\"column-4\">2023<\/td>\n<\/tr>\n<tr class=\"row-79\">\n\t<td class=\"column-1\">201\/2023<\/td><td class=\"column-2\">Voto de congratula\u00e7\u00f5es e aplausos para a Ilma. Josefa Sueli Soares da Silva.<\/td><td class=\"column-3\">Silas Marconi.<\/td><td class=\"column-4\">2023<\/td>\n<\/tr>\n<tr class=\"row-80\">\n\t<td class=\"column-1\">202\/2023<\/td><td class=\"column-2\">Voto de congratula\u00e7\u00f5es e aplausos para a Ilma. Suzana Bezerra da Silva.<\/td><td class=\"column-3\">Silas Marconi.<\/td><td class=\"column-4\">2023<\/td>\n<\/tr>\n<tr class=\"row-81\">\n\t<td class=\"column-1\">203\/2023<\/td><td class=\"column-2\">Voto de congratula\u00e7\u00f5es e aplausos para a Ilma. Poliana Ferreira Lins.<\/td><td class=\"column-3\">Silas Marconi.<\/td><td class=\"column-4\">2023<\/td>\n<\/tr>\n<tr class=\"row-82\">\n\t<td class=\"column-1\">204\/2023<\/td><td class=\"column-2\">Voto de congratula\u00e7\u00f5es e aplausos para o Ilmo. Josenildo Teixeira da Costa.<\/td><td class=\"column-3\">Silas Marconi.<\/td><td class=\"column-4\">2023<\/td>\n<\/tr>\n<tr class=\"row-83\">\n\t<td class=\"column-1\">205\/2023<\/td><td class=\"column-2\">Voto de congratula\u00e7\u00f5es e aplausos para a Ilma. Eliane Alves Feitosa Mergulh\u00e3o.<\/td><td class=\"column-3\">Silas Marconi.<\/td><td class=\"column-4\">2023<\/td>\n<\/tr>\n<tr class=\"row-84\">\n\t<td class=\"column-1\">206\/2023<\/td><td class=\"column-2\">Voto de congratula\u00e7\u00f5es e aplausos para a Ilma. Elisnan de Aguiar Esp\u00edndola.<\/td><td class=\"column-3\">Silas Marconi.<\/td><td class=\"column-4\">2023<\/td>\n<\/tr>\n<tr class=\"row-85\">\n\t<td class=\"column-1\">207\/2023<\/td><td class=\"column-2\">Voto de congratula\u00e7\u00f5es e aplausos para a Ilma. Josenilda Lima Monteiro.<\/td><td class=\"column-3\">Silas Marconi.<\/td><td class=\"column-4\">2023<\/td>\n<\/tr>\n<tr class=\"row-86\">\n\t<td class=\"column-1\">208\/2023<\/td><td class=\"column-2\">Voto de congratula\u00e7\u00f5es e aplausos para o Ilmo. Carlos Mikhael C. Mergulh\u00e3o.<\/td><td class=\"column-3\">Silas Marconi.<\/td><td class=\"column-4\">2023<\/td>\n<\/tr>\n<tr class=\"row-87\">\n\t<td class=\"column-1\">209\/2023<\/td><td class=\"column-2\">Voto de congratula\u00e7\u00f5es e aplausos para o Ilmo. Johnne George A. da Silva.<\/td><td class=\"column-3\">Silas Marconi.<\/td><td class=\"column-4\">2023<\/td>\n<\/tr>\n<tr class=\"row-88\">\n\t<td class=\"column-1\">210\/2023<\/td><td class=\"column-2\">Voto de congratula\u00e7\u00f5es e aplausos para o Ilmo. Paulo Ricardo de M. Silva.<\/td><td class=\"column-3\">Silas Marconi.<\/td><td class=\"column-4\">2023<\/td>\n<\/tr>\n<tr class=\"row-89\">\n\t<td class=\"column-1\">211\/2023<\/td><td class=\"column-2\">Voto de congratula\u00e7\u00f5es e aplausos para a Ilma. Eul\u00e1lia Maria de O. Rocha.<\/td><td class=\"column-3\">Silas Marconi.<\/td><td class=\"column-4\">2023<\/td>\n<\/tr>\n<tr class=\"row-90\">\n\t<td class=\"column-1\">218\/2023<\/td><td class=\"column-2\">Voto de congratula\u00e7\u00f5es e aplausos para os Ilmos. Garis do Munic\u00edpio.<\/td><td class=\"column-3\">Silas Marconi.<\/td><td class=\"column-4\">2023<\/td>\n<\/tr>\n<tr class=\"row-91\">\n\t<td class=\"column-1\">237\/2023<\/td><td class=\"column-2\">Voto de pesar Sra. Vera L\u00facia de Medeiros.<\/td><td class=\"column-3\">Caique Alberto,Ruth Alves e Silas Marconi.<\/td><td class=\"column-4\">2023<\/td>\n<\/tr>\n<tr class=\"row-92\">\n\t<td class=\"column-1\">261\/2023<\/td><td class=\"column-2\">Voto de congratula\u00e7\u00f5es e aplausos para os Ilmos. Representantes e propriet\u00e1rios da Empresa Daiane bordados.<\/td><td class=\"column-3\">Silas Marconi.<\/td><td class=\"column-4\">2023<\/td>\n<\/tr>\n<tr class=\"row-93\">\n\t<td class=\"column-1\">262\/2023<\/td><td class=\"column-2\">Voto de congratula\u00e7\u00f5es e aplausos para o Ilmo. Representante e propriet\u00e1rio da Empresa Linha na Agulha.<\/td><td class=\"column-3\">Silas Marconi.<\/td><td class=\"column-4\">2023<\/td>\n<\/tr>\n<tr class=\"row-94\">\n\t<td class=\"column-1\">263\/2023<\/td><td class=\"column-2\">Voto de congratula\u00e7\u00f5es e aplausos para a Ilma. Maria Zuleide da Silva.<\/td><td class=\"column-3\">Silas Marconi.<\/td><td class=\"column-4\">2023<\/td>\n<\/tr>\n<tr class=\"row-95\">\n\t<td class=\"column-1\">264\/2023<\/td><td class=\"column-2\">Voto de congratula\u00e7\u00f5es e aplausos para o Ilmo. Representante e propriet\u00e1rio da Empresa Grupo Cruzeiro.<\/td><td class=\"column-3\">Silas Marconi.<\/td><td class=\"column-4\">2023<\/td>\n<\/tr>\n<tr class=\"row-96\">\n\t<td class=\"column-1\">265\/2023<\/td><td class=\"column-2\">Voto de congratula\u00e7\u00f5es e aplausos para o Ilmo. Jos\u00e9 Vitor da Silva.<\/td><td class=\"column-3\">Silas Marconi.<\/td><td class=\"column-4\">2023<\/td>\n<\/tr>\n<tr class=\"row-97\">\n\t<td class=\"column-1\">268\/2023<\/td><td class=\"column-2\">Requer aquisi\u00e7\u00e3o de um ve\u00edculo destinado ao Cras e Creas.<\/td><td class=\"column-3\">Silas Marconi.<\/td><td class=\"column-4\">2023<\/td>\n<\/tr>\n<tr class=\"row-98\">\n\t<td class=\"column-1\">270\/2023<\/td><td class=\"column-2\">Requer contratar um fisioterapeuta para prestar atendimento (HMSS).<\/td><td class=\"column-3\">Silas Marconi.<\/td><td class=\"column-4\">2023<\/td>\n<\/tr>\n<tr class=\"row-99\">\n\t<td class=\"column-1\">271\/2023<\/td><td class=\"column-2\">Requer encaminhar a esta Casa Legislativa objetivando regularizar os cargos dos profissionais efetivos da enfermagem junto a rela\u00e7\u00e3o anual de informa\u00e7\u00e3o sociais (RAIS).<\/td><td class=\"column-3\">Caique Alberto, Ruth Alves e Silas Marconi.<\/td><td class=\"column-4\">2023<\/td>\n<\/tr>\n<tr class=\"row-100\">\n\t<td class=\"column-1\">291\/2023<\/td><td class=\"column-2\">Requer aquisi\u00e7\u00e3o de novos ve\u00edculos para a Secretaria de Sa\u00fade.<\/td><td class=\"column-3\">Todos os Edis.<\/td><td class=\"column-4\">2023<\/td>\n<\/tr>\n<tr class=\"row-101\">\n\t<td class=\"column-1\">294\/2023<\/td><td class=\"column-2\">Voto de pesar Sra. Paula Frassinete de Souza.<\/td><td class=\"column-3\">Silas Marconi.<\/td><td class=\"column-4\">2023<\/td>\n<\/tr>\n<tr class=\"row-102\">\n\t<td class=\"column-1\">304\/2023<\/td><td class=\"column-2\">Voto de congratula\u00e7\u00f5es e aplausos para o Ilmo. Johnne George A. da Silva.<\/td><td class=\"column-3\">Silas Marconi.<\/td><td class=\"column-4\">2023<\/td>\n<\/tr>\n<tr class=\"row-103\">\n\t<td class=\"column-1\">310\/2023<\/td><td class=\"column-2\">Requer contratar um M\u00e9dico Urologista para atuar no Munic\u00edpio.<\/td><td class=\"column-3\">Silas Marconi.<\/td><td class=\"column-4\">2023<\/td>\n<\/tr>\n<tr class=\"row-104\">\n\t<td class=\"column-1\">312\/2023<\/td><td class=\"column-2\">Voto de congratula\u00e7\u00f5es e aplausos para a Ilma. Ana Paula S. Brito.<\/td><td class=\"column-3\">Silas Marconi.<\/td><td class=\"column-4\">2023<\/td>\n<\/tr>\n<tr class=\"row-105\">\n\t<td class=\"column-1\">317\/2023<\/td><td class=\"column-2\">Voto de congratula\u00e7\u00f5es e aplausos para o (CETEPE).<\/td><td class=\"column-3\">Silas Marconi.<\/td><td class=\"column-4\">2023<\/td>\n<\/tr>\n<tr class=\"row-106\">\n\t<td class=\"column-1\">330\/2023<\/td><td class=\"column-2\">Voto de pesar do Sr. Jos\u00e9 Galv\u00e3o da Silva.<\/td><td class=\"column-3\">Caique Alberto, Napole\u00e3o Cordeiro e Silas Marconi.<\/td><td class=\"column-4\">2023<\/td>\n<\/tr>\n<tr class=\"row-107\">\n\t<td class=\"column-1\">332\/2023<\/td><td class=\"column-2\">Voto de pesar do Sr. Manoel Jos\u00e9 Neto ex-vereador.<\/td><td class=\"column-3\">Todos os Edis.<\/td><td class=\"column-4\">2023<\/td>\n<\/tr>\n<tr class=\"row-108\">\n\t<td class=\"column-1\">334\/2023<\/td><td class=\"column-2\">Voto de pesar Sra. Josefa Francisca M. de Farias.<\/td><td class=\"column-3\">Silas Marconi e Wrides Mendes.<\/td><td class=\"column-4\">2023<\/td>\n<\/tr>\n<tr class=\"row-109\">\n\t<td class=\"column-1\">335\/2023<\/td><td class=\"column-2\">Voto de pesar Sr. Lourival C. Vasconcelos<\/td><td class=\"column-3\">Silas Marconi, Jos\u00e9 Gleison e Wrides Mendes.<\/td><td class=\"column-4\">2023<\/td>\n<\/tr>\n<tr class=\"row-110\">\n\t<td class=\"column-1\">351\/2023<\/td><td class=\"column-2\">Requer Voto de Pesar pelo falecimento do Sr. Jos\u00e9 Eudes Guenes de Oliveira.<\/td><td class=\"column-3\">Silas Marconi e Jos\u00e9 Gleison.<\/td><td class=\"column-4\">2023<\/td>\n<\/tr>\n<tr class=\"row-111\">\n\t<td class=\"column-1\">352\/2023<\/td><td class=\"column-2\">Requer Votos de Congratula\u00e7\u00f5es e Aplausos para os Organizadores da Cavalgada Amigos da Ch\u00e1cara Mucambo.<\/td><td class=\"column-3\">Silas Marconi, Napole\u00e3o Cordeiro e Ruth Alves.<\/td><td class=\"column-4\">2023<\/td>\n<\/tr>\n<tr class=\"row-112\">\n\t<td class=\"column-1\">354\/2023<\/td><td class=\"column-2\">Requer implanta\u00e7\u00e3o de uma Casa para acolhimento de Crian\u00e7as e Adolescentes no Munic\u00edpio.<\/td><td class=\"column-3\">Silas Marconi.<\/td><td class=\"column-4\">2023<\/td>\n<\/tr>\n<tr class=\"row-113\">\n\t<td class=\"column-1\">410\/2023<\/td><td class=\"column-2\">Voto de Congratula\u00e7\u00f5es e Aplausos para a Sra. Jussara Mergulh\u00e3o, Professores e Alunos do Centro Educacional Frei Henrique Broker.<\/td><td class=\"column-3\">Silas Marconi,Wrides Mendes, Caique Alberto e S\u00edlvio Andrade.<\/td><td class=\"column-4\">2023<\/td>\n<\/tr>\n<\/tbody>\n<\/table>\n<!-- #tablepress-27 from cache -->\n","protected":false},"excerpt":{"rendered":"","protected":false},"author":3,"featured_media":0,"parent":0,"menu_order":0,"comment_status":"closed","ping_status":"closed","template":"","meta":{"footnotes":""},"class_list":["post-1560","page","type-page","status-publish","hentry","active"],"aioseo_notices":[],"_links":{"self":[{"href":"https:\/\/camarapocao.pe.gov.br\/v1\/wp-json\/wp\/v2\/pages\/1560","targetHints":{"allow":["GET"]}}],"collection":[{"href":"https:\/\/camarapocao.pe.gov.br\/v1\/wp-json\/wp\/v2\/pages"}],"about":[{"href":"https:\/\/camarapocao.pe.gov.br\/v1\/wp-json\/wp\/v2\/types\/page"}],"author":[{"embeddable":true,"href":"https:\/\/camarapocao.pe.gov.br\/v1\/wp-json\/wp\/v2\/users\/3"}],"replies":[{"embeddable":true,"href":"https:\/\/camarapocao.pe.gov.br\/v1\/wp-json\/wp\/v2\/comments?post=1560"}],"version-history":[{"count":1,"href":"https:\/\/camarapocao.pe.gov.br\/v1\/wp-json\/wp\/v2\/pages\/1560\/revisions"}],"predecessor-version":[{"id":1569,"href":"https:\/\/camarapocao.pe.gov.br\/v1\/wp-json\/wp\/v2\/pages\/1560\/revisions\/1569"}],"wp:attachment":[{"href":"https:\/\/camarapocao.pe.gov.br\/v1\/wp-json\/wp\/v2\/media?parent=1560"}],"curies":[{"name":"wp","href":"https:\/\/api.w.org\/{rel}","templated":true}]}}