{"id":1559,"date":"2024-04-12T22:44:55","date_gmt":"2024-04-13T01:44:55","guid":{"rendered":"https:\/\/camarapocao.pe.gov.br\/?page_id=1559"},"modified":"2024-04-12T22:44:55","modified_gmt":"2024-04-13T01:44:55","slug":"requerimentos-vereadora-ruth","status":"publish","type":"page","link":"https:\/\/camarapocao.pe.gov.br\/v1\/requerimentos-vereadora-ruth\/","title":{"rendered":"REQUERIMENTOS \u2013 VEREADORA RUTH"},"content":{"rendered":"\n<table id=\"tablepress-35\" class=\"tablepress tablepress-id-35\">\n<thead>\n<tr class=\"row-1\">\n\t<th class=\"column-1\">N\u00daMERO<\/th><th class=\"column-2\">EMENTA<\/th><th class=\"column-3\">AUTOR<\/th><th class=\"column-4\">ANO<\/th>\n<\/tr>\n<\/thead>\n<tbody class=\"row-striping row-hover\">\n<tr class=\"row-2\">\n\t<td class=\"column-1\">016\/2024.<\/td><td class=\"column-2\">Requer envio de Projeto de Lei concedendo reajuste salarial aos funcion\u00e1rios Efetivos do Munic\u00edpio.<\/td><td class=\"column-3\">Todos os Edis.<\/td><td class=\"column-4\">2024<\/td>\n<\/tr>\n<tr class=\"row-3\">\n\t<td class=\"column-1\">020\/2024.<\/td><td class=\"column-2\">Requer reparos na estrutura do Hospital S\u00e3o Sebasti\u00e3o (HMSS).<\/td><td class=\"column-3\">Ruth Alves.<\/td><td class=\"column-4\">2024<\/td>\n<\/tr>\n<tr class=\"row-4\">\n\t<td class=\"column-1\">028\/2024.<\/td><td class=\"column-2\">Requer aquisi\u00e7\u00e3o de Terreno para constru\u00e7\u00e3o de Creche no Munic\u00edpio.<\/td><td class=\"column-3\">Todos os Edis.<\/td><td class=\"column-4\">2024<\/td>\n<\/tr>\n<tr class=\"row-5\">\n\t<td class=\"column-1\">060\/2024.<\/td><td class=\"column-2\">Requer Votos de Congratula\u00e7\u00f5es e Aplausos para toda Equipe de Enfermagem do Hospital Municipal S\u00e3o Sebasti\u00e3o de Po\u00e7\u00e3o\/PE.<\/td><td class=\"column-3\">Ruth Barbosa.<\/td><td class=\"column-4\">2024<\/td>\n<\/tr>\n<tr class=\"row-6\">\n\t<td class=\"column-1\">061\/2024.<\/td><td class=\"column-2\">Requer Votos de Congratula\u00e7\u00f5es e Aplausos para toda Equipe do SAMU do Munic\u00edpio de Po\u00e7\u00e3o\/PE.<\/td><td class=\"column-3\">Ruth Alves e Silas Marconi.<\/td><td class=\"column-4\">2024<\/td>\n<\/tr>\n<tr class=\"row-7\">\n\t<td class=\"column-1\">062\/2024.<\/td><td class=\"column-2\">Requer Votos de Congratula\u00e7\u00f5es e Aplausos para toda Equipe M\u00e9dica do Hospital S\u00e3o Sebasti\u00e3o.<\/td><td class=\"column-3\">Ruth Barbosa.<\/td><td class=\"column-4\">2024<\/td>\n<\/tr>\n<tr class=\"row-8\">\n\t<td class=\"column-1\">063\/2024.<\/td><td class=\"column-2\">Requer Votos de Congratula\u00e7\u00f5es e Aplausos para a Sra. Maria das Gra\u00e7as Monteiro Bezerra \u2013 Presidente do Sindicato ds Trabalhadores Rurais de Po\u00e7\u00e3o\/PE.<\/td><td class=\"column-3\">Ruth Barbosa e associa\u00e7\u00e3o a Napole\u00e3o Cordeiro.<\/td><td class=\"column-4\">2024<\/td>\n<\/tr>\n<tr class=\"row-9\">\n\t<td class=\"column-1\">064\/2024.<\/td><td class=\"column-2\">Requer Voos de Congratula\u00e7\u00f5es e Aplausos para a Sra. Carla Correia \u2013 Coordenadora da Mulher e sua Equipe.<\/td><td class=\"column-3\">Ruth Alves.<\/td><td class=\"column-4\">2024<\/td>\n<\/tr>\n<tr class=\"row-10\">\n\t<td class=\"column-1\">066\/2024.<\/td><td class=\"column-2\">Requer instala\u00e7\u00e3o da ilumina\u00e7\u00e3o com Postes iniciando na entrada da Cidade at\u00e9 o Loteamento Noemy.<\/td><td class=\"column-3\">Ruth Alves.<\/td><td class=\"column-4\">2024<\/td>\n<\/tr>\n<tr class=\"row-11\">\n\t<td class=\"column-1\">067\/2024.<\/td><td class=\"column-2\">Requer implanta\u00e7\u00e3o da Coordenadoria LGBTQIAPN+.<\/td><td class=\"column-3\">Ruth Alves.<\/td><td class=\"column-4\">2024<\/td>\n<\/tr>\n<tr class=\"row-12\">\n\t<td class=\"column-1\">145\/2024.<\/td><td class=\"column-2\">Requer contrata\u00e7\u00e3o de um Nutricionista para atuar no Hospital Municipal S\u00e3o Sebasti\u00e3o.<\/td><td class=\"column-3\">Ruth Alves e Caique Alberto.<\/td><td class=\"column-4\">2024<\/td>\n<\/tr>\n<tr class=\"row-13\">\n\t<td class=\"column-1\">146\/2024.<\/td><td class=\"column-2\">Requer instala\u00e7\u00e3o da ilumina\u00e7\u00e3o com L\u00e2mpadas de LED, come\u00e7ando no in\u00edcio do Bairro do Prado at\u00e9 o final.<\/td><td class=\"column-3\">Ruth Alves.<\/td><td class=\"column-4\">2024<\/td>\n<\/tr>\n<tr class=\"row-14\">\n\t<td class=\"column-1\">147\/2024.<\/td><td class=\"column-2\">Requer constru\u00e7\u00e3o de Rampas de acessibilidade defronte a todas as Escolas Municipais e no Hospital Municipal S\u00e3o Sebasti\u00e3o.<\/td><td class=\"column-3\">Ruth Alves.<\/td><td class=\"column-4\">2024<\/td>\n<\/tr>\n<tr class=\"row-15\">\n\t<td class=\"column-1\">153\/2024<\/td><td class=\"column-2\">Requer constru\u00e7\u00e3o de Posto de Sa\u00fade no s\u00edtio Areia Grande.<\/td><td class=\"column-3\">Ruth Alves e Caique Alberto.<\/td><td class=\"column-4\">2024<\/td>\n<\/tr>\n<tr class=\"row-16\">\n\t<td class=\"column-1\">154\/2024<\/td><td class=\"column-2\">Requer aquisi\u00e7\u00e3o de um Ber\u00e7o aquecido para a Sala de parto do Hospital Municipal S\u00e3o Sebasti\u00e3o.<\/td><td class=\"column-3\">Ruth Alves.<\/td><td class=\"column-4\">2024<\/td>\n<\/tr>\n<tr class=\"row-17\">\n\t<td class=\"column-1\">203\/2024<\/td><td class=\"column-2\">Requer aquisi\u00e7\u00e3o de um Ber\u00e7o aquecido para a Sala de parto do Hospital Municipal S\u00e3o Sebasti\u00e3o.<\/td><td class=\"column-3\">Ruth Alves.<\/td><td class=\"column-4\">2024<\/td>\n<\/tr>\n<tr class=\"row-18\">\n\t<td class=\"column-1\">239\/2024<\/td><td class=\"column-2\">Requer Votos de Congratula\u00e7\u00f5es e Aplausos para Lindenbergue N\u00f3brega e todos envolvidos na realiza\u00e7\u00e3o do 6\u00ba Festival das Juventudes.<\/td><td class=\"column-3\">Ruth Alves.<\/td><td class=\"column-4\">2024<\/td>\n<\/tr>\n<tr class=\"row-19\">\n\t<td class=\"column-1\">001\/2023<\/td><td class=\"column-2\">Requer Projeto de Lei concedendo aumento salarial para os Profissionais Efetivos do Munic\u00edpio.<\/td><td class=\"column-3\">Caique Alberto, Ruth Alves e S\u00edlvio Andrade<\/td><td class=\"column-4\">2023<\/td>\n<\/tr>\n<tr class=\"row-20\">\n\t<td class=\"column-1\">012\/2023<\/td><td class=\"column-2\">Requer reajuste salarial do Piso Nacional dos Professores da Rede Municipal de Ensino.<\/td><td class=\"column-3\">Napole\u00e3o Cordeiro, com associa\u00e7\u00e3o de todos Edis.<\/td><td class=\"column-4\">2023<\/td>\n<\/tr>\n<tr class=\"row-21\">\n\t<td class=\"column-1\">017\/2023<\/td><td class=\"column-2\">Requer Reforma do Pr\u00e9dio onde funciona a coordenaria da Mulher.<\/td><td class=\"column-3\">Ruth Alves.<\/td><td class=\"column-4\">2023<\/td>\n<\/tr>\n<tr class=\"row-22\">\n\t<td class=\"column-1\">018\/2023<\/td><td class=\"column-2\">Requer Voto de Pesar pelo falecimento do Sr. Ant\u00f4nio Avelino Ribeiro.<\/td><td class=\"column-3\">Caique Alberto, Ruth Alves e Silas Marconi.<\/td><td class=\"column-4\">2023<\/td>\n<\/tr>\n<tr class=\"row-23\">\n\t<td class=\"column-1\">022\/2023<\/td><td class=\"column-2\">Requer intensifica\u00e7\u00e3o da vacina\u00e7\u00e3o da COVID-19.<\/td><td class=\"column-3\">Ruth Alves.<\/td><td class=\"column-4\">2023<\/td>\n<\/tr>\n<tr class=\"row-24\">\n\t<td class=\"column-1\">023\/2023<\/td><td class=\"column-2\">Requer envio de not\u00edcia ao Complexo E\u00f3lico Ouro Branco sobre reparos na curva do S.<\/td><td class=\"column-3\">Ruth Alves.<\/td><td class=\"column-4\">2023<\/td>\n<\/tr>\n<tr class=\"row-25\">\n\t<td class=\"column-1\">024\/2023<\/td><td class=\"column-2\">Requer reforma e amplia\u00e7\u00e3o da Escola Municipal Oscarina Cavalcanti.<\/td><td class=\"column-3\">Ruth Alves.<\/td><td class=\"column-4\">2023<\/td>\n<\/tr>\n<tr class=\"row-26\">\n\t<td class=\"column-1\">025\/2023<\/td><td class=\"column-2\">Requer constru\u00e7\u00e3o de cal\u00e7amentos no Bairro do Prado.<\/td><td class=\"column-3\">Ruth Alves.<\/td><td class=\"column-4\">2023<\/td>\n<\/tr>\n<tr class=\"row-27\">\n\t<td class=\"column-1\">029\/2023<\/td><td class=\"column-2\">Requer cria\u00e7\u00e3o do Programa Pr\u00e9- Vestibular.<\/td><td class=\"column-3\">Ruth Alves.<\/td><td class=\"column-4\">2023<\/td>\n<\/tr>\n<tr class=\"row-28\">\n\t<td class=\"column-1\">030\/2023<\/td><td class=\"column-2\">Requer contrata\u00e7\u00e3o de Nutricionista para o Hospital S\u00e3o Sebasti\u00e3o.<\/td><td class=\"column-3\">Ruth Alves.<\/td><td class=\"column-4\">2023<\/td>\n<\/tr>\n<tr class=\"row-29\">\n\t<td class=\"column-1\">032\/2023<\/td><td class=\"column-2\">Requer Votos de Congratula\u00e7\u00f5es e Aplausos para a Jovem Nicolle Barbosa Silva Alves.<\/td><td class=\"column-3\">Ruth Alves.<\/td><td class=\"column-4\">2023<\/td>\n<\/tr>\n<tr class=\"row-30\">\n\t<td class=\"column-1\">042\/203<\/td><td class=\"column-2\">Requer coloca\u00e7\u00e3o de Placa na Pra\u00e7a da entrada da cidade em homenagem a Elza Mendes de Medeiros \u201cLala\u201d.<\/td><td class=\"column-3\">Ruth Alves.<\/td><td class=\"column-4\">2023<\/td>\n<\/tr>\n<tr class=\"row-31\">\n\t<td class=\"column-1\">045\/2023<\/td><td class=\"column-2\">Requer aquisi\u00e7\u00e3o de \u00d4nibus Escolares atrav\u00e9s do Programa juntos pela Educa\u00e7\u00e3o.<\/td><td class=\"column-3\">Ruth Alves.<\/td><td class=\"column-4\">2023<\/td>\n<\/tr>\n<tr class=\"row-32\">\n\t<td class=\"column-1\">045\/2023<\/td><td class=\"column-2\">Requer Votos de Congratula\u00e7\u00f5es e Aplausos para a Coordenadora da Mulher Sra. Carla Correia.<\/td><td class=\"column-3\">Ruth Alves.<\/td><td class=\"column-4\">2023<\/td>\n<\/tr>\n<tr class=\"row-33\">\n\t<td class=\"column-1\">051\/2023<\/td><td class=\"column-2\">Requer coloca\u00e7\u00e3o de fotos com os n\u00fameros dos candidatos ao Conselho Tutelar nos locais de vota\u00e7\u00e3o e disponibiliza\u00e7\u00e3o de transportes para os Eleitores da Zona Rural.<\/td><td class=\"column-3\">Ruth Alves.<\/td><td class=\"column-4\">2023<\/td>\n<\/tr>\n<tr class=\"row-34\">\n\t<td class=\"column-1\">052\/2023<\/td><td class=\"column-2\">Requer amplia\u00e7\u00e3o da Creche Ded\u00e9 Lola, com implanta\u00e7\u00e3o de Ber\u00e7\u00e1rio para as Crian\u00e7as em tempo integral.<\/td><td class=\"column-3\">Ruth Alves.<\/td><td class=\"column-4\">2023<\/td>\n<\/tr>\n<tr class=\"row-35\">\n\t<td class=\"column-1\">053\/2023<\/td><td class=\"column-2\">Requer aquisi\u00e7\u00e3o de Computadores para a Biblioteca Municipal Avelino das Neves.<\/td><td class=\"column-3\">Ruth Alves.<\/td><td class=\"column-4\">2023<\/td>\n<\/tr>\n<tr class=\"row-36\">\n\t<td class=\"column-1\">062\/2023<\/td><td class=\"column-2\">Requer ao Complexo E\u00f3lico reparos necess\u00e1rios na estrada do S\u00edtio Gangorra.<\/td><td class=\"column-3\">Ruth Alves e J\u00fanior Roberto.<\/td><td class=\"column-4\">2023<\/td>\n<\/tr>\n<tr class=\"row-37\">\n\t<td class=\"column-1\">063\/2023<\/td><td class=\"column-2\">Requer Votos de Congratula\u00e7\u00f5es e Aplausos para o Sr. Lindenberg N\u00f3brega.<\/td><td class=\"column-3\">Ruth Alves.<\/td><td class=\"column-4\">2023<\/td>\n<\/tr>\n<tr class=\"row-38\">\n\t<td class=\"column-1\">064\/2023<\/td><td class=\"column-2\">Requer Votos de Congratula\u00e7\u00f5es e Aplausos para a Ex. vereadora Eul\u00e1lia Andrade.<\/td><td class=\"column-3\">Ruth Alves.<\/td><td class=\"column-4\">2023<\/td>\n<\/tr>\n<tr class=\"row-39\">\n\t<td class=\"column-1\">065\/2023<\/td><td class=\"column-2\">Requer Votos de Congratula\u00e7\u00f5es e Aplausos para a Vice-Prefeita do Munic\u00edpio Sra. Evane Alda de Freitas Rodrigues Nunes.<\/td><td class=\"column-3\">Ruth Alves.<\/td><td class=\"column-4\">2023<\/td>\n<\/tr>\n<tr class=\"row-40\">\n\t<td class=\"column-1\">067\/2023<\/td><td class=\"column-2\">Requer Votos de Congratula\u00e7\u00f5es e Aplausos para a Sra. Tha\u00eds Ribeiro Paz.<\/td><td class=\"column-3\">Ruth Alves.<\/td><td class=\"column-4\">2023<\/td>\n<\/tr>\n<tr class=\"row-41\">\n\t<td class=\"column-1\">068\/2023<\/td><td class=\"column-2\">Requer Votos de Congratula\u00e7\u00f5es e Aplausos para a Sra. Dilma Elias Barbosa.<\/td><td class=\"column-3\">Ruth Alves.<\/td><td class=\"column-4\">2023<\/td>\n<\/tr>\n<tr class=\"row-42\">\n\t<td class=\"column-1\">069\/2023<\/td><td class=\"column-2\">Requer Votos de Congratula\u00e7\u00f5es e Aplausos para a Sra. Paula Roberta Gomes Reinaldo.<\/td><td class=\"column-3\">Ruth Alves.<\/td><td class=\"column-4\">2023<\/td>\n<\/tr>\n<tr class=\"row-43\">\n\t<td class=\"column-1\">070\/2023<\/td><td class=\"column-2\">Requer Votos de Congratula\u00e7\u00f5es e Aplausos para a Sra. Maria Isabel Patriota Duarte Veloso.<\/td><td class=\"column-3\">Ruth Alves.<\/td><td class=\"column-4\">2023<\/td>\n<\/tr>\n<tr class=\"row-44\">\n\t<td class=\"column-1\">071\/2023<\/td><td class=\"column-2\">Requer implanta\u00e7\u00e3o de um Poste com Bra\u00e7o e Lumin\u00e1ria no s\u00edtio Capoeiras.<\/td><td class=\"column-3\">Ruth Alves.<\/td><td class=\"column-4\">2023<\/td>\n<\/tr>\n<tr class=\"row-45\">\n\t<td class=\"column-1\">071\/2023<\/td><td class=\"column-2\">Requer Votos de Congratula\u00e7\u00f5es e Aplausos para a Sra. Maria Katarina Gomes da Silva.<\/td><td class=\"column-3\">Ruth Alves.<\/td><td class=\"column-4\">2023<\/td>\n<\/tr>\n<tr class=\"row-46\">\n\t<td class=\"column-1\">072\/2023<\/td><td class=\"column-2\">Requer Votos de Congratula\u00e7\u00f5es e Aplausos para a Ex. vereadora Risoneth Rejane da Silva.<\/td><td class=\"column-3\">Ruth Alves.<\/td><td class=\"column-4\">2023<\/td>\n<\/tr>\n<tr class=\"row-47\">\n\t<td class=\"column-1\">073\/2023<\/td><td class=\"column-2\">Requer Votos de Congratula\u00e7\u00f5es e Aplausos para a Sra. Gabriela Wandark.<\/td><td class=\"column-3\">Ruth Alves.<\/td><td class=\"column-4\">2023<\/td>\n<\/tr>\n<tr class=\"row-48\">\n\t<td class=\"column-1\">074\/2023<\/td><td class=\"column-2\">Requer Votos de Congratula\u00e7\u00f5es e Aplausos para a Sra. Iza Gabriela Cavalcanti Bezerra.<\/td><td class=\"column-3\">Ruth Alves.<\/td><td class=\"column-4\">2023<\/td>\n<\/tr>\n<tr class=\"row-49\">\n\t<td class=\"column-1\">075\/2023<\/td><td class=\"column-2\">Requer Votos de Congratula\u00e7\u00f5es e Aplausos para a Sra. Edna Maria de Meneses Estev\u00e3o.<\/td><td class=\"column-3\">Ruth Alves.<\/td><td class=\"column-4\">2023<\/td>\n<\/tr>\n<tr class=\"row-50\">\n\t<td class=\"column-1\">076\/2023<\/td><td class=\"column-2\">Requer Votos de Congratula\u00e7\u00f5es e Aplausos para a Sra. Jussara Mergulh\u00e3o.<\/td><td class=\"column-3\">Ruth Alves.<\/td><td class=\"column-4\">2023<\/td>\n<\/tr>\n<tr class=\"row-51\">\n\t<td class=\"column-1\">077\/2023<\/td><td class=\"column-2\">Requer Votos de Congratula\u00e7\u00f5es e Aplausos para a Sra. Gilcelia Maria Alves do Nascimento.<\/td><td class=\"column-3\">Ruth Alves.<\/td><td class=\"column-4\">2023<\/td>\n<\/tr>\n<tr class=\"row-52\">\n\t<td class=\"column-1\">078\/2023<\/td><td class=\"column-2\">Requer Votos de Congratula\u00e7\u00f5es e Aplausos para a Sra. Solange Leite de Farias Ara\u00fajo.<\/td><td class=\"column-3\">Ruth Alves.<\/td><td class=\"column-4\">2023<\/td>\n<\/tr>\n<tr class=\"row-53\">\n\t<td class=\"column-1\">079\/2023<\/td><td class=\"column-2\">Requer Votos de Congratula\u00e7\u00f5es e Aplausos para a Ex. vereadora Karla Simone da S. Mergulh\u00e3o.<\/td><td class=\"column-3\">Ruth Alves.<\/td><td class=\"column-4\">2023<\/td>\n<\/tr>\n<tr class=\"row-54\">\n\t<td class=\"column-1\">080\/2023<\/td><td class=\"column-2\">Requer Votos de Congratula\u00e7\u00f5es e Aplausos para a Ex. vereadora Jaciene Maria de Freitas.<\/td><td class=\"column-3\">Ruth Alves.<\/td><td class=\"column-4\">2023<\/td>\n<\/tr>\n<tr class=\"row-55\">\n\t<td class=\"column-1\">081\/2023<\/td><td class=\"column-2\">Requer Votos de Congratula\u00e7\u00f5es e Aplausos para a Ex. vereadora Iracema Luiza da Silva.<\/td><td class=\"column-3\">Ruth Alves.<\/td><td class=\"column-4\">2023<\/td>\n<\/tr>\n<tr class=\"row-56\">\n\t<td class=\"column-1\">082\/2023<\/td><td class=\"column-2\">Requer Votos de Congratula\u00e7\u00f5es para a Ex.vereadora Marlice Teixeira Campos Santana.<\/td><td class=\"column-3\">Ruth Alves.<\/td><td class=\"column-4\">2023<\/td>\n<\/tr>\n<tr class=\"row-57\">\n\t<td class=\"column-1\">083\/2023<\/td><td class=\"column-2\">Requer Votos de Congratula\u00e7\u00f5es e Aplausos para a Sra. Cilene Batista.<\/td><td class=\"column-3\">Ruth Alves.<\/td><td class=\"column-4\">2023<\/td>\n<\/tr>\n<tr class=\"row-58\">\n\t<td class=\"column-1\">084\/2023<\/td><td class=\"column-2\">Requer Votos de Congratula\u00e7\u00f5es e Aplausos para a Sra. Janaina Ricardo.<\/td><td class=\"column-3\">Ruth Alves.<\/td><td class=\"column-4\">2023<\/td>\n<\/tr>\n<tr class=\"row-59\">\n\t<td class=\"column-1\">085\/2023<\/td><td class=\"column-2\">Requer Votos de Congratula\u00e7\u00f5es e Aplausos para a Sra. Maria Alves.<\/td><td class=\"column-3\">Ruth Alves.<\/td><td class=\"column-4\">2023<\/td>\n<\/tr>\n<tr class=\"row-60\">\n\t<td class=\"column-1\">086\/2023<\/td><td class=\"column-2\">Requer Votos de Congratula\u00e7\u00f5es e Aplausos para  a Sra. Marilene G. X. Cintra.<\/td><td class=\"column-3\">Ruth Alves.<\/td><td class=\"column-4\">2023<\/td>\n<\/tr>\n<tr class=\"row-61\">\n\t<td class=\"column-1\">087\/2023<\/td><td class=\"column-2\">Requer Votos de Congratula\u00e7\u00f5es e Aplausos para a Sra. Josefa Ferreira de Souza.<\/td><td class=\"column-3\">Ruth Alves.<\/td><td class=\"column-4\">2023<\/td>\n<\/tr>\n<tr class=\"row-62\">\n\t<td class=\"column-1\">088\/2023<\/td><td class=\"column-2\">Requer Votos de Congratula\u00e7\u00f5es e Aplausos para a Sra. Maria de Lima Duarte.<\/td><td class=\"column-3\">Ruth Alves.<\/td><td class=\"column-4\">2023<\/td>\n<\/tr>\n<tr class=\"row-63\">\n\t<td class=\"column-1\">089\/2023<\/td><td class=\"column-2\">Requer implanta\u00e7\u00e3o de Posto de Sa\u00fade no S\u00edtio Duas Serras.<\/td><td class=\"column-3\">Ruth Alves.<\/td><td class=\"column-4\">2023<\/td>\n<\/tr>\n<tr class=\"row-64\">\n\t<td class=\"column-1\">090\/2023<\/td><td class=\"column-2\">Requer Voto de Pesar pelo falecimento do Sr. Mestre Jo\u00e3o Elias Esp\u00edndola.<\/td><td class=\"column-3\">Ruth Alves.<\/td><td class=\"column-4\">2023<\/td>\n<\/tr>\n<tr class=\"row-65\">\n\t<td class=\"column-1\">091\/2023<\/td><td class=\"column-2\">Requer constru\u00e7\u00e3o de Posto de Sa\u00fade no S\u00edtio Areia Grande.<\/td><td class=\"column-3\">Ruth Alves e Caique Alberto.<\/td><td class=\"column-4\">2023<\/td>\n<\/tr>\n<tr class=\"row-66\">\n\t<td class=\"column-1\">097\/2023<\/td><td class=\"column-2\">Requer Projeto de Lei concedendo aumento do Bolsa Volunt\u00e1rio.<\/td><td class=\"column-3\">Todos os Edis.<\/td><td class=\"column-4\">2023<\/td>\n<\/tr>\n<tr class=\"row-67\">\n\t<td class=\"column-1\">112\/2023<\/td><td class=\"column-2\">Requer Projeto de Lei concedendo reajuste salarial para os Bibliotec\u00e1rios do Munic\u00edpio.<\/td><td class=\"column-3\">Ruth Alves.<\/td><td class=\"column-4\">2023<\/td>\n<\/tr>\n<tr class=\"row-68\">\n\t<td class=\"column-1\">122\/2023<\/td><td class=\"column-2\">Requer instala\u00e7\u00e3o de Faixas de Pedestres em frente as Escolas da Zona Urbana e constru\u00e7\u00e3o de Lombadas antecipando as mesmas.<\/td><td class=\"column-3\">Ruth Alves.<\/td><td class=\"column-4\">2023<\/td>\n<\/tr>\n<tr class=\"row-69\">\n\t<td class=\"column-1\">141\/2023<\/td><td class=\"column-2\">Requer implanta\u00e7\u00e3o e execu\u00e7\u00e3o das Leis Nacionais Paulo Gustavo e Aldir Blanc.<\/td><td class=\"column-3\">Ruth Alves.<\/td><td class=\"column-4\">2023<\/td>\n<\/tr>\n<tr class=\"row-70\">\n\t<td class=\"column-1\">142\/2023<\/td><td class=\"column-2\">Requer cria\u00e7\u00e3o e implanta\u00e7\u00e3o de Projeto de Lei objetivando implantar a Secretaria Municipal de Pol\u00edticas P\u00fablicas para Mulheres.<\/td><td class=\"column-3\">Ruth Alves.<\/td><td class=\"column-4\">2023<\/td>\n<\/tr>\n<tr class=\"row-71\">\n\t<td class=\"column-1\">144\/2023<\/td><td class=\"column-2\">Requer que seja designado para o Munic\u00edpio um Delegado Titular, um Escriv\u00e3o e um Comiss\u00e1rio.<\/td><td class=\"column-3\">Ruth Alves.<\/td><td class=\"column-4\">2023<\/td>\n<\/tr>\n<tr class=\"row-72\">\n\t<td class=\"column-1\">148\/2023<\/td><td class=\"column-2\">Requer implanta\u00e7\u00e3o de Parques Recreativos e Equipamentos de Gin\u00e1sticas na Pra\u00e7a Carlos de Brito.<\/td><td class=\"column-3\">Ruth Alves.<\/td><td class=\"column-4\">2023<\/td>\n<\/tr>\n<tr class=\"row-73\">\n\t<td class=\"column-1\">149\/2023<\/td><td class=\"column-2\">Requer implanta\u00e7\u00e3o de Corrim\u00e3o na escadaria na rua da Lage.<\/td><td class=\"column-3\">Ruth Alves.<\/td><td class=\"column-4\">2023<\/td>\n<\/tr>\n<tr class=\"row-74\">\n\t<td class=\"column-1\">155\/2023<\/td><td class=\"column-2\">Requer implanta\u00e7\u00e3o de servi\u00e7os de seguran\u00e7a nas Escolas Municipais.<\/td><td class=\"column-3\">Ruth Alves.<\/td><td class=\"column-4\">2023<\/td>\n<\/tr>\n<tr class=\"row-75\">\n\t<td class=\"column-1\">178\/2023<\/td><td class=\"column-2\">Requer constru\u00e7\u00e3o de Muro no entorno da Torre da TV Digital.<\/td><td class=\"column-3\">Ruth Alves.<\/td><td class=\"column-4\">2023<\/td>\n<\/tr>\n<tr class=\"row-76\">\n\t<td class=\"column-1\">179\/2023<\/td><td class=\"column-2\">Requer contrata\u00e7\u00e3o de Profissionais de Educa\u00e7\u00e3o F\u00edsica para as Academias P\u00fablicas.<\/td><td class=\"column-3\">Ruth Alves<\/td><td class=\"column-4\">2023<\/td>\n<\/tr>\n<tr class=\"row-77\">\n\t<td class=\"column-1\">180\/2023<\/td><td class=\"column-2\">Requer contrata\u00e7\u00e3o de Psic\u00f3logo para o Distrito Gravat\u00e1 dos Gomes e Aldeia P\u00e3o de A\u00e7\u00facar.<\/td><td class=\"column-3\">Ruth Alves.<\/td><td class=\"column-4\">2023<\/td>\n<\/tr>\n<tr class=\"row-78\">\n\t<td class=\"column-1\">232\/2023<\/td><td class=\"column-2\">Requer contrata\u00e7\u00e3o de Equipe Multidisciplinar para a sa\u00fade.<\/td><td class=\"column-3\">Ruth Alves.<\/td><td class=\"column-4\">2023<\/td>\n<\/tr>\n<tr class=\"row-79\">\n\t<td class=\"column-1\">233\/2023<\/td><td class=\"column-2\">Requer cria\u00e7\u00e3o de Equipe de Capta\u00e7\u00e3o de Recursos para os Fundos Municipais.<\/td><td class=\"column-3\">Ruth Aves.<\/td><td class=\"column-4\">2023<\/td>\n<\/tr>\n<tr class=\"row-80\">\n\t<td class=\"column-1\">234\/2023<\/td><td class=\"column-2\">Requer cria\u00e7\u00e3o da Coordenadoria da Juventude.<\/td><td class=\"column-3\">Caique Alberto e Ruth Alves.<\/td><td class=\"column-4\">2023<\/td>\n<\/tr>\n<tr class=\"row-81\">\n\t<td class=\"column-1\">237\/2023<\/td><td class=\"column-2\">Requer Voto de Pesar pelo falecimento da Sra. Vera L\u00facia Medeiros.<\/td><td class=\"column-3\">Caique Alberto, Ruth Alves e Silas Marconi.<\/td><td class=\"column-4\">2023<\/td>\n<\/tr>\n<tr class=\"row-82\">\n\t<td class=\"column-1\">241\/2023<\/td><td class=\"column-2\">Requer Votos de Congratula\u00e7\u00f5es e Aplausos para a Escola Municipal Oscarina Cavalcanti e toda Equipe de Profissionais.<\/td><td class=\"column-3\">Ruth Alves.<\/td><td class=\"column-4\">2023<\/td>\n<\/tr>\n<tr class=\"row-83\">\n\t<td class=\"column-1\">242\/2023<\/td><td class=\"column-2\">Requer Votos de Congratula\u00e7\u00f5es e Aplausos para a Escola Municipal Jo\u00e3o Martins e toda Equipe de Profissionais.<\/td><td class=\"column-3\">Ruth Alves.<\/td><td class=\"column-4\">2023<\/td>\n<\/tr>\n<tr class=\"row-84\">\n\t<td class=\"column-1\">243\/2023<\/td><td class=\"column-2\">Requer Votos de Congratula\u00e7\u00f5es e Aplausos para a Escola Municipal Maria Epifanea, extensivo a aluna Isabely Aparecida e a Professora Ivanise.<\/td><td class=\"column-3\">Ruth Alves.<\/td><td class=\"column-4\">2023<\/td>\n<\/tr>\n<tr class=\"row-85\">\n\t<td class=\"column-1\">244\/2023<\/td><td class=\"column-2\">Requer Votos de Congratula\u00e7\u00f5es e Aplausos para a Escola Municipal Santa Clara, extensivo a aluna Maria Claudeane Rodrigues de Lima e a Professora C\u00e9lia Roseno.<\/td><td class=\"column-3\">Ruth Alves.<\/td><td class=\"column-4\">2023<\/td>\n<\/tr>\n<tr class=\"row-86\">\n\t<td class=\"column-1\">245\/2023<\/td><td class=\"column-2\">Requer Votos de Congratula\u00e7\u00f5es e Aplausos para a Escola Municipal Adelaide Oliveira, extensivo ao aluno Carlos Ariel Galdino dos Santos e a Professora \u00c1gueda Leov\u00e2nia.<\/td><td class=\"column-3\">Ruth Alves.<\/td><td class=\"column-4\">2023<\/td>\n<\/tr>\n<tr class=\"row-87\">\n\t<td class=\"column-1\">246\/2023<\/td><td class=\"column-2\">Requer Votos de Congratula\u00e7\u00f5es e Aplausos para a Escola Municipal Jos\u00e9 Medeiros, extensivo a aluna Maria Cec\u00edlia Pereira M. Bezerra e a Professora Graci Ventura.<\/td><td class=\"column-3\">Ruth Alves.<\/td><td class=\"column-4\">2023<\/td>\n<\/tr>\n<tr class=\"row-88\">\n\t<td class=\"column-1\">247\/2023<\/td><td class=\"column-2\">Requer Votos de Congratula\u00e7\u00f5es e Aplausos para a Escola Municipal Alzira Pereira, extensivo a aluna Joseany Leite Ferreira e a Professora Genilda.<\/td><td class=\"column-3\">Ruth Alves.<\/td><td class=\"column-4\">2023<\/td>\n<\/tr>\n<tr class=\"row-89\">\n\t<td class=\"column-1\">248\/2023<\/td><td class=\"column-2\">Requer Votos de Congratula\u00e7\u00f5es e Aplausos para a Escola Municipal Pedro Ibiapino, extensivo ao aluno Luiz Fernando Cavalcanti Pereira e a Professora Bruna.<\/td><td class=\"column-3\">Ruth Alves.<\/td><td class=\"column-4\">2023<\/td>\n<\/tr>\n<tr class=\"row-90\">\n\t<td class=\"column-1\">249\/2023<\/td><td class=\"column-2\">Requer Votos de Congratula\u00e7\u00f5es e Aplausos para a Escola Municipal S\u00e3o Jos\u00e9, extensivo ao aluno Luiz Davi Lima de Freitas e a Professora Simone.<\/td><td class=\"column-3\">Ruth Alves.<\/td><td class=\"column-4\">2023<\/td>\n<\/tr>\n<tr class=\"row-91\">\n\t<td class=\"column-1\">250\/2023<\/td><td class=\"column-2\">Requer Votos de Congratula\u00e7\u00f5es e para a Escola Municipal Oscarina Cavalcanti, extensivo ao aluno Jo\u00e3o Miguel F\u00e9lix Farias e a Professora Adriana.<\/td><td class=\"column-3\">Ruth Alves.<\/td><td class=\"column-4\">2023<\/td>\n<\/tr>\n<tr class=\"row-92\">\n\t<td class=\"column-1\">251\/2023<\/td><td class=\"column-2\">Requer Votos de Congratula\u00e7\u00f5es e Aplausos para a Escola Municipal Oscarina Cavalcanti, extensivo a aluna Emilly Vit\u00f3ria da Silva Mergulh\u00e3o.<\/td><td class=\"column-3\">Ruth Alves.<\/td><td class=\"column-4\">2023<\/td>\n<\/tr>\n<tr class=\"row-93\">\n\t<td class=\"column-1\">252\/2023<\/td><td class=\"column-2\">Requer Votos de Congratula\u00e7\u00f5es e Aplausos para a Escola Municipal, extensivo a aluna Paloma Vit\u00f3ria Domingos de Melo.<\/td><td class=\"column-3\">Ruth Alves.<\/td><td class=\"column-4\">2023<\/td>\n<\/tr>\n<tr class=\"row-94\">\n\t<td class=\"column-1\">253\/2023<\/td><td class=\"column-2\">Requer Votos de Congratula\u00e7\u00f5es e Aplausos para a Escola Municipal Oscarina Cavalcanti, extensivo a aluna M\u00e9rcia Dellayne Melo de Vasconcelos.<\/td><td class=\"column-3\">Ruth Alves.<\/td><td class=\"column-4\">2023<\/td>\n<\/tr>\n<tr class=\"row-95\">\n\t<td class=\"column-1\">254\/2023<\/td><td class=\"column-2\">Requer Votos de Congratula\u00e7\u00f5es e Aplausos para a Escola Municipal Oscarina Cavalcanti, extensivo a aluna Rebeca Emanuele de Oliveira Monezze.<\/td><td class=\"column-3\">Ruth Alves.<\/td><td class=\"column-4\">2023<\/td>\n<\/tr>\n<tr class=\"row-96\">\n\t<td class=\"column-1\">255\/2023<\/td><td class=\"column-2\">Requer Votos de Congratula\u00e7\u00f5es e Aplausos para a Escola Municipal Oscarina Cavalcanti, extensivo a aluna Maria Em\u00edlia Menezes Vasconcelos.<\/td><td class=\"column-3\">Ruth Alves.<\/td><td class=\"column-4\">2023<\/td>\n<\/tr>\n<tr class=\"row-97\">\n\t<td class=\"column-1\">256\/2023<\/td><td class=\"column-2\">Requer Votos de Congratula\u00e7\u00f5es e Aplausos para a Escola Municipal Oscarina Cavalcanti, extensivo a aluna Clara Let\u00edcia Raimundo Calado.<\/td><td class=\"column-3\">Ruth Alves.<\/td><td class=\"column-4\">2023<\/td>\n<\/tr>\n<tr class=\"row-98\">\n\t<td class=\"column-1\">271\/2023<\/td><td class=\"column-2\">Requer Projeto de Lei para regularizar os Cargos dos Profissionais Efetivos da Enfermagem junto a RAIS.<\/td><td class=\"column-3\">Caique Alberto, Ruth Alves e Silas Marconi.<\/td><td class=\"column-4\">2023<\/td>\n<\/tr>\n<tr class=\"row-99\">\n\t<td class=\"column-1\">275\/2023<\/td><td class=\"column-2\">Requer articula\u00e7\u00e3o do Programa Moradia para os Moradores do Conjunto Habitacional Ageu Correia Ventura, localizado no Bairro do Prado e tamb\u00e9m para a rua Sertaneja.<\/td><td class=\"column-3\">Ruth Alves.<\/td><td class=\"column-4\">2023<\/td>\n<\/tr>\n<tr class=\"row-100\">\n\t<td class=\"column-1\">276\/2023<\/td><td class=\"column-2\">Requer reforma e afixar Placa de Identifica\u00e7\u00e3o no Pr\u00e9dio da Prefeitura Municipal.<\/td><td class=\"column-3\">Ruth Alves.<\/td><td class=\"column-4\">2023<\/td>\n<\/tr>\n<tr class=\"row-101\">\n\t<td class=\"column-1\">277\/2023<\/td><td class=\"column-2\">Requer envio de Projeto de Lei objetivando a cria\u00e7\u00e3o do Conselho Municipal das Juventudes.<\/td><td class=\"column-3\">Ruth Alves.<\/td><td class=\"column-4\">2023<\/td>\n<\/tr>\n<tr class=\"row-102\">\n\t<td class=\"column-1\">288\/2023<\/td><td class=\"column-2\">Requer instala\u00e7\u00e3o da ilumina\u00e7\u00e3o com L\u00e2mpadas de LED, come\u00e7ando no in\u00edcio do Bairro do Prado at\u00e9 o final.<\/td><td class=\"column-3\">Ruth Alves.<\/td><td class=\"column-4\">2023<\/td>\n<\/tr>\n<tr class=\"row-103\">\n\t<td class=\"column-1\">289\/2023<\/td><td class=\"column-2\">Requer constru\u00e7\u00e3o de Cal\u00e7adas na ladeira do Prado, dando in\u00edcio no antigo Curral do gado at\u00e9 o final da ladeira.<\/td><td class=\"column-3\">Ruth Alves.<\/td><td class=\"column-4\">2023<\/td>\n<\/tr>\n<tr class=\"row-104\">\n\t<td class=\"column-1\">290\/2023<\/td><td class=\"column-2\">Requer realiza\u00e7\u00e3o da limpeza nas Salas de Aulas que ir\u00e3o ser revitalizadas na Escola Municipal Monsenhor Estanislau.<\/td><td class=\"column-3\">Ruth Alves.<\/td><td class=\"column-4\">2023<\/td>\n<\/tr>\n<tr class=\"row-105\">\n\t<td class=\"column-1\">291\/223<\/td><td class=\"column-2\">Requer aquisi\u00e7\u00e3o de novos Ve\u00edculos para a Secretaria de Sa\u00fade.<\/td><td class=\"column-3\">Todos os Edis.<\/td><td class=\"column-4\">2023<\/td>\n<\/tr>\n<tr class=\"row-106\">\n\t<td class=\"column-1\">298\/2023<\/td><td class=\"column-2\">Requer Votos de Congratula\u00e7\u00f5es e Aplausos para as Equipes Gestoras das Escolas Municipais, Monsenhor Estanislau, Oscarina Cavalcanti, Pedro Ibiapino e Santa Clara.<\/td><td class=\"column-3\">Ruth Alves.<\/td><td class=\"column-4\">2023<\/td>\n<\/tr>\n<tr class=\"row-107\">\n\t<td class=\"column-1\">300\/2023<\/td><td class=\"column-2\">Requer constru\u00e7\u00e3o de Creche e aquisi\u00e7\u00e3o de Equipamentos Did\u00e1ticos e de Inform\u00e1tica atrav\u00e9s do Programa Juntos pela Educa\u00e7\u00e3o.<\/td><td class=\"column-3\">Ruth Alves.<\/td><td class=\"column-4\">2023<\/td>\n<\/tr>\n<tr class=\"row-108\">\n\t<td class=\"column-1\">301\/2023<\/td><td class=\"column-2\">Requer cria\u00e7\u00e3o da Coordena\u00e7\u00e3o do Centro de Refer\u00eancia de Assist\u00eancia Social (CREAS).<\/td><td class=\"column-3\">Ruth Alves.<\/td><td class=\"column-4\">2023<\/td>\n<\/tr>\n<tr class=\"row-109\">\n\t<td class=\"column-1\">302\/2023<\/td><td class=\"column-2\">Requer a abertura de uma Turma de Educa\u00e7\u00e3o de Jovens e Adultos na Escola Municipal Pedro Ibiapino.<\/td><td class=\"column-3\">Ruth Alves.<\/td><td class=\"column-4\">2023<\/td>\n<\/tr>\n<tr class=\"row-110\">\n\t<td class=\"column-1\">315\/2023<\/td><td class=\"column-2\">Requer implanta\u00e7\u00e3o de Aulas de Zumba no Centro de Aten\u00e7\u00e3o Psicossocial (CAPS).<\/td><td class=\"column-3\">Ruth Alves.<\/td><td class=\"column-4\">2023<\/td>\n<\/tr>\n<tr class=\"row-111\">\n\t<td class=\"column-1\">316\/2023<\/td><td class=\"column-2\">Requer reparos na subida da ladeira localizada no Bairro do Prado.<\/td><td class=\"column-3\">Ruth Alves.<\/td><td class=\"column-4\">2023<\/td>\n<\/tr>\n<tr class=\"row-112\">\n\t<td class=\"column-1\">326\/2023<\/td><td class=\"column-2\">Requer reflorestamento da nascente do Rio Capibaribe.<\/td><td class=\"column-3\">Ruth Alves.<\/td><td class=\"column-4\">2023<\/td>\n<\/tr>\n<tr class=\"row-113\">\n\t<td class=\"column-1\">327\/2023<\/td><td class=\"column-2\">Requer implanta\u00e7\u00e3o do Projeto de Portas para o Rio Capibaribe.<\/td><td class=\"column-3\">Ruth Alves.<\/td><td class=\"column-4\">2023<\/td>\n<\/tr>\n<tr class=\"row-114\">\n\t<td class=\"column-1\">328\/2023<\/td><td class=\"column-2\">Votos de Congratula\u00e7\u00f5es e Aplausos para o Secret\u00e1rio de Sa\u00fade do Munic\u00edpio e todas as Equipes das UBSs e Coordena\u00e7\u00e3o da Aten\u00e7\u00e3o B\u00e1sica.<\/td><td class=\"column-3\">Ruth Alves.<\/td><td class=\"column-4\">2023<\/td>\n<\/tr>\n<tr class=\"row-115\">\n\t<td class=\"column-1\">332\/2023<\/td><td class=\"column-2\">Requer Voto de Pesar pelo falecimento do Sr. Manoel Jos\u00e9 Neto, ex-vereador do Munic\u00edpio.<\/td><td class=\"column-3\">Todos os Edis.<\/td><td class=\"column-4\">2023<\/td>\n<\/tr>\n<tr class=\"row-116\">\n\t<td class=\"column-1\">338\/2023<\/td><td class=\"column-2\">Requer reforma e amplia\u00e7\u00e3o da Escola Municipal Santa Clara, localizada no distrito Gravat\u00e1 dos Gomes.<\/td><td class=\"column-3\">J\u00fanior Roberto e Ruth Alves.<\/td><td class=\"column-4\">2023<\/td>\n<\/tr>\n<tr class=\"row-117\">\n\t<td class=\"column-1\">349\/2023<\/td><td class=\"column-2\">Requer Votos de Congratula\u00e7\u00f5es e Aplausos para o Sr. Lindenberg N\u00f3brega de Vasconcelos Filho, juntamente ao SESC.<\/td><td class=\"column-3\">J\u00fanior Roberto e Ruth Alves.<\/td><td class=\"column-4\">2023<\/td>\n<\/tr>\n<tr class=\"row-118\">\n\t<td class=\"column-1\">350\/2023<\/td><td class=\"column-2\">Requer Voto de Pesar pelo falecimento do Jovem Diogo Cordeiro de Lima Nascimento.<\/td><td class=\"column-3\">J\u00fanior Roberto e Ruth Alves com associa\u00e7\u00e3o concedida a Wrides Mendes.<\/td><td class=\"column-4\">2023<\/td>\n<\/tr>\n<tr class=\"row-119\">\n\t<td class=\"column-1\">352\/2023<\/td><td class=\"column-2\">Requer Votos de Congratula\u00e7\u00f5es e Aplausos para a Equipe da Cavalgada Amigos da Ch\u00e1cara Mucambo.<\/td><td class=\"column-3\">Ruth Alves e Napole\u00e3o Cordeiro.<\/td><td class=\"column-4\">2023<\/td>\n<\/tr>\n<tr class=\"row-120\">\n\t<td class=\"column-1\">355\/2023<\/td><td class=\"column-2\">Requer implanta\u00e7\u00e3o da Caderneta dos Adolescentes nas Unidades B\u00e1sicas de Sa\u00fade.<\/td><td class=\"column-3\">Ruth Alves.<\/td><td class=\"column-4\">2023<\/td>\n<\/tr>\n<tr class=\"row-121\">\n\t<td class=\"column-1\">356\/2023<\/td><td class=\"column-2\">Requer constru\u00e7\u00e3o de Quadras Poliesportivas no Bairro do Prado e da Cohab.<\/td><td class=\"column-3\">Ruth Alves.<\/td><td class=\"column-4\">2023<\/td>\n<\/tr>\n<tr class=\"row-122\">\n\t<td class=\"column-1\">357\/2023<\/td><td class=\"column-2\">Requer aquisi\u00e7\u00e3o de Ve\u00edculo para ficar a disposi\u00e7\u00e3o das altas hospitalares.<\/td><td class=\"column-3\">Ruth Alves.<\/td><td class=\"column-4\">2023<\/td>\n<\/tr>\n<tr class=\"row-123\">\n\t<td class=\"column-1\">372\/2023<\/td><td class=\"column-2\">Requer revitaliza\u00e7\u00e3o, Piso adequado para Jogos  e instala\u00e7\u00e3o de Alambrados na Quadra da Escola Municipal Monsenhor Estanislau.<\/td><td class=\"column-3\">Ruth Alves e Caique Alberto.<\/td><td class=\"column-4\">2023<\/td>\n<\/tr>\n<tr class=\"row-124\">\n\t<td class=\"column-1\">406\/2023<\/td><td class=\"column-2\">Requer aquisi\u00e7\u00e3o de Aparelho de Eletrocardiograma para a Aldeia P\u00e3o de A\u00e7\u00facar.<\/td><td class=\"column-3\">Ruth Alves.<\/td><td class=\"column-4\">2023<\/td>\n<\/tr>\n<tr class=\"row-125\">\n\t<td class=\"column-1\">407\/2023<\/td><td class=\"column-2\">Requer Voto de Congratula\u00e7\u00f5es e Aplausos para o Exmo. Sr. Romero Sales Filho.<\/td><td class=\"column-3\">Ruth Alves e Caique Alberto.<\/td><td class=\"column-4\">2023<\/td>\n<\/tr>\n<\/tbody>\n<\/table>\n<!-- #tablepress-35 from cache -->\n","protected":false},"excerpt":{"rendered":"","protected":false},"author":3,"featured_media":0,"parent":0,"menu_order":0,"comment_status":"closed","ping_status":"closed","template":"","meta":{"footnotes":""},"class_list":["post-1559","page","type-page","status-publish","hentry","active"],"aioseo_notices":[],"_links":{"self":[{"href":"https:\/\/camarapocao.pe.gov.br\/v1\/wp-json\/wp\/v2\/pages\/1559","targetHints":{"allow":["GET"]}}],"collection":[{"href":"https:\/\/camarapocao.pe.gov.br\/v1\/wp-json\/wp\/v2\/pages"}],"about":[{"href":"https:\/\/camarapocao.pe.gov.br\/v1\/wp-json\/wp\/v2\/types\/page"}],"author":[{"embeddable":true,"href":"https:\/\/camarapocao.pe.gov.br\/v1\/wp-json\/wp\/v2\/users\/3"}],"replies":[{"embeddable":true,"href":"https:\/\/camarapocao.pe.gov.br\/v1\/wp-json\/wp\/v2\/comments?post=1559"}],"version-history":[{"count":1,"href":"https:\/\/camarapocao.pe.gov.br\/v1\/wp-json\/wp\/v2\/pages\/1559\/revisions"}],"predecessor-version":[{"id":1570,"href":"https:\/\/camarapocao.pe.gov.br\/v1\/wp-json\/wp\/v2\/pages\/1559\/revisions\/1570"}],"wp:attachment":[{"href":"https:\/\/camarapocao.pe.gov.br\/v1\/wp-json\/wp\/v2\/media?parent=1559"}],"curies":[{"name":"wp","href":"https:\/\/api.w.org\/{rel}","templated":true}]}}