{"id":1558,"date":"2024-04-12T22:45:15","date_gmt":"2024-04-13T01:45:15","guid":{"rendered":"https:\/\/camarapocao.pe.gov.br\/?page_id=1558"},"modified":"2024-04-12T22:45:15","modified_gmt":"2024-04-13T01:45:15","slug":"requerimentos-vereador-jose-silvestre-kaka","status":"publish","type":"page","link":"https:\/\/camarapocao.pe.gov.br\/v1\/requerimentos-vereador-jose-silvestre-kaka\/","title":{"rendered":"REQUERIMENTOS \u2013 VEREADOR JOS\u00c9 SILVESTRE (KAKA)"},"content":{"rendered":"\n<table id=\"tablepress-33\" class=\"tablepress tablepress-id-33\">\n<thead>\n<tr class=\"row-1\">\n\t<th class=\"column-1\">N\u00daMERO<\/th><th class=\"column-2\">EMENTA<\/th><th class=\"column-3\">AUTOR<\/th><th class=\"column-4\">ANO<\/th>\n<\/tr>\n<\/thead>\n<tbody class=\"row-striping row-hover\">\n<tr class=\"row-2\">\n\t<td class=\"column-1\">007\/2024<\/td><td class=\"column-2\">Requer reabertura da ADAGRO.<\/td><td class=\"column-3\">Jos\u00e9 Silvestre.<\/td><td class=\"column-4\">2024<\/td>\n<\/tr>\n<tr class=\"row-3\">\n\t<td class=\"column-1\">016\/2024<\/td><td class=\"column-2\">Requer envio de Projeto de Lei concedendo reajuste salarial aos Profissionais Efetivos do Munic\u00edpio.<\/td><td class=\"column-3\">Todos os Edis.<\/td><td class=\"column-4\">2024<\/td>\n<\/tr>\n<tr class=\"row-4\">\n\t<td class=\"column-1\">028\/2024<\/td><td class=\"column-2\">Requer aquisi\u00e7\u00e3o de Terreno para constru\u00e7\u00e3o de Creche no Munic\u00edpio.<\/td><td class=\"column-3\">Todos os Edis.<\/td><td class=\"column-4\">2024<\/td>\n<\/tr>\n<tr class=\"row-5\">\n\t<td class=\"column-1\">039\/2024<\/td><td class=\"column-2\">Requer constru\u00e7\u00e3o de Banheiros no Sal\u00e3o Comunit\u00e1rio da Aldeia P\u00e3o de A\u00e7\u00facar.<\/td><td class=\"column-3\">Jos\u00e9 Silvestre.<\/td><td class=\"column-4\">2024<\/td>\n<\/tr>\n<tr class=\"row-6\">\n\t<td class=\"column-1\">040\/2024<\/td><td class=\"column-2\">Requer instala\u00e7\u00e3o de Placas de identifica\u00e7\u00e3o nas Ruas e vicinais do distrito Gravat\u00e1 dos Gomes.<\/td><td class=\"column-3\">Jos\u00e9 Silvestre.<\/td><td class=\"column-4\">2024<\/td>\n<\/tr>\n<tr class=\"row-7\">\n\t<td class=\"column-1\">083\/2024<\/td><td class=\"column-2\">Requer constru\u00e7\u00e3o de um Posto de Sa\u00fade no S\u00edtio Duas Serras.<\/td><td class=\"column-3\">Caique Alberto e Jos\u00e9 Silvestre.<\/td><td class=\"column-4\">2024<\/td>\n<\/tr>\n<tr class=\"row-8\">\n\t<td class=\"column-1\">084\/2024<\/td><td class=\"column-2\">Requer contrata\u00e7\u00e3o de Advogado para atuar nas causas do INSS.<\/td><td class=\"column-3\">Jos\u00e9 Silvestre.<\/td><td class=\"column-4\">2024<\/td>\n<\/tr>\n<tr class=\"row-9\">\n\t<td class=\"column-1\">095\/2024<\/td><td class=\"column-2\">Requer constru\u00e7\u00e3o de Passagem molhada entre as Aldeias Capim de planta e P\u00e3o de A\u00e7\u00facar.<\/td><td class=\"column-3\">Jos\u00e9 Silvestre.<\/td><td class=\"column-4\">2024<\/td>\n<\/tr>\n<tr class=\"row-10\">\n\t<td class=\"column-1\">098\/2024<\/td><td class=\"column-2\">Requer revitaliza\u00e7\u00e3o e cobertura do Cais S\u00e3o Sebasti\u00e3o.<\/td><td class=\"column-3\">Jos\u00e9 Silvestre.<\/td><td class=\"column-4\">2024<\/td>\n<\/tr>\n<tr class=\"row-11\">\n\t<td class=\"column-1\">099\/2024<\/td><td class=\"column-2\">Requer desapropria\u00e7\u00e3o de Pr\u00e9dio, abertura da rua Em\u00edlia Bezerra, Pavimenta\u00e7\u00e3o e saneamento da Mesma.<\/td><td class=\"column-3\">Jos\u00e9 Silvestre.<\/td><td class=\"column-4\">2024<\/td>\n<\/tr>\n<tr class=\"row-12\">\n\t<td class=\"column-1\">140\/2024<\/td><td class=\"column-2\">Requer aquisi\u00e7\u00e3o de um Caminh\u00e3o coletor de lixo.<\/td><td class=\"column-3\">Silas Marconi, Jos\u00e9 Silvestre e Jos\u00e9 Gleison.<\/td><td class=\"column-4\">2024<\/td>\n<\/tr>\n<tr class=\"row-13\">\n\t<td class=\"column-1\">148\/2024<\/td><td class=\"column-2\">Requer Voto de Congratula\u00e7\u00f5es e Aplausos para o Exmo. Sr. Carlos Veras, Deputado Federal.<\/td><td class=\"column-3\">Jos\u00e9 Silvestre.<\/td><td class=\"column-4\">2024<\/td>\n<\/tr>\n<tr class=\"row-14\">\n\t<td class=\"column-1\">012\/2023<\/td><td class=\"column-2\">Requer concess\u00e3o do reajuste salarial do Piso Nacional dos Professores da Rede Municipal de Ensino.<\/td><td class=\"column-3\">Todos os Edis.<\/td><td class=\"column-4\">2023<\/td>\n<\/tr>\n<tr class=\"row-15\">\n\t<td class=\"column-1\">004\/2023<\/td><td class=\"column-2\">Requer instala\u00e7\u00e3o da ilumina\u00e7\u00e3o as margens da PE-197, iniciando no s\u00edtio Po\u00e7os dos Cavalos at\u00e9 a Cidade.<\/td><td class=\"column-3\">Jos\u00e9 Silvestre.<\/td><td class=\"column-4\">2023<\/td>\n<\/tr>\n<tr class=\"row-16\">\n\t<td class=\"column-1\">005\/2023<\/td><td class=\"column-2\">Requer revitaliza\u00e7\u00e3o e cobertura do Cais S\u00e3o Sebasti\u00e3o, e que o mesmo seja estruturado para a Feira Livre.<\/td><td class=\"column-3\">Jos\u00e9 Silvestre.<\/td><td class=\"column-4\">2023<\/td>\n<\/tr>\n<tr class=\"row-17\">\n\t<td class=\"column-1\">021\/2023<\/td><td class=\"column-2\">Requer voto de Congratula\u00e7\u00f5es e Aplausos para a Ilma. Suzana Bezerra da Silva - Servidora da Casa Legislativa.<\/td><td class=\"column-3\">Jos\u00e9 Silvestre.<\/td><td class=\"column-4\">2023<\/td>\n<\/tr>\n<tr class=\"row-18\">\n\t<td class=\"column-1\">097\/2023<\/td><td class=\"column-2\">Requer encaminhar Projeto de Lei a Casa Legislativa concedendo reajuste nos valores das pessoas que recebem o Bolsa Volunt\u00e1rio.<\/td><td class=\"column-3\">Todos os Edis.<\/td><td class=\"column-4\">2023<\/td>\n<\/tr>\n<tr class=\"row-19\">\n\t<td class=\"column-1\">109\/2023<\/td><td class=\"column-2\">Requer aquisi\u00e7\u00e3o de um Gerador de energia para o Hospital Mun. S\u00e3o Sebasti\u00e3o.<\/td><td class=\"column-3\">Jos\u00e9 Silvestre.<\/td><td class=\"column-4\">2023<\/td>\n<\/tr>\n<tr class=\"row-20\">\n\t<td class=\"column-1\">110\/2023<\/td><td class=\"column-2\">Requer implantar Bloco Cir\u00fargico no Hospital S\u00e3o Sebasti\u00e3o.<\/td><td class=\"column-3\">Jos\u00e9 Silvestre.<\/td><td class=\"column-4\">2023<\/td>\n<\/tr>\n<tr class=\"row-21\">\n\t<td class=\"column-1\">119\/2023<\/td><td class=\"column-2\">Voto de Congratula\u00e7\u00f5es e Aplausos para a Exma. Sra. Ruth Barbosa Silva Alves.<\/td><td class=\"column-3\">Todos os Edis.<\/td><td class=\"column-4\">2023<\/td>\n<\/tr>\n<tr class=\"row-22\">\n\t<td class=\"column-1\">123\/2023<\/td><td class=\"column-2\">Requer abrir v\u00e1rias Ruas saindo do bairro do Prado sentido a PE 197.<\/td><td class=\"column-3\">Jos\u00e9 Silvestre.<\/td><td class=\"column-4\">2023<\/td>\n<\/tr>\n<tr class=\"row-23\">\n\t<td class=\"column-1\">138\/2023<\/td><td class=\"column-2\">Requer contratar Veterin\u00e1rios, Engenheiro, Agr\u00f4nomo, Zootecnista, T\u00e9cnicos Agr\u00edcolas e Agropecu\u00e1rio.<\/td><td class=\"column-3\">Jos\u00e9 Silvestre.<\/td><td class=\"column-4\">2023<\/td>\n<\/tr>\n<tr class=\"row-24\">\n\t<td class=\"column-1\">147\/2023<\/td><td class=\"column-2\">Requer realizar amplia\u00e7\u00e3o e revitaliza\u00e7\u00e3o dos Cemit\u00e9rios Municipais do distrito Gravat\u00e1 dos Gomes e da aldeia P\u00e3o de A\u00e7\u00facar.<\/td><td class=\"column-3\">Jos\u00e9 Gleison e Jos\u00e9 Silvestre.<\/td><td class=\"column-4\">2023<\/td>\n<\/tr>\n<tr class=\"row-25\">\n\t<td class=\"column-1\">194\/2023<\/td><td class=\"column-2\">Requer aquisi\u00e7\u00e3o de M\u00e1quina esteira para o Munic\u00edpio.<\/td><td class=\"column-3\">Jos\u00e9 Gleison e Jos\u00e9 Silvestre.<\/td><td class=\"column-4\">2023<\/td>\n<\/tr>\n<tr class=\"row-26\">\n\t<td class=\"column-1\">195\/2023<\/td><td class=\"column-2\">Requer implantar posto dos Correios no distrito Gravat\u00e1 dos Gomes.<\/td><td class=\"column-3\">Jos\u00e9 Silvestre.<\/td><td class=\"column-4\">2023<\/td>\n<\/tr>\n<tr class=\"row-27\">\n\t<td class=\"column-1\">224\/2023<\/td><td class=\"column-2\">Requer constru\u00e7\u00e3o de uma passagem molhada no riacho do rio Ipojuca, que liga entre a Aldeia P\u00e3o de A\u00e7\u00facar\/ Capim de Planta.<\/td><td class=\"column-3\">Jos\u00e9 Silvestre.<\/td><td class=\"column-4\">2023<\/td>\n<\/tr>\n<tr class=\"row-28\">\n\t<td class=\"column-1\">258\/2023<\/td><td class=\"column-2\">Requer constru\u00e7\u00e3o de portal na entrada da Aldeia P\u00e3o de A\u00e7\u00facar<\/td><td class=\"column-3\">Jos\u00e9 Gleison e<\/td><td class=\"column-4\">2023<\/td>\n<\/tr>\n<tr class=\"row-29\">\n\t<td class=\"column-1\">291\/2023<\/td><td class=\"column-2\">Requer aquisi\u00e7\u00e3o de novos ve\u00edculos para a Secretaria de Sa\u00fade.<\/td><td class=\"column-3\">Todos os Edis.<\/td><td class=\"column-4\">2023<\/td>\n<\/tr>\n<tr class=\"row-30\">\n\t<td class=\"column-1\">332\/2023<\/td><td class=\"column-2\">Voto de Pesar: Manoel Jos\u00e9 Neto - Ex Vereador.<\/td><td class=\"column-3\">Todos os Edis.<\/td><td class=\"column-4\">2023<\/td>\n<\/tr>\n<\/tbody>\n<\/table>\n<!-- #tablepress-33 from cache -->\n","protected":false},"excerpt":{"rendered":"","protected":false},"author":3,"featured_media":0,"parent":0,"menu_order":0,"comment_status":"closed","ping_status":"closed","template":"","meta":{"footnotes":""},"class_list":["post-1558","page","type-page","status-publish","hentry","active"],"aioseo_notices":[],"_links":{"self":[{"href":"https:\/\/camarapocao.pe.gov.br\/v1\/wp-json\/wp\/v2\/pages\/1558","targetHints":{"allow":["GET"]}}],"collection":[{"href":"https:\/\/camarapocao.pe.gov.br\/v1\/wp-json\/wp\/v2\/pages"}],"about":[{"href":"https:\/\/camarapocao.pe.gov.br\/v1\/wp-json\/wp\/v2\/types\/page"}],"author":[{"embeddable":true,"href":"https:\/\/camarapocao.pe.gov.br\/v1\/wp-json\/wp\/v2\/users\/3"}],"replies":[{"embeddable":true,"href":"https:\/\/camarapocao.pe.gov.br\/v1\/wp-json\/wp\/v2\/comments?post=1558"}],"version-history":[{"count":1,"href":"https:\/\/camarapocao.pe.gov.br\/v1\/wp-json\/wp\/v2\/pages\/1558\/revisions"}],"predecessor-version":[{"id":1571,"href":"https:\/\/camarapocao.pe.gov.br\/v1\/wp-json\/wp\/v2\/pages\/1558\/revisions\/1571"}],"wp:attachment":[{"href":"https:\/\/camarapocao.pe.gov.br\/v1\/wp-json\/wp\/v2\/media?parent=1558"}],"curies":[{"name":"wp","href":"https:\/\/api.w.org\/{rel}","templated":true}]}}