{"id":1536,"date":"2024-04-12T20:04:50","date_gmt":"2024-04-12T23:04:50","guid":{"rendered":"https:\/\/camarapocao.pe.gov.br\/?page_id=1536"},"modified":"2024-08-06T00:06:15","modified_gmt":"2024-08-06T03:06:15","slug":"requerimentos-2023-vereador-caique-alberto","status":"publish","type":"page","link":"https:\/\/camarapocao.pe.gov.br\/v1\/requerimentos-2023-vereador-caique-alberto\/","title":{"rendered":"Requerimentos &#8211; Vereador Ca\u00edque Alberto"},"content":{"rendered":"\n<table id=\"tablepress-26\" class=\"tablepress tablepress-id-26\">\n<thead>\n<tr class=\"row-1\">\n\t<th class=\"column-1\">N\u00daMERO<\/th><th class=\"column-2\">EMENTA<\/th><th class=\"column-3\">AUTOR<\/th><th class=\"column-4\">ANO<\/th>\n<\/tr>\n<\/thead>\n<tbody class=\"row-striping row-hover\">\n<tr class=\"row-2\">\n\t<td class=\"column-1\">26<\/td><td class=\"column-2\">Solicita o cal\u00e7amento da ladeira localizada no sitio mangueira conhecida popularmente como \u00b4\u00b4Ladeira de J\u00falia)<\/td><td class=\"column-3\">Ca\u00edque Alberto<\/td><td class=\"column-4\">fev\/26<\/td>\n<\/tr>\n<tr class=\"row-3\">\n\t<td class=\"column-1\">25<\/td><td class=\"column-2\">Solicita o cal\u00e7amento na ladeira localizada no sitio Po\u00e7os dos Cavalos, nas aproximidades do terreno de Marcelo (ACS)<\/td><td class=\"column-3\">Ca\u00edque Alberto<\/td><td class=\"column-4\">fev\/26<\/td>\n<\/tr>\n<tr class=\"row-4\">\n\t<td class=\"column-1\">24<\/td><td class=\"column-2\">requer voto de aplauso para a organiza\u00e7\u00e3o do Bloco Os papudinhos.<\/td><td class=\"column-3\">Ca\u00edque Alberto<\/td><td class=\"column-4\">fev\/26<\/td>\n<\/tr>\n<tr class=\"row-5\">\n\t<td class=\"column-1\">23<\/td><td class=\"column-2\">requer voto de aplauso para a organiza\u00e7\u00e3o do Bloco devendo e luxando.<\/td><td class=\"column-3\">Ca\u00edque Alberto<\/td><td class=\"column-4\">fev\/26<\/td>\n<\/tr>\n<tr class=\"row-6\">\n\t<td class=\"column-1\">393<\/td><td class=\"column-2\">Solicita a capacita\u00e7\u00e3o para trabalhar o ECA nas institui\u00e7\u00f5es e o conhecimento do fluxo de atendimento a crian\u00e7a e adolecentes.<\/td><td class=\"column-3\">Jaciene Maria Bezerra<\/td><td class=\"column-4\">dez\/25<\/td>\n<\/tr>\n<tr class=\"row-7\">\n\t<td class=\"column-1\">392<\/td><td class=\"column-2\">Requer voto de aplauso para Paula Roberta Gomes Reinaldo - secret\u00e1ria de assistencia social, pelo brilhante evento realizado do baile da saudade no municipio de Po\u00e7\u00e3o -PE.<\/td><td class=\"column-3\">Napole\u00e3o Cordeiro Almeida<\/td><td class=\"column-4\">dez\/25<\/td>\n<\/tr>\n<tr class=\"row-8\">\n\t<td class=\"column-1\">387<\/td><td class=\"column-2\">Solicita PL - criando programa de incentivo para bonificar alunos e professores que apresentem melhores desempenhos.<\/td><td class=\"column-3\">-<\/td><td class=\"column-4\">dez\/25<\/td>\n<\/tr>\n<tr class=\"row-9\">\n\t<td class=\"column-1\">386<\/td><td class=\"column-2\">Requer voto de aplauso para o grupo the hits of dance - em nome dos ilustrissimos senhores Erisvan Alexandre Oliveira e Wesley Micherlan Alves Mergulh\u00e3o<\/td><td class=\"column-3\">-<\/td><td class=\"column-4\">dez\/25<\/td>\n<\/tr>\n<tr class=\"row-10\">\n\t<td class=\"column-1\">385<\/td><td class=\"column-2\">Requer voto de aplauso para a ilustissima senhora Suely Leite de Farias silva e toda equipe, pela ornamenta\u00e7\u00e3o natalina do municipio de Po\u00e7\u00e3o.<\/td><td class=\"column-3\">-<\/td><td class=\"column-4\">dez\/25<\/td>\n<\/tr>\n<tr class=\"row-11\">\n\t<td class=\"column-1\">384<\/td><td class=\"column-2\">solicta a distribui\u00e7\u00e3o anual de kits escolares e fardamentos no inicio do ano letivo<\/td><td class=\"column-3\">-<\/td><td class=\"column-4\">dez\/25<\/td>\n<\/tr>\n<tr class=\"row-12\">\n\t<td class=\"column-1\">378<\/td><td class=\"column-2\">solicita a revitaliza\u00e7\u00e3o do a\u00e7ougue p\u00fablico municipal<\/td><td class=\"column-3\">J\u00fanior Roberto Silva Bernardo<\/td><td class=\"column-4\">dez\/25<\/td>\n<\/tr>\n<tr class=\"row-13\">\n\t<td class=\"column-1\">376<\/td><td class=\"column-2\">requer voto de pesar pelo falecimento do Senhor Jos\u00e9 Maria Maciel.<\/td><td class=\"column-3\">-<\/td><td class=\"column-4\">nov\/25<\/td>\n<\/tr>\n<tr class=\"row-14\">\n\t<td class=\"column-1\">373<\/td><td class=\"column-2\">solicita ao Excelent\u00edssimo Senhor Jo\u00e3o Guilherme Vasconcelos de Sousa \u2013 Prefeito desse Munic\u00edpio e ao Senhor Daniel Gomes da Costa J\u00fanior \u2013 Secret\u00e1rio de Transporte, a manuten\u00e7\u00e3o da estrada que d\u00e1 acesso ao S\u00edtio Zombaria atrav\u00e9s do S\u00edtio Chorador, nas imedia\u00e7\u00f5es da resid\u00eancia do sogro do Senhor Aroldo.<\/td><td class=\"column-3\">-<\/td><td class=\"column-4\">nov\/25<\/td>\n<\/tr>\n<tr class=\"row-15\">\n\t<td class=\"column-1\">365<\/td><td class=\"column-2\">solicita  a secret\u00e1ria de Educa\u00e7\u00e3o e ao conselho  tutelar promo\u00e7\u00e3o de eventos educativos nas escolas municipais com tema relacionado ao uso de drogas licitas e ilicitas, educa\u00e7\u00e3o sexual e metodos contraceptivos<\/td><td class=\"column-3\">-<\/td><td class=\"column-4\">nov\/25<\/td>\n<\/tr>\n<tr class=\"row-16\">\n\t<td class=\"column-1\">364<\/td><td class=\"column-2\">Requer um voto de aplauso para Jicele Soares de Brito - Diretora Municipal da escola jo\u00e3o martins estenedendo-se a todos os professores, servidores e colaboradores da referida unidade escolar.<\/td><td class=\"column-3\">-<\/td><td class=\"column-4\">nov\/25<\/td>\n<\/tr>\n<tr class=\"row-17\">\n\t<td class=\"column-1\">361<\/td><td class=\"column-2\">Solicita a aquisi\u00e7\u00e3o de uma ro\u00e7adeira articulada para uso das equipes de manuten\u00e7\u00e3o e limpeza p\u00fablica do municipio.<\/td><td class=\"column-3\">-<\/td><td class=\"column-4\">nov\/25<\/td>\n<\/tr>\n<tr class=\"row-18\">\n\t<td class=\"column-1\">356<\/td><td class=\"column-2\">Solicita que seja implantada uma casa de apoio aos estudantes universit\u00e1rios na cidade de caruaru\/pe<\/td><td class=\"column-3\">-<\/td><td class=\"column-4\">nov\/25<\/td>\n<\/tr>\n<tr class=\"row-19\">\n\t<td class=\"column-1\">334<\/td><td class=\"column-2\">solicita que realize a devida ilumina\u00e7\u00e3o, com uso de refletores se necessario, como tamb\u00e9m a instala\u00e7\u00e3o de internet na unidade B\u00e1sica de Sa\u00fade do Sitio Aca\u00ed.<\/td><td class=\"column-3\">-<\/td><td class=\"column-4\">out\/25<\/td>\n<\/tr>\n<tr class=\"row-20\">\n\t<td class=\"column-1\">PROJETO DE LEI N\u00ba 33\/2025<\/td><td class=\"column-2\">Estabelece normas para o recionhecimento e a declara\u00e7\u00e3o de utilidades p\u00fablicas de entidades privadas sem fins lucrativas no ambito do municipio de Po\u00e7\u00e3o\/PE, e d\u00e1 outras providencias.<\/td><td class=\"column-3\">-<\/td><td class=\"column-4\">out\/25<\/td>\n<\/tr>\n<tr class=\"row-21\">\n\t<td class=\"column-1\">352<\/td><td class=\"column-2\">Requer voto de pesar pelo falecimento do senhor Antonio Donizete da Silva (BRANCO)<\/td><td class=\"column-3\">-<\/td><td class=\"column-4\">out\/25<\/td>\n<\/tr>\n<tr class=\"row-22\">\n\t<td class=\"column-1\">340<\/td><td class=\"column-2\">Requer voto de congratula\u00e7\u00f5es e aplausos para os atletas vencedores dop campeonato Pernambucano de Kickboxing - seletiva para o campeonato Brasileiro, e para o tecnico professor Jucelio Aparecido Monteiro da Silva que aconteceu na cidade de Pesqueira - ATLETAS: Johnne George Alves da Silva, Lucas Francisco Verissimo Vieira Conrado, Kaue Cordeiro Rodrigues da Silva, Gabriel Lima da Silva, Diogo Cordeiro da Silva, Maria Aparecida Duarte Monteiro, Jos\u00e9 Davi Gomes Melo, Diogo Gregorio de Lima, Alessandro de Jesus Miranda, Lucas Francisco Verissimo Conrado.<\/td><td class=\"column-3\">-<\/td><td class=\"column-4\">out\/25<\/td>\n<\/tr>\n<tr class=\"row-23\">\n\t<td class=\"column-1\">337<\/td><td class=\"column-2\">solicita a reforma da escola maria epifania, adaptando-a uma rede de esgoto e \u00e1gua.<\/td><td class=\"column-3\">-<\/td><td class=\"column-4\">out\/25<\/td>\n<\/tr>\n<tr class=\"row-24\">\n\t<td class=\"column-1\">303<\/td><td class=\"column-2\">solicita ao Excelent\u00edssimo Senhor Jo\u00e3o Guilherme Vasconcelos de Sousa \u2013 Prefeito desse Munic\u00edpio e a senhora Josiane Maria Bezerra - Secret\u00e1ria de Educa\u00e7\u00e3o, a realiza\u00e7\u00e3o da execu\u00e7\u00e3o do Hino Nacional Brasileiro, Hino de Pernambuco e Hino de Po\u00e7\u00e3o, uma vez por semana, nas escolas de Ensino Fundamental I e II da rede municipal de ensino.<\/td><td class=\"column-3\">Ca\u00edque Alberto<\/td><td class=\"column-4\">set\/25<\/td>\n<\/tr>\n<tr class=\"row-25\">\n\t<td class=\"column-1\">301<\/td><td class=\"column-2\">solicita ao Excelent\u00edssimo Senhor Jo\u00e3o Guilherme Vasconcelos de Sousa \u2013 Prefeito desse Munic\u00edpio e a senhora Aline Cordeiro de Vasconcelos Silva -  Secret\u00e1ria de Sa\u00fade, a aquisi\u00e7\u00e3o de tablets novos para os agentes de endemias do munic\u00edpio de Po\u00e7\u00e3o- Pernambuco.<\/td><td class=\"column-3\">Ca\u00edque Alberto<\/td><td class=\"column-4\">set\/25<\/td>\n<\/tr>\n<tr class=\"row-26\">\n\t<td class=\"column-1\">300<\/td><td class=\"column-2\">requer voto de congratula\u00e7\u00f5es e aplausos para a Banda Fanfarra Jo\u00e3o Martins, Banda Fanfarra Maria Epifania e Banda Fanfarra Santa Clara, nas pessoas de seus Maestros, Senhor Will Anderson Cordeiro Miranda, Senhora Priscila Correia de Freitas Santana e Senhor Juan Silva Oliveira, respectivamente, em virtude da bel\u00edssima apresenta\u00e7\u00e3o realizada no dia 07 de setembro.<\/td><td class=\"column-3\">Ca\u00edque Alberto<\/td><td class=\"column-4\">set\/25<\/td>\n<\/tr>\n<tr class=\"row-27\">\n\t<td class=\"column-1\">294<\/td><td class=\"column-2\">solicita ao Excelent\u00edssimo Senhor Jo\u00e3o Guilherme Vasconcelos de Sousa \u2013 Prefeito desse Munic\u00edpio e a Senhora Paula Roberta Gomes Reinaldo \u2013 Secret\u00e1ria de Assist\u00eancia Social, a cria\u00e7\u00e3o e implementa\u00e7\u00e3o de um programa de distribui\u00e7\u00e3o de agasalhos e len\u00e7\u00f3is as fam\u00edlias em situa\u00e7\u00e3o de vulnerabilidade social no munic\u00edpio.<\/td><td class=\"column-3\">Ca\u00edque Alberto<\/td><td class=\"column-4\">set\/25<\/td>\n<\/tr>\n<tr class=\"row-28\">\n\t<td class=\"column-1\">300<\/td><td class=\"column-2\">requer voto de congratula\u00e7\u00f5es e aplausos para a Banda Fanfarra Jo\u00e3o Martins, Banda Fanfarra Maria Epifania e Banda Fanfarra Santa Clara, nas pessoas de seus Maestros, Senhor Will Anderson Cordeiro Miranda, Senhora Priscila Correia de Freitas Santana e Senhor Juan Silva Oliveira, respectivamente, em virtude da bel\u00edssima apresenta\u00e7\u00e3o realizada no dia 07 de setembro.<\/td><td class=\"column-3\">Ca\u00edque Alberto<\/td><td class=\"column-4\">set\/25<\/td>\n<\/tr>\n<tr class=\"row-29\">\n\t<td class=\"column-1\">293<\/td><td class=\"column-2\">solicita ao Excelent\u00edssimo Senhor Jo\u00e3o Guilherme Vasconcelos de Sousa \u2013 Prefeito desse Munic\u00edpio e a Senhora Paula Roberta Gomes Reinaldo \u2013 Secret\u00e1ria de Assist\u00eancia Social, a retomada do Programa Leite para todos para o munic\u00edpio.<\/td><td class=\"column-3\">Ca\u00edque Alberto<\/td><td class=\"column-4\">set\/25<\/td>\n<\/tr>\n<tr class=\"row-30\">\n\t<td class=\"column-1\">289<\/td><td class=\"column-2\">solicita ao Excelent\u00edssimo Senhor Jo\u00e3o Guilherme Vasconcelos de Sousa \u2013 Prefeito desse Munic\u00edpio e a Senhora Josiane Maria Bezerra \u2013 Secret\u00e1ria de Educa\u00e7\u00e3o, a implanta\u00e7\u00e3o de um programa de aulas preparat\u00f3rias para o ENEM \u2013 Exame Nacional do Ensino M\u00e9dio, voltado especialmente para os estudantes da rede p\u00fablica municipal, incluindo a sele\u00e7\u00e3o dos professores do pr\u00f3prio munic\u00edpio.<\/td><td class=\"column-3\">Autoria de Ca\u00edque Alberto com associa\u00e7\u00e3o de Iza Gabriela Cavalcanti Bezerra<\/td><td class=\"column-4\">set\/25<\/td>\n<\/tr>\n<tr class=\"row-31\">\n\t<td class=\"column-1\">256<\/td><td class=\"column-2\">requerem voto de pesar pelo falecimento da Senhora Quit\u00e9ria Maria de Melo.<\/td><td class=\"column-3\">Ca\u00edque Alberto<\/td><td class=\"column-4\">ago\/25<\/td>\n<\/tr>\n<tr class=\"row-32\">\n\t<td class=\"column-1\">263<\/td><td class=\"column-2\">Solicita que a Secret\u00e1ria de Sa\u00fade do Municipio, atr\u00e1ves da Secret\u00e1ria de Sa\u00fade do Estado de Pernambuco, desempenhem esfor\u00e7os para solicitar a destina\u00e7\u00e3o de uma Van do programa ``Pernambuco Conduz`` Para o nosso municipio afim de dar suporte e melhoria aos pacientes que fazem uso do Tratamento Fora de Domicilio. (TFD)<\/td><td class=\"column-3\">Ca\u00edque Alberto<\/td><td class=\"column-4\">ago\/25<\/td>\n<\/tr>\n<tr class=\"row-33\">\n\t<td class=\"column-1\">277<\/td><td class=\"column-2\">Solicita ao excelentissimo Jo\u00e3o Guilherme Vasconcelos de Sousa prefeito deste municipio juntamente com Jos\u00e9 Maciel da Silva Secret\u00e1rio de Esporte e Lazer que seja implantado no municipio um centro de forma\u00e7\u00e3o esportiva destinado para as crian\u00e7as e pr\u00e9- adolecentes de 07 a 13 anos.<\/td><td class=\"column-3\">Ca\u00edque Alberto<\/td><td class=\"column-4\">ago\/25<\/td>\n<\/tr>\n<tr class=\"row-34\">\n\t<td class=\"column-1\">278<\/td><td class=\"column-2\">Solicita que seja implantado no municipio um centro de desenvolvimento de futebol feminino.<\/td><td class=\"column-3\">Ca\u00edque Alberto<\/td><td class=\"column-4\">ago\/25<\/td>\n<\/tr>\n<tr class=\"row-35\">\n\t<td class=\"column-1\">279<\/td><td class=\"column-2\">Seja implantado no municipio o programa Ativa PE, programa da secretaria de esporte do estado de pernambuco.<\/td><td class=\"column-3\">Ca\u00edque Alberto<\/td><td class=\"column-4\">ago\/25<\/td>\n<\/tr>\n<tr class=\"row-36\">\n\t<td class=\"column-1\">PROJETO DE DECRETO LEGISLATIVO N\u00b0 13\/2025<\/td><td class=\"column-2\">Disp\u00f5e sobre a concess\u00e3o de titulo de cidad\u00e3o do municipio de Po\u00e7\u00e3o ao Dr Heleno Alves Val\u00e9rio Junior.<\/td><td class=\"column-3\">Ca\u00edque Alberto<\/td><td class=\"column-4\">ago\/25<\/td>\n<\/tr>\n<tr class=\"row-37\">\n\t<td class=\"column-1\">PROJETO DE DECRETO LEGISLATIVO N\u00b0 14\/2025<\/td><td class=\"column-2\">Disp\u00f5e sobre a concess\u00e3o de titulo de cidad\u00e3o do municipio de Po\u00e7\u00e3o a Dra Raquel Pereira Paiva.<\/td><td class=\"column-3\">Ca\u00edque Alberto<\/td><td class=\"column-4\">ago\/25<\/td>\n<\/tr>\n<tr class=\"row-38\">\n\t<td class=\"column-1\">235<\/td><td class=\"column-2\">voto de pesar pelo falecimento da Senhora Maria Lima Duarte \u2013 Maria de Celso.<\/td><td class=\"column-3\">Ca\u00edque Alberto<\/td><td class=\"column-4\">jun\/25<\/td>\n<\/tr>\n<tr class=\"row-39\">\n\t<td class=\"column-1\">232<\/td><td class=\"column-2\">solicita ao Excelent\u00edssimo Prefeito Jo\u00e3o Guilherme Vasconcelos de Sousa e ao Excelent\u00edssimo Senhor Jos\u00e9 Genailson Batista Bezerra \u2013 Secret\u00e1rio de Obras e Urbanismo que, os tratores e demais equipamentos agr\u00edcolas realizem ara\u00e7\u00e3o de terra nas comunidades rurais de Sete Barracas, Monte Alegre, Serra do Matias e Aca\u00ed.<\/td><td class=\"column-3\">Ca\u00edque Alberto<\/td><td class=\"column-4\">jun\/25<\/td>\n<\/tr>\n<tr class=\"row-40\">\n\t<td class=\"column-1\">224<\/td><td class=\"column-2\">requer voto de congratula\u00e7\u00f5es e aplausos para a Ilustr\u00edssima Senhora Maria Jos\u00e9 de Farias Vasconcelos, pela conquista do t\u00edtulo de Doutora.<\/td><td class=\"column-3\">Ca\u00edque Alberto com associa\u00e7\u00e3o de Silvio Andrade.<\/td><td class=\"column-4\">jun\/25<\/td>\n<\/tr>\n<tr class=\"row-41\">\n\t<td class=\"column-1\">223<\/td><td class=\"column-2\">requer voto de congratula\u00e7\u00f5es e aplausos para a Ilustr\u00edssima Senhora Maria Ivanilda Cassimiro de Brito, pela conquista do t\u00edtulo de Doutora.<\/td><td class=\"column-3\">Ca\u00edque Alberto com associa\u00e7\u00e3o de Silvio Andrade.<\/td><td class=\"column-4\">jun\/25<\/td>\n<\/tr>\n<tr class=\"row-42\">\n\t<td class=\"column-1\">222<\/td><td class=\"column-2\">requer voto de congratula\u00e7\u00f5es e aplausos para a Ilustr\u00edssima Senhora Selma Suely de Farias, pela conquista do t\u00edtulo de Doutora.<\/td><td class=\"column-3\">Ca\u00edque Alberto com associa\u00e7\u00e3o de Silvio Andrade.<\/td><td class=\"column-4\">jun\/25<\/td>\n<\/tr>\n<tr class=\"row-43\">\n\t<td class=\"column-1\">210<\/td><td class=\"column-2\">Solicita ao Excelent\u00edssimo Prefeito Jo\u00e3o Guilherme Vasconcelos de Sousa e ao Excelent\u00edssimo Senhor Jos\u00e9 Genailson Batista - Secret\u00e1rio de Obras e Urbanismo que, retire as bancas utilizadas na feira livre, que ficam na cal\u00e7ada da Escola Municipal, e as armazene em local adequado, tanto para sua conserva\u00e7\u00e3o, tanto para melhor locomo\u00e7\u00e3o e seguran\u00e7a dos mun\u00edcipes.<\/td><td class=\"column-3\">Ca\u00edque Alberto<\/td><td class=\"column-4\">jun\/25<\/td>\n<\/tr>\n<tr class=\"row-44\">\n\t<td class=\"column-1\">190<\/td><td class=\"column-2\">solicita ao Excelent\u00edssimo Prefeito Jo\u00e3o Guilherme Vasconcelos de Sousa e ao Excelent\u00edssimo Senhor Jos\u00e9 Genailson Batista Bezerra \u2013 Secret\u00e1rio de Obras que, realize reparos na caixa de esgoto e o conserto do cal\u00e7amento na Travessa Francisco Duarte.<\/td><td class=\"column-3\">Ca\u00edque Alberto<\/td><td class=\"column-4\">mai\/25<\/td>\n<\/tr>\n<tr class=\"row-45\">\n\t<td class=\"column-1\">189<\/td><td class=\"column-2\">solicita ao Excelent\u00edssimo Prefeito Jo\u00e3o Guilherme Vasconcelos de Sousa e ao Excelent\u00edssimo Senhor Jos\u00e9 Genailson Batista Bezerra \u2013 Secret\u00e1rio de Obras que, revitalize o cal\u00e7amento da Rua Frei Henrique.<\/td><td class=\"column-3\">Ca\u00edque Alberto<\/td><td class=\"column-4\">mai\/25<\/td>\n<\/tr>\n<tr class=\"row-46\">\n\t<td class=\"column-1\">188<\/td><td class=\"column-2\">solicita ao Excelent\u00edssimo Prefeito Jo\u00e3o Guilherme Vasconcelos de Sousa e a Excelent\u00edssima Senhora Maria Isabel Patriota Duarte Veloso \u2013 Secret\u00e1ria de Administra\u00e7\u00e3o que, realize estudos com vistas \u00e0 concess\u00e3o do adicional de insalubridade aos servidores p\u00fablicos municipais que exercem as fun\u00e7\u00f5es de eletricista, tratoristas, e operador de m\u00e1quinas.<\/td><td class=\"column-3\">Ca\u00edque Alberto<\/td><td class=\"column-4\">mai\/25<\/td>\n<\/tr>\n<tr class=\"row-47\">\n\t<td class=\"column-1\">174<\/td><td class=\"column-2\">solicita ao Excelent\u00edssimo Prefeito Jo\u00e3o Guilherme Vasconcelos de Sousa e a Excelent\u00edssima Senhora Aline Cordeiro de Vasconcelos Silva \u2013 Secret\u00e1ria de Sa\u00fade que, alinhe estrat\u00e9gias, junto \u00e0 farm\u00e1cia b\u00e1sica, a fim de diminuir a fila de espera frente a farm\u00e1cia do munic\u00edpio. Sugiro ainda que, seja disponibilizado de acordo com um cronograma por unidade b\u00e1sica de sa\u00fade.<\/td><td class=\"column-3\">Ca\u00edque Alberto<\/td><td class=\"column-4\">mai\/25<\/td>\n<\/tr>\n<tr class=\"row-48\">\n\t<td class=\"column-1\">173<\/td><td class=\"column-2\">solicita ao Excelent\u00edssimo Prefeito Jo\u00e3o Guilherme Vasconcelos de Sousa e ao Excelent\u00edssimo Senhor Jos\u00e9 Genailson Batista Bezerra - Secret\u00e1rio de Obras que, realize a reforma e o ro\u00e7o das estradas do S\u00edtio Salgadinho e o S\u00edtio Duas Serras.<\/td><td class=\"column-3\">Ca\u00edque Alberto<\/td><td class=\"column-4\">mai\/25<\/td>\n<\/tr>\n<tr class=\"row-49\">\n\t<td class=\"column-1\">167<\/td><td class=\"column-2\">Voto de Pesar pelo falecimento do Senhor  Ezio Galindo Cordeiro. Vereador de Alagoinha\/PE.<\/td><td class=\"column-3\">Ca\u00edque Alberto<\/td><td class=\"column-4\">mai\/25<\/td>\n<\/tr>\n<tr class=\"row-50\">\n\t<td class=\"column-1\">160<\/td><td class=\"column-2\">Prefeito Jo\u00e3o Guilherme Vasconcelos de Sousa, juntamente com a Secret\u00e1ria de Sa\u00fade, para que intervenha e reivindique junto ao Ministerio da Sa\u00fade com objetivo de credenciar os agentes de endemias contratados para o recurso financeiro seja destinado por este ministerio ou seja encaminhado o Projeto de lei prevendo o subsiduo adeqaudo, para a classe, com recursos proprios.<\/td><td class=\"column-3\">Ca\u00edque Alberto<\/td><td class=\"column-4\">mai\/25<\/td>\n<\/tr>\n<tr class=\"row-51\">\n\t<td class=\"column-1\">158<\/td><td class=\"column-2\">Sejam feitas a realiza\u00e7\u00f5es de obras de escoamento das aguas nas aproximidades de Cicero Germino, por meio da constru\u00e7\u00e3o de um corrego adequado, com finalidade de evitar alagamento, ac\u00famulo de \u00e1gua e os transtornos causados \u00e1 popula\u00e7\u00e3o local.<\/td><td class=\"column-3\">Ca\u00edque Alberto<\/td><td class=\"column-4\">mai\/25<\/td>\n<\/tr>\n<tr class=\"row-52\">\n\t<td class=\"column-1\">157<\/td><td class=\"column-2\">Sejam enviados esfor\u00e7os no sentido de realizar a reforma e o ro\u00e7o das estradas vicinais que ligam os sitios Aca\u00ed a Duas Serras, bem como do Sitio Po\u00e7o dos Cavalos at\u00e9 o Cafund\u00f3<\/td><td class=\"column-3\">Ca\u00edque Alberto<\/td><td class=\"column-4\">mai\/25<\/td>\n<\/tr>\n<tr class=\"row-53\">\n\t<td class=\"column-1\">148<\/td><td class=\"column-2\">requer voto de congratula\u00e7\u00f5es e aplausos para o Minist\u00e9rio \u00c2ngelos, em nome dos Ilustr\u00edssimos Senhores D\u00e9bora Emanuely Sousa de Farias e Jo\u00e3o Paulo Alves de Farias, em virtude da bel\u00edssima apresenta\u00e7\u00e3o no Domingo de Ramos.<\/td><td class=\"column-3\">Ca\u00edque Alberto<\/td><td class=\"column-4\">abr\/25<\/td>\n<\/tr>\n<tr class=\"row-54\">\n\t<td class=\"column-1\">135<\/td><td class=\"column-2\">Solicita a implanta\u00e7\u00e3o de salas de Atendimento Educacional Especializado (AEE)Em todas as unidades escolares da rede municipal que ainda n\u00e3o disp\u00f5em desse servi\u00e7o.<\/td><td class=\"column-3\">Ca\u00edque Alberto<\/td><td class=\"column-4\">abr\/25<\/td>\n<\/tr>\n<tr class=\"row-55\">\n\t<td class=\"column-1\">132<\/td><td class=\"column-2\">Solicita a implanta\u00e7\u00e3o de salas de Atendimento Educacional Especializado (AEE)Em todas as unidades escolares da rede municipal que ainda n\u00e3o disp\u00f5em desse servi\u00e7o.<\/td><td class=\"column-3\">Ca\u00edque Alberto<\/td><td class=\"column-4\">abr\/25<\/td>\n<\/tr>\n<tr class=\"row-56\">\n\t<td class=\"column-1\">113<\/td><td class=\"column-2\">solicita ao Excelent\u00edssimo Prefeito Jo\u00e3o Guilherme e a Excelent\u00edssima Secret\u00e1ria de Administra\u00e7\u00e3o \u2013 Maria Isabel Patriota Duarte Veloso que, encaminhe a esta Casa Legislativa Projeto de Lei onde estabele\u00e7a a concess\u00e3o de reajuste salarial para os Secret\u00e1rios, Diretores e Tesoureiros do Munic\u00edpio<\/td><td class=\"column-3\">Ca\u00edque Alberto<\/td><td class=\"column-4\">abr\/25<\/td>\n<\/tr>\n<tr class=\"row-57\">\n\t<td class=\"column-1\">112<\/td><td class=\"column-2\">solicita ao Excelent\u00edssimo Prefeito Jo\u00e3o Guilherme e a Excelent\u00edssima Secret\u00e1ria de Sa\u00fade  \u2013 Aline Cordeiro de Vasconcelos Silva, a contrata\u00e7\u00e3o do  CARRO FUMAC\u00ca, com a finalidade de apoiar a\u00e7\u00f5es de combate \u00e0 prolifera\u00e7\u00e3o do mosquito Aedes Aegypti e ao aumento de casos de dengue em nosso munic\u00edpio.<\/td><td class=\"column-3\">Ca\u00edque Alberto<\/td><td class=\"column-4\">abr\/25<\/td>\n<\/tr>\n<tr class=\"row-58\">\n\t<td class=\"column-1\">111<\/td><td class=\"column-2\">Seja viabilizado, por meio da Secretaria de Educa\u00e7\u00e3o, um programa de capacita\u00e7\u00e3o continuada exclusivamente para os profissionais de apoio que atuam diretamente com crian\u00e7as com Transtorno do Espectro Autista (TEA) na rede municipal de ensino.<\/td><td class=\"column-3\">Ca\u00edque Alberto<\/td><td class=\"column-4\">abr\/25<\/td>\n<\/tr>\n<tr class=\"row-59\">\n\t<td class=\"column-1\">110<\/td><td class=\"column-2\">Solicita a implanta\u00e7\u00e3o da Casa Azul - um centro de referencias especializado no atendeimento a crian\u00e7a com Transtorno do Espectro Autista ( TEA) no municipio de Po\u00e7\u00e3o.<\/td><td class=\"column-3\">Ca\u00edque Alberto<\/td><td class=\"column-4\">abr\/25<\/td>\n<\/tr>\n<tr class=\"row-60\">\n\t<td class=\"column-1\">90<\/td><td class=\"column-2\">solicita ao Excelent\u00edssimo Prefeito Jo\u00e3o Guilherme e ao Excelent\u00edssimo Secret\u00e1rio de Tranporte \u2013 Daniel Gomes da Costa J\u00fanior que, durante as reformas e manuten\u00e7\u00f5es das estradas do munic\u00edpio, seja realizada tamb\u00e9m a limpeza e o ro\u00e7o nas margens das estradas.<\/td><td class=\"column-3\">Ca\u00edque Alberto<\/td><td class=\"column-4\">abr\/25<\/td>\n<\/tr>\n<tr class=\"row-61\">\n\t<td class=\"column-1\">89<\/td><td class=\"column-2\">solicita ao Excelent\u00edssimo Prefeito Jo\u00e3o Guilherme e a Excelent\u00edssima Senhora Josiane Maria Bezerra que, desempenhem esfor\u00e7os para que seja feita a troca de todas as mesas do refeit\u00f3rio e a reforma dos assentos sem encosto na Creche Ded\u00e9 Lola, com o objetivo de melhorar a qualidade do ambiente escolar e proporcionar mais conforto e seguran\u00e7a aos alunos da institui\u00e7\u00e3o.<\/td><td class=\"column-3\">Ca\u00edque Alberto<\/td><td class=\"column-4\">abr\/25<\/td>\n<\/tr>\n<tr class=\"row-62\">\n\t<td class=\"column-1\">40\/2025<\/td><td class=\"column-2\">Revitaliza\u00e7\u00e3o da pequena pra\u00e7a proxima ao hospital.<\/td><td class=\"column-3\">Caique Alberto.<\/td><td class=\"column-4\">MAR\u00c7O - 2025<\/td>\n<\/tr>\n<tr class=\"row-63\">\n\t<td class=\"column-1\">76\/2025<\/td><td class=\"column-2\">O cal\u00e7amento das ladeiras do sitio Ing\u00e1 ( Proximidade ao terreno do ex-prefeito Roberivan de Melo, sitio mangueira proximo ao posto de sa\u00fade.<\/td><td class=\"column-3\">Caique Alberto.<\/td><td class=\"column-4\">MAR\u00c7O - 2025<\/td>\n<\/tr>\n<tr class=\"row-64\">\n\t<td class=\"column-1\">54\/2025<\/td><td class=\"column-2\">Encaminhar para a casa um plano de cargo e carreira dos agentes comunitarios de saude.<\/td><td class=\"column-3\">Caique Alberto.<\/td><td class=\"column-4\">MAR\u00c7O - 2025<\/td>\n<\/tr>\n<tr class=\"row-65\">\n\t<td class=\"column-1\">52\/2025<\/td><td class=\"column-2\">Criar um plano de cargo e carreira para os servidores Municipais que ainda n\u00e3o possuem estre beneficio.<\/td><td class=\"column-3\">Caique Alberto.<\/td><td class=\"column-4\">MAR\u00c7O - 2025<\/td>\n<\/tr>\n<tr class=\"row-66\">\n\t<td class=\"column-1\">51\/2025<\/td><td class=\"column-2\">VOTO de aplauso para os organizadores do Bloco Devendo e Luxando, em virtude do brilhante evento realizado no municipio.<\/td><td class=\"column-3\">Caique Alberto.<\/td><td class=\"column-4\">MAR\u00c7O - 2025<\/td>\n<\/tr>\n<tr class=\"row-67\">\n\t<td class=\"column-1\">PL 05\/2025<\/td><td class=\"column-2\">Implantar uma sala de Imobiliza\u00e7\u00e3o junto a sala de Raio-X<\/td><td class=\"column-3\">Caique Alberto.<\/td><td class=\"column-4\">MAR\u00c7O - 2025<\/td>\n<\/tr>\n<tr class=\"row-68\">\n\t<td class=\"column-1\">22\/2025<\/td><td class=\"column-2\">Institui a `` Semana Municipal de preven\u00e7\u00e3o e combate aos mosquitos transmissores do v\u00edrus da dengue, zika, chikugunya`` no ambito de Po\u00e7\u00e3o e d\u00e1 outras provid\u00eancias.<\/td><td class=\"column-3\">Caique Alberto.<\/td><td class=\"column-4\">FEVEREIRO - 2025<\/td>\n<\/tr>\n<tr class=\"row-69\">\n\t<td class=\"column-1\">21\/2025<\/td><td class=\"column-2\">Requer voto de pesar pelo falecimento da senjota Maria das Montanhas Cordeiro - Dona Lequinha.<\/td><td class=\"column-3\">Caique Alberto.<\/td><td class=\"column-4\">FEVEREIRO - 2025<\/td>\n<\/tr>\n<tr class=\"row-70\">\n\t<td class=\"column-1\">004\/2024<\/td><td class=\"column-2\">Requer constru\u00e7\u00e3o de Passagens molhadas.<\/td><td class=\"column-3\">Caique Alberto.<\/td><td class=\"column-4\">2024<\/td>\n<\/tr>\n<tr class=\"row-71\">\n\t<td class=\"column-1\">005\/2024<\/td><td class=\"column-2\">Requer reforma da Lavanderia do S\u00edtio Cafund\u00f3.<\/td><td class=\"column-3\">Caique Alberto.<\/td><td class=\"column-4\">2024<\/td>\n<\/tr>\n<tr class=\"row-72\">\n\t<td class=\"column-1\">009\/2024<\/td><td class=\"column-2\">Requer Voto de Congratula\u00e7\u00f5es e Aplausos para o Sr. Adriano Conrado da Silva.<\/td><td class=\"column-3\">Caique Alberto.<\/td><td class=\"column-4\">2024<\/td>\n<\/tr>\n<tr class=\"row-73\">\n\t<td class=\"column-1\">016\/2024<\/td><td class=\"column-2\">Requer envio de Projeto de Lei concedendo reajuste salarial para alguns Profissionais Efetivos do Munic\u00edpio.<\/td><td class=\"column-3\">Todos os Edis.<\/td><td class=\"column-4\">2024<\/td>\n<\/tr>\n<tr class=\"row-74\">\n\t<td class=\"column-1\">017\/2024<\/td><td class=\"column-2\">Requer regulariza\u00e7\u00e3o do abastecimento de \u00e1gua na Aldeia P\u00e3o de A\u00e7\u00facar.<\/td><td class=\"column-3\">Caique Alberto e Jos\u00e9 Gleison.<\/td><td class=\"column-4\">2024<\/td>\n<\/tr>\n<tr class=\"row-75\">\n\t<td class=\"column-1\">019\/2024<\/td><td class=\"column-2\">Requer constru\u00e7\u00e3o de Sede para o CAPS do Munic\u00edpio.<\/td><td class=\"column-3\">Caique Alberto e Silas Marconi.<\/td><td class=\"column-4\">2024<\/td>\n<\/tr>\n<tr class=\"row-76\">\n\t<td class=\"column-1\">027\/2024<\/td><td class=\"column-2\">Requer revitaliza\u00e7\u00e3o e constru\u00e7\u00e3o de Quiosques no Parque de Vaquejada Laurentino Cordeiro Aguiar.<\/td><td class=\"column-3\">Caique Alberto e J\u00fanior Roberto.<\/td><td class=\"column-4\">2024<\/td>\n<\/tr>\n<tr class=\"row-77\">\n\t<td class=\"column-1\">028\/2024<\/td><td class=\"column-2\">Requer aquisi\u00e7\u00e3o de Terreno para constru\u00e7\u00e3o de Creche.<\/td><td class=\"column-3\">Todos os Edis.<\/td><td class=\"column-4\">2024<\/td>\n<\/tr>\n<tr class=\"row-78\">\n\t<td class=\"column-1\">035\/2024<\/td><td class=\"column-2\">Requer Voto de Congratula\u00e7\u00f5es e Aplausos para a Sra. Jussara Mergulh\u00e3o e Equipe da Escola Municipal Monsenhor Estanislau F. de Carvalho.<\/td><td class=\"column-3\">Caique Alberto.<\/td><td class=\"column-4\">2024<\/td>\n<\/tr>\n<tr class=\"row-79\">\n\t<td class=\"column-1\">041\/2024<\/td><td class=\"column-2\">Requer aquisi\u00e7\u00e3o de Tabletes para os Agentes de sa\u00fade do Munic\u00edpio.<\/td><td class=\"column-3\">Caique Alberto<\/td><td class=\"column-4\">2024<\/td>\n<\/tr>\n<tr class=\"row-80\">\n\t<td class=\"column-1\">045\/2024<\/td><td class=\"column-2\">Requer reajuste nas Di\u00e1rias dos Servidores Municipais.<\/td><td class=\"column-3\">Caique Alberto.<\/td><td class=\"column-4\">2024<\/td>\n<\/tr>\n<tr class=\"row-81\">\n\t<td class=\"column-1\">074\/2024<\/td><td class=\"column-2\">Requer manuten\u00e7\u00e3o na ilumina\u00e7\u00e3o da Pra\u00e7a Monsenhor Estanislau.<\/td><td class=\"column-3\">Caique Alberto.<\/td><td class=\"column-4\">2024<\/td>\n<\/tr>\n<tr class=\"row-82\">\n\t<td class=\"column-1\">082\/2024<\/td><td class=\"column-2\">Requer manuten\u00e7\u00e3o nos Ar Condicionados das Escolas Municipais Monsenhor Estanislau, Oscarina Cavalcanti e Jo\u00e7[\u00e3o Martins.<\/td><td class=\"column-3\">Caique Alberto.<\/td><td class=\"column-4\">2024<\/td>\n<\/tr>\n<tr class=\"row-83\">\n\t<td class=\"column-1\">083\/2024<\/td><td class=\"column-2\">Requer constru\u00e7\u00e3o de um Posto de Sa\u00fade no s\u00edtio Duas Serras.<\/td><td class=\"column-3\">Caique Alberto e Jos\u00e9 Silvestre.<\/td><td class=\"column-4\">2024<\/td>\n<\/tr>\n<tr class=\"row-84\">\n\t<td class=\"column-1\">088\/2024<\/td><td class=\"column-2\">Requer Votos de Congratula\u00e7\u00f5es e Aplausos para o Grupo Musical Minist\u00e9rio Angelus.<\/td><td class=\"column-3\">Caique Alberto.<\/td><td class=\"column-4\">2024<\/td>\n<\/tr>\n<tr class=\"row-85\">\n\t<td class=\"column-1\">089\/2024<\/td><td class=\"column-2\">Requer instala\u00e7\u00e3o de Bra\u00e7os e Lumin\u00e1rias no s\u00edtio Acai.<\/td><td class=\"column-3\">Caique Alberto.<\/td><td class=\"column-4\">2024<\/td>\n<\/tr>\n<tr class=\"row-86\">\n\t<td class=\"column-1\">097\/2024<\/td><td class=\"column-2\">Requer cria\u00e7\u00e3o do Centro Especializado para o atendimento das Crian\u00e7as e Adolescentes com transtorno Espectro Autista (TEA).<\/td><td class=\"column-3\">Caique Alberto.<\/td><td class=\"column-4\">2024<\/td>\n<\/tr>\n<tr class=\"row-87\">\n\t<td class=\"column-1\">102\/2024<\/td><td class=\"column-2\">Requer constru\u00e7\u00e3o de Passagem molhada no s\u00edtio Acai.<\/td><td class=\"column-3\">Caique Alberto e Napole\u00e3o Cordeiro.<\/td><td class=\"column-4\">2024<\/td>\n<\/tr>\n<tr class=\"row-88\">\n\t<td class=\"column-1\">103\/2024<\/td><td class=\"column-2\">Requer Capacita\u00e7\u00e3o T\u00e9cnica para todos os acompanhantes das Crian\u00e7as com Transtorno Espectro Autista (TEA)<\/td><td class=\"column-3\">Caique Alberto.<\/td><td class=\"column-4\">2024<\/td>\n<\/tr>\n<tr class=\"row-89\">\n\t<td class=\"column-1\">112\/2024<\/td><td class=\"column-2\">Requer constru\u00e7\u00e3o de cal\u00e7amentos na Rua Maria Branquinha, nas imedia\u00e7\u00f5es do Studio T.<\/td><td class=\"column-3\">Caique Alberto.<\/td><td class=\"column-4\">2024<\/td>\n<\/tr>\n<tr class=\"row-90\">\n\t<td class=\"column-1\">113\/2024<\/td><td class=\"column-2\">Requer constru\u00e7\u00e3o de cal\u00e7amentos na rua Teodoro Alves de Carvalho, ao lado do SAMU, na entrada da cidade.<\/td><td class=\"column-3\">Caique Alberto.<\/td><td class=\"column-4\">2024<\/td>\n<\/tr>\n<tr class=\"row-91\">\n\t<td class=\"column-1\">114\/2024<\/td><td class=\"column-2\">Requer cal\u00e7amento e urbaniza\u00e7\u00e3o do P\u00e1tio do Cemit\u00e9rio P\u00fablico da Aldeia P\u00e3o de A\u00e7\u00facar.<\/td><td class=\"column-3\">Caique Alberto e Jos\u00e9 Gleison.<\/td><td class=\"column-4\">2024<\/td>\n<\/tr>\n<tr class=\"row-92\">\n\t<td class=\"column-1\">115\/2024<\/td><td class=\"column-2\">Requer implanta\u00e7\u00e3o de uma Sala de Imobiliza\u00e7\u00e3o junto a Sala de Raio-X.<\/td><td class=\"column-3\">Caique Alberto.<\/td><td class=\"column-4\">2024<\/td>\n<\/tr>\n<tr class=\"row-93\">\n\t<td class=\"column-1\">130\/2024<\/td><td class=\"column-2\">Requer ilumina\u00e7\u00e3o e constru\u00e7\u00e3o de Arquibancadas no Est\u00e1dio Malaquias Vieira.<\/td><td class=\"column-3\">Caique Alberto<\/td><td class=\"column-4\">2024<\/td>\n<\/tr>\n<tr class=\"row-94\">\n\t<td class=\"column-1\">149\/2024<\/td><td class=\"column-2\">Requer aquisi\u00e7\u00e3o de Equipamentos port\u00e1teis de Fisioterapia para atendimento domiciliar.<\/td><td class=\"column-3\">Caique Alberto.<\/td><td class=\"column-4\">2024<\/td>\n<\/tr>\n<tr class=\"row-95\">\n\t<td class=\"column-1\">150\/2024<\/td><td class=\"column-2\">Requer cria\u00e7\u00e3o da Coordenadoria da Juventude.<\/td><td class=\"column-3\">Caique Alberto e Ruth Alves.<\/td><td class=\"column-4\">2024<\/td>\n<\/tr>\n<tr class=\"row-96\">\n\t<td class=\"column-1\">153\/2024<\/td><td class=\"column-2\">Requer Votos de Congratula\u00e7\u00f5es e Aplausos para Maria Rafaela Monteiro da Silva e Jos\u00e9 Miguel de Paiva Silva, Alunos da Escola Monsenhor Estanislau...<\/td><td class=\"column-3\">Caique Alberto.<\/td><td class=\"column-4\">2024<\/td>\n<\/tr>\n<tr class=\"row-97\">\n\t<td class=\"column-1\">157\/2024<\/td><td class=\"column-2\">Requer constru\u00e7\u00e3o de um Posto de Sa\u00fade no s\u00edtio Areia Grande.<\/td><td class=\"column-3\">Caique Alberto e Ruth Alves.<\/td><td class=\"column-4\">2024<\/td>\n<\/tr>\n<tr class=\"row-98\">\n\t<td class=\"column-1\">166\/2024<\/td><td class=\"column-2\">Requer Voto de Pesar pelo falecimento do Sr. Edvaldo Ventura da  Silva.<\/td><td class=\"column-3\">Caique Alberto.<\/td><td class=\"column-4\">2024<\/td>\n<\/tr>\n<tr class=\"row-99\">\n\t<td class=\"column-1\">169\/2024<\/td><td class=\"column-2\">Requer Voto de Pesar pelo falecimento do Sr. Jos\u00e9 Lucas Sobrinho ex- Vereador do Munic\u00edpio.<\/td><td class=\"column-3\">Todos os Edis.<\/td><td class=\"column-4\">2024<\/td>\n<\/tr>\n<tr class=\"row-100\">\n\t<td class=\"column-1\">192\/2024<\/td><td class=\"column-2\">Requer Votos de Congratula\u00e7\u00f5es e Aplausos para o Pastor da Igreja Assembl\u00e9ia de Deus e Dirigentes do Conjunto Renascer.<\/td><td class=\"column-3\">Caique Alberto.<\/td><td class=\"column-4\">2024<\/td>\n<\/tr>\n<tr class=\"row-101\">\n\t<td class=\"column-1\">206\/2024<\/td><td class=\"column-2\">Requer cal\u00e7amento nas ladeiras dos s\u00edtios Ing\u00e1 e Mangueira.<\/td><td class=\"column-3\">Caique Alberto.<\/td><td class=\"column-4\">2024<\/td>\n<\/tr>\n<tr class=\"row-102\">\n\t<td class=\"column-1\">207\/2024<\/td><td class=\"column-2\">Requer revitaliza\u00e7\u00e3o dos Banheiros, do Piso e implanta\u00e7\u00e3o de brinquedos na Escola Municipal Jo\u00e3o Martins.<\/td><td class=\"column-3\">Caique Alberto.<\/td><td class=\"column-4\">2024<\/td>\n<\/tr>\n<tr class=\"row-103\">\n\t<td class=\"column-1\">214\/2024<\/td><td class=\"column-2\">Requer Voto de Congratula\u00e7\u00f5es e Aplausos para a Sra. Paula Roberta Gomes Reinaldo, Sec. Municipal de Assist\u00eancia Social e Equipe.<\/td><td class=\"column-3\">Caique Alberto.<\/td><td class=\"column-4\">17\/06\/2024.<\/td>\n<\/tr>\n<tr class=\"row-104\">\n\t<td class=\"column-1\">215\/2024<\/td><td class=\"column-2\">Requer Voto de Congratula\u00e7\u00f5es e Aplausos para a Equipe Organizadora da Cavalgada S\u00e3o Jo\u00e3o Batista, da Aldeia P\u00e3o de A\u00e7\u00facar.<\/td><td class=\"column-3\">Caique Alberto.<\/td><td class=\"column-4\">17\/06\/2024.<\/td>\n<\/tr>\n<tr class=\"row-105\">\n\t<td class=\"column-1\">219\/2024<\/td><td class=\"column-2\">Requer resgate do Programa Leite para Todos, para o Munic\u00edpio.<\/td><td class=\"column-3\">Caique Alberto.<\/td><td class=\"column-4\">18\/06\/2024.<\/td>\n<\/tr>\n<tr class=\"row-106\">\n\t<td class=\"column-1\">230\/2024<\/td><td class=\"column-2\">Requer constru\u00e7\u00e3o de uma Copa nos PSFs dos s\u00edtios Po\u00e7os dos Cavalos e Lagoa Seca<\/td><td class=\"column-3\">Caique Alberto.<\/td><td class=\"column-4\">26\/07\/2024.<\/td>\n<\/tr>\n<tr class=\"row-107\">\n\t<td class=\"column-1\">233\/2024<\/td><td class=\"column-2\">Requer cria\u00e7\u00e3o do Centro de Conviv\u00eancia das Pessoas com Defici\u00eancia.<\/td><td class=\"column-3\">Caique Alberto.<\/td><td class=\"column-4\">26\/08\/2024.<\/td>\n<\/tr>\n<tr class=\"row-108\">\n\t<td class=\"column-1\">001\/2023<\/td><td class=\"column-2\">Requer Projeto de Lei concedendo aumento salarial para os Profissionais Efetivos do Munic\u00edpio.<\/td><td class=\"column-3\">Caique Alberto, Ruth Alves e S\u00edlvio Andrade.<\/td><td class=\"column-4\">2023<\/td>\n<\/tr>\n<tr class=\"row-109\">\n\t<td class=\"column-1\">006\/2023<\/td><td class=\"column-2\">Requer constru\u00e7\u00e3o de duas passagens molhada no s\u00edtio Mangueira.<\/td><td class=\"column-3\">Caique Alberto<\/td><td class=\"column-4\">2023<\/td>\n<\/tr>\n<tr class=\"row-110\">\n\t<td class=\"column-1\">007\/2023<\/td><td class=\"column-2\">Requer reforma da Lavanderia do s\u00edtio Cafund\u00f3.<\/td><td class=\"column-3\">Caique Alberto<\/td><td class=\"column-4\">2023<\/td>\n<\/tr>\n<tr class=\"row-111\">\n\t<td class=\"column-1\">012\/2023<\/td><td class=\"column-2\">Requer  reajuste salarial do Piso Nacional dos Professores da Rede Municipal de Ensino.<\/td><td class=\"column-3\">Napole\u00e3o Cordeiro, com associa\u00e7\u00e3o dos demais Edis.<\/td><td class=\"column-4\">2023<\/td>\n<\/tr>\n<tr class=\"row-112\">\n\t<td class=\"column-1\">018\/2023<\/td><td class=\"column-2\">Requer Voto de Pesar pelo falecimento do Sr. Antonio Avelino Ribeiro.<\/td><td class=\"column-3\">Caique Alberto, Ruth Alves e Silas Marconi.<\/td><td class=\"column-4\">2023<\/td>\n<\/tr>\n<tr class=\"row-113\">\n\t<td class=\"column-1\">028\/2023<\/td><td class=\"column-2\">Requer cal\u00e7amento e Urbaniza\u00e7\u00e3o do p\u00e1tio do Cemit\u00e9rio P\u00fablico da Aldeia P\u00e3o de A\u00e7\u00facar.<\/td><td class=\"column-3\">Caique Alberto<\/td><td class=\"column-4\">2023<\/td>\n<\/tr>\n<tr class=\"row-114\">\n\t<td class=\"column-1\">031\/2023<\/td><td class=\"column-2\">Requer a instala\u00e7\u00e3o de gradeado em volta do monumento em homenagem aos Conselheiros Tutelares.<\/td><td class=\"column-3\">Caique Alberto<\/td><td class=\"column-4\">2023<\/td>\n<\/tr>\n<tr class=\"row-115\">\n\t<td class=\"column-1\">036\/2023<\/td><td class=\"column-2\">Requer regulariza\u00e7\u00e3o no abastecimento de \u00e1gua na Aldeia P\u00e3o de A\u00e7\u00facar.<\/td><td class=\"column-3\">Caique Alberto<\/td><td class=\"column-4\">2023<\/td>\n<\/tr>\n<tr class=\"row-116\">\n\t<td class=\"column-1\">043\/2023<\/td><td class=\"column-2\">Requer cria\u00e7\u00e3o do Programa de distribui\u00e7\u00e3o anual de kits de materiais Escolar e Fardamentos.<\/td><td class=\"column-3\">Caique Alberto, S\u00edlvio Andrade.<\/td><td class=\"column-4\">2023<\/td>\n<\/tr>\n<tr class=\"row-117\">\n\t<td class=\"column-1\">049\/2023<\/td><td class=\"column-2\">Requer informa\u00e7\u00f5es sobre os tr\u00e2mites legais para implanta\u00e7\u00e3o do Bolsa Atleta no Munic\u00edpio.<\/td><td class=\"column-3\">Caique Alberto.<\/td><td class=\"column-4\">2023<\/td>\n<\/tr>\n<tr class=\"row-118\">\n\t<td class=\"column-1\">057\/2023<\/td><td class=\"column-2\">Requer realiza\u00e7\u00e3o de reparos no teto e piso do Audit\u00f3rio da Escola Municipal Jo\u00e3o Martins.<\/td><td class=\"column-3\">Caique Alberto.<\/td><td class=\"column-4\">2023<\/td>\n<\/tr>\n<tr class=\"row-119\">\n\t<td class=\"column-1\">067\/2023<\/td><td class=\"column-2\">Requer cria\u00e7\u00e3o do Programa de CAFs itinerante para atuar nos S\u00edtios, distrito Gravat\u00e1 dos Gomes e Aldeia P\u00e3o de A\u00e7\u00facar.<\/td><td class=\"column-3\">Caique Alberto.<\/td><td class=\"column-4\">2023<\/td>\n<\/tr>\n<tr class=\"row-120\">\n\t<td class=\"column-1\">068\/2023<\/td><td class=\"column-2\">Requer realiza\u00e7\u00e3o de reparos na estrada do s\u00edtio Cachimbos.<\/td><td class=\"column-3\">Caique Alberto.<\/td><td class=\"column-4\">2023<\/td>\n<\/tr>\n<tr class=\"row-121\">\n\t<td class=\"column-1\">075\/2023<\/td><td class=\"column-2\">Requer realiza\u00e7\u00e3o de limpeza do Po\u00e7o Artesiano do s\u00edtio Cafund\u00f3.<\/td><td class=\"column-3\">Caique Alberto.<\/td><td class=\"column-4\">2023<\/td>\n<\/tr>\n<tr class=\"row-122\">\n\t<td class=\"column-1\">091\/2023<\/td><td class=\"column-2\">Requer Constru\u00e7\u00e3o de Posto de Sa\u00fade no s\u00edtio Areia Grande.<\/td><td class=\"column-3\">Caique Alberto e Ruth Alves.<\/td><td class=\"column-4\">2023<\/td>\n<\/tr>\n<tr class=\"row-123\">\n\t<td class=\"column-1\">092\/2023<\/td><td class=\"column-2\">Requer implanta\u00e7\u00e3o de Casa de Apoio na Cidade para acolher as pessoas da \u00e1rea rural.<\/td><td class=\"column-3\">Caique Alberto.<\/td><td class=\"column-4\">2023<\/td>\n<\/tr>\n<tr class=\"row-124\">\n\t<td class=\"column-1\">093\/2023<\/td><td class=\"column-2\">Requer constru\u00e7\u00e3o de Garagem para os Ve\u00edculos do Munic\u00edpio.<\/td><td class=\"column-3\">Caique Alberto e S\u00edlvio Andrade.<\/td><td class=\"column-4\">2023<\/td>\n<\/tr>\n<tr class=\"row-125\">\n\t<td class=\"column-1\">095\/2023<\/td><td class=\"column-2\">Requer Voto de Pesar pelo falecimento da Sra. Maria de F\u00e1tima.<\/td><td class=\"column-3\">Caique Alberto e Silas Marconi.<\/td><td class=\"column-4\">2023<\/td>\n<\/tr>\n<tr class=\"row-126\">\n\t<td class=\"column-1\">097\/2023<\/td><td class=\"column-2\">Requer Projeto de Lei concedendo reajuste do Bolsa Volunt\u00e1rio.<\/td><td class=\"column-3\">Todos os Edis.<\/td><td class=\"column-4\">2023<\/td>\n<\/tr>\n<tr class=\"row-127\">\n\t<td class=\"column-1\">099\/2023<\/td><td class=\"column-2\">Requer revitaliza\u00e7\u00e3o do p\u00e1tio da Igreja do s\u00edtio Lagoa Seca.<\/td><td class=\"column-3\">Caique Alberto.<\/td><td class=\"column-4\">2023<\/td>\n<\/tr>\n<tr class=\"row-128\">\n\t<td class=\"column-1\">100\/2023<\/td><td class=\"column-2\">Requer reforma e ced\u00eancia do Pr\u00e9dio da antiga Escola do s\u00edtio Cafund\u00f3.<\/td><td class=\"column-3\">Caique Alberto.<\/td><td class=\"column-4\">2023<\/td>\n<\/tr>\n<tr class=\"row-129\">\n\t<td class=\"column-1\">119\/2023<\/td><td class=\"column-2\">Requer Voto de Congratula\u00e7\u00f5es e Aplausos para a Ver. Ruth Alves.<\/td><td class=\"column-3\">Todos os Edis.<\/td><td class=\"column-4\">2023<\/td>\n<\/tr>\n<tr class=\"row-130\">\n\t<td class=\"column-1\">125\/2023<\/td><td class=\"column-2\">Requer Voto de Congratula\u00e7\u00f5es e Aplausos para Cla\u00fadia Cabral, Enfermeira da UBS Renascen\u00e7a.<\/td><td class=\"column-3\">Caique Alberto.<\/td><td class=\"column-4\">2023<\/td>\n<\/tr>\n<tr class=\"row-131\">\n\t<td class=\"column-1\">127\/2023<\/td><td class=\"column-2\">Requer instala\u00e7\u00e3o de Placas de Sinaliza\u00e7\u00e3o para identifica\u00e7\u00e3o de pontos tur\u00edsticos do Munic\u00edpio.<\/td><td class=\"column-3\">Caique Alberto.<\/td><td class=\"column-4\">2023<\/td>\n<\/tr>\n<tr class=\"row-132\">\n\t<td class=\"column-1\">132\/2023<\/td><td class=\"column-2\">Requer contrata\u00e7\u00e3o de Pediatra para o Munic\u00edpio.<\/td><td class=\"column-3\">Caique Alberto e S\u00edlvio Andrade.<\/td><td class=\"column-4\">2023<\/td>\n<\/tr>\n<tr class=\"row-133\">\n\t<td class=\"column-1\">135\/2023<\/td><td class=\"column-2\">Requer cursos de capacita\u00e7\u00e3o para os Produtores Rurais.<\/td><td class=\"column-3\">Caique Alberto.<\/td><td class=\"column-4\">2023<\/td>\n<\/tr>\n<tr class=\"row-134\">\n\t<td class=\"column-1\">137\/2023<\/td><td class=\"column-2\">Requer instala\u00e7\u00e3o de detector de metais com Port\u00e3o Eletr\u00f4nico em todas as Escolas Municipais.<\/td><td class=\"column-3\">Caique Alberto.<\/td><td class=\"column-4\">2023<\/td>\n<\/tr>\n<tr class=\"row-135\">\n\t<td class=\"column-1\">166\/2023<\/td><td class=\"column-2\">Requer Voto de Pesar pelo falecimento da Sra. Maria Aparecida.<\/td><td class=\"column-3\">Caique Alberto e Napole\u00e3o Cordeiro.<\/td><td class=\"column-4\">2023<\/td>\n<\/tr>\n<tr class=\"row-136\">\n\t<td class=\"column-1\">172\/2023<\/td><td class=\"column-2\">Requer instala\u00e7\u00e3o de uma caixa de \u00e1gua no Distrito Gravat\u00e1 dos Gomes, pr\u00f3ximo a resid\u00eancia da Sra. Dilma de Rejo.<\/td><td class=\"column-3\">Caique Alberto<\/td><td class=\"column-4\">2023<\/td>\n<\/tr>\n<tr class=\"row-137\">\n\t<td class=\"column-1\">173\/2023<\/td><td class=\"column-2\">Requer aquisi\u00e7\u00e3o de EPIs para os Profissionais Auxiliares de Servi\u00e7os Gerais lotados em todos os setores da Secretaria de Sa\u00fade.<\/td><td class=\"column-3\">Caique Alberto.<\/td><td class=\"column-4\">2023<\/td>\n<\/tr>\n<tr class=\"row-138\">\n\t<td class=\"column-1\">185\/2023<\/td><td class=\"column-2\">Requer constru\u00e7\u00e3o de Banheiros nas proximidades da feira de frutas.<\/td><td class=\"column-3\">Caique Alberto e Napole\u00e3o Cordeiro.<\/td><td class=\"column-4\">2023<\/td>\n<\/tr>\n<tr class=\"row-139\">\n\t<td class=\"column-1\">188\/2023<\/td><td class=\"column-2\">Requer constru\u00e7\u00e3o de passarelas nas laterais da ponte localizada na PE-197, nas imedia\u00e7\u00f5es da entrada e sa\u00edda da cidade.<\/td><td class=\"column-3\">Caique Alberto e Silas Marconi.<\/td><td class=\"column-4\">2023<\/td>\n<\/tr>\n<tr class=\"row-140\">\n\t<td class=\"column-1\">216\/2023<\/td><td class=\"column-2\">Requer cria\u00e7\u00e3o de um Centro Especializado para o atendimento das Crian\u00e7as e Adolescentes com transtorno Espectro Autista.<\/td><td class=\"column-3\">Caique Alberto.<\/td><td class=\"column-4\">2023<\/td>\n<\/tr>\n<tr class=\"row-141\">\n\t<td class=\"column-1\">217\/2023<\/td><td class=\"column-2\">Requer constru\u00e7\u00e3o de Banheiros no Parque Municipal Laurentino Cordeiro Aguiar.<\/td><td class=\"column-3\">Caique Alberto.<\/td><td class=\"column-4\">2023<\/td>\n<\/tr>\n<tr class=\"row-142\">\n\t<td class=\"column-1\">234\/2023<\/td><td class=\"column-2\">Requer a cria\u00e7\u00e3o da Coordenadoria da Juventude.<\/td><td class=\"column-3\">Caique Alberto.<\/td><td class=\"column-4\">2023<\/td>\n<\/tr>\n<tr class=\"row-143\">\n\t<td class=\"column-1\">235\/2023<\/td><td class=\"column-2\">Requer Voto de Congratula\u00e7\u00f5es e Aplausos para o Pastor Ronaldo Carlos Sobral.<\/td><td class=\"column-3\">Caique Alberto.<\/td><td class=\"column-4\">2023<\/td>\n<\/tr>\n<tr class=\"row-144\">\n\t<td class=\"column-1\">237\/2023<\/td><td class=\"column-2\">Requer Voto de Pesar pelo falecimento da Sra. Vera L\u00facia Medeiros.<\/td><td class=\"column-3\">Caique Alberto, Ruth Alves e Silas Marconi.<\/td><td class=\"column-4\">2023<\/td>\n<\/tr>\n<tr class=\"row-145\">\n\t<td class=\"column-1\">271\/2023<\/td><td class=\"column-2\">Requer Projeto de Lei objetivando regularizar os cargos dos Profissionais Efetivos da Enfermagem junto a RAIS.<\/td><td class=\"column-3\">Caique Alberto, Ruth Alves e Silas Marconi.<\/td><td class=\"column-4\">2023<\/td>\n<\/tr>\n<tr class=\"row-146\">\n\t<td class=\"column-1\">272\/2023<\/td><td class=\"column-2\">Requer cria\u00e7\u00e3o de Ouvidoria em todas Unidades B\u00e1sicas de Sa\u00fade.<\/td><td class=\"column-3\">Caique Alberto.<\/td><td class=\"column-4\">2023<\/td>\n<\/tr>\n<tr class=\"row-147\">\n\t<td class=\"column-1\">273\/2023<\/td><td class=\"column-2\">Requer a realiza\u00e7\u00e3o de distribui\u00e7\u00e3o de agasalhos para pessoas em situa\u00e7\u00e3o de vulnerabilidade no per\u00edodo chuvoso.<\/td><td class=\"column-3\">Caique Alberto.<\/td><td class=\"column-4\">2023<\/td>\n<\/tr>\n<tr class=\"row-148\">\n\t<td class=\"column-1\">291\/2023<\/td><td class=\"column-2\">Requer aquisi\u00e7\u00e3o de novos Ve\u00edculos para a Secretaria de Sa\u00fade.<\/td><td class=\"column-3\">Todos os Edis.<\/td><td class=\"column-4\">2023<\/td>\n<\/tr>\n<tr class=\"row-149\">\n\t<td class=\"column-1\">295\/2023<\/td><td class=\"column-2\">Requer instala\u00e7\u00f5es de C\u00e2meras de Seguran\u00e7a na entrada da Cidade e nos Bares.<\/td><td class=\"column-3\">Caique Alberto.<\/td><td class=\"column-4\">2023<\/td>\n<\/tr>\n<tr class=\"row-150\">\n\t<td class=\"column-1\">318\/2023<\/td><td class=\"column-2\">Requer realiza\u00e7\u00e3o de Torneio leiteiro contemplando Caprinos e Bovinos.<\/td><td class=\"column-3\">Caique Alberto.<\/td><td class=\"column-4\">2023<\/td>\n<\/tr>\n<tr class=\"row-151\">\n\t<td class=\"column-1\">324\/2023<\/td><td class=\"column-2\">Requer cria\u00e7\u00e3o do Centro de Conviv\u00eancia das pessoas com Defici\u00eancia.<\/td><td class=\"column-3\">Caique Alberto.<\/td><td class=\"column-4\">2023<\/td>\n<\/tr>\n<tr class=\"row-152\">\n\t<td class=\"column-1\">330\/2023<\/td><td class=\"column-2\">Requer Voto de Pesar pelo falecimento do Sr. Jos\u00e9 Galv\u00e3o da Silva.<\/td><td class=\"column-3\">Caique Alberto, Napole\u00e3o Cordeiro e Silas Marconi.<\/td><td class=\"column-4\">2023<\/td>\n<\/tr>\n<tr class=\"row-153\">\n\t<td class=\"column-1\">332\/2023<\/td><td class=\"column-2\">Requer Voto de Pesar pelo falecimento do Ex-vereador Manoel Jos\u00e9 Neto.<\/td><td class=\"column-3\">Todos os Edis.<\/td><td class=\"column-4\">2023<\/td>\n<\/tr>\n<tr class=\"row-154\">\n\t<td class=\"column-1\">336\/2023<\/td><td class=\"column-2\">Requer Votos de Congratula\u00e7\u00f5es e Aplausos para a Secretaria de Educa\u00e7\u00e3o Municipal e todas as Equipes Gestoras das Escolas Municipais.<\/td><td class=\"column-3\">Caique Alberto<\/td><td class=\"column-4\">2023<\/td>\n<\/tr>\n<tr class=\"row-155\">\n\t<td class=\"column-1\">347\/2023<\/td><td class=\"column-2\">Requer  Voto de Pesar pelo falecimento do Sr. Arlindo Bezerra de Carvalho.<\/td><td class=\"column-3\">Caique Alberto.<\/td><td class=\"column-4\">2023<\/td>\n<\/tr>\n<tr class=\"row-156\">\n\t<td class=\"column-1\">348\/2023<\/td><td class=\"column-2\">Requer constru\u00e7\u00e3o de Quadra Poliesportiva no Munic\u00edpio.<\/td><td class=\"column-3\">Caique Alberto.<\/td><td class=\"column-4\">2023<\/td>\n<\/tr>\n<tr class=\"row-157\">\n\t<td class=\"column-1\">372\/2023<\/td><td class=\"column-2\">Requer revitaliza\u00e7\u00e3o e piso adequado para jogos e instala\u00e7\u00e3o de Alambrados na Quadra da Escola Municipal Monsenhor Estanislau.<\/td><td class=\"column-3\">Caique Alberto e Ruth Alves.<\/td><td class=\"column-4\">2023<\/td>\n<\/tr>\n<tr class=\"row-158\">\n\t<td class=\"column-1\">373\/2023<\/td><td class=\"column-2\">Requer Votos de Congratula\u00e7\u00f5es e Aplausos para o Grupo dos Desbravadores da Igreja Adventista do S\u00e9timo Dia.<\/td><td class=\"column-3\">Caique Alberto e S\u00edlvio Andrade.<\/td><td class=\"column-4\">2023<\/td>\n<\/tr>\n<tr class=\"row-159\">\n\t<td class=\"column-1\">374\/2023<\/td><td class=\"column-2\">Requer Votos de Congratula\u00e7\u00f5es e Aplausos para a Unidade B\u00e1sica Gilson Mergulh\u00e3o.<\/td><td class=\"column-3\">Caique Alberto, concedida associa\u00e7\u00e3o a Silas Marconi.<\/td><td class=\"column-4\">2023<\/td>\n<\/tr>\n<tr class=\"row-160\">\n\t<td class=\"column-1\">375\/2023<\/td><td class=\"column-2\">Requer Votos de Congratula\u00e7\u00f5es e Aplausos para a Unidade B\u00e1sica de Sa\u00fade Judite da Silva Andrade.<\/td><td class=\"column-3\">Caique Alberto, concedida associa\u00e7\u00e3o a Silas Marconi.<\/td><td class=\"column-4\">2023<\/td>\n<\/tr>\n<tr class=\"row-161\">\n\t<td class=\"column-1\">376\/2023<\/td><td class=\"column-2\">Requer Votos de Congratula\u00e7\u00f5es e Aplausos para a Unidade B\u00e1sica de Sa\u00fade Maria de Lourdes.<\/td><td class=\"column-3\">Caique Alberto, concedida associa\u00e7\u00e3o a Silas Marconi.<\/td><td class=\"column-4\">2023<\/td>\n<\/tr>\n<tr class=\"row-162\">\n\t<td class=\"column-1\">377\/2023<\/td><td class=\"column-2\">Requer Votos de Congratula\u00e7\u00f5es e Aplausos para a Unidade B\u00e1sica de Sa\u00fade Renascen\u00e7a<\/td><td class=\"column-3\">Caique Alberto, concedida associa\u00e7\u00e3o a Silas Marconi.<\/td><td class=\"column-4\">2023<\/td>\n<\/tr>\n<tr class=\"row-163\">\n\t<td class=\"column-1\">382\/2023<\/td><td class=\"column-2\">Requer implanta\u00e7\u00e3o do Programa Sert\u00e3o Vivo no Munic\u00edpio.<\/td><td class=\"column-3\">Caique Alberto<\/td><td class=\"column-4\">2023<\/td>\n<\/tr>\n<tr class=\"row-164\">\n\t<td class=\"column-1\">407\/2023<\/td><td class=\"column-2\">Requer Voto de Congratula\u00e7\u00f5es e Aplausos para o Exmo. Sr. Romero Sales Filho.<\/td><td class=\"column-3\">Caique Alberto e Ruth Barbosa.<\/td><td class=\"column-4\">2023<\/td>\n<\/tr>\n<tr class=\"row-165\">\n\t<td class=\"column-1\">410\/2023<\/td><td class=\"column-2\">Requer Votos de Congratula\u00e7\u00f5es e Aplausos para a Sra. Jussara Mergulh\u00e3o, extensivo a Professores, Alunos e demais funcion\u00e1rios do Centro Educacional Frei Henrique Broker.<\/td><td class=\"column-3\">Caique Alberto, Wrides Mendes, Silas Marconi e S\u00edlvio Andrade.<\/td><td class=\"column-4\">2023<\/td>\n<\/tr>\n<\/tbody>\n<\/table>\n<!-- #tablepress-26 from cache -->\n","protected":false},"excerpt":{"rendered":"","protected":false},"author":3,"featured_media":0,"parent":0,"menu_order":0,"comment_status":"closed","ping_status":"closed","template":"","meta":{"footnotes":""},"class_list":["post-1536","page","type-page","status-publish","hentry","active"],"aioseo_notices":[],"_links":{"self":[{"href":"https:\/\/camarapocao.pe.gov.br\/v1\/wp-json\/wp\/v2\/pages\/1536","targetHints":{"allow":["GET"]}}],"collection":[{"href":"https:\/\/camarapocao.pe.gov.br\/v1\/wp-json\/wp\/v2\/pages"}],"about":[{"href":"https:\/\/camarapocao.pe.gov.br\/v1\/wp-json\/wp\/v2\/types\/page"}],"author":[{"embeddable":true,"href":"https:\/\/camarapocao.pe.gov.br\/v1\/wp-json\/wp\/v2\/users\/3"}],"replies":[{"embeddable":true,"href":"https:\/\/camarapocao.pe.gov.br\/v1\/wp-json\/wp\/v2\/comments?post=1536"}],"version-history":[{"count":2,"href":"https:\/\/camarapocao.pe.gov.br\/v1\/wp-json\/wp\/v2\/pages\/1536\/revisions"}],"predecessor-version":[{"id":1694,"href":"https:\/\/camarapocao.pe.gov.br\/v1\/wp-json\/wp\/v2\/pages\/1536\/revisions\/1694"}],"wp:attachment":[{"href":"https:\/\/camarapocao.pe.gov.br\/v1\/wp-json\/wp\/v2\/media?parent=1536"}],"curies":[{"name":"wp","href":"https:\/\/api.w.org\/{rel}","templated":true}]}}