{"id":1433,"date":"2023-10-15T22:30:31","date_gmt":"2023-10-16T01:30:31","guid":{"rendered":"https:\/\/camarapocao.pe.gov.br\/?page_id=1433"},"modified":"2023-10-15T22:30:31","modified_gmt":"2023-10-16T01:30:31","slug":"projetos-de-lei-tramitados-2023","status":"publish","type":"page","link":"https:\/\/camarapocao.pe.gov.br\/v1\/projetos-de-lei-tramitados-2023\/","title":{"rendered":"Projetos de Lei Tramitados &#8211; 2023"},"content":{"rendered":"\n<table id=\"tablepress-18\" class=\"tablepress tablepress-id-18\">\n<thead>\n<tr class=\"row-1\">\n\t<th class=\"column-1\">PROJETO DE LEI<\/th><th class=\"column-2\">EMENTA<\/th><th class=\"column-3\">AUTORIA<\/th><th class=\"column-4\">Tramita\u00e7\u00e3o<\/th><th class=\"column-5\">RELATORES<\/th><th class=\"column-6\">Situa\u00e7\u00e3o Atual<\/th><th class=\"column-7\">Download<\/th>\n<\/tr>\n<\/thead>\n<tbody class=\"row-striping row-hover\">\n<tr class=\"row-2\">\n\t<td class=\"column-1\">N\u00ba 01\/2023<\/td><td class=\"column-2\">Disp\u00f5e sobre o pagamento do adicional de insalubridade e de adicional noturno aos servidores da secretaria municipal de sa\u00fade de Po\u00e7\u00e3o\/PE e d\u00e1 outras procid\u00eancias.<\/td><td class=\"column-3\">Poder Executivo<\/td><td class=\"column-4\">Comiss\u00e3o de Reda\u00e7\u00e3o e Justi\u00e7a, Or\u00e7amento e Finan\u00e7as e Comiss\u00e3o de Sa\u00fade.<\/td><td class=\"column-5\">Silas Marconi, Silvio de Souza e Ruth Barbosa.<\/td><td class=\"column-6\">Aprovado por 7 votos.<\/td><td class=\"column-7\"><a href=\"https:\/\/www.camarapocao.pe.gov.br\/home\/images\/Consulta\/pl\/2023\/01-2023.pdf\" rel=\"noopener\" target=\"_blank\">PDF<\/a><\/td>\n<\/tr>\n<tr class=\"row-3\">\n\t<td class=\"column-1\">N\u00ba 02\/2023<\/td><td class=\"column-2\">Fixa o sal\u00e1rio m\u00ednimo dos servidores municipais de Po\u00e7\u00e3o\/PE e d\u00e1 outras provid\u00eancias.<\/td><td class=\"column-3\">Poder Executivo<\/td><td class=\"column-4\">Comiss\u00e3o de Reda\u00e7\u00e3o e Justi\u00e7a e Or\u00e7amento e Finan\u00e7as.<\/td><td class=\"column-5\">Ruth Barbosa e Wrides Mendes.<\/td><td class=\"column-6\">Aprovado por 7 votos.<\/td><td class=\"column-7\"><a href=\"https:\/\/www.camarapocao.pe.gov.br\/home\/images\/Consulta\/pl\/2023\/02-2023.pdf\" rel=\"noopener\" target=\"_blank\">PDF<\/a><\/td>\n<\/tr>\n<tr class=\"row-4\">\n\t<td class=\"column-1\">N\u00ba 03\/2023<\/td><td class=\"column-2\">Institui o conselho tutelar no munic\u00edpio de Po\u00e7\u00e3o,PE e d\u00e1 outras provid\u00eancias.<\/td><td class=\"column-3\">Poder Executivo<\/td><td class=\"column-4\">Comiss\u00e3o de Reda\u00e7\u00e3o e Justi\u00e7a, Or\u00e7amento e Finan\u00e7as e Assist\u00eancia Social.<\/td><td class=\"column-5\">Wrides Mendes, Junior Roberto e Ruth Barbosa.<\/td><td class=\"column-6\">Aprovado por 8 votos.<\/td><td class=\"column-7\"><a href=\"https:\/\/www.camarapocao.pe.gov.br\/home\/images\/Consulta\/pl\/2023\/03-2023.pdf\" rel=\"noopener\" target=\"_blank\">PDF<\/a><\/td>\n<\/tr>\n<tr class=\"row-5\">\n\t<td class=\"column-1\">N\u00ba 04\/2023<\/td><td class=\"column-2\">Disp\u00f5e sobre denomina\u00e7\u00e3o de pr\u00e9dios, Ruas, Avenidas, Logradouros P\u00fablicos e determina outras provid\u00eancias.<\/td><td class=\"column-3\">Wrides Mendes Paz<\/td><td class=\"column-4\">Comiss\u00e3o de Reda\u00e7\u00e3o e Justi\u00e7a.<\/td><td class=\"column-5\">Silas Marconi<\/td><td class=\"column-6\">Aprovado por 7 votos.<\/td><td class=\"column-7\"><a href=\"https:\/\/www.camarapocao.pe.gov.br\/home\/images\/Consulta\/pl\/2023\/04-2023.pdf\" rel=\"noopener\" target=\"_blank\">PDF<\/a><\/td>\n<\/tr>\n<tr class=\"row-6\">\n\t<td class=\"column-1\">N\u00ba 05\/2023<\/td><td class=\"column-2\">Institui o Dia do Psicanalista a ser comemorado anualmente em 6 de maio com a realiza\u00e7\u00e3o de homenagem aos mesmos nesta casa de leis.<\/td><td class=\"column-3\">Ruth Barbosa Silva Alves<\/td><td class=\"column-4\">Comiss\u00e3o de Reda\u00e7\u00e3o e Justi\u00e7a.<\/td><td class=\"column-5\">Ruth Babosa<\/td><td class=\"column-6\">Aprovado por 7 votos.<\/td><td class=\"column-7\"><a href=\"https:\/\/www.camarapocao.pe.gov.br\/home\/images\/Consulta\/pl\/2023\/05-2023.pdf\" rel=\"noopener\" target=\"_blank\">PDF<\/a><\/td>\n<\/tr>\n<tr class=\"row-7\">\n\t<td class=\"column-1\">N\u00ba 06\/2023<\/td><td class=\"column-2\">Disp\u00f5e sobre denomina\u00e7\u00e3o de Pr\u00e9dios, Ruas, Logradouros P\u00fablicos e determina outras provid\u00eancias.<\/td><td class=\"column-3\">Napole\u00e3o Cordeiro Almeida<\/td><td class=\"column-4\">Comiss\u00e3o de Reda\u00e7\u00e3o e Justi\u00e7a<\/td><td class=\"column-5\">Wrides Mendes<\/td><td class=\"column-6\">Aprovado por 5 votos.<\/td><td class=\"column-7\"><a href=\"https:\/\/www.camarapocao.pe.gov.br\/home\/images\/Consulta\/pl\/2023\/06-2023.pdf\" rel=\"noopener\" target=\"_blank\">PDF<\/a><\/td>\n<\/tr>\n<tr class=\"row-8\">\n\t<td class=\"column-1\">N\u00ba 07\/2023<\/td><td class=\"column-2\">N\u00e3o Houve<\/td><td class=\"column-3\">N\u00e3o Houve<\/td><td class=\"column-4\">N\u00e3o Houve<\/td><td class=\"column-5\">N\u00e3o Houve<\/td><td class=\"column-6\">N\u00e3o Houve<\/td><td class=\"column-7\"><a href=\"https:\/\/www.camarapocao.pe.gov.br\/home\/images\/Consulta\/pl\/2023\/07-2023.pdf\" rel=\"noopener\" target=\"_blank\">PDF<\/a><\/td>\n<\/tr>\n<tr class=\"row-9\">\n\t<td class=\"column-1\">N\u00ba 08\/2023<\/td><td class=\"column-2\">Institui o Conselho Municipal de Assist\u00eancia Social de Po\u00e7\u00e3o\/PE e d\u00e1 outras provid\u00eancias.<\/td><td class=\"column-3\">Poder Executivo<\/td><td class=\"column-4\">Comiss\u00e3o de Reda\u00e7\u00e3o e Justi\u00e7a, Assist\u00eancia Social<\/td><td class=\"column-5\">Silas Marconi e Silas Marconi.<\/td><td class=\"column-6\">Aprovado por 7 votos.<\/td><td class=\"column-7\"><a href=\"https:\/\/www.camarapocao.pe.gov.br\/home\/images\/Consulta\/pl\/2023\/08-2023.pdf\" rel=\"noopener\" target=\"_blank\">PDF<\/a><\/td>\n<\/tr>\n<tr class=\"row-10\">\n\t<td class=\"column-1\">N\u00ba 09\/2023<\/td><td class=\"column-2\">Disp\u00f5e sobre a Pol\u00edtica P\u00fablica de Assist\u00eancia Social do Munic\u00edpio de Po\u00e7\u00e3o\/PE e d\u00e1 outras provid\u00eancias.<\/td><td class=\"column-3\">Poder Executivo<\/td><td class=\"column-4\">Comiss\u00e3o de Reda\u00e7\u00e3o e Justi\u00e7a, Or\u00e7amento e Finan\u00e7as e Comiss\u00e3o de Sa\u00fade<\/td><td class=\"column-5\">Ruth Barbosa, Silvio de Souza e Silas Marconi<\/td><td class=\"column-6\">Aprovado por 7 votos.<\/td><td class=\"column-7\"><a href=\"https:\/\/www.camarapocao.pe.gov.br\/home\/images\/Consulta\/pl\/2023\/09-2023.pdf\" rel=\"noopener\" target=\"_blank\">PDF<\/a><\/td>\n<\/tr>\n<tr class=\"row-11\">\n\t<td class=\"column-1\">N\u00ba 10\/2023<\/td><td class=\"column-2\">Autoriza o Poder Executivo a contratar opera\u00e7\u00e3o de cr\u00e9dito com a Caixa Econ\u00f4mica Federal (CEF) com ou sem a garantia da Uni\u00e3o.<\/td><td class=\"column-3\">Poder Executivo<\/td><td class=\"column-4\">Comiss\u00e3o de Reda\u00e7\u00e3o e Justi\u00e7a, Comiss\u00e3o de Or\u00e7amento e Finan\u00e7as.<\/td><td class=\"column-5\">Wrides Mendes pelas duas comiss\u00f5es votando contra ao projeto<\/td><td class=\"column-6\">Aprovado por 8x1.<\/td><td class=\"column-7\"><a href=\"https:\/\/www.camarapocao.pe.gov.br\/home\/images\/Consulta\/pl\/2023\/10-2023.pdf\" rel=\"noopener\" target=\"_blank\">PDF<\/a><\/td>\n<\/tr>\n<tr class=\"row-12\">\n\t<td class=\"column-1\">N\u00ba 11\/2023<\/td><td class=\"column-2\">Concede reajuste geral aos vencimentos dos servidores p\u00fablicos efetivos e comissionados da C\u00e2mara Municipal de Vereadores de Po\u00e7\u00e3o\/PE.<\/td><td class=\"column-3\">Poder Legislativo<\/td><td class=\"column-4\">Comiss\u00e3o de Reda\u00e7\u00e3o e Justi\u00e7a e Or\u00e7amento e Finan\u00e7as.<\/td><td class=\"column-5\">Silas Marconi e Silvio de Souza.<\/td><td class=\"column-6\">Aprovado por 8 votos.<\/td><td class=\"column-7\"><a href=\"https:\/\/www.camarapocao.pe.gov.br\/home\/images\/Consulta\/pl\/2023\/11-2023.pdf\" rel=\"noopener\" target=\"_blank\">PDF<\/a><\/td>\n<\/tr>\n<tr class=\"row-13\">\n\t<td class=\"column-1\">N\u00ba 12\/2023<\/td><td class=\"column-2\">Estabelece as diretrizes or\u00e7ament\u00e1rias para o exerc\u00edcio de 2024 e d\u00e1 outras provid\u00eancias.<\/td><td class=\"column-3\">Poder Executivo<\/td><td class=\"column-4\">Comiss\u00e3o de Reda\u00e7\u00e3o e Justi\u00e7a, Or\u00e7amento e Finan\u00e7as.<\/td><td class=\"column-5\">Ruth Barbosa e Wrides Mendes.<\/td><td class=\"column-6\">Aprovado por 7 votos.<\/td><td class=\"column-7\"><a href=\"https:\/\/www.camarapocao.pe.gov.br\/home\/images\/Consulta\/pl\/2023\/12-2023.pdf\" rel=\"noopener\" target=\"_blank\">PDF<\/a><\/td>\n<\/tr>\n<tr class=\"row-14\">\n\t<td class=\"column-1\">N\u00ba 13\/2023<\/td><td class=\"column-2\">Institui o servi\u00e7o volunt\u00e1rio no \u00e2mbito da administra\u00e7\u00e3o p\u00fablica do munic\u00edpio de Po\u00e7\u00e3o\/PE.<\/td><td class=\"column-3\">Poder Executivo<\/td><td class=\"column-4\">Comiss\u00e3o de Reda\u00e7\u00e3o e Justi\u00e7a e Or\u00e7amento e Finan\u00e7as.<\/td><td class=\"column-5\">Wrides Mendes e Junior Roberto.<\/td><td class=\"column-6\">Aprovado por 7 votos.<\/td><td class=\"column-7\"><a href=\"https:\/\/www.camarapocao.pe.gov.br\/home\/images\/Consulta\/pl\/2023\/13-2023.pdf\" rel=\"noopener\" target=\"_blank\">PDF<\/a><\/td>\n<\/tr>\n<tr class=\"row-15\">\n\t<td class=\"column-1\">N\u00ba 14\/2023<\/td><td class=\"column-2\">Revoga o \u00a73\u00ba do art. 2\u00ba da lei municipal n\u00ba 852\/2023<\/td><td class=\"column-3\">Poder Executivo<\/td><td class=\"column-4\">Comiss\u00e3o de Reda\u00e7\u00e3o e Justi\u00e7a e Or\u00e7amento e Finan\u00e7as.<\/td><td class=\"column-5\">Silas Marconi e Silvio de Souza.<\/td><td class=\"column-6\">Aprovado por 8 votos.<\/td><td class=\"column-7\"><a href=\"https:\/\/www.camarapocao.pe.gov.br\/home\/images\/Consulta\/pl\/2023\/14-2023.pdf\" rel=\"noopener\" target=\"_blank\">PDF<\/a><\/td>\n<\/tr>\n<tr class=\"row-16\">\n\t<td class=\"column-1\">N\u00ba 15\/2023<\/td><td class=\"column-2\">Autoriza o Poder Executivo a repassar recursos recebidos da Uni\u00e3o para cumprimento da assist\u00eancia financeira complementar de que trata a emenda constitucional n\u00ba 127\/2022, Lei Nacional n\u00ba 14.434 e com base na ADIN n\u00ba 7222-DF.<\/td><td class=\"column-3\">Poder Executivo<\/td><td class=\"column-4\">Comiss\u00e3o de Reda\u00e7\u00e3o e Justi\u00e7a, Or\u00e7amento e Finan\u00e7as e Comiss\u00e3o de Sa\u00fade.<\/td><td class=\"column-5\">Ruth Barbosa Silva Alves, Wrides Mendes Paz e Ruth Barbosa Silva Alves.<\/td><td class=\"column-6\">Aprovado por 7 votos.<\/td><td class=\"column-7\"><a href=\"https:\/\/www.camarapocao.pe.gov.br\/home\/images\/Consulta\/pl\/2023\/15-2023.pdf\" rel=\"noopener\" target=\"_blank\">PDF<\/a><\/td>\n<\/tr>\n<tr class=\"row-17\">\n\t<td class=\"column-1\">N\u00ba 16\/2023<\/td><td class=\"column-2\">Disp\u00f5e sobre a institui\u00e7\u00e3o do \u00a8Dia Municipal dos Desbravadores da Igreja Adventista do S\u00e9timo dia \u00a8, no \u00e2mbito do Munic\u00edpio de Po\u00e7\u00e3o.<\/td><td class=\"column-3\">Vereador Ca\u00edque Alberto<\/td><td class=\"column-4\">Comiss\u00e3o de Reda\u00e7\u00e3o e Justi\u00e7a.<\/td><td class=\"column-5\">Wrides Mendes Paz<\/td><td class=\"column-6\">Aprovado por 5 votos.<\/td><td class=\"column-7\"><a href=\"https:\/\/www.camarapocao.pe.gov.br\/home\/images\/Consulta\/pl\/2023\/16-2023.pdf\" rel=\"noopener\" target=\"_blank\">PDF<\/a><\/td>\n<\/tr>\n<tr class=\"row-18\">\n\t<td class=\"column-1\">N\u00ba 17\/2023<\/td><td class=\"column-2\">Atualiza o Plano Plurianual do Munic\u00edpio para execu\u00e7\u00e3o da parcela anual de 2024 e d\u00e1 outras provid\u00eancias.<\/td><td class=\"column-3\">Poder Executivo<\/td><td class=\"column-4\">Comiss\u00e3o de Reda\u00e7\u00e3o e Justi\u00e7a e Or\u00e7amento e Finan\u00e7as.<\/td><td class=\"column-5\">Silas Marconi Galindo Oliveira e Junior Roberto Silva Bernardo.<\/td><td class=\"column-6\">Aprovado por 7 votos.<\/td><td class=\"column-7\"><a href=\"https:\/\/www.camarapocao.pe.gov.br\/home\/images\/Consulta\/pl\/2023\/17-2023.pdf\" rel=\"noopener\" target=\"_blank\">PDF<\/a><\/td>\n<\/tr>\n<tr class=\"row-19\">\n\t<td class=\"column-1\">N\u00ba 18\/2023<\/td><td class=\"column-2\">Estima a Receita e fixa a Despesa do Munic\u00edpio para o exerc\u00edcio financeiro de 2024.<\/td><td class=\"column-3\">Poder Executivo<\/td><td class=\"column-4\">Comiss\u00e3o de Reda\u00e7\u00e3o e Justi\u00e7a e Or\u00e7amento e Finan\u00e7as.<\/td><td class=\"column-5\">Ruth Barbosa Silva Alves e Silvio de Souza Andrade.<\/td><td class=\"column-6\">Aprovado por 7 votos.<\/td><td class=\"column-7\"><a href=\"https:\/\/www.camarapocao.pe.gov.br\/home\/images\/Consulta\/pl\/2023\/18-2023.pdf\" rel=\"noopener\" target=\"_blank\">PDF<\/a><\/td>\n<\/tr>\n<tr class=\"row-20\">\n\t<td class=\"column-1\">N\u00ba 19\/2023<\/td><td class=\"column-2\">Regulamenta  o art. 167-A da Constitui\u00e7\u00e3o Federal em \u00e2mbito municipal e d\u00e1 outras provid\u00eancias correlatas.<\/td><td class=\"column-3\">Poder Executivo<\/td><td class=\"column-4\">Comiss\u00e3o de Reda\u00e7\u00e3o e Justi\u00e7a e or\u00e7amento.<\/td><td class=\"column-5\">Silas Marconi Galindo Oliveira e Junior Roberto Silva Bernardo .<\/td><td class=\"column-6\">Aprovado por 7 votos.<\/td><td class=\"column-7\"><a href=\"https:\/\/www.camarapocao.pe.gov.br\/home\/images\/Consulta\/pl\/2023\/19-2023.pdf\" rel=\"noopener\" target=\"_blank\">PDF<\/a><\/td>\n<\/tr>\n<tr class=\"row-21\">\n\t<td class=\"column-1\">N\u00ba 20\/2023<\/td><td class=\"column-2\">Promove adequa\u00e7\u00e3o or\u00e7ament\u00e1ria no \u00e2mbito do Munic\u00edpio de Po\u00e7\u00e3o e autoriza a abertura de credito especial ao or\u00e7amento anual de 2023 no valor de R$ 122.307,33.<\/td><td class=\"column-3\">Poder Executivo<\/td><td class=\"column-4\">Comiss\u00e3o de Reda\u00e7\u00e3o e Justi\u00e7a e Or\u00e7amento e Finan\u00e7as.<\/td><td class=\"column-5\">Ruth Barbosa e Silvio de Souza.<\/td><td class=\"column-6\">Aprovado por 6<\/td><td class=\"column-7\"><a href=\"https:\/\/www.camarapocao.pe.gov.br\/home\/images\/Consulta\/pl\/2023\/20-2023.pdf\" rel=\"noopener\" target=\"_blank\">PDF<\/a><\/td>\n<\/tr>\n<tr class=\"row-22\">\n\t<td class=\"column-1\">N\u00ba 21\/2023<\/td><td class=\"column-2\">Altera e acrescenta dispositivos \u00e0 Lei municipal n\u00ba 601 de 04 de junho de 2010, que disp\u00f5e acerca do conselho municipal de direitos da pessoa idosa e do fundo municipal da pessoa idosa, e d\u00e1 outras provid\u00eancias.<\/td><td class=\"column-3\">Poder Executivo<\/td><td class=\"column-4\">Comiss\u00e3o de Reda\u00e7\u00e3o e Justi\u00e7a, Or\u00e7amento e Finan\u00e7as e Assist\u00eancia Social.<\/td><td class=\"column-5\">Wrides Mendes, Wrides Mendes e Ruth Barbosa.<\/td><td class=\"column-6\">Aprovado por 8 votos.<\/td><td class=\"column-7\"><a href=\"https:\/\/www.camarapocao.pe.gov.br\/home\/images\/Consulta\/pl\/2023\/21-2023.pdf\" rel=\"noopener\" target=\"_blank\">PDF<\/a><\/td>\n<\/tr>\n<tr class=\"row-23\">\n\t<td class=\"column-1\">N\u00ba 22\/2023<\/td><td class=\"column-2\">Disp\u00f5e sobre denomina\u00e7\u00e3o de Ruas, Avenidas, Logradouros P\u00fablicos e determina outras provid\u00eancias.<\/td><td class=\"column-3\">Vereadora Ruth Barbosa Silva Alves<\/td><td class=\"column-4\">Comiss\u00e3o de Reda\u00e7\u00e3o e Justi\u00e7a.<\/td><td class=\"column-5\">Silas Marconi Galindo Oliveira.<\/td><td class=\"column-6\">Aprovado por 4 votos.<\/td><td class=\"column-7\"><a href=\"https:\/\/www.camarapocao.pe.gov.br\/home\/images\/Consulta\/pl\/2023\/22-2023.pdf\" rel=\"noopener\" target=\"_blank\">PDF<\/a><\/td>\n<\/tr>\n<\/tbody>\n<\/table>\n<!-- #tablepress-18 from cache -->\n","protected":false},"excerpt":{"rendered":"","protected":false},"author":3,"featured_media":0,"parent":0,"menu_order":0,"comment_status":"closed","ping_status":"closed","template":"","meta":{"footnotes":""},"class_list":["post-1433","page","type-page","status-publish","hentry","active"],"aioseo_notices":[],"_links":{"self":[{"href":"https:\/\/camarapocao.pe.gov.br\/v1\/wp-json\/wp\/v2\/pages\/1433","targetHints":{"allow":["GET"]}}],"collection":[{"href":"https:\/\/camarapocao.pe.gov.br\/v1\/wp-json\/wp\/v2\/pages"}],"about":[{"href":"https:\/\/camarapocao.pe.gov.br\/v1\/wp-json\/wp\/v2\/types\/page"}],"author":[{"embeddable":true,"href":"https:\/\/camarapocao.pe.gov.br\/v1\/wp-json\/wp\/v2\/users\/3"}],"replies":[{"embeddable":true,"href":"https:\/\/camarapocao.pe.gov.br\/v1\/wp-json\/wp\/v2\/comments?post=1433"}],"version-history":[{"count":1,"href":"https:\/\/camarapocao.pe.gov.br\/v1\/wp-json\/wp\/v2\/pages\/1433\/revisions"}],"predecessor-version":[{"id":1434,"href":"https:\/\/camarapocao.pe.gov.br\/v1\/wp-json\/wp\/v2\/pages\/1433\/revisions\/1434"}],"wp:attachment":[{"href":"https:\/\/camarapocao.pe.gov.br\/v1\/wp-json\/wp\/v2\/media?parent=1433"}],"curies":[{"name":"wp","href":"https:\/\/api.w.org\/{rel}","templated":true}]}}