{"id":1381,"date":"2023-09-15T13:43:46","date_gmt":"2023-09-15T16:43:46","guid":{"rendered":"http:\/\/camarapocao.pe.gov.br\/?page_id=1381"},"modified":"2025-04-22T12:30:46","modified_gmt":"2025-04-22T15:30:46","slug":"comissoes","status":"publish","type":"page","link":"https:\/\/camarapocao.pe.gov.br\/v1\/comissoes\/","title":{"rendered":"Comiss\u00f5es"},"content":{"rendered":"<p><center><img loading=\"lazy\" decoding=\"async\" class=\"img-responsive alignnone  wp-image-1844\" src=\"https:\/\/camarapocao.pe.gov.br\/v1\/wp-content\/uploads\/2025\/04\/organograma-300x224.jpg\" alt=\"\" width=\"617\" height=\"461\" \/><\/center><strong>COMISS\u00d5ES DE REDA\u00c7\u00c3O E JUSTI\u00c7A <\/strong><\/p>\n<p><strong>Art. 249 \u2013 A Comiss\u00e3o de Reda\u00e7\u00e3o e Justi\u00e7a, \u00e9 o \u00f3rg\u00e3o t\u00e9cnico da Comiss\u00e3o, competente para a aprecia\u00e7\u00e3o de mat\u00e9rias atinentes a:<\/strong><\/p>\n<p>I \u2013 interpreta\u00e7\u00e3o e aplica\u00e7\u00e3o de leis;<\/p>\n<p>II \u2013 concess\u00e3o de privil\u00e9gios e explora\u00e7\u00e3o de servi\u00e7os p\u00fablicos;<\/p>\n<p>III \u2013 aquisi\u00e7\u00e3o de bens, aceita\u00e7\u00e3o de doa\u00e7\u00f5es, heran\u00e7as e legados e sua aplica\u00e7\u00e3o;<\/p>\n<p>IV \u2013 cria\u00e7\u00e3o, extin\u00e7\u00e3o e altera\u00e7\u00e3o de servi\u00e7os p\u00fablicos;<\/p>\n<p>V \u2013 aplica\u00e7\u00e3o da legisla\u00e7\u00e3o sobre servidores p\u00fablicos;<\/p>\n<p>VI \u2013 desapropria\u00e7\u00e3o, permutas, aliena\u00e7\u00f5es e aquisi\u00e7\u00e3o de bens;<\/p>\n<p>VII \u2013 oferecer reda\u00e7\u00e3o definitivas aos projetos de lei, de resolu\u00e7\u00e3o e de decretos legislativos, aprovados pela C\u00e2mara, podendo, se necess\u00e1rio, introduzir modifica\u00e7\u00f5es sint\u00e1ticas, desde que n\u00e3o alterem o sentido da proposi\u00e7\u00e3o aprovada.<\/p>\n<p>&nbsp;<\/p>\n<p><strong>COMISS\u00c3O DE OR\u00c7AMENTO E FINAN\u00c7A<\/strong><\/p>\n<p><strong>Art. 250 \u2013 A Comiss\u00e3o de Or\u00e7amento e Finan\u00e7a \u00e9 \u00f3rg\u00e3o t\u00e9cnico da C\u00e2mara, competente para estudo de mat\u00e9rias que tratem de:<\/strong><\/p>\n<p>I \u2013 proposta e execu\u00e7\u00e3o or\u00e7ament\u00e1ria;<\/p>\n<p>II \u2013 tributa\u00e7\u00e3o;<\/p>\n<p>III \u2013 finan\u00e7as;<\/p>\n<p>IV \u2013 administra\u00e7\u00e3o de bens e rendas municipais;<\/p>\n<p>V \u2013 presta\u00e7\u00e3o e tomada de contas.<\/p>\n<p>&nbsp;<\/p>\n<p><strong>COMISS\u00c3O DE OBRAS, URBANISMO E SERVI\u00c7OS P\u00daBLICOS<\/strong><\/p>\n<p><strong>Art. 251 \u2013 A Comiss\u00e3o de Obras, Urbanismo e Servi\u00e7os P\u00fablicos, \u00e8 o \u00f3rg\u00e3o t\u00e9cnico da C\u00e2mara, com compet\u00eancia para apreciar mat\u00e9ria que diga respeito a:<\/strong><\/p>\n<p>I \u2013 obras e servi\u00e7os p\u00fablicos em geral;<\/p>\n<p>II \u2013 urbanismo;<\/p>\n<p>III \u2013 comunica\u00e7\u00f5es e transporte;<\/p>\n<p>IV \u2013 servi\u00e7os industrializados;<\/p>\n<p>V \u2013 engenharia;<\/p>\n<p>VI \u2013 aferi\u00e7\u00e3o de pesos e mediadas;<\/p>\n<p>VII \u2013 turismo;<\/p>\n<p>VIII \u2013 abastecimento;<\/p>\n<p>IX \u2013 postura municipais;<\/p>\n<p>X \u2013 tr\u00e1fego e circula\u00e7\u00e3o de ve\u00edculos.<\/p>\n<p>&nbsp;<\/p>\n<p><strong>COMISS\u00c3O DE EDUCA\u00c7\u00c3O, SA\u00daDE E ASSIST\u00caNCIA SOCIAL<\/strong><\/p>\n<p><strong>Art. 252 \u2013 A Comiss\u00e3o de Educa\u00e7\u00e3o, Sa\u00fade e Assist\u00eancia social, \u00e8 o \u00f3rg\u00e3o t\u00e9cnico da C\u00e2mara competente para estudar proposi\u00e7\u00f5es que se relacionem com:<\/strong><\/p>\n<p>I \u2013 sistema educacional;<\/p>\n<p>II \u2013 atividades culturais;<\/p>\n<p>III \u2013 atividades esportivas;<\/p>\n<p>IV \u2013 sa\u00fade p\u00fablica;<\/p>\n<p>V \u2013 sanitarismo;<\/p>\n<p>VI \u2013 higiene;<\/p>\n<p>VII \u2013 assist\u00eancia social.<\/p>\n","protected":false},"excerpt":{"rendered":"<p>COMISS\u00d5ES DE REDA\u00c7\u00c3O E JUSTI\u00c7A Art. 249 \u2013 A Comiss\u00e3o de Reda\u00e7\u00e3o e Justi\u00e7a, \u00e9 o \u00f3rg\u00e3o t\u00e9cnico da Comiss\u00e3o, competente para a aprecia\u00e7\u00e3o de <a class=\"leiamais\" href=\"https:\/\/camarapocao.pe.gov.br\/v1\/comissoes\/\"><i class=\"fa fa-angle-double-right\" aria-hidden=\"true\"><\/i><br \/>\n<\/a><\/p>\n","protected":false},"author":3,"featured_media":0,"parent":0,"menu_order":0,"comment_status":"closed","ping_status":"closed","template":"","meta":{"footnotes":""},"class_list":["post-1381","page","type-page","status-publish","hentry","active"],"aioseo_notices":[],"aioseo_head":"\n\t\t<!-- All in One SEO 5.0.0.1 - aioseo.com -->\n\t<meta name=\"description\" content=\"COMISS\u00d5ES DE REDA\u00c7\u00c3O E JUSTI\u00c7A Art. 249 \u2013 A Comiss\u00e3o de Reda\u00e7\u00e3o e Justi\u00e7a, \u00e9 o \u00f3rg\u00e3o t\u00e9cnico da Comiss\u00e3o, competente para a aprecia\u00e7\u00e3o de mat\u00e9rias atinentes a: I \u2013 interpreta\u00e7\u00e3o e aplica\u00e7\u00e3o de leis; II \u2013 concess\u00e3o de privil\u00e9gios e explora\u00e7\u00e3o de servi\u00e7os p\u00fablicos; III \u2013 aquisi\u00e7\u00e3o de bens, aceita\u00e7\u00e3o de doa\u00e7\u00f5es, heran\u00e7as e\" \/>\n\t<meta name=\"robots\" content=\"max-image-preview:large\" \/>\n\t<meta name=\"google-site-verification\" content=\"AtU5u8aQ8A8gP5Ytzz1_3OWaWfY8wdj52mLhKFPRvpg\" \/>\n\t<link rel=\"canonical\" href=\"https:\/\/camarapocao.pe.gov.br\/v1\/comissoes\/\" \/>\n\t<meta name=\"generator\" content=\"All in One SEO (AIOSEO) 5.0.0.1\" \/>\n\t\t<meta property=\"og:locale\" content=\"pt_BR\" \/>\n\t\t<meta property=\"og:site_name\" content=\"Poder Legislativo de Po\u00e7\u00e3o-PE  - Poder Legislativo de Po\u00e7\u00e3o-PE | Selo Diamante em Transpar\u00eancia\" \/>\n\t\t<meta property=\"og:type\" content=\"article\" \/>\n\t\t<meta property=\"og:title\" content=\"Comiss\u00f5es - Poder Legislativo de Po\u00e7\u00e3o-PE\" \/>\n\t\t<meta property=\"og:description\" content=\"COMISS\u00d5ES DE REDA\u00c7\u00c3O E JUSTI\u00c7A Art. 249 \u2013 A Comiss\u00e3o de Reda\u00e7\u00e3o e Justi\u00e7a, \u00e9 o \u00f3rg\u00e3o t\u00e9cnico da Comiss\u00e3o, competente para a aprecia\u00e7\u00e3o de mat\u00e9rias atinentes a: I \u2013 interpreta\u00e7\u00e3o e aplica\u00e7\u00e3o de leis; II \u2013 concess\u00e3o de privil\u00e9gios e explora\u00e7\u00e3o de servi\u00e7os p\u00fablicos; III \u2013 aquisi\u00e7\u00e3o de bens, aceita\u00e7\u00e3o de doa\u00e7\u00f5es, heran\u00e7as e\" \/>\n\t\t<meta property=\"og:url\" content=\"https:\/\/camarapocao.pe.gov.br\/v1\/comissoes\/\" \/>\n\t\t<meta property=\"og:image\" content=\"https:\/\/camarapocao.pe.gov.br\/v1\/wp-content\/uploads\/2022\/12\/f1c70120-950c-4e4c-8f60-bcaa79c526ef.jpg\" \/>\n\t\t<meta property=\"og:image:secure_url\" content=\"https:\/\/camarapocao.pe.gov.br\/v1\/wp-content\/uploads\/2022\/12\/f1c70120-950c-4e4c-8f60-bcaa79c526ef.jpg\" \/>\n\t\t<meta property=\"og:image:width\" content=\"1080\" \/>\n\t\t<meta property=\"og:image:height\" content=\"808\" \/>\n\t\t<meta property=\"article:published_time\" content=\"2023-09-15T16:43:46+00:00\" \/>\n\t\t<meta property=\"article:modified_time\" content=\"2025-04-22T15:30:46+00:00\" \/>\n\t\t<meta property=\"article:publisher\" content=\"https:\/\/www.facebook.com\/camaramunicipaldepocao\/\" \/>\n\t\t<meta name=\"twitter:card\" content=\"summary_large_image\" \/>\n\t\t<meta name=\"twitter:title\" content=\"Comiss\u00f5es - Poder Legislativo de Po\u00e7\u00e3o-PE\" \/>\n\t\t<meta name=\"twitter:description\" content=\"COMISS\u00d5ES DE REDA\u00c7\u00c3O E JUSTI\u00c7A Art. 249 \u2013 A Comiss\u00e3o de Reda\u00e7\u00e3o e Justi\u00e7a, \u00e9 o \u00f3rg\u00e3o t\u00e9cnico da Comiss\u00e3o, competente para a aprecia\u00e7\u00e3o de mat\u00e9rias atinentes a: I \u2013 interpreta\u00e7\u00e3o e aplica\u00e7\u00e3o de leis; II \u2013 concess\u00e3o de privil\u00e9gios e explora\u00e7\u00e3o de servi\u00e7os p\u00fablicos; III \u2013 aquisi\u00e7\u00e3o de bens, aceita\u00e7\u00e3o de doa\u00e7\u00f5es, heran\u00e7as e\" \/>\n\t\t<meta name=\"twitter:image\" content=\"https:\/\/camarapocao.pe.gov.br\/v1\/wp-content\/uploads\/2022\/12\/f1c70120-950c-4e4c-8f60-bcaa79c526ef.jpg\" \/>\n\t\t<script type=\"application\/ld+json\" class=\"aioseo-schema\">\n\t\t\t{\"@context\":\"https:\\\/\\\/schema.org\",\"@graph\":[{\"@type\":\"BreadcrumbList\",\"@id\":\"https:\\\/\\\/camarapocao.pe.gov.br\\\/v1\\\/comissoes\\\/#breadcrumblist\",\"itemListElement\":[{\"@type\":\"ListItem\",\"@id\":\"https:\\\/\\\/camarapocao.pe.gov.br\\\/v1#listItem\",\"position\":1,\"name\":\"In\\u00edcio\",\"item\":\"https:\\\/\\\/camarapocao.pe.gov.br\\\/v1\",\"nextItem\":{\"@type\":\"ListItem\",\"@id\":\"https:\\\/\\\/camarapocao.pe.gov.br\\\/v1\\\/comissoes\\\/#listItem\",\"name\":\"Comiss\\u00f5es\"}},{\"@type\":\"ListItem\",\"@id\":\"https:\\\/\\\/camarapocao.pe.gov.br\\\/v1\\\/comissoes\\\/#listItem\",\"position\":2,\"name\":\"Comiss\\u00f5es\",\"previousItem\":{\"@type\":\"ListItem\",\"@id\":\"https:\\\/\\\/camarapocao.pe.gov.br\\\/v1#listItem\",\"name\":\"In\\u00edcio\"}}]},{\"@type\":\"Organization\",\"@id\":\"https:\\\/\\\/camarapocao.pe.gov.br\\\/v1\\\/#organization\",\"name\":\"C\\u00e2mara de Vereadores de Po\\u00e7\\u00e3o - PE\",\"description\":\"Poder Legislativo de Po\\u00e7\\u00e3o-PE | Selo Diamante em Transpar\\u00eancia\",\"url\":\"https:\\\/\\\/camarapocao.pe.gov.br\\\/v1\\\/\",\"telephone\":\"+558738341134\",\"logo\":{\"@type\":\"ImageObject\",\"url\":\"https:\\\/\\\/camarapocao.pe.gov.br\\\/v1\\\/wp-content\\\/uploads\\\/2024\\\/05\\\/logo.png\",\"@id\":\"https:\\\/\\\/camarapocao.pe.gov.br\\\/v1\\\/comissoes\\\/#organizationLogo\",\"width\":264,\"height\":187},\"image\":{\"@id\":\"https:\\\/\\\/camarapocao.pe.gov.br\\\/v1\\\/comissoes\\\/#organizationLogo\"},\"sameAs\":[\"https:\\\/\\\/www.facebook.com\\\/camaramunicipaldepocao\\\/\",\"https:\\\/\\\/www.instagram.com\\\/camaradevereadorespocao\\\/\"]},{\"@type\":\"WebPage\",\"@id\":\"https:\\\/\\\/camarapocao.pe.gov.br\\\/v1\\\/comissoes\\\/#webpage\",\"url\":\"https:\\\/\\\/camarapocao.pe.gov.br\\\/v1\\\/comissoes\\\/\",\"name\":\"Comiss\\u00f5es - Poder Legislativo de Po\\u00e7\\u00e3o-PE\",\"description\":\"COMISS\\u00d5ES DE REDA\\u00c7\\u00c3O E JUSTI\\u00c7A Art. 249 \\u2013 A Comiss\\u00e3o de Reda\\u00e7\\u00e3o e Justi\\u00e7a, \\u00e9 o \\u00f3rg\\u00e3o t\\u00e9cnico da Comiss\\u00e3o, competente para a aprecia\\u00e7\\u00e3o de mat\\u00e9rias atinentes a: I \\u2013 interpreta\\u00e7\\u00e3o e aplica\\u00e7\\u00e3o de leis; II \\u2013 concess\\u00e3o de privil\\u00e9gios e explora\\u00e7\\u00e3o de servi\\u00e7os p\\u00fablicos; III \\u2013 aquisi\\u00e7\\u00e3o de bens, aceita\\u00e7\\u00e3o de doa\\u00e7\\u00f5es, heran\\u00e7as e\",\"inLanguage\":\"pt-BR\",\"isPartOf\":{\"@id\":\"https:\\\/\\\/camarapocao.pe.gov.br\\\/v1\\\/#website\"},\"breadcrumb\":{\"@id\":\"https:\\\/\\\/camarapocao.pe.gov.br\\\/v1\\\/comissoes\\\/#breadcrumblist\"},\"datePublished\":\"2023-09-15T13:43:46-03:00\",\"dateModified\":\"2025-04-22T12:30:46-03:00\"},{\"@type\":\"WebSite\",\"@id\":\"https:\\\/\\\/camarapocao.pe.gov.br\\\/v1\\\/#website\",\"url\":\"https:\\\/\\\/camarapocao.pe.gov.br\\\/v1\\\/\",\"name\":\"C\\u00e2mara de Po\\u00e7\\u00e3o\",\"description\":\"Poder Legislativo de Po\\u00e7\\u00e3o-PE | Selo Diamante em Transpar\\u00eancia\",\"inLanguage\":\"pt-BR\",\"publisher\":{\"@id\":\"https:\\\/\\\/camarapocao.pe.gov.br\\\/v1\\\/#organization\"}}]}\n\t\t<\/script>\n\t\t<!-- All in One SEO -->\n\n","aioseo_head_json":{"title":"Comiss\u00f5es - Poder Legislativo de Po\u00e7\u00e3o-PE","description":"COMISS\u00d5ES DE REDA\u00c7\u00c3O E JUSTI\u00c7A Art. 249 \u2013 A Comiss\u00e3o de Reda\u00e7\u00e3o e Justi\u00e7a, \u00e9 o \u00f3rg\u00e3o t\u00e9cnico da Comiss\u00e3o, competente para a aprecia\u00e7\u00e3o de mat\u00e9rias atinentes a: I \u2013 interpreta\u00e7\u00e3o e aplica\u00e7\u00e3o de leis; II \u2013 concess\u00e3o de privil\u00e9gios e explora\u00e7\u00e3o de servi\u00e7os p\u00fablicos; III \u2013 aquisi\u00e7\u00e3o de bens, aceita\u00e7\u00e3o de doa\u00e7\u00f5es, heran\u00e7as e","canonical_url":"https:\/\/camarapocao.pe.gov.br\/v1\/comissoes\/","robots":"max-image-preview:large","keywords":"","webmasterTools":{"google-site-verification":"AtU5u8aQ8A8gP5Ytzz1_3OWaWfY8wdj52mLhKFPRvpg","miscellaneous":""},"schema":{"@context":"https:\/\/schema.org","@graph":[{"@type":"BreadcrumbList","@id":"https:\/\/camarapocao.pe.gov.br\/v1\/comissoes\/#breadcrumblist","itemListElement":[{"@type":"ListItem","@id":"https:\/\/camarapocao.pe.gov.br\/v1#listItem","position":1,"name":"In\u00edcio","item":"https:\/\/camarapocao.pe.gov.br\/v1","nextItem":{"@type":"ListItem","@id":"https:\/\/camarapocao.pe.gov.br\/v1\/comissoes\/#listItem","name":"Comiss\u00f5es"}},{"@type":"ListItem","@id":"https:\/\/camarapocao.pe.gov.br\/v1\/comissoes\/#listItem","position":2,"name":"Comiss\u00f5es","previousItem":{"@type":"ListItem","@id":"https:\/\/camarapocao.pe.gov.br\/v1#listItem","name":"In\u00edcio"}}]},{"@type":"Organization","@id":"https:\/\/camarapocao.pe.gov.br\/v1\/#organization","name":"C\u00e2mara de Vereadores de Po\u00e7\u00e3o - PE","description":"Poder Legislativo de Po\u00e7\u00e3o-PE | Selo Diamante em Transpar\u00eancia","url":"https:\/\/camarapocao.pe.gov.br\/v1\/","telephone":"+558738341134","logo":{"@type":"ImageObject","url":"https:\/\/camarapocao.pe.gov.br\/v1\/wp-content\/uploads\/2024\/05\/logo.png","@id":"https:\/\/camarapocao.pe.gov.br\/v1\/comissoes\/#organizationLogo","width":264,"height":187},"image":{"@id":"https:\/\/camarapocao.pe.gov.br\/v1\/comissoes\/#organizationLogo"},"sameAs":["https:\/\/www.facebook.com\/camaramunicipaldepocao\/","https:\/\/www.instagram.com\/camaradevereadorespocao\/"]},{"@type":"WebPage","@id":"https:\/\/camarapocao.pe.gov.br\/v1\/comissoes\/#webpage","url":"https:\/\/camarapocao.pe.gov.br\/v1\/comissoes\/","name":"Comiss\u00f5es - Poder Legislativo de Po\u00e7\u00e3o-PE","description":"COMISS\u00d5ES DE REDA\u00c7\u00c3O E JUSTI\u00c7A Art. 249 \u2013 A Comiss\u00e3o de Reda\u00e7\u00e3o e Justi\u00e7a, \u00e9 o \u00f3rg\u00e3o t\u00e9cnico da Comiss\u00e3o, competente para a aprecia\u00e7\u00e3o de mat\u00e9rias atinentes a: I \u2013 interpreta\u00e7\u00e3o e aplica\u00e7\u00e3o de leis; II \u2013 concess\u00e3o de privil\u00e9gios e explora\u00e7\u00e3o de servi\u00e7os p\u00fablicos; III \u2013 aquisi\u00e7\u00e3o de bens, aceita\u00e7\u00e3o de doa\u00e7\u00f5es, heran\u00e7as e","inLanguage":"pt-BR","isPartOf":{"@id":"https:\/\/camarapocao.pe.gov.br\/v1\/#website"},"breadcrumb":{"@id":"https:\/\/camarapocao.pe.gov.br\/v1\/comissoes\/#breadcrumblist"},"datePublished":"2023-09-15T13:43:46-03:00","dateModified":"2025-04-22T12:30:46-03:00"},{"@type":"WebSite","@id":"https:\/\/camarapocao.pe.gov.br\/v1\/#website","url":"https:\/\/camarapocao.pe.gov.br\/v1\/","name":"C\u00e2mara de Po\u00e7\u00e3o","description":"Poder Legislativo de Po\u00e7\u00e3o-PE | Selo Diamante em Transpar\u00eancia","inLanguage":"pt-BR","publisher":{"@id":"https:\/\/camarapocao.pe.gov.br\/v1\/#organization"}}]},"og:locale":"pt_BR","og:site_name":"Poder Legislativo de Po\u00e7\u00e3o-PE  - Poder Legislativo de Po\u00e7\u00e3o-PE | Selo Diamante em Transpar\u00eancia","og:type":"article","og:title":"Comiss\u00f5es - Poder Legislativo de Po\u00e7\u00e3o-PE","og:description":"COMISS\u00d5ES DE REDA\u00c7\u00c3O E JUSTI\u00c7A Art. 249 \u2013 A Comiss\u00e3o de Reda\u00e7\u00e3o e Justi\u00e7a, \u00e9 o \u00f3rg\u00e3o t\u00e9cnico da Comiss\u00e3o, competente para a aprecia\u00e7\u00e3o de mat\u00e9rias atinentes a: I \u2013 interpreta\u00e7\u00e3o e aplica\u00e7\u00e3o de leis; II \u2013 concess\u00e3o de privil\u00e9gios e explora\u00e7\u00e3o de servi\u00e7os p\u00fablicos; III \u2013 aquisi\u00e7\u00e3o de bens, aceita\u00e7\u00e3o de doa\u00e7\u00f5es, heran\u00e7as e","og:url":"https:\/\/camarapocao.pe.gov.br\/v1\/comissoes\/","og:image":"https:\/\/camarapocao.pe.gov.br\/v1\/wp-content\/uploads\/2022\/12\/f1c70120-950c-4e4c-8f60-bcaa79c526ef.jpg","og:image:secure_url":"https:\/\/camarapocao.pe.gov.br\/v1\/wp-content\/uploads\/2022\/12\/f1c70120-950c-4e4c-8f60-bcaa79c526ef.jpg","og:image:width":1080,"og:image:height":808,"article:published_time":"2023-09-15T16:43:46+00:00","article:modified_time":"2025-04-22T15:30:46+00:00","article:publisher":"https:\/\/www.facebook.com\/camaramunicipaldepocao\/","twitter:card":"summary_large_image","twitter:title":"Comiss\u00f5es - Poder Legislativo de Po\u00e7\u00e3o-PE","twitter:description":"COMISS\u00d5ES DE REDA\u00c7\u00c3O E JUSTI\u00c7A Art. 249 \u2013 A Comiss\u00e3o de Reda\u00e7\u00e3o e Justi\u00e7a, \u00e9 o \u00f3rg\u00e3o t\u00e9cnico da Comiss\u00e3o, competente para a aprecia\u00e7\u00e3o de mat\u00e9rias atinentes a: I \u2013 interpreta\u00e7\u00e3o e aplica\u00e7\u00e3o de leis; II \u2013 concess\u00e3o de privil\u00e9gios e explora\u00e7\u00e3o de servi\u00e7os p\u00fablicos; III \u2013 aquisi\u00e7\u00e3o de bens, aceita\u00e7\u00e3o de doa\u00e7\u00f5es, heran\u00e7as e","twitter:image":"https:\/\/camarapocao.pe.gov.br\/v1\/wp-content\/uploads\/2022\/12\/f1c70120-950c-4e4c-8f60-bcaa79c526ef.jpg"},"aioseo_meta_data":{"post_id":"1381","title":null,"description":null,"keywords":null,"keyphrases":{"focus":[],"additional":[]},"primary_term":null,"canonical_url":null,"og_title":null,"og_description":null,"og_object_type":"default","og_image_type":"default","og_image_url":null,"og_image_width":null,"og_image_height":null,"og_image_custom_url":null,"og_image_custom_fields":null,"og_video":"","og_custom_url":null,"og_article_section":null,"og_article_tags":null,"twitter_use_og":false,"twitter_card":"default","twitter_image_type":"default","twitter_image_url":null,"twitter_image_custom_url":null,"twitter_image_custom_fields":null,"twitter_title":null,"twitter_description":null,"schema":{"blockGraphs":[],"customGraphs":[],"default":{"data":{"Article":[],"Course":[],"Dataset":[],"FAQPage":[],"Movie":[],"Person":[],"Product":[],"ProductReview":[],"Car":[],"Recipe":[],"Service":[],"SoftwareApplication":[],"WebPage":[]},"graphName":"WebPage","isEnabled":true},"graphs":[]},"schema_type":"default","schema_type_options":null,"pillar_content":false,"robots_default":true,"robots_noindex":false,"robots_noarchive":false,"robots_nosnippet":false,"robots_nofollow":false,"robots_noimageindex":false,"robots_noodp":false,"robots_notranslate":false,"robots_max_snippet":"-1","robots_max_videopreview":"-1","robots_max_imagepreview":"large","priority":null,"frequency":"default","local_seo":null,"breadcrumb_settings":null,"limit_modified_date":false,"ai":null,"created":"2024-05-08 02:34:36","updated":"2026-08-21 13:32:11","seo_analyzer_scan_date":null,"focus_keyword":null,"additional_keywords":null,"truseo_locale":null},"aioseo_breadcrumb":"<div class=\"aioseo-breadcrumbs\"><span class=\"aioseo-breadcrumb\">\n\t\t\t<a href=\"https:\/\/camarapocao.pe.gov.br\/v1\" title=\"In\u00edcio\">In\u00edcio<\/a>\n\t\t<\/span><span class=\"aioseo-breadcrumb-separator\">&raquo;<\/span><span class=\"aioseo-breadcrumb\">\n\t\t\tComiss\u00f5es\n\t\t<\/span><\/div>","aioseo_breadcrumb_json":[{"label":"In\u00edcio","link":"https:\/\/camarapocao.pe.gov.br\/v1"},{"label":"Comiss\u00f5es","link":"https:\/\/camarapocao.pe.gov.br\/v1\/comissoes\/"}],"_links":{"self":[{"href":"https:\/\/camarapocao.pe.gov.br\/v1\/wp-json\/wp\/v2\/pages\/1381","targetHints":{"allow":["GET"]}}],"collection":[{"href":"https:\/\/camarapocao.pe.gov.br\/v1\/wp-json\/wp\/v2\/pages"}],"about":[{"href":"https:\/\/camarapocao.pe.gov.br\/v1\/wp-json\/wp\/v2\/types\/page"}],"author":[{"embeddable":true,"href":"https:\/\/camarapocao.pe.gov.br\/v1\/wp-json\/wp\/v2\/users\/3"}],"replies":[{"embeddable":true,"href":"https:\/\/camarapocao.pe.gov.br\/v1\/wp-json\/wp\/v2\/comments?post=1381"}],"version-history":[{"count":6,"href":"https:\/\/camarapocao.pe.gov.br\/v1\/wp-json\/wp\/v2\/pages\/1381\/revisions"}],"predecessor-version":[{"id":1850,"href":"https:\/\/camarapocao.pe.gov.br\/v1\/wp-json\/wp\/v2\/pages\/1381\/revisions\/1850"}],"wp:attachment":[{"href":"https:\/\/camarapocao.pe.gov.br\/v1\/wp-json\/wp\/v2\/media?parent=1381"}],"curies":[{"name":"wp","href":"https:\/\/api.w.org\/{rel}","templated":true}]}}