{"id":1139,"date":"2023-05-28T22:50:27","date_gmt":"2023-05-29T01:50:27","guid":{"rendered":"http:\/\/camarapocao.pe.gov.br\/?page_id=1139"},"modified":"2023-09-09T18:26:09","modified_gmt":"2023-09-09T21:26:09","slug":"decretos-aprovados-em-2023","status":"publish","type":"page","link":"https:\/\/camarapocao.pe.gov.br\/v1\/decretos-aprovados-em-2023\/","title":{"rendered":"Decretos aprovados em 2023"},"content":{"rendered":"\n<table id=\"tablepress-8\" class=\"tablepress tablepress-id-8\">\n<thead>\n<tr class=\"row-1\">\n\t<th class=\"column-1\">N\u00ba do Documento<\/th><th class=\"column-2\">Ementa<\/th><th class=\"column-3\">Download<\/th>\n<\/tr>\n<\/thead>\n<tbody class=\"row-striping row-hover\">\n<tr class=\"row-2\">\n\t<td class=\"column-1\">01-2023<\/td><td class=\"column-2\">Disp\u00f5e sobre a concess\u00e3o de T\u00edtulo de Cidad\u00e3 Po\u00e7\u00e3oense para a Ilma. Sra. Vera L\u00facia Fernandes<\/td><td class=\"column-3\"><a href=\"https:\/\/www.camarapocao.pe.gov.br\/home\/images\/Consulta\/decretos\/2023\/01.pdf\" rel=\"noopener\" target=\"_blank\">PDF<\/a><\/td>\n<\/tr>\n<tr class=\"row-3\">\n\t<td class=\"column-1\">02-2023<\/td><td class=\"column-2\">Disp\u00f5e sobre a concess\u00e3o de T\u00edtulo de Cidad\u00e3 Po\u00e7\u00e3oense para a Ilma. Sra. Rosin\u00e9a Ferreira<\/td><td class=\"column-3\"><a href=\"https:\/\/www.camarapocao.pe.gov.br\/home\/images\/Consulta\/decretos\/2023\/02.pdf\" rel=\"noopener\" target=\"_blank\">PDF<\/a><\/td>\n<\/tr>\n<tr class=\"row-4\">\n\t<td class=\"column-1\">03-2023<\/td><td class=\"column-2\">Disp\u00f5e sobre a concess\u00e3o de T\u00edtulo de Cidad\u00e3 Po\u00e7\u00e3oense para o Ilmo. Sr. Moabes Fernandes<\/td><td class=\"column-3\"><a href=\"https:\/\/www.camarapocao.pe.gov.br\/home\/images\/Consulta\/decretos\/2023\/03.pdf\" rel=\"noopener\" target=\"_blank\">PDF<\/a><\/td>\n<\/tr>\n<tr class=\"row-5\">\n\t<td class=\"column-1\">04-2023<\/td><td class=\"column-2\">Disp\u00f5e sobre a concess\u00e3o de T\u00edtulo de Cidad\u00e3o Po\u00e7\u00e3oense para o Ilmo. Sr. Jolmir Alves de Oliveira.<\/td><td class=\"column-3\"><a href=\"https:\/\/www.camarapocao.pe.gov.br\/home\/images\/Consulta\/decretos\/2023\/04.pdf\" rel=\"noopener\" target=\"_blank\">PDF<\/a><\/td>\n<\/tr>\n<tr class=\"row-6\">\n\t<td class=\"column-1\">05-2023<\/td><td class=\"column-2\">Disp\u00f5e sobre a concess\u00e3o de T\u00edtulo de Cidad\u00e3o Po\u00e7\u00e3oense para o Ilmo. Sr. Felipe Pereira do Nascimento.<\/td><td class=\"column-3\"><a href=\"https:\/\/www.camarapocao.pe.gov.br\/home\/images\/Consulta\/decretos\/2023\/05.pdf\" rel=\"noopener\" target=\"_blank\">PDF<\/a><\/td>\n<\/tr>\n<tr class=\"row-7\">\n\t<td class=\"column-1\">06-2023<\/td><td class=\"column-2\">Disp\u00f5e sobre a concess\u00e3o de T\u00edtulo de Cidad\u00e3o Po\u00e7\u00e3oense para o Ilmo. Sr. Romero Sales Filho.<\/td><td class=\"column-3\"><a href=\"https:\/\/www.camarapocao.pe.gov.br\/home\/images\/Consulta\/decretos\/2023\/06.pdf\" rel=\"noopener\" target=\"_blank\">PDF<\/a><\/td>\n<\/tr>\n<tr class=\"row-8\">\n\t<td class=\"column-1\">07-2023<\/td><td class=\"column-2\">Disp\u00f5e sobre a concess\u00e3o de T\u00edtulo de Cidad\u00e3o Po\u00e7\u00e3oense para o Ilmo. Sr. Jos\u00e9 Ricardo da Silva.<\/td><td class=\"column-3\"><a href=\"https:\/\/www.camarapocao.pe.gov.br\/home\/images\/Consulta\/decretos\/2023\/07.pdf\" rel=\"noopener\" target=\"_blank\">PDF<\/a><\/td>\n<\/tr>\n<tr class=\"row-9\">\n\t<td class=\"column-1\">08-2023<\/td><td class=\"column-2\">Disp\u00f5e sobre a concess\u00e3o de T\u00edtulo de Cidad\u00e3 Po\u00e7\u00e3oense para a Ilma. Sra. Cl\u00e1udia Cabral da Silva.<\/td><td class=\"column-3\"><a href=\"https:\/\/www.camarapocao.pe.gov.br\/home\/images\/Consulta\/decretos\/2023\/08.pdf\" rel=\"noopener\" target=\"_blank\">PDF<\/a><\/td>\n<\/tr>\n<\/tbody>\n<\/table>\n<!-- #tablepress-8 from cache -->\n","protected":false},"excerpt":{"rendered":"","protected":false},"author":3,"featured_media":0,"parent":0,"menu_order":0,"comment_status":"closed","ping_status":"closed","template":"","meta":{"footnotes":""},"class_list":["post-1139","page","type-page","status-publish","hentry","active"],"aioseo_notices":[],"_links":{"self":[{"href":"https:\/\/camarapocao.pe.gov.br\/v1\/wp-json\/wp\/v2\/pages\/1139","targetHints":{"allow":["GET"]}}],"collection":[{"href":"https:\/\/camarapocao.pe.gov.br\/v1\/wp-json\/wp\/v2\/pages"}],"about":[{"href":"https:\/\/camarapocao.pe.gov.br\/v1\/wp-json\/wp\/v2\/types\/page"}],"author":[{"embeddable":true,"href":"https:\/\/camarapocao.pe.gov.br\/v1\/wp-json\/wp\/v2\/users\/3"}],"replies":[{"embeddable":true,"href":"https:\/\/camarapocao.pe.gov.br\/v1\/wp-json\/wp\/v2\/comments?post=1139"}],"version-history":[{"count":8,"href":"https:\/\/camarapocao.pe.gov.br\/v1\/wp-json\/wp\/v2\/pages\/1139\/revisions"}],"predecessor-version":[{"id":1207,"href":"https:\/\/camarapocao.pe.gov.br\/v1\/wp-json\/wp\/v2\/pages\/1139\/revisions\/1207"}],"wp:attachment":[{"href":"https:\/\/camarapocao.pe.gov.br\/v1\/wp-json\/wp\/v2\/media?parent=1139"}],"curies":[{"name":"wp","href":"https:\/\/api.w.org\/{rel}","templated":true}]}}