{"id":1133,"date":"2023-05-28T22:22:01","date_gmt":"2023-05-29T01:22:01","guid":{"rendered":"http:\/\/camarapocao.pe.gov.br\/?page_id=1133"},"modified":"2023-09-09T17:13:34","modified_gmt":"2023-09-09T20:13:34","slug":"leis-aprovadas-em-2023","status":"publish","type":"page","link":"https:\/\/camarapocao.pe.gov.br\/v1\/leis-aprovadas-em-2023\/","title":{"rendered":"Leis aprovadas em 2023"},"content":{"rendered":"\n<table id=\"tablepress-3\" class=\"tablepress tablepress-id-3\">\n<thead>\n<tr class=\"row-1\">\n\t<th class=\"column-1\">N\u00ba do Documento<\/th><th class=\"column-2\">Ementa<\/th><th class=\"column-3\">Vereador Autor<\/th><th class=\"column-4\">Detalhe da aprova\u00e7\u00e3o<\/th><th class=\"column-5\">Vereadores a favor<\/th><th class=\"column-6\">Vereadores contr\u00e1rios<\/th><th class=\"column-7\">Download<\/th>\n<\/tr>\n<\/thead>\n<tbody class=\"row-striping row-hover\">\n<tr class=\"row-2\">\n\t<td class=\"column-1\">843<\/td><td class=\"column-2\">Disp\u00f5e sobre pagamento adicional noturno e insalubridade aos servidores da Secretaria Municipal de Sa\u00fade.<\/td><td class=\"column-3\">Poder Executivo<\/td><td class=\"column-4\">7 votos<\/td><td class=\"column-5\">Jos\u00e9 Silvestre, Jos\u00e9 Gleison, Junior Roberto, Napole\u00e3o Cordeiro, Ruth Barbosa, Silvio de Souza e Wrides Mendes.<\/td><td class=\"column-6\">-<\/td><td class=\"column-7\"><a href=\"http:\/\/www.camarapocao.pe.gov.br\/home\/images\/Consulta\/leis\/2023\/843.pdf\" rel=\"noopener\" target=\"_blank\">PDF<\/a><\/td>\n<\/tr>\n<tr class=\"row-3\">\n\t<td class=\"column-1\">844<\/td><td class=\"column-2\">Fixa sal\u00e1rio m\u00ednimo dos servidores municipais de Po\u00e7\u00e3o\/PE e d\u00e1 outras provid\u00eancias.<\/td><td class=\"column-3\">Poder Executivo<\/td><td class=\"column-4\">7 votos<\/td><td class=\"column-5\">Jos\u00e9 Silvestre, Jos\u00e9 Gleison, Junior Roberto, Napole\u00e3o Cordeiro, Ruth Barbosa, Silvio de Souza e Wrides Mendes.<\/td><td class=\"column-6\">-<\/td><td class=\"column-7\"><a href=\"http:\/\/www.camarapocao.pe.gov.br\/home\/images\/Consulta\/leis\/2023\/844.pdf\" rel=\"noopener\" target=\"_blank\">PDF<\/a><\/td>\n<\/tr>\n<tr class=\"row-4\">\n\t<td class=\"column-1\">845<\/td><td class=\"column-2\">Institui o conselho tutelar no munic\u00edpio de Po\u00e7\u00e3o\/PE e d\u00e1 outras provid\u00eancias.<\/td><td class=\"column-3\">Poder Executivo<\/td><td class=\"column-4\">8 votos<\/td><td class=\"column-5\">Jos\u00e9 Silvestre, Jos\u00e9 Gleison, Junior Roberto, Napole\u00e3o Cordeiro, Ruth Barbosa, Silas Marconi, Silvio de Souza e Wrides Mendes<\/td><td class=\"column-6\">-<\/td><td class=\"column-7\"><a href=\"http:\/\/www.camarapocao.pe.gov.br\/home\/images\/Consulta\/leis\/2023\/845.pdf\" rel=\"noopener\" target=\"_blank\">PDF<\/a><\/td>\n<\/tr>\n<tr class=\"row-5\">\n\t<td class=\"column-1\">846<\/td><td class=\"column-2\">Disp\u00f5e sobre denomina\u00e7\u00e3o de pr\u00e9dios, ruas, avenidas, logradouros p\u00fablicos e determina outras provid\u00eancias.<\/td><td class=\"column-3\">Wrides Mendes Paes<\/td><td class=\"column-4\">7 votos<\/td><td class=\"column-5\">Jos\u00e9 Silvestre, Jos\u00e9 Gleison, Napole\u00e3o Cordeiro, Ruth Barbosa, Silas Marconi, Silvio de Souza e Wrides Mendes.<\/td><td class=\"column-6\">-<\/td><td class=\"column-7\"><a href=\"http:\/\/www.camarapocao.pe.gov.br\/home\/images\/Consulta\/leis\/2023\/846.pdf\" rel=\"noopener\" target=\"_blank\">PDF<\/a><\/td>\n<\/tr>\n<tr class=\"row-6\">\n\t<td class=\"column-1\">847<\/td><td class=\"column-2\">Institui o \"Dia do Psicanalista\" a ser comemorado anualmente em 06\/maio com homenagens na casa legislativa de Po\u00e7\u00e3o\/PE.<\/td><td class=\"column-3\">Ruth Barbosa Silva Alves<\/td><td class=\"column-4\">7 votos<\/td><td class=\"column-5\">Jos\u00e9 Silvestre, Jos\u00e9 Gleison, Junior Roberto, Napole\u00e3o Cordeiro, Ruth Barbosa, Silas Marconi, e Wrides Mendes.<\/td><td class=\"column-6\">-<\/td><td class=\"column-7\"><a href=\"http:\/\/www.camarapocao.pe.gov.br\/home\/images\/Consulta\/leis\/2023\/847.pdf\" rel=\"noopener\" target=\"_blank\">PDF<\/a><\/td>\n<\/tr>\n<tr class=\"row-7\">\n\t<td class=\"column-1\">848<\/td><td class=\"column-2\">Disp\u00f5e sobre denomina\u00e7\u00e3o de pr\u00e9dios, ruas, avenidas, logradouros p\u00fablicos e determina outras provid\u00eancias.<\/td><td class=\"column-3\">Napole\u00e3o Cordeiro Almeida<\/td><td class=\"column-4\">5 votos<\/td><td class=\"column-5\">Napole\u00e3o Cordeiro, Junior Roberto, Ruth Barbosa, Silvio de Souza e Wrides Mendes.<\/td><td class=\"column-6\">-<\/td><td class=\"column-7\"><a href=\"http:\/\/www.camarapocao.pe.gov.br\/home\/images\/Consulta\/leis\/2023\/848.pdf\" rel=\"noopener\" target=\"_blank\">PDF<\/a><\/td>\n<\/tr>\n<tr class=\"row-8\">\n\t<td class=\"column-1\">849<\/td><td class=\"column-2\">Disp\u00f5es sobre a pol\u00edtica p\u00fablica de assist\u00eancia social do munic\u00edpio de Po\u00e7\u00e3o\/PE.<\/td><td class=\"column-3\">Poder Executivo<\/td><td class=\"column-4\">7 votos<\/td><td class=\"column-5\">Jos\u00e9 Silvestre, , Junior Roberto, Napole\u00e3o Cordeiro, Ruth Barbosa, Silas Marconi, Silvio de Souza e Wrides Mendes.<\/td><td class=\"column-6\">-<\/td><td class=\"column-7\"><a href=\"http:\/\/www.camarapocao.pe.gov.br\/home\/images\/Consulta\/leis\/2023\/849.pdf\" rel=\"noopener\" target=\"_blank\">PDF<\/a><\/td>\n<\/tr>\n<tr class=\"row-9\">\n\t<td class=\"column-1\">850<\/td><td class=\"column-2\">Constitui o conselho municipal de assist\u00eancia social de Po\u00e7\u00e3o\/PE e d\u00e1 outras provid\u00eancias.<\/td><td class=\"column-3\">Poder Executivo<\/td><td class=\"column-4\">7 votos<\/td><td class=\"column-5\">Jos\u00e9 Silvestre, , Junior Roberto, Napole\u00e3o Cordeiro, Ruth Barbosa, Silas Marconi, Silvio de Souza e Wrides Mendes.<\/td><td class=\"column-6\">-<\/td><td class=\"column-7\"><a href=\"http:\/\/www.camarapocao.pe.gov.br\/home\/images\/Consulta\/leis\/2023\/850.pdf\" rel=\"noopener\" target=\"_blank\">PDF<\/a><\/td>\n<\/tr>\n<tr class=\"row-10\">\n\t<td class=\"column-1\">851<\/td><td class=\"column-2\">Concede reajuste geral aos vencimentos dos servidores p\u00fablicos efetivos e comissionados da C\u00e2mara de Po\u00e7\u00e3o\/PE.<\/td><td class=\"column-3\">Poder Legislativo<\/td><td class=\"column-4\">8 votos<\/td><td class=\"column-5\">Jos\u00e9 Silvestre, Jos\u00e9 Gleison, Junior Roberto, Napole\u00e3o Cordeiro, Ruth Barbosa, Silas Marconi, Silvio de Souza e Wrides Mendes.<\/td><td class=\"column-6\">-<\/td><td class=\"column-7\"><a href=\"http:\/\/www.camarapocao.pe.gov.br\/home\/images\/Consulta\/leis\/2023\/851.pdf\" rel=\"noopener\" target=\"_blank\">PDF<\/a><\/td>\n<\/tr>\n<tr class=\"row-11\">\n\t<td class=\"column-1\">852<\/td><td class=\"column-2\">Autoriza o Poder Executivo a contratar opera\u00e7\u00e3o de cr\u00e9dito com a Caixa Econ\u00f4mica Federal, com ou sem a garantia da Uni\u00e3o.<\/td><td class=\"column-3\">Poder Executivo<\/td><td class=\"column-4\">8 x 1 votos<\/td><td class=\"column-5\">Ca\u00edque Alberto, Jos\u00e9 Silvestre, Jos\u00e9 Gleison, Junior Roberto, Napole\u00e3o Cordeiro, Ruth Barbosa, Silas Marconi e Silvio de Souza.<\/td><td class=\"column-6\">Wrides Mendes<\/td><td class=\"column-7\"><a href=\"http:\/\/www.camarapocao.pe.gov.br\/home\/images\/Consulta\/leis\/2023\/852.pdf\" rel=\"noopener\" target=\"_blank\">PDF<\/a><\/td>\n<\/tr>\n<tr class=\"row-12\">\n\t<td class=\"column-1\">853<\/td><td class=\"column-2\">Institui o servi\u00e7o volunt\u00e1rio no \u00e2mbito da administra\u00e7\u00e3o p\u00fablica do munic\u00edpio de Po\u00e7\u00e3o\/PE.<\/td><td class=\"column-3\">Poder Executivo<\/td><td class=\"column-4\">7 votos<\/td><td class=\"column-5\">Jos\u00e9 Silvestre, Jos\u00e9 Gleison, Napole\u00e3o Cordeiro, Ruth Barbosa, Silas Marconi, Silvio de Souza e Wrides Mendes.<\/td><td class=\"column-6\">-<\/td><td class=\"column-7\"><a href=\"http:\/\/www.camarapocao.pe.gov.br\/home\/images\/Consulta\/leis\/2023\/853.pdf\" rel=\"noopener\" target=\"_blank\">PDF<\/a><\/td>\n<\/tr>\n<tr class=\"row-13\">\n\t<td class=\"column-1\">854<\/td><td class=\"column-2\">Estabelece as diretrizes or\u00e7ament\u00e1rias para o <br \/>\nexerc\u00edcio de 2024 e d\u00e1 outras provid\u00eancias. <\/td><td class=\"column-3\">Poder Executivo<\/td><td class=\"column-4\">7 votos<\/td><td class=\"column-5\">Jos\u00e9 Silvestre,  Junior Roberto, Napole\u00e3o Cordeiro, Ruth Barbosa, Silas Marconi, Silvio de Souza e Wrides Mendes.<\/td><td class=\"column-6\">-<\/td><td class=\"column-7\"><a href=\"http:\/\/www.camarapocao.pe.gov.br\/home\/images\/Consulta\/leis\/2023\/854.pdf\" rel=\"noopener\" target=\"_blank\">PDF<\/a><\/td>\n<\/tr>\n<tr class=\"row-14\">\n\t<td class=\"column-1\">855<\/td><td class=\"column-2\">Revoga o \u00a7 3\u00ba do artigo 2\u00ba da Lei Municipal 852\/2023<\/td><td class=\"column-3\">Poder Executivo<\/td><td class=\"column-4\">8 votos<\/td><td class=\"column-5\">Ca\u00edque Alberto, Jos\u00e9 Silvestre, Jos\u00e9 Gleison, Junior Roberto, Napole\u00e3o Cordeiro, Ruth Barbosa, Silas Marconi e Silvio de Souza.<\/td><td class=\"column-6\">-<\/td><td class=\"column-7\"><a href=\"http:\/\/www.camarapocao.pe.gov.br\/home\/images\/Consulta\/leis\/2023\/855.pdf\" rel=\"noopener\" target=\"_blank\">PDF<\/a><\/td>\n<\/tr>\n<tr class=\"row-15\">\n\t<td class=\"column-1\">856<\/td><td class=\"column-2\">Autoriza o poder executivo a repassar recursos recebidos da uni\u00e3o para cumprimento da assist\u00eancia financeira complementar de que trata a emenda constitucional N\u00b0 127\/2022. Lei Nacional N\u00b014.434 e com base na ADIN N\u00b0 7222-DF<\/td><td class=\"column-3\">Poder Executivo<\/td><td class=\"column-4\">7 votos<\/td><td class=\"column-5\">Jos\u00e9 Silvestre,  Junior Roberto, Napole\u00e3o Cordeiro, Ruth Barbosa, Silas Marconi, Silvio de Souza e Wrides Mendes.<\/td><td class=\"column-6\">-<\/td><td class=\"column-7\"><a href=\"http:\/\/www.camarapocao.pe.gov.br\/home\/images\/Consulta\/leis\/2023\/856.pdf\" rel=\"noopener\" target=\"_blank\">PDF<\/a><\/td>\n<\/tr>\n<tr class=\"row-16\">\n\t<td class=\"column-1\">857<\/td><td class=\"column-2\">Disp\u00f5e sobre a Institui\u00e7\u00e3o do \"Dia Municipal dos Desbravadores da Igreja Adventista do S\u00e9timo Dia\".<\/td><td class=\"column-3\">Ca\u00edque Alberto <\/td><td class=\"column-4\">5 votos<\/td><td class=\"column-5\">Ruth Barbosa, Silas Marconi, Napole\u00e3o Cordeiro, Wrides Mendes, Silvio de Souza.<\/td><td class=\"column-6\">-<\/td><td class=\"column-7\"><a href=\"http:\/\/www.camarapocao.pe.gov.br\/home\/images\/Consulta\/leis\/2023\/857.pdf\" rel=\"noopener\" target=\"_blank\">PDF<\/a><\/td>\n<\/tr>\n<tr class=\"row-17\">\n\t<td class=\"column-1\">858<\/td><td class=\"column-2\">Regulamenta o Art. 167 da Constitul\u00e7\u00e3o Federal em \u00e2mbito municipal e d\u00e1 outras provid\u00eancias.<\/td><td class=\"column-3\">Poder Executivo<\/td><td class=\"column-4\">7 votos<\/td><td class=\"column-5\">Ruth Barbosa, Jos\u00e9 Gleison, Junior Roberto, Jos\u00e9 Silvestre, Silvio de Souza, Wrides Mendes e Napole\u00e3o Cordeiro<\/td><td class=\"column-6\">-<\/td><td class=\"column-7\"><a href=\"http:\/\/www.camarapocao.pe.gov.br\/home\/images\/Consulta\/leis\/2023\/858.pdf\" rel=\"noopener\" target=\"_blank\">PDF<\/a><\/td>\n<\/tr>\n<tr class=\"row-18\">\n\t<td class=\"column-1\">859<\/td><td class=\"column-2\">Promove adequa\u00e7\u00e3o or\u00e7ament\u00e1ria no \u00e2mbito do munic\u00edpio de Po\u00e7\u00e3o\/PE e autoriza abertura de cr\u00e9dito especial ao or\u00e7amento anual de 2023 no valor de 122.307,33.<\/td><td class=\"column-3\">Poder Executivo<\/td><td class=\"column-4\">6 votos<\/td><td class=\"column-5\">Silas Marconi, Jos\u00e9 Silvestre, Napole\u00e3o Cordeiro, Wrides Mendes, Silvio de Souza e Jos\u00e9 Gleison.<\/td><td class=\"column-6\">-<\/td><td class=\"column-7\"><a href=\"http:\/\/www.camarapocao.pe.gov.br\/home\/images\/Consulta\/leis\/2023\/859.pdf\" rel=\"noopener\" target=\"_blank\">PDF<\/a><\/td>\n<\/tr>\n<tr class=\"row-19\">\n\t<td class=\"column-1\">860<\/td><td class=\"column-2\">Altera e acrescenta dispositivos \u00e0 Lei Municipal N\u00ba 601\/2010 que disp\u00f5e acerca do Conselho Municipal de Direitos da Pessoa Idosa e do Fundo Municipal da Pessoas Idosa e d\u00e1 outras provid\u00eancias.<\/td><td class=\"column-3\">Poder Executivo<\/td><td class=\"column-4\">8 votos<\/td><td class=\"column-5\">Jos\u00e9 Silvestre, Jos\u00e9 Gleison, Junior Roberto, Napole\u00e3o Cordeiro, Ruth Barbosa, Silas Marconi, S\u00edlvio de Souza e Wrides mendes.<\/td><td class=\"column-6\">-<\/td><td class=\"column-7\"><a href=\"http:\/\/www.camarapocao.pe.gov.br\/home\/images\/Consulta\/leis\/2023\/860.pdf\" rel=\"noopener\" target=\"_blank\">PDF<\/a><\/td>\n<\/tr>\n<tr class=\"row-20\">\n\t<td class=\"column-1\">861<\/td><td class=\"column-2\">Revis\u00e3o do Plano Plurianual 2024\/2025<\/td><td class=\"column-3\">Poder Executivo<\/td><td class=\"column-4\">7 votos<\/td><td class=\"column-5\">Jos\u00e9 Silvestre, Jos\u00e9 Gleison, Junior Roberto, Napole\u00e3o Cordeiro, Ruth Barbosa, S\u00edlvio de Souza e Wrides mendes.<\/td><td class=\"column-6\">-<\/td><td class=\"column-7\"><a href=\"http:\/\/www.camarapocao.pe.gov.br\/home\/images\/Consulta\/leis\/2023\/861.pdf\" rel=\"noopener\" target=\"_blank\">PDF<\/a><\/td>\n<\/tr>\n<tr class=\"row-21\">\n\t<td class=\"column-1\">862<\/td><td class=\"column-2\">Lei Or\u00e7ament\u00e1ria Anual - LOA 2024<\/td><td class=\"column-3\">Poder Executivo<\/td><td class=\"column-4\">7 votos<\/td><td class=\"column-5\">Jos\u00e9 Silvestre, Jos\u00e9 Gleison, Junior Roberto, Napole\u00e3o Cordeiro, Ruth Barbosa, S\u00edlvio de Souza e Wrides mendes.<\/td><td class=\"column-6\">-<\/td><td class=\"column-7\"><a href=\"http:\/\/www.camarapocao.pe.gov.br\/home\/images\/Consulta\/leis\/2023\/862.pdf\" rel=\"noopener\" target=\"_blank\">PDF<\/a><\/td>\n<\/tr>\n<tr class=\"row-22\">\n\t<td class=\"column-1\">863<\/td><td class=\"column-2\">Disp\u00f5e sobre denomina\u00e7\u00e3o de pr\u00e9dios, ruas, avenidas, logradouros p\u00fablicos e determina outras provid\u00eancias.<\/td><td class=\"column-3\">Vereadora Ruth Barbosa<\/td><td class=\"column-4\">4 votos<\/td><td class=\"column-5\">Junior Roberto, Napole\u00e3o Cordeiro, Sivio de Souza e Wrides Mendes.<\/td><td class=\"column-6\">-<\/td><td class=\"column-7\"><a href=\"http:\/\/www.camarapocao.pe.gov.br\/home\/images\/Consulta\/leis\/2023\/863.pdf\" rel=\"noopener\" target=\"_blank\">PDF<\/a><\/td>\n<\/tr>\n<\/tbody>\n<\/table>\n<!-- #tablepress-3 from cache -->\n","protected":false},"excerpt":{"rendered":"","protected":false},"author":3,"featured_media":0,"parent":0,"menu_order":0,"comment_status":"closed","ping_status":"closed","template":"","meta":{"footnotes":""},"class_list":["post-1133","page","type-page","status-publish","hentry","active"],"aioseo_notices":[],"_links":{"self":[{"href":"https:\/\/camarapocao.pe.gov.br\/v1\/wp-json\/wp\/v2\/pages\/1133","targetHints":{"allow":["GET"]}}],"collection":[{"href":"https:\/\/camarapocao.pe.gov.br\/v1\/wp-json\/wp\/v2\/pages"}],"about":[{"href":"https:\/\/camarapocao.pe.gov.br\/v1\/wp-json\/wp\/v2\/types\/page"}],"author":[{"embeddable":true,"href":"https:\/\/camarapocao.pe.gov.br\/v1\/wp-json\/wp\/v2\/users\/3"}],"replies":[{"embeddable":true,"href":"https:\/\/camarapocao.pe.gov.br\/v1\/wp-json\/wp\/v2\/comments?post=1133"}],"version-history":[{"count":7,"href":"https:\/\/camarapocao.pe.gov.br\/v1\/wp-json\/wp\/v2\/pages\/1133\/revisions"}],"predecessor-version":[{"id":1196,"href":"https:\/\/camarapocao.pe.gov.br\/v1\/wp-json\/wp\/v2\/pages\/1133\/revisions\/1196"}],"wp:attachment":[{"href":"https:\/\/camarapocao.pe.gov.br\/v1\/wp-json\/wp\/v2\/media?parent=1133"}],"curies":[{"name":"wp","href":"https:\/\/api.w.org\/{rel}","templated":true}]}}