{"id":1115,"date":"2023-02-27T11:34:18","date_gmt":"2023-02-27T14:34:18","guid":{"rendered":"http:\/\/camarapocao.pe.gov.br\/?page_id=1115"},"modified":"2023-09-09T17:15:50","modified_gmt":"2023-09-09T20:15:50","slug":"contratos-fechados-em-2023","status":"publish","type":"page","link":"https:\/\/camarapocao.pe.gov.br\/v1\/contratos-fechados-em-2023\/","title":{"rendered":"Contratos fechados em 2023"},"content":{"rendered":"\n<table id=\"tablepress-4\" class=\"tablepress tablepress-id-4\">\n<thead>\n<tr class=\"row-1\">\n\t<th class=\"column-1\">N\u00ba do Documento<\/th><th class=\"column-2\">Resumo\/Objeto<\/th><th class=\"column-3\">Contratado<\/th><th class=\"column-4\">Valor<\/th><th class=\"column-5\">Vig\u00eancia<\/th><th class=\"column-6\">Download<\/th>\n<\/tr>\n<\/thead>\n<tbody class=\"row-striping row-hover\">\n<tr class=\"row-2\">\n\t<td class=\"column-1\">01<\/td><td class=\"column-2\">Contrato de prestacao de servicos de conte\u00fado, hospedagem, manuten\u00e7\u00e3o e atualiza\u00e7\u00e3o do portal da C\u00e2mara Municipal na internet.<\/td><td class=\"column-3\">Luan Duarte<\/td><td class=\"column-4\">R$8.400,00<\/td><td class=\"column-5\">02\/01\/2023 \u00e0 31\/12\/2023<\/td><td class=\"column-6\"><a href=\"https:\/\/www.camarapocao.pe.gov.br\/home\/images\/Consulta\/contratos\/2023\/01-2023.pdf\" rel=\"noopener\" target=\"_blank\">PDF<\/a><\/td>\n<\/tr>\n<tr class=\"row-3\">\n\t<td class=\"column-1\">02<\/td><td class=\"column-2\">Contrato de presta\u00e7\u00e3o de servi\u00e7os profissionais em marketing digital e gerenciamento de redes sociais.<\/td><td class=\"column-3\">Josenilda Monteiro<\/td><td class=\"column-4\">R$16.800,00<\/td><td class=\"column-5\">02\/01\/2023 \u00e0 31\/12\/2023<\/td><td class=\"column-6\"><a href=\"https:\/\/www.camarapocao.pe.gov.br\/home\/images\/Consulta\/contratos\/2023\/02-2023.pdf\" rel=\"noopener\" target=\"_blank\">PDF<\/a><\/td>\n<\/tr>\n<tr class=\"row-4\">\n\t<td class=\"column-1\">03<\/td><td class=\"column-2\">Contrato de presta\u00e7\u00e3o de servi\u00e7os profissionais de transcri\u00e7\u00e3o de dados de documentos conforme necessidade da C\u00e2mara Municipal.<\/td><td class=\"column-3\">Eul\u00e1lia Rocha<\/td><td class=\"column-4\">R$17.400,00<\/td><td class=\"column-5\">02\/01\/2023 \u00e0 31\/12\/2023<\/td><td class=\"column-6\"><a href=\"https:\/\/www.camarapocao.pe.gov.br\/home\/images\/Consulta\/contratos\/2023\/03-2023.pdf\" rel=\"noopener\" target=\"_blank\">PDF<\/a><\/td>\n<\/tr>\n<tr class=\"row-5\">\n\t<td class=\"column-1\">04<\/td><td class=\"column-2\">Contrata\u00e7\u00e3o de servi\u00e7os de log\u00edstica de coleta e entrega de documentos junto \u00e0 C\u00e2mara Municipal.<\/td><td class=\"column-3\">Jhonne da Silva<\/td><td class=\"column-4\">R$17.400,00<\/td><td class=\"column-5\">02\/01\/2023 \u00e0 31\/12\/2023<\/td><td class=\"column-6\"><a href=\"https:\/\/www.camarapocao.pe.gov.br\/home\/images\/Consulta\/contratos\/2023\/04-2023.pdf\" rel=\"noopener\" target=\"_blank\">PDF<\/a><\/td>\n<\/tr>\n<tr class=\"row-6\">\n\t<td class=\"column-1\">05<\/td><td class=\"column-2\">Contrato de presta\u00e7\u00e3o de servi\u00e7os de conex\u00e3o \u00e0 internet.<\/td><td class=\"column-3\">Juliana M\u00aaBernardo Servi\u00e7os de Comunica\u00e7\u00e3o Multim\u00eddia - SCM<\/td><td class=\"column-4\">R$2.640,00<\/td><td class=\"column-5\">02\/01\/2023 \u00e0 31\/12\/2023<\/td><td class=\"column-6\"><a href=\"https:\/\/www.camarapocao.pe.gov.br\/home\/images\/Consulta\/contratos\/2023\/05-2023.pdf\" rel=\"noopener\" target=\"_blank\">PDF<\/a><\/td>\n<\/tr>\n<tr class=\"row-7\">\n\t<td class=\"column-1\">06<\/td><td class=\"column-2\">Contrato de presta\u00e7\u00e3o de Servi\u00e7os Gerais.<\/td><td class=\"column-3\">Paulo Ricardo de Melo<\/td><td class=\"column-4\">R$17.400,00<\/td><td class=\"column-5\">02\/01\/2023 \u00e0 31\/12\/2023<\/td><td class=\"column-6\"><a href=\"https:\/\/www.camarapocao.pe.gov.br\/home\/images\/Consulta\/contratos\/2023\/06-2023.pdf\" rel=\"noopener\" target=\"_blank\">PDF<\/a><\/td>\n<\/tr>\n<tr class=\"row-8\">\n\t<td class=\"column-1\">07<\/td><td class=\"column-2\">Contrato de presta\u00e7\u00e3o de servi\u00e7os de filmagem profissional e transmiss\u00e3o ao vivo via plataforma de streaming online.<\/td><td class=\"column-3\">Carlos Mikhael Mergulh\u00e3o<\/td><td class=\"column-4\">R$16.800,00<\/td><td class=\"column-5\">02\/01\/2023 \u00e0 31\/12\/2023<\/td><td class=\"column-6\"><a href=\"https:\/\/www.camarapocao.pe.gov.br\/home\/images\/Consulta\/contratos\/2023\/07-2023.pdf\" rel=\"noopener\" target=\"_blank\">PDF<\/a><\/td>\n<\/tr>\n<tr class=\"row-9\">\n\t<td class=\"column-1\">08<\/td><td class=\"column-2\">Contrato de presta\u00e7\u00e3o de servi\u00e7os especializados em gera\u00e7\u00e3o de folha de pagamento e emiss\u00e3o de relat\u00f3rios.<\/td><td class=\"column-3\">CONTASP Assessoria e Consultoria LTDA<\/td><td class=\"column-4\">R$16.800,00<\/td><td class=\"column-5\">02\/01\/2023 \u00e0 31\/12\/2023<\/td><td class=\"column-6\"><a href=\"https:\/\/www.camarapocao.pe.gov.br\/home\/images\/Consulta\/contratos\/2023\/08-2023.pdf\" rel=\"noopener\" target=\"_blank\">PDF<\/a><\/td>\n<\/tr>\n<tr class=\"row-10\">\n\t<td class=\"column-1\">09<\/td><td class=\"column-2\">Contrato de presta\u00e7\u00e3o de servi\u00e7o de assessoria e consultoria ao controle interno.<\/td><td class=\"column-3\">CONTASP Assessoria e Consultoria LTDA<\/td><td class=\"column-4\">R$16.800,00<\/td><td class=\"column-5\">02\/01\/2023 \u00e0 31\/12\/2023<\/td><td class=\"column-6\"><a href=\"https:\/\/www.camarapocao.pe.gov.br\/home\/images\/Consulta\/contratos\/2023\/09-2023.pdf\" rel=\"noopener\" target=\"_blank\">PDF<\/a><\/td>\n<\/tr>\n<tr class=\"row-11\">\n\t<td class=\"column-1\">10<\/td><td class=\"column-2\">Presta\u00e7\u00e3o de servi\u00e7os especializados com loca\u00e7\u00e3o de software e suporte t\u00e9cnico especializado ao sistema de controle e avalia\u00e7\u00e3o patrimonial.<\/td><td class=\"column-3\">CONTASP Assessoria e Consultoria LTDA<\/td><td class=\"column-4\">R$10.800,00<\/td><td class=\"column-5\">02\/01\/2023 \u00e0 31\/12\/2023<\/td><td class=\"column-6\"><a href=\"https:\/\/www.camarapocao.pe.gov.br\/home\/images\/Consulta\/contratos\/2023\/10-2023.pdf\" rel=\"noopener\" target=\"_blank\">PDF<\/a><\/td>\n<\/tr>\n<tr class=\"row-12\">\n\t<td class=\"column-1\">11<\/td><td class=\"column-2\">Contrata\u00e7\u00e3o de empresa para presta\u00e7\u00e3o de servi\u00e7os t\u00e9cnicos profissionais especializados de assessoria e consultoria nas \u00e1reas: cont\u00e1bil, financeira e de gest\u00e3o fiscal.<\/td><td class=\"column-3\">GS Carvalho Consultoria em Gest\u00e3o P\u00fablica LTDA<\/td><td class=\"column-4\">R$15.000,00<\/td><td class=\"column-5\">02\/01\/2023 \u00e0 02\/04\/2023<\/td><td class=\"column-6\"><a href=\"https:\/\/www.camarapocao.pe.gov.br\/home\/images\/Consulta\/contratos\/2023\/11-2023.pdf\" rel=\"noopener\" target=\"_blank\">PDF<\/a><\/td>\n<\/tr>\n<tr class=\"row-13\">\n\t<td class=\"column-1\">12<\/td><td class=\"column-2\">Contrato de fornecimento de licen\u00e7a de direito de uso tempor\u00e1rio de Portal da Transpar\u00eancia.<\/td><td class=\"column-3\">P\u00fablica Tecnologia LDTA<\/td><td class=\"column-4\">R$6.240,00<\/td><td class=\"column-5\">02\/01\/2023 \u00e0 31\/12\/2023<\/td><td class=\"column-6\"><a href=\"https:\/\/www.camarapocao.pe.gov.br\/home\/images\/Consulta\/contratos\/2023\/12-2023.pdf\" rel=\"noopener\" target=\"_blank\">PDF<\/a><\/td>\n<\/tr>\n<tr class=\"row-14\">\n\t<td class=\"column-1\">13<\/td><td class=\"column-2\">Contrato de presta\u00e7\u00e3o de servi\u00e7o de assessoria jur\u00eddica.<\/td><td class=\"column-3\">Geraldo Cristovam Sociedade Individual de Advocacia<\/td><td class=\"column-4\">R$13.500,00<\/td><td class=\"column-5\">10\/01\/2023 \u00e0 31\/03\/2023<\/td><td class=\"column-6\"><a href=\"https:\/\/www.camarapocao.pe.gov.br\/home\/images\/Consulta\/contratos\/2023\/13-2023.pdf\" rel=\"noopener\" target=\"_blank\">PDF<\/a><\/td>\n<\/tr>\n<tr class=\"row-15\">\n\t<td class=\"column-1\">14<\/td><td class=\"column-2\">Contrato de presta\u00e7\u00e3o de servi\u00e7os de elabora\u00e7\u00e3o, digita\u00e7\u00e3o das atas das reuni\u00f5es solenes, ordin\u00e1rias e extraordin\u00e1rias da C\u00e2mara Municipal.<\/td><td class=\"column-3\">Elisnan Espindola<\/td><td class=\"column-4\">R$15.400,00<\/td><td class=\"column-5\">01\/02\/2023 \u00e0 31\/12\/2023<\/td><td class=\"column-6\"><a href=\"https:\/\/www.camarapocao.pe.gov.br\/home\/images\/Consulta\/contratos\/2023\/14-2023.pdf\" rel=\"noopener\" target=\"_blank\">PDF<\/a><\/td>\n<\/tr>\n<tr class=\"row-16\">\n\t<td class=\"column-1\">15<\/td><td class=\"column-2\">Contrato de fornecimento de \u00e1gua pot\u00e1vel para necessidades do pr\u00e9dio da C\u00e2mara Municipal.<\/td><td class=\"column-3\">Jos\u00e9 Oliveira Rodrigues<\/td><td class=\"column-4\">R$0,068\/litro<\/td><td class=\"column-5\">01\/02\/2023 \u00e0 31\/12\/2023<\/td><td class=\"column-6\"><a href=\"https:\/\/www.camarapocao.pe.gov.br\/home\/images\/Consulta\/contratos\/2023\/15-2023.pdf\" rel=\"noopener\" target=\"_blank\">PDF<\/a><\/td>\n<\/tr>\n<tr class=\"row-17\">\n\t<td class=\"column-1\">16<\/td><td class=\"column-2\">Contrato de presta\u00e7\u00e3o de servi\u00e7os de assessoria de imprensa e publica\u00e7\u00e3o de informes, an\u00fancios e campanhas institucionais da C\u00e2mara Municipal no site de not\u00edcia \"Verdade\".<\/td><td class=\"column-3\">Mauro Jardim<\/td><td class=\"column-4\">R$18.150,00<\/td><td class=\"column-5\">01\/02\/2023 \u00e0 31\/12\/2023<\/td><td class=\"column-6\"><a href=\"https:\/\/www.camarapocao.pe.gov.br\/home\/images\/Consulta\/contratos\/2023\/16-2023.pdf\" rel=\"noopener\" target=\"_blank\">PDF<\/a><\/td>\n<\/tr>\n<tr class=\"row-18\">\n\t<td class=\"column-1\">17<\/td><td class=\"column-2\">Contrato de presta\u00e7\u00e3o de servi\u00e7os de assessoria e consultoria jur\u00eddico-legislativa.<\/td><td class=\"column-3\">Ara\u00fajo e Nejaim Advogados Associados<\/td><td class=\"column-4\">R$13.500,00<\/td><td class=\"column-5\">03\/04\/2023 \u00e0 30\/06\/2023<\/td><td class=\"column-6\"><a href=\"https:\/\/www.camarapocao.pe.gov.br\/home\/images\/Consulta\/contratos\/2023\/17-2023.pdf\" rel=\"noopener\" target=\"_blank\">PDF<\/a><\/td>\n<\/tr>\n<tr class=\"row-19\">\n\t<td class=\"column-1\">18<\/td><td class=\"column-2\">Contrato de produtos e presta\u00e7\u00e3o de servi\u00e7os por meio de pacote de servi\u00e7os dos Correios.<\/td><td class=\"column-3\">Correios<\/td><td class=\"column-4\">R$2.000,00<\/td><td class=\"column-5\">03\/05\/2023 \u00e0 03\/05\/2024<\/td><td class=\"column-6\"><a href=\"https:\/\/www.camarapocao.pe.gov.br\/home\/images\/Consulta\/contratos\/2023\/18-2023.pdf\" rel=\"noopener\" target=\"_blank\">PDF<\/a><\/td>\n<\/tr>\n<tr class=\"row-20\">\n\t<td class=\"column-1\">00001\/2023<\/td><td class=\"column-2\">Comiss\u00e3o Permanente de Licita\u00e7\u00f5es: Contrato de contrata\u00e7\u00e3o de presta\u00e7\u00e3o de servi\u00e7os especializados de assessoria e consultoria cont\u00e1bilm financeira e gest\u00e3o fiscal.<\/td><td class=\"column-3\">E S P Assessoria Cont\u00e1bil LTDA<\/td><td class=\"column-4\">R$40.000,00<\/td><td class=\"column-5\">02\/05\/2023 \u00e0 31\/12\/2023<\/td><td class=\"column-6\"><a href=\"https:\/\/www.camarapocao.pe.gov.br\/home\/images\/Consulta\/contratos\/2023\/00001-2023.pdf\" rel=\"noopener\" target=\"_blank\">PDF<\/a><\/td>\n<\/tr>\n<tr class=\"row-21\">\n\t<td class=\"column-1\">19<\/td><td class=\"column-2\">Instrumento contratual de loca\u00e7\u00e3o de im\u00f3vel.<\/td><td class=\"column-3\">Maria Taurino de Melo<\/td><td class=\"column-4\">R$1.200,00<\/td><td class=\"column-5\">03\/07\/2023 \u00e0 31\/12\/2023<\/td><td class=\"column-6\"><a href=\"https:\/\/www.camarapocao.pe.gov.br\/home\/images\/Consulta\/contratos\/2023\/19-2023.pdf\" rel=\"noopener\" target=\"_blank\">PDF<\/a><\/td>\n<\/tr>\n<tr class=\"row-22\">\n\t<td class=\"column-1\">20<\/td><td class=\"column-2\">Contrato de presta\u00e7\u00e3o de servi\u00e7os de vigil\u00e2ncia.<\/td><td class=\"column-3\">Ivan Batista de Azevedo<\/td><td class=\"column-4\">R$8.400,00<\/td><td class=\"column-5\">03\/07\/2023 \u00e0 31\/12\/2023<\/td><td class=\"column-6\"><a href=\"https:\/\/www.camarapocao.pe.gov.br\/home\/images\/Consulta\/contratos\/2023\/20-2023.pdf\" rel=\"noopener\" target=\"_blank\">PDF<\/a><\/td>\n<\/tr>\n<tr class=\"row-23\">\n\t<td class=\"column-1\">21<\/td><td class=\"column-2\">Contrato de presta\u00e7\u00e3o de servi\u00e7os t\u00e9cnicos especializados em apoio administrativo de orienta\u00e7\u00e3o e apoio em licita\u00e7\u00f5es e contratos administrativos da C\u00e2mara de Po\u00e7\u00e3o<\/td><td class=\"column-3\">Jos\u00e9 Leonardo da Silva<\/td><td class=\"column-4\">R$10.800,00<\/td><td class=\"column-5\">14\/07\/2023 a 14\/01\/2024<\/td><td class=\"column-6\"><a href=\"https:\/\/www.camarapocao.pe.gov.br\/home\/images\/Consulta\/contratos\/2023\/21-2023.pdf\" rel=\"noopener\" target=\"_blank\">PDF<\/a><\/td>\n<\/tr>\n<tr class=\"row-24\">\n\t<td class=\"column-1\">0002-2023-CPL<\/td><td class=\"column-2\">Presta\u00e7\u00e3o de servi\u00e7os de consultoria legislativa legislativa e assessoria administrativa para an\u00e1lise, produ\u00e7\u00e3o, organiza\u00e7\u00e3o de propositura e de expedientes.<\/td><td class=\"column-3\">Yasmin Fran\u00e7a Vasconcelos<\/td><td class=\"column-4\">R$27.000,00<\/td><td class=\"column-5\">20\/07\/2023 a 20\/01\/2023<\/td><td class=\"column-6\"><a href=\"https:\/\/www.camarapocao.pe.gov.br\/home\/images\/Consulta\/contratos\/2023\/00002-2023.pdf\" rel=\"noopener\" target=\"_blank\">PDF<\/a><\/td>\n<\/tr>\n<tr class=\"row-25\">\n\t<td class=\"column-1\">22<\/td><td class=\"column-2\">Contrato de presta\u00e7\u00e3o de servi\u00e7os profissionais em marketing digital, gerenciamento da fanpage do facebook e instagram oficial, estrat\u00e9gias de marketing e engajamento para instagram da C\u00e2mara de Po\u00e7\u00e3o.<\/td><td class=\"column-3\">Maria Aparecida Freitas<\/td><td class=\"column-4\">R$4.200,00<\/td><td class=\"column-5\">02\/10\/2023 a 02\/01\/2023<\/td><td class=\"column-6\"><a href=\"https:\/\/www.camarapocao.pe.gov.br\/home\/images\/Consulta\/contratos\/2023\/22-2023.pdf\" rel=\"noopener\" target=\"_blank\">PDF<\/a><\/td>\n<\/tr>\n<tr class=\"row-26\">\n\t<td class=\"column-1\">TR-02\/2023<\/td><td class=\"column-2\">Termo de rescis\u00e3o do contrato 02\/2023<\/td><td class=\"column-3\">Josenilda Monteiro<\/td><td class=\"column-4\">N\/A<\/td><td class=\"column-5\">N\/A<\/td><td class=\"column-6\"><a href=\"https:\/\/www.camarapocao.pe.gov.br\/home\/images\/Consulta\/contratos\/2023\/TR-02-2023\" rel=\"noopener\" target=\"_blank\">PDF<\/a><\/td>\n<\/tr>\n<\/tbody>\n<\/table>\n<!-- #tablepress-4 from cache -->\n","protected":false},"excerpt":{"rendered":"","protected":false},"author":3,"featured_media":0,"parent":0,"menu_order":0,"comment_status":"closed","ping_status":"closed","template":"","meta":{"footnotes":""},"class_list":["post-1115","page","type-page","status-publish","hentry","active"],"aioseo_notices":[],"_links":{"self":[{"href":"https:\/\/camarapocao.pe.gov.br\/v1\/wp-json\/wp\/v2\/pages\/1115","targetHints":{"allow":["GET"]}}],"collection":[{"href":"https:\/\/camarapocao.pe.gov.br\/v1\/wp-json\/wp\/v2\/pages"}],"about":[{"href":"https:\/\/camarapocao.pe.gov.br\/v1\/wp-json\/wp\/v2\/types\/page"}],"author":[{"embeddable":true,"href":"https:\/\/camarapocao.pe.gov.br\/v1\/wp-json\/wp\/v2\/users\/3"}],"replies":[{"embeddable":true,"href":"https:\/\/camarapocao.pe.gov.br\/v1\/wp-json\/wp\/v2\/comments?post=1115"}],"version-history":[{"count":12,"href":"https:\/\/camarapocao.pe.gov.br\/v1\/wp-json\/wp\/v2\/pages\/1115\/revisions"}],"predecessor-version":[{"id":1197,"href":"https:\/\/camarapocao.pe.gov.br\/v1\/wp-json\/wp\/v2\/pages\/1115\/revisions\/1197"}],"wp:attachment":[{"href":"https:\/\/camarapocao.pe.gov.br\/v1\/wp-json\/wp\/v2\/media?parent=1115"}],"curies":[{"name":"wp","href":"https:\/\/api.w.org\/{rel}","templated":true}]}}