{"id":1107,"date":"2023-01-11T22:06:40","date_gmt":"2023-01-12T01:06:40","guid":{"rendered":"http:\/\/camarapocao.pe.gov.br\/?page_id=1107"},"modified":"2023-09-09T18:15:53","modified_gmt":"2023-09-09T21:15:53","slug":"portarias-publicadas-em-2023","status":"publish","type":"page","link":"https:\/\/camarapocao.pe.gov.br\/v1\/portarias-publicadas-em-2023\/","title":{"rendered":"Portarias publicadas em 2023"},"content":{"rendered":"\n<table id=\"tablepress-7\" class=\"tablepress tablepress-id-7\">\n<thead>\n<tr class=\"row-1\">\n\t<th class=\"column-1\">N\u00ba do documento<\/th><th class=\"column-2\">Ementa<\/th><th class=\"column-3\">Download <\/th>\n<\/tr>\n<\/thead>\n<tbody class=\"row-striping row-hover\">\n<tr class=\"row-2\">\n\t<td class=\"column-1\">01-2023<\/td><td class=\"column-2\">Nomeia a sra. Josefa Sueli para ocupar o cargo de Assistente Parlamentar CCAP 2.<\/td><td class=\"column-3\"><a href=\"https:\/\/www.camarapocao.pe.gov.br\/home\/images\/Consulta\/portarias\/2023\/01-2023.pdf\" rel=\"noopener\" target=\"_blank\">PDF<\/a><\/td>\n<\/tr>\n<tr class=\"row-3\">\n\t<td class=\"column-1\">02-2023<\/td><td class=\"column-2\">Nomeia o Sr Danilo da Silva para ocupar o Cargo Comissionado de Tesoureiro CC1.<\/td><td class=\"column-3\"><a href=\"https:\/\/www.camarapocao.pe.gov.br\/home\/images\/Consulta\/portarias\/2023\/02-2023.pdf\" rel=\"noopener\" target=\"_blank\">PDF<\/a><\/td>\n<\/tr>\n<tr class=\"row-4\">\n\t<td class=\"column-1\">03-2023<\/td><td class=\"column-2\">Nomeia a Sra. Aline Cristine Galdino para ocupar o cargo de Assistente Parlamentar CCAP-1.<\/td><td class=\"column-3\"><a href=\"https:\/\/www.camarapocao.pe.gov.br\/home\/images\/Consulta\/portarias\/2023\/03-2023.pdf\" rel=\"noopener\" target=\"_blank\">PDF<\/a><\/td>\n<\/tr>\n<tr class=\"row-5\">\n\t<td class=\"column-1\">04-2023<\/td><td class=\"column-2\">Nomeia a Sra. Suzana da Silva para ocupar o cargo de Coordenadora de Sistema de Controle Interno.<\/td><td class=\"column-3\"><a href=\"https:\/\/www.camarapocao.pe.gov.br\/home\/images\/Consulta\/portarias\/2023\/04-2023.pdf\" rel=\"noopener\" target=\"_blank\">PDF<\/a><\/td>\n<\/tr>\n<tr class=\"row-6\">\n\t<td class=\"column-1\">05-2023<\/td><td class=\"column-2\">Nomeia o Sr. Johnne George da Silva para ocupar o cargo de Assistente Parlamentar CCAP-2.<\/td><td class=\"column-3\"><a href=\"https:\/\/www.camarapocao.pe.gov.br\/home\/images\/Consulta\/portarias\/2023\/05-2023.pdf\" rel=\"noopener\" target=\"_blank\">PDF<\/a><\/td>\n<\/tr>\n<tr class=\"row-7\">\n\t<td class=\"column-1\">06-2023<\/td><td class=\"column-2\">Designa os vereadores Ca\u00edque Alberto, Ruth Barbosa e Silas Marconi para comporem a comiss\u00e3o de representa\u00e7\u00e3o.<\/td><td class=\"column-3\"><a href=\"https:\/\/www.camarapocao.pe.gov.br\/home\/images\/Consulta\/portarias\/2023\/06-2023.pdf\" rel=\"noopener\" target=\"_blank\">PDF<\/a><\/td>\n<\/tr>\n<tr class=\"row-8\">\n\t<td class=\"column-1\">07-2023<\/td><td class=\"column-2\">Determina o expediente da C\u00e2mara Municipal durante o per\u00edodo de recesso (de 01\/jan a 15\/fev) de 8:00 \u00e0s 11:00.<\/td><td class=\"column-3\"><a href=\"https:\/\/www.camarapocao.pe.gov.br\/home\/images\/Consulta\/portarias\/2023\/07-2023.pdf\" rel=\"noopener\" target=\"_blank\">PDF<\/a><\/td>\n<\/tr>\n<tr class=\"row-9\">\n\t<td class=\"column-1\">08-2023<\/td><td class=\"column-2\">Nomear a Sra. Poliana Lins para ocupar o cargo de Ouvidor Geral CC09.<\/td><td class=\"column-3\"><a href=\"https:\/\/www.camarapocao.pe.gov.br\/home\/images\/Consulta\/portarias\/2023\/08-2023.pdf\" rel=\"noopener\" target=\"_blank\">PDF<\/a><\/td>\n<\/tr>\n<tr class=\"row-10\">\n\t<td class=\"column-1\">09-2023<\/td><td class=\"column-2\">Nomeia o Sr. Jos\u00e9 Renato da Cruz para ocupar o cargo de Secret\u00e1rio Administrativo CCSA-1.<\/td><td class=\"column-3\"><a href=\"https:\/\/www.camarapocao.pe.gov.br\/home\/images\/Consulta\/portarias\/2023\/09-2023.pdf\" rel=\"noopener\" target=\"_blank\">PDF<\/a><\/td>\n<\/tr>\n<tr class=\"row-11\">\n\t<td class=\"column-1\">10-2023<\/td><td class=\"column-2\">Determina ao setor cont\u00e1bil da C\u00e2mara de Po\u00e7\u00e3o que proceda com a implanta\u00e7\u00e3o da gratifica\u00e7\u00e3o no percentual de 25% a t\u00edtulo de gratifica\u00e7\u00e3o para o Sr. Danilo da SIlva para o Cargo de Tesoureiro.<\/td><td class=\"column-3\"><a href=\"https:\/\/www.camarapocao.pe.gov.br\/home\/images\/Consulta\/portarias\/2023\/10-2023.pdf\" rel=\"noopener\" target=\"_blank\">PDF<\/a><\/td>\n<\/tr>\n<tr class=\"row-12\">\n\t<td class=\"column-1\">11-2023<\/td><td class=\"column-2\">Determina ao setor cont\u00e1bil da C\u00e2mara que proceda com a implanta\u00e7\u00e3o da gratifica\u00e7\u00e3o no percentual de 25% ao Sr. Jos\u00e9 Renato da Cruz ocupante do cargo de Secret\u00e1rio Administrativo CCSA-1.<\/td><td class=\"column-3\"><a href=\"https:\/\/www.camarapocao.pe.gov.br\/home\/images\/Consulta\/portarias\/2023\/11-2023.pdf\" rel=\"noopener\" target=\"_blank\">PDF<\/a><\/td>\n<\/tr>\n<tr class=\"row-13\">\n\t<td class=\"column-1\">12-2023<\/td><td class=\"column-2\">Determina ao setor cont\u00e1bil da C\u00e2mara que proceda com a implanta\u00e7\u00e3o da gratifica\u00e7\u00e3o no percentual de 25% ao Sra. Poliana Lins ocupante do cargo de Ouvidor Geral CC-09.<\/td><td class=\"column-3\"><a href=\"https:\/\/www.camarapocao.pe.gov.br\/home\/images\/Consulta\/portarias\/2023\/12-2023.pdf\" rel=\"noopener\" target=\"_blank\">PDF<\/a><\/td>\n<\/tr>\n<tr class=\"row-14\">\n\t<td class=\"column-1\">13-2023<\/td><td class=\"column-2\">Determina ao setor cont\u00e1bil da C\u00e2mara que proceda com a implanta\u00e7\u00e3o da gratifica\u00e7\u00e3o no percentual de 25% ao Sra. Josefa Sueli da Silva ocupante do cargo de Assistente Parlamentar - CCAP-2.<\/td><td class=\"column-3\"><a href=\"https:\/\/www.camarapocao.pe.gov.br\/home\/images\/Consulta\/portarias\/2023\/13-2023.pdf\" rel=\"noopener\" target=\"_blank\">PDF<\/a><\/td>\n<\/tr>\n<tr class=\"row-15\">\n\t<td class=\"column-1\">14-2023<\/td><td class=\"column-2\">Determina ao setor cont\u00e1bil da C\u00e2mara que proceda com a implanta\u00e7\u00e3o da gratifica\u00e7\u00e3o no percentual de 25% ao Sr. Johnne Alves da Silva ocupante do cargo de Assistente Parlamentar - CCAP-2.<\/td><td class=\"column-3\"><a href=\"https:\/\/www.camarapocao.pe.gov.br\/home\/images\/Consulta\/portarias\/2023\/14-2023.pdf\" rel=\"noopener\" target=\"_blank\">PDF<\/a><\/td>\n<\/tr>\n<tr class=\"row-16\">\n\t<td class=\"column-1\">15-2023<\/td><td class=\"column-2\">Determina ao setor cont\u00e1bil da C\u00e2mara que proceda com a implanta\u00e7\u00e3o da gratifica\u00e7\u00e3o no percentual de 25% ao Sr. Aline Cristine ocupante do cargo de Assistente Parlamentar - CCAP-1.<\/td><td class=\"column-3\"><a href=\"https:\/\/www.camarapocao.pe.gov.br\/home\/images\/Consulta\/portarias\/2023\/15-2023.pdf\" rel=\"noopener\" target=\"_blank\">PDF<\/a><\/td>\n<\/tr>\n<tr class=\"row-17\">\n\t<td class=\"column-1\">16-2023<\/td><td class=\"column-2\">Determina ao setor cont\u00e1bil da C\u00e2mara que proceda com a implanta\u00e7\u00e3o da gratifica\u00e7\u00e3o no percentual de 25% ao Sr. Suzana Bezerra Paes ocupante do cargo de Cordenadora do Sistema de Controle Interno - CC.<\/td><td class=\"column-3\"><a href=\"https:\/\/www.camarapocao.pe.gov.br\/home\/images\/Consulta\/portarias\/2023\/16-2023.pdf\" rel=\"noopener\" target=\"_blank\">PDF<\/a><\/td>\n<\/tr>\n<tr class=\"row-18\">\n\t<td class=\"column-1\">17-2023<\/td><td class=\"column-2\">Atribui ao Sr. Danilo Ribeiro da Silva poderes para movimentar em conjunto com o Sr. Ca\u00edque Alberto todas as contas banc\u00e1rias em nome da C\u00e2mara de Po\u00e7\u00e3o de Po\u00e7\u00e3o\/PE.<\/td><td class=\"column-3\"><a href=\"https:\/\/www.camarapocao.pe.gov.br\/home\/images\/Consulta\/portarias\/2023\/17-2023.pdf\" rel=\"noopener\" target=\"_blank\">PDF<\/a><\/td>\n<\/tr>\n<tr class=\"row-19\">\n\t<td class=\"column-1\">18-2023<\/td><td class=\"column-2\">Revoga a portaria 05\/2023 que autorizava a implanta\u00e7\u00e3o da gratifica\u00e7\u00e3o de representa\u00e7\u00e3o mensal no contracheque do Sr. Johne Alves.<\/td><td class=\"column-3\"><a href=\"https:\/\/www.camarapocao.pe.gov.br\/home\/images\/Consulta\/portarias\/2023\/18-2023.pdf\" rel=\"noopener\" target=\"_blank\">PDF<\/a><\/td>\n<\/tr>\n<tr class=\"row-20\">\n\t<td class=\"column-1\">19-2023<\/td><td class=\"column-2\">Nomeia o Sr. Josenildo da Costa para ocupar o cargo de Assistente Parlamentar CCAP-2<\/td><td class=\"column-3\"><a href=\"https:\/\/www.camarapocao.pe.gov.br\/home\/images\/Consulta\/portarias\/2023\/19-2023.pdf\" rel=\"noopener\" target=\"_blank\">PDF<\/a><\/td>\n<\/tr>\n<tr class=\"row-21\">\n\t<td class=\"column-1\">20-2023<\/td><td class=\"column-2\">Determina ao setor cont\u00e1vbil da C\u00e2mara Municipal que proceda com implata\u00e7\u00e3o da gratifica\u00e7\u00e3o de 25% no contracheque do Sr. Josenildo da Costa.<\/td><td class=\"column-3\"><a href=\"https:\/\/www.camarapocao.pe.gov.br\/home\/images\/Consulta\/portarias\/2023\/20-2023.pdf\" rel=\"noopener\" target=\"_blank\">PDF<\/a><\/td>\n<\/tr>\n<tr class=\"row-22\">\n\t<td class=\"column-1\">21-2023<\/td><td class=\"column-2\">Concede f\u00e9rias anuais a servidor Ant\u00f4nio Carlos Correia.<\/td><td class=\"column-3\"><a href=\"https:\/\/www.camarapocao.pe.gov.br\/home\/images\/Consulta\/portarias\/2023\/21-2023.pdf\" rel=\"noopener\" target=\"_blank\">PDF<\/a><\/td>\n<\/tr>\n<tr class=\"row-23\">\n\t<td class=\"column-1\">22-2023<\/td><td class=\"column-2\">Define protocolos, prazos e fluxos para tem\u00e1ticas relacionadas as mat\u00e9rias de pautas plen\u00e1rias.<\/td><td class=\"column-3\"><a href=\"https:\/\/www.camarapocao.pe.gov.br\/home\/images\/Consulta\/portarias\/2023\/22-2023.pdf\" rel=\"noopener\" target=\"_blank\">PDF<\/a><\/td>\n<\/tr>\n<tr class=\"row-24\">\n\t<td class=\"column-1\">23-2023<\/td><td class=\"column-2\">Concede f\u00e9rias anuais ao servidor Danilo Ribeiro.<\/td><td class=\"column-3\"><a href=\"https:\/\/www.camarapocao.pe.gov.br\/home\/images\/Consulta\/portarias\/2023\/23-2023.pdf\" rel=\"noopener\" target=\"_blank\">PDF<\/a><\/td>\n<\/tr>\n<tr class=\"row-25\">\n\t<td class=\"column-1\">24-2023<\/td><td class=\"column-2\">Designa servidores para comporem a Comiss\u00e3o Permanente de Licita\u00e7\u00f5es.<\/td><td class=\"column-3\"><a href=\"https:\/\/www.camarapocao.pe.gov.br\/home\/images\/Consulta\/portarias\/2023\/24-2023.pdf\" rel=\"noopener\" target=\"_blank\">PDF<\/a><\/td>\n<\/tr>\n<tr class=\"row-26\">\n\t<td class=\"column-1\">25-2023<\/td><td class=\"column-2\">Designa servidores para comporem a Comiss\u00e3o Permanente dda C\u00e2mara Municipal para o bi\u00eanio 2023\/24.<\/td><td class=\"column-3\"><a href=\"https:\/\/www.camarapocao.pe.gov.br\/home\/images\/Consulta\/portarias\/2023\/25-2023.pdf\" rel=\"noopener\" target=\"_blank\">PDF<\/a><\/td>\n<\/tr>\n<tr class=\"row-27\">\n\t<td class=\"column-1\">26-2023<\/td><td class=\"column-2\">Concede f\u00e9rias anuais a servidora Josefa Sueli da Silva.<\/td><td class=\"column-3\"><a href=\"https:\/\/www.camarapocao.pe.gov.br\/home\/images\/Consulta\/portarias\/2023\/26-2023.pdf\" rel=\"noopener\" target=\"_blank\">PDF<\/a><\/td>\n<\/tr>\n<tr class=\"row-28\">\n\t<td class=\"column-1\">27-2023<\/td><td class=\"column-2\">Concede f\u00e9rias anuais a servidora Aline Cristine Galdino.<\/td><td class=\"column-3\"><a href=\"https:\/\/www.camarapocao.pe.gov.br\/home\/images\/Consulta\/portarias\/2023\/27-2023.pdf\" rel=\"noopener\" target=\"_blank\">PDF<\/a><\/td>\n<\/tr>\n<tr class=\"row-29\">\n\t<td class=\"column-1\">28-2023<\/td><td class=\"column-2\">Concede f\u00e9rias anuais ao servidor Givanildo Menino da Silva.<\/td><td class=\"column-3\"><a href=\"https:\/\/www.camarapocao.pe.gov.br\/home\/images\/Consulta\/portarias\/2023\/28-2023.pdf\" rel=\"noopener\" target=\"_blank\">PDF<\/a><\/td>\n<\/tr>\n<tr class=\"row-30\">\n\t<td class=\"column-1\">29-2023<\/td><td class=\"column-2\">Define composi\u00e7\u00e3o da Comiss\u00e3o de Representa\u00e7\u00e3o para o recesso do dia 1\u00ba ao dia 31 de julho.<\/td><td class=\"column-3\"><a href=\"https:\/\/www.camarapocao.pe.gov.br\/home\/images\/Consulta\/portarias\/2023\/29-2023.pdf\" rel=\"noopener\" target=\"_blank\">PDF<\/a><\/td>\n<\/tr>\n<tr class=\"row-31\">\n\t<td class=\"column-1\">30-2023<\/td><td class=\"column-2\">Determina expediente da C\u00e2mara Municipal durante o per\u00edodo de recesso que ocorrer\u00e1 do dia 1\u00ba ao dia 31 de julho.<\/td><td class=\"column-3\"><a href=\"https:\/\/www.camarapocao.pe.gov.br\/home\/images\/Consulta\/portarias\/2023\/30-2023.pdf\" rel=\"noopener\" target=\"_blank\">PDF<\/a><\/td>\n<\/tr>\n<tr class=\"row-32\">\n\t<td class=\"column-1\">31-2023<\/td><td class=\"column-2\">Concede Licen\u00e7a Pr\u00eamio de 6 meses ao servidor Givanildo Menino da Silva.<\/td><td class=\"column-3\"><a href=\"https:\/\/www.camarapocao.pe.gov.br\/home\/images\/Consulta\/portarias\/2023\/31-2023.pdf\" rel=\"noopener\" target=\"_blank\">PDF<\/a><\/td>\n<\/tr>\n<tr class=\"row-33\">\n\t<td class=\"column-1\">32-2023<\/td><td class=\"column-2\">Concede promo\u00e7\u00e3o por antiguidade ao servidor Givanildo Menino da Silva.<\/td><td class=\"column-3\"><a href=\"https:\/\/www.camarapocao.pe.gov.br\/home\/images\/Consulta\/portarias\/2023\/32-2023.pdf\" rel=\"noopener\" target=\"_blank\">PDF<\/a><\/td>\n<\/tr>\n<tr class=\"row-34\">\n\t<td class=\"column-1\">33-2023<\/td><td class=\"column-2\">Concede f\u00e9rias anuais ao servidor Jos\u00e9 Renato da Cruz.<\/td><td class=\"column-3\"><a href=\"https:\/\/www.camarapocao.pe.gov.br\/home\/images\/Consulta\/portarias\/2023\/33-2023.pdf\" rel=\"noopener\" target=\"_blank\">PDF<\/a><\/td>\n<\/tr>\n<tr class=\"row-35\">\n\t<td class=\"column-1\">34-2023<\/td><td class=\"column-2\">Concede f\u00e9rias anuais ao servidor Ant\u00f4nio Carlos Correia.<\/td><td class=\"column-3\"><a href=\"https:\/\/www.camarapocao.pe.gov.br\/home\/images\/Consulta\/portarias\/2023\/34-2023.pdf\" rel=\"noopener\" target=\"_blank\">PDF<\/a><\/td>\n<\/tr>\n<tr class=\"row-36\">\n\t<td class=\"column-1\">35-2023<\/td><td class=\"column-2\">Concede f\u00e9rias anuais a servidora Poliana Ferreira.<\/td><td class=\"column-3\"><a href=\"https:\/\/www.camarapocao.pe.gov.br\/home\/images\/Consulta\/portarias\/2023\/35-2023.pdf\" rel=\"noopener\" target=\"_blank\">PDF<\/a><\/td>\n<\/tr>\n<tr class=\"row-37\">\n\t<td class=\"column-1\">36-2023<\/td><td class=\"column-2\">Concede f\u00e9rias anuais ao servidor Suzana Bezerra.<\/td><td class=\"column-3\"><a href=\"https:\/\/www.camarapocao.pe.gov.br\/home\/images\/Consulta\/portarias\/2023\/36-2023.pdf\" rel=\"noopener\" target=\"_blank\">PDF<\/a><\/td>\n<\/tr>\n<tr class=\"row-38\">\n\t<td class=\"column-1\">37-2023<\/td><td class=\"column-2\">Designa os vereadores Ca\u00edque Alberto, Ruth Barbosa e Silas Oliveira para comporem a Comiss\u00e3o Permanente de Representa\u00e7\u00e3o que funcionar\u00e1 durante 14\/dez de 2023 a 14\/fev de 2024.<\/td><td class=\"column-3\"><a href=\"https:\/\/www.camarapocao.pe.gov.br\/home\/images\/Consulta\/portarias\/2023\/37-2023.pdf\" rel=\"noopener\" target=\"_blank\">PDF<\/a><\/td>\n<\/tr>\n<tr class=\"row-39\">\n\t<td class=\"column-1\">38-2023<\/td><td class=\"column-2\">Determina que o funcionamento da C\u00e2mara durante o recesso parlamentar, que ocorrer\u00e1 de 14\/12\/23 a 14\/12\/24, ser\u00e1 das 08:00 \u00e0s 11:00.<\/td><td class=\"column-3\"><a href=\"https:\/\/www.camarapocao.pe.gov.br\/home\/images\/Consulta\/portarias\/2023\/38-2023.pdf\" rel=\"noopener\" target=\"_blank\">PDF<\/a><\/td>\n<\/tr>\n<\/tbody>\n<\/table>\n<!-- #tablepress-7 from cache -->\n","protected":false},"excerpt":{"rendered":"","protected":false},"author":3,"featured_media":0,"parent":0,"menu_order":0,"comment_status":"closed","ping_status":"closed","template":"","meta":{"footnotes":""},"class_list":["post-1107","page","type-page","status-publish","hentry","active"],"aioseo_notices":[],"_links":{"self":[{"href":"https:\/\/camarapocao.pe.gov.br\/v1\/wp-json\/wp\/v2\/pages\/1107","targetHints":{"allow":["GET"]}}],"collection":[{"href":"https:\/\/camarapocao.pe.gov.br\/v1\/wp-json\/wp\/v2\/pages"}],"about":[{"href":"https:\/\/camarapocao.pe.gov.br\/v1\/wp-json\/wp\/v2\/types\/page"}],"author":[{"embeddable":true,"href":"https:\/\/camarapocao.pe.gov.br\/v1\/wp-json\/wp\/v2\/users\/3"}],"replies":[{"embeddable":true,"href":"https:\/\/camarapocao.pe.gov.br\/v1\/wp-json\/wp\/v2\/comments?post=1107"}],"version-history":[{"count":9,"href":"https:\/\/camarapocao.pe.gov.br\/v1\/wp-json\/wp\/v2\/pages\/1107\/revisions"}],"predecessor-version":[{"id":1204,"href":"https:\/\/camarapocao.pe.gov.br\/v1\/wp-json\/wp\/v2\/pages\/1107\/revisions\/1204"}],"wp:attachment":[{"href":"https:\/\/camarapocao.pe.gov.br\/v1\/wp-json\/wp\/v2\/media?parent=1107"}],"curies":[{"name":"wp","href":"https:\/\/api.w.org\/{rel}","templated":true}]}}